{"id":17,"date":"2024-05-10T15:10:20","date_gmt":"2024-05-10T15:10:20","guid":{"rendered":"https:\/\/comitati.fisi.org\/veneto\/?page_id=17"},"modified":"2025-01-30T09:40:43","modified_gmt":"2025-01-30T09:40:43","slug":"homepage-1-0","status":"publish","type":"page","link":"https:\/\/comitati.fisi.org\/veneto\/","title":{"rendered":"Homepage 2.0"},"content":{"rendered":"<div id=\"cs-content\" class=\"cs-content\"><div class=\"x-section e17-e1 mh-0 mh-1\"><div class=\"x-bg\" aria-hidden=\"true\"><div class=\"x-bg-layer-lower-image\" style=\" background-image: url(https:\/\/comitati.fisi.org\/veneto\/wp-content\/uploads\/sites\/39\/2024\/07\/FISI-Comitati-Regionali-Immagini-Sito_01-1.jpg); background-repeat: no-repeat; background-position: center; background-size: cover;\"><\/div><div class=\"x-bg-layer-upper-color\" style=\" background-color: rgba(255,255,255,0.78);\"><\/div><\/div><div class=\"x-row e17-e2 mh-7 mh-8 mh-9 mh-a mh-e mh-f\"><div class=\"x-row-inner\"><div class=\"x-col e17-e3 mh-n mh-o mh-p mh-q\"><div class=\"x-div e17-e4 mh-x mh-y mh-z mh-10 mh-11 mh-12\"><div class=\"x-div e17-e5 mh-x mh-y mh-z mh-10 mh-11 mh-12\"><div class=\"x-slide-container-viewport is-loading e17-e6 mh-1f mh-1g\" data-x-slide-container=\"{&quot;keyboardNavigation&quot;:true,&quot;startingSlide&quot;:1,&quot;enter&quot;:&quot;fade&quot;,&quot;exit&quot;:&quot;fade&quot;,&quot;swipe&quot;:&quot;&quot;,&quot;autoplay&quot;:&quot;interval&quot;,&quot;stacked&quot;:true}\"><div class=\"x-slide-container-content\"><div class=\"x-slide-container is-stacked\"><a class=\"x-slide e17-e7 mh-1h mh-1i\" data-x-slide=\"\" href=\"https:\/\/comitati.fisi.org\/veneto\/blog\/2026\/04\/13\/fondo-festa-a-falcade-per-cagnati-e-milani\/\"><div class=\"x-text x-text-headline e17-e8 mh-1k mh-1l mh-1m mh-1n mh-1o mh-1p mh-1q mh-1r mh-1s\"><div class=\"x-text-content\"><div class=\"x-text-content-text\"><span class=\"x-text-content-text-primary\">FISI News<\/span><\/div><\/div><\/div><hr class=\"x-line e17-e9 mh-2h mh-2i mh-2j mh-2k\"><\/hr><div class=\"x-text x-text-headline e17-e10 mh-1k mh-1l mh-1m mh-1o mh-1q mh-1t mh-1u mh-1v\"><div class=\"x-text-content\"><div class=\"x-text-content-text\"><span class=\"x-text-content-text-primary\">Fondo, festa a Falcade per Cagnati e Milani<\/span><\/div><\/div><\/div><\/a><a class=\"x-slide e17-e7 mh-1h mh-1i\" data-x-slide=\"\" href=\"https:\/\/comitati.fisi.org\/veneto\/blog\/2026\/04\/10\/alpino-la-starting-list-dellultimo-appuntamento-della-coppa-veneto-bcc-veneta\/\"><div class=\"x-text x-text-headline e17-e8 mh-1k mh-1l mh-1m mh-1n mh-1o mh-1p mh-1q mh-1r mh-1s\"><div class=\"x-text-content\"><div class=\"x-text-content-text\"><span class=\"x-text-content-text-primary\">FISI News<\/span><\/div><\/div><\/div><hr class=\"x-line e17-e9 mh-2h mh-2i mh-2j mh-2k\"><\/hr><div class=\"x-text x-text-headline e17-e10 mh-1k mh-1l mh-1m mh-1o mh-1q mh-1t mh-1u mh-1v\"><div class=\"x-text-content\"><div class=\"x-text-content-text\"><span class=\"x-text-content-text-primary\">Alpino, la starting list dell&#8217;ultimo appuntamento della Coppa Veneto BCC Veneta<\/span><\/div><\/div><\/div><\/a><a class=\"x-slide e17-e7 mh-1h mh-1i\" data-x-slide=\"\" href=\"https:\/\/comitati.fisi.org\/veneto\/blog\/2026\/03\/23\/alpino-lordine-di-partenza-della-discesa-tricolore-aspiranti-donne\/\"><div class=\"x-text x-text-headline e17-e8 mh-1k mh-1l mh-1m mh-1n mh-1o mh-1p mh-1q mh-1r mh-1s\"><div class=\"x-text-content\"><div class=\"x-text-content-text\"><span class=\"x-text-content-text-primary\">FISI News<\/span><\/div><\/div><\/div><hr class=\"x-line e17-e9 mh-2h mh-2i mh-2j mh-2k\"><\/hr><div class=\"x-text x-text-headline e17-e10 mh-1k mh-1l mh-1m mh-1o mh-1q mh-1t mh-1u mh-1v\"><div class=\"x-text-content\"><div class=\"x-text-content-text\"><span class=\"x-text-content-text-primary\">Alpino, gli ordini di partenza delle gare dei Tricolori Aspiranti di domani<\/span><\/div><\/div><\/div><\/a><a class=\"x-slide e17-e7 mh-1h mh-1i\" data-x-slide=\"\" href=\"https:\/\/comitati.fisi.org\/veneto\/blog\/2026\/03\/21\/fondo-23-mo-barp-nella-sprint-di-lake-placid-vinta-da-pellegrino\/\"><div class=\"x-text x-text-headline e17-e8 mh-1k mh-1l mh-1m mh-1n mh-1o mh-1p mh-1q mh-1r mh-1s\"><div class=\"x-text-content\"><div class=\"x-text-content-text\"><span class=\"x-text-content-text-primary\">FISI News<\/span><\/div><\/div><\/div><hr class=\"x-line e17-e9 mh-2h mh-2i mh-2j mh-2k\"><\/hr><div class=\"x-text x-text-headline e17-e10 mh-1k mh-1l mh-1m mh-1o mh-1q mh-1t mh-1u mh-1v\"><div class=\"x-text-content\"><div class=\"x-text-content-text\"><span class=\"x-text-content-text-primary\">Fondo, 23.mo Barp nella sprint di Lake Placid vinta da Pellegrino<\/span><\/div><\/div><\/div><\/a><a class=\"x-slide e17-e7 mh-1h mh-1i\" data-x-slide=\"\" href=\"https:\/\/comitati.fisi.org\/veneto\/blog\/2026\/03\/21\/skicross-lordine-di-partenza-del-campionato-regionale-allievi\/\"><div class=\"x-text x-text-headline e17-e8 mh-1k mh-1l mh-1m mh-1n mh-1o mh-1p mh-1q mh-1r mh-1s\"><div class=\"x-text-content\"><div class=\"x-text-content-text\"><span class=\"x-text-content-text-primary\">FISI News<\/span><\/div><\/div><\/div><hr class=\"x-line e17-e9 mh-2h mh-2i mh-2j mh-2k\"><\/hr><div class=\"x-text x-text-headline e17-e10 mh-1k mh-1l mh-1m mh-1o mh-1q mh-1t mh-1u mh-1v\"><div class=\"x-text-content\"><div class=\"x-text-content-text\"><span class=\"x-text-content-text-primary\">Skicross, l&#8217;ordine di partenza del campionato regionale Allievi<\/span><\/div><\/div><\/div><\/a><a class=\"x-slide e17-e7 mh-1h mh-1i\" data-x-slide=\"\" href=\"https:\/\/comitati.fisi.org\/veneto\/blog\/2026\/03\/21\/biathlon-gli-ordini-di-partenza-del-campionato-regionale\/\"><div class=\"x-text x-text-headline e17-e8 mh-1k mh-1l mh-1m mh-1n mh-1o mh-1p mh-1q mh-1r mh-1s\"><div class=\"x-text-content\"><div class=\"x-text-content-text\"><span class=\"x-text-content-text-primary\">FISI News<\/span><\/div><\/div><\/div><hr class=\"x-line e17-e9 mh-2h mh-2i mh-2j mh-2k\"><\/hr><div class=\"x-text x-text-headline e17-e10 mh-1k mh-1l mh-1m mh-1o mh-1q mh-1t mh-1u mh-1v\"><div class=\"x-text-content\"><div class=\"x-text-content-text\"><span class=\"x-text-content-text-primary\">Biathlon, gli ordini di partenza del Campionato regionale<\/span><\/div><\/div><\/div><\/a><a class=\"x-slide e17-e7 mh-1h mh-1i\" data-x-slide=\"\" href=\"https:\/\/comitati.fisi.org\/veneto\/blog\/2026\/03\/20\/alpino-lordine-di-partenza-della-finale-regionale-del-sg-allievi\/\"><div class=\"x-text x-text-headline e17-e8 mh-1k mh-1l mh-1m mh-1n mh-1o mh-1p mh-1q mh-1r mh-1s\"><div class=\"x-text-content\"><div class=\"x-text-content-text\"><span class=\"x-text-content-text-primary\">FISI News<\/span><\/div><\/div><\/div><hr class=\"x-line e17-e9 mh-2h mh-2i mh-2j mh-2k\"><\/hr><div class=\"x-text x-text-headline e17-e10 mh-1k mh-1l mh-1m mh-1o mh-1q mh-1t mh-1u mh-1v\"><div class=\"x-text-content\"><div class=\"x-text-content-text\"><span class=\"x-text-content-text-primary\">Alpino, l&#8217;ordine di partenza della finale regionale del SG Allievi<\/span><\/div><\/div><\/div><\/a><a class=\"x-slide e17-e7 mh-1h mh-1i\" data-x-slide=\"\" href=\"https:\/\/comitati.fisi.org\/veneto\/blog\/2026\/03\/19\/alpino-dal-23-al-28-marzo-i-tricolori-aspiranti-tra-cortina-e-alleghe\/\"><div class=\"x-text x-text-headline e17-e8 mh-1k mh-1l mh-1m mh-1n mh-1o mh-1p mh-1q mh-1r mh-1s\"><div class=\"x-text-content\"><div class=\"x-text-content-text\"><span class=\"x-text-content-text-primary\">FISI News<\/span><\/div><\/div><\/div><hr class=\"x-line e17-e9 mh-2h mh-2i mh-2j mh-2k\"><\/hr><div class=\"x-text x-text-headline e17-e10 mh-1k mh-1l mh-1m mh-1o mh-1q mh-1t mh-1u mh-1v\"><div class=\"x-text-content\"><div class=\"x-text-content-text\"><span class=\"x-text-content-text-primary\">Alpino, dal 23 al 28 marzo i Tricolori Aspiranti tra Cortina e Alleghe<\/span><\/div><\/div><\/div><\/a><a class=\"x-slide e17-e7 mh-1h mh-1i\" data-x-slide=\"\" href=\"https:\/\/comitati.fisi.org\/veneto\/blog\/2026\/03\/17\/scialpinismo-de-silvestro-in-gara-in-val-martello\/\"><div class=\"x-text x-text-headline e17-e8 mh-1k mh-1l mh-1m mh-1n mh-1o mh-1p mh-1q mh-1r mh-1s\"><div class=\"x-text-content\"><div class=\"x-text-content-text\"><span class=\"x-text-content-text-primary\">FISI News<\/span><\/div><\/div><\/div><hr class=\"x-line e17-e9 mh-2h mh-2i mh-2j mh-2k\"><\/hr><div class=\"x-text x-text-headline e17-e10 mh-1k mh-1l mh-1m mh-1o mh-1q mh-1t mh-1u mh-1v\"><div class=\"x-text-content\"><div class=\"x-text-content-text\"><span class=\"x-text-content-text-primary\">Scialpinismo, De Silvestro in gara in Val Martello<\/span><\/div><\/div><\/div><\/a><a class=\"x-slide e17-e7 mh-1h mh-1i\" data-x-slide=\"\" href=\"https:\/\/comitati.fisi.org\/veneto\/blog\/2026\/03\/17\/fondo-de-martin-e-barp-a-lake-placid-per-lultimo-appuntamento-della-coppa-del-mondo\/\"><div class=\"x-text x-text-headline e17-e8 mh-1k mh-1l mh-1m mh-1n mh-1o mh-1p mh-1q mh-1r mh-1s\"><div class=\"x-text-content\"><div class=\"x-text-content-text\"><span class=\"x-text-content-text-primary\">FISI News<\/span><\/div><\/div><\/div><hr class=\"x-line e17-e9 mh-2h mh-2i mh-2j mh-2k\"><\/hr><div class=\"x-text x-text-headline e17-e10 mh-1k mh-1l mh-1m mh-1o mh-1q mh-1t mh-1u mh-1v\"><div class=\"x-text-content\"><div class=\"x-text-content-text\"><span class=\"x-text-content-text-primary\">Fondo, De Martin e Barp a Lake Placid per l&#8217;ultimo appuntamento della Coppa del Mondo<\/span><\/div><\/div><\/div><\/a><a class=\"x-slide e17-e7 mh-1h mh-1i\" data-x-slide=\"\" href=\"https:\/\/comitati.fisi.org\/veneto\/blog\/2026\/03\/15\/risultati-di-grande-valore-per-i-ragazzi-del-nostro-comitato-alla-pierra-menta\/\"><div class=\"x-text x-text-headline e17-e8 mh-1k mh-1l mh-1m mh-1n mh-1o mh-1p mh-1q mh-1r mh-1s\"><div class=\"x-text-content\"><div class=\"x-text-content-text\"><span class=\"x-text-content-text-primary\">FISI News<\/span><\/div><\/div><\/div><hr class=\"x-line e17-e9 mh-2h mh-2i mh-2j mh-2k\"><\/hr><div class=\"x-text x-text-headline e17-e10 mh-1k mh-1l mh-1m mh-1o mh-1q mh-1t mh-1u mh-1v\"><div class=\"x-text-content\"><div class=\"x-text-content-text\"><span class=\"x-text-content-text-primary\">Risultati di grande valore per i ragazzi del nostro comitato alla Pierra Menta<\/span><\/div><\/div><\/div><\/a><a class=\"x-slide e17-e7 mh-1h mh-1i\" data-x-slide=\"\" href=\"https:\/\/comitati.fisi.org\/veneto\/blog\/2026\/03\/12\/fondo-lordine-di-partenza-della-gimkana-dei-tricolori-ragazzi\/\"><div class=\"x-text x-text-headline e17-e8 mh-1k mh-1l mh-1m mh-1n mh-1o mh-1p mh-1q mh-1r mh-1s\"><div class=\"x-text-content\"><div class=\"x-text-content-text\"><span class=\"x-text-content-text-primary\">FISI News<\/span><\/div><\/div><\/div><hr class=\"x-line e17-e9 mh-2h mh-2i mh-2j mh-2k\"><\/hr><div class=\"x-text x-text-headline e17-e10 mh-1k mh-1l mh-1m mh-1o mh-1q mh-1t mh-1u mh-1v\"><div class=\"x-text-content\"><div class=\"x-text-content-text\"><span class=\"x-text-content-text-primary\">Fondo, l&#8217;ordine di partenza della gimkana dei Tricolori Ragazzi<\/span><\/div><\/div><\/div><\/a><a class=\"x-slide e17-e7 mh-1h mh-1i\" data-x-slide=\"\" href=\"https:\/\/comitati.fisi.org\/veneto\/blog\/2026\/03\/10\/fondo-i-convocati-per-i-campionati-italiani-ragazzi\/\"><div class=\"x-text x-text-headline e17-e8 mh-1k mh-1l mh-1m mh-1n mh-1o mh-1p mh-1q mh-1r mh-1s\"><div class=\"x-text-content\"><div class=\"x-text-content-text\"><span class=\"x-text-content-text-primary\">FISI News<\/span><\/div><\/div><\/div><hr class=\"x-line e17-e9 mh-2h mh-2i mh-2j mh-2k\"><\/hr><div class=\"x-text x-text-headline e17-e10 mh-1k mh-1l mh-1m mh-1o mh-1q mh-1t mh-1u mh-1v\"><div class=\"x-text-content\"><div class=\"x-text-content-text\"><span class=\"x-text-content-text-primary\">Fondo, i convocati per i Campionati italiani Ragazzi<\/span><\/div><\/div><\/div><\/a><a class=\"x-slide e17-e7 mh-1h mh-1i\" data-x-slide=\"\" href=\"https:\/\/comitati.fisi.org\/veneto\/blog\/2026\/03\/09\/alpino-dopo-il-podio-del-san-pellegrino-asja-zenere-torna-in-coppa-a-are\/\"><div class=\"x-text x-text-headline e17-e8 mh-1k mh-1l mh-1m mh-1n mh-1o mh-1p mh-1q mh-1r mh-1s\"><div class=\"x-text-content\"><div class=\"x-text-content-text\"><span class=\"x-text-content-text-primary\">FISI News<\/span><\/div><\/div><\/div><hr class=\"x-line e17-e9 mh-2h mh-2i mh-2j mh-2k\"><\/hr><div class=\"x-text x-text-headline e17-e10 mh-1k mh-1l mh-1m mh-1o mh-1q mh-1t mh-1u mh-1v\"><div class=\"x-text-content\"><div class=\"x-text-content-text\"><span class=\"x-text-content-text-primary\">Alpino, dopo il podio del San Pellegrino Asja Zenere torna in Coppa a \u00c5re<\/span><\/div><\/div><\/div><\/a><a class=\"x-slide e17-e7 mh-1h mh-1i\" data-x-slide=\"\" href=\"https:\/\/comitati.fisi.org\/veneto\/blog\/2026\/03\/08\/alpino-tanti-ottimi-risultati-anche-nella-seconda-giornata-del-pinocchio-sugli-sci\/\"><div class=\"x-text x-text-headline e17-e8 mh-1k mh-1l mh-1m mh-1n mh-1o mh-1p mh-1q mh-1r mh-1s\"><div class=\"x-text-content\"><div class=\"x-text-content-text\"><span class=\"x-text-content-text-primary\">FISI News<\/span><\/div><\/div><\/div><hr class=\"x-line e17-e9 mh-2h mh-2i mh-2j mh-2k\"><\/hr><div class=\"x-text x-text-headline e17-e10 mh-1k mh-1l mh-1m mh-1o mh-1q mh-1t mh-1u mh-1v\"><div class=\"x-text-content\"><div class=\"x-text-content-text\"><span class=\"x-text-content-text-primary\">Alpino, tanti ottimi risultati anche nella seconda giornata del Pinocchio sugli sci<\/span><\/div><\/div><\/div><\/a><a class=\"x-slide e17-e7 mh-1h mh-1i\" data-x-slide=\"\" href=\"https:\/\/comitati.fisi.org\/veneto\/blog\/2026\/03\/08\/fondo-elia-barp-ancora-grande-in-coppa-sesto-nella-10-km-in-classico-di-lahti\/\"><div class=\"x-text x-text-headline e17-e8 mh-1k mh-1l mh-1m mh-1n mh-1o mh-1p mh-1q mh-1r mh-1s\"><div class=\"x-text-content\"><div class=\"x-text-content-text\"><span class=\"x-text-content-text-primary\">FISI News<\/span><\/div><\/div><\/div><hr class=\"x-line e17-e9 mh-2h mh-2i mh-2j mh-2k\"><\/hr><div class=\"x-text x-text-headline e17-e10 mh-1k mh-1l mh-1m mh-1o mh-1q mh-1t mh-1u mh-1v\"><div class=\"x-text-content\"><div class=\"x-text-content-text\"><span class=\"x-text-content-text-primary\">Fondo, Elia Barp ancora grande in Coppa: sesto nella 10 km in classico di Lahti<\/span><\/div><\/div><\/div><\/a><a class=\"x-slide e17-e7 mh-1h mh-1i\" data-x-slide=\"\" href=\"https:\/\/comitati.fisi.org\/veneto\/blog\/2026\/03\/07\/fondo-lordine-di-partenza-delle-staffette-dei-tricolori-allievi\/\"><div class=\"x-text x-text-headline e17-e8 mh-1k mh-1l mh-1m mh-1n mh-1o mh-1p mh-1q mh-1r mh-1s\"><div class=\"x-text-content\"><div class=\"x-text-content-text\"><span class=\"x-text-content-text-primary\">FISI News<\/span><\/div><\/div><\/div><hr class=\"x-line e17-e9 mh-2h mh-2i mh-2j mh-2k\"><\/hr><div class=\"x-text x-text-headline e17-e10 mh-1k mh-1l mh-1m mh-1o mh-1q mh-1t mh-1u mh-1v\"><div class=\"x-text-content\"><div class=\"x-text-content-text\"><span class=\"x-text-content-text-primary\">Fondo, l&#8217;ordine di partenza delle staffette dei Tricolori Allievi<\/span><\/div><\/div><\/div><\/a><a class=\"x-slide e17-e7 mh-1h mh-1i\" data-x-slide=\"\" href=\"https:\/\/comitati.fisi.org\/veneto\/blog\/2026\/03\/07\/alpino-gli-ordini-di-partenza-del-campionato-provinciale-di-belluno-2\/\"><div class=\"x-text x-text-headline e17-e8 mh-1k mh-1l mh-1m mh-1n mh-1o mh-1p mh-1q mh-1r mh-1s\"><div class=\"x-text-content\"><div class=\"x-text-content-text\"><span class=\"x-text-content-text-primary\">FISI News<\/span><\/div><\/div><\/div><hr class=\"x-line e17-e9 mh-2h mh-2i mh-2j mh-2k\"><\/hr><div class=\"x-text x-text-headline e17-e10 mh-1k mh-1l mh-1m mh-1o mh-1q mh-1t mh-1u mh-1v\"><div class=\"x-text-content\"><div class=\"x-text-content-text\"><span class=\"x-text-content-text-primary\">Alpino, gli ordini di partenza del Campionato provinciale di Belluno<\/span><\/div><\/div><\/div><\/a><a class=\"x-slide e17-e7 mh-1h mh-1i\" data-x-slide=\"\" href=\"https:\/\/comitati.fisi.org\/veneto\/blog\/2026\/03\/07\/fondo-gran-bel-9-posto-per-iris-de-martin-a-lahti\/\"><div class=\"x-text x-text-headline e17-e8 mh-1k mh-1l mh-1m mh-1n mh-1o mh-1p mh-1q mh-1r mh-1s\"><div class=\"x-text-content\"><div class=\"x-text-content-text\"><span class=\"x-text-content-text-primary\">FISI News<\/span><\/div><\/div><\/div><hr class=\"x-line e17-e9 mh-2h mh-2i mh-2j mh-2k\"><\/hr><div class=\"x-text x-text-headline e17-e10 mh-1k mh-1l mh-1m mh-1o mh-1q mh-1t mh-1u mh-1v\"><div class=\"x-text-content\"><div class=\"x-text-content-text\"><span class=\"x-text-content-text-primary\">Fondo, gran bel 9. posto per Iris De Martin a Lahti<\/span><\/div><\/div><\/div><\/a><a class=\"x-slide e17-e7 mh-1h mh-1i\" data-x-slide=\"\" href=\"https:\/\/comitati.fisi.org\/veneto\/blog\/2026\/03\/04\/alpino-laggiornamento-del-programma-del-campionato-provinciale-di-belluno\/\"><div class=\"x-text x-text-headline e17-e8 mh-1k mh-1l mh-1m mh-1n mh-1o mh-1p mh-1q mh-1r mh-1s\"><div class=\"x-text-content\"><div class=\"x-text-content-text\"><span class=\"x-text-content-text-primary\">FISI News<\/span><\/div><\/div><\/div><hr class=\"x-line e17-e9 mh-2h mh-2i mh-2j mh-2k\"><\/hr><div class=\"x-text x-text-headline e17-e10 mh-1k mh-1l mh-1m mh-1o mh-1q mh-1t mh-1u mh-1v\"><div class=\"x-text-content\"><div class=\"x-text-content-text\"><span class=\"x-text-content-text-primary\">Alpino, l&#8217;aggiornamento del programma del campionato provinciale di Belluno<\/span><\/div><\/div><\/div><\/a><a class=\"x-slide e17-e7 mh-1h mh-1i\" data-x-slide=\"\" href=\"https:\/\/comitati.fisi.org\/veneto\/blog\/2026\/03\/02\/biathlon-giacomo-cautiero-sfiora-il-podio-in-coppa-italia\/\"><div class=\"x-text x-text-headline e17-e8 mh-1k mh-1l mh-1m mh-1n mh-1o mh-1p mh-1q mh-1r mh-1s\"><div class=\"x-text-content\"><div class=\"x-text-content-text\"><span class=\"x-text-content-text-primary\">FISI News<\/span><\/div><\/div><\/div><hr class=\"x-line e17-e9 mh-2h mh-2i mh-2j mh-2k\"><\/hr><div class=\"x-text x-text-headline e17-e10 mh-1k mh-1l mh-1m mh-1o mh-1q mh-1t mh-1u mh-1v\"><div class=\"x-text-content\"><div class=\"x-text-content-text\"><span class=\"x-text-content-text-primary\">Biathlon, Giacomo Cautiero sfiora il podio in Coppa Italia<\/span><\/div><\/div><\/div><\/a><a class=\"x-slide e17-e7 mh-1h mh-1i\" data-x-slide=\"\" href=\"https:\/\/comitati.fisi.org\/veneto\/blog\/2026\/03\/02\/fondo-caterina-milano-sfiora-la-qualifica-ai-mondiali-di-lillehammer\/\"><div class=\"x-text x-text-headline e17-e8 mh-1k mh-1l mh-1m mh-1n mh-1o mh-1p mh-1q mh-1r mh-1s\"><div class=\"x-text-content\"><div class=\"x-text-content-text\"><span class=\"x-text-content-text-primary\">FISI News<\/span><\/div><\/div><\/div><hr class=\"x-line e17-e9 mh-2h mh-2i mh-2j mh-2k\"><\/hr><div class=\"x-text x-text-headline e17-e10 mh-1k mh-1l mh-1m mh-1o mh-1q mh-1t mh-1u mh-1v\"><div class=\"x-text-content\"><div class=\"x-text-content-text\"><span class=\"x-text-content-text-primary\">Fondo, Caterina Milani sfiora la qualifica nella sprint dei Mondiali di Lillehammer<\/span><\/div><\/div><\/div><\/a><a class=\"x-slide e17-e7 mh-1h mh-1i\" data-x-slide=\"\" href=\"https:\/\/comitati.fisi.org\/veneto\/blog\/2026\/03\/01\/alpino-gli-ordini-di-partenza-della-prima-giornata-dellalpe-cimbra-fis-children-cup\/\"><div class=\"x-text x-text-headline e17-e8 mh-1k mh-1l mh-1m mh-1n mh-1o mh-1p mh-1q mh-1r mh-1s\"><div class=\"x-text-content\"><div class=\"x-text-content-text\"><span class=\"x-text-content-text-primary\">FISI News<\/span><\/div><\/div><\/div><hr class=\"x-line e17-e9 mh-2h mh-2i mh-2j mh-2k\"><\/hr><div class=\"x-text x-text-headline e17-e10 mh-1k mh-1l mh-1m mh-1o mh-1q mh-1t mh-1u mh-1v\"><div class=\"x-text-content\"><div class=\"x-text-content-text\"><span class=\"x-text-content-text-primary\">Alpino, gli ordini di partenza della prima giornata dell&#8217;Alpe Cimbra Fis Children Cup<\/span><\/div><\/div><\/div><\/a><a class=\"x-slide e17-e7 mh-1h mh-1i\" data-x-slide=\"\" href=\"https:\/\/comitati.fisi.org\/veneto\/blog\/2026\/03\/01\/fondo-barp-sfiora-la-top-ten-nello-skiathlon-di-falun\/\"><div class=\"x-text x-text-headline e17-e8 mh-1k mh-1l mh-1m mh-1n mh-1o mh-1p mh-1q mh-1r mh-1s\"><div class=\"x-text-content\"><div class=\"x-text-content-text\"><span class=\"x-text-content-text-primary\">FISI News<\/span><\/div><\/div><\/div><hr class=\"x-line e17-e9 mh-2h mh-2i mh-2j mh-2k\"><\/hr><div class=\"x-text x-text-headline e17-e10 mh-1k mh-1l mh-1m mh-1o mh-1q mh-1t mh-1u mh-1v\"><div class=\"x-text-content\"><div class=\"x-text-content-text\"><span class=\"x-text-content-text-primary\">Fondo, Barp sfiora la top ten nello skiathlon di Falun<\/span><\/div><\/div><\/div><\/a><a class=\"x-slide e17-e7 mh-1h mh-1i\" data-x-slide=\"\" href=\"https:\/\/comitati.fisi.org\/veneto\/blog\/2026\/02\/24\/fondo-barp-e-de-martin-tornano-in-coppa-a-falun\/\"><div class=\"x-text x-text-headline e17-e8 mh-1k mh-1l mh-1m mh-1n mh-1o mh-1p mh-1q mh-1r mh-1s\"><div class=\"x-text-content\"><div class=\"x-text-content-text\"><span class=\"x-text-content-text-primary\">FISI News<\/span><\/div><\/div><\/div><hr class=\"x-line e17-e9 mh-2h mh-2i mh-2j mh-2k\"><\/hr><div class=\"x-text x-text-headline e17-e10 mh-1k mh-1l mh-1m mh-1o mh-1q mh-1t mh-1u mh-1v\"><div class=\"x-text-content\"><div class=\"x-text-content-text\"><span class=\"x-text-content-text-primary\">Fondo, Barp e De Martin tornano in Coppa a Falun<\/span><\/div><\/div><\/div><\/a><a class=\"x-slide e17-e7 mh-1h mh-1i\" data-x-slide=\"\" href=\"https:\/\/comitati.fisi.org\/veneto\/blog\/2026\/02\/24\/fondo-e-alpino-l1-e-l8-marzo-i-campionati-provinciali-di-belluno\/\"><div class=\"x-text x-text-headline e17-e8 mh-1k mh-1l mh-1m mh-1n mh-1o mh-1p mh-1q mh-1r mh-1s\"><div class=\"x-text-content\"><div class=\"x-text-content-text\"><span class=\"x-text-content-text-primary\">FISI News<\/span><\/div><\/div><\/div><hr class=\"x-line e17-e9 mh-2h mh-2i mh-2j mh-2k\"><\/hr><div class=\"x-text x-text-headline e17-e10 mh-1k mh-1l mh-1m mh-1o mh-1q mh-1t mh-1u mh-1v\"><div class=\"x-text-content\"><div class=\"x-text-content-text\"><span class=\"x-text-content-text-primary\">Fondo e Alpino, l&#8217;1 e l&#8217;8 marzo i campionati provinciali di Belluno<\/span><\/div><\/div><\/div><\/a><a class=\"x-slide e17-e7 mh-1h mh-1i\" data-x-slide=\"\" href=\"https:\/\/comitati.fisi.org\/veneto\/blog\/2026\/02\/24\/letsgoskimo-il-debutto-olimpico-con-alba-de-silvestro-e-michele-boscacci\/\"><div class=\"x-text x-text-headline e17-e8 mh-1k mh-1l mh-1m mh-1n mh-1o mh-1p mh-1q mh-1r mh-1s\"><div class=\"x-text-content\"><div class=\"x-text-content-text\"><span class=\"x-text-content-text-primary\">FISI News<\/span><\/div><\/div><\/div><hr class=\"x-line e17-e9 mh-2h mh-2i mh-2j mh-2k\"><\/hr><div class=\"x-text x-text-headline e17-e10 mh-1k mh-1l mh-1m mh-1o mh-1q mh-1t mh-1u mh-1v\"><div class=\"x-text-content\"><div class=\"x-text-content-text\"><span class=\"x-text-content-text-primary\">LETSgoSKIMO, il debutto olimpico con Alba De Silvestro e Michele Boscacci<\/span><\/div><\/div><\/div><\/a><a class=\"x-slide e17-e7 mh-1h mh-1i\" data-x-slide=\"\" href=\"https:\/\/comitati.fisi.org\/veneto\/blog\/2026\/02\/19\/il-25-e-il-27-febbraio-le-giornate-studente-atleta-allo-ski-college-veneto-di-falcade\/\"><div class=\"x-text x-text-headline e17-e8 mh-1k mh-1l mh-1m mh-1n mh-1o mh-1p mh-1q mh-1r mh-1s\"><div class=\"x-text-content\"><div class=\"x-text-content-text\"><span class=\"x-text-content-text-primary\">FISI News<\/span><\/div><\/div><\/div><hr class=\"x-line e17-e9 mh-2h mh-2i mh-2j mh-2k\"><\/hr><div class=\"x-text x-text-headline e17-e10 mh-1k mh-1l mh-1m mh-1o mh-1q mh-1t mh-1u mh-1v\"><div class=\"x-text-content\"><div class=\"x-text-content-text\"><span class=\"x-text-content-text-primary\">Il 25 e il 27 febbraio le giornate Studente-Atleta allo Ski College Veneto di Falcade<\/span><\/div><\/div><\/div><\/a><a class=\"x-slide e17-e7 mh-1h mh-1i\" data-x-slide=\"\" href=\"https:\/\/comitati.fisi.org\/veneto\/blog\/2026\/02\/18\/olimpiadi-alba-de-silvestro-e-pronta-al-debutto\/\"><div class=\"x-text x-text-headline e17-e8 mh-1k mh-1l mh-1m mh-1n mh-1o mh-1p mh-1q mh-1r mh-1s\"><div class=\"x-text-content\"><div class=\"x-text-content-text\"><span class=\"x-text-content-text-primary\">FISI News<\/span><\/div><\/div><\/div><hr class=\"x-line e17-e9 mh-2h mh-2i mh-2j mh-2k\"><\/hr><div class=\"x-text x-text-headline e17-e10 mh-1k mh-1l mh-1m mh-1o mh-1q mh-1t mh-1u mh-1v\"><div class=\"x-text-content\"><div class=\"x-text-content-text\"><span class=\"x-text-content-text-primary\">Olimpiadi, Alba De Silvestro \u00e8 pronta al debutto<\/span><\/div><\/div><\/div><\/a><a class=\"x-slide e17-e7 mh-1h mh-1i\" data-x-slide=\"\" href=\"https:\/\/comitati.fisi.org\/veneto\/blog\/2026\/02\/16\/a-cortina-dampezzo-div-donne-in-vetta-per-parlare-di-governance-sportiva-in-unottica-di-genere\/\"><div class=\"x-text x-text-headline e17-e8 mh-1k mh-1l mh-1m mh-1n mh-1o mh-1p mh-1q mh-1r mh-1s\"><div class=\"x-text-content\"><div class=\"x-text-content-text\"><span class=\"x-text-content-text-primary\">FISI News<\/span><\/div><\/div><\/div><hr class=\"x-line e17-e9 mh-2h mh-2i mh-2j mh-2k\"><\/hr><div class=\"x-text x-text-headline e17-e10 mh-1k mh-1l mh-1m mh-1o mh-1q mh-1t mh-1u mh-1v\"><div class=\"x-text-content\"><div class=\"x-text-content-text\"><span class=\"x-text-content-text-primary\">A Cortina d&#8217;Ampezzo DiV &#8211; Donne in vetta per parlare di governance sportiva in un\u2019ottica di genere<\/span><\/div><\/div><\/div><\/a><a class=\"x-slide e17-e7 mh-1h mh-1i\" data-x-slide=\"\" href=\"https:\/\/comitati.fisi.org\/veneto\/blog\/2026\/02\/13\/olimpiadi-iris-de-martin-al-lancio-nella-staffetta-di-domani\/\"><div class=\"x-text x-text-headline e17-e8 mh-1k mh-1l mh-1m mh-1n mh-1o mh-1p mh-1q mh-1r mh-1s\"><div class=\"x-text-content\"><div class=\"x-text-content-text\"><span class=\"x-text-content-text-primary\">FISI News<\/span><\/div><\/div><\/div><hr class=\"x-line e17-e9 mh-2h mh-2i mh-2j mh-2k\"><\/hr><div class=\"x-text x-text-headline e17-e10 mh-1k mh-1l mh-1m mh-1o mh-1q mh-1t mh-1u mh-1v\"><div class=\"x-text-content\"><div class=\"x-text-content-text\"><span class=\"x-text-content-text-primary\">Olimpiadi, Iris De Martin al lancio nella staffetta di domani<\/span><\/div><\/div><\/div><\/a><a class=\"x-slide e17-e7 mh-1h mh-1i\" data-x-slide=\"\" href=\"https:\/\/comitati.fisi.org\/veneto\/blog\/2026\/02\/07\/fondo-36-posto-per-ana-comarella-nello-skiathlon-olimpico\/\"><div class=\"x-text x-text-headline e17-e8 mh-1k mh-1l mh-1m mh-1n mh-1o mh-1p mh-1q mh-1r mh-1s\"><div class=\"x-text-content\"><div class=\"x-text-content-text\"><span class=\"x-text-content-text-primary\">FISI News<\/span><\/div><\/div><\/div><hr class=\"x-line e17-e9 mh-2h mh-2i mh-2j mh-2k\"><\/hr><div class=\"x-text x-text-headline e17-e10 mh-1k mh-1l mh-1m mh-1o mh-1q mh-1t mh-1u mh-1v\"><div class=\"x-text-content\"><div class=\"x-text-content-text\"><span class=\"x-text-content-text-primary\">Fondo, 36. posto per Anna Comarella nello skiathlon olimpico<\/span><\/div><\/div><\/div><\/a><a class=\"x-slide e17-e7 mh-1h mh-1i\" data-x-slide=\"\" href=\"https:\/\/comitati.fisi.org\/veneto\/blog\/2026\/02\/04\/olimpiadi-cancella-per-neve-la-prima-prova-della-discesa-di-cortina\/\"><div class=\"x-text x-text-headline e17-e8 mh-1k mh-1l mh-1m mh-1n mh-1o mh-1p mh-1q mh-1r mh-1s\"><div class=\"x-text-content\"><div class=\"x-text-content-text\"><span class=\"x-text-content-text-primary\">FISI News<\/span><\/div><\/div><\/div><hr class=\"x-line e17-e9 mh-2h mh-2i mh-2j mh-2k\"><\/hr><div class=\"x-text x-text-headline e17-e10 mh-1k mh-1l mh-1m mh-1o mh-1q mh-1t mh-1u mh-1v\"><div class=\"x-text-content\"><div class=\"x-text-content-text\"><span class=\"x-text-content-text-primary\">Olimpiadi, cancellata per neve la prima prova della discesa di Cortina<\/span><\/div><\/div><\/div><\/a><a class=\"x-slide e17-e7 mh-1h mh-1i\" data-x-slide=\"\" href=\"https:\/\/comitati.fisi.org\/veneto\/blog\/2026\/02\/02\/alpino-rinvio-per-i-superg-del-grand-prix-net-insurance\/\"><div class=\"x-text x-text-headline e17-e8 mh-1k mh-1l mh-1m mh-1n mh-1o mh-1p mh-1q mh-1r mh-1s\"><div class=\"x-text-content\"><div class=\"x-text-content-text\"><span class=\"x-text-content-text-primary\">FISI News<\/span><\/div><\/div><\/div><hr class=\"x-line e17-e9 mh-2h mh-2i mh-2j mh-2k\"><\/hr><div class=\"x-text x-text-headline e17-e10 mh-1k mh-1l mh-1m mh-1o mh-1q mh-1t mh-1u mh-1v\"><div class=\"x-text-content\"><div class=\"x-text-content-text\"><span class=\"x-text-content-text-primary\">Alpino, rinvio per i superG del Grand Prix Net Insurance<\/span><\/div><\/div><\/div><\/a><a class=\"x-slide e17-e7 mh-1h mh-1i\" data-x-slide=\"\" href=\"https:\/\/comitati.fisi.org\/veneto\/blog\/2026\/02\/01\/scialpinismo-top-five-per-alba-de-silvestro-e-michele-boscacci-a-boi-taull\/\"><div class=\"x-text x-text-headline e17-e8 mh-1k mh-1l mh-1m mh-1n mh-1o mh-1p mh-1q mh-1r mh-1s\"><div class=\"x-text-content\"><div class=\"x-text-content-text\"><span class=\"x-text-content-text-primary\">FISI News<\/span><\/div><\/div><\/div><hr class=\"x-line e17-e9 mh-2h mh-2i mh-2j mh-2k\"><\/hr><div class=\"x-text x-text-headline e17-e10 mh-1k mh-1l mh-1m mh-1o mh-1q mh-1t mh-1u mh-1v\"><div class=\"x-text-content\"><div class=\"x-text-content-text\"><span class=\"x-text-content-text-primary\">Scialpinismo, top five per Alba De Silvestro e Michele Boscacci a Bo\u00ed Ta\u00fcll<\/span><\/div><\/div><\/div><\/a><a class=\"x-slide e17-e7 mh-1h mh-1i\" data-x-slide=\"\" href=\"https:\/\/comitati.fisi.org\/veneto\/blog\/2026\/01\/22\/alpino-asja-zenere-in-coppa-a-spindleruv-mlyn\/\"><div class=\"x-text x-text-headline e17-e8 mh-1k mh-1l mh-1m mh-1n mh-1o mh-1p mh-1q mh-1r mh-1s\"><div class=\"x-text-content\"><div class=\"x-text-content-text\"><span class=\"x-text-content-text-primary\">FISI News<\/span><\/div><\/div><\/div><hr class=\"x-line e17-e9 mh-2h mh-2i mh-2j mh-2k\"><\/hr><div class=\"x-text x-text-headline e17-e10 mh-1k mh-1l mh-1m mh-1o mh-1q mh-1t mh-1u mh-1v\"><div class=\"x-text-content\"><div class=\"x-text-content-text\"><span class=\"x-text-content-text-primary\">Alpino, Asja Zenere in Coppa a \u0160pindler\u016fv Ml\u00fdn<\/span><\/div><\/div><\/div><\/a><a class=\"x-slide e17-e7 mh-1h mh-1i\" data-x-slide=\"\" href=\"https:\/\/comitati.fisi.org\/veneto\/blog\/2026\/01\/22\/scialpinismo-sostizzo-debertolis-e-de-silvestro-ad-andorra\/\"><div class=\"x-text x-text-headline e17-e8 mh-1k mh-1l mh-1m mh-1n mh-1o mh-1p mh-1q mh-1r mh-1s\"><div class=\"x-text-content\"><div class=\"x-text-content-text\"><span class=\"x-text-content-text-primary\">FISI News<\/span><\/div><\/div><\/div><hr class=\"x-line e17-e9 mh-2h mh-2i mh-2j mh-2k\"><\/hr><div class=\"x-text x-text-headline e17-e10 mh-1k mh-1l mh-1m mh-1o mh-1q mh-1t mh-1u mh-1v\"><div class=\"x-text-content\"><div class=\"x-text-content-text\"><span class=\"x-text-content-text-primary\">Scialpinismo, Sostizzo, Debertolis e De Silvestro ad Andorra<\/span><\/div><\/div><\/div><\/a><a class=\"x-slide e17-e7 mh-1h mh-1i\" data-x-slide=\"\" href=\"https:\/\/comitati.fisi.org\/veneto\/blog\/2026\/01\/22\/fondo-cagnati-e-milani-tornano-in-fesa-cup\/\"><div class=\"x-text x-text-headline e17-e8 mh-1k mh-1l mh-1m mh-1n mh-1o mh-1p mh-1q mh-1r mh-1s\"><div class=\"x-text-content\"><div class=\"x-text-content-text\"><span class=\"x-text-content-text-primary\">FISI News<\/span><\/div><\/div><\/div><hr class=\"x-line e17-e9 mh-2h mh-2i mh-2j mh-2k\"><\/hr><div class=\"x-text x-text-headline e17-e10 mh-1k mh-1l mh-1m mh-1o mh-1q mh-1t mh-1u mh-1v\"><div class=\"x-text-content\"><div class=\"x-text-content-text\"><span class=\"x-text-content-text-primary\">Fondo, Cagnati e Milani tornano in Fesa Cup<\/span><\/div><\/div><\/div><\/a><a class=\"x-slide e17-e7 mh-1h mh-1i\" data-x-slide=\"\" href=\"https:\/\/comitati.fisi.org\/veneto\/blog\/2026\/01\/21\/alpino-stefano-pizzato-sfiora-la-top-ten-in-coppa-europa\/\"><div class=\"x-text x-text-headline e17-e8 mh-1k mh-1l mh-1m mh-1n mh-1o mh-1p mh-1q mh-1r mh-1s\"><div class=\"x-text-content\"><div class=\"x-text-content-text\"><span class=\"x-text-content-text-primary\">FISI News<\/span><\/div><\/div><\/div><hr class=\"x-line e17-e9 mh-2h mh-2i mh-2j mh-2k\"><\/hr><div class=\"x-text x-text-headline e17-e10 mh-1k mh-1l mh-1m mh-1o mh-1q mh-1t mh-1u mh-1v\"><div class=\"x-text-content\"><div class=\"x-text-content-text\"><span class=\"x-text-content-text-primary\">Alpino, Stefano Pizzato sfiora la top ten in Coppa Europa<\/span><\/div><\/div><\/div><\/a><a class=\"x-slide e17-e7 mh-1h mh-1i\" data-x-slide=\"\" href=\"https:\/\/comitati.fisi.org\/veneto\/blog\/2026\/01\/20\/fondo-comarella-de-martin-e-barp-in-coppa-del-mondo-a-goms\/\"><div class=\"x-text x-text-headline e17-e8 mh-1k mh-1l mh-1m mh-1n mh-1o mh-1p mh-1q mh-1r mh-1s\"><div class=\"x-text-content\"><div class=\"x-text-content-text\"><span class=\"x-text-content-text-primary\">FISI News<\/span><\/div><\/div><\/div><hr class=\"x-line e17-e9 mh-2h mh-2i mh-2j mh-2k\"><\/hr><div class=\"x-text x-text-headline e17-e10 mh-1k mh-1l mh-1m mh-1o mh-1q mh-1t mh-1u mh-1v\"><div class=\"x-text-content\"><div class=\"x-text-content-text\"><span class=\"x-text-content-text-primary\">Fondo, Comarella, De Martin e Barp in Coppa del Mondo a Goms<\/span><\/div><\/div><\/div><\/a><a class=\"x-slide e17-e7 mh-1h mh-1i\" data-x-slide=\"\" href=\"https:\/\/comitati.fisi.org\/veneto\/blog\/2026\/01\/20\/alpino-asja-zenere-15-nel-gigante-di-coppa-di-plan-de-corones\/\"><div class=\"x-text x-text-headline e17-e8 mh-1k mh-1l mh-1m mh-1n mh-1o mh-1p mh-1q mh-1r mh-1s\"><div class=\"x-text-content\"><div class=\"x-text-content-text\"><span class=\"x-text-content-text-primary\">FISI News<\/span><\/div><\/div><\/div><hr class=\"x-line e17-e9 mh-2h mh-2i mh-2j mh-2k\"><\/hr><div class=\"x-text x-text-headline e17-e10 mh-1k mh-1l mh-1m mh-1o mh-1q mh-1t mh-1u mh-1v\"><div class=\"x-text-content\"><div class=\"x-text-content-text\"><span class=\"x-text-content-text-primary\">Alpino, Asja Zenere 15. nel gigante di Coppa di Plan de Corones<\/span><\/div><\/div><\/div><\/a><a class=\"x-slide e17-e7 mh-1h mh-1i\" data-x-slide=\"\" href=\"https:\/\/comitati.fisi.org\/veneto\/blog\/2026\/01\/17\/snowabord-anche-a-bansko-dalmasso-e-caffont-ai-vertici-di-coppa\/\"><div class=\"x-text x-text-headline e17-e8 mh-1k mh-1l mh-1m mh-1n mh-1o mh-1p mh-1q mh-1r mh-1s\"><div class=\"x-text-content\"><div class=\"x-text-content-text\"><span class=\"x-text-content-text-primary\">FISI News<\/span><\/div><\/div><\/div><hr class=\"x-line e17-e9 mh-2h mh-2i mh-2j mh-2k\"><\/hr><div class=\"x-text x-text-headline e17-e10 mh-1k mh-1l mh-1m mh-1o mh-1q mh-1t mh-1u mh-1v\"><div class=\"x-text-content\"><div class=\"x-text-content-text\"><span class=\"x-text-content-text-primary\">Snowabord, anche a Bansko Dalmasso e Caffont ai vertici di Coppa<\/span><\/div><\/div><\/div><\/a><a class=\"x-slide e17-e7 mh-1h mh-1i\" data-x-slide=\"\" href=\"https:\/\/comitati.fisi.org\/veneto\/blog\/2026\/01\/15\/scialpinismo-alba-de-silvestro-14-ma-a-courchevel\/\"><div class=\"x-text x-text-headline e17-e8 mh-1k mh-1l mh-1m mh-1n mh-1o mh-1p mh-1q mh-1r mh-1s\"><div class=\"x-text-content\"><div class=\"x-text-content-text\"><span class=\"x-text-content-text-primary\">FISI News<\/span><\/div><\/div><\/div><hr class=\"x-line e17-e9 mh-2h mh-2i mh-2j mh-2k\"><\/hr><div class=\"x-text x-text-headline e17-e10 mh-1k mh-1l mh-1m mh-1o mh-1q mh-1t mh-1u mh-1v\"><div class=\"x-text-content\"><div class=\"x-text-content-text\"><span class=\"x-text-content-text-primary\">Scialpinismo, Alba De Silvestro 14.ma a Courchevel<\/span><\/div><\/div><\/div><\/a><a class=\"x-slide e17-e7 mh-1h mh-1i\" data-x-slide=\"\" href=\"https:\/\/comitati.fisi.org\/veneto\/blog\/2026\/01\/14\/top-ten-per-stefano-pizzato-nello-slalom-di-coppa-europa-di-crans-montana\/\"><div class=\"x-text x-text-headline e17-e8 mh-1k mh-1l mh-1m mh-1n mh-1o mh-1p mh-1q mh-1r mh-1s\"><div class=\"x-text-content\"><div class=\"x-text-content-text\"><span class=\"x-text-content-text-primary\">FISI News<\/span><\/div><\/div><\/div><hr class=\"x-line e17-e9 mh-2h mh-2i mh-2j mh-2k\"><\/hr><div class=\"x-text x-text-headline e17-e10 mh-1k mh-1l mh-1m mh-1o mh-1q mh-1t mh-1u mh-1v\"><div class=\"x-text-content\"><div class=\"x-text-content-text\"><span class=\"x-text-content-text-primary\">Top ten per Stefano Pizzato nello slalom di Coppa Europa di Crans Montana<\/span><\/div><\/div><\/div><\/a><a class=\"x-slide e17-e7 mh-1h mh-1i\" data-x-slide=\"\" href=\"https:\/\/comitati.fisi.org\/veneto\/blog\/2026\/01\/13\/fondo-la-squadra-regionale-per-il-tricolore-di-falcade\/\"><div class=\"x-text x-text-headline e17-e8 mh-1k mh-1l mh-1m mh-1n mh-1o mh-1p mh-1q mh-1r mh-1s\"><div class=\"x-text-content\"><div class=\"x-text-content-text\"><span class=\"x-text-content-text-primary\">FISI News<\/span><\/div><\/div><\/div><hr class=\"x-line e17-e9 mh-2h mh-2i mh-2j mh-2k\"><\/hr><div class=\"x-text x-text-headline e17-e10 mh-1k mh-1l mh-1m mh-1o mh-1q mh-1t mh-1u mh-1v\"><div class=\"x-text-content\"><div class=\"x-text-content-text\"><span class=\"x-text-content-text-primary\">Fondo, la squadra regionale per il Tricolore di Falcade<\/span><\/div><\/div><\/div><\/a><a class=\"x-slide e17-e7 mh-1h mh-1i\" data-x-slide=\"\" href=\"https:\/\/comitati.fisi.org\/veneto\/blog\/2026\/01\/10\/alpino-12-posto-per-ambra-pomare-nel-secondo-gigante-di-coppa-europa-al-sestriere\/\"><div class=\"x-text x-text-headline e17-e8 mh-1k mh-1l mh-1m mh-1n mh-1o mh-1p mh-1q mh-1r mh-1s\"><div class=\"x-text-content\"><div class=\"x-text-content-text\"><span class=\"x-text-content-text-primary\">FISI News<\/span><\/div><\/div><\/div><hr class=\"x-line e17-e9 mh-2h mh-2i mh-2j mh-2k\"><\/hr><div class=\"x-text x-text-headline e17-e10 mh-1k mh-1l mh-1m mh-1o mh-1q mh-1t mh-1u mh-1v\"><div class=\"x-text-content\"><div class=\"x-text-content-text\"><span class=\"x-text-content-text-primary\">Alpino, 12. posto per Ambra Pomar\u00e8 nel secondo gigante di Coppa Europa al Sestriere<\/span><\/div><\/div><\/div><\/a><a class=\"x-slide e17-e7 mh-1h mh-1i\" data-x-slide=\"\" href=\"https:\/\/comitati.fisi.org\/veneto\/blog\/2026\/01\/10\/alpino-gli-ordini-di-partenza-del-grand-prix-lattebusche\/\"><div class=\"x-text x-text-headline e17-e8 mh-1k mh-1l mh-1m mh-1n mh-1o mh-1p mh-1q mh-1r mh-1s\"><div class=\"x-text-content\"><div class=\"x-text-content-text\"><span class=\"x-text-content-text-primary\">FISI News<\/span><\/div><\/div><\/div><hr class=\"x-line e17-e9 mh-2h mh-2i mh-2j mh-2k\"><\/hr><div class=\"x-text x-text-headline e17-e10 mh-1k mh-1l mh-1m mh-1o mh-1q mh-1t mh-1u mh-1v\"><div class=\"x-text-content\"><div class=\"x-text-content-text\"><span class=\"x-text-content-text-primary\">Alpino, gli ordini di partenza del Grand Prix Lattebusche Vicenza-Padova-Verona<\/span><\/div><\/div><\/div><\/a><a class=\"x-slide e17-e7 mh-1h mh-1i\" data-x-slide=\"\" href=\"https:\/\/comitati.fisi.org\/veneto\/blog\/2026\/01\/10\/fondo-gli-ordini-di-partenza-del-campionato-regionale-di-domani-a-campolongo\/\"><div class=\"x-text x-text-headline e17-e8 mh-1k mh-1l mh-1m mh-1n mh-1o mh-1p mh-1q mh-1r mh-1s\"><div class=\"x-text-content\"><div class=\"x-text-content-text\"><span class=\"x-text-content-text-primary\">FISI News<\/span><\/div><\/div><\/div><hr class=\"x-line e17-e9 mh-2h mh-2i mh-2j mh-2k\"><\/hr><div class=\"x-text x-text-headline e17-e10 mh-1k mh-1l mh-1m mh-1o mh-1q mh-1t mh-1u mh-1v\"><div class=\"x-text-content\"><div class=\"x-text-content-text\"><span class=\"x-text-content-text-primary\">Fondo, gli ordini di partenza del Campionato regionale di domani a Campolongo<\/span><\/div><\/div><\/div><\/a><a class=\"x-slide e17-e7 mh-1h mh-1i\" data-x-slide=\"\" href=\"https:\/\/comitati.fisi.org\/veneto\/blog\/2026\/01\/10\/alpino-lordine-di-partenza-del-lattebusche-belluno-bassa-di-selva-di-cadore\/\"><div class=\"x-text x-text-headline e17-e8 mh-1k mh-1l mh-1m mh-1n mh-1o mh-1p mh-1q mh-1r mh-1s\"><div class=\"x-text-content\"><div class=\"x-text-content-text\"><span class=\"x-text-content-text-primary\">FISI News<\/span><\/div><\/div><\/div><hr class=\"x-line e17-e9 mh-2h mh-2i mh-2j mh-2k\"><\/hr><div class=\"x-text x-text-headline e17-e10 mh-1k mh-1l mh-1m mh-1o mh-1q mh-1t mh-1u mh-1v\"><div class=\"x-text-content\"><div class=\"x-text-content-text\"><span class=\"x-text-content-text-primary\">Alpino, l&#8217;ordine di partenza del Lattebusche Belluno Bassa di Selva di Cadore<\/span><\/div><\/div><\/div><\/a><a class=\"x-slide e17-e7 mh-1h mh-1i\" data-x-slide=\"\" href=\"https:\/\/comitati.fisi.org\/veneto\/blog\/2026\/01\/09\/skeleton-gaspari-15-a-sankt-moritz\/\"><div class=\"x-text x-text-headline e17-e8 mh-1k mh-1l mh-1m mh-1n mh-1o mh-1p mh-1q mh-1r mh-1s\"><div class=\"x-text-content\"><div class=\"x-text-content-text\"><span class=\"x-text-content-text-primary\">FISI News<\/span><\/div><\/div><\/div><hr class=\"x-line e17-e9 mh-2h mh-2i mh-2j mh-2k\"><\/hr><div class=\"x-text x-text-headline e17-e10 mh-1k mh-1l mh-1m mh-1o mh-1q mh-1t mh-1u mh-1v\"><div class=\"x-text-content\"><div class=\"x-text-content-text\"><span class=\"x-text-content-text-primary\">Skeleton, Gaspari 15. a Sankt Moritz<\/span><\/div><\/div><\/div><\/a><a class=\"x-slide e17-e7 mh-1h mh-1i\" data-x-slide=\"\" href=\"https:\/\/comitati.fisi.org\/veneto\/blog\/2026\/01\/09\/alpino-5-posto-per-ambra-pomare-nel-gigante-di-coppa-europa-al-sestriere\/\"><div class=\"x-text x-text-headline e17-e8 mh-1k mh-1l mh-1m mh-1n mh-1o mh-1p mh-1q mh-1r mh-1s\"><div class=\"x-text-content\"><div class=\"x-text-content-text\"><span class=\"x-text-content-text-primary\">FISI News<\/span><\/div><\/div><\/div><hr class=\"x-line e17-e9 mh-2h mh-2i mh-2j mh-2k\"><\/hr><div class=\"x-text x-text-headline e17-e10 mh-1k mh-1l mh-1m mh-1o mh-1q mh-1t mh-1u mh-1v\"><div class=\"x-text-content\"><div class=\"x-text-content-text\"><span class=\"x-text-content-text-primary\">Alpino. 5. posto per Ambra Pomar\u00e8 nel gigante di Coppa Europa al Sestriere<\/span><\/div><\/div><\/div><\/a><a class=\"x-slide e17-e7 mh-1h mh-1i\" data-x-slide=\"\" href=\"https:\/\/comitati.fisi.org\/veneto\/blog\/2026\/01\/09\/snowboard-caffont-e-dalmasso-domani-a-scuol\/\"><div class=\"x-text x-text-headline e17-e8 mh-1k mh-1l mh-1m mh-1n mh-1o mh-1p mh-1q mh-1r mh-1s\"><div class=\"x-text-content\"><div class=\"x-text-content-text\"><span class=\"x-text-content-text-primary\">FISI News<\/span><\/div><\/div><\/div><hr class=\"x-line e17-e9 mh-2h mh-2i mh-2j mh-2k\"><\/hr><div class=\"x-text x-text-headline e17-e10 mh-1k mh-1l mh-1m mh-1o mh-1q mh-1t mh-1u mh-1v\"><div class=\"x-text-content\"><div class=\"x-text-content-text\"><span class=\"x-text-content-text-primary\">Snowboard, Caffont e Dalmasso domani a Scuol<\/span><\/div><\/div><\/div><\/a><a class=\"x-slide e17-e7 mh-1h mh-1i\" data-x-slide=\"\" href=\"https:\/\/comitati.fisi.org\/veneto\/blog\/2026\/01\/07\/skeleton-top-ten-per-mattia-gaspari-a-sankt-moritz\/\"><div class=\"x-text x-text-headline e17-e8 mh-1k mh-1l mh-1m mh-1n mh-1o mh-1p mh-1q mh-1r mh-1s\"><div class=\"x-text-content\"><div class=\"x-text-content-text\"><span class=\"x-text-content-text-primary\">FISI News<\/span><\/div><\/div><\/div><hr class=\"x-line e17-e9 mh-2h mh-2i mh-2j mh-2k\"><\/hr><div class=\"x-text x-text-headline e17-e10 mh-1k mh-1l mh-1m mh-1o mh-1q mh-1t mh-1u mh-1v\"><div class=\"x-text-content\"><div class=\"x-text-content-text\"><span class=\"x-text-content-text-primary\">Skeleton, top ten per Mattia Gaspari a Sankt Moritz<\/span><\/div><\/div><\/div><\/a><a class=\"x-slide e17-e7 mh-1h mh-1i\" data-x-slide=\"\" href=\"https:\/\/comitati.fisi.org\/veneto\/blog\/2026\/01\/05\/alpino-asja-zenere-torna-in-coppa-a-zauchensee\/\"><div class=\"x-text x-text-headline e17-e8 mh-1k mh-1l mh-1m mh-1n mh-1o mh-1p mh-1q mh-1r mh-1s\"><div class=\"x-text-content\"><div class=\"x-text-content-text\"><span class=\"x-text-content-text-primary\">FISI News<\/span><\/div><\/div><\/div><hr class=\"x-line e17-e9 mh-2h mh-2i mh-2j mh-2k\"><\/hr><div class=\"x-text x-text-headline e17-e10 mh-1k mh-1l mh-1m mh-1o mh-1q mh-1t mh-1u mh-1v\"><div class=\"x-text-content\"><div class=\"x-text-content-text\"><span class=\"x-text-content-text-primary\">Alpino, Asja Zenere torna in Coppa a Zauchensee<\/span><\/div><\/div><\/div><\/a><a class=\"x-slide e17-e7 mh-1h mh-1i\" data-x-slide=\"\" href=\"https:\/\/comitati.fisi.org\/veneto\/blog\/2026\/01\/01\/fondo-barp-14-mo-nellinseguimento-del-tour-de-ski\/\"><div class=\"x-text x-text-headline e17-e8 mh-1k mh-1l mh-1m mh-1n mh-1o mh-1p mh-1q mh-1r mh-1s\"><div class=\"x-text-content\"><div class=\"x-text-content-text\"><span class=\"x-text-content-text-primary\">FISI News<\/span><\/div><\/div><\/div><hr class=\"x-line e17-e9 mh-2h mh-2i mh-2j mh-2k\"><\/hr><div class=\"x-text x-text-headline e17-e10 mh-1k mh-1l mh-1m mh-1o mh-1q mh-1t mh-1u mh-1v\"><div class=\"x-text-content\"><div class=\"x-text-content-text\"><span class=\"x-text-content-text-primary\">Fondo, Barp 14.mo nell&#8217;inseguimento del Tour de Ski<\/span><\/div><\/div><\/div><\/a><a class=\"x-slide e17-e7 mh-1h mh-1i\" data-x-slide=\"\" href=\"https:\/\/comitati.fisi.org\/veneto\/blog\/2025\/12\/31\/alpino-zenere-e-pomare-in-coppa-a\/\"><div class=\"x-text x-text-headline e17-e8 mh-1k mh-1l mh-1m mh-1n mh-1o mh-1p mh-1q mh-1r mh-1s\"><div class=\"x-text-content\"><div class=\"x-text-content-text\"><span class=\"x-text-content-text-primary\">FISI News<\/span><\/div><\/div><\/div><hr class=\"x-line e17-e9 mh-2h mh-2i mh-2j mh-2k\"><\/hr><div class=\"x-text x-text-headline e17-e10 mh-1k mh-1l mh-1m mh-1o mh-1q mh-1t mh-1u mh-1v\"><div class=\"x-text-content\"><div class=\"x-text-content-text\"><span class=\"x-text-content-text-primary\">Alpino, Zenere e Pomar\u00e8 in Coppa a Kranjska Gora<\/span><\/div><\/div><\/div><\/a><a class=\"x-slide e17-e7 mh-1h mh-1i\" data-x-slide=\"\" href=\"https:\/\/comitati.fisi.org\/veneto\/blog\/2025\/12\/31\/fondo-19-posto-per-elia-barp-al-tour-de-ski\/\"><div class=\"x-text x-text-headline e17-e8 mh-1k mh-1l mh-1m mh-1n mh-1o mh-1p mh-1q mh-1r mh-1s\"><div class=\"x-text-content\"><div class=\"x-text-content-text\"><span class=\"x-text-content-text-primary\">FISI News<\/span><\/div><\/div><\/div><hr class=\"x-line e17-e9 mh-2h mh-2i mh-2j mh-2k\"><\/hr><div class=\"x-text x-text-headline e17-e10 mh-1k mh-1l mh-1m mh-1o mh-1q mh-1t mh-1u mh-1v\"><div class=\"x-text-content\"><div class=\"x-text-content-text\"><span class=\"x-text-content-text-primary\">Fondo, 19. posto per Elia Barp al Tour de Ski<\/span><\/div><\/div><\/div><\/a><a class=\"x-slide e17-e7 mh-1h mh-1i\" data-x-slide=\"\" href=\"https:\/\/comitati.fisi.org\/veneto\/blog\/2025\/12\/29\/lorenzo-salvati-atleta-dellanno-dello-sci-club-druscie\/\"><div class=\"x-text x-text-headline e17-e8 mh-1k mh-1l mh-1m mh-1n mh-1o mh-1p mh-1q mh-1r mh-1s\"><div class=\"x-text-content\"><div class=\"x-text-content-text\"><span class=\"x-text-content-text-primary\">FISI News<\/span><\/div><\/div><\/div><hr class=\"x-line e17-e9 mh-2h mh-2i mh-2j mh-2k\"><\/hr><div class=\"x-text x-text-headline e17-e10 mh-1k mh-1l mh-1m mh-1o mh-1q mh-1t mh-1u mh-1v\"><div class=\"x-text-content\"><div class=\"x-text-content-text\"><span class=\"x-text-content-text-primary\">Lorenzo Salvati atleta dell&#8217;anno dello Sci club Drusci\u00e9<\/span><\/div><\/div><\/div><\/a><a class=\"x-slide e17-e7 mh-1h mh-1i\" data-x-slide=\"\" href=\"https:\/\/comitati.fisi.org\/veneto\/blog\/2025\/12\/28\/fondo-buon-21-posto-per-iris-de-martin-nella-sprint-di-apertura-del-tour-de-ski\/\"><div class=\"x-text x-text-headline e17-e8 mh-1k mh-1l mh-1m mh-1n mh-1o mh-1p mh-1q mh-1r mh-1s\"><div class=\"x-text-content\"><div class=\"x-text-content-text\"><span class=\"x-text-content-text-primary\">FISI News<\/span><\/div><\/div><\/div><hr class=\"x-line e17-e9 mh-2h mh-2i mh-2j mh-2k\"><\/hr><div class=\"x-text x-text-headline e17-e10 mh-1k mh-1l mh-1m mh-1o mh-1q mh-1t mh-1u mh-1v\"><div class=\"x-text-content\"><div class=\"x-text-content-text\"><span class=\"x-text-content-text-primary\">Fondo, buon 23. posto per Iris De Martin nella sprint di apertura del Tour de ski<\/span><\/div><\/div><\/div><\/a><a class=\"x-slide e17-e7 mh-1h mh-1i\" data-x-slide=\"\" href=\"https:\/\/comitati.fisi.org\/veneto\/blog\/2025\/12\/23\/fondo-barp-comarella-e-de-martin-per-il-tour-de-ski\/\"><div class=\"x-text x-text-headline e17-e8 mh-1k mh-1l mh-1m mh-1n mh-1o mh-1p mh-1q mh-1r mh-1s\"><div class=\"x-text-content\"><div class=\"x-text-content-text\"><span class=\"x-text-content-text-primary\">FISI News<\/span><\/div><\/div><\/div><hr class=\"x-line e17-e9 mh-2h mh-2i mh-2j mh-2k\"><\/hr><div class=\"x-text x-text-headline e17-e10 mh-1k mh-1l mh-1m mh-1o mh-1q mh-1t mh-1u mh-1v\"><div class=\"x-text-content\"><div class=\"x-text-content-text\"><span class=\"x-text-content-text-primary\">Fondo, Barp, Comarella e De Martin per il Tour de Ski<\/span><\/div><\/div><\/div><\/a><a class=\"x-slide e17-e7 mh-1h mh-1i\" data-x-slide=\"\" href=\"https:\/\/comitati.fisi.org\/veneto\/blog\/2025\/12\/22\/skeleton-due-top-ten-per-mattia-gaspari\/\"><div class=\"x-text x-text-headline e17-e8 mh-1k mh-1l mh-1m mh-1n mh-1o mh-1p mh-1q mh-1r mh-1s\"><div class=\"x-text-content\"><div class=\"x-text-content-text\"><span class=\"x-text-content-text-primary\">FISI News<\/span><\/div><\/div><\/div><hr class=\"x-line e17-e9 mh-2h mh-2i mh-2j mh-2k\"><\/hr><div class=\"x-text x-text-headline e17-e10 mh-1k mh-1l mh-1m mh-1o mh-1q mh-1t mh-1u mh-1v\"><div class=\"x-text-content\"><div class=\"x-text-content-text\"><span class=\"x-text-content-text-primary\">Skeleton, due top ten per Mattia Gaspari a Sigulda<\/span><\/div><\/div><\/div><\/a><a class=\"x-slide e17-e7 mh-1h mh-1i\" data-x-slide=\"\" href=\"https:\/\/comitati.fisi.org\/veneto\/blog\/2025\/12\/20\/fondo-top-ten-per-vanessa-cagnati-in-fesa-cup\/\"><div class=\"x-text x-text-headline e17-e8 mh-1k mh-1l mh-1m mh-1n mh-1o mh-1p mh-1q mh-1r mh-1s\"><div class=\"x-text-content\"><div class=\"x-text-content-text\"><span class=\"x-text-content-text-primary\">FISI News<\/span><\/div><\/div><\/div><hr class=\"x-line e17-e9 mh-2h mh-2i mh-2j mh-2k\"><\/hr><div class=\"x-text x-text-headline e17-e10 mh-1k mh-1l mh-1m mh-1o mh-1q mh-1t mh-1u mh-1v\"><div class=\"x-text-content\"><div class=\"x-text-content-text\"><span class=\"x-text-content-text-primary\">Fondo, top ten per Vanessa Cagnati in Fesa Cup<\/span><\/div><\/div><\/div><\/a><a class=\"x-slide e17-e7 mh-1h mh-1i\" data-x-slide=\"\" href=\"https:\/\/comitati.fisi.org\/veneto\/blog\/2025\/12\/19\/alpino-primo-podio-in-coppa-del-mondo-per-giovanni-franzoni\/\"><div class=\"x-text x-text-headline e17-e8 mh-1k mh-1l mh-1m mh-1n mh-1o mh-1p mh-1q mh-1r mh-1s\"><div class=\"x-text-content\"><div class=\"x-text-content-text\"><span class=\"x-text-content-text-primary\">FISI News<\/span><\/div><\/div><\/div><hr class=\"x-line e17-e9 mh-2h mh-2i mh-2j mh-2k\"><\/hr><div class=\"x-text x-text-headline e17-e10 mh-1k mh-1l mh-1m mh-1o mh-1q mh-1t mh-1u mh-1v\"><div class=\"x-text-content\"><div class=\"x-text-content-text\"><span class=\"x-text-content-text-primary\">Alpino, primo podio in Coppa del Mondo per Giovanni Franzoni<\/span><\/div><\/div><\/div><\/a><a class=\"x-slide e17-e7 mh-1h mh-1i\" data-x-slide=\"\" href=\"https:\/\/comitati.fisi.org\/veneto\/blog\/2025\/12\/17\/alpino-la-coppa-veneto-bcc-veneta-da-alleghe-a-passo-monte-croce\/\"><div class=\"x-text x-text-headline e17-e8 mh-1k mh-1l mh-1m mh-1n mh-1o mh-1p mh-1q mh-1r mh-1s\"><div class=\"x-text-content\"><div class=\"x-text-content-text\"><span class=\"x-text-content-text-primary\">FISI News<\/span><\/div><\/div><\/div><hr class=\"x-line e17-e9 mh-2h mh-2i mh-2j mh-2k\"><\/hr><div class=\"x-text x-text-headline e17-e10 mh-1k mh-1l mh-1m mh-1o mh-1q mh-1t mh-1u mh-1v\"><div class=\"x-text-content\"><div class=\"x-text-content-text\"><span class=\"x-text-content-text-primary\">Alpino, la Coppa veneto BCC Veneta da Alleghe a Passo Monte Croce<\/span><\/div><\/div><\/div><\/a><a class=\"x-slide e17-e7 mh-1h mh-1i\" data-x-slide=\"\" href=\"https:\/\/comitati.fisi.org\/veneto\/blog\/2025\/12\/14\/fondo-barp-ancora-brillante-in-coppa\/\"><div class=\"x-text x-text-headline e17-e8 mh-1k mh-1l mh-1m mh-1n mh-1o mh-1p mh-1q mh-1r mh-1s\"><div class=\"x-text-content\"><div class=\"x-text-content-text\"><span class=\"x-text-content-text-primary\">FISI News<\/span><\/div><\/div><\/div><hr class=\"x-line e17-e9 mh-2h mh-2i mh-2j mh-2k\"><\/hr><div class=\"x-text x-text-headline e17-e10 mh-1k mh-1l mh-1m mh-1o mh-1q mh-1t mh-1u mh-1v\"><div class=\"x-text-content\"><div class=\"x-text-content-text\"><span class=\"x-text-content-text-primary\">Fondo, Barp ancora brillante in Coppa<\/span><\/div><\/div><\/div><\/a><a class=\"x-slide e17-e7 mh-1h mh-1i\" data-x-slide=\"\" href=\"https:\/\/comitati.fisi.org\/veneto\/blog\/2025\/12\/13\/snowaboard-italia-ancora-dominante-sul-faloria\/\"><div class=\"x-text x-text-headline e17-e8 mh-1k mh-1l mh-1m mh-1n mh-1o mh-1p mh-1q mh-1r mh-1s\"><div class=\"x-text-content\"><div class=\"x-text-content-text\"><span class=\"x-text-content-text-primary\">FISI News<\/span><\/div><\/div><\/div><hr class=\"x-line e17-e9 mh-2h mh-2i mh-2j mh-2k\"><\/hr><div class=\"x-text x-text-headline e17-e10 mh-1k mh-1l mh-1m mh-1o mh-1q mh-1t mh-1u mh-1v\"><div class=\"x-text-content\"><div class=\"x-text-content-text\"><span class=\"x-text-content-text-primary\">Snowaboard, Italia ancora dominante sul Faloria<\/span><\/div><\/div><\/div><\/a><a class=\"x-slide e17-e7 mh-1h mh-1i\" data-x-slide=\"\" href=\"https:\/\/comitati.fisi.org\/veneto\/blog\/2025\/12\/13\/fondo-buon-20-posto-per-iris-de-martin-nella-sprint-di-davos\/\"><div class=\"x-text x-text-headline e17-e8 mh-1k mh-1l mh-1m mh-1n mh-1o mh-1p mh-1q mh-1r mh-1s\"><div class=\"x-text-content\"><div class=\"x-text-content-text\"><span class=\"x-text-content-text-primary\">FISI News<\/span><\/div><\/div><\/div><hr class=\"x-line e17-e9 mh-2h mh-2i mh-2j mh-2k\"><\/hr><div class=\"x-text x-text-headline e17-e10 mh-1k mh-1l mh-1m mh-1o mh-1q mh-1t mh-1u mh-1v\"><div class=\"x-text-content\"><div class=\"x-text-content-text\"><span class=\"x-text-content-text-primary\">Fondo, buon 20. posto per Iris De Martin nella sprint di Davos<\/span><\/div><\/div><\/div><\/a><a class=\"x-slide e17-e7 mh-1h mh-1i\" data-x-slide=\"\" href=\"https:\/\/comitati.fisi.org\/veneto\/blog\/2025\/12\/13\/scialpinismo-il-tricolore-vertical-a-piancavallo\/\"><div class=\"x-text x-text-headline e17-e8 mh-1k mh-1l mh-1m mh-1n mh-1o mh-1p mh-1q mh-1r mh-1s\"><div class=\"x-text-content\"><div class=\"x-text-content-text\"><span class=\"x-text-content-text-primary\">FISI News<\/span><\/div><\/div><\/div><hr class=\"x-line e17-e9 mh-2h mh-2i mh-2j mh-2k\"><\/hr><div class=\"x-text x-text-headline e17-e10 mh-1k mh-1l mh-1m mh-1o mh-1q mh-1t mh-1u mh-1v\"><div class=\"x-text-content\"><div class=\"x-text-content-text\"><span class=\"x-text-content-text-primary\">Scialpinismo, il tricolore Vertical a Piancavallo<\/span><\/div><\/div><\/div><\/a><a class=\"x-slide e17-e7 mh-1h mh-1i\" data-x-slide=\"\" href=\"https:\/\/comitati.fisi.org\/veneto\/blog\/2025\/12\/11\/presentata-a-belluno-la-nuova-tessera-fisi-fan\/\"><div class=\"x-text x-text-headline e17-e8 mh-1k mh-1l mh-1m mh-1n mh-1o mh-1p mh-1q mh-1r mh-1s\"><div class=\"x-text-content\"><div class=\"x-text-content-text\"><span class=\"x-text-content-text-primary\">FISI News<\/span><\/div><\/div><\/div><hr class=\"x-line e17-e9 mh-2h mh-2i mh-2j mh-2k\"><\/hr><div class=\"x-text x-text-headline e17-e10 mh-1k mh-1l mh-1m mh-1o mh-1q mh-1t mh-1u mh-1v\"><div class=\"x-text-content\"><div class=\"x-text-content-text\"><span class=\"x-text-content-text-primary\">Presentata a Belluno la nuova tessera Fisi Fan<\/span><\/div><\/div><\/div><\/a><a class=\"x-slide e17-e7 mh-1h mh-1i\" data-x-slide=\"\" href=\"https:\/\/comitati.fisi.org\/veneto\/blog\/2025\/12\/09\/30334\/\"><div class=\"x-text x-text-headline e17-e8 mh-1k mh-1l mh-1m mh-1n mh-1o mh-1p mh-1q mh-1r mh-1s\"><div class=\"x-text-content\"><div class=\"x-text-content-text\"><span class=\"x-text-content-text-primary\">FISI News<\/span><\/div><\/div><\/div><hr class=\"x-line e17-e9 mh-2h mh-2i mh-2j mh-2k\"><\/hr><div class=\"x-text x-text-headline e17-e10 mh-1k mh-1l mh-1m mh-1o mh-1q mh-1t mh-1u mh-1v\"><div class=\"x-text-content\"><div class=\"x-text-content-text\"><span class=\"x-text-content-text-primary\">#SCIVOLARE, al Cos.Mo di Pieve di Cadore Valbusa, Piller Cottrer e Chenetti<\/span><\/div><\/div><\/div><\/a><a class=\"x-slide e17-e7 mh-1h mh-1i\" data-x-slide=\"\" href=\"https:\/\/comitati.fisi.org\/veneto\/blog\/2025\/12\/07\/alpino-asja-zenere-13-nel-secondo-gigante-di-tremblant\/\"><div class=\"x-text x-text-headline e17-e8 mh-1k mh-1l mh-1m mh-1n mh-1o mh-1p mh-1q mh-1r mh-1s\"><div class=\"x-text-content\"><div class=\"x-text-content-text\"><span class=\"x-text-content-text-primary\">FISI News<\/span><\/div><\/div><\/div><hr class=\"x-line e17-e9 mh-2h mh-2i mh-2j mh-2k\"><\/hr><div class=\"x-text x-text-headline e17-e10 mh-1k mh-1l mh-1m mh-1o mh-1q mh-1t mh-1u mh-1v\"><div class=\"x-text-content\"><div class=\"x-text-content-text\"><span class=\"x-text-content-text-primary\">Alpino, Asja Zenere 13. nel secondo gigante di Tremblant<\/span><\/div><\/div><\/div><\/a><a class=\"x-slide e17-e7 mh-1h mh-1i\" data-x-slide=\"\" href=\"https:\/\/comitati.fisi.org\/veneto\/blog\/2025\/12\/07\/fondo-barp-13-nella-generale-di-coppa-del-mondo\/\"><div class=\"x-text x-text-headline e17-e8 mh-1k mh-1l mh-1m mh-1n mh-1o mh-1p mh-1q mh-1r mh-1s\"><div class=\"x-text-content\"><div class=\"x-text-content-text\"><span class=\"x-text-content-text-primary\">FISI News<\/span><\/div><\/div><\/div><hr class=\"x-line e17-e9 mh-2h mh-2i mh-2j mh-2k\"><\/hr><div class=\"x-text x-text-headline e17-e10 mh-1k mh-1l mh-1m mh-1o mh-1q mh-1t mh-1u mh-1v\"><div class=\"x-text-content\"><div class=\"x-text-content-text\"><span class=\"x-text-content-text-primary\">Fondo, Barp 13. nella generale di Coppa del Mondo<\/span><\/div><\/div><\/div><\/a><a class=\"x-slide e17-e7 mh-1h mh-1i\" data-x-slide=\"\" href=\"https:\/\/comitati.fisi.org\/veneto\/blog\/2025\/12\/07\/snowboard-dalmasso-e-caffont-5-e-6-a-mylin\/\"><div class=\"x-text x-text-headline e17-e8 mh-1k mh-1l mh-1m mh-1n mh-1o mh-1p mh-1q mh-1r mh-1s\"><div class=\"x-text-content\"><div class=\"x-text-content-text\"><span class=\"x-text-content-text-primary\">FISI News<\/span><\/div><\/div><\/div><hr class=\"x-line e17-e9 mh-2h mh-2i mh-2j mh-2k\"><\/hr><div class=\"x-text x-text-headline e17-e10 mh-1k mh-1l mh-1m mh-1o mh-1q mh-1t mh-1u mh-1v\"><div class=\"x-text-content\"><div class=\"x-text-content-text\"><span class=\"x-text-content-text-primary\">Snowboard, Caffont e Dalmasso 5. e 6. a Mylin<\/span><\/div><\/div><\/div><\/a><a class=\"x-slide e17-e7 mh-1h mh-1i\" data-x-slide=\"\" href=\"https:\/\/comitati.fisi.org\/veneto\/blog\/2025\/12\/06\/freeski-top-ten-per-donaggio-a-pechino\/\"><div class=\"x-text x-text-headline e17-e8 mh-1k mh-1l mh-1m mh-1n mh-1o mh-1p mh-1q mh-1r mh-1s\"><div class=\"x-text-content\"><div class=\"x-text-content-text\"><span class=\"x-text-content-text-primary\">FISI News<\/span><\/div><\/div><\/div><hr class=\"x-line e17-e9 mh-2h mh-2i mh-2j mh-2k\"><\/hr><div class=\"x-text x-text-headline e17-e10 mh-1k mh-1l mh-1m mh-1o mh-1q mh-1t mh-1u mh-1v\"><div class=\"x-text-content\"><div class=\"x-text-content-text\"><span class=\"x-text-content-text-primary\">Freeski, top ten per Donaggio a Pechino<\/span><\/div><\/div><\/div><\/a><a class=\"x-slide e17-e7 mh-1h mh-1i\" data-x-slide=\"\" href=\"https:\/\/comitati.fisi.org\/veneto\/blog\/2025\/12\/06\/fondo-elia-barp-quindicesimo-in-coppa-del-mondo-a-trondheim\/\"><div class=\"x-text x-text-headline e17-e8 mh-1k mh-1l mh-1m mh-1n mh-1o mh-1p mh-1q mh-1r mh-1s\"><div class=\"x-text-content\"><div class=\"x-text-content-text\"><span class=\"x-text-content-text-primary\">FISI News<\/span><\/div><\/div><\/div><hr class=\"x-line e17-e9 mh-2h mh-2i mh-2j mh-2k\"><\/hr><div class=\"x-text x-text-headline e17-e10 mh-1k mh-1l mh-1m mh-1o mh-1q mh-1t mh-1u mh-1v\"><div class=\"x-text-content\"><div class=\"x-text-content-text\"><span class=\"x-text-content-text-primary\">Fondo, Elia Barp quindicesimo in Coppa del Mondo a Trondheim<\/span><\/div><\/div><\/div><\/a><a class=\"x-slide e17-e7 mh-1h mh-1i\" data-x-slide=\"\" href=\"https:\/\/comitati.fisi.org\/veneto\/blog\/2025\/12\/05\/fondo-iris-de-martin-pinter-22-ma-in-coppa-del-mondo\/\"><div class=\"x-text x-text-headline e17-e8 mh-1k mh-1l mh-1m mh-1n mh-1o mh-1p mh-1q mh-1r mh-1s\"><div class=\"x-text-content\"><div class=\"x-text-content-text\"><span class=\"x-text-content-text-primary\">FISI News<\/span><\/div><\/div><\/div><hr class=\"x-line e17-e9 mh-2h mh-2i mh-2j mh-2k\"><\/hr><div class=\"x-text x-text-headline e17-e10 mh-1k mh-1l mh-1m mh-1o mh-1q mh-1t mh-1u mh-1v\"><div class=\"x-text-content\"><div class=\"x-text-content-text\"><span class=\"x-text-content-text-primary\">Fondo, Iris De Martin Pinter 22.ma in Coppa del Mondo<\/span><\/div><\/div><\/div><\/a><a class=\"x-slide e17-e7 mh-1h mh-1i\" data-x-slide=\"\" href=\"https:\/\/comitati.fisi.org\/veneto\/blog\/2025\/12\/02\/alpino-e-fondo-atleti-veneti-in-coppa-del-mondo\/\"><div class=\"x-text x-text-headline e17-e8 mh-1k mh-1l mh-1m mh-1n mh-1o mh-1p mh-1q mh-1r mh-1s\"><div class=\"x-text-content\"><div class=\"x-text-content-text\"><span class=\"x-text-content-text-primary\">FISI News<\/span><\/div><\/div><\/div><hr class=\"x-line e17-e9 mh-2h mh-2i mh-2j mh-2k\"><\/hr><div class=\"x-text x-text-headline e17-e10 mh-1k mh-1l mh-1m mh-1o mh-1q mh-1t mh-1u mh-1v\"><div class=\"x-text-content\"><div class=\"x-text-content-text\"><span class=\"x-text-content-text-primary\">Tanti atleti veneti protagonisti in Coppa del Mondo<\/span><\/div><\/div><\/div><\/a><a class=\"x-slide e17-e7 mh-1h mh-1i\" data-x-slide=\"\" href=\"https:\/\/comitati.fisi.org\/veneto\/blog\/2025\/11\/26\/a-treviso-il-festival-del-libro-e-della-cultura-sportiva\/\"><div class=\"x-text x-text-headline e17-e8 mh-1k mh-1l mh-1m mh-1n mh-1o mh-1p mh-1q mh-1r mh-1s\"><div class=\"x-text-content\"><div class=\"x-text-content-text\"><span class=\"x-text-content-text-primary\">FISI News<\/span><\/div><\/div><\/div><hr class=\"x-line e17-e9 mh-2h mh-2i mh-2j mh-2k\"><\/hr><div class=\"x-text x-text-headline e17-e10 mh-1k mh-1l mh-1m mh-1o mh-1q mh-1t mh-1u mh-1v\"><div class=\"x-text-content\"><div class=\"x-text-content-text\"><span class=\"x-text-content-text-primary\">A Treviso il Festival del Libro e della Cultura Sportiva<\/span><\/div><\/div><\/div><\/a><a class=\"x-slide e17-e7 mh-1h mh-1i\" data-x-slide=\"\" href=\"https:\/\/comitati.fisi.org\/veneto\/blog\/2025\/11\/25\/bob-a-cortina-quattro-maschile-e-due-femminile-nel-segno-della-germania\/\"><div class=\"x-text x-text-headline e17-e8 mh-1k mh-1l mh-1m mh-1n mh-1o mh-1p mh-1q mh-1r mh-1s\"><div class=\"x-text-content\"><div class=\"x-text-content-text\"><span class=\"x-text-content-text-primary\">FISI News<\/span><\/div><\/div><\/div><hr class=\"x-line e17-e9 mh-2h mh-2i mh-2j mh-2k\"><\/hr><div class=\"x-text x-text-headline e17-e10 mh-1k mh-1l mh-1m mh-1o mh-1q mh-1t mh-1u mh-1v\"><div class=\"x-text-content\"><div class=\"x-text-content-text\"><span class=\"x-text-content-text-primary\">Bob, a Cortina quattro maschile e due femminile nel segno della Germania<\/span><\/div><\/div><\/div><\/a><a class=\"x-slide e17-e7 mh-1h mh-1i\" data-x-slide=\"\" href=\"https:\/\/comitati.fisi.org\/veneto\/blog\/2025\/11\/22\/bob-top-ten-per-baumgartner-mircea-a-cortina\/\"><div class=\"x-text x-text-headline e17-e8 mh-1k mh-1l mh-1m mh-1n mh-1o mh-1p mh-1q mh-1r mh-1s\"><div class=\"x-text-content\"><div class=\"x-text-content-text\"><span class=\"x-text-content-text-primary\">FISI News<\/span><\/div><\/div><\/div><hr class=\"x-line e17-e9 mh-2h mh-2i mh-2j mh-2k\"><\/hr><div class=\"x-text x-text-headline e17-e10 mh-1k mh-1l mh-1m mh-1o mh-1q mh-1t mh-1u mh-1v\"><div class=\"x-text-content\"><div class=\"x-text-content-text\"><span class=\"x-text-content-text-primary\">Bob, top ten per Baumgartner\/Mircea a Cortina<\/span><\/div><\/div><\/div><\/a><a class=\"x-slide e17-e7 mh-1h mh-1i\" data-x-slide=\"\" href=\"https:\/\/comitati.fisi.org\/veneto\/blog\/2025\/11\/21\/skeleton-gaspari-17-al-debutto-sulla-pista-di-casa\/\"><div class=\"x-text x-text-headline e17-e8 mh-1k mh-1l mh-1m mh-1n mh-1o mh-1p mh-1q mh-1r mh-1s\"><div class=\"x-text-content\"><div class=\"x-text-content-text\"><span class=\"x-text-content-text-primary\">FISI News<\/span><\/div><\/div><\/div><hr class=\"x-line e17-e9 mh-2h mh-2i mh-2j mh-2k\"><\/hr><div class=\"x-text x-text-headline e17-e10 mh-1k mh-1l mh-1m mh-1o mh-1q mh-1t mh-1u mh-1v\"><div class=\"x-text-content\"><div class=\"x-text-content-text\"><span class=\"x-text-content-text-primary\">Skeleton, Gaspari 17. al debutto sulla pista di casa<\/span><\/div><\/div><\/div><\/a><a class=\"x-slide e17-e7 mh-1h mh-1i\" data-x-slide=\"\" href=\"https:\/\/comitati.fisi.org\/veneto\/blog\/2025\/11\/18\/bob-e-skeleton-nel-fine-settimana-a-cortina-parte-la-coppa-del-mondo\/\"><div class=\"x-text x-text-headline e17-e8 mh-1k mh-1l mh-1m mh-1n mh-1o mh-1p mh-1q mh-1r mh-1s\"><div class=\"x-text-content\"><div class=\"x-text-content-text\"><span class=\"x-text-content-text-primary\">FISI News<\/span><\/div><\/div><\/div><hr class=\"x-line e17-e9 mh-2h mh-2i mh-2j mh-2k\"><\/hr><div class=\"x-text x-text-headline e17-e10 mh-1k mh-1l mh-1m mh-1o mh-1q mh-1t mh-1u mh-1v\"><div class=\"x-text-content\"><div class=\"x-text-content-text\"><span class=\"x-text-content-text-primary\">Bob e skeleton, nel fine settimana a Cortina parte la Coppa del mondo<\/span><\/div><\/div><\/div><\/a><a class=\"x-slide e17-e7 mh-1h mh-1i\" data-x-slide=\"\" href=\"https:\/\/comitati.fisi.org\/veneto\/blog\/2025\/11\/16\/fondo-a-muonio-16-de-martin-17-barp\/\"><div class=\"x-text x-text-headline e17-e8 mh-1k mh-1l mh-1m mh-1n mh-1o mh-1p mh-1q mh-1r mh-1s\"><div class=\"x-text-content\"><div class=\"x-text-content-text\"><span class=\"x-text-content-text-primary\">FISI News<\/span><\/div><\/div><\/div><hr class=\"x-line e17-e9 mh-2h mh-2i mh-2j mh-2k\"><\/hr><div class=\"x-text x-text-headline e17-e10 mh-1k mh-1l mh-1m mh-1o mh-1q mh-1t mh-1u mh-1v\"><div class=\"x-text-content\"><div class=\"x-text-content-text\"><span class=\"x-text-content-text-primary\">Fondo, a Muonio 16. De Martin, 17. Barp<\/span><\/div><\/div><\/div><\/a><a class=\"x-slide e17-e7 mh-1h mh-1i\" data-x-slide=\"\" href=\"https:\/\/comitati.fisi.org\/veneto\/blog\/2025\/11\/15\/fondo-barp-secondo-a-muonio\/\"><div class=\"x-text x-text-headline e17-e8 mh-1k mh-1l mh-1m mh-1n mh-1o mh-1p mh-1q mh-1r mh-1s\"><div class=\"x-text-content\"><div class=\"x-text-content-text\"><span class=\"x-text-content-text-primary\">FISI News<\/span><\/div><\/div><\/div><hr class=\"x-line e17-e9 mh-2h mh-2i mh-2j mh-2k\"><\/hr><div class=\"x-text x-text-headline e17-e10 mh-1k mh-1l mh-1m mh-1o mh-1q mh-1t mh-1u mh-1v\"><div class=\"x-text-content\"><div class=\"x-text-content-text\"><span class=\"x-text-content-text-primary\">Fondo, Barp secondo a Muonio<\/span><\/div><\/div><\/div><\/a><a class=\"x-slide e17-e7 mh-1h mh-1i\" data-x-slide=\"\" href=\"https:\/\/comitati.fisi.org\/veneto\/blog\/2025\/11\/14\/fondo-ottimi-riscontri-per-barp-e-de-martin-nella-sprint-fis-di-muonio\/\"><div class=\"x-text x-text-headline e17-e8 mh-1k mh-1l mh-1m mh-1n mh-1o mh-1p mh-1q mh-1r mh-1s\"><div class=\"x-text-content\"><div class=\"x-text-content-text\"><span class=\"x-text-content-text-primary\">FISI News<\/span><\/div><\/div><\/div><hr class=\"x-line e17-e9 mh-2h mh-2i mh-2j mh-2k\"><\/hr><div class=\"x-text x-text-headline e17-e10 mh-1k mh-1l mh-1m mh-1o mh-1q mh-1t mh-1u mh-1v\"><div class=\"x-text-content\"><div class=\"x-text-content-text\"><span class=\"x-text-content-text-primary\">Fondo, ottimi riscontri per Barp e De Martin nella sprint Fis di Muonio<\/span><\/div><\/div><\/div><\/a><a class=\"x-slide e17-e7 mh-1h mh-1i\" data-x-slide=\"\" href=\"https:\/\/comitati.fisi.org\/veneto\/blog\/2025\/11\/12\/sabato-15-novembre-scuola-aperta-allo-ski-college-veneto-di-falcade\/\"><div class=\"x-text x-text-headline e17-e8 mh-1k mh-1l mh-1m mh-1n mh-1o mh-1p mh-1q mh-1r mh-1s\"><div class=\"x-text-content\"><div class=\"x-text-content-text\"><span class=\"x-text-content-text-primary\">FISI News<\/span><\/div><\/div><\/div><hr class=\"x-line e17-e9 mh-2h mh-2i mh-2j mh-2k\"><\/hr><div class=\"x-text x-text-headline e17-e10 mh-1k mh-1l mh-1m mh-1o mh-1q mh-1t mh-1u mh-1v\"><div class=\"x-text-content\"><div class=\"x-text-content-text\"><span class=\"x-text-content-text-primary\">Sabato 15 novembre &#8220;Scuola Aperta&#8221; allo Ski College Veneto di Falcade<\/span><\/div><\/div><\/div><\/a><a class=\"x-slide e17-e7 mh-1h mh-1i\" data-x-slide=\"\" href=\"https:\/\/comitati.fisi.org\/veneto\/blog\/2025\/11\/11\/bob-a-cortina-17-azzurri-per-la-coppa-del-mondo\/\"><div class=\"x-text x-text-headline e17-e8 mh-1k mh-1l mh-1m mh-1n mh-1o mh-1p mh-1q mh-1r mh-1s\"><div class=\"x-text-content\"><div class=\"x-text-content-text\"><span class=\"x-text-content-text-primary\">FISI News<\/span><\/div><\/div><\/div><hr class=\"x-line e17-e9 mh-2h mh-2i mh-2j mh-2k\"><\/hr><div class=\"x-text x-text-headline e17-e10 mh-1k mh-1l mh-1m mh-1o mh-1q mh-1t mh-1u mh-1v\"><div class=\"x-text-content\"><div class=\"x-text-content-text\"><span class=\"x-text-content-text-primary\">Bob e skeleton, gli azzurri a Cortina  per la Coppa del Mondo<\/span><\/div><\/div><\/div><\/a><a class=\"x-slide e17-e7 mh-1h mh-1i\" data-x-slide=\"\" href=\"https:\/\/comitati.fisi.org\/veneto\/blog\/2025\/10\/30\/fondo-barp-e-de-martin-a-muonio-in-vista-dellinizio-della-coppa-del-mondo\/\"><div class=\"x-text x-text-headline e17-e8 mh-1k mh-1l mh-1m mh-1n mh-1o mh-1p mh-1q mh-1r mh-1s\"><div class=\"x-text-content\"><div class=\"x-text-content-text\"><span class=\"x-text-content-text-primary\">FISI News<\/span><\/div><\/div><\/div><hr class=\"x-line e17-e9 mh-2h mh-2i mh-2j mh-2k\"><\/hr><div class=\"x-text x-text-headline e17-e10 mh-1k mh-1l mh-1m mh-1o mh-1q mh-1t mh-1u mh-1v\"><div class=\"x-text-content\"><div class=\"x-text-content-text\"><span class=\"x-text-content-text-primary\">Fondo, Barp e De Martin a Muonio in vista dell&#8217;inizio della Coppa del Mondo<\/span><\/div><\/div><\/div><\/a><a class=\"x-slide e17-e7 mh-1h mh-1i\" data-x-slide=\"\" href=\"https:\/\/comitati.fisi.org\/veneto\/blog\/2025\/10\/25\/alpino-asja-zenere-17-ma-a-solden\/\"><div class=\"x-text x-text-headline e17-e8 mh-1k mh-1l mh-1m mh-1n mh-1o mh-1p mh-1q mh-1r mh-1s\"><div class=\"x-text-content\"><div class=\"x-text-content-text\"><span class=\"x-text-content-text-primary\">FISI News<\/span><\/div><\/div><\/div><hr class=\"x-line e17-e9 mh-2h mh-2i mh-2j mh-2k\"><\/hr><div class=\"x-text x-text-headline e17-e10 mh-1k mh-1l mh-1m mh-1o mh-1q mh-1t mh-1u mh-1v\"><div class=\"x-text-content\"><div class=\"x-text-content-text\"><span class=\"x-text-content-text-primary\">Alpino, Asja Zenere 17.ma a S\u00f6lden\u00a0<\/span><\/div><\/div><\/div><\/a><a class=\"x-slide e17-e7 mh-1h mh-1i\" data-x-slide=\"\" href=\"https:\/\/comitati.fisi.org\/veneto\/blog\/2025\/10\/11\/fondo-barp-e-de-martin-in-senales-cagnati-e-milani-a-predazzo\/\"><div class=\"x-text x-text-headline e17-e8 mh-1k mh-1l mh-1m mh-1n mh-1o mh-1p mh-1q mh-1r mh-1s\"><div class=\"x-text-content\"><div class=\"x-text-content-text\"><span class=\"x-text-content-text-primary\">FISI News<\/span><\/div><\/div><\/div><hr class=\"x-line e17-e9 mh-2h mh-2i mh-2j mh-2k\"><\/hr><div class=\"x-text x-text-headline e17-e10 mh-1k mh-1l mh-1m mh-1o mh-1q mh-1t mh-1u mh-1v\"><div class=\"x-text-content\"><div class=\"x-text-content-text\"><span class=\"x-text-content-text-primary\">Fondo, Barp e De Martin in Senales, Cagnati e Milani a Predazzo<\/span><\/div><\/div><\/div><\/a><a class=\"x-slide e17-e7 mh-1h mh-1i\" data-x-slide=\"\" href=\"https:\/\/comitati.fisi.org\/veneto\/blog\/2025\/10\/08\/alpino-pizzato-e-franzoni-a-solden\/\"><div class=\"x-text x-text-headline e17-e8 mh-1k mh-1l mh-1m mh-1n mh-1o mh-1p mh-1q mh-1r mh-1s\"><div class=\"x-text-content\"><div class=\"x-text-content-text\"><span class=\"x-text-content-text-primary\">FISI News<\/span><\/div><\/div><\/div><hr class=\"x-line e17-e9 mh-2h mh-2i mh-2j mh-2k\"><\/hr><div class=\"x-text x-text-headline e17-e10 mh-1k mh-1l mh-1m mh-1o mh-1q mh-1t mh-1u mh-1v\"><div class=\"x-text-content\"><div class=\"x-text-content-text\"><span class=\"x-text-content-text-primary\">Alpino, Pizzato e Franzoni a S\u00f6lden\u00a0<\/span><\/div><\/div><\/div><\/a><a class=\"x-slide e17-e7 mh-1h mh-1i\" data-x-slide=\"\" href=\"https:\/\/comitati.fisi.org\/veneto\/blog\/2025\/10\/08\/fondo-raduno-per-gli-under-14\/\"><div class=\"x-text x-text-headline e17-e8 mh-1k mh-1l mh-1m mh-1n mh-1o mh-1p mh-1q mh-1r mh-1s\"><div class=\"x-text-content\"><div class=\"x-text-content-text\"><span class=\"x-text-content-text-primary\">FISI News<\/span><\/div><\/div><\/div><hr class=\"x-line e17-e9 mh-2h mh-2i mh-2j mh-2k\"><\/hr><div class=\"x-text x-text-headline e17-e10 mh-1k mh-1l mh-1m mh-1o mh-1q mh-1t mh-1u mh-1v\"><div class=\"x-text-content\"><div class=\"x-text-content-text\"><span class=\"x-text-content-text-primary\">Fondo, raduno per gli Under 16<\/span><\/div><\/div><\/div><\/a><a class=\"x-slide e17-e7 mh-1h mh-1i\" data-x-slide=\"\" href=\"https:\/\/comitati.fisi.org\/veneto\/blog\/2025\/10\/03\/alpino-squadre-regionali-al-lavoro-a-saas-fee\/\"><div class=\"x-text x-text-headline e17-e8 mh-1k mh-1l mh-1m mh-1n mh-1o mh-1p mh-1q mh-1r mh-1s\"><div class=\"x-text-content\"><div class=\"x-text-content-text\"><span class=\"x-text-content-text-primary\">FISI News<\/span><\/div><\/div><\/div><hr class=\"x-line e17-e9 mh-2h mh-2i mh-2j mh-2k\"><\/hr><div class=\"x-text x-text-headline e17-e10 mh-1k mh-1l mh-1m mh-1o mh-1q mh-1t mh-1u mh-1v\"><div class=\"x-text-content\"><div class=\"x-text-content-text\"><span class=\"x-text-content-text-primary\">Alpino, squadre regionali al lavoro a Saas Fee<\/span><\/div><\/div><\/div><\/a><a class=\"x-slide e17-e7 mh-1h mh-1i\" data-x-slide=\"\" href=\"https:\/\/comitati.fisi.org\/veneto\/blog\/2025\/10\/02\/grave-lutto-per-leonardo-dinca\/\"><div class=\"x-text x-text-headline e17-e8 mh-1k mh-1l mh-1m mh-1n mh-1o mh-1p mh-1q mh-1r mh-1s\"><div class=\"x-text-content\"><div class=\"x-text-content-text\"><span class=\"x-text-content-text-primary\">FISI News<\/span><\/div><\/div><\/div><hr class=\"x-line e17-e9 mh-2h mh-2i mh-2j mh-2k\"><\/hr><div class=\"x-text x-text-headline e17-e10 mh-1k mh-1l mh-1m mh-1o mh-1q mh-1t mh-1u mh-1v\"><div class=\"x-text-content\"><div class=\"x-text-content-text\"><span class=\"x-text-content-text-primary\">Grave lutto per Leonardo D&#8217;Inc\u00e0<\/span><\/div><\/div><\/div><\/a><a class=\"x-slide e17-e7 mh-1h mh-1i\" data-x-slide=\"\" href=\"https:\/\/comitati.fisi.org\/veneto\/blog\/2025\/09\/24\/sci-velocita-margherita-mazzoncini-confermata-nella-squadra-azzurra\/\"><div class=\"x-text x-text-headline e17-e8 mh-1k mh-1l mh-1m mh-1n mh-1o mh-1p mh-1q mh-1r mh-1s\"><div class=\"x-text-content\"><div class=\"x-text-content-text\"><span class=\"x-text-content-text-primary\">FISI News<\/span><\/div><\/div><\/div><hr class=\"x-line e17-e9 mh-2h mh-2i mh-2j mh-2k\"><\/hr><div class=\"x-text x-text-headline e17-e10 mh-1k mh-1l mh-1m mh-1o mh-1q mh-1t mh-1u mh-1v\"><div class=\"x-text-content\"><div class=\"x-text-content-text\"><span class=\"x-text-content-text-primary\">Sci velocit\u00e0, Margherita Mazzoncini confermata nella squadra azzurra<\/span><\/div><\/div><\/div><\/a><a class=\"x-slide e17-e7 mh-1h mh-1i\" data-x-slide=\"\" href=\"https:\/\/comitati.fisi.org\/veneto\/blog\/2025\/09\/17\/liski-e-fondazione-cortina-per-i-giovani-che-si-distinguono-in-pista-e-sui-libri\/\"><div class=\"x-text x-text-headline e17-e8 mh-1k mh-1l mh-1m mh-1n mh-1o mh-1p mh-1q mh-1r mh-1s\"><div class=\"x-text-content\"><div class=\"x-text-content-text\"><span class=\"x-text-content-text-primary\">FISI News<\/span><\/div><\/div><\/div><hr class=\"x-line e17-e9 mh-2h mh-2i mh-2j mh-2k\"><\/hr><div class=\"x-text x-text-headline e17-e10 mh-1k mh-1l mh-1m mh-1o mh-1q mh-1t mh-1u mh-1v\"><div class=\"x-text-content\"><div class=\"x-text-content-text\"><span class=\"x-text-content-text-primary\">Liski e Fondazione Cortina per i giovani che si sono distinti in pista e sui libri<\/span><\/div><\/div><\/div><\/a><a class=\"x-slide e17-e7 mh-1h mh-1i\" data-x-slide=\"\" href=\"https:\/\/comitati.fisi.org\/veneto\/blog\/2025\/09\/15\/podhio-race-generation-cinque-di-fisi-veneto-premiati-a-forte-dei-marmi\/\"><div class=\"x-text x-text-headline e17-e8 mh-1k mh-1l mh-1m mh-1n mh-1o mh-1p mh-1q mh-1r mh-1s\"><div class=\"x-text-content\"><div class=\"x-text-content-text\"><span class=\"x-text-content-text-primary\">FISI News<\/span><\/div><\/div><\/div><hr class=\"x-line e17-e9 mh-2h mh-2i mh-2j mh-2k\"><\/hr><div class=\"x-text x-text-headline e17-e10 mh-1k mh-1l mh-1m mh-1o mh-1q mh-1t mh-1u mh-1v\"><div class=\"x-text-content\"><div class=\"x-text-content-text\"><span class=\"x-text-content-text-primary\">Podhio Race Generation, cinque di Fisi Veneto premiati a Forte dei Marmi<\/span><\/div><\/div><\/div><\/a><a class=\"x-slide e17-e7 mh-1h mh-1i\" data-x-slide=\"\" href=\"https:\/\/comitati.fisi.org\/veneto\/blog\/2025\/09\/09\/alpino-doppietta-di-asja-zenere-in-south-american-cup\/\"><div class=\"x-text x-text-headline e17-e8 mh-1k mh-1l mh-1m mh-1n mh-1o mh-1p mh-1q mh-1r mh-1s\"><div class=\"x-text-content\"><div class=\"x-text-content-text\"><span class=\"x-text-content-text-primary\">FISI News<\/span><\/div><\/div><\/div><hr class=\"x-line e17-e9 mh-2h mh-2i mh-2j mh-2k\"><\/hr><div class=\"x-text x-text-headline e17-e10 mh-1k mh-1l mh-1m mh-1o mh-1q mh-1t mh-1u mh-1v\"><div class=\"x-text-content\"><div class=\"x-text-content-text\"><span class=\"x-text-content-text-primary\">Alpino, doppietta di Asja Zenere in South American Cup<\/span><\/div><\/div><\/div><\/a><a class=\"x-slide e17-e7 mh-1h mh-1i\" data-x-slide=\"\" href=\"https:\/\/comitati.fisi.org\/veneto\/blog\/2025\/09\/08\/dallesperienza-dello-sci-club-druscie-cortina-nasce-il-libro-lean-thinking-e-sport-management\/\"><div class=\"x-text x-text-headline e17-e8 mh-1k mh-1l mh-1m mh-1n mh-1o mh-1p mh-1q mh-1r mh-1s\"><div class=\"x-text-content\"><div class=\"x-text-content-text\"><span class=\"x-text-content-text-primary\">FISI News<\/span><\/div><\/div><\/div><hr class=\"x-line e17-e9 mh-2h mh-2i mh-2j mh-2k\"><\/hr><div class=\"x-text x-text-headline e17-e10 mh-1k mh-1l mh-1m mh-1o mh-1q mh-1t mh-1u mh-1v\"><div class=\"x-text-content\"><div class=\"x-text-content-text\"><span class=\"x-text-content-text-primary\">Dall&#8217;esperienza dello Sci club Drusci\u00e9 Cortina nasce il libro Lean Thinking e Sport Management<\/span><\/div><\/div><\/div><\/a><a class=\"x-slide e17-e7 mh-1h mh-1i\" data-x-slide=\"\" href=\"https:\/\/comitati.fisi.org\/veneto\/blog\/2025\/09\/08\/skiroll-il-2-novembre-la-vasa-3\/\"><div class=\"x-text x-text-headline e17-e8 mh-1k mh-1l mh-1m mh-1n mh-1o mh-1p mh-1q mh-1r mh-1s\"><div class=\"x-text-content\"><div class=\"x-text-content-text\"><span class=\"x-text-content-text-primary\">FISI News<\/span><\/div><\/div><\/div><hr class=\"x-line e17-e9 mh-2h mh-2i mh-2j mh-2k\"><\/hr><div class=\"x-text x-text-headline e17-e10 mh-1k mh-1l mh-1m mh-1o mh-1q mh-1t mh-1u mh-1v\"><div class=\"x-text-content\"><div class=\"x-text-content-text\"><span class=\"x-text-content-text-primary\">Skiroll, il 2 novembre la Vasa 3<\/span><\/div><\/div><\/div><\/a><\/div><\/div><\/div><\/div><\/div><\/div><\/div><\/div><div class=\"x-row e17-e11 mh-7 mh-8 mh-a mh-b mh-e mh-g\"><div class=\"x-row-inner\"><div class=\"x-col e17-e12 mh-q mh-r mh-s\"><div class=\"x-div e17-e13 mh-x mh-y mh-z mh-10 mh-11 mh-12\"><div class=\"x-div e17-e14 mh-x mh-y mh-z mh-10 mh-11 mh-12\"><div class=\"x-slide-container-viewport is-loading e17-e15 mh-1f\" data-x-slide-container=\"{&quot;keyboardNavigation&quot;:true,&quot;startingSlide&quot;:1,&quot;enter&quot;:&quot;fade&quot;,&quot;exit&quot;:&quot;fade&quot;,&quot;swipe&quot;:&quot;&quot;,&quot;stacked&quot;:true}\"><div class=\"x-slide-container-content\"><div class=\"x-slide-container is-stacked\"><div class=\"x-slide e17-e16 mh-1h mh-1j\" data-x-slide=\"\"><div class=\"x-bg\" aria-hidden=\"true\"><div class=\"x-bg-layer-lower-image\" style=\" background-image: url(https:\/\/comitati.fisi.org\/veneto\/wp-content\/uploads\/sites\/39\/2026\/04\/piero-molin-2-SL-aspiranti-Fis-valtournenche-24.04.2026.jpeg); background-repeat: no-repeat; background-position: center; background-size: cover;\"><\/div><div class=\"x-bg-layer-upper-color\" style=\" background-color: rgba(255, 255, 255, 0.1);\"><\/div><\/div><div class=\"x-div e17-e17 mh-x mh-y mh-z mh-13 mh-14\"><div class=\"x-text x-text-headline e17-e18 mh-1k mh-1l mh-1m mh-1n mh-1u mh-1w mh-1x mh-1y mh-1z\"><div class=\"x-text-content\"><div class=\"x-text-content-text\"><span class=\"x-text-content-text-primary\">Alpino, Piero Molin sul podio al Trofeo Comune di Valtournenche<\/span><\/div><\/div><\/div><div class=\"x-text x-text-headline e17-e19 mh-1l mh-1m mh-1n mh-1u mh-1x mh-1y mh-20 mh-21 mh-22\"><div class=\"x-text-content\"><div class=\"x-text-content-text\"><span class=\"x-text-content-text-primary\">32 punti Fis per il portacolori dello Sci club Cortina...<\/span><\/div><\/div><\/div><div class=\"x-row e17-e20 mh-7 mh-a mh-b mh-e mh-h\"><div class=\"x-row-inner\"><div class=\"x-col e17-e21 mh-n mh-p mh-q mh-s mh-t mh-u\"><a class=\"x-anchor x-anchor-button e17-e22 mh-2n\" tabindex=\"0\" href=\"https:\/\/comitati.fisi.org\/veneto\/blog\/2026\/04\/24\/alpino-piero-molin-sul-podio-al-trofeo-comune-di-valtournenche\/\"><div class=\"x-anchor-content\"><div class=\"x-anchor-text\"><span class=\"x-anchor-text-primary\">Leggi di pi\u00f9<\/span><\/div><\/div><\/a><\/div><div class=\"x-col e17-e23 mh-n mh-p mh-q mh-s mh-t mh-v\"><div class=\"x-div e17-e24 mh-x mh-y mh-z mh-10 mh-11 mh-12 mh-15 mh-16 mh-17 mh-18\"><a class=\"x-div e17-e25 mh-x mh-11 mh-12 mh-15 mh-19 mh-1a mh-1b\" href=\"#prev\" data-x-effect-provider=\"colors particles effects\" data-x-slide-prev=\"\"><i class=\"x-icon e17-e26 mh-2o\" aria-hidden=\"true\" data-x-icon-s=\"&#xf104;\"><\/i><\/a><a class=\"x-div e17-e27 mh-x mh-y mh-11 mh-12 mh-15 mh-19 mh-1a mh-1c\" href=\"#next\" data-x-effect-provider=\"colors particles effects\" data-x-slide-next=\"\"><i class=\"x-icon e17-e28 mh-2o\" aria-hidden=\"true\" data-x-icon-s=\"&#xf105;\"><\/i><\/a><\/div><\/div><\/div><\/div><\/div><\/div><div class=\"x-slide e17-e16 mh-1h mh-1j\" data-x-slide=\"\"><div class=\"x-bg\" aria-hidden=\"true\"><div class=\"x-bg-layer-lower-image\" style=\" background-image: url(https:\/\/comitati.fisi.org\/veneto\/wp-content\/uploads\/sites\/39\/2026\/04\/echialessandrosogne40-VELA-LASER-STYLE-ITALIA-falcade-dicembre-2026-scaled.jpg); background-repeat: no-repeat; background-position: center; background-size: cover;\"><\/div><div class=\"x-bg-layer-upper-color\" style=\" background-color: rgba(255, 255, 255, 0.1);\"><\/div><\/div><div class=\"x-div e17-e17 mh-x mh-y mh-z mh-13 mh-14\"><div class=\"x-text x-text-headline e17-e18 mh-1k mh-1l mh-1m mh-1n mh-1u mh-1w mh-1x mh-1y mh-1z\"><div class=\"x-text-content\"><div class=\"x-text-content-text\"><span class=\"x-text-content-text-primary\">Fondo, le classifiche finali del Trofeo Laser Style Italia<\/span><\/div><\/div><\/div><div class=\"x-text x-text-headline e17-e19 mh-1l mh-1m mh-1n mh-1u mh-1x mh-1y mh-20 mh-21 mh-22\"><div class=\"x-text-content\"><div class=\"x-text-content-text\"><span class=\"x-text-content-text-primary\">Nella classifica per societ\u00e0 si \u00e8 imposto lo Sci club Val Biois davanti a Sci Club 2a Asiago Altopiano e Sci Club Cortina...<\/span><\/div><\/div><\/div><div class=\"x-row e17-e20 mh-7 mh-a mh-b mh-e mh-h\"><div class=\"x-row-inner\"><div class=\"x-col e17-e21 mh-n mh-p mh-q mh-s mh-t mh-u\"><a class=\"x-anchor x-anchor-button e17-e22 mh-2n\" tabindex=\"0\" href=\"https:\/\/comitati.fisi.org\/veneto\/blog\/2026\/04\/22\/fondo-le-classifiche-finali-del-trofeo-laser-style-italia\/\"><div class=\"x-anchor-content\"><div class=\"x-anchor-text\"><span class=\"x-anchor-text-primary\">Leggi di pi\u00f9<\/span><\/div><\/div><\/a><\/div><div class=\"x-col e17-e23 mh-n mh-p mh-q mh-s mh-t mh-v\"><div class=\"x-div e17-e24 mh-x mh-y mh-z mh-10 mh-11 mh-12 mh-15 mh-16 mh-17 mh-18\"><a class=\"x-div e17-e25 mh-x mh-11 mh-12 mh-15 mh-19 mh-1a mh-1b\" href=\"#prev\" data-x-effect-provider=\"colors particles effects\" data-x-slide-prev=\"\"><i class=\"x-icon e17-e26 mh-2o\" aria-hidden=\"true\" data-x-icon-s=\"&#xf104;\"><\/i><\/a><a class=\"x-div e17-e27 mh-x mh-y mh-11 mh-12 mh-15 mh-19 mh-1a mh-1c\" href=\"#next\" data-x-effect-provider=\"colors particles effects\" data-x-slide-next=\"\"><i class=\"x-icon e17-e28 mh-2o\" aria-hidden=\"true\" data-x-icon-s=\"&#xf105;\"><\/i><\/a><\/div><\/div><\/div><\/div><\/div><\/div><div class=\"x-slide e17-e16 mh-1h mh-1j\" data-x-slide=\"\"><div class=\"x-bg\" aria-hidden=\"true\"><div class=\"x-bg-layer-lower-image\" style=\" background-image: url(https:\/\/comitati.fisi.org\/veneto\/wp-content\/uploads\/sites\/39\/2026\/04\/giulia-savorgnani-vittoria-coppa-veneto-GS-pordoi-11.04.2026-1.jpeg); background-repeat: no-repeat; background-position: center; background-size: cover;\"><\/div><div class=\"x-bg-layer-upper-color\" style=\" background-color: rgba(255, 255, 255, 0.1);\"><\/div><\/div><div class=\"x-div e17-e17 mh-x mh-y mh-z mh-13 mh-14\"><div class=\"x-text x-text-headline e17-e18 mh-1k mh-1l mh-1m mh-1n mh-1u mh-1w mh-1x mh-1y mh-1z\"><div class=\"x-text-content\"><div class=\"x-text-content-text\"><span class=\"x-text-content-text-primary\">Alpino, le classifiche finali della Coppa Veneto BCC Veneta<\/span><\/div><\/div><\/div><div class=\"x-text x-text-headline e17-e19 mh-1l mh-1m mh-1n mh-1u mh-1x mh-1y mh-20 mh-21 mh-22\"><div class=\"x-text-content\"><div class=\"x-text-content-text\"><span class=\"x-text-content-text-primary\">Nella graduatoria per societ\u00e0 si \u00e8 imposto lo Ski College Veneto Falcade davanti allo Sci Club Cortina e allo Sci Club Drusci\u00e8 Cortina...<\/span><\/div><\/div><\/div><div class=\"x-row e17-e20 mh-7 mh-a mh-b mh-e mh-h\"><div class=\"x-row-inner\"><div class=\"x-col e17-e21 mh-n mh-p mh-q mh-s mh-t mh-u\"><a class=\"x-anchor x-anchor-button e17-e22 mh-2n\" tabindex=\"0\" href=\"https:\/\/comitati.fisi.org\/veneto\/blog\/2026\/04\/21\/alpino-le-classifiche-finali-della-coppa-veneto-bcc-veneta\/\"><div class=\"x-anchor-content\"><div class=\"x-anchor-text\"><span class=\"x-anchor-text-primary\">Leggi di pi\u00f9<\/span><\/div><\/div><\/a><\/div><div class=\"x-col e17-e23 mh-n mh-p mh-q mh-s mh-t mh-v\"><div class=\"x-div e17-e24 mh-x mh-y mh-z mh-10 mh-11 mh-12 mh-15 mh-16 mh-17 mh-18\"><a class=\"x-div e17-e25 mh-x mh-11 mh-12 mh-15 mh-19 mh-1a mh-1b\" href=\"#prev\" data-x-effect-provider=\"colors particles effects\" data-x-slide-prev=\"\"><i class=\"x-icon e17-e26 mh-2o\" aria-hidden=\"true\" data-x-icon-s=\"&#xf104;\"><\/i><\/a><a class=\"x-div e17-e27 mh-x mh-y mh-11 mh-12 mh-15 mh-19 mh-1a mh-1c\" href=\"#next\" data-x-effect-provider=\"colors particles effects\" data-x-slide-next=\"\"><i class=\"x-icon e17-e28 mh-2o\" aria-hidden=\"true\" data-x-icon-s=\"&#xf105;\"><\/i><\/a><\/div><\/div><\/div><\/div><\/div><\/div><div class=\"x-slide e17-e16 mh-1h mh-1j\" data-x-slide=\"\"><div class=\"x-bg\" aria-hidden=\"true\"><div class=\"x-bg-layer-lower-image\" style=\" background-image: url(https:\/\/comitati.fisi.org\/veneto\/wp-content\/uploads\/sites\/39\/2021\/05\/Fausto-Cerentin-ITA-2015-tambre.jpg); background-repeat: no-repeat; background-position: center; background-size: cover;\"><\/div><div class=\"x-bg-layer-upper-color\" style=\" background-color: rgba(255, 255, 255, 0.1);\"><\/div><\/div><div class=\"x-div e17-e17 mh-x mh-y mh-z mh-13 mh-14\"><div class=\"x-text x-text-headline e17-e18 mh-1k mh-1l mh-1m mh-1n mh-1u mh-1w mh-1x mh-1y mh-1z\"><div class=\"x-text-content\"><div class=\"x-text-content-text\"><span class=\"x-text-content-text-primary\">Sci d&#8217;erba, tanto Veneto in azzurro per la stagione 2026<\/span><\/div><\/div><\/div><div class=\"x-text x-text-headline e17-e19 mh-1l mh-1m mh-1n mh-1u mh-1x mh-1y mh-20 mh-21 mh-22\"><div class=\"x-text-content\"><div class=\"x-text-content-text\"><span class=\"x-text-content-text-primary\">Alla guida tecnica conferma per Fausto Cerentin...<\/span><\/div><\/div><\/div><div class=\"x-row e17-e20 mh-7 mh-a mh-b mh-e mh-h\"><div class=\"x-row-inner\"><div class=\"x-col e17-e21 mh-n mh-p mh-q mh-s mh-t mh-u\"><a class=\"x-anchor x-anchor-button e17-e22 mh-2n\" tabindex=\"0\" href=\"https:\/\/comitati.fisi.org\/veneto\/blog\/2026\/04\/21\/sci-derba-tanto-veneto-in-azzurro-per-la-stagione-2026\/\"><div class=\"x-anchor-content\"><div class=\"x-anchor-text\"><span class=\"x-anchor-text-primary\">Leggi di pi\u00f9<\/span><\/div><\/div><\/a><\/div><div class=\"x-col e17-e23 mh-n mh-p mh-q mh-s mh-t mh-v\"><div class=\"x-div e17-e24 mh-x mh-y mh-z mh-10 mh-11 mh-12 mh-15 mh-16 mh-17 mh-18\"><a class=\"x-div e17-e25 mh-x mh-11 mh-12 mh-15 mh-19 mh-1a mh-1b\" href=\"#prev\" data-x-effect-provider=\"colors particles effects\" data-x-slide-prev=\"\"><i class=\"x-icon e17-e26 mh-2o\" aria-hidden=\"true\" data-x-icon-s=\"&#xf104;\"><\/i><\/a><a class=\"x-div e17-e27 mh-x mh-y mh-11 mh-12 mh-15 mh-19 mh-1a mh-1c\" href=\"#next\" data-x-effect-provider=\"colors particles effects\" data-x-slide-next=\"\"><i class=\"x-icon e17-e28 mh-2o\" aria-hidden=\"true\" data-x-icon-s=\"&#xf105;\"><\/i><\/a><\/div><\/div><\/div><\/div><\/div><\/div><div class=\"x-slide e17-e16 mh-1h mh-1j\" data-x-slide=\"\"><div class=\"x-bg\" aria-hidden=\"true\"><div class=\"x-bg-layer-lower-image\" style=\" background-image: url(https:\/\/comitati.fisi.org\/veneto\/wp-content\/uploads\/sites\/39\/2023\/10\/riccardo-masiero-vittoria-azione-bondone-8-ott-2023-coppa-italia.jpg); background-repeat: no-repeat; background-position: center; background-size: cover;\"><\/div><div class=\"x-bg-layer-upper-color\" style=\" background-color: rgba(255, 255, 255, 0.1);\"><\/div><\/div><div class=\"x-div e17-e17 mh-x mh-y mh-z mh-13 mh-14\"><div class=\"x-text x-text-headline e17-e18 mh-1k mh-1l mh-1m mh-1n mh-1u mh-1w mh-1x mh-1y mh-1z\"><div class=\"x-text-content\"><div class=\"x-text-content-text\"><span class=\"x-text-content-text-primary\">Skiroll, sei veneti in azzurro per la stagione 2026<\/span><\/div><\/div><\/div><div class=\"x-text x-text-headline e17-e19 mh-1l mh-1m mh-1n mh-1u mh-1x mh-1y mh-20 mh-21 mh-22\"><div class=\"x-text-content\"><div class=\"x-text-content-text\"><span class=\"x-text-content-text-primary\">Conferma alla direzione tecnica per il vicentino Emanuele Sbabo...<\/span><\/div><\/div><\/div><div class=\"x-row e17-e20 mh-7 mh-a mh-b mh-e mh-h\"><div class=\"x-row-inner\"><div class=\"x-col e17-e21 mh-n mh-p mh-q mh-s mh-t mh-u\"><a class=\"x-anchor x-anchor-button e17-e22 mh-2n\" tabindex=\"0\" href=\"https:\/\/comitati.fisi.org\/veneto\/blog\/2026\/04\/20\/skiroll-sei-veneti-in-azzurro-per-la-stagione-2026\/\"><div class=\"x-anchor-content\"><div class=\"x-anchor-text\"><span class=\"x-anchor-text-primary\">Leggi di pi\u00f9<\/span><\/div><\/div><\/a><\/div><div class=\"x-col e17-e23 mh-n mh-p mh-q mh-s mh-t mh-v\"><div class=\"x-div e17-e24 mh-x mh-y mh-z mh-10 mh-11 mh-12 mh-15 mh-16 mh-17 mh-18\"><a class=\"x-div e17-e25 mh-x mh-11 mh-12 mh-15 mh-19 mh-1a mh-1b\" href=\"#prev\" data-x-effect-provider=\"colors particles effects\" data-x-slide-prev=\"\"><i class=\"x-icon e17-e26 mh-2o\" aria-hidden=\"true\" data-x-icon-s=\"&#xf104;\"><\/i><\/a><a class=\"x-div e17-e27 mh-x mh-y mh-11 mh-12 mh-15 mh-19 mh-1a mh-1c\" href=\"#next\" data-x-effect-provider=\"colors particles effects\" data-x-slide-next=\"\"><i class=\"x-icon e17-e28 mh-2o\" aria-hidden=\"true\" data-x-icon-s=\"&#xf105;\"><\/i><\/a><\/div><\/div><\/div><\/div><\/div><\/div><div class=\"x-slide e17-e16 mh-1h mh-1j\" data-x-slide=\"\"><div class=\"x-bg\" aria-hidden=\"true\"><div class=\"x-bg-layer-lower-image\" style=\" background-image: url(https:\/\/comitati.fisi.org\/veneto\/wp-content\/uploads\/sites\/39\/2026\/04\/mattia-telesforo-pila-aprile-2026.jpeg); background-repeat: no-repeat; background-position: center; background-size: cover;\"><\/div><div class=\"x-bg-layer-upper-color\" style=\" background-color: rgba(255, 255, 255, 0.1);\"><\/div><\/div><div class=\"x-div e17-e17 mh-x mh-y mh-z mh-13 mh-14\"><div class=\"x-text x-text-headline e17-e18 mh-1k mh-1l mh-1m mh-1n mh-1u mh-1w mh-1x mh-1y mh-1z\"><div class=\"x-text-content\"><div class=\"x-text-content-text\"><span class=\"x-text-content-text-primary\">Alpino, vittoria per Mattia Telesforo al Memorial Fosson<\/span><\/div><\/div><\/div><div class=\"x-text x-text-headline e17-e19 mh-1l mh-1m mh-1n mh-1u mh-1x mh-1y mh-20 mh-21 mh-22\"><div class=\"x-text-content\"><div class=\"x-text-content-text\"><span class=\"x-text-content-text-primary\">Dopo due giornate, lo Sci club 18 di Cortina occupa la nona posizione alla sedicesima edizione del Memorial Fosson, il Criterium italiano a squadre di...<\/span><\/div><\/div><\/div><div class=\"x-row e17-e20 mh-7 mh-a mh-b mh-e mh-h\"><div class=\"x-row-inner\"><div class=\"x-col e17-e21 mh-n mh-p mh-q mh-s mh-t mh-u\"><a class=\"x-anchor x-anchor-button e17-e22 mh-2n\" tabindex=\"0\" href=\"https:\/\/comitati.fisi.org\/veneto\/blog\/2026\/04\/19\/alpino-vittoria-per-mattia-telesforo-al-memorial-fosson\/\"><div class=\"x-anchor-content\"><div class=\"x-anchor-text\"><span class=\"x-anchor-text-primary\">Leggi di pi\u00f9<\/span><\/div><\/div><\/a><\/div><div class=\"x-col e17-e23 mh-n mh-p mh-q mh-s mh-t mh-v\"><div class=\"x-div e17-e24 mh-x mh-y mh-z mh-10 mh-11 mh-12 mh-15 mh-16 mh-17 mh-18\"><a class=\"x-div e17-e25 mh-x mh-11 mh-12 mh-15 mh-19 mh-1a mh-1b\" href=\"#prev\" data-x-effect-provider=\"colors particles effects\" data-x-slide-prev=\"\"><i class=\"x-icon e17-e26 mh-2o\" aria-hidden=\"true\" data-x-icon-s=\"&#xf104;\"><\/i><\/a><a class=\"x-div e17-e27 mh-x mh-y mh-11 mh-12 mh-15 mh-19 mh-1a mh-1c\" href=\"#next\" data-x-effect-provider=\"colors particles effects\" data-x-slide-next=\"\"><i class=\"x-icon e17-e28 mh-2o\" aria-hidden=\"true\" data-x-icon-s=\"&#xf105;\"><\/i><\/a><\/div><\/div><\/div><\/div><\/div><\/div><div class=\"x-slide e17-e16 mh-1h mh-1j\" data-x-slide=\"\"><div class=\"x-bg\" aria-hidden=\"true\"><div class=\"x-bg-layer-lower-image\" style=\" background-image: url(https:\/\/comitati.fisi.org\/veneto\/wp-content\/uploads\/sites\/39\/2026\/04\/tommaso-zanardi-secondo-gs-allievi-fosson-pila-18-aprile-2026-Copia.jpeg); background-repeat: no-repeat; background-position: center; background-size: cover;\"><\/div><div class=\"x-bg-layer-upper-color\" style=\" background-color: rgba(255, 255, 255, 0.1);\"><\/div><\/div><div class=\"x-div e17-e17 mh-x mh-y mh-z mh-13 mh-14\"><div class=\"x-text x-text-headline e17-e18 mh-1k mh-1l mh-1m mh-1n mh-1u mh-1w mh-1x mh-1y mh-1z\"><div class=\"x-text-content\"><div class=\"x-text-content-text\"><span class=\"x-text-content-text-primary\">Alpino, Tommaso Zanardi secondo nella prima giornata del Fosson<\/span><\/div><\/div><\/div><div class=\"x-text x-text-headline e17-e19 mh-1l mh-1m mh-1n mh-1u mh-1x mh-1y mh-20 mh-21 mh-22\"><div class=\"x-text-content\"><div class=\"x-text-content-text\"><span class=\"x-text-content-text-primary\">Dopo i Campionati Italiani Children e i tricolori Giovani di discesa, sulle piste di Pila (Valle d\u2019Aosta) \u00e8 la volta del Memorial Fosson, l\u2019ultimo appuntamento...<\/span><\/div><\/div><\/div><div class=\"x-row e17-e20 mh-7 mh-a mh-b mh-e mh-h\"><div class=\"x-row-inner\"><div class=\"x-col e17-e21 mh-n mh-p mh-q mh-s mh-t mh-u\"><a class=\"x-anchor x-anchor-button e17-e22 mh-2n\" tabindex=\"0\" href=\"https:\/\/comitati.fisi.org\/veneto\/blog\/2026\/04\/18\/alpino-tommaso-zanardi-secondo-nella-prima-giornata-del-fosson\/\"><div class=\"x-anchor-content\"><div class=\"x-anchor-text\"><span class=\"x-anchor-text-primary\">Leggi di pi\u00f9<\/span><\/div><\/div><\/a><\/div><div class=\"x-col e17-e23 mh-n mh-p mh-q mh-s mh-t mh-v\"><div class=\"x-div e17-e24 mh-x mh-y mh-z mh-10 mh-11 mh-12 mh-15 mh-16 mh-17 mh-18\"><a class=\"x-div e17-e25 mh-x mh-11 mh-12 mh-15 mh-19 mh-1a mh-1b\" href=\"#prev\" data-x-effect-provider=\"colors particles effects\" data-x-slide-prev=\"\"><i class=\"x-icon e17-e26 mh-2o\" aria-hidden=\"true\" data-x-icon-s=\"&#xf104;\"><\/i><\/a><a class=\"x-div e17-e27 mh-x mh-y mh-11 mh-12 mh-15 mh-19 mh-1a mh-1c\" href=\"#next\" data-x-effect-provider=\"colors particles effects\" data-x-slide-next=\"\"><i class=\"x-icon e17-e28 mh-2o\" aria-hidden=\"true\" data-x-icon-s=\"&#xf105;\"><\/i><\/a><\/div><\/div><\/div><\/div><\/div><\/div><div class=\"x-slide e17-e16 mh-1h mh-1j\" data-x-slide=\"\"><div class=\"x-bg\" aria-hidden=\"true\"><div class=\"x-bg-layer-lower-image\" style=\" background-image: url(https:\/\/comitati.fisi.org\/veneto\/wp-content\/uploads\/sites\/39\/2026\/04\/edoardo-valt-bronzo-camp-ita-Giovani-Dh-pila-16-aprile-2026.jpeg); background-repeat: no-repeat; background-position: center; background-size: cover;\"><\/div><div class=\"x-bg-layer-upper-color\" style=\" background-color: rgba(255, 255, 255, 0.1);\"><\/div><\/div><div class=\"x-div e17-e17 mh-x mh-y mh-z mh-13 mh-14\"><div class=\"x-text x-text-headline e17-e18 mh-1k mh-1l mh-1m mh-1n mh-1u mh-1w mh-1x mh-1y mh-1z\"><div class=\"x-text-content\"><div class=\"x-text-content-text\"><span class=\"x-text-content-text-primary\">Alpino, bronzo per Edoardo Valt nella discesa dei Campionati italiani Giovani<\/span><\/div><\/div><\/div><div class=\"x-text x-text-headline e17-e19 mh-1l mh-1m mh-1n mh-1u mh-1x mh-1y mh-20 mh-21 mh-22\"><div class=\"x-text-content\"><div class=\"x-text-content-text\"><span class=\"x-text-content-text-primary\">Medaglia di bronzo per Edoardo Valt (Ski College Veneto Falcade) oggi nella discesa dei Campionati italiani Giovani di Pila. Nella classifica Aspiranti, 5. posto ex...<\/span><\/div><\/div><\/div><div class=\"x-row e17-e20 mh-7 mh-a mh-b mh-e mh-h\"><div class=\"x-row-inner\"><div class=\"x-col e17-e21 mh-n mh-p mh-q mh-s mh-t mh-u\"><a class=\"x-anchor x-anchor-button e17-e22 mh-2n\" tabindex=\"0\" href=\"https:\/\/comitati.fisi.org\/veneto\/blog\/2026\/04\/16\/alpino-bronzo-per-edoardo-valt-nella-discesa-dei-campionati-italiani-giovani\/\"><div class=\"x-anchor-content\"><div class=\"x-anchor-text\"><span class=\"x-anchor-text-primary\">Leggi di pi\u00f9<\/span><\/div><\/div><\/a><\/div><div class=\"x-col e17-e23 mh-n mh-p mh-q mh-s mh-t mh-v\"><div class=\"x-div e17-e24 mh-x mh-y mh-z mh-10 mh-11 mh-12 mh-15 mh-16 mh-17 mh-18\"><a class=\"x-div e17-e25 mh-x mh-11 mh-12 mh-15 mh-19 mh-1a mh-1b\" href=\"#prev\" data-x-effect-provider=\"colors particles effects\" data-x-slide-prev=\"\"><i class=\"x-icon e17-e26 mh-2o\" aria-hidden=\"true\" data-x-icon-s=\"&#xf104;\"><\/i><\/a><a class=\"x-div e17-e27 mh-x mh-y mh-11 mh-12 mh-15 mh-19 mh-1a mh-1c\" href=\"#next\" data-x-effect-provider=\"colors particles effects\" data-x-slide-next=\"\"><i class=\"x-icon e17-e28 mh-2o\" aria-hidden=\"true\" data-x-icon-s=\"&#xf105;\"><\/i><\/a><\/div><\/div><\/div><\/div><\/div><\/div><div class=\"x-slide e17-e16 mh-1h mh-1j\" data-x-slide=\"\"><div class=\"x-bg\" aria-hidden=\"true\"><div class=\"x-bg-layer-lower-image\" style=\" background-image: url(https:\/\/comitati.fisi.org\/veneto\/wp-content\/uploads\/sites\/39\/2026\/04\/trofeo-parravicini-2026-12-aprile.jpeg); background-repeat: no-repeat; background-position: center; background-size: cover;\"><\/div><div class=\"x-bg-layer-upper-color\" style=\" background-color: rgba(255, 255, 255, 0.1);\"><\/div><\/div><div class=\"x-div e17-e17 mh-x mh-y mh-z mh-13 mh-14\"><div class=\"x-text x-text-headline e17-e18 mh-1k mh-1l mh-1m mh-1n mh-1u mh-1w mh-1x mh-1y mh-1z\"><div class=\"x-text-content\"><div class=\"x-text-content-text\"><span class=\"x-text-content-text-primary\">Scialpinismo, Veneto protagonista al Trofeo Parravicini<\/span><\/div><\/div><\/div><div class=\"x-text x-text-headline e17-e19 mh-1l mh-1m mh-1n mh-1u mh-1x mh-1y mh-20 mh-21 mh-22\"><div class=\"x-text-content\"><div class=\"x-text-content-text\"><span class=\"x-text-content-text-primary\">Scialpinismo: il Comitato Veneto protagonista al Trofeo Parravicini, finale di stagione tricolore Si \u00e8 conclusa sulle nevi di Carona la stagione nazionale dello scialpinismo con...<\/span><\/div><\/div><\/div><div class=\"x-row e17-e20 mh-7 mh-a mh-b mh-e mh-h\"><div class=\"x-row-inner\"><div class=\"x-col e17-e21 mh-n mh-p mh-q mh-s mh-t mh-u\"><a class=\"x-anchor x-anchor-button e17-e22 mh-2n\" tabindex=\"0\" href=\"https:\/\/comitati.fisi.org\/veneto\/blog\/2026\/04\/13\/scialpinismo-veneto-protagonista-al-trofeo-parravicini\/\"><div class=\"x-anchor-content\"><div class=\"x-anchor-text\"><span class=\"x-anchor-text-primary\">Leggi di pi\u00f9<\/span><\/div><\/div><\/a><\/div><div class=\"x-col e17-e23 mh-n mh-p mh-q mh-s mh-t mh-v\"><div class=\"x-div e17-e24 mh-x mh-y mh-z mh-10 mh-11 mh-12 mh-15 mh-16 mh-17 mh-18\"><a class=\"x-div e17-e25 mh-x mh-11 mh-12 mh-15 mh-19 mh-1a mh-1b\" href=\"#prev\" data-x-effect-provider=\"colors particles effects\" data-x-slide-prev=\"\"><i class=\"x-icon e17-e26 mh-2o\" aria-hidden=\"true\" data-x-icon-s=\"&#xf104;\"><\/i><\/a><a class=\"x-div e17-e27 mh-x mh-y mh-11 mh-12 mh-15 mh-19 mh-1a mh-1c\" href=\"#next\" data-x-effect-provider=\"colors particles effects\" data-x-slide-next=\"\"><i class=\"x-icon e17-e28 mh-2o\" aria-hidden=\"true\" data-x-icon-s=\"&#xf105;\"><\/i><\/a><\/div><\/div><\/div><\/div><\/div><\/div><div class=\"x-slide e17-e16 mh-1h mh-1j\" data-x-slide=\"\"><div class=\"x-bg\" aria-hidden=\"true\"><div class=\"x-bg-layer-lower-image\" style=\" background-image: url(https:\/\/comitati.fisi.org\/veneto\/wp-content\/uploads\/sites\/39\/2026\/04\/SLALOM_RAGAZZI_F-campionato-italiano-pila-12.04.2026-scaled.jpg); background-repeat: no-repeat; background-position: center; background-size: cover;\"><\/div><div class=\"x-bg-layer-upper-color\" style=\" background-color: rgba(255, 255, 255, 0.1);\"><\/div><\/div><div class=\"x-div e17-e17 mh-x mh-y mh-z mh-13 mh-14\"><div class=\"x-text x-text-headline e17-e18 mh-1k mh-1l mh-1m mh-1n mh-1u mh-1w mh-1x mh-1y mh-1z\"><div class=\"x-text-content\"><div class=\"x-text-content-text\"><span class=\"x-text-content-text-primary\">Alpino, oro e bronzo ai Tricolori Ragazzi con Dal Farra e Di Gallo<\/span><\/div><\/div><\/div><div class=\"x-text x-text-headline e17-e19 mh-1l mh-1m mh-1n mh-1u mh-1x mh-1y mh-20 mh-21 mh-22\"><div class=\"x-text-content\"><div class=\"x-text-content-text\"><span class=\"x-text-content-text-primary\">5. posto per Tommaso Zanardi (Sc 18) nello skicross Allievi...<\/span><\/div><\/div><\/div><div class=\"x-row e17-e20 mh-7 mh-a mh-b mh-e mh-h\"><div class=\"x-row-inner\"><div class=\"x-col e17-e21 mh-n mh-p mh-q mh-s mh-t mh-u\"><a class=\"x-anchor x-anchor-button e17-e22 mh-2n\" tabindex=\"0\" href=\"https:\/\/comitati.fisi.org\/veneto\/blog\/2026\/04\/12\/alpino-oro-e-bronzo-ai-tricolori-ragazzi-con-dal-farra-e-di-gallo\/\"><div class=\"x-anchor-content\"><div class=\"x-anchor-text\"><span class=\"x-anchor-text-primary\">Leggi di pi\u00f9<\/span><\/div><\/div><\/a><\/div><div class=\"x-col e17-e23 mh-n mh-p mh-q mh-s mh-t mh-v\"><div class=\"x-div e17-e24 mh-x mh-y mh-z mh-10 mh-11 mh-12 mh-15 mh-16 mh-17 mh-18\"><a class=\"x-div e17-e25 mh-x mh-11 mh-12 mh-15 mh-19 mh-1a mh-1b\" href=\"#prev\" data-x-effect-provider=\"colors particles effects\" data-x-slide-prev=\"\"><i class=\"x-icon e17-e26 mh-2o\" aria-hidden=\"true\" data-x-icon-s=\"&#xf104;\"><\/i><\/a><a class=\"x-div e17-e27 mh-x mh-y mh-11 mh-12 mh-15 mh-19 mh-1a mh-1c\" href=\"#next\" data-x-effect-provider=\"colors particles effects\" data-x-slide-next=\"\"><i class=\"x-icon e17-e28 mh-2o\" aria-hidden=\"true\" data-x-icon-s=\"&#xf105;\"><\/i><\/a><\/div><\/div><\/div><\/div><\/div><\/div><div class=\"x-slide e17-e16 mh-1h mh-1j\" data-x-slide=\"\"><div class=\"x-bg\" aria-hidden=\"true\"><div class=\"x-bg-layer-lower-image\" style=\" background-image: url(https:\/\/comitati.fisi.org\/veneto\/wp-content\/uploads\/sites\/39\/2026\/04\/sveva-di-gallo-5.-GS-Ragazzi-camp-ita-pila-11-aprile-2026.jpeg); background-repeat: no-repeat; background-position: center; background-size: cover;\"><\/div><div class=\"x-bg-layer-upper-color\" style=\" background-color: rgba(255, 255, 255, 0.1);\"><\/div><\/div><div class=\"x-div e17-e17 mh-x mh-y mh-z mh-13 mh-14\"><div class=\"x-text x-text-headline e17-e18 mh-1k mh-1l mh-1m mh-1n mh-1u mh-1w mh-1x mh-1y mh-1z\"><div class=\"x-text-content\"><div class=\"x-text-content-text\"><span class=\"x-text-content-text-primary\">Alpino, top five per Sveva Di Gallo nel gigante Tricolore Ragazzi<\/span><\/div><\/div><\/div><div class=\"x-text x-text-headline e17-e19 mh-1l mh-1m mh-1n mh-1u mh-1x mh-1y mh-20 mh-21 mh-22\"><div class=\"x-text-content\"><div class=\"x-text-content-text\"><span class=\"x-text-content-text-primary\">Domani chiusura con lo slalom Ragazzi e lo skicross Allievi...<\/span><\/div><\/div><\/div><div class=\"x-row e17-e20 mh-7 mh-a mh-b mh-e mh-h\"><div class=\"x-row-inner\"><div class=\"x-col e17-e21 mh-n mh-p mh-q mh-s mh-t mh-u\"><a class=\"x-anchor x-anchor-button e17-e22 mh-2n\" tabindex=\"0\" href=\"https:\/\/comitati.fisi.org\/veneto\/blog\/2026\/04\/11\/alpino-top-five-per-sveva-di-gallo-nel-gigante-tricolore-ragazzi\/\"><div class=\"x-anchor-content\"><div class=\"x-anchor-text\"><span class=\"x-anchor-text-primary\">Leggi di pi\u00f9<\/span><\/div><\/div><\/a><\/div><div class=\"x-col e17-e23 mh-n mh-p mh-q mh-s mh-t mh-v\"><div class=\"x-div e17-e24 mh-x mh-y mh-z mh-10 mh-11 mh-12 mh-15 mh-16 mh-17 mh-18\"><a class=\"x-div e17-e25 mh-x mh-11 mh-12 mh-15 mh-19 mh-1a mh-1b\" href=\"#prev\" data-x-effect-provider=\"colors particles effects\" data-x-slide-prev=\"\"><i class=\"x-icon e17-e26 mh-2o\" aria-hidden=\"true\" data-x-icon-s=\"&#xf104;\"><\/i><\/a><a class=\"x-div e17-e27 mh-x mh-y mh-11 mh-12 mh-15 mh-19 mh-1a mh-1c\" href=\"#next\" data-x-effect-provider=\"colors particles effects\" data-x-slide-next=\"\"><i class=\"x-icon e17-e28 mh-2o\" aria-hidden=\"true\" data-x-icon-s=\"&#xf105;\"><\/i><\/a><\/div><\/div><\/div><\/div><\/div><\/div><div class=\"x-slide e17-e16 mh-1h mh-1j\" data-x-slide=\"\"><div class=\"x-bg\" aria-hidden=\"true\"><div class=\"x-bg-layer-lower-image\" style=\" background-image: url(https:\/\/comitati.fisi.org\/veneto\/wp-content\/uploads\/sites\/39\/2026\/04\/giulia-savorgnani-vittoria-coppa-veneto-GS-pordoi-11.04.2026.jpeg); background-repeat: no-repeat; background-position: center; background-size: cover;\"><\/div><div class=\"x-bg-layer-upper-color\" style=\" background-color: rgba(255, 255, 255, 0.1);\"><\/div><\/div><div class=\"x-div e17-e17 mh-x mh-y mh-z mh-13 mh-14\"><div class=\"x-text x-text-headline e17-e18 mh-1k mh-1l mh-1m mh-1n mh-1u mh-1w mh-1x mh-1y mh-1z\"><div class=\"x-text-content\"><div class=\"x-text-content-text\"><span class=\"x-text-content-text-primary\">Alpino, i risultati del gigante che ha chiuso la Coppa Veneto BCC Veneta 2025-2026<\/span><\/div><\/div><\/div><div class=\"x-text x-text-headline e17-e19 mh-1l mh-1m mh-1n mh-1u mh-1x mh-1y mh-20 mh-21 mh-22\"><div class=\"x-text-content\"><div class=\"x-text-content-text\"><span class=\"x-text-content-text-primary\">Organizzazione Sci club Arabba...<\/span><\/div><\/div><\/div><div class=\"x-row e17-e20 mh-7 mh-a mh-b mh-e mh-h\"><div class=\"x-row-inner\"><div class=\"x-col e17-e21 mh-n mh-p mh-q mh-s mh-t mh-u\"><a class=\"x-anchor x-anchor-button e17-e22 mh-2n\" tabindex=\"0\" href=\"https:\/\/comitati.fisi.org\/veneto\/blog\/2026\/04\/11\/alpino-i-risultati-del-gigante-che-ha-chiuso-la-coppa-veneto-bcc-veneta-2025-2026\/\"><div class=\"x-anchor-content\"><div class=\"x-anchor-text\"><span class=\"x-anchor-text-primary\">Leggi di pi\u00f9<\/span><\/div><\/div><\/a><\/div><div class=\"x-col e17-e23 mh-n mh-p mh-q mh-s mh-t mh-v\"><div class=\"x-div e17-e24 mh-x mh-y mh-z mh-10 mh-11 mh-12 mh-15 mh-16 mh-17 mh-18\"><a class=\"x-div e17-e25 mh-x mh-11 mh-12 mh-15 mh-19 mh-1a mh-1b\" href=\"#prev\" data-x-effect-provider=\"colors particles effects\" data-x-slide-prev=\"\"><i class=\"x-icon e17-e26 mh-2o\" aria-hidden=\"true\" data-x-icon-s=\"&#xf104;\"><\/i><\/a><a class=\"x-div e17-e27 mh-x mh-y mh-11 mh-12 mh-15 mh-19 mh-1a mh-1c\" href=\"#next\" data-x-effect-provider=\"colors particles effects\" data-x-slide-next=\"\"><i class=\"x-icon e17-e28 mh-2o\" aria-hidden=\"true\" data-x-icon-s=\"&#xf105;\"><\/i><\/a><\/div><\/div><\/div><\/div><\/div><\/div><div class=\"x-slide e17-e16 mh-1h mh-1j\" data-x-slide=\"\"><div class=\"x-bg\" aria-hidden=\"true\"><div class=\"x-bg-layer-lower-image\" style=\" background-image: url(https:\/\/comitati.fisi.org\/veneto\/wp-content\/uploads\/sites\/39\/2026\/04\/leonardo-dinca-primo-aspirante-GS-coppa-veneto-pordoi-10-aprile-2026-Copia.jpeg); background-repeat: no-repeat; background-position: center; background-size: cover;\"><\/div><div class=\"x-bg-layer-upper-color\" style=\" background-color: rgba(255, 255, 255, 0.1);\"><\/div><\/div><div class=\"x-div e17-e17 mh-x mh-y mh-z mh-13 mh-14\"><div class=\"x-text x-text-headline e17-e18 mh-1k mh-1l mh-1m mh-1n mh-1u mh-1w mh-1x mh-1y mh-1z\"><div class=\"x-text-content\"><div class=\"x-text-content-text\"><span class=\"x-text-content-text-primary\">Alpino, i risultati del gigante di Coppa Veneto del Pordoi<\/span><\/div><\/div><\/div><div class=\"x-text x-text-headline e17-e19 mh-1l mh-1m mh-1n mh-1u mh-1x mh-1y mh-20 mh-21 mh-22\"><div class=\"x-text-content\"><div class=\"x-text-content-text\"><span class=\"x-text-content-text-primary\">Organizzazione Sci club Arabba...<\/span><\/div><\/div><\/div><div class=\"x-row e17-e20 mh-7 mh-a mh-b mh-e mh-h\"><div class=\"x-row-inner\"><div class=\"x-col e17-e21 mh-n mh-p mh-q mh-s mh-t mh-u\"><a class=\"x-anchor x-anchor-button e17-e22 mh-2n\" tabindex=\"0\" href=\"https:\/\/comitati.fisi.org\/veneto\/blog\/2026\/04\/10\/alpino-i-risultati-del-gigante-di-coppa-veneto-del-pordoi\/\"><div class=\"x-anchor-content\"><div class=\"x-anchor-text\"><span class=\"x-anchor-text-primary\">Leggi di pi\u00f9<\/span><\/div><\/div><\/a><\/div><div class=\"x-col e17-e23 mh-n mh-p mh-q mh-s mh-t mh-v\"><div class=\"x-div e17-e24 mh-x mh-y mh-z mh-10 mh-11 mh-12 mh-15 mh-16 mh-17 mh-18\"><a class=\"x-div e17-e25 mh-x mh-11 mh-12 mh-15 mh-19 mh-1a mh-1b\" href=\"#prev\" data-x-effect-provider=\"colors particles effects\" data-x-slide-prev=\"\"><i class=\"x-icon e17-e26 mh-2o\" aria-hidden=\"true\" data-x-icon-s=\"&#xf104;\"><\/i><\/a><a class=\"x-div e17-e27 mh-x mh-y mh-11 mh-12 mh-15 mh-19 mh-1a mh-1c\" href=\"#next\" data-x-effect-provider=\"colors particles effects\" data-x-slide-next=\"\"><i class=\"x-icon e17-e28 mh-2o\" aria-hidden=\"true\" data-x-icon-s=\"&#xf105;\"><\/i><\/a><\/div><\/div><\/div><\/div><\/div><\/div><div class=\"x-slide e17-e16 mh-1h mh-1j\" data-x-slide=\"\"><div class=\"x-bg\" aria-hidden=\"true\"><div class=\"x-bg-layer-lower-image\" style=\" background-image: url(https:\/\/comitati.fisi.org\/veneto\/wp-content\/uploads\/sites\/39\/2026\/04\/michelle-dal-farra-vittoria-camp-ita-ragazzi-skicross-pila-10-aprile-2026.jpeg); background-repeat: no-repeat; background-position: center; background-size: cover;\"><\/div><div class=\"x-bg-layer-upper-color\" style=\" background-color: rgba(255, 255, 255, 0.1);\"><\/div><\/div><div class=\"x-div e17-e17 mh-x mh-y mh-z mh-13 mh-14\"><div class=\"x-text x-text-headline e17-e18 mh-1k mh-1l mh-1m mh-1n mh-1u mh-1w mh-1x mh-1y mh-1z\"><div class=\"x-text-content\"><div class=\"x-text-content-text\"><span class=\"x-text-content-text-primary\">Skicross, Michelle Dal Farra campionessa italiana Ragazze!<\/span><\/div><\/div><\/div><div class=\"x-text x-text-headline e17-e19 mh-1l mh-1m mh-1n mh-1u mh-1x mh-1y mh-20 mh-21 mh-22\"><div class=\"x-text-content\"><div class=\"x-text-content-text\"><span class=\"x-text-content-text-primary\">Argento per Thomas Pastro del Nhoa Game Academy...<\/span><\/div><\/div><\/div><div class=\"x-row e17-e20 mh-7 mh-a mh-b mh-e mh-h\"><div class=\"x-row-inner\"><div class=\"x-col e17-e21 mh-n mh-p mh-q mh-s mh-t mh-u\"><a class=\"x-anchor x-anchor-button e17-e22 mh-2n\" tabindex=\"0\" href=\"https:\/\/comitati.fisi.org\/veneto\/blog\/2026\/04\/10\/skicross-michelle-dal-farra-campionessa-italiana-ragazze\/\"><div class=\"x-anchor-content\"><div class=\"x-anchor-text\"><span class=\"x-anchor-text-primary\">Leggi di pi\u00f9<\/span><\/div><\/div><\/a><\/div><div class=\"x-col e17-e23 mh-n mh-p mh-q mh-s mh-t mh-v\"><div class=\"x-div e17-e24 mh-x mh-y mh-z mh-10 mh-11 mh-12 mh-15 mh-16 mh-17 mh-18\"><a class=\"x-div e17-e25 mh-x mh-11 mh-12 mh-15 mh-19 mh-1a mh-1b\" href=\"#prev\" data-x-effect-provider=\"colors particles effects\" data-x-slide-prev=\"\"><i class=\"x-icon e17-e26 mh-2o\" aria-hidden=\"true\" data-x-icon-s=\"&#xf104;\"><\/i><\/a><a class=\"x-div e17-e27 mh-x mh-y mh-11 mh-12 mh-15 mh-19 mh-1a mh-1c\" href=\"#next\" data-x-effect-provider=\"colors particles effects\" data-x-slide-next=\"\"><i class=\"x-icon e17-e28 mh-2o\" aria-hidden=\"true\" data-x-icon-s=\"&#xf105;\"><\/i><\/a><\/div><\/div><\/div><\/div><\/div><\/div><div class=\"x-slide e17-e16 mh-1h mh-1j\" data-x-slide=\"\"><div class=\"x-bg\" aria-hidden=\"true\"><div class=\"x-bg-layer-lower-image\" style=\" background-image: url(https:\/\/comitati.fisi.org\/veneto\/wp-content\/uploads\/sites\/39\/2026\/03\/giovanni-stefani-e-agnese-pais-bianco-vittoriosi-coppa-veneto-GS-alpe-lusia-22-marzo-2026-Copia.jpeg); background-repeat: no-repeat; background-position: center; background-size: cover;\"><\/div><div class=\"x-bg-layer-upper-color\" style=\" background-color: rgba(255, 255, 255, 0.1);\"><\/div><\/div><div class=\"x-div e17-e17 mh-x mh-y mh-z mh-13 mh-14\"><div class=\"x-text x-text-headline e17-e18 mh-1k mh-1l mh-1m mh-1n mh-1u mh-1w mh-1x mh-1y mh-1z\"><div class=\"x-text-content\"><div class=\"x-text-content-text\"><span class=\"x-text-content-text-primary\">Alpino, l&#8217;ordine di partenza del gigante di Coppa Veneto BCC Veneta del Pordoi<\/span><\/div><\/div><\/div><div class=\"x-text x-text-headline e17-e19 mh-1l mh-1m mh-1n mh-1u mh-1x mh-1y mh-20 mh-21 mh-22\"><div class=\"x-text-content\"><div class=\"x-text-content-text\"><span class=\"x-text-content-text-primary\">Penultima gara del circuito domani a cura dello Sci club Arabba....<\/span><\/div><\/div><\/div><div class=\"x-row e17-e20 mh-7 mh-a mh-b mh-e mh-h\"><div class=\"x-row-inner\"><div class=\"x-col e17-e21 mh-n mh-p mh-q mh-s mh-t mh-u\"><a class=\"x-anchor x-anchor-button e17-e22 mh-2n\" tabindex=\"0\" href=\"https:\/\/comitati.fisi.org\/veneto\/blog\/2026\/04\/09\/alpino-lordine-di-partenza-del-gigante-di-coppa-veneto-bcc-veneta-del-pordoi\/\"><div class=\"x-anchor-content\"><div class=\"x-anchor-text\"><span class=\"x-anchor-text-primary\">Leggi di pi\u00f9<\/span><\/div><\/div><\/a><\/div><div class=\"x-col e17-e23 mh-n mh-p mh-q mh-s mh-t mh-v\"><div class=\"x-div e17-e24 mh-x mh-y mh-z mh-10 mh-11 mh-12 mh-15 mh-16 mh-17 mh-18\"><a class=\"x-div e17-e25 mh-x mh-11 mh-12 mh-15 mh-19 mh-1a mh-1b\" href=\"#prev\" data-x-effect-provider=\"colors particles effects\" data-x-slide-prev=\"\"><i class=\"x-icon e17-e26 mh-2o\" aria-hidden=\"true\" data-x-icon-s=\"&#xf104;\"><\/i><\/a><a class=\"x-div e17-e27 mh-x mh-y mh-11 mh-12 mh-15 mh-19 mh-1a mh-1c\" href=\"#next\" data-x-effect-provider=\"colors particles effects\" data-x-slide-next=\"\"><i class=\"x-icon e17-e28 mh-2o\" aria-hidden=\"true\" data-x-icon-s=\"&#xf105;\"><\/i><\/a><\/div><\/div><\/div><\/div><\/div><\/div><div class=\"x-slide e17-e16 mh-1h mh-1j\" data-x-slide=\"\"><div class=\"x-bg\" aria-hidden=\"true\"><div class=\"x-bg-layer-lower-image\" style=\" background-image: url(https:\/\/comitati.fisi.org\/veneto\/wp-content\/uploads\/sites\/39\/2026\/04\/mattia-telesforo-camp-ita-SG-Ragazzi-pila-9-aprile-2026.jpeg); background-repeat: no-repeat; background-position: center; background-size: cover;\"><\/div><div class=\"x-bg-layer-upper-color\" style=\" background-color: rgba(255, 255, 255, 0.1);\"><\/div><\/div><div class=\"x-div e17-e17 mh-x mh-y mh-z mh-13 mh-14\"><div class=\"x-text x-text-headline e17-e18 mh-1k mh-1l mh-1m mh-1n mh-1u mh-1w mh-1x mh-1y mh-1z\"><div class=\"x-text-content\"><div class=\"x-text-content-text\"><span class=\"x-text-content-text-primary\">Alpino, Mattia Telesforo campione italiano Ragazzi di superG<\/span><\/div><\/div><\/div><div class=\"x-text x-text-headline e17-e19 mh-1l mh-1m mh-1n mh-1u mh-1x mh-1y mh-20 mh-21 mh-22\"><div class=\"x-text-content\"><div class=\"x-text-content-text\"><span class=\"x-text-content-text-primary\">Seconda giornata di gare a Pila, per i Campionati Italiani Children di sci alpino. E seconda giornata di grande caldo nella localit\u00e0 valdostana, dove comunque...<\/span><\/div><\/div><\/div><div class=\"x-row e17-e20 mh-7 mh-a mh-b mh-e mh-h\"><div class=\"x-row-inner\"><div class=\"x-col e17-e21 mh-n mh-p mh-q mh-s mh-t mh-u\"><a class=\"x-anchor x-anchor-button e17-e22 mh-2n\" tabindex=\"0\" href=\"https:\/\/comitati.fisi.org\/veneto\/blog\/2026\/04\/09\/alpino-mattia-telesforo-campione-italiano-ragazzi-di-superg\/\"><div class=\"x-anchor-content\"><div class=\"x-anchor-text\"><span class=\"x-anchor-text-primary\">Leggi di pi\u00f9<\/span><\/div><\/div><\/a><\/div><div class=\"x-col e17-e23 mh-n mh-p mh-q mh-s mh-t mh-v\"><div class=\"x-div e17-e24 mh-x mh-y mh-z mh-10 mh-11 mh-12 mh-15 mh-16 mh-17 mh-18\"><a class=\"x-div e17-e25 mh-x mh-11 mh-12 mh-15 mh-19 mh-1a mh-1b\" href=\"#prev\" data-x-effect-provider=\"colors particles effects\" data-x-slide-prev=\"\"><i class=\"x-icon e17-e26 mh-2o\" aria-hidden=\"true\" data-x-icon-s=\"&#xf104;\"><\/i><\/a><a class=\"x-div e17-e27 mh-x mh-y mh-11 mh-12 mh-15 mh-19 mh-1a mh-1c\" href=\"#next\" data-x-effect-provider=\"colors particles effects\" data-x-slide-next=\"\"><i class=\"x-icon e17-e28 mh-2o\" aria-hidden=\"true\" data-x-icon-s=\"&#xf105;\"><\/i><\/a><\/div><\/div><\/div><\/div><\/div><\/div><div class=\"x-slide e17-e16 mh-1h mh-1j\" data-x-slide=\"\"><div class=\"x-bg\" aria-hidden=\"true\"><div class=\"x-bg-layer-lower-image\" style=\" background-image: url(https:\/\/comitati.fisi.org\/veneto\/wp-content\/uploads\/sites\/39\/2026\/04\/piero-molin-secondo-posto-Aspiranti-Pejo-SG-gpI-7-aprile-2026-Copia.jpeg); background-repeat: no-repeat; background-position: center; background-size: cover;\"><\/div><div class=\"x-bg-layer-upper-color\" style=\" background-color: rgba(255, 255, 255, 0.1);\"><\/div><\/div><div class=\"x-div e17-e17 mh-x mh-y mh-z mh-13 mh-14\"><div class=\"x-text x-text-headline e17-e18 mh-1k mh-1l mh-1m mh-1n mh-1u mh-1w mh-1x mh-1y mh-1z\"><div class=\"x-text-content\"><div class=\"x-text-content-text\"><span class=\"x-text-content-text-primary\">Alpino, per Piero Molin un altro podio al Gran premio Italia Dicoflor<\/span><\/div><\/div><\/div><div class=\"x-text x-text-headline e17-e19 mh-1l mh-1m mh-1n mh-1u mh-1x mh-1y mh-20 mh-21 mh-22\"><div class=\"x-text-content\"><div class=\"x-text-content-text\"><span class=\"x-text-content-text-primary\">Piero Molin ancora sul podio al Gran premio Italia Dicoflor: oggi a Pejo (Trento), il portacolori dello Sci club Cortina ha conquistato il secondo posto...<\/span><\/div><\/div><\/div><div class=\"x-row e17-e20 mh-7 mh-a mh-b mh-e mh-h\"><div class=\"x-row-inner\"><div class=\"x-col e17-e21 mh-n mh-p mh-q mh-s mh-t mh-u\"><a class=\"x-anchor x-anchor-button e17-e22 mh-2n\" tabindex=\"0\" href=\"https:\/\/comitati.fisi.org\/veneto\/blog\/2026\/04\/07\/alpino-per-piero-molin-un-altro-podio-al-gran-premio-italia-dicoflor\/\"><div class=\"x-anchor-content\"><div class=\"x-anchor-text\"><span class=\"x-anchor-text-primary\">Leggi di pi\u00f9<\/span><\/div><\/div><\/a><\/div><div class=\"x-col e17-e23 mh-n mh-p mh-q mh-s mh-t mh-v\"><div class=\"x-div e17-e24 mh-x mh-y mh-z mh-10 mh-11 mh-12 mh-15 mh-16 mh-17 mh-18\"><a class=\"x-div e17-e25 mh-x mh-11 mh-12 mh-15 mh-19 mh-1a mh-1b\" href=\"#prev\" data-x-effect-provider=\"colors particles effects\" data-x-slide-prev=\"\"><i class=\"x-icon e17-e26 mh-2o\" aria-hidden=\"true\" data-x-icon-s=\"&#xf104;\"><\/i><\/a><a class=\"x-div e17-e27 mh-x mh-y mh-11 mh-12 mh-15 mh-19 mh-1a mh-1c\" href=\"#next\" data-x-effect-provider=\"colors particles effects\" data-x-slide-next=\"\"><i class=\"x-icon e17-e28 mh-2o\" aria-hidden=\"true\" data-x-icon-s=\"&#xf105;\"><\/i><\/a><\/div><\/div><\/div><\/div><\/div><\/div><div class=\"x-slide e17-e16 mh-1h mh-1j\" data-x-slide=\"\"><div class=\"x-bg\" aria-hidden=\"true\"><div class=\"x-bg-layer-lower-image\" style=\" background-image: url(https:\/\/comitati.fisi.org\/veneto\/wp-content\/uploads\/sites\/39\/2024\/04\/MIxed_Maurizio-Torri-EB4A9623-Michele-Boscacci-e-Alba-De-Silvestro-10-aprile-2024.jpg); background-repeat: no-repeat; background-position: center; background-size: cover;\"><\/div><div class=\"x-bg-layer-upper-color\" style=\" background-color: rgba(255, 255, 255, 0.1);\"><\/div><\/div><div class=\"x-div e17-e17 mh-x mh-y mh-z mh-13 mh-14\"><div class=\"x-text x-text-headline e17-e18 mh-1k mh-1l mh-1m mh-1n mh-1u mh-1w mh-1x mh-1y mh-1z\"><div class=\"x-text-content\"><div class=\"x-text-content-text\"><span class=\"x-text-content-text-primary\">Scialpinismo, De Silvestro vince anche la classifica finale della Mixed Relay<\/span><\/div><\/div><\/div><div class=\"x-text x-text-headline e17-e19 mh-1l mh-1m mh-1n mh-1u mh-1x mh-1y mh-20 mh-21 mh-22\"><div class=\"x-text-content\"><div class=\"x-text-content-text\"><span class=\"x-text-content-text-primary\">La Coppa del mondo 2025-2026 si \u00e8 conclusa a Villars sur Ollon, in Svizzera...<\/span><\/div><\/div><\/div><div class=\"x-row e17-e20 mh-7 mh-a mh-b mh-e mh-h\"><div class=\"x-row-inner\"><div class=\"x-col e17-e21 mh-n mh-p mh-q mh-s mh-t mh-u\"><a class=\"x-anchor x-anchor-button e17-e22 mh-2n\" tabindex=\"0\" href=\"https:\/\/comitati.fisi.org\/veneto\/blog\/2026\/04\/07\/scialpinismo-de-silvestro-vince-anche-la-classifica-finale-della-mixed-relay\/\"><div class=\"x-anchor-content\"><div class=\"x-anchor-text\"><span class=\"x-anchor-text-primary\">Leggi di pi\u00f9<\/span><\/div><\/div><\/a><\/div><div class=\"x-col e17-e23 mh-n mh-p mh-q mh-s mh-t mh-v\"><div class=\"x-div e17-e24 mh-x mh-y mh-z mh-10 mh-11 mh-12 mh-15 mh-16 mh-17 mh-18\"><a class=\"x-div e17-e25 mh-x mh-11 mh-12 mh-15 mh-19 mh-1a mh-1b\" href=\"#prev\" data-x-effect-provider=\"colors particles effects\" data-x-slide-prev=\"\"><i class=\"x-icon e17-e26 mh-2o\" aria-hidden=\"true\" data-x-icon-s=\"&#xf104;\"><\/i><\/a><a class=\"x-div e17-e27 mh-x mh-y mh-11 mh-12 mh-15 mh-19 mh-1a mh-1c\" href=\"#next\" data-x-effect-provider=\"colors particles effects\" data-x-slide-next=\"\"><i class=\"x-icon e17-e28 mh-2o\" aria-hidden=\"true\" data-x-icon-s=\"&#xf105;\"><\/i><\/a><\/div><\/div><\/div><\/div><\/div><\/div><div class=\"x-slide e17-e16 mh-1h mh-1j\" data-x-slide=\"\"><div class=\"x-bg\" aria-hidden=\"true\"><div class=\"x-bg-layer-lower-image\" style=\" background-image: url(https:\/\/comitati.fisi.org\/veneto\/wp-content\/uploads\/sites\/39\/2025\/03\/alba-de-silvestro-medaglia-argento-gara-squadre-mondiali-08.03.2025-morgins.jpeg); background-repeat: no-repeat; background-position: center; background-size: cover;\"><\/div><div class=\"x-bg-layer-upper-color\" style=\" background-color: rgba(255, 255, 255, 0.1);\"><\/div><\/div><div class=\"x-div e17-e17 mh-x mh-y mh-z mh-13 mh-14\"><div class=\"x-text x-text-headline e17-e18 mh-1k mh-1l mh-1m mh-1n mh-1u mh-1w mh-1x mh-1y mh-1z\"><div class=\"x-text-content\"><div class=\"x-text-content-text\"><span class=\"x-text-content-text-primary\">Scialpinismo, Alba De Silvestro chiude la Coppa 2025-2026 al quarto posto<\/span><\/div><\/div><\/div><div class=\"x-text x-text-headline e17-e19 mh-1l mh-1m mh-1n mh-1u mh-1x mh-1y mh-20 mh-21 mh-22\"><div class=\"x-text-content\"><div class=\"x-text-content-text\"><span class=\"x-text-content-text-primary\">Domani la chiusura del circuito con la Mixed Relay...<\/span><\/div><\/div><\/div><div class=\"x-row e17-e20 mh-7 mh-a mh-b mh-e mh-h\"><div class=\"x-row-inner\"><div class=\"x-col e17-e21 mh-n mh-p mh-q mh-s mh-t mh-u\"><a class=\"x-anchor x-anchor-button e17-e22 mh-2n\" tabindex=\"0\" href=\"https:\/\/comitati.fisi.org\/veneto\/blog\/2026\/04\/04\/scialpinismo-alba-de-silvestro-chiude-la-coppa-2025-2026-al-quarto-posto\/\"><div class=\"x-anchor-content\"><div class=\"x-anchor-text\"><span class=\"x-anchor-text-primary\">Leggi di pi\u00f9<\/span><\/div><\/div><\/a><\/div><div class=\"x-col e17-e23 mh-n mh-p mh-q mh-s mh-t mh-v\"><div class=\"x-div e17-e24 mh-x mh-y mh-z mh-10 mh-11 mh-12 mh-15 mh-16 mh-17 mh-18\"><a class=\"x-div e17-e25 mh-x mh-11 mh-12 mh-15 mh-19 mh-1a mh-1b\" href=\"#prev\" data-x-effect-provider=\"colors particles effects\" data-x-slide-prev=\"\"><i class=\"x-icon e17-e26 mh-2o\" aria-hidden=\"true\" data-x-icon-s=\"&#xf104;\"><\/i><\/a><a class=\"x-div e17-e27 mh-x mh-y mh-11 mh-12 mh-15 mh-19 mh-1a mh-1c\" href=\"#next\" data-x-effect-provider=\"colors particles effects\" data-x-slide-next=\"\"><i class=\"x-icon e17-e28 mh-2o\" aria-hidden=\"true\" data-x-icon-s=\"&#xf105;\"><\/i><\/a><\/div><\/div><\/div><\/div><\/div><\/div><div class=\"x-slide e17-e16 mh-1h mh-1j\" data-x-slide=\"\"><div class=\"x-bg\" aria-hidden=\"true\"><div class=\"x-bg-layer-lower-image\" style=\" background-image: url(https:\/\/comitati.fisi.org\/veneto\/wp-content\/uploads\/sites\/39\/2024\/02\/stefano-pizzato-2023-2024-rossignol.jpeg); background-repeat: no-repeat; background-position: center; background-size: cover;\"><\/div><div class=\"x-bg-layer-upper-color\" style=\" background-color: rgba(255, 255, 255, 0.1);\"><\/div><\/div><div class=\"x-div e17-e17 mh-x mh-y mh-z mh-13 mh-14\"><div class=\"x-text x-text-headline e17-e18 mh-1k mh-1l mh-1m mh-1n mh-1u mh-1w mh-1x mh-1y mh-1z\"><div class=\"x-text-content\"><div class=\"x-text-content-text\"><span class=\"x-text-content-text-primary\">Alpino, Stefano Pizzato argento ai Tricolori di slalom<\/span><\/div><\/div><\/div><div class=\"x-text x-text-headline e17-e19 mh-1l mh-1m mh-1n mh-1u mh-1x mh-1y mh-20 mh-21 mh-22\"><div class=\"x-text-content\"><div class=\"x-text-content-text\"><span class=\"x-text-content-text-primary\">Argento tricolore per Stefano Pizzato. Il padovano delle Fiamme Oro oggi al Sestriere ha conquistato il secondo in slalom ai campionati italiani assoluti, chiudendo al...<\/span><\/div><\/div><\/div><div class=\"x-row e17-e20 mh-7 mh-a mh-b mh-e mh-h\"><div class=\"x-row-inner\"><div class=\"x-col e17-e21 mh-n mh-p mh-q mh-s mh-t mh-u\"><a class=\"x-anchor x-anchor-button e17-e22 mh-2n\" tabindex=\"0\" href=\"https:\/\/comitati.fisi.org\/veneto\/blog\/2026\/04\/03\/alpino-stefano-pizzato-argento-ai-tricolori-di-slalom\/\"><div class=\"x-anchor-content\"><div class=\"x-anchor-text\"><span class=\"x-anchor-text-primary\">Leggi di pi\u00f9<\/span><\/div><\/div><\/a><\/div><div class=\"x-col e17-e23 mh-n mh-p mh-q mh-s mh-t mh-v\"><div class=\"x-div e17-e24 mh-x mh-y mh-z mh-10 mh-11 mh-12 mh-15 mh-16 mh-17 mh-18\"><a class=\"x-div e17-e25 mh-x mh-11 mh-12 mh-15 mh-19 mh-1a mh-1b\" href=\"#prev\" data-x-effect-provider=\"colors particles effects\" data-x-slide-prev=\"\"><i class=\"x-icon e17-e26 mh-2o\" aria-hidden=\"true\" data-x-icon-s=\"&#xf104;\"><\/i><\/a><a class=\"x-div e17-e27 mh-x mh-y mh-11 mh-12 mh-15 mh-19 mh-1a mh-1c\" href=\"#next\" data-x-effect-provider=\"colors particles effects\" data-x-slide-next=\"\"><i class=\"x-icon e17-e28 mh-2o\" aria-hidden=\"true\" data-x-icon-s=\"&#xf105;\"><\/i><\/a><\/div><\/div><\/div><\/div><\/div><\/div><div class=\"x-slide e17-e16 mh-1h mh-1j\" data-x-slide=\"\"><div class=\"x-bg\" aria-hidden=\"true\"><div class=\"x-bg-layer-lower-image\" style=\" background-image: url(https:\/\/comitati.fisi.org\/veneto\/wp-content\/uploads\/sites\/39\/2026\/04\/mayra-zanvettor-skicross-camp-ita-bronzo-assoluto-san-pellegrino-2-aprile-2026.jpeg); background-repeat: no-repeat; background-position: center; background-size: cover;\"><\/div><div class=\"x-bg-layer-upper-color\" style=\" background-color: rgba(255, 255, 255, 0.1);\"><\/div><\/div><div class=\"x-div e17-e17 mh-x mh-y mh-z mh-13 mh-14\"><div class=\"x-text x-text-headline e17-e18 mh-1k mh-1l mh-1m mh-1n mh-1u mh-1w mh-1x mh-1y mh-1z\"><div class=\"x-text-content\"><div class=\"x-text-content-text\"><span class=\"x-text-content-text-primary\">Skicross, applausi tricolori per Zanvettor, Passuello e Zuech<\/span><\/div><\/div><\/div><div class=\"x-text x-text-headline e17-e19 mh-1l mh-1m mh-1n mh-1u mh-1x mh-1y mh-20 mh-21 mh-22\"><div class=\"x-text-content\"><div class=\"x-text-content-text\"><span class=\"x-text-content-text-primary\">Dominik Zuech (Sc Drusci\u00e8) ed Andrea Chesi (SCMDC) sono i nuovi campioni italiani di SkiCross: l\u2019altoatesino e la trentina si sono imposti nella sfida tricolore...<\/span><\/div><\/div><\/div><div class=\"x-row e17-e20 mh-7 mh-a mh-b mh-e mh-h\"><div class=\"x-row-inner\"><div class=\"x-col e17-e21 mh-n mh-p mh-q mh-s mh-t mh-u\"><a class=\"x-anchor x-anchor-button e17-e22 mh-2n\" tabindex=\"0\" href=\"https:\/\/comitati.fisi.org\/veneto\/blog\/2026\/04\/03\/skicross-applausi-tricolori-per-zanvettor-passuello-e-zuech\/\"><div class=\"x-anchor-content\"><div class=\"x-anchor-text\"><span class=\"x-anchor-text-primary\">Leggi di pi\u00f9<\/span><\/div><\/div><\/a><\/div><div class=\"x-col e17-e23 mh-n mh-p mh-q mh-s mh-t mh-v\"><div class=\"x-div e17-e24 mh-x mh-y mh-z mh-10 mh-11 mh-12 mh-15 mh-16 mh-17 mh-18\"><a class=\"x-div e17-e25 mh-x mh-11 mh-12 mh-15 mh-19 mh-1a mh-1b\" href=\"#prev\" data-x-effect-provider=\"colors particles effects\" data-x-slide-prev=\"\"><i class=\"x-icon e17-e26 mh-2o\" aria-hidden=\"true\" data-x-icon-s=\"&#xf104;\"><\/i><\/a><a class=\"x-div e17-e27 mh-x mh-y mh-11 mh-12 mh-15 mh-19 mh-1a mh-1c\" href=\"#next\" data-x-effect-provider=\"colors particles effects\" data-x-slide-next=\"\"><i class=\"x-icon e17-e28 mh-2o\" aria-hidden=\"true\" data-x-icon-s=\"&#xf105;\"><\/i><\/a><\/div><\/div><\/div><\/div><\/div><\/div><div class=\"x-slide e17-e16 mh-1h mh-1j\" data-x-slide=\"\"><div class=\"x-bg\" aria-hidden=\"true\"><div class=\"x-bg-layer-lower-image\" style=\" background-image: url(https:\/\/comitati.fisi.org\/veneto\/wp-content\/uploads\/sites\/39\/2026\/04\/societa-finale-lattebusche-02.04.2026-san-pellegrino-1-cortina-2.-druscie-3.-us-asiago-sci.jpeg); background-repeat: no-repeat; background-position: center; background-size: cover;\"><\/div><div class=\"x-bg-layer-upper-color\" style=\" background-color: rgba(255, 255, 255, 0.1);\"><\/div><\/div><div class=\"x-div e17-e17 mh-x mh-y mh-z mh-13 mh-14\"><div class=\"x-text x-text-headline e17-e18 mh-1k mh-1l mh-1m mh-1n mh-1u mh-1w mh-1x mh-1y mh-1z\"><div class=\"x-text-content\"><div class=\"x-text-content-text\"><span class=\"x-text-content-text-primary\">Alpino, alla finale del Grand Prix Lattebusche vittoria per lo Sci club Cortina davanti a Sci club Drusci\u00e9 e Us Asiago Sci<\/span><\/div><\/div><\/div><div class=\"x-text x-text-headline e17-e19 mh-1l mh-1m mh-1n mh-1u mh-1x mh-1y mh-20 mh-21 mh-22\"><div class=\"x-text-content\"><div class=\"x-text-content-text\"><span class=\"x-text-content-text-primary\">Organizzazione Uoei Treviso e Sci club Treviso...<\/span><\/div><\/div><\/div><div class=\"x-row e17-e20 mh-7 mh-a mh-b mh-e mh-h\"><div class=\"x-row-inner\"><div class=\"x-col e17-e21 mh-n mh-p mh-q mh-s mh-t mh-u\"><a class=\"x-anchor x-anchor-button e17-e22 mh-2n\" tabindex=\"0\" href=\"https:\/\/comitati.fisi.org\/veneto\/blog\/2026\/04\/02\/alpino-alla-finale-del-grand-prix-lattebusche-vittoria-per-lo-sci-club-cortina-davanti-a-sci-club-druscie-e-us-asiago-sci\/\"><div class=\"x-anchor-content\"><div class=\"x-anchor-text\"><span class=\"x-anchor-text-primary\">Leggi di pi\u00f9<\/span><\/div><\/div><\/a><\/div><div class=\"x-col e17-e23 mh-n mh-p mh-q mh-s mh-t mh-v\"><div class=\"x-div e17-e24 mh-x mh-y mh-z mh-10 mh-11 mh-12 mh-15 mh-16 mh-17 mh-18\"><a class=\"x-div e17-e25 mh-x mh-11 mh-12 mh-15 mh-19 mh-1a mh-1b\" href=\"#prev\" data-x-effect-provider=\"colors particles effects\" data-x-slide-prev=\"\"><i class=\"x-icon e17-e26 mh-2o\" aria-hidden=\"true\" data-x-icon-s=\"&#xf104;\"><\/i><\/a><a class=\"x-div e17-e27 mh-x mh-y mh-11 mh-12 mh-15 mh-19 mh-1a mh-1c\" href=\"#next\" data-x-effect-provider=\"colors particles effects\" data-x-slide-next=\"\"><i class=\"x-icon e17-e28 mh-2o\" aria-hidden=\"true\" data-x-icon-s=\"&#xf105;\"><\/i><\/a><\/div><\/div><\/div><\/div><\/div><\/div><div class=\"x-slide e17-e16 mh-1h mh-1j\" data-x-slide=\"\"><div class=\"x-bg\" aria-hidden=\"true\"><div class=\"x-bg-layer-lower-image\" style=\" background-image: url(https:\/\/comitati.fisi.org\/veneto\/wp-content\/uploads\/sites\/39\/2026\/04\/FrancoBaldo_KristianGhedina-Copia.png); background-repeat: no-repeat; background-position: center; background-size: cover;\"><\/div><div class=\"x-bg-layer-upper-color\" style=\" background-color: rgba(255, 255, 255, 0.1);\"><\/div><\/div><div class=\"x-div e17-e17 mh-x mh-y mh-z mh-13 mh-14\"><div class=\"x-text x-text-headline e17-e18 mh-1k mh-1l mh-1m mh-1n mh-1u mh-1w mh-1x mh-1y mh-1z\"><div class=\"x-text-content\"><div class=\"x-text-content-text\"><span class=\"x-text-content-text-primary\">Lo sci veneto piange la morte del generale Franco Baldo<\/span><\/div><\/div><\/div><div class=\"x-text x-text-headline e17-e19 mh-1l mh-1m mh-1n mh-1u mh-1x mh-1y mh-20 mh-21 mh-22\"><div class=\"x-text-content\"><div class=\"x-text-content-text\"><span class=\"x-text-content-text-primary\">I funerali si svolgeranno mercoled\u00ec 8 aprile nella chiesa parrocchiale di Tarzo...<\/span><\/div><\/div><\/div><div class=\"x-row e17-e20 mh-7 mh-a mh-b mh-e mh-h\"><div class=\"x-row-inner\"><div class=\"x-col e17-e21 mh-n mh-p mh-q mh-s mh-t mh-u\"><a class=\"x-anchor x-anchor-button e17-e22 mh-2n\" tabindex=\"0\" href=\"https:\/\/comitati.fisi.org\/veneto\/blog\/2026\/04\/02\/lo-sci-veneto-piange-la-morte-del-generale-franco-baldo\/\"><div class=\"x-anchor-content\"><div class=\"x-anchor-text\"><span class=\"x-anchor-text-primary\">Leggi di pi\u00f9<\/span><\/div><\/div><\/a><\/div><div class=\"x-col e17-e23 mh-n mh-p mh-q mh-s mh-t mh-v\"><div class=\"x-div e17-e24 mh-x mh-y mh-z mh-10 mh-11 mh-12 mh-15 mh-16 mh-17 mh-18\"><a class=\"x-div e17-e25 mh-x mh-11 mh-12 mh-15 mh-19 mh-1a mh-1b\" href=\"#prev\" data-x-effect-provider=\"colors particles effects\" data-x-slide-prev=\"\"><i class=\"x-icon e17-e26 mh-2o\" aria-hidden=\"true\" data-x-icon-s=\"&#xf104;\"><\/i><\/a><a class=\"x-div e17-e27 mh-x mh-y mh-11 mh-12 mh-15 mh-19 mh-1a mh-1c\" href=\"#next\" data-x-effect-provider=\"colors particles effects\" data-x-slide-next=\"\"><i class=\"x-icon e17-e28 mh-2o\" aria-hidden=\"true\" data-x-icon-s=\"&#xf105;\"><\/i><\/a><\/div><\/div><\/div><\/div><\/div><\/div><div class=\"x-slide e17-e16 mh-1h mh-1j\" data-x-slide=\"\"><div class=\"x-bg\" aria-hidden=\"true\"><div class=\"x-bg-layer-lower-image\" style=\" background-image: url(https:\/\/comitati.fisi.org\/veneto\/wp-content\/uploads\/sites\/39\/2026\/04\/anita-gaspari-argent-camp-ita-cuccioli-PSL-carezza-01.04.2026.jpeg); background-repeat: no-repeat; background-position: center; background-size: cover;\"><\/div><div class=\"x-bg-layer-upper-color\" style=\" background-color: rgba(255, 255, 255, 0.1);\"><\/div><\/div><div class=\"x-div e17-e17 mh-x mh-y mh-z mh-13 mh-14\"><div class=\"x-text x-text-headline e17-e18 mh-1k mh-1l mh-1m mh-1n mh-1u mh-1w mh-1x mh-1y mh-1z\"><div class=\"x-text-content\"><div class=\"x-text-content-text\"><span class=\"x-text-content-text-primary\">Snowboard, un altro argento per Lucia Dalmasso ai Tricolori di Carezza. Applausi anche per i giovani<\/span><\/div><\/div><\/div><div class=\"x-text x-text-headline e17-e19 mh-1l mh-1m mh-1n mh-1u mh-1x mh-1y mh-20 mh-21 mh-22\"><div class=\"x-text-content\"><div class=\"x-text-content-text\"><span class=\"x-text-content-text-primary\">In evidenza Snowboard club Cortina, Sc Cortina, Dolomiti Cadore e Linear Antelao...<\/span><\/div><\/div><\/div><div class=\"x-row e17-e20 mh-7 mh-a mh-b mh-e mh-h\"><div class=\"x-row-inner\"><div class=\"x-col e17-e21 mh-n mh-p mh-q mh-s mh-t mh-u\"><a class=\"x-anchor x-anchor-button e17-e22 mh-2n\" tabindex=\"0\" href=\"https:\/\/comitati.fisi.org\/veneto\/blog\/2026\/04\/01\/snowboard-un-altro-argento-per-lucia-dalmasso-ai-tricolori-di-carezza-applausi-anche-per-i-giovani\/\"><div class=\"x-anchor-content\"><div class=\"x-anchor-text\"><span class=\"x-anchor-text-primary\">Leggi di pi\u00f9<\/span><\/div><\/div><\/a><\/div><div class=\"x-col e17-e23 mh-n mh-p mh-q mh-s mh-t mh-v\"><div class=\"x-div e17-e24 mh-x mh-y mh-z mh-10 mh-11 mh-12 mh-15 mh-16 mh-17 mh-18\"><a class=\"x-div e17-e25 mh-x mh-11 mh-12 mh-15 mh-19 mh-1a mh-1b\" href=\"#prev\" data-x-effect-provider=\"colors particles effects\" data-x-slide-prev=\"\"><i class=\"x-icon e17-e26 mh-2o\" aria-hidden=\"true\" data-x-icon-s=\"&#xf104;\"><\/i><\/a><a class=\"x-div e17-e27 mh-x mh-y mh-11 mh-12 mh-15 mh-19 mh-1a mh-1c\" href=\"#next\" data-x-effect-provider=\"colors particles effects\" data-x-slide-next=\"\"><i class=\"x-icon e17-e28 mh-2o\" aria-hidden=\"true\" data-x-icon-s=\"&#xf105;\"><\/i><\/a><\/div><\/div><\/div><\/div><\/div><\/div><div class=\"x-slide e17-e16 mh-1h mh-1j\" data-x-slide=\"\"><div class=\"x-bg\" aria-hidden=\"true\"><div class=\"x-bg-layer-lower-image\" style=\" background-image: url(https:\/\/comitati.fisi.org\/veneto\/wp-content\/uploads\/sites\/39\/2026\/03\/finali-lattebusche-2024-san-pellegrino-foto-echi-a-sogne.jpg); background-repeat: no-repeat; background-position: center; background-size: cover;\"><\/div><div class=\"x-bg-layer-upper-color\" style=\" background-color: rgba(255, 255, 255, 0.1);\"><\/div><\/div><div class=\"x-div e17-e17 mh-x mh-y mh-z mh-13 mh-14\"><div class=\"x-text x-text-headline e17-e18 mh-1k mh-1l mh-1m mh-1n mh-1u mh-1w mh-1x mh-1y mh-1z\"><div class=\"x-text-content\"><div class=\"x-text-content-text\"><span class=\"x-text-content-text-primary\">Domani il recupero della finale dell&#8217;alpino del Grand Prix Lattebusche<\/span><\/div><\/div><\/div><div class=\"x-text x-text-headline e17-e19 mh-1l mh-1m mh-1n mh-1u mh-1x mh-1y mh-20 mh-21 mh-22\"><div class=\"x-text-content\"><div class=\"x-text-content-text\"><span class=\"x-text-content-text-primary\">Si garegger\u00e0 alla Ski Area San Pellegrino...<\/span><\/div><\/div><\/div><div class=\"x-row e17-e20 mh-7 mh-a mh-b mh-e mh-h\"><div class=\"x-row-inner\"><div class=\"x-col e17-e21 mh-n mh-p mh-q mh-s mh-t mh-u\"><a class=\"x-anchor x-anchor-button e17-e22 mh-2n\" tabindex=\"0\" href=\"https:\/\/comitati.fisi.org\/veneto\/blog\/2026\/04\/01\/domani-il-recupero-della-finale-dellalpino-del-grand-prix-lattebusche\/\"><div class=\"x-anchor-content\"><div class=\"x-anchor-text\"><span class=\"x-anchor-text-primary\">Leggi di pi\u00f9<\/span><\/div><\/div><\/a><\/div><div class=\"x-col e17-e23 mh-n mh-p mh-q mh-s mh-t mh-v\"><div class=\"x-div e17-e24 mh-x mh-y mh-z mh-10 mh-11 mh-12 mh-15 mh-16 mh-17 mh-18\"><a class=\"x-div e17-e25 mh-x mh-11 mh-12 mh-15 mh-19 mh-1a mh-1b\" href=\"#prev\" data-x-effect-provider=\"colors particles effects\" data-x-slide-prev=\"\"><i class=\"x-icon e17-e26 mh-2o\" aria-hidden=\"true\" data-x-icon-s=\"&#xf104;\"><\/i><\/a><a class=\"x-div e17-e27 mh-x mh-y mh-11 mh-12 mh-15 mh-19 mh-1a mh-1c\" href=\"#next\" data-x-effect-provider=\"colors particles effects\" data-x-slide-next=\"\"><i class=\"x-icon e17-e28 mh-2o\" aria-hidden=\"true\" data-x-icon-s=\"&#xf105;\"><\/i><\/a><\/div><\/div><\/div><\/div><\/div><\/div><div class=\"x-slide e17-e16 mh-1h mh-1j\" data-x-slide=\"\"><div class=\"x-bg\" aria-hidden=\"true\"><div class=\"x-bg-layer-lower-image\" style=\" background-image: url(https:\/\/comitati.fisi.org\/veneto\/wp-content\/uploads\/sites\/39\/2023\/11\/Fisi6p_hermann-debertolis-2023.png); background-repeat: no-repeat; background-position: center; background-size: cover;\"><\/div><div class=\"x-bg-layer-upper-color\" style=\" background-color: rgba(255, 255, 255, 0.1);\"><\/div><\/div><div class=\"x-div e17-e17 mh-x mh-y mh-z mh-13 mh-14\"><div class=\"x-text x-text-headline e17-e18 mh-1k mh-1l mh-1m mh-1n mh-1u mh-1w mh-1x mh-1y mh-1z\"><div class=\"x-text-content\"><div class=\"x-text-content-text\"><span class=\"x-text-content-text-primary\">Scialpinismo, nel Vertical di Villars sur Ollon quarto posto per De Silvestro e Debertolis<\/span><\/div><\/div><\/div><div class=\"x-text x-text-headline e17-e19 mh-1l mh-1m mh-1n mh-1u mh-1x mh-1y mh-20 mh-21 mh-22\"><div class=\"x-text-content\"><div class=\"x-text-content-text\"><span class=\"x-text-content-text-primary\">Non \u00e8 arrivato il podio ma \u00e8 stata comunque una prestazione di eccellenza, quella di oggi, per Alba De Silvestro, nella prima giornata delle finali...<\/span><\/div><\/div><\/div><div class=\"x-row e17-e20 mh-7 mh-a mh-b mh-e mh-h\"><div class=\"x-row-inner\"><div class=\"x-col e17-e21 mh-n mh-p mh-q mh-s mh-t mh-u\"><a class=\"x-anchor x-anchor-button e17-e22 mh-2n\" tabindex=\"0\" href=\"https:\/\/comitati.fisi.org\/veneto\/blog\/2026\/04\/01\/scialpinismo-nel-vertical-di-villars-sur-ollon-quarto-posto-per-de-silvestro-e-debertolis\/\"><div class=\"x-anchor-content\"><div class=\"x-anchor-text\"><span class=\"x-anchor-text-primary\">Leggi di pi\u00f9<\/span><\/div><\/div><\/a><\/div><div class=\"x-col e17-e23 mh-n mh-p mh-q mh-s mh-t mh-v\"><div class=\"x-div e17-e24 mh-x mh-y mh-z mh-10 mh-11 mh-12 mh-15 mh-16 mh-17 mh-18\"><a class=\"x-div e17-e25 mh-x mh-11 mh-12 mh-15 mh-19 mh-1a mh-1b\" href=\"#prev\" data-x-effect-provider=\"colors particles effects\" data-x-slide-prev=\"\"><i class=\"x-icon e17-e26 mh-2o\" aria-hidden=\"true\" data-x-icon-s=\"&#xf104;\"><\/i><\/a><a class=\"x-div e17-e27 mh-x mh-y mh-11 mh-12 mh-15 mh-19 mh-1a mh-1c\" href=\"#next\" data-x-effect-provider=\"colors particles effects\" data-x-slide-next=\"\"><i class=\"x-icon e17-e28 mh-2o\" aria-hidden=\"true\" data-x-icon-s=\"&#xf105;\"><\/i><\/a><\/div><\/div><\/div><\/div><\/div><\/div><div class=\"x-slide e17-e16 mh-1h mh-1j\" data-x-slide=\"\"><div class=\"x-bg\" aria-hidden=\"true\"><div class=\"x-bg-layer-lower-image\" style=\" background-image: url(https:\/\/comitati.fisi.org\/veneto\/wp-content\/uploads\/sites\/39\/2026\/03\/lucia-dalmasso-argemto-elisa-caffont-bronzo-gigante-parallelo-camp-ita-snowboard-carezza-31-marzo-2026-Copia.jpeg); background-repeat: no-repeat; background-position: center; background-size: cover;\"><\/div><div class=\"x-bg-layer-upper-color\" style=\" background-color: rgba(255, 255, 255, 0.1);\"><\/div><\/div><div class=\"x-div e17-e17 mh-x mh-y mh-z mh-13 mh-14\"><div class=\"x-text x-text-headline e17-e18 mh-1k mh-1l mh-1m mh-1n mh-1u mh-1w mh-1x mh-1y mh-1z\"><div class=\"x-text-content\"><div class=\"x-text-content-text\"><span class=\"x-text-content-text-primary\">Snowboard, podio per Dalmasso, Caffont e i giovani dello Snowboardclub Cortina ai Tricolori di Carezza<\/span><\/div><\/div><\/div><div class=\"x-text x-text-headline e17-e19 mh-1l mh-1m mh-1n mh-1u mh-1x mh-1y mh-20 mh-21 mh-22\"><div class=\"x-text-content\"><div class=\"x-text-content-text\"><span class=\"x-text-content-text-primary\">Roland Fischnaller (Circolo Canottieri Aniene) e Jasmin Coratti (Fiamme Oro) sono i nuovi campioni italiani di gigante parallelo: i due altoatesini si sono imposti al...<\/span><\/div><\/div><\/div><div class=\"x-row e17-e20 mh-7 mh-a mh-b mh-e mh-h\"><div class=\"x-row-inner\"><div class=\"x-col e17-e21 mh-n mh-p mh-q mh-s mh-t mh-u\"><a class=\"x-anchor x-anchor-button e17-e22 mh-2n\" tabindex=\"0\" href=\"https:\/\/comitati.fisi.org\/veneto\/blog\/2026\/03\/31\/snowboard-podio-per-dalmasso-caffont-e-i-giovani-dello-snowboardclub-cortina-ai-tricolori-di-carezza\/\"><div class=\"x-anchor-content\"><div class=\"x-anchor-text\"><span class=\"x-anchor-text-primary\">Leggi di pi\u00f9<\/span><\/div><\/div><\/a><\/div><div class=\"x-col e17-e23 mh-n mh-p mh-q mh-s mh-t mh-v\"><div class=\"x-div e17-e24 mh-x mh-y mh-z mh-10 mh-11 mh-12 mh-15 mh-16 mh-17 mh-18\"><a class=\"x-div e17-e25 mh-x mh-11 mh-12 mh-15 mh-19 mh-1a mh-1b\" href=\"#prev\" data-x-effect-provider=\"colors particles effects\" data-x-slide-prev=\"\"><i class=\"x-icon e17-e26 mh-2o\" aria-hidden=\"true\" data-x-icon-s=\"&#xf104;\"><\/i><\/a><a class=\"x-div e17-e27 mh-x mh-y mh-11 mh-12 mh-15 mh-19 mh-1a mh-1c\" href=\"#next\" data-x-effect-provider=\"colors particles effects\" data-x-slide-next=\"\"><i class=\"x-icon e17-e28 mh-2o\" aria-hidden=\"true\" data-x-icon-s=\"&#xf105;\"><\/i><\/a><\/div><\/div><\/div><\/div><\/div><\/div><div class=\"x-slide e17-e16 mh-1h mh-1j\" data-x-slide=\"\"><div class=\"x-bg\" aria-hidden=\"true\"><div class=\"x-bg-layer-lower-image\" style=\" background-image: url(https:\/\/comitati.fisi.org\/veneto\/wp-content\/uploads\/sites\/39\/2022\/12\/net-insurance-sci-alpino-azione.jpeg); background-repeat: no-repeat; background-position: center; background-size: cover;\"><\/div><div class=\"x-bg-layer-upper-color\" style=\" background-color: rgba(255, 255, 255, 0.1);\"><\/div><\/div><div class=\"x-div e17-e17 mh-x mh-y mh-z mh-13 mh-14\"><div class=\"x-text x-text-headline e17-e18 mh-1k mh-1l mh-1m mh-1n mh-1u mh-1w mh-1x mh-1y mh-1z\"><div class=\"x-text-content\"><div class=\"x-text-content-text\"><span class=\"x-text-content-text-primary\">Alpino, i qualificati per i Campionati italiani Children<\/span><\/div><\/div><\/div><div class=\"x-text x-text-headline e17-e19 mh-1l mh-1m mh-1n mh-1u mh-1x mh-1y mh-20 mh-21 mh-22\"><div class=\"x-text-content\"><div class=\"x-text-content-text\"><span class=\"x-text-content-text-primary\">La rassegna tricolore \u00e8 in programma a Pila (Aosta) dal 7 al 12 aprile...<\/span><\/div><\/div><\/div><div class=\"x-row e17-e20 mh-7 mh-a mh-b mh-e mh-h\"><div class=\"x-row-inner\"><div class=\"x-col e17-e21 mh-n mh-p mh-q mh-s mh-t mh-u\"><a class=\"x-anchor x-anchor-button e17-e22 mh-2n\" tabindex=\"0\" href=\"https:\/\/comitati.fisi.org\/veneto\/blog\/2026\/03\/31\/alpino-i-qualificati-per-i-campionati-italiani-children\/\"><div class=\"x-anchor-content\"><div class=\"x-anchor-text\"><span class=\"x-anchor-text-primary\">Leggi di pi\u00f9<\/span><\/div><\/div><\/a><\/div><div class=\"x-col e17-e23 mh-n mh-p mh-q mh-s mh-t mh-v\"><div class=\"x-div e17-e24 mh-x mh-y mh-z mh-10 mh-11 mh-12 mh-15 mh-16 mh-17 mh-18\"><a class=\"x-div e17-e25 mh-x mh-11 mh-12 mh-15 mh-19 mh-1a mh-1b\" href=\"#prev\" data-x-effect-provider=\"colors particles effects\" data-x-slide-prev=\"\"><i class=\"x-icon e17-e26 mh-2o\" aria-hidden=\"true\" data-x-icon-s=\"&#xf104;\"><\/i><\/a><a class=\"x-div e17-e27 mh-x mh-y mh-11 mh-12 mh-15 mh-19 mh-1a mh-1c\" href=\"#next\" data-x-effect-provider=\"colors particles effects\" data-x-slide-next=\"\"><i class=\"x-icon e17-e28 mh-2o\" aria-hidden=\"true\" data-x-icon-s=\"&#xf105;\"><\/i><\/a><\/div><\/div><\/div><\/div><\/div><\/div><div class=\"x-slide e17-e16 mh-1h mh-1j\" data-x-slide=\"\"><div class=\"x-bg\" aria-hidden=\"true\"><div class=\"x-bg-layer-lower-image\" style=\" background-image: url(https:\/\/comitati.fisi.org\/veneto\/wp-content\/uploads\/sites\/39\/2026\/03\/podio-societa-finale-regionale-net-insurance-cortina-30-marzo-2026.jpeg); background-repeat: no-repeat; background-position: center; background-size: cover;\"><\/div><div class=\"x-bg-layer-upper-color\" style=\" background-color: rgba(255, 255, 255, 0.1);\"><\/div><\/div><div class=\"x-div e17-e17 mh-x mh-y mh-z mh-13 mh-14\"><div class=\"x-text x-text-headline e17-e18 mh-1k mh-1l mh-1m mh-1n mh-1u mh-1w mh-1x mh-1y mh-1z\"><div class=\"x-text-content\"><div class=\"x-text-content-text\"><span class=\"x-text-content-text-primary\">Alpino, Di Gallo e Telesforo vincono il superG delle finali Net Insurance Ragazzi<\/span><\/div><\/div><\/div><div class=\"x-text x-text-headline e17-e19 mh-1l mh-1m mh-1n mh-1u mh-1x mh-1y mh-20 mh-21 mh-22\"><div class=\"x-text-content\"><div class=\"x-text-content-text\"><span class=\"x-text-content-text-primary\">Oggi sulla pista Lacedelli di Cortina d&#8217;Ampezzo Dolomiti si \u00e8 svolto il superG Ragazzi che ha chiuso l&#8217;edizione 2025-2026 del Grand Prix Net Insurance. I...<\/span><\/div><\/div><\/div><div class=\"x-row e17-e20 mh-7 mh-a mh-b mh-e mh-h\"><div class=\"x-row-inner\"><div class=\"x-col e17-e21 mh-n mh-p mh-q mh-s mh-t mh-u\"><a class=\"x-anchor x-anchor-button e17-e22 mh-2n\" tabindex=\"0\" href=\"https:\/\/comitati.fisi.org\/veneto\/blog\/2026\/03\/30\/alpino-di-gallo-e-telesforo-vincono-il-superg-delle-finali-net-insurance-ragazzi\/\"><div class=\"x-anchor-content\"><div class=\"x-anchor-text\"><span class=\"x-anchor-text-primary\">Leggi di pi\u00f9<\/span><\/div><\/div><\/a><\/div><div class=\"x-col e17-e23 mh-n mh-p mh-q mh-s mh-t mh-v\"><div class=\"x-div e17-e24 mh-x mh-y mh-z mh-10 mh-11 mh-12 mh-15 mh-16 mh-17 mh-18\"><a class=\"x-div e17-e25 mh-x mh-11 mh-12 mh-15 mh-19 mh-1a mh-1b\" href=\"#prev\" data-x-effect-provider=\"colors particles effects\" data-x-slide-prev=\"\"><i class=\"x-icon e17-e26 mh-2o\" aria-hidden=\"true\" data-x-icon-s=\"&#xf104;\"><\/i><\/a><a class=\"x-div e17-e27 mh-x mh-y mh-11 mh-12 mh-15 mh-19 mh-1a mh-1c\" href=\"#next\" data-x-effect-provider=\"colors particles effects\" data-x-slide-next=\"\"><i class=\"x-icon e17-e28 mh-2o\" aria-hidden=\"true\" data-x-icon-s=\"&#xf105;\"><\/i><\/a><\/div><\/div><\/div><\/div><\/div><\/div><div class=\"x-slide e17-e16 mh-1h mh-1j\" data-x-slide=\"\"><div class=\"x-bg\" aria-hidden=\"true\"><div class=\"x-bg-layer-lower-image\" style=\" background-image: url(https:\/\/comitati.fisi.org\/veneto\/wp-content\/uploads\/sites\/39\/2026\/03\/camp-reg-slalom-allieve-pordoi-29-marzo-2026.jpeg); background-repeat: no-repeat; background-position: center; background-size: cover;\"><\/div><div class=\"x-bg-layer-upper-color\" style=\" background-color: rgba(255, 255, 255, 0.1);\"><\/div><\/div><div class=\"x-div e17-e17 mh-x mh-y mh-z mh-13 mh-14\"><div class=\"x-text x-text-headline e17-e18 mh-1k mh-1l mh-1m mh-1n mh-1u mh-1w mh-1x mh-1y mh-1z\"><div class=\"x-text-content\"><div class=\"x-text-content-text\"><span class=\"x-text-content-text-primary\">Alpino, i risultati delle finali di slalom del Grand Prix Net Insurance<\/span><\/div><\/div><\/div><div class=\"x-text x-text-headline e17-e19 mh-1l mh-1m mh-1n mh-1u mh-1x mh-1y mh-20 mh-21 mh-22\"><div class=\"x-text-content\"><div class=\"x-text-content-text\"><span class=\"x-text-content-text-primary\">Organizzazione Sci club Trichiana...<\/span><\/div><\/div><\/div><div class=\"x-row e17-e20 mh-7 mh-a mh-b mh-e mh-h\"><div class=\"x-row-inner\"><div class=\"x-col e17-e21 mh-n mh-p mh-q mh-s mh-t mh-u\"><a class=\"x-anchor x-anchor-button e17-e22 mh-2n\" tabindex=\"0\" href=\"https:\/\/comitati.fisi.org\/veneto\/blog\/2026\/03\/29\/alpino-i-risultati-delle-finali-di-slalom-del-grand-prix-net-insurance\/\"><div class=\"x-anchor-content\"><div class=\"x-anchor-text\"><span class=\"x-anchor-text-primary\">Leggi di pi\u00f9<\/span><\/div><\/div><\/a><\/div><div class=\"x-col e17-e23 mh-n mh-p mh-q mh-s mh-t mh-v\"><div class=\"x-div e17-e24 mh-x mh-y mh-z mh-10 mh-11 mh-12 mh-15 mh-16 mh-17 mh-18\"><a class=\"x-div e17-e25 mh-x mh-11 mh-12 mh-15 mh-19 mh-1a mh-1b\" href=\"#prev\" data-x-effect-provider=\"colors particles effects\" data-x-slide-prev=\"\"><i class=\"x-icon e17-e26 mh-2o\" aria-hidden=\"true\" data-x-icon-s=\"&#xf104;\"><\/i><\/a><a class=\"x-div e17-e27 mh-x mh-y mh-11 mh-12 mh-15 mh-19 mh-1a mh-1c\" href=\"#next\" data-x-effect-provider=\"colors particles effects\" data-x-slide-next=\"\"><i class=\"x-icon e17-e28 mh-2o\" aria-hidden=\"true\" data-x-icon-s=\"&#xf105;\"><\/i><\/a><\/div><\/div><\/div><\/div><\/div><\/div><div class=\"x-slide e17-e16 mh-1h mh-1j\" data-x-slide=\"\"><div class=\"x-bg\" aria-hidden=\"true\"><div class=\"x-bg-layer-lower-image\" style=\" background-image: url(https:\/\/comitati.fisi.org\/veneto\/wp-content\/uploads\/sites\/39\/2026\/03\/tommaso-zanardi-terzo-SL-pinocchio-sci-abetone-27-marzo-2026-Copia.jpeg); background-repeat: no-repeat; background-position: center; background-size: cover;\"><\/div><div class=\"x-bg-layer-upper-color\" style=\" background-color: rgba(255, 255, 255, 0.1);\"><\/div><\/div><div class=\"x-div e17-e17 mh-x mh-y mh-z mh-13 mh-14\"><div class=\"x-text x-text-headline e17-e18 mh-1k mh-1l mh-1m mh-1n mh-1u mh-1w mh-1x mh-1y mh-1z\"><div class=\"x-text-content\"><div class=\"x-text-content-text\"><span class=\"x-text-content-text-primary\">Alpino, Zanardi sul podio nello slalom del Pinocchio sugli Sci internazionale<\/span><\/div><\/div><\/div><div class=\"x-text x-text-headline e17-e19 mh-1l mh-1m mh-1n mh-1u mh-1x mh-1y mh-20 mh-21 mh-22\"><div class=\"x-text-content\"><div class=\"x-text-content-text\"><span class=\"x-text-content-text-primary\">Terzo posto per il portacolori dello Sci club 18...<\/span><\/div><\/div><\/div><div class=\"x-row e17-e20 mh-7 mh-a mh-b mh-e mh-h\"><div class=\"x-row-inner\"><div class=\"x-col e17-e21 mh-n mh-p mh-q mh-s mh-t mh-u\"><a class=\"x-anchor x-anchor-button e17-e22 mh-2n\" tabindex=\"0\" href=\"https:\/\/comitati.fisi.org\/veneto\/blog\/2026\/03\/29\/alpino-zanardi-sul-podio-nello-slalom-del-pinocchio-sugli-sci-internazionale\/\"><div class=\"x-anchor-content\"><div class=\"x-anchor-text\"><span class=\"x-anchor-text-primary\">Leggi di pi\u00f9<\/span><\/div><\/div><\/a><\/div><div class=\"x-col e17-e23 mh-n mh-p mh-q mh-s mh-t mh-v\"><div class=\"x-div e17-e24 mh-x mh-y mh-z mh-10 mh-11 mh-12 mh-15 mh-16 mh-17 mh-18\"><a class=\"x-div e17-e25 mh-x mh-11 mh-12 mh-15 mh-19 mh-1a mh-1b\" href=\"#prev\" data-x-effect-provider=\"colors particles effects\" data-x-slide-prev=\"\"><i class=\"x-icon e17-e26 mh-2o\" aria-hidden=\"true\" data-x-icon-s=\"&#xf104;\"><\/i><\/a><a class=\"x-div e17-e27 mh-x mh-y mh-11 mh-12 mh-15 mh-19 mh-1a mh-1c\" href=\"#next\" data-x-effect-provider=\"colors particles effects\" data-x-slide-next=\"\"><i class=\"x-icon e17-e28 mh-2o\" aria-hidden=\"true\" data-x-icon-s=\"&#xf105;\"><\/i><\/a><\/div><\/div><\/div><\/div><\/div><\/div><div class=\"x-slide e17-e16 mh-1h mh-1j\" data-x-slide=\"\"><div class=\"x-bg\" aria-hidden=\"true\"><div class=\"x-bg-layer-lower-image\" style=\" background-image: url(https:\/\/comitati.fisi.org\/veneto\/wp-content\/uploads\/sites\/39\/2026\/03\/tommaso-gabrielli-vittoria-tour-rutor-marzo-2026.jpeg); background-repeat: no-repeat; background-position: center; background-size: cover;\"><\/div><div class=\"x-bg-layer-upper-color\" style=\" background-color: rgba(255, 255, 255, 0.1);\"><\/div><\/div><div class=\"x-div e17-e17 mh-x mh-y mh-z mh-13 mh-14\"><div class=\"x-text x-text-headline e17-e18 mh-1k mh-1l mh-1m mh-1n mh-1u mh-1w mh-1x mh-1y mh-1z\"><div class=\"x-text-content\"><div class=\"x-text-content-text\"><span class=\"x-text-content-text-primary\">Scialpinismo, vittorie di Martina Scola e Tommaso Gabrielli al Tour du Rutor<\/span><\/div><\/div><\/div><div class=\"x-text x-text-headline e17-e19 mh-1l mh-1m mh-1n mh-1u mh-1x mh-1y mh-20 mh-21 mh-22\"><div class=\"x-text-content\"><div class=\"x-text-content-text\"><span class=\"x-text-content-text-primary\">Veronica Bandiera terza e Pietro Pilat quarto...<\/span><\/div><\/div><\/div><div class=\"x-row e17-e20 mh-7 mh-a mh-b mh-e mh-h\"><div class=\"x-row-inner\"><div class=\"x-col e17-e21 mh-n mh-p mh-q mh-s mh-t mh-u\"><a class=\"x-anchor x-anchor-button e17-e22 mh-2n\" tabindex=\"0\" href=\"https:\/\/comitati.fisi.org\/veneto\/blog\/2026\/03\/29\/scialpinismo-vittorie-di-martina-scola-e-tommaso-gabrielli-al-tour-du-rutor\/\"><div class=\"x-anchor-content\"><div class=\"x-anchor-text\"><span class=\"x-anchor-text-primary\">Leggi di pi\u00f9<\/span><\/div><\/div><\/a><\/div><div class=\"x-col e17-e23 mh-n mh-p mh-q mh-s mh-t mh-v\"><div class=\"x-div e17-e24 mh-x mh-y mh-z mh-10 mh-11 mh-12 mh-15 mh-16 mh-17 mh-18\"><a class=\"x-div e17-e25 mh-x mh-11 mh-12 mh-15 mh-19 mh-1a mh-1b\" href=\"#prev\" data-x-effect-provider=\"colors particles effects\" data-x-slide-prev=\"\"><i class=\"x-icon e17-e26 mh-2o\" aria-hidden=\"true\" data-x-icon-s=\"&#xf104;\"><\/i><\/a><a class=\"x-div e17-e27 mh-x mh-y mh-11 mh-12 mh-15 mh-19 mh-1a mh-1c\" href=\"#next\" data-x-effect-provider=\"colors particles effects\" data-x-slide-next=\"\"><i class=\"x-icon e17-e28 mh-2o\" aria-hidden=\"true\" data-x-icon-s=\"&#xf105;\"><\/i><\/a><\/div><\/div><\/div><\/div><\/div><\/div><div class=\"x-slide e17-e16 mh-1h mh-1j\" data-x-slide=\"\"><div class=\"x-bg\" aria-hidden=\"true\"><div class=\"x-bg-layer-lower-image\" style=\" background-image: url(https:\/\/comitati.fisi.org\/veneto\/wp-content\/uploads\/sites\/39\/2026\/03\/staffetta-giovani-F-saint-barthelemy-29-marzo-2026-secondo-veneto-con-vanessa-cagnati-anna-morandini-e-caterina-milani.jpeg); background-repeat: no-repeat; background-position: center; background-size: cover;\"><\/div><div class=\"x-bg-layer-upper-color\" style=\" background-color: rgba(255, 255, 255, 0.1);\"><\/div><\/div><div class=\"x-div e17-e17 mh-x mh-y mh-z mh-13 mh-14\"><div class=\"x-text x-text-headline e17-e18 mh-1k mh-1l mh-1m mh-1n mh-1u mh-1w mh-1x mh-1y mh-1z\"><div class=\"x-text-content\"><div class=\"x-text-content-text\"><span class=\"x-text-content-text-primary\">Fondo, staffetta Giovani sul podio ai Tricolori di Saint Barth\u00e9lemy<\/span><\/div><\/div><\/div><div class=\"x-text x-text-headline e17-e19 mh-1l mh-1m mh-1n mh-1u mh-1x mh-1y mh-20 mh-21 mh-22\"><div class=\"x-text-content\"><div class=\"x-text-content-text\"><span class=\"x-text-content-text-primary\">Il Gran Finale di Saint-Barth\u00e9lemy si \u00e8 chiuso oggi con le staffette valide per i campionati italiani e con una promozionale per le categorie giovanili....<\/span><\/div><\/div><\/div><div class=\"x-row e17-e20 mh-7 mh-a mh-b mh-e mh-h\"><div class=\"x-row-inner\"><div class=\"x-col e17-e21 mh-n mh-p mh-q mh-s mh-t mh-u\"><a class=\"x-anchor x-anchor-button e17-e22 mh-2n\" tabindex=\"0\" href=\"https:\/\/comitati.fisi.org\/veneto\/blog\/2026\/03\/29\/fondo-staffetta-giovani-sul-podio-ai-tricolori-di-saint-bathelemy\/\"><div class=\"x-anchor-content\"><div class=\"x-anchor-text\"><span class=\"x-anchor-text-primary\">Leggi di pi\u00f9<\/span><\/div><\/div><\/a><\/div><div class=\"x-col e17-e23 mh-n mh-p mh-q mh-s mh-t mh-v\"><div class=\"x-div e17-e24 mh-x mh-y mh-z mh-10 mh-11 mh-12 mh-15 mh-16 mh-17 mh-18\"><a class=\"x-div e17-e25 mh-x mh-11 mh-12 mh-15 mh-19 mh-1a mh-1b\" href=\"#prev\" data-x-effect-provider=\"colors particles effects\" data-x-slide-prev=\"\"><i class=\"x-icon e17-e26 mh-2o\" aria-hidden=\"true\" data-x-icon-s=\"&#xf104;\"><\/i><\/a><a class=\"x-div e17-e27 mh-x mh-y mh-11 mh-12 mh-15 mh-19 mh-1a mh-1c\" href=\"#next\" data-x-effect-provider=\"colors particles effects\" data-x-slide-next=\"\"><i class=\"x-icon e17-e28 mh-2o\" aria-hidden=\"true\" data-x-icon-s=\"&#xf105;\"><\/i><\/a><\/div><\/div><\/div><\/div><\/div><\/div><div class=\"x-slide e17-e16 mh-1h mh-1j\" data-x-slide=\"\"><div class=\"x-bg\" aria-hidden=\"true\"><div class=\"x-bg-layer-lower-image\" style=\" background-image: url(https:\/\/comitati.fisi.org\/veneto\/wp-content\/uploads\/sites\/39\/2026\/03\/giacomo-cautiero-camp-ita-aspiranti-mass-start-val-martello-29-marzo-2026-con-robin-toigo-a-sx-e-davide-mancin-majoni-a-dx-Copia-scaled.jpeg); background-repeat: no-repeat; background-position: center; background-size: cover;\"><\/div><div class=\"x-bg-layer-upper-color\" style=\" background-color: rgba(255, 255, 255, 0.1);\"><\/div><\/div><div class=\"x-div e17-e17 mh-x mh-y mh-z mh-13 mh-14\"><div class=\"x-text x-text-headline e17-e18 mh-1k mh-1l mh-1m mh-1n mh-1u mh-1w mh-1x mh-1y mh-1z\"><div class=\"x-text-content\"><div class=\"x-text-content-text\"><span class=\"x-text-content-text-primary\">Biathlon, Giacomo Cautiero campione italiano Aspiranti!<\/span><\/div><\/div><\/div><div class=\"x-text x-text-headline e17-e19 mh-1l mh-1m mh-1n mh-1u mh-1x mh-1y mh-20 mh-21 mh-22\"><div class=\"x-text-content\"><div class=\"x-text-content-text\"><span class=\"x-text-content-text-primary\">Oro nella mass start per il portacolori dello Sci club Cortina...<\/span><\/div><\/div><\/div><div class=\"x-row e17-e20 mh-7 mh-a mh-b mh-e mh-h\"><div class=\"x-row-inner\"><div class=\"x-col e17-e21 mh-n mh-p mh-q mh-s mh-t mh-u\"><a class=\"x-anchor x-anchor-button e17-e22 mh-2n\" tabindex=\"0\" href=\"https:\/\/comitati.fisi.org\/veneto\/blog\/2026\/03\/29\/biathlon-giacomo-cautiero-campione-italiano-aspiranti\/\"><div class=\"x-anchor-content\"><div class=\"x-anchor-text\"><span class=\"x-anchor-text-primary\">Leggi di pi\u00f9<\/span><\/div><\/div><\/a><\/div><div class=\"x-col e17-e23 mh-n mh-p mh-q mh-s mh-t mh-v\"><div class=\"x-div e17-e24 mh-x mh-y mh-z mh-10 mh-11 mh-12 mh-15 mh-16 mh-17 mh-18\"><a class=\"x-div e17-e25 mh-x mh-11 mh-12 mh-15 mh-19 mh-1a mh-1b\" href=\"#prev\" data-x-effect-provider=\"colors particles effects\" data-x-slide-prev=\"\"><i class=\"x-icon e17-e26 mh-2o\" aria-hidden=\"true\" data-x-icon-s=\"&#xf104;\"><\/i><\/a><a class=\"x-div e17-e27 mh-x mh-y mh-11 mh-12 mh-15 mh-19 mh-1a mh-1c\" href=\"#next\" data-x-effect-provider=\"colors particles effects\" data-x-slide-next=\"\"><i class=\"x-icon e17-e28 mh-2o\" aria-hidden=\"true\" data-x-icon-s=\"&#xf105;\"><\/i><\/a><\/div><\/div><\/div><\/div><\/div><\/div><div class=\"x-slide e17-e16 mh-1h mh-1j\" data-x-slide=\"\"><div class=\"x-bg\" aria-hidden=\"true\"><div class=\"x-bg-layer-lower-image\" style=\" background-image: url(https:\/\/comitati.fisi.org\/veneto\/wp-content\/uploads\/sites\/39\/2026\/03\/iris-de-martin-pinter-saint-barthelemy-27-marzo-2026-scaled.jpg); background-repeat: no-repeat; background-position: center; background-size: cover;\"><\/div><div class=\"x-bg-layer-upper-color\" style=\" background-color: rgba(255, 255, 255, 0.1);\"><\/div><\/div><div class=\"x-div e17-e17 mh-x mh-y mh-z mh-13 mh-14\"><div class=\"x-text x-text-headline e17-e18 mh-1k mh-1l mh-1m mh-1n mh-1u mh-1w mh-1x mh-1y mh-1z\"><div class=\"x-text-content\"><div class=\"x-text-content-text\"><span class=\"x-text-content-text-primary\">Fondo, bronzo assoluto e oro under 23 per Iris De Martin nella<\/span><\/div><\/div><\/div><div class=\"x-text x-text-headline e17-e19 mh-1l mh-1m mh-1n mh-1u mh-1x mh-1y mh-20 mh-21 mh-22\"><div class=\"x-text-content\"><div class=\"x-text-content-text\"><span class=\"x-text-content-text-primary\">L\u2019ultimo pettorale di Federico Pellegrino, la festa, gli abbracci e le lacrime. Giornata ricca di emozioni sulle piste di Saint-Barth\u00e9lemy, dove tutto \u00e8 iniziato e...<\/span><\/div><\/div><\/div><div class=\"x-row e17-e20 mh-7 mh-a mh-b mh-e mh-h\"><div class=\"x-row-inner\"><div class=\"x-col e17-e21 mh-n mh-p mh-q mh-s mh-t mh-u\"><a class=\"x-anchor x-anchor-button e17-e22 mh-2n\" tabindex=\"0\" href=\"https:\/\/comitati.fisi.org\/veneto\/blog\/2026\/03\/28\/fondo-argento-assoluto-e-oro-under-23-per-iris-de-martin-nella\/\"><div class=\"x-anchor-content\"><div class=\"x-anchor-text\"><span class=\"x-anchor-text-primary\">Leggi di pi\u00f9<\/span><\/div><\/div><\/a><\/div><div class=\"x-col e17-e23 mh-n mh-p mh-q mh-s mh-t mh-v\"><div class=\"x-div e17-e24 mh-x mh-y mh-z mh-10 mh-11 mh-12 mh-15 mh-16 mh-17 mh-18\"><a class=\"x-div e17-e25 mh-x mh-11 mh-12 mh-15 mh-19 mh-1a mh-1b\" href=\"#prev\" data-x-effect-provider=\"colors particles effects\" data-x-slide-prev=\"\"><i class=\"x-icon e17-e26 mh-2o\" aria-hidden=\"true\" data-x-icon-s=\"&#xf104;\"><\/i><\/a><a class=\"x-div e17-e27 mh-x mh-y mh-11 mh-12 mh-15 mh-19 mh-1a mh-1c\" href=\"#next\" data-x-effect-provider=\"colors particles effects\" data-x-slide-next=\"\"><i class=\"x-icon e17-e28 mh-2o\" aria-hidden=\"true\" data-x-icon-s=\"&#xf105;\"><\/i><\/a><\/div><\/div><\/div><\/div><\/div><\/div><div class=\"x-slide e17-e16 mh-1h mh-1j\" data-x-slide=\"\"><div class=\"x-bg\" aria-hidden=\"true\"><div class=\"x-bg-layer-lower-image\" style=\" background-image: url(https:\/\/comitati.fisi.org\/veneto\/wp-content\/uploads\/sites\/39\/2026\/03\/podio-GS-RAgazzi-pordoi-finale-nel-insurance-28-marzo-2026.jpeg); background-repeat: no-repeat; background-position: center; background-size: cover;\"><\/div><div class=\"x-bg-layer-upper-color\" style=\" background-color: rgba(255, 255, 255, 0.1);\"><\/div><\/div><div class=\"x-div e17-e17 mh-x mh-y mh-z mh-13 mh-14\"><div class=\"x-text x-text-headline e17-e18 mh-1k mh-1l mh-1m mh-1n mh-1u mh-1w mh-1x mh-1y mh-1z\"><div class=\"x-text-content\"><div class=\"x-text-content-text\"><span class=\"x-text-content-text-primary\">Alpino, i risultati del gigante del Campionato regionale Children Net Insurance<\/span><\/div><\/div><\/div><div class=\"x-text x-text-headline e17-e19 mh-1l mh-1m mh-1n mh-1u mh-1x mh-1y mh-20 mh-21 mh-22\"><div class=\"x-text-content\"><div class=\"x-text-content-text\"><span class=\"x-text-content-text-primary\">Oggi sulla posta Belvedere 2 del Passo Pordoi lo Sci club Trichiana ha proposto la finale regionale di gigante del Grand Prix Net Insurance, il...<\/span><\/div><\/div><\/div><div class=\"x-row e17-e20 mh-7 mh-a mh-b mh-e mh-h\"><div class=\"x-row-inner\"><div class=\"x-col e17-e21 mh-n mh-p mh-q mh-s mh-t mh-u\"><a class=\"x-anchor x-anchor-button e17-e22 mh-2n\" tabindex=\"0\" href=\"https:\/\/comitati.fisi.org\/veneto\/blog\/2026\/03\/28\/alpino-i-risultati-del-gigante-del-campionato-regionale-children-net-insurance\/\"><div class=\"x-anchor-content\"><div class=\"x-anchor-text\"><span class=\"x-anchor-text-primary\">Leggi di pi\u00f9<\/span><\/div><\/div><\/a><\/div><div class=\"x-col e17-e23 mh-n mh-p mh-q mh-s mh-t mh-v\"><div class=\"x-div e17-e24 mh-x mh-y mh-z mh-10 mh-11 mh-12 mh-15 mh-16 mh-17 mh-18\"><a class=\"x-div e17-e25 mh-x mh-11 mh-12 mh-15 mh-19 mh-1a mh-1b\" href=\"#prev\" data-x-effect-provider=\"colors particles effects\" data-x-slide-prev=\"\"><i class=\"x-icon e17-e26 mh-2o\" aria-hidden=\"true\" data-x-icon-s=\"&#xf104;\"><\/i><\/a><a class=\"x-div e17-e27 mh-x mh-y mh-11 mh-12 mh-15 mh-19 mh-1a mh-1c\" href=\"#next\" data-x-effect-provider=\"colors particles effects\" data-x-slide-next=\"\"><i class=\"x-icon e17-e28 mh-2o\" aria-hidden=\"true\" data-x-icon-s=\"&#xf105;\"><\/i><\/a><\/div><\/div><\/div><\/div><\/div><\/div><div class=\"x-slide e17-e16 mh-1h mh-1j\" data-x-slide=\"\"><div class=\"x-bg\" aria-hidden=\"true\"><div class=\"x-bg-layer-lower-image\" style=\" background-image: url(https:\/\/comitati.fisi.org\/veneto\/wp-content\/uploads\/sites\/39\/2026\/03\/Ploner-Philip-nov-2025.jpg); background-repeat: no-repeat; background-position: center; background-size: cover;\"><\/div><div class=\"x-bg-layer-upper-color\" style=\" background-color: rgba(255, 255, 255, 0.1);\"><\/div><\/div><div class=\"x-div e17-e17 mh-x mh-y mh-z mh-13 mh-14\"><div class=\"x-text x-text-headline e17-e18 mh-1k mh-1l mh-1m mh-1n mh-1u mh-1w mh-1x mh-1y mh-1z\"><div class=\"x-text-content\"><div class=\"x-text-content-text\"><span class=\"x-text-content-text-primary\">Alpino, top ten per Philip Ploner nella discesa dei Tricolori Aspiranti<\/span><\/div><\/div><\/div><div class=\"x-text x-text-headline e17-e19 mh-1l mh-1m mh-1n mh-1u mh-1x mh-1y mh-20 mh-21 mh-22\"><div class=\"x-text-content\"><div class=\"x-text-content-text\"><span class=\"x-text-content-text-primary\">Organizzazione Sci club 2000...<\/span><\/div><\/div><\/div><div class=\"x-row e17-e20 mh-7 mh-a mh-b mh-e mh-h\"><div class=\"x-row-inner\"><div class=\"x-col e17-e21 mh-n mh-p mh-q mh-s mh-t mh-u\"><a class=\"x-anchor x-anchor-button e17-e22 mh-2n\" tabindex=\"0\" href=\"https:\/\/comitati.fisi.org\/veneto\/blog\/2026\/03\/28\/alpino-top-ten-per-philip-ploner-nella-discesa-dei-tricolori-aspiranti\/\"><div class=\"x-anchor-content\"><div class=\"x-anchor-text\"><span class=\"x-anchor-text-primary\">Leggi di pi\u00f9<\/span><\/div><\/div><\/a><\/div><div class=\"x-col e17-e23 mh-n mh-p mh-q mh-s mh-t mh-v\"><div class=\"x-div e17-e24 mh-x mh-y mh-z mh-10 mh-11 mh-12 mh-15 mh-16 mh-17 mh-18\"><a class=\"x-div e17-e25 mh-x mh-11 mh-12 mh-15 mh-19 mh-1a mh-1b\" href=\"#prev\" data-x-effect-provider=\"colors particles effects\" data-x-slide-prev=\"\"><i class=\"x-icon e17-e26 mh-2o\" aria-hidden=\"true\" data-x-icon-s=\"&#xf104;\"><\/i><\/a><a class=\"x-div e17-e27 mh-x mh-y mh-11 mh-12 mh-15 mh-19 mh-1a mh-1c\" href=\"#next\" data-x-effect-provider=\"colors particles effects\" data-x-slide-next=\"\"><i class=\"x-icon e17-e28 mh-2o\" aria-hidden=\"true\" data-x-icon-s=\"&#xf105;\"><\/i><\/a><\/div><\/div><\/div><\/div><\/div><\/div><div class=\"x-slide e17-e16 mh-1h mh-1j\" data-x-slide=\"\"><div class=\"x-bg\" aria-hidden=\"true\"><div class=\"x-bg-layer-lower-image\" style=\" background-image: url(https:\/\/comitati.fisi.org\/veneto\/wp-content\/uploads\/sites\/39\/2022\/12\/net-insurance-sci-alpino-azione.jpeg); background-repeat: no-repeat; background-position: center; background-size: cover;\"><\/div><div class=\"x-bg-layer-upper-color\" style=\" background-color: rgba(255, 255, 255, 0.1);\"><\/div><\/div><div class=\"x-div e17-e17 mh-x mh-y mh-z mh-13 mh-14\"><div class=\"x-text x-text-headline e17-e18 mh-1k mh-1l mh-1m mh-1n mh-1u mh-1w mh-1x mh-1y mh-1z\"><div class=\"x-text-content\"><div class=\"x-text-content-text\"><span class=\"x-text-content-text-primary\">Alpino, l&#8217;ordine di parte della finale Net Insurance del gigante Ragazzi &#8211; Allievi<\/span><\/div><\/div><\/div><div class=\"x-text x-text-headline e17-e19 mh-1l mh-1m mh-1n mh-1u mh-1x mh-1y mh-20 mh-21 mh-22\"><div class=\"x-text-content\"><div class=\"x-text-content-text\"><span class=\"x-text-content-text-primary\">...<\/span><\/div><\/div><\/div><div class=\"x-row e17-e20 mh-7 mh-a mh-b mh-e mh-h\"><div class=\"x-row-inner\"><div class=\"x-col e17-e21 mh-n mh-p mh-q mh-s mh-t mh-u\"><a class=\"x-anchor x-anchor-button e17-e22 mh-2n\" tabindex=\"0\" href=\"https:\/\/comitati.fisi.org\/veneto\/blog\/2026\/03\/27\/alpino-lordine-di-parte-della-finale-net-insurance-del-gigante-ragazzi-allievi\/\"><div class=\"x-anchor-content\"><div class=\"x-anchor-text\"><span class=\"x-anchor-text-primary\">Leggi di pi\u00f9<\/span><\/div><\/div><\/a><\/div><div class=\"x-col e17-e23 mh-n mh-p mh-q mh-s mh-t mh-v\"><div class=\"x-div e17-e24 mh-x mh-y mh-z mh-10 mh-11 mh-12 mh-15 mh-16 mh-17 mh-18\"><a class=\"x-div e17-e25 mh-x mh-11 mh-12 mh-15 mh-19 mh-1a mh-1b\" href=\"#prev\" data-x-effect-provider=\"colors particles effects\" data-x-slide-prev=\"\"><i class=\"x-icon e17-e26 mh-2o\" aria-hidden=\"true\" data-x-icon-s=\"&#xf104;\"><\/i><\/a><a class=\"x-div e17-e27 mh-x mh-y mh-11 mh-12 mh-15 mh-19 mh-1a mh-1c\" href=\"#next\" data-x-effect-provider=\"colors particles effects\" data-x-slide-next=\"\"><i class=\"x-icon e17-e28 mh-2o\" aria-hidden=\"true\" data-x-icon-s=\"&#xf105;\"><\/i><\/a><\/div><\/div><\/div><\/div><\/div><\/div><div class=\"x-slide e17-e16 mh-1h mh-1j\" data-x-slide=\"\"><div class=\"x-bg\" aria-hidden=\"true\"><div class=\"x-bg-layer-lower-image\" style=\" background-image: url(https:\/\/comitati.fisi.org\/veneto\/wp-content\/uploads\/sites\/39\/2026\/03\/DE-CASSAN-NICOLE-dic-2025-Copia.jpg); background-repeat: no-repeat; background-position: center; background-size: cover;\"><\/div><div class=\"x-bg-layer-upper-color\" style=\" background-color: rgba(255, 255, 255, 0.1);\"><\/div><\/div><div class=\"x-div e17-e17 mh-x mh-y mh-z mh-13 mh-14\"><div class=\"x-text x-text-headline e17-e18 mh-1k mh-1l mh-1m mh-1n mh-1u mh-1w mh-1x mh-1y mh-1z\"><div class=\"x-text-content\"><div class=\"x-text-content-text\"><span class=\"x-text-content-text-primary\">Alpino, Nicole De Cassan settima nel gigante dei Tricolori Aspiranti<\/span><\/div><\/div><\/div><div class=\"x-text x-text-headline e17-e19 mh-1l mh-1m mh-1n mh-1u mh-1x mh-1y mh-20 mh-21 mh-22\"><div class=\"x-text-content\"><div class=\"x-text-content-text\"><span class=\"x-text-content-text-primary\">Il forte vento non ha consentito oggi la disputa del superG maschile che \u00e8 stato cancellato: la rassegna tricolore si completer\u00e0 domani, sabato 28 marzo,...<\/span><\/div><\/div><\/div><div class=\"x-row e17-e20 mh-7 mh-a mh-b mh-e mh-h\"><div class=\"x-row-inner\"><div class=\"x-col e17-e21 mh-n mh-p mh-q mh-s mh-t mh-u\"><a class=\"x-anchor x-anchor-button e17-e22 mh-2n\" tabindex=\"0\" href=\"https:\/\/comitati.fisi.org\/veneto\/blog\/2026\/03\/27\/alpino-nicole-de-cassan-settima-nel-gigante-dei-tricolori-aspiranti\/\"><div class=\"x-anchor-content\"><div class=\"x-anchor-text\"><span class=\"x-anchor-text-primary\">Leggi di pi\u00f9<\/span><\/div><\/div><\/a><\/div><div class=\"x-col e17-e23 mh-n mh-p mh-q mh-s mh-t mh-v\"><div class=\"x-div e17-e24 mh-x mh-y mh-z mh-10 mh-11 mh-12 mh-15 mh-16 mh-17 mh-18\"><a class=\"x-div e17-e25 mh-x mh-11 mh-12 mh-15 mh-19 mh-1a mh-1b\" href=\"#prev\" data-x-effect-provider=\"colors particles effects\" data-x-slide-prev=\"\"><i class=\"x-icon e17-e26 mh-2o\" aria-hidden=\"true\" data-x-icon-s=\"&#xf104;\"><\/i><\/a><a class=\"x-div e17-e27 mh-x mh-y mh-11 mh-12 mh-15 mh-19 mh-1a mh-1c\" href=\"#next\" data-x-effect-provider=\"colors particles effects\" data-x-slide-next=\"\"><i class=\"x-icon e17-e28 mh-2o\" aria-hidden=\"true\" data-x-icon-s=\"&#xf105;\"><\/i><\/a><\/div><\/div><\/div><\/div><\/div><\/div><div class=\"x-slide e17-e16 mh-1h mh-1j\" data-x-slide=\"\"><div class=\"x-bg\" aria-hidden=\"true\"><div class=\"x-bg-layer-lower-image\" style=\" background-image: url(https:\/\/comitati.fisi.org\/veneto\/wp-content\/uploads\/sites\/39\/2024\/09\/iris-de-martin-coppa-italia-forni-avoltri-distance-vittoria-8-sett-2024-scaled.jpg); background-repeat: no-repeat; background-position: center; background-size: cover;\"><\/div><div class=\"x-bg-layer-upper-color\" style=\" background-color: rgba(255, 255, 255, 0.1);\"><\/div><\/div><div class=\"x-div e17-e17 mh-x mh-y mh-z mh-13 mh-14\"><div class=\"x-text x-text-headline e17-e18 mh-1k mh-1l mh-1m mh-1n mh-1u mh-1w mh-1x mh-1y mh-1z\"><div class=\"x-text-content\"><div class=\"x-text-content-text\"><span class=\"x-text-content-text-primary\">Fondo, nella 10 km skating dei Tricolori assoluti, argento per Iris De Martin Pinter<\/span><\/div><\/div><\/div><div class=\"x-text x-text-headline e17-e19 mh-1l mh-1m mh-1n mh-1u mh-1x mh-1y mh-20 mh-21 mh-22\"><div class=\"x-text-content\"><div class=\"x-text-content-text\"><span class=\"x-text-content-text-primary\">Per la bellunese del Centro sportivo Carabinieri anche il titolo Under 23...<\/span><\/div><\/div><\/div><div class=\"x-row e17-e20 mh-7 mh-a mh-b mh-e mh-h\"><div class=\"x-row-inner\"><div class=\"x-col e17-e21 mh-n mh-p mh-q mh-s mh-t mh-u\"><a class=\"x-anchor x-anchor-button e17-e22 mh-2n\" tabindex=\"0\" href=\"https:\/\/comitati.fisi.org\/veneto\/blog\/2026\/03\/27\/fondo-nella-10-km-skating-dei-tricolori-assoluti-argento-per-iris-de-martin-pinter\/\"><div class=\"x-anchor-content\"><div class=\"x-anchor-text\"><span class=\"x-anchor-text-primary\">Leggi di pi\u00f9<\/span><\/div><\/div><\/a><\/div><div class=\"x-col e17-e23 mh-n mh-p mh-q mh-s mh-t mh-v\"><div class=\"x-div e17-e24 mh-x mh-y mh-z mh-10 mh-11 mh-12 mh-15 mh-16 mh-17 mh-18\"><a class=\"x-div e17-e25 mh-x mh-11 mh-12 mh-15 mh-19 mh-1a mh-1b\" href=\"#prev\" data-x-effect-provider=\"colors particles effects\" data-x-slide-prev=\"\"><i class=\"x-icon e17-e26 mh-2o\" aria-hidden=\"true\" data-x-icon-s=\"&#xf104;\"><\/i><\/a><a class=\"x-div e17-e27 mh-x mh-y mh-11 mh-12 mh-15 mh-19 mh-1a mh-1c\" href=\"#next\" data-x-effect-provider=\"colors particles effects\" data-x-slide-next=\"\"><i class=\"x-icon e17-e28 mh-2o\" aria-hidden=\"true\" data-x-icon-s=\"&#xf105;\"><\/i><\/a><\/div><\/div><\/div><\/div><\/div><\/div><div class=\"x-slide e17-e16 mh-1h mh-1j\" data-x-slide=\"\"><div class=\"x-bg\" aria-hidden=\"true\"><div class=\"x-bg-layer-lower-image\" style=\" background-image: url(https:\/\/comitati.fisi.org\/veneto\/wp-content\/uploads\/sites\/39\/2024\/04\/240406-Vertical-CortinaSkimoCup-2024-PhMaurizioTorri-68-ALBA-DE-SILVESTRO.jpg); background-repeat: no-repeat; background-position: center; background-size: cover;\"><\/div><div class=\"x-bg-layer-upper-color\" style=\" background-color: rgba(255, 255, 255, 0.1);\"><\/div><\/div><div class=\"x-div e17-e17 mh-x mh-y mh-z mh-13 mh-14\"><div class=\"x-text x-text-headline e17-e18 mh-1k mh-1l mh-1m mh-1n mh-1u mh-1w mh-1x mh-1y mh-1z\"><div class=\"x-text-content\"><div class=\"x-text-content-text\"><span class=\"x-text-content-text-primary\">Scialpinismo, podio per Alba De Silvestro nel Vertical di Puy Saint Vincent<\/span><\/div><\/div><\/div><div class=\"x-text x-text-headline e17-e19 mh-1l mh-1m mh-1n mh-1u mh-1x mh-1y mh-20 mh-21 mh-22\"><div class=\"x-text-content\"><div class=\"x-text-content-text\"><span class=\"x-text-content-text-primary\">Terza alle spalle delle francesi Axelle Gachet ed Emily Harrop...<\/span><\/div><\/div><\/div><div class=\"x-row e17-e20 mh-7 mh-a mh-b mh-e mh-h\"><div class=\"x-row-inner\"><div class=\"x-col e17-e21 mh-n mh-p mh-q mh-s mh-t mh-u\"><a class=\"x-anchor x-anchor-button e17-e22 mh-2n\" tabindex=\"0\" href=\"https:\/\/comitati.fisi.org\/veneto\/blog\/2026\/03\/26\/scialpinismo-podio-per-alba-de-silvestro-nel-vertical-di-puy-saint-vincent\/\"><div class=\"x-anchor-content\"><div class=\"x-anchor-text\"><span class=\"x-anchor-text-primary\">Leggi di pi\u00f9<\/span><\/div><\/div><\/a><\/div><div class=\"x-col e17-e23 mh-n mh-p mh-q mh-s mh-t mh-v\"><div class=\"x-div e17-e24 mh-x mh-y mh-z mh-10 mh-11 mh-12 mh-15 mh-16 mh-17 mh-18\"><a class=\"x-div e17-e25 mh-x mh-11 mh-12 mh-15 mh-19 mh-1a mh-1b\" href=\"#prev\" data-x-effect-provider=\"colors particles effects\" data-x-slide-prev=\"\"><i class=\"x-icon e17-e26 mh-2o\" aria-hidden=\"true\" data-x-icon-s=\"&#xf104;\"><\/i><\/a><a class=\"x-div e17-e27 mh-x mh-y mh-11 mh-12 mh-15 mh-19 mh-1a mh-1c\" href=\"#next\" data-x-effect-provider=\"colors particles effects\" data-x-slide-next=\"\"><i class=\"x-icon e17-e28 mh-2o\" aria-hidden=\"true\" data-x-icon-s=\"&#xf105;\"><\/i><\/a><\/div><\/div><\/div><\/div><\/div><\/div><div class=\"x-slide e17-e16 mh-1h mh-1j\" data-x-slide=\"\"><div class=\"x-bg\" aria-hidden=\"true\"><div class=\"x-bg-layer-lower-image\" style=\" background-image: url(https:\/\/comitati.fisi.org\/veneto\/wp-content\/uploads\/sites\/39\/2026\/03\/tommaso-zanardi-4-gs-allievi-pinocchio-abetone-24-marzo-2026-Copia.jpeg); background-repeat: no-repeat; background-position: center; background-size: cover;\"><\/div><div class=\"x-bg-layer-upper-color\" style=\" background-color: rgba(255, 255, 255, 0.1);\"><\/div><\/div><div class=\"x-div e17-e17 mh-x mh-y mh-z mh-13 mh-14\"><div class=\"x-text x-text-headline e17-e18 mh-1k mh-1l mh-1m mh-1n mh-1u mh-1w mh-1x mh-1y mh-1z\"><div class=\"x-text-content\"><div class=\"x-text-content-text\"><span class=\"x-text-content-text-primary\">Alpino, 4. posto per Zanardi e Dal Farra al Pinocchio sugli sci<\/span><\/div><\/div><\/div><div class=\"x-text x-text-headline e17-e19 mh-1l mh-1m mh-1n mh-1u mh-1x mh-1y mh-20 mh-21 mh-22\"><div class=\"x-text-content\"><div class=\"x-text-content-text\"><span class=\"x-text-content-text-primary\">Doppio quarto posto veneto oggi alla fasi nazionali Children del Pinocchio sugli Sci, lo storico evento giovanile dell&#8217;Abetone (Pistoia). Nel gigante della categoria Ragazze si...<\/span><\/div><\/div><\/div><div class=\"x-row e17-e20 mh-7 mh-a mh-b mh-e mh-h\"><div class=\"x-row-inner\"><div class=\"x-col e17-e21 mh-n mh-p mh-q mh-s mh-t mh-u\"><a class=\"x-anchor x-anchor-button e17-e22 mh-2n\" tabindex=\"0\" href=\"https:\/\/comitati.fisi.org\/veneto\/blog\/2026\/03\/25\/alpino-4-posto-per-zanardi-e-dal-farra-al-pinocchio-sugli-sci\/\"><div class=\"x-anchor-content\"><div class=\"x-anchor-text\"><span class=\"x-anchor-text-primary\">Leggi di pi\u00f9<\/span><\/div><\/div><\/a><\/div><div class=\"x-col e17-e23 mh-n mh-p mh-q mh-s mh-t mh-v\"><div class=\"x-div e17-e24 mh-x mh-y mh-z mh-10 mh-11 mh-12 mh-15 mh-16 mh-17 mh-18\"><a class=\"x-div e17-e25 mh-x mh-11 mh-12 mh-15 mh-19 mh-1a mh-1b\" href=\"#prev\" data-x-effect-provider=\"colors particles effects\" data-x-slide-prev=\"\"><i class=\"x-icon e17-e26 mh-2o\" aria-hidden=\"true\" data-x-icon-s=\"&#xf104;\"><\/i><\/a><a class=\"x-div e17-e27 mh-x mh-y mh-11 mh-12 mh-15 mh-19 mh-1a mh-1c\" href=\"#next\" data-x-effect-provider=\"colors particles effects\" data-x-slide-next=\"\"><i class=\"x-icon e17-e28 mh-2o\" aria-hidden=\"true\" data-x-icon-s=\"&#xf105;\"><\/i><\/a><\/div><\/div><\/div><\/div><\/div><\/div><div class=\"x-slide e17-e16 mh-1h mh-1j\" data-x-slide=\"\"><div class=\"x-bg\" aria-hidden=\"true\"><div class=\"x-bg-layer-lower-image\" style=\" background-image: url(https:\/\/comitati.fisi.org\/veneto\/wp-content\/uploads\/sites\/39\/2026\/03\/de_silvestro_podio_puy_2.-individual-25-marzo-2026.jpg); background-repeat: no-repeat; background-position: center; background-size: cover;\"><\/div><div class=\"x-bg-layer-upper-color\" style=\" background-color: rgba(255, 255, 255, 0.1);\"><\/div><\/div><div class=\"x-div e17-e17 mh-x mh-y mh-z mh-13 mh-14\"><div class=\"x-text x-text-headline e17-e18 mh-1k mh-1l mh-1m mh-1n mh-1u mh-1w mh-1x mh-1y mh-1z\"><div class=\"x-text-content\"><div class=\"x-text-content-text\"><span class=\"x-text-content-text-primary\">Scialpinismo, podio per Alba De Silvestro a Puy Saint Vincent<\/span><\/div><\/div><\/div><div class=\"x-text x-text-headline e17-e19 mh-1l mh-1m mh-1n mh-1u mh-1x mh-1y mh-20 mh-21 mh-22\"><div class=\"x-text-content\"><div class=\"x-text-content-text\"><span class=\"x-text-content-text-primary\">La comeliana \u00e8 leader nell&#8217;Individual...<\/span><\/div><\/div><\/div><div class=\"x-row e17-e20 mh-7 mh-a mh-b mh-e mh-h\"><div class=\"x-row-inner\"><div class=\"x-col e17-e21 mh-n mh-p mh-q mh-s mh-t mh-u\"><a class=\"x-anchor x-anchor-button e17-e22 mh-2n\" tabindex=\"0\" href=\"https:\/\/comitati.fisi.org\/veneto\/blog\/2026\/03\/25\/scialpinismo-podio-per-alba-de-silvestro-a-puy-saint-vincent\/\"><div class=\"x-anchor-content\"><div class=\"x-anchor-text\"><span class=\"x-anchor-text-primary\">Leggi di pi\u00f9<\/span><\/div><\/div><\/a><\/div><div class=\"x-col e17-e23 mh-n mh-p mh-q mh-s mh-t mh-v\"><div class=\"x-div e17-e24 mh-x mh-y mh-z mh-10 mh-11 mh-12 mh-15 mh-16 mh-17 mh-18\"><a class=\"x-div e17-e25 mh-x mh-11 mh-12 mh-15 mh-19 mh-1a mh-1b\" href=\"#prev\" data-x-effect-provider=\"colors particles effects\" data-x-slide-prev=\"\"><i class=\"x-icon e17-e26 mh-2o\" aria-hidden=\"true\" data-x-icon-s=\"&#xf104;\"><\/i><\/a><a class=\"x-div e17-e27 mh-x mh-y mh-11 mh-12 mh-15 mh-19 mh-1a mh-1c\" href=\"#next\" data-x-effect-provider=\"colors particles effects\" data-x-slide-next=\"\"><i class=\"x-icon e17-e28 mh-2o\" aria-hidden=\"true\" data-x-icon-s=\"&#xf105;\"><\/i><\/a><\/div><\/div><\/div><\/div><\/div><\/div><div class=\"x-slide e17-e16 mh-1h mh-1j\" data-x-slide=\"\"><div class=\"x-bg\" aria-hidden=\"true\"><div class=\"x-bg-layer-lower-image\" style=\" background-image: url(https:\/\/comitati.fisi.org\/veneto\/wp-content\/uploads\/sites\/39\/2026\/03\/piero-molin-2-asp-SL-camp-ita-alleghe-25-marzo-2026-1-scaled.jpeg); background-repeat: no-repeat; background-position: center; background-size: cover;\"><\/div><div class=\"x-bg-layer-upper-color\" style=\" background-color: rgba(255, 255, 255, 0.1);\"><\/div><\/div><div class=\"x-div e17-e17 mh-x mh-y mh-z mh-13 mh-14\"><div class=\"x-text x-text-headline e17-e18 mh-1k mh-1l mh-1m mh-1n mh-1u mh-1w mh-1x mh-1y mh-1z\"><div class=\"x-text-content\"><div class=\"x-text-content-text\"><span class=\"x-text-content-text-primary\">Alpino, Piero Molin bronzo in slalom ai Tricolori Aspiranti!<\/span><\/div><\/div><\/div><div class=\"x-text x-text-headline e17-e19 mh-1l mh-1m mh-1n mh-1u mh-1x mh-1y mh-20 mh-21 mh-22\"><div class=\"x-text-content\"><div class=\"x-text-content-text\"><span class=\"x-text-content-text-primary\">Nel superG femminile, 13. Nicole De Cassan (Drusci\u00e9)...<\/span><\/div><\/div><\/div><div class=\"x-row e17-e20 mh-7 mh-a mh-b mh-e mh-h\"><div class=\"x-row-inner\"><div class=\"x-col e17-e21 mh-n mh-p mh-q mh-s mh-t mh-u\"><a class=\"x-anchor x-anchor-button e17-e22 mh-2n\" tabindex=\"0\" href=\"https:\/\/comitati.fisi.org\/veneto\/blog\/2026\/03\/25\/alpino-piero-molin-bronzo-in-slalom-ai-tricolori-aspiranti\/\"><div class=\"x-anchor-content\"><div class=\"x-anchor-text\"><span class=\"x-anchor-text-primary\">Leggi di pi\u00f9<\/span><\/div><\/div><\/a><\/div><div class=\"x-col e17-e23 mh-n mh-p mh-q mh-s mh-t mh-v\"><div class=\"x-div e17-e24 mh-x mh-y mh-z mh-10 mh-11 mh-12 mh-15 mh-16 mh-17 mh-18\"><a class=\"x-div e17-e25 mh-x mh-11 mh-12 mh-15 mh-19 mh-1a mh-1b\" href=\"#prev\" data-x-effect-provider=\"colors particles effects\" data-x-slide-prev=\"\"><i class=\"x-icon e17-e26 mh-2o\" aria-hidden=\"true\" data-x-icon-s=\"&#xf104;\"><\/i><\/a><a class=\"x-div e17-e27 mh-x mh-y mh-11 mh-12 mh-15 mh-19 mh-1a mh-1c\" href=\"#next\" data-x-effect-provider=\"colors particles effects\" data-x-slide-next=\"\"><i class=\"x-icon e17-e28 mh-2o\" aria-hidden=\"true\" data-x-icon-s=\"&#xf105;\"><\/i><\/a><\/div><\/div><\/div><\/div><\/div><\/div><div class=\"x-slide e17-e16 mh-1h mh-1j\" data-x-slide=\"\"><div class=\"x-bg\" aria-hidden=\"true\"><div class=\"x-bg-layer-lower-image\" style=\" background-image: url(https:\/\/comitati.fisi.org\/veneto\/wp-content\/uploads\/sites\/39\/2022\/12\/net-insurance-sci-alpino-azione.jpeg); background-repeat: no-repeat; background-position: center; background-size: cover;\"><\/div><div class=\"x-bg-layer-upper-color\" style=\" background-color: rgba(255, 255, 255, 0.1);\"><\/div><\/div><div class=\"x-div e17-e17 mh-x mh-y mh-z mh-13 mh-14\"><div class=\"x-text x-text-headline e17-e18 mh-1k mh-1l mh-1m mh-1n mh-1u mh-1w mh-1x mh-1y mh-1z\"><div class=\"x-text-content\"><div class=\"x-text-content-text\"><span class=\"x-text-content-text-primary\">Alpino, i qualificati per i Regionali Children di slalom e gigante<\/span><\/div><\/div><\/div><div class=\"x-text x-text-headline e17-e19 mh-1l mh-1m mh-1n mh-1u mh-1x mh-1y mh-20 mh-21 mh-22\"><div class=\"x-text-content\"><div class=\"x-text-content-text\"><span class=\"x-text-content-text-primary\">Organizzazione Sci club Trichiana...<\/span><\/div><\/div><\/div><div class=\"x-row e17-e20 mh-7 mh-a mh-b mh-e mh-h\"><div class=\"x-row-inner\"><div class=\"x-col e17-e21 mh-n mh-p mh-q mh-s mh-t mh-u\"><a class=\"x-anchor x-anchor-button e17-e22 mh-2n\" tabindex=\"0\" href=\"https:\/\/comitati.fisi.org\/veneto\/blog\/2026\/03\/24\/alpino-i-qualificati-per-i-regionali-children-di-slalom-e-gigante\/\"><div class=\"x-anchor-content\"><div class=\"x-anchor-text\"><span class=\"x-anchor-text-primary\">Leggi di pi\u00f9<\/span><\/div><\/div><\/a><\/div><div class=\"x-col e17-e23 mh-n mh-p mh-q mh-s mh-t mh-v\"><div class=\"x-div e17-e24 mh-x mh-y mh-z mh-10 mh-11 mh-12 mh-15 mh-16 mh-17 mh-18\"><a class=\"x-div e17-e25 mh-x mh-11 mh-12 mh-15 mh-19 mh-1a mh-1b\" href=\"#prev\" data-x-effect-provider=\"colors particles effects\" data-x-slide-prev=\"\"><i class=\"x-icon e17-e26 mh-2o\" aria-hidden=\"true\" data-x-icon-s=\"&#xf104;\"><\/i><\/a><a class=\"x-div e17-e27 mh-x mh-y mh-11 mh-12 mh-15 mh-19 mh-1a mh-1c\" href=\"#next\" data-x-effect-provider=\"colors particles effects\" data-x-slide-next=\"\"><i class=\"x-icon e17-e28 mh-2o\" aria-hidden=\"true\" data-x-icon-s=\"&#xf105;\"><\/i><\/a><\/div><\/div><\/div><\/div><\/div><\/div><div class=\"x-slide e17-e16 mh-1h mh-1j\" data-x-slide=\"\"><div class=\"x-bg\" aria-hidden=\"true\"><div class=\"x-bg-layer-lower-image\" style=\" background-image: url(https:\/\/comitati.fisi.org\/veneto\/wp-content\/uploads\/sites\/39\/2026\/03\/tommaso-zanardi-4-gs-allievi-pinocchio-abetone-24-marzo-2026-Copia.jpeg); background-repeat: no-repeat; background-position: center; background-size: cover;\"><\/div><div class=\"x-bg-layer-upper-color\" style=\" background-color: rgba(255, 255, 255, 0.1);\"><\/div><\/div><div class=\"x-div e17-e17 mh-x mh-y mh-z mh-13 mh-14\"><div class=\"x-text x-text-headline e17-e18 mh-1k mh-1l mh-1m mh-1n mh-1u mh-1w mh-1x mh-1y mh-1z\"><div class=\"x-text-content\"><div class=\"x-text-content-text\"><span class=\"x-text-content-text-primary\">Alpino, Tommaso Zanardi (Sc 18) sfiora il podio al Pinocchio sugli Sci<\/span><\/div><\/div><\/div><div class=\"x-text x-text-headline e17-e19 mh-1l mh-1m mh-1n mh-1u mh-1x mh-1y mh-20 mh-21 mh-22\"><div class=\"x-text-content\"><div class=\"x-text-content-text\"><span class=\"x-text-content-text-primary\">Top ten anche per Sveva Di Gallo e Nicol\u00f2 Gios...<\/span><\/div><\/div><\/div><div class=\"x-row e17-e20 mh-7 mh-a mh-b mh-e mh-h\"><div class=\"x-row-inner\"><div class=\"x-col e17-e21 mh-n mh-p mh-q mh-s mh-t mh-u\"><a class=\"x-anchor x-anchor-button e17-e22 mh-2n\" tabindex=\"0\" href=\"https:\/\/comitati.fisi.org\/veneto\/blog\/2026\/03\/24\/alpino-tommaso-zanardi-sc-18-sfiora-il-podio-al-pinocchio-sugli-sci\/\"><div class=\"x-anchor-content\"><div class=\"x-anchor-text\"><span class=\"x-anchor-text-primary\">Leggi di pi\u00f9<\/span><\/div><\/div><\/a><\/div><div class=\"x-col e17-e23 mh-n mh-p mh-q mh-s mh-t mh-v\"><div class=\"x-div e17-e24 mh-x mh-y mh-z mh-10 mh-11 mh-12 mh-15 mh-16 mh-17 mh-18\"><a class=\"x-div e17-e25 mh-x mh-11 mh-12 mh-15 mh-19 mh-1a mh-1b\" href=\"#prev\" data-x-effect-provider=\"colors particles effects\" data-x-slide-prev=\"\"><i class=\"x-icon e17-e26 mh-2o\" aria-hidden=\"true\" data-x-icon-s=\"&#xf104;\"><\/i><\/a><a class=\"x-div e17-e27 mh-x mh-y mh-11 mh-12 mh-15 mh-19 mh-1a mh-1c\" href=\"#next\" data-x-effect-provider=\"colors particles effects\" data-x-slide-next=\"\"><i class=\"x-icon e17-e28 mh-2o\" aria-hidden=\"true\" data-x-icon-s=\"&#xf105;\"><\/i><\/a><\/div><\/div><\/div><\/div><\/div><\/div><div class=\"x-slide e17-e16 mh-1h mh-1j\" data-x-slide=\"\"><div class=\"x-bg\" aria-hidden=\"true\"><div class=\"x-bg-layer-lower-image\" style=\" background-image: url(https:\/\/comitati.fisi.org\/veneto\/wp-content\/uploads\/sites\/39\/2025\/02\/leonardo-dinca-vittoria-gigante-intern-folharia-alpe-cimbra-8-feb-2025-azione.jpg); background-repeat: no-repeat; background-position: center; background-size: cover;\"><\/div><div class=\"x-bg-layer-upper-color\" style=\" background-color: rgba(255, 255, 255, 0.1);\"><\/div><\/div><div class=\"x-div e17-e17 mh-x mh-y mh-z mh-13 mh-14\"><div class=\"x-text x-text-headline e17-e18 mh-1k mh-1l mh-1m mh-1n mh-1u mh-1w mh-1x mh-1y mh-1z\"><div class=\"x-text-content\"><div class=\"x-text-content-text\"><span class=\"x-text-content-text-primary\">Alpino, top ten per Vittoria Pais Bianco, D&#8217;Inc\u00e0 e Molin nella prima giornata dei Tricolori Aspiranti<\/span><\/div><\/div><\/div><div class=\"x-text x-text-headline e17-e19 mh-1l mh-1m mh-1n mh-1u mh-1x mh-1y mh-20 mh-21 mh-22\"><div class=\"x-text-content\"><div class=\"x-text-content-text\"><span class=\"x-text-content-text-primary\">Organizzazione Sci club 2000...<\/span><\/div><\/div><\/div><div class=\"x-row e17-e20 mh-7 mh-a mh-b mh-e mh-h\"><div class=\"x-row-inner\"><div class=\"x-col e17-e21 mh-n mh-p mh-q mh-s mh-t mh-u\"><a class=\"x-anchor x-anchor-button e17-e22 mh-2n\" tabindex=\"0\" href=\"https:\/\/comitati.fisi.org\/veneto\/blog\/2026\/03\/24\/alpino-top-ten-per-vittoria-pais-bianco-dinca-e-molin-nella-prima-giornata-dei-tricolori-aspiranti\/\"><div class=\"x-anchor-content\"><div class=\"x-anchor-text\"><span class=\"x-anchor-text-primary\">Leggi di pi\u00f9<\/span><\/div><\/div><\/a><\/div><div class=\"x-col e17-e23 mh-n mh-p mh-q mh-s mh-t mh-v\"><div class=\"x-div e17-e24 mh-x mh-y mh-z mh-10 mh-11 mh-12 mh-15 mh-16 mh-17 mh-18\"><a class=\"x-div e17-e25 mh-x mh-11 mh-12 mh-15 mh-19 mh-1a mh-1b\" href=\"#prev\" data-x-effect-provider=\"colors particles effects\" data-x-slide-prev=\"\"><i class=\"x-icon e17-e26 mh-2o\" aria-hidden=\"true\" data-x-icon-s=\"&#xf104;\"><\/i><\/a><a class=\"x-div e17-e27 mh-x mh-y mh-11 mh-12 mh-15 mh-19 mh-1a mh-1c\" href=\"#next\" data-x-effect-provider=\"colors particles effects\" data-x-slide-next=\"\"><i class=\"x-icon e17-e28 mh-2o\" aria-hidden=\"true\" data-x-icon-s=\"&#xf105;\"><\/i><\/a><\/div><\/div><\/div><\/div><\/div><\/div><div class=\"x-slide e17-e16 mh-1h mh-1j\" data-x-slide=\"\"><div class=\"x-bg\" aria-hidden=\"true\"><div class=\"x-bg-layer-lower-image\" style=\" background-image: url(https:\/\/comitati.fisi.org\/veneto\/wp-content\/uploads\/sites\/39\/2026\/03\/giovanni-stefani-e-agnese-pais-bianco-vittoriosi-coppa-veneto-GS-alpe-lusia-22-marzo-2026-Copia.jpeg); background-repeat: no-repeat; background-position: center; background-size: cover;\"><\/div><div class=\"x-bg-layer-upper-color\" style=\" background-color: rgba(255, 255, 255, 0.1);\"><\/div><\/div><div class=\"x-div e17-e17 mh-x mh-y mh-z mh-13 mh-14\"><div class=\"x-text x-text-headline e17-e18 mh-1k mh-1l mh-1m mh-1n mh-1u mh-1w mh-1x mh-1y mh-1z\"><div class=\"x-text-content\"><div class=\"x-text-content-text\"><span class=\"x-text-content-text-primary\">Alpino, le classifiche della Coppa Veneto BCC Veneta dopo i giganti dell&#8217;Alpe Lusia<\/span><\/div><\/div><\/div><div class=\"x-text x-text-headline e17-e19 mh-1l mh-1m mh-1n mh-1u mh-1x mh-1y mh-20 mh-21 mh-22\"><div class=\"x-text-content\"><div class=\"x-text-content-text\"><span class=\"x-text-content-text-primary\">Dopo i due giganti dell\u2019Alpe Lusia, nella Coppa Veneto BCC Veneta al comando della graduatoria Giovani femminile c\u2019\u00e8 Agnese Pais Bianco (Cortina) che guida con...<\/span><\/div><\/div><\/div><div class=\"x-row e17-e20 mh-7 mh-a mh-b mh-e mh-h\"><div class=\"x-row-inner\"><div class=\"x-col e17-e21 mh-n mh-p mh-q mh-s mh-t mh-u\"><a class=\"x-anchor x-anchor-button e17-e22 mh-2n\" tabindex=\"0\" href=\"https:\/\/comitati.fisi.org\/veneto\/blog\/2026\/03\/23\/alpino-le-classifiche-della-coppa-veneto-bcc-veneta-dopo-i-giganti-dellalpe-lusia\/\"><div class=\"x-anchor-content\"><div class=\"x-anchor-text\"><span class=\"x-anchor-text-primary\">Leggi di pi\u00f9<\/span><\/div><\/div><\/a><\/div><div class=\"x-col e17-e23 mh-n mh-p mh-q mh-s mh-t mh-v\"><div class=\"x-div e17-e24 mh-x mh-y mh-z mh-10 mh-11 mh-12 mh-15 mh-16 mh-17 mh-18\"><a class=\"x-div e17-e25 mh-x mh-11 mh-12 mh-15 mh-19 mh-1a mh-1b\" href=\"#prev\" data-x-effect-provider=\"colors particles effects\" data-x-slide-prev=\"\"><i class=\"x-icon e17-e26 mh-2o\" aria-hidden=\"true\" data-x-icon-s=\"&#xf104;\"><\/i><\/a><a class=\"x-div e17-e27 mh-x mh-y mh-11 mh-12 mh-15 mh-19 mh-1a mh-1c\" href=\"#next\" data-x-effect-provider=\"colors particles effects\" data-x-slide-next=\"\"><i class=\"x-icon e17-e28 mh-2o\" aria-hidden=\"true\" data-x-icon-s=\"&#xf105;\"><\/i><\/a><\/div><\/div><\/div><\/div><\/div><\/div><div class=\"x-slide e17-e16 mh-1h mh-1j\" data-x-slide=\"\"><div class=\"x-bg\" aria-hidden=\"true\"><div class=\"x-bg-layer-lower-image\" style=\" background-image: url(https:\/\/comitati.fisi.org\/veneto\/wp-content\/uploads\/sites\/39\/2026\/03\/martina-scola-vittoria-coppa-italia-spiazzi-gromo-u20-22-marzo-2026-Copia.jpeg); background-repeat: no-repeat; background-position: center; background-size: cover;\"><\/div><div class=\"x-bg-layer-upper-color\" style=\" background-color: rgba(255, 255, 255, 0.1);\"><\/div><\/div><div class=\"x-div e17-e17 mh-x mh-y mh-z mh-13 mh-14\"><div class=\"x-text x-text-headline e17-e18 mh-1k mh-1l mh-1m mh-1n mh-1u mh-1w mh-1x mh-1y mh-1z\"><div class=\"x-text-content\"><div class=\"x-text-content-text\"><span class=\"x-text-content-text-primary\">Scialpinismo, grande Veneto in Coppa Italia a Spiazzi di Gromo<\/span><\/div><\/div><\/div><div class=\"x-text x-text-headline e17-e19 mh-1l mh-1m mh-1n mh-1u mh-1x mh-1y mh-20 mh-21 mh-22\"><div class=\"x-text-content\"><div class=\"x-text-content-text\"><span class=\"x-text-content-text-primary\">Grande giornata di sport per il Comitato Veneto Fisi in occasione della tappa di Coppa Italia di scialpinismo disputata a Spiazzi di Gromo, su un...<\/span><\/div><\/div><\/div><div class=\"x-row e17-e20 mh-7 mh-a mh-b mh-e mh-h\"><div class=\"x-row-inner\"><div class=\"x-col e17-e21 mh-n mh-p mh-q mh-s mh-t mh-u\"><a class=\"x-anchor x-anchor-button e17-e22 mh-2n\" tabindex=\"0\" href=\"https:\/\/comitati.fisi.org\/veneto\/blog\/2026\/03\/23\/scialpinismo-grande-veneto-in-coppa-italia-a-spiazzi-di-gromo\/\"><div class=\"x-anchor-content\"><div class=\"x-anchor-text\"><span class=\"x-anchor-text-primary\">Leggi di pi\u00f9<\/span><\/div><\/div><\/a><\/div><div class=\"x-col e17-e23 mh-n mh-p mh-q mh-s mh-t mh-v\"><div class=\"x-div e17-e24 mh-x mh-y mh-z mh-10 mh-11 mh-12 mh-15 mh-16 mh-17 mh-18\"><a class=\"x-div e17-e25 mh-x mh-11 mh-12 mh-15 mh-19 mh-1a mh-1b\" href=\"#prev\" data-x-effect-provider=\"colors particles effects\" data-x-slide-prev=\"\"><i class=\"x-icon e17-e26 mh-2o\" aria-hidden=\"true\" data-x-icon-s=\"&#xf104;\"><\/i><\/a><a class=\"x-div e17-e27 mh-x mh-y mh-11 mh-12 mh-15 mh-19 mh-1a mh-1c\" href=\"#next\" data-x-effect-provider=\"colors particles effects\" data-x-slide-next=\"\"><i class=\"x-icon e17-e28 mh-2o\" aria-hidden=\"true\" data-x-icon-s=\"&#xf105;\"><\/i><\/a><\/div><\/div><\/div><\/div><\/div><\/div><div class=\"x-slide e17-e16 mh-1h mh-1j\" data-x-slide=\"\"><div class=\"x-bg\" aria-hidden=\"true\"><div class=\"x-bg-layer-lower-image\" style=\" background-image: url(https:\/\/comitati.fisi.org\/veneto\/wp-content\/uploads\/sites\/39\/2020\/01\/pista-lino-lacedelli-2020.png); background-repeat: no-repeat; background-position: center; background-size: cover;\"><\/div><div class=\"x-bg-layer-upper-color\" style=\" background-color: rgba(255, 255, 255, 0.1);\"><\/div><\/div><div class=\"x-div e17-e17 mh-x mh-y mh-z mh-13 mh-14\"><div class=\"x-text x-text-headline e17-e18 mh-1k mh-1l mh-1m mh-1n mh-1u mh-1w mh-1x mh-1y mh-1z\"><div class=\"x-text-content\"><div class=\"x-text-content-text\"><span class=\"x-text-content-text-primary\">Alpino, al via oggi i Tricolori Aspiranti<\/span><\/div><\/div><\/div><div class=\"x-text x-text-headline e17-e19 mh-1l mh-1m mh-1n mh-1u mh-1x mh-1y mh-20 mh-21 mh-22\"><div class=\"x-text-content\"><div class=\"x-text-content-text\"><span class=\"x-text-content-text-primary\">Inizia con la prova delle discesa femminile l&#8217;edizione 2026 del Campionato italiano Aspiranti, a cura dello Sci club 2000. Sono 58 le Under 18 in...<\/span><\/div><\/div><\/div><div class=\"x-row e17-e20 mh-7 mh-a mh-b mh-e mh-h\"><div class=\"x-row-inner\"><div class=\"x-col e17-e21 mh-n mh-p mh-q mh-s mh-t mh-u\"><a class=\"x-anchor x-anchor-button e17-e22 mh-2n\" tabindex=\"0\" href=\"https:\/\/comitati.fisi.org\/veneto\/blog\/2026\/03\/23\/alpino-al-via-i-tricolori-aspiranti\/\"><div class=\"x-anchor-content\"><div class=\"x-anchor-text\"><span class=\"x-anchor-text-primary\">Leggi di pi\u00f9<\/span><\/div><\/div><\/a><\/div><div class=\"x-col e17-e23 mh-n mh-p mh-q mh-s mh-t mh-v\"><div class=\"x-div e17-e24 mh-x mh-y mh-z mh-10 mh-11 mh-12 mh-15 mh-16 mh-17 mh-18\"><a class=\"x-div e17-e25 mh-x mh-11 mh-12 mh-15 mh-19 mh-1a mh-1b\" href=\"#prev\" data-x-effect-provider=\"colors particles effects\" data-x-slide-prev=\"\"><i class=\"x-icon e17-e26 mh-2o\" aria-hidden=\"true\" data-x-icon-s=\"&#xf104;\"><\/i><\/a><a class=\"x-div e17-e27 mh-x mh-y mh-11 mh-12 mh-15 mh-19 mh-1a mh-1c\" href=\"#next\" data-x-effect-provider=\"colors particles effects\" data-x-slide-next=\"\"><i class=\"x-icon e17-e28 mh-2o\" aria-hidden=\"true\" data-x-icon-s=\"&#xf105;\"><\/i><\/a><\/div><\/div><\/div><\/div><\/div><\/div><div class=\"x-slide e17-e16 mh-1h mh-1j\" data-x-slide=\"\"><div class=\"x-bg\" aria-hidden=\"true\"><div class=\"x-bg-layer-lower-image\" style=\" background-image: url(https:\/\/comitati.fisi.org\/veneto\/wp-content\/uploads\/sites\/39\/2026\/03\/vanessa-cagnati_medaglia_terza-classifica-finale-fesa-cup-25-26-Copia.jpg); background-repeat: no-repeat; background-position: center; background-size: cover;\"><\/div><div class=\"x-bg-layer-upper-color\" style=\" background-color: rgba(255, 255, 255, 0.1);\"><\/div><\/div><div class=\"x-div e17-e17 mh-x mh-y mh-z mh-13 mh-14\"><div class=\"x-text x-text-headline e17-e18 mh-1k mh-1l mh-1m mh-1n mh-1u mh-1w mh-1x mh-1y mh-1z\"><div class=\"x-text-content\"><div class=\"x-text-content-text\"><span class=\"x-text-content-text-primary\">Fondo, Vanessa Cagnati terza nella classifica finale della Fesa Cup Under 20<\/span><\/div><\/div><\/div><div class=\"x-text x-text-headline e17-e19 mh-1l mh-1m mh-1n mh-1u mh-1x mh-1y mh-20 mh-21 mh-22\"><div class=\"x-text-content\"><div class=\"x-text-content-text\"><span class=\"x-text-content-text-primary\">Oggi a Santa Caterina Valfurva (Sondrio) si \u00e8 chiusa la Fesa Cup, il circuito dei paesi alpini. In programma c\u2019era una 10 km inseguimento in...<\/span><\/div><\/div><\/div><div class=\"x-row e17-e20 mh-7 mh-a mh-b mh-e mh-h\"><div class=\"x-row-inner\"><div class=\"x-col e17-e21 mh-n mh-p mh-q mh-s mh-t mh-u\"><a class=\"x-anchor x-anchor-button e17-e22 mh-2n\" tabindex=\"0\" href=\"https:\/\/comitati.fisi.org\/veneto\/blog\/2026\/03\/22\/fondo-vanessa-cagnati-terza-nella-classifica-finale-della-fesa-cup-under-20\/\"><div class=\"x-anchor-content\"><div class=\"x-anchor-text\"><span class=\"x-anchor-text-primary\">Leggi di pi\u00f9<\/span><\/div><\/div><\/a><\/div><div class=\"x-col e17-e23 mh-n mh-p mh-q mh-s mh-t mh-v\"><div class=\"x-div e17-e24 mh-x mh-y mh-z mh-10 mh-11 mh-12 mh-15 mh-16 mh-17 mh-18\"><a class=\"x-div e17-e25 mh-x mh-11 mh-12 mh-15 mh-19 mh-1a mh-1b\" href=\"#prev\" data-x-effect-provider=\"colors particles effects\" data-x-slide-prev=\"\"><i class=\"x-icon e17-e26 mh-2o\" aria-hidden=\"true\" data-x-icon-s=\"&#xf104;\"><\/i><\/a><a class=\"x-div e17-e27 mh-x mh-y mh-11 mh-12 mh-15 mh-19 mh-1a mh-1c\" href=\"#next\" data-x-effect-provider=\"colors particles effects\" data-x-slide-next=\"\"><i class=\"x-icon e17-e28 mh-2o\" aria-hidden=\"true\" data-x-icon-s=\"&#xf105;\"><\/i><\/a><\/div><\/div><\/div><\/div><\/div><\/div><div class=\"x-slide e17-e16 mh-1h mh-1j\" data-x-slide=\"\"><div class=\"x-bg\" aria-hidden=\"true\"><div class=\"x-bg-layer-lower-image\" style=\" background-image: url(https:\/\/comitati.fisi.org\/veneto\/wp-content\/uploads\/sites\/39\/2026\/01\/Barp_Viso02-sprint-tc-3-gen-2026-fiemme-tour-de-ski-scaled.jpg); background-repeat: no-repeat; background-position: center; background-size: cover;\"><\/div><div class=\"x-bg-layer-upper-color\" style=\" background-color: rgba(255, 255, 255, 0.1);\"><\/div><\/div><div class=\"x-div e17-e17 mh-x mh-y mh-z mh-13 mh-14\"><div class=\"x-text x-text-headline e17-e18 mh-1k mh-1l mh-1m mh-1n mh-1u mh-1w mh-1x mh-1y mh-1z\"><div class=\"x-text-content\"><div class=\"x-text-content-text\"><span class=\"x-text-content-text-primary\">Fondo, Elia Barp ottavo nella classifica generale finale della Coppa del Mondo 2025-2026<\/span><\/div><\/div><\/div><div class=\"x-text x-text-headline e17-e19 mh-1l mh-1m mh-1n mh-1u mh-1x mh-1y mh-20 mh-21 mh-22\"><div class=\"x-text-content\"><div class=\"x-text-content-text\"><span class=\"x-text-content-text-primary\">Si conclude con un 14.mo posto la Coppa del Mondo 2025-2026 di Elia Barp. Oggi il circuito ha proposto la 20 km mass start skating...<\/span><\/div><\/div><\/div><div class=\"x-row e17-e20 mh-7 mh-a mh-b mh-e mh-h\"><div class=\"x-row-inner\"><div class=\"x-col e17-e21 mh-n mh-p mh-q mh-s mh-t mh-u\"><a class=\"x-anchor x-anchor-button e17-e22 mh-2n\" tabindex=\"0\" href=\"https:\/\/comitati.fisi.org\/veneto\/blog\/2026\/03\/22\/fondo-elia-barp-ottavo-nella-classifica-generale-finale-della-coppa-del-mondo-2025-2026\/\"><div class=\"x-anchor-content\"><div class=\"x-anchor-text\"><span class=\"x-anchor-text-primary\">Leggi di pi\u00f9<\/span><\/div><\/div><\/a><\/div><div class=\"x-col e17-e23 mh-n mh-p mh-q mh-s mh-t mh-v\"><div class=\"x-div e17-e24 mh-x mh-y mh-z mh-10 mh-11 mh-12 mh-15 mh-16 mh-17 mh-18\"><a class=\"x-div e17-e25 mh-x mh-11 mh-12 mh-15 mh-19 mh-1a mh-1b\" href=\"#prev\" data-x-effect-provider=\"colors particles effects\" data-x-slide-prev=\"\"><i class=\"x-icon e17-e26 mh-2o\" aria-hidden=\"true\" data-x-icon-s=\"&#xf104;\"><\/i><\/a><a class=\"x-div e17-e27 mh-x mh-y mh-11 mh-12 mh-15 mh-19 mh-1a mh-1c\" href=\"#next\" data-x-effect-provider=\"colors particles effects\" data-x-slide-next=\"\"><i class=\"x-icon e17-e28 mh-2o\" aria-hidden=\"true\" data-x-icon-s=\"&#xf105;\"><\/i><\/a><\/div><\/div><\/div><\/div><\/div><\/div><div class=\"x-slide e17-e16 mh-1h mh-1j\" data-x-slide=\"\"><div class=\"x-bg\" aria-hidden=\"true\"><div class=\"x-bg-layer-lower-image\" style=\" background-image: url(https:\/\/comitati.fisi.org\/veneto\/wp-content\/uploads\/sites\/39\/2026\/03\/giovanni-stefani-e-agnese-pais-bianco-vittoriosi-coppa-veneto-GS-alpe-lusia-22-marzo-2026-Copia.jpeg); background-repeat: no-repeat; background-position: center; background-size: cover;\"><\/div><div class=\"x-bg-layer-upper-color\" style=\" background-color: rgba(255, 255, 255, 0.1);\"><\/div><\/div><div class=\"x-div e17-e17 mh-x mh-y mh-z mh-13 mh-14\"><div class=\"x-text x-text-headline e17-e18 mh-1k mh-1l mh-1m mh-1n mh-1u mh-1w mh-1x mh-1y mh-1z\"><div class=\"x-text-content\"><div class=\"x-text-content-text\"><span class=\"x-text-content-text-primary\">Alpino, Giovanni Stefani e Agnese Pais Bianco brillano in Coppa Veneto Bcc Veneta<\/span><\/div><\/div><\/div><div class=\"x-text x-text-headline e17-e19 mh-1l mh-1m mh-1n mh-1u mh-1x mh-1y mh-20 mh-21 mh-22\"><div class=\"x-text-content\"><div class=\"x-text-content-text\"><span class=\"x-text-content-text-primary\">Organizzazione Sci club Val Biois...<\/span><\/div><\/div><\/div><div class=\"x-row e17-e20 mh-7 mh-a mh-b mh-e mh-h\"><div class=\"x-row-inner\"><div class=\"x-col e17-e21 mh-n mh-p mh-q mh-s mh-t mh-u\"><a class=\"x-anchor x-anchor-button e17-e22 mh-2n\" tabindex=\"0\" href=\"https:\/\/comitati.fisi.org\/veneto\/blog\/2026\/03\/22\/alpino-giovanni-stefani-e-agnese-pais-bianco-brillano-in-coppa-veneto-bcc-veneta\/\"><div class=\"x-anchor-content\"><div class=\"x-anchor-text\"><span class=\"x-anchor-text-primary\">Leggi di pi\u00f9<\/span><\/div><\/div><\/a><\/div><div class=\"x-col e17-e23 mh-n mh-p mh-q mh-s mh-t mh-v\"><div class=\"x-div e17-e24 mh-x mh-y mh-z mh-10 mh-11 mh-12 mh-15 mh-16 mh-17 mh-18\"><a class=\"x-div e17-e25 mh-x mh-11 mh-12 mh-15 mh-19 mh-1a mh-1b\" href=\"#prev\" data-x-effect-provider=\"colors particles effects\" data-x-slide-prev=\"\"><i class=\"x-icon e17-e26 mh-2o\" aria-hidden=\"true\" data-x-icon-s=\"&#xf104;\"><\/i><\/a><a class=\"x-div e17-e27 mh-x mh-y mh-11 mh-12 mh-15 mh-19 mh-1a mh-1c\" href=\"#next\" data-x-effect-provider=\"colors particles effects\" data-x-slide-next=\"\"><i class=\"x-icon e17-e28 mh-2o\" aria-hidden=\"true\" data-x-icon-s=\"&#xf105;\"><\/i><\/a><\/div><\/div><\/div><\/div><\/div><\/div><div class=\"x-slide e17-e16 mh-1h mh-1j\" data-x-slide=\"\"><div class=\"x-bg\" aria-hidden=\"true\"><div class=\"x-bg-layer-lower-image\" style=\" background-image: url(https:\/\/comitati.fisi.org\/veneto\/wp-content\/uploads\/sites\/39\/2026\/03\/da-sx-zaccaria-tognato-lusini-e-giorgia-resente-criterium-cuccioli-corno-alle-scale-22-marzo-2026-Copia.jpeg); background-repeat: no-repeat; background-position: center; background-size: cover;\"><\/div><div class=\"x-bg-layer-upper-color\" style=\" background-color: rgba(255, 255, 255, 0.1);\"><\/div><\/div><div class=\"x-div e17-e17 mh-x mh-y mh-z mh-13 mh-14\"><div class=\"x-text x-text-headline e17-e18 mh-1k mh-1l mh-1m mh-1n mh-1u mh-1w mh-1x mh-1y mh-1z\"><div class=\"x-text-content\"><div class=\"x-text-content-text\"><span class=\"x-text-content-text-primary\">Alpino, in cinque sul podio al Criterium Cuccioli<\/span><\/div><\/div><\/div><div class=\"x-text x-text-headline e17-e19 mh-1l mh-1m mh-1n mh-1u mh-1x mh-1y mh-20 mh-21 mh-22\"><div class=\"x-text-content\"><div class=\"x-text-content-text\"><span class=\"x-text-content-text-primary\">In evidenza Gregorio Marabelli Galli (Nhoa Game Academy), Chiara Bortoli (Unione Sportiva Asiago Sci), Ludovica Di Gallo (Sci Club Cortina), Giorgia Resente (Sci Club Drusci\u00e8...<\/span><\/div><\/div><\/div><div class=\"x-row e17-e20 mh-7 mh-a mh-b mh-e mh-h\"><div class=\"x-row-inner\"><div class=\"x-col e17-e21 mh-n mh-p mh-q mh-s mh-t mh-u\"><a class=\"x-anchor x-anchor-button e17-e22 mh-2n\" tabindex=\"0\" href=\"https:\/\/comitati.fisi.org\/veneto\/blog\/2026\/03\/22\/alpino-in-quattro-a-podio-al-criterium-cuccioli\/\"><div class=\"x-anchor-content\"><div class=\"x-anchor-text\"><span class=\"x-anchor-text-primary\">Leggi di pi\u00f9<\/span><\/div><\/div><\/a><\/div><div class=\"x-col e17-e23 mh-n mh-p mh-q mh-s mh-t mh-v\"><div class=\"x-div e17-e24 mh-x mh-y mh-z mh-10 mh-11 mh-12 mh-15 mh-16 mh-17 mh-18\"><a class=\"x-div e17-e25 mh-x mh-11 mh-12 mh-15 mh-19 mh-1a mh-1b\" href=\"#prev\" data-x-effect-provider=\"colors particles effects\" data-x-slide-prev=\"\"><i class=\"x-icon e17-e26 mh-2o\" aria-hidden=\"true\" data-x-icon-s=\"&#xf104;\"><\/i><\/a><a class=\"x-div e17-e27 mh-x mh-y mh-11 mh-12 mh-15 mh-19 mh-1a mh-1c\" href=\"#next\" data-x-effect-provider=\"colors particles effects\" data-x-slide-next=\"\"><i class=\"x-icon e17-e28 mh-2o\" aria-hidden=\"true\" data-x-icon-s=\"&#xf105;\"><\/i><\/a><\/div><\/div><\/div><\/div><\/div><\/div><div class=\"x-slide e17-e16 mh-1h mh-1j\" data-x-slide=\"\"><div class=\"x-bg\" aria-hidden=\"true\"><div class=\"x-bg-layer-lower-image\" style=\" background-image: url(https:\/\/comitati.fisi.org\/veneto\/wp-content\/uploads\/sites\/39\/2026\/03\/podio-giovani-M-camp-reg-biathlon-zoldo-22-marzo-2026.jpeg); background-repeat: no-repeat; background-position: center; background-size: cover;\"><\/div><div class=\"x-bg-layer-upper-color\" style=\" background-color: rgba(255, 255, 255, 0.1);\"><\/div><\/div><div class=\"x-div e17-e17 mh-x mh-y mh-z mh-13 mh-14\"><div class=\"x-text x-text-headline e17-e18 mh-1k mh-1l mh-1m mh-1n mh-1u mh-1w mh-1x mh-1y mh-1z\"><div class=\"x-text-content\"><div class=\"x-text-content-text\"><span class=\"x-text-content-text-primary\">Biathlon, i risultati del campionato regionale<\/span><\/div><\/div><\/div><div class=\"x-text x-text-headline e17-e19 mh-1l mh-1m mh-1n mh-1u mh-1x mh-1y mh-20 mh-21 mh-22\"><div class=\"x-text-content\"><div class=\"x-text-content-text\"><span class=\"x-text-content-text-primary\">Organizzazione Sci club Valzoldana...<\/span><\/div><\/div><\/div><div class=\"x-row e17-e20 mh-7 mh-a mh-b mh-e mh-h\"><div class=\"x-row-inner\"><div class=\"x-col e17-e21 mh-n mh-p mh-q mh-s mh-t mh-u\"><a class=\"x-anchor x-anchor-button e17-e22 mh-2n\" tabindex=\"0\" href=\"https:\/\/comitati.fisi.org\/veneto\/blog\/2026\/03\/22\/biathlon-i-risultati-del-campionato-regionale-2\/\"><div class=\"x-anchor-content\"><div class=\"x-anchor-text\"><span class=\"x-anchor-text-primary\">Leggi di pi\u00f9<\/span><\/div><\/div><\/a><\/div><div class=\"x-col e17-e23 mh-n mh-p mh-q mh-s mh-t mh-v\"><div class=\"x-div e17-e24 mh-x mh-y mh-z mh-10 mh-11 mh-12 mh-15 mh-16 mh-17 mh-18\"><a class=\"x-div e17-e25 mh-x mh-11 mh-12 mh-15 mh-19 mh-1a mh-1b\" href=\"#prev\" data-x-effect-provider=\"colors particles effects\" data-x-slide-prev=\"\"><i class=\"x-icon e17-e26 mh-2o\" aria-hidden=\"true\" data-x-icon-s=\"&#xf104;\"><\/i><\/a><a class=\"x-div e17-e27 mh-x mh-y mh-11 mh-12 mh-15 mh-19 mh-1a mh-1c\" href=\"#next\" data-x-effect-provider=\"colors particles effects\" data-x-slide-next=\"\"><i class=\"x-icon e17-e28 mh-2o\" aria-hidden=\"true\" data-x-icon-s=\"&#xf105;\"><\/i><\/a><\/div><\/div><\/div><\/div><\/div><\/div><div class=\"x-slide e17-e16 mh-1h mh-1j\" data-x-slide=\"\"><div class=\"x-bg\" aria-hidden=\"true\"><div class=\"x-bg-layer-lower-image\" style=\" background-image: url(https:\/\/comitati.fisi.org\/veneto\/wp-content\/uploads\/sites\/39\/2026\/03\/skicross-camp-reg-Allieve-san-pellegrino-22-marzo-2026.jpeg); background-repeat: no-repeat; background-position: center; background-size: cover;\"><\/div><div class=\"x-bg-layer-upper-color\" style=\" background-color: rgba(255, 255, 255, 0.1);\"><\/div><\/div><div class=\"x-div e17-e17 mh-x mh-y mh-z mh-13 mh-14\"><div class=\"x-text x-text-headline e17-e18 mh-1k mh-1l mh-1m mh-1n mh-1u mh-1w mh-1x mh-1y mh-1z\"><div class=\"x-text-content\"><div class=\"x-text-content-text\"><span class=\"x-text-content-text-primary\">Skicross, Tomea e Zennaro sono i nuovi campioni regionali Allievi<\/span><\/div><\/div><\/div><div class=\"x-text x-text-headline e17-e19 mh-1l mh-1m mh-1n mh-1u mh-1x mh-1y mh-20 mh-21 mh-22\"><div class=\"x-text-content\"><div class=\"x-text-content-text\"><span class=\"x-text-content-text-primary\">Organizzazione Patavium Sci...<\/span><\/div><\/div><\/div><div class=\"x-row e17-e20 mh-7 mh-a mh-b mh-e mh-h\"><div class=\"x-row-inner\"><div class=\"x-col e17-e21 mh-n mh-p mh-q mh-s mh-t mh-u\"><a class=\"x-anchor x-anchor-button e17-e22 mh-2n\" tabindex=\"0\" href=\"https:\/\/comitati.fisi.org\/veneto\/blog\/2026\/03\/22\/skicross-tomea-e-zennaro-sono-i-nuovi-campioni-regionali-allievi\/\"><div class=\"x-anchor-content\"><div class=\"x-anchor-text\"><span class=\"x-anchor-text-primary\">Leggi di pi\u00f9<\/span><\/div><\/div><\/a><\/div><div class=\"x-col e17-e23 mh-n mh-p mh-q mh-s mh-t mh-v\"><div class=\"x-div e17-e24 mh-x mh-y mh-z mh-10 mh-11 mh-12 mh-15 mh-16 mh-17 mh-18\"><a class=\"x-div e17-e25 mh-x mh-11 mh-12 mh-15 mh-19 mh-1a mh-1b\" href=\"#prev\" data-x-effect-provider=\"colors particles effects\" data-x-slide-prev=\"\"><i class=\"x-icon e17-e26 mh-2o\" aria-hidden=\"true\" data-x-icon-s=\"&#xf104;\"><\/i><\/a><a class=\"x-div e17-e27 mh-x mh-y mh-11 mh-12 mh-15 mh-19 mh-1a mh-1c\" href=\"#next\" data-x-effect-provider=\"colors particles effects\" data-x-slide-next=\"\"><i class=\"x-icon e17-e28 mh-2o\" aria-hidden=\"true\" data-x-icon-s=\"&#xf105;\"><\/i><\/a><\/div><\/div><\/div><\/div><\/div><\/div><div class=\"x-slide e17-e16 mh-1h mh-1j\" data-x-slide=\"\"><div class=\"x-bg\" aria-hidden=\"true\"><div class=\"x-bg-layer-lower-image\" style=\" background-image: url(https:\/\/comitati.fisi.org\/veneto\/wp-content\/uploads\/sites\/39\/2026\/03\/premiazione-trofeo-societa-alleghe-22-marzo-2026-vittoria-sc-cortina.jpeg); background-repeat: no-repeat; background-position: center; background-size: cover;\"><\/div><div class=\"x-bg-layer-upper-color\" style=\" background-color: rgba(255, 255, 255, 0.1);\"><\/div><\/div><div class=\"x-div e17-e17 mh-x mh-y mh-z mh-13 mh-14\"><div class=\"x-text x-text-headline e17-e18 mh-1k mh-1l mh-1m mh-1n mh-1u mh-1w mh-1x mh-1y mh-1z\"><div class=\"x-text-content\"><div class=\"x-text-content-text\"><span class=\"x-text-content-text-primary\">Trofeo delle Societ\u00e0, Cortina vince davanti a Croce d&#8217;Aune<\/span><\/div><\/div><\/div><div class=\"x-text x-text-headline e17-e19 mh-1l mh-1m mh-1n mh-1u mh-1x mh-1y mh-20 mh-21 mh-22\"><div class=\"x-text-content\"><div class=\"x-text-content-text\"><span class=\"x-text-content-text-primary\">Organizzazione a cura di Sci club Marzotto...<\/span><\/div><\/div><\/div><div class=\"x-row e17-e20 mh-7 mh-a mh-b mh-e mh-h\"><div class=\"x-row-inner\"><div class=\"x-col e17-e21 mh-n mh-p mh-q mh-s mh-t mh-u\"><a class=\"x-anchor x-anchor-button e17-e22 mh-2n\" tabindex=\"0\" href=\"https:\/\/comitati.fisi.org\/veneto\/blog\/2026\/03\/22\/trofeo-delle-societa-cortina-vince-davanti-a-croce-daune\/\"><div class=\"x-anchor-content\"><div class=\"x-anchor-text\"><span class=\"x-anchor-text-primary\">Leggi di pi\u00f9<\/span><\/div><\/div><\/a><\/div><div class=\"x-col e17-e23 mh-n mh-p mh-q mh-s mh-t mh-v\"><div class=\"x-div e17-e24 mh-x mh-y mh-z mh-10 mh-11 mh-12 mh-15 mh-16 mh-17 mh-18\"><a class=\"x-div e17-e25 mh-x mh-11 mh-12 mh-15 mh-19 mh-1a mh-1b\" href=\"#prev\" data-x-effect-provider=\"colors particles effects\" data-x-slide-prev=\"\"><i class=\"x-icon e17-e26 mh-2o\" aria-hidden=\"true\" data-x-icon-s=\"&#xf104;\"><\/i><\/a><a class=\"x-div e17-e27 mh-x mh-y mh-11 mh-12 mh-15 mh-19 mh-1a mh-1c\" href=\"#next\" data-x-effect-provider=\"colors particles effects\" data-x-slide-next=\"\"><i class=\"x-icon e17-e28 mh-2o\" aria-hidden=\"true\" data-x-icon-s=\"&#xf105;\"><\/i><\/a><\/div><\/div><\/div><\/div><\/div><\/div><div class=\"x-slide e17-e16 mh-1h mh-1j\" data-x-slide=\"\"><div class=\"x-bg\" aria-hidden=\"true\"><div class=\"x-bg-layer-lower-image\" style=\" background-image: url(https:\/\/comitati.fisi.org\/veneto\/wp-content\/uploads\/sites\/39\/2026\/03\/pietro-trentin-giulia-savorgnani-vittoria-coppa-veneto-lusia-21-marzo-2026-Copia.jpeg); background-repeat: no-repeat; background-position: center; background-size: cover;\"><\/div><div class=\"x-bg-layer-upper-color\" style=\" background-color: rgba(255, 255, 255, 0.1);\"><\/div><\/div><div class=\"x-div e17-e17 mh-x mh-y mh-z mh-13 mh-14\"><div class=\"x-text x-text-headline e17-e18 mh-1k mh-1l mh-1m mh-1n mh-1u mh-1w mh-1x mh-1y mh-1z\"><div class=\"x-text-content\"><div class=\"x-text-content-text\"><span class=\"x-text-content-text-primary\">Alpino, Trentin e Savorgnani vincono il gigante di Coppa Veneto Bcc Veneta del Lusia<\/span><\/div><\/div><\/div><div class=\"x-text x-text-headline e17-e19 mh-1l mh-1m mh-1n mh-1u mh-1x mh-1y mh-20 mh-21 mh-22\"><div class=\"x-text-content\"><div class=\"x-text-content-text\"><span class=\"x-text-content-text-primary\">Gigante Fis Njr di Coppa Veneto Bcc Veneta oggi al Lusia. Nella gara maschile successo per l&#8217;austriaco David Knoflach, con Pietro Antonio Fabio Trentin (Sci...<\/span><\/div><\/div><\/div><div class=\"x-row e17-e20 mh-7 mh-a mh-b mh-e mh-h\"><div class=\"x-row-inner\"><div class=\"x-col e17-e21 mh-n mh-p mh-q mh-s mh-t mh-u\"><a class=\"x-anchor x-anchor-button e17-e22 mh-2n\" tabindex=\"0\" href=\"https:\/\/comitati.fisi.org\/veneto\/blog\/2026\/03\/21\/alpino-trentin-e-savorgnani-vincono-il-gigante-di-coppa-veneto-bcc-veneta-del-lusia\/\"><div class=\"x-anchor-content\"><div class=\"x-anchor-text\"><span class=\"x-anchor-text-primary\">Leggi di pi\u00f9<\/span><\/div><\/div><\/a><\/div><div class=\"x-col e17-e23 mh-n mh-p mh-q mh-s mh-t mh-v\"><div class=\"x-div e17-e24 mh-x mh-y mh-z mh-10 mh-11 mh-12 mh-15 mh-16 mh-17 mh-18\"><a class=\"x-div e17-e25 mh-x mh-11 mh-12 mh-15 mh-19 mh-1a mh-1b\" href=\"#prev\" data-x-effect-provider=\"colors particles effects\" data-x-slide-prev=\"\"><i class=\"x-icon e17-e26 mh-2o\" aria-hidden=\"true\" data-x-icon-s=\"&#xf104;\"><\/i><\/a><a class=\"x-div e17-e27 mh-x mh-y mh-11 mh-12 mh-15 mh-19 mh-1a mh-1c\" href=\"#next\" data-x-effect-provider=\"colors particles effects\" data-x-slide-next=\"\"><i class=\"x-icon e17-e28 mh-2o\" aria-hidden=\"true\" data-x-icon-s=\"&#xf105;\"><\/i><\/a><\/div><\/div><\/div><\/div><\/div><\/div><div class=\"x-slide e17-e16 mh-1h mh-1j\" data-x-slide=\"\"><div class=\"x-bg\" aria-hidden=\"true\"><div class=\"x-bg-layer-lower-image\" style=\" background-image: url(https:\/\/comitati.fisi.org\/veneto\/wp-content\/uploads\/sites\/39\/2026\/03\/bormolini.dalmasso-coppe-caffont-2026-21-marzo.jpg); background-repeat: no-repeat; background-position: center; background-size: cover;\"><\/div><div class=\"x-bg-layer-upper-color\" style=\" background-color: rgba(255, 255, 255, 0.1);\"><\/div><\/div><div class=\"x-div e17-e17 mh-x mh-y mh-z mh-13 mh-14\"><div class=\"x-text x-text-headline e17-e18 mh-1k mh-1l mh-1m mh-1n mh-1u mh-1w mh-1x mh-1y mh-1z\"><div class=\"x-text-content\"><div class=\"x-text-content-text\"><span class=\"x-text-content-text-primary\">Snowboard, Dalmasso e Caffont chiudono la Coppa del mondo sul podio<\/span><\/div><\/div><\/div><div class=\"x-text x-text-headline e17-e19 mh-1l mh-1m mh-1n mh-1u mh-1x mh-1y mh-20 mh-21 mh-22\"><div class=\"x-text-content\"><div class=\"x-text-content-text\"><span class=\"x-text-content-text-primary\">Lucia Dalmasso si ripete e vince anche lo slalom parallelo di Winterberg, in Germania, ultimo impegno individuale della stagione di Coppa del Mondo e fa...<\/span><\/div><\/div><\/div><div class=\"x-row e17-e20 mh-7 mh-a mh-b mh-e mh-h\"><div class=\"x-row-inner\"><div class=\"x-col e17-e21 mh-n mh-p mh-q mh-s mh-t mh-u\"><a class=\"x-anchor x-anchor-button e17-e22 mh-2n\" tabindex=\"0\" href=\"https:\/\/comitati.fisi.org\/veneto\/blog\/2026\/03\/21\/snowboard-dalmasso-e-caffont-chiudono-la-coppa-del-mondo-sul-podio\/\"><div class=\"x-anchor-content\"><div class=\"x-anchor-text\"><span class=\"x-anchor-text-primary\">Leggi di pi\u00f9<\/span><\/div><\/div><\/a><\/div><div class=\"x-col e17-e23 mh-n mh-p mh-q mh-s mh-t mh-v\"><div class=\"x-div e17-e24 mh-x mh-y mh-z mh-10 mh-11 mh-12 mh-15 mh-16 mh-17 mh-18\"><a class=\"x-div e17-e25 mh-x mh-11 mh-12 mh-15 mh-19 mh-1a mh-1b\" href=\"#prev\" data-x-effect-provider=\"colors particles effects\" data-x-slide-prev=\"\"><i class=\"x-icon e17-e26 mh-2o\" aria-hidden=\"true\" data-x-icon-s=\"&#xf104;\"><\/i><\/a><a class=\"x-div e17-e27 mh-x mh-y mh-11 mh-12 mh-15 mh-19 mh-1a mh-1c\" href=\"#next\" data-x-effect-provider=\"colors particles effects\" data-x-slide-next=\"\"><i class=\"x-icon e17-e28 mh-2o\" aria-hidden=\"true\" data-x-icon-s=\"&#xf105;\"><\/i><\/a><\/div><\/div><\/div><\/div><\/div><\/div><div class=\"x-slide e17-e16 mh-1h mh-1j\" data-x-slide=\"\"><div class=\"x-bg\" aria-hidden=\"true\"><div class=\"x-bg-layer-lower-image\" style=\" background-image: url(https:\/\/comitati.fisi.org\/veneto\/wp-content\/uploads\/sites\/39\/2026\/03\/skicross-camp-reg-21-marzo-RAGAZZI-San-Pellegrino.jpeg); background-repeat: no-repeat; background-position: center; background-size: cover;\"><\/div><div class=\"x-bg-layer-upper-color\" style=\" background-color: rgba(255, 255, 255, 0.1);\"><\/div><\/div><div class=\"x-div e17-e17 mh-x mh-y mh-z mh-13 mh-14\"><div class=\"x-text x-text-headline e17-e18 mh-1k mh-1l mh-1m mh-1n mh-1u mh-1w mh-1x mh-1y mh-1z\"><div class=\"x-text-content\"><div class=\"x-text-content-text\"><span class=\"x-text-content-text-primary\">Skicross, Marcolongo e Pastro campioni regionali di skicross<\/span><\/div><\/div><\/div><div class=\"x-text x-text-headline e17-e19 mh-1l mh-1m mh-1n mh-1u mh-1x mh-1y mh-20 mh-21 mh-22\"><div class=\"x-text-content\"><div class=\"x-text-content-text\"><span class=\"x-text-content-text-primary\">Campionato regionale di skicross per la categoria Ragazzi oggi alla Ski Area San Pellegrino &#8211; Dolomiti.In ambito maschile vittoria per Thomas Pastro (Nhoa Game Academy)...<\/span><\/div><\/div><\/div><div class=\"x-row e17-e20 mh-7 mh-a mh-b mh-e mh-h\"><div class=\"x-row-inner\"><div class=\"x-col e17-e21 mh-n mh-p mh-q mh-s mh-t mh-u\"><a class=\"x-anchor x-anchor-button e17-e22 mh-2n\" tabindex=\"0\" href=\"https:\/\/comitati.fisi.org\/veneto\/blog\/2026\/03\/21\/skicross-marcolongo-e-pastro-campioni-regionali-di-skicross\/\"><div class=\"x-anchor-content\"><div class=\"x-anchor-text\"><span class=\"x-anchor-text-primary\">Leggi di pi\u00f9<\/span><\/div><\/div><\/a><\/div><div class=\"x-col e17-e23 mh-n mh-p mh-q mh-s mh-t mh-v\"><div class=\"x-div e17-e24 mh-x mh-y mh-z mh-10 mh-11 mh-12 mh-15 mh-16 mh-17 mh-18\"><a class=\"x-div e17-e25 mh-x mh-11 mh-12 mh-15 mh-19 mh-1a mh-1b\" href=\"#prev\" data-x-effect-provider=\"colors particles effects\" data-x-slide-prev=\"\"><i class=\"x-icon e17-e26 mh-2o\" aria-hidden=\"true\" data-x-icon-s=\"&#xf104;\"><\/i><\/a><a class=\"x-div e17-e27 mh-x mh-y mh-11 mh-12 mh-15 mh-19 mh-1a mh-1c\" href=\"#next\" data-x-effect-provider=\"colors particles effects\" data-x-slide-next=\"\"><i class=\"x-icon e17-e28 mh-2o\" aria-hidden=\"true\" data-x-icon-s=\"&#xf105;\"><\/i><\/a><\/div><\/div><\/div><\/div><\/div><\/div><div class=\"x-slide e17-e16 mh-1h mh-1j\" data-x-slide=\"\"><div class=\"x-bg\" aria-hidden=\"true\"><div class=\"x-bg-layer-lower-image\" style=\" background-image: url(https:\/\/comitati.fisi.org\/veneto\/wp-content\/uploads\/sites\/39\/2026\/03\/GOBBO-MATILDE-Copia.jpg); background-repeat: no-repeat; background-position: center; background-size: cover;\"><\/div><div class=\"x-bg-layer-upper-color\" style=\" background-color: rgba(255, 255, 255, 0.1);\"><\/div><\/div><div class=\"x-div e17-e17 mh-x mh-y mh-z mh-13 mh-14\"><div class=\"x-text x-text-headline e17-e18 mh-1k mh-1l mh-1m mh-1n mh-1u mh-1w mh-1x mh-1y mh-1z\"><div class=\"x-text-content\"><div class=\"x-text-content-text\"><span class=\"x-text-content-text-primary\">Alpino, Gobbo e Gios campioni regionali Allievi di superG<\/span><\/div><\/div><\/div><div class=\"x-text x-text-headline e17-e19 mh-1l mh-1m mh-1n mh-1u mh-1x mh-1y mh-20 mh-21 mh-22\"><div class=\"x-text-content\"><div class=\"x-text-content-text\"><span class=\"x-text-content-text-primary\">...<\/span><\/div><\/div><\/div><div class=\"x-row e17-e20 mh-7 mh-a mh-b mh-e mh-h\"><div class=\"x-row-inner\"><div class=\"x-col e17-e21 mh-n mh-p mh-q mh-s mh-t mh-u\"><a class=\"x-anchor x-anchor-button e17-e22 mh-2n\" tabindex=\"0\" href=\"https:\/\/comitati.fisi.org\/veneto\/blog\/2026\/03\/21\/alpino-gobbo-e-gios-campioni-regionali-allievi-di-superg\/\"><div class=\"x-anchor-content\"><div class=\"x-anchor-text\"><span class=\"x-anchor-text-primary\">Leggi di pi\u00f9<\/span><\/div><\/div><\/a><\/div><div class=\"x-col e17-e23 mh-n mh-p mh-q mh-s mh-t mh-v\"><div class=\"x-div e17-e24 mh-x mh-y mh-z mh-10 mh-11 mh-12 mh-15 mh-16 mh-17 mh-18\"><a class=\"x-div e17-e25 mh-x mh-11 mh-12 mh-15 mh-19 mh-1a mh-1b\" href=\"#prev\" data-x-effect-provider=\"colors particles effects\" data-x-slide-prev=\"\"><i class=\"x-icon e17-e26 mh-2o\" aria-hidden=\"true\" data-x-icon-s=\"&#xf104;\"><\/i><\/a><a class=\"x-div e17-e27 mh-x mh-y mh-11 mh-12 mh-15 mh-19 mh-1a mh-1c\" href=\"#next\" data-x-effect-provider=\"colors particles effects\" data-x-slide-next=\"\"><i class=\"x-icon e17-e28 mh-2o\" aria-hidden=\"true\" data-x-icon-s=\"&#xf105;\"><\/i><\/a><\/div><\/div><\/div><\/div><\/div><\/div><div class=\"x-slide e17-e16 mh-1h mh-1j\" data-x-slide=\"\"><div class=\"x-bg\" aria-hidden=\"true\"><div class=\"x-bg-layer-lower-image\" style=\" background-image: url(https:\/\/comitati.fisi.org\/veneto\/wp-content\/uploads\/sites\/39\/2024\/01\/Barp_Viso-elia-val-di-fiemme-15-km-tc-tour-ski-6-gen-2024-Copia-scaled-1.jpg); background-repeat: no-repeat; background-position: center; background-size: cover;\"><\/div><div class=\"x-bg-layer-upper-color\" style=\" background-color: rgba(255, 255, 255, 0.1);\"><\/div><\/div><div class=\"x-div e17-e17 mh-x mh-y mh-z mh-13 mh-14\"><div class=\"x-text x-text-headline e17-e18 mh-1k mh-1l mh-1m mh-1n mh-1u mh-1w mh-1x mh-1y mh-1z\"><div class=\"x-text-content\"><div class=\"x-text-content-text\"><span class=\"x-text-content-text-primary\">Fondo, grande ottavo posto per Barp a Lake Placid<\/span><\/div><\/div><\/div><div class=\"x-text x-text-headline e17-e19 mh-1l mh-1m mh-1n mh-1u mh-1x mh-1y mh-20 mh-21 mh-22\"><div class=\"x-text-content\"><div class=\"x-text-content-text\"><span class=\"x-text-content-text-primary\">Oggi le sprint, domani le mass start che concludono la Coppa del mondo 2025-2026...<\/span><\/div><\/div><\/div><div class=\"x-row e17-e20 mh-7 mh-a mh-b mh-e mh-h\"><div class=\"x-row-inner\"><div class=\"x-col e17-e21 mh-n mh-p mh-q mh-s mh-t mh-u\"><a class=\"x-anchor x-anchor-button e17-e22 mh-2n\" tabindex=\"0\" href=\"https:\/\/comitati.fisi.org\/veneto\/blog\/2026\/03\/21\/fondo-grande-ottavo-posto-per-barp-a-lake-placid\/\"><div class=\"x-anchor-content\"><div class=\"x-anchor-text\"><span class=\"x-anchor-text-primary\">Leggi di pi\u00f9<\/span><\/div><\/div><\/a><\/div><div class=\"x-col e17-e23 mh-n mh-p mh-q mh-s mh-t mh-v\"><div class=\"x-div e17-e24 mh-x mh-y mh-z mh-10 mh-11 mh-12 mh-15 mh-16 mh-17 mh-18\"><a class=\"x-div e17-e25 mh-x mh-11 mh-12 mh-15 mh-19 mh-1a mh-1b\" href=\"#prev\" data-x-effect-provider=\"colors particles effects\" data-x-slide-prev=\"\"><i class=\"x-icon e17-e26 mh-2o\" aria-hidden=\"true\" data-x-icon-s=\"&#xf104;\"><\/i><\/a><a class=\"x-div e17-e27 mh-x mh-y mh-11 mh-12 mh-15 mh-19 mh-1a mh-1c\" href=\"#next\" data-x-effect-provider=\"colors particles effects\" data-x-slide-next=\"\"><i class=\"x-icon e17-e28 mh-2o\" aria-hidden=\"true\" data-x-icon-s=\"&#xf105;\"><\/i><\/a><\/div><\/div><\/div><\/div><\/div><\/div><div class=\"x-slide e17-e16 mh-1h mh-1j\" data-x-slide=\"\"><div class=\"x-bg\" aria-hidden=\"true\"><div class=\"x-bg-layer-lower-image\" style=\" background-image: url(https:\/\/comitati.fisi.org\/veneto\/wp-content\/uploads\/sites\/39\/2026\/01\/vanessa-cagnati-vittoria-10-km-tc-junior-camp-ita-falcade-18-gen-2026-scaled.jpg); background-repeat: no-repeat; background-position: center; background-size: cover;\"><\/div><div class=\"x-bg-layer-upper-color\" style=\" background-color: rgba(255, 255, 255, 0.1);\"><\/div><\/div><div class=\"x-div e17-e17 mh-x mh-y mh-z mh-13 mh-14\"><div class=\"x-text x-text-headline e17-e18 mh-1k mh-1l mh-1m mh-1n mh-1u mh-1w mh-1x mh-1y mh-1z\"><div class=\"x-text-content\"><div class=\"x-text-content-text\"><span class=\"x-text-content-text-primary\">Fondo, Vanessa Cagnati quarta nella 10 km delle finali di Fesa Cup<\/span><\/div><\/div><\/div><div class=\"x-text x-text-headline e17-e19 mh-1l mh-1m mh-1n mh-1u mh-1x mh-1y mh-20 mh-21 mh-22\"><div class=\"x-text-content\"><div class=\"x-text-content-text\"><span class=\"x-text-content-text-primary\">13.ma Caterina Milani e 35.ma Anna Morandini...<\/span><\/div><\/div><\/div><div class=\"x-row e17-e20 mh-7 mh-a mh-b mh-e mh-h\"><div class=\"x-row-inner\"><div class=\"x-col e17-e21 mh-n mh-p mh-q mh-s mh-t mh-u\"><a class=\"x-anchor x-anchor-button e17-e22 mh-2n\" tabindex=\"0\" href=\"https:\/\/comitati.fisi.org\/veneto\/blog\/2026\/03\/21\/fondo-vanessa-cagnati-quarta-nella-10-km-delle-finali-di-fesa-cup\/\"><div class=\"x-anchor-content\"><div class=\"x-anchor-text\"><span class=\"x-anchor-text-primary\">Leggi di pi\u00f9<\/span><\/div><\/div><\/a><\/div><div class=\"x-col e17-e23 mh-n mh-p mh-q mh-s mh-t mh-v\"><div class=\"x-div e17-e24 mh-x mh-y mh-z mh-10 mh-11 mh-12 mh-15 mh-16 mh-17 mh-18\"><a class=\"x-div e17-e25 mh-x mh-11 mh-12 mh-15 mh-19 mh-1a mh-1b\" href=\"#prev\" data-x-effect-provider=\"colors particles effects\" data-x-slide-prev=\"\"><i class=\"x-icon e17-e26 mh-2o\" aria-hidden=\"true\" data-x-icon-s=\"&#xf104;\"><\/i><\/a><a class=\"x-div e17-e27 mh-x mh-y mh-11 mh-12 mh-15 mh-19 mh-1a mh-1c\" href=\"#next\" data-x-effect-provider=\"colors particles effects\" data-x-slide-next=\"\"><i class=\"x-icon e17-e28 mh-2o\" aria-hidden=\"true\" data-x-icon-s=\"&#xf105;\"><\/i><\/a><\/div><\/div><\/div><\/div><\/div><\/div><div class=\"x-slide e17-e16 mh-1h mh-1j\" data-x-slide=\"\"><div class=\"x-bg\" aria-hidden=\"true\"><div class=\"x-bg-layer-lower-image\" style=\" background-image: url(https:\/\/comitati.fisi.org\/veneto\/wp-content\/uploads\/sites\/39\/2026\/03\/net-insurance-allievi-SG-san-pellegrino-19.03.2026.jpeg); background-repeat: no-repeat; background-position: center; background-size: cover;\"><\/div><div class=\"x-bg-layer-upper-color\" style=\" background-color: rgba(255, 255, 255, 0.1);\"><\/div><\/div><div class=\"x-div e17-e17 mh-x mh-y mh-z mh-13 mh-14\"><div class=\"x-text x-text-headline e17-e18 mh-1k mh-1l mh-1m mh-1n mh-1u mh-1w mh-1x mh-1y mh-1z\"><div class=\"x-text-content\"><div class=\"x-text-content-text\"><span class=\"x-text-content-text-primary\">Alpino, i risultati del superG del Net Insurance Allievi<\/span><\/div><\/div><\/div><div class=\"x-text x-text-headline e17-e19 mh-1l mh-1m mh-1n mh-1u mh-1x mh-1y mh-20 mh-21 mh-22\"><div class=\"x-text-content\"><div class=\"x-text-content-text\"><span class=\"x-text-content-text-primary\">Doppia vittoria dello Sci club 18 con Tommaso Zanardi e Guendalina Fiorini...<\/span><\/div><\/div><\/div><div class=\"x-row e17-e20 mh-7 mh-a mh-b mh-e mh-h\"><div class=\"x-row-inner\"><div class=\"x-col e17-e21 mh-n mh-p mh-q mh-s mh-t mh-u\"><a class=\"x-anchor x-anchor-button e17-e22 mh-2n\" tabindex=\"0\" href=\"https:\/\/comitati.fisi.org\/veneto\/blog\/2026\/03\/19\/alpino-i-risultati-del-superg-del-net-insurance-allievi\/\"><div class=\"x-anchor-content\"><div class=\"x-anchor-text\"><span class=\"x-anchor-text-primary\">Leggi di pi\u00f9<\/span><\/div><\/div><\/a><\/div><div class=\"x-col e17-e23 mh-n mh-p mh-q mh-s mh-t mh-v\"><div class=\"x-div e17-e24 mh-x mh-y mh-z mh-10 mh-11 mh-12 mh-15 mh-16 mh-17 mh-18\"><a class=\"x-div e17-e25 mh-x mh-11 mh-12 mh-15 mh-19 mh-1a mh-1b\" href=\"#prev\" data-x-effect-provider=\"colors particles effects\" data-x-slide-prev=\"\"><i class=\"x-icon e17-e26 mh-2o\" aria-hidden=\"true\" data-x-icon-s=\"&#xf104;\"><\/i><\/a><a class=\"x-div e17-e27 mh-x mh-y mh-11 mh-12 mh-15 mh-19 mh-1a mh-1c\" href=\"#next\" data-x-effect-provider=\"colors particles effects\" data-x-slide-next=\"\"><i class=\"x-icon e17-e28 mh-2o\" aria-hidden=\"true\" data-x-icon-s=\"&#xf105;\"><\/i><\/a><\/div><\/div><\/div><\/div><\/div><\/div><div class=\"x-slide e17-e16 mh-1h mh-1j\" data-x-slide=\"\"><div class=\"x-bg\" aria-hidden=\"true\"><div class=\"x-bg-layer-lower-image\" style=\" background-image: url(https:\/\/comitati.fisi.org\/veneto\/wp-content\/uploads\/sites\/39\/2026\/03\/coppe-lattebusche-falcade-finali-14-marzo-2026.jpeg); background-repeat: no-repeat; background-position: center; background-size: cover;\"><\/div><div class=\"x-bg-layer-upper-color\" style=\" background-color: rgba(255, 255, 255, 0.1);\"><\/div><\/div><div class=\"x-div e17-e17 mh-x mh-y mh-z mh-13 mh-14\"><div class=\"x-text x-text-headline e17-e18 mh-1k mh-1l mh-1m mh-1n mh-1u mh-1w mh-1x mh-1y mh-1z\"><div class=\"x-text-content\"><div class=\"x-text-content-text\"><span class=\"x-text-content-text-primary\">Alpino, il 2 aprile il recupero del Grand Prix Lattebusche<\/span><\/div><\/div><\/div><div class=\"x-text x-text-headline e17-e19 mh-1l mh-1m mh-1n mh-1u mh-1x mh-1y mh-20 mh-21 mh-22\"><div class=\"x-text-content\"><div class=\"x-text-content-text\"><span class=\"x-text-content-text-primary\">La finale del Grand Prix Lattebusche, rinviata per avverse condizioni meteo domenica scorsa, 15 marzo, sar\u00e0 recuperata al\u00a0Passo San Pellegrino\u00a0il prossimo 2 aprile. Organizzazione sempre...<\/span><\/div><\/div><\/div><div class=\"x-row e17-e20 mh-7 mh-a mh-b mh-e mh-h\"><div class=\"x-row-inner\"><div class=\"x-col e17-e21 mh-n mh-p mh-q mh-s mh-t mh-u\"><a class=\"x-anchor x-anchor-button e17-e22 mh-2n\" tabindex=\"0\" href=\"https:\/\/comitati.fisi.org\/veneto\/blog\/2026\/03\/19\/alpino-il-2-aprile-il-recupero-del-grand-prix-lattebusche\/\"><div class=\"x-anchor-content\"><div class=\"x-anchor-text\"><span class=\"x-anchor-text-primary\">Leggi di pi\u00f9<\/span><\/div><\/div><\/a><\/div><div class=\"x-col e17-e23 mh-n mh-p mh-q mh-s mh-t mh-v\"><div class=\"x-div e17-e24 mh-x mh-y mh-z mh-10 mh-11 mh-12 mh-15 mh-16 mh-17 mh-18\"><a class=\"x-div e17-e25 mh-x mh-11 mh-12 mh-15 mh-19 mh-1a mh-1b\" href=\"#prev\" data-x-effect-provider=\"colors particles effects\" data-x-slide-prev=\"\"><i class=\"x-icon e17-e26 mh-2o\" aria-hidden=\"true\" data-x-icon-s=\"&#xf104;\"><\/i><\/a><a class=\"x-div e17-e27 mh-x mh-y mh-11 mh-12 mh-15 mh-19 mh-1a mh-1c\" href=\"#next\" data-x-effect-provider=\"colors particles effects\" data-x-slide-next=\"\"><i class=\"x-icon e17-e28 mh-2o\" aria-hidden=\"true\" data-x-icon-s=\"&#xf105;\"><\/i><\/a><\/div><\/div><\/div><\/div><\/div><\/div><div class=\"x-slide e17-e16 mh-1h mh-1j\" data-x-slide=\"\"><div class=\"x-bg\" aria-hidden=\"true\"><div class=\"x-bg-layer-lower-image\" style=\" background-image: url(https:\/\/comitati.fisi.org\/veneto\/wp-content\/uploads\/sites\/39\/2026\/03\/SG-Gp-Italia-Aspiranti-1.-piero-molin-3.-leonardo-dinca-Copia-scaled.jpeg); background-repeat: no-repeat; background-position: center; background-size: cover;\"><\/div><div class=\"x-bg-layer-upper-color\" style=\" background-color: rgba(255, 255, 255, 0.1);\"><\/div><\/div><div class=\"x-div e17-e17 mh-x mh-y mh-z mh-13 mh-14\"><div class=\"x-text x-text-headline e17-e18 mh-1k mh-1l mh-1m mh-1n mh-1u mh-1w mh-1x mh-1y mh-1z\"><div class=\"x-text-content\"><div class=\"x-text-content-text\"><span class=\"x-text-content-text-primary\">Alpino, Molin e D&#8217;Inc\u00e0 sul podio del SuperG Aspiranti al Gran premio Italia Dicoflor<\/span><\/div><\/div><\/div><div class=\"x-text x-text-headline e17-e19 mh-1l mh-1m mh-1n mh-1u mh-1x mh-1y mh-20 mh-21 mh-22\"><div class=\"x-text-content\"><div class=\"x-text-content-text\"><span class=\"x-text-content-text-primary\">Primo e terzo Aspiranti i ragazzi di Sc Cortina e Sc Trichiana...<\/span><\/div><\/div><\/div><div class=\"x-row e17-e20 mh-7 mh-a mh-b mh-e mh-h\"><div class=\"x-row-inner\"><div class=\"x-col e17-e21 mh-n mh-p mh-q mh-s mh-t mh-u\"><a class=\"x-anchor x-anchor-button e17-e22 mh-2n\" tabindex=\"0\" href=\"https:\/\/comitati.fisi.org\/veneto\/blog\/2026\/03\/19\/alpino-molin-e-dinca-sul-podio-del-superg-aspiranti-al-gran-premio-italia-dicoflor\/\"><div class=\"x-anchor-content\"><div class=\"x-anchor-text\"><span class=\"x-anchor-text-primary\">Leggi di pi\u00f9<\/span><\/div><\/div><\/a><\/div><div class=\"x-col e17-e23 mh-n mh-p mh-q mh-s mh-t mh-v\"><div class=\"x-div e17-e24 mh-x mh-y mh-z mh-10 mh-11 mh-12 mh-15 mh-16 mh-17 mh-18\"><a class=\"x-div e17-e25 mh-x mh-11 mh-12 mh-15 mh-19 mh-1a mh-1b\" href=\"#prev\" data-x-effect-provider=\"colors particles effects\" data-x-slide-prev=\"\"><i class=\"x-icon e17-e26 mh-2o\" aria-hidden=\"true\" data-x-icon-s=\"&#xf104;\"><\/i><\/a><a class=\"x-div e17-e27 mh-x mh-y mh-11 mh-12 mh-15 mh-19 mh-1a mh-1c\" href=\"#next\" data-x-effect-provider=\"colors particles effects\" data-x-slide-next=\"\"><i class=\"x-icon e17-e28 mh-2o\" aria-hidden=\"true\" data-x-icon-s=\"&#xf105;\"><\/i><\/a><\/div><\/div><\/div><\/div><\/div><\/div><div class=\"x-slide e17-e16 mh-1h mh-1j\" data-x-slide=\"\"><div class=\"x-bg\" aria-hidden=\"true\"><div class=\"x-bg-layer-lower-image\" style=\" background-image: url(https:\/\/comitati.fisi.org\/veneto\/wp-content\/uploads\/sites\/39\/2026\/03\/TREVISAN-ZACCARIA-Copia.jpg); background-repeat: no-repeat; background-position: center; background-size: cover;\"><\/div><div class=\"x-bg-layer-upper-color\" style=\" background-color: rgba(255, 255, 255, 0.1);\"><\/div><\/div><div class=\"x-div e17-e17 mh-x mh-y mh-z mh-13 mh-14\"><div class=\"x-text x-text-headline e17-e18 mh-1k mh-1l mh-1m mh-1n mh-1u mh-1w mh-1x mh-1y mh-1z\"><div class=\"x-text-content\"><div class=\"x-text-content-text\"><span class=\"x-text-content-text-primary\">Alpino, al Gran premio Italia Giovani protagonisti Trevisan, Valente e Molin<\/span><\/div><\/div><\/div><div class=\"x-text x-text-headline e17-e19 mh-1l mh-1m mh-1n mh-1u mh-1x mh-1y mh-20 mh-21 mh-22\"><div class=\"x-text-content\"><div class=\"x-text-content-text\"><span class=\"x-text-content-text-primary\">Terzo posto Giovani per Zaccaria Trevisan, primo e secondo Aspiranti Mattia Valente e Piero Molin...<\/span><\/div><\/div><\/div><div class=\"x-row e17-e20 mh-7 mh-a mh-b mh-e mh-h\"><div class=\"x-row-inner\"><div class=\"x-col e17-e21 mh-n mh-p mh-q mh-s mh-t mh-u\"><a class=\"x-anchor x-anchor-button e17-e22 mh-2n\" tabindex=\"0\" href=\"https:\/\/comitati.fisi.org\/veneto\/blog\/2026\/03\/18\/alpino-al-gran-premio-italia-giovani-protagonisti-trevisan-valente-e-molin\/\"><div class=\"x-anchor-content\"><div class=\"x-anchor-text\"><span class=\"x-anchor-text-primary\">Leggi di pi\u00f9<\/span><\/div><\/div><\/a><\/div><div class=\"x-col e17-e23 mh-n mh-p mh-q mh-s mh-t mh-v\"><div class=\"x-div e17-e24 mh-x mh-y mh-z mh-10 mh-11 mh-12 mh-15 mh-16 mh-17 mh-18\"><a class=\"x-div e17-e25 mh-x mh-11 mh-12 mh-15 mh-19 mh-1a mh-1b\" href=\"#prev\" data-x-effect-provider=\"colors particles effects\" data-x-slide-prev=\"\"><i class=\"x-icon e17-e26 mh-2o\" aria-hidden=\"true\" data-x-icon-s=\"&#xf104;\"><\/i><\/a><a class=\"x-div e17-e27 mh-x mh-y mh-11 mh-12 mh-15 mh-19 mh-1a mh-1c\" href=\"#next\" data-x-effect-provider=\"colors particles effects\" data-x-slide-next=\"\"><i class=\"x-icon e17-e28 mh-2o\" aria-hidden=\"true\" data-x-icon-s=\"&#xf105;\"><\/i><\/a><\/div><\/div><\/div><\/div><\/div><\/div><div class=\"x-slide e17-e16 mh-1h mh-1j\" data-x-slide=\"\"><div class=\"x-bg\" aria-hidden=\"true\"><div class=\"x-bg-layer-lower-image\" style=\" background-image: url(https:\/\/comitati.fisi.org\/veneto\/wp-content\/uploads\/sites\/39\/2026\/03\/sg-ragazzi-net-insurance-15-marzo-2026-san-pellegrino.jpeg); background-repeat: no-repeat; background-position: center; background-size: cover;\"><\/div><div class=\"x-bg-layer-upper-color\" style=\" background-color: rgba(255, 255, 255, 0.1);\"><\/div><\/div><div class=\"x-div e17-e17 mh-x mh-y mh-z mh-13 mh-14\"><div class=\"x-text x-text-headline e17-e18 mh-1k mh-1l mh-1m mh-1n mh-1u mh-1w mh-1x mh-1y mh-1z\"><div class=\"x-text-content\"><div class=\"x-text-content-text\"><span class=\"x-text-content-text-primary\">Alpino, i risultati del superG Ragazzi di tutte le circoscrizioni al San Pellegrino<\/span><\/div><\/div><\/div><div class=\"x-text x-text-headline e17-e19 mh-1l mh-1m mh-1n mh-1u mh-1x mh-1y mh-20 mh-21 mh-22\"><div class=\"x-text-content\"><div class=\"x-text-content-text\"><span class=\"x-text-content-text-primary\">Organizzazione a cura di Sci club Val Biois...<\/span><\/div><\/div><\/div><div class=\"x-row e17-e20 mh-7 mh-a mh-b mh-e mh-h\"><div class=\"x-row-inner\"><div class=\"x-col e17-e21 mh-n mh-p mh-q mh-s mh-t mh-u\"><a class=\"x-anchor x-anchor-button e17-e22 mh-2n\" tabindex=\"0\" href=\"https:\/\/comitati.fisi.org\/veneto\/blog\/2026\/03\/18\/alpino-i-risultati-del-superg-ragazzi-di-tutte-le-circoscrizioni-al-san-pellegrino\/\"><div class=\"x-anchor-content\"><div class=\"x-anchor-text\"><span class=\"x-anchor-text-primary\">Leggi di pi\u00f9<\/span><\/div><\/div><\/a><\/div><div class=\"x-col e17-e23 mh-n mh-p mh-q mh-s mh-t mh-v\"><div class=\"x-div e17-e24 mh-x mh-y mh-z mh-10 mh-11 mh-12 mh-15 mh-16 mh-17 mh-18\"><a class=\"x-div e17-e25 mh-x mh-11 mh-12 mh-15 mh-19 mh-1a mh-1b\" href=\"#prev\" data-x-effect-provider=\"colors particles effects\" data-x-slide-prev=\"\"><i class=\"x-icon e17-e26 mh-2o\" aria-hidden=\"true\" data-x-icon-s=\"&#xf104;\"><\/i><\/a><a class=\"x-div e17-e27 mh-x mh-y mh-11 mh-12 mh-15 mh-19 mh-1a mh-1c\" href=\"#next\" data-x-effect-provider=\"colors particles effects\" data-x-slide-next=\"\"><i class=\"x-icon e17-e28 mh-2o\" aria-hidden=\"true\" data-x-icon-s=\"&#xf105;\"><\/i><\/a><\/div><\/div><\/div><\/div><\/div><\/div><div class=\"x-slide e17-e16 mh-1h mh-1j\" data-x-slide=\"\"><div class=\"x-bg\" aria-hidden=\"true\"><div class=\"x-bg-layer-lower-image\" style=\" background-image: url(https:\/\/comitati.fisi.org\/veneto\/wp-content\/uploads\/sites\/39\/2024\/03\/san-pellegrino-finali-lattebusche-16-marzo-2024.jpeg); background-repeat: no-repeat; background-position: center; background-size: cover;\"><\/div><div class=\"x-bg-layer-upper-color\" style=\" background-color: rgba(255, 255, 255, 0.1);\"><\/div><\/div><div class=\"x-div e17-e17 mh-x mh-y mh-z mh-13 mh-14\"><div class=\"x-text x-text-headline e17-e18 mh-1k mh-1l mh-1m mh-1n mh-1u mh-1w mh-1x mh-1y mh-1z\"><div class=\"x-text-content\"><div class=\"x-text-content-text\"><span class=\"x-text-content-text-primary\">Skicross, nel fine settimana il Campionato regionale Children<\/span><\/div><\/div><\/div><div class=\"x-text x-text-headline e17-e19 mh-1l mh-1m mh-1n mh-1u mh-1x mh-1y mh-20 mh-21 mh-22\"><div class=\"x-text-content\"><div class=\"x-text-content-text\"><span class=\"x-text-content-text-primary\">Organizzazione Patavium Sci...<\/span><\/div><\/div><\/div><div class=\"x-row e17-e20 mh-7 mh-a mh-b mh-e mh-h\"><div class=\"x-row-inner\"><div class=\"x-col e17-e21 mh-n mh-p mh-q mh-s mh-t mh-u\"><a class=\"x-anchor x-anchor-button e17-e22 mh-2n\" tabindex=\"0\" href=\"https:\/\/comitati.fisi.org\/veneto\/blog\/2026\/03\/18\/skicross-nel-fine-settimana-il-campionato-regionale-children\/\"><div class=\"x-anchor-content\"><div class=\"x-anchor-text\"><span class=\"x-anchor-text-primary\">Leggi di pi\u00f9<\/span><\/div><\/div><\/a><\/div><div class=\"x-col e17-e23 mh-n mh-p mh-q mh-s mh-t mh-v\"><div class=\"x-div e17-e24 mh-x mh-y mh-z mh-10 mh-11 mh-12 mh-15 mh-16 mh-17 mh-18\"><a class=\"x-div e17-e25 mh-x mh-11 mh-12 mh-15 mh-19 mh-1a mh-1b\" href=\"#prev\" data-x-effect-provider=\"colors particles effects\" data-x-slide-prev=\"\"><i class=\"x-icon e17-e26 mh-2o\" aria-hidden=\"true\" data-x-icon-s=\"&#xf104;\"><\/i><\/a><a class=\"x-div e17-e27 mh-x mh-y mh-11 mh-12 mh-15 mh-19 mh-1a mh-1c\" href=\"#next\" data-x-effect-provider=\"colors particles effects\" data-x-slide-next=\"\"><i class=\"x-icon e17-e28 mh-2o\" aria-hidden=\"true\" data-x-icon-s=\"&#xf105;\"><\/i><\/a><\/div><\/div><\/div><\/div><\/div><\/div><div class=\"x-slide e17-e16 mh-1h mh-1j\" data-x-slide=\"\"><div class=\"x-bg\" aria-hidden=\"true\"><div class=\"x-bg-layer-lower-image\" style=\" background-image: url(https:\/\/comitati.fisi.org\/veneto\/wp-content\/uploads\/sites\/39\/2021\/01\/ti-comunicazione_-ski-area-san-pellegrino-scaled-1.jpg); background-repeat: no-repeat; background-position: center; background-size: cover;\"><\/div><div class=\"x-bg-layer-upper-color\" style=\" background-color: rgba(255, 255, 255, 0.1);\"><\/div><\/div><div class=\"x-div e17-e17 mh-x mh-y mh-z mh-13 mh-14\"><div class=\"x-text x-text-headline e17-e18 mh-1k mh-1l mh-1m mh-1n mh-1u mh-1w mh-1x mh-1y mh-1z\"><div class=\"x-text-content\"><div class=\"x-text-content-text\"><span class=\"x-text-content-text-primary\">Alpino, nel fine settimana il Campionato regionale Children del superG<\/span><\/div><\/div><\/div><div class=\"x-text x-text-headline e17-e19 mh-1l mh-1m mh-1n mh-1u mh-1x mh-1y mh-20 mh-21 mh-22\"><div class=\"x-text-content\"><div class=\"x-text-content-text\"><span class=\"x-text-content-text-primary\">Organizzazione Ski College Veneto Falcade...<\/span><\/div><\/div><\/div><div class=\"x-row e17-e20 mh-7 mh-a mh-b mh-e mh-h\"><div class=\"x-row-inner\"><div class=\"x-col e17-e21 mh-n mh-p mh-q mh-s mh-t mh-u\"><a class=\"x-anchor x-anchor-button e17-e22 mh-2n\" tabindex=\"0\" href=\"https:\/\/comitati.fisi.org\/veneto\/blog\/2026\/03\/17\/alpino-nel-fine-settimana-il-campionato-regionale-children-del-superg\/\"><div class=\"x-anchor-content\"><div class=\"x-anchor-text\"><span class=\"x-anchor-text-primary\">Leggi di pi\u00f9<\/span><\/div><\/div><\/a><\/div><div class=\"x-col e17-e23 mh-n mh-p mh-q mh-s mh-t mh-v\"><div class=\"x-div e17-e24 mh-x mh-y mh-z mh-10 mh-11 mh-12 mh-15 mh-16 mh-17 mh-18\"><a class=\"x-div e17-e25 mh-x mh-11 mh-12 mh-15 mh-19 mh-1a mh-1b\" href=\"#prev\" data-x-effect-provider=\"colors particles effects\" data-x-slide-prev=\"\"><i class=\"x-icon e17-e26 mh-2o\" aria-hidden=\"true\" data-x-icon-s=\"&#xf104;\"><\/i><\/a><a class=\"x-div e17-e27 mh-x mh-y mh-11 mh-12 mh-15 mh-19 mh-1a mh-1c\" href=\"#next\" data-x-effect-provider=\"colors particles effects\" data-x-slide-next=\"\"><i class=\"x-icon e17-e28 mh-2o\" aria-hidden=\"true\" data-x-icon-s=\"&#xf105;\"><\/i><\/a><\/div><\/div><\/div><\/div><\/div><\/div><div class=\"x-slide e17-e16 mh-1h mh-1j\" data-x-slide=\"\"><div class=\"x-bg\" aria-hidden=\"true\"><div class=\"x-bg-layer-lower-image\" style=\" background-image: url(https:\/\/comitati.fisi.org\/veneto\/wp-content\/uploads\/sites\/39\/2026\/03\/BROCHURE-CRITERIUM-NAZIONALE-CUCCIOLI-2026-Copia.jpg); background-repeat: no-repeat; background-position: center; background-size: cover;\"><\/div><div class=\"x-bg-layer-upper-color\" style=\" background-color: rgba(255, 255, 255, 0.1);\"><\/div><\/div><div class=\"x-div e17-e17 mh-x mh-y mh-z mh-13 mh-14\"><div class=\"x-text x-text-headline e17-e18 mh-1k mh-1l mh-1m mh-1n mh-1u mh-1w mh-1x mh-1y mh-1z\"><div class=\"x-text-content\"><div class=\"x-text-content-text\"><span class=\"x-text-content-text-primary\">Alpino, i qualificati per il Criterium Cuccioli<\/span><\/div><\/div><\/div><div class=\"x-text x-text-headline e17-e19 mh-1l mh-1m mh-1n mh-1u mh-1x mh-1y mh-20 mh-21 mh-22\"><div class=\"x-text-content\"><div class=\"x-text-content-text\"><span class=\"x-text-content-text-primary\">Dal 19 al 22 marzo Corno alle Scale, sull&#8217;Appennino Emiliano, ospiter\u00e0 l&#8217;edizione 2026 del Criterium Cuccioli. In allegato i qualificati del nostro comitato e il...<\/span><\/div><\/div><\/div><div class=\"x-row e17-e20 mh-7 mh-a mh-b mh-e mh-h\"><div class=\"x-row-inner\"><div class=\"x-col e17-e21 mh-n mh-p mh-q mh-s mh-t mh-u\"><a class=\"x-anchor x-anchor-button e17-e22 mh-2n\" tabindex=\"0\" href=\"https:\/\/comitati.fisi.org\/veneto\/blog\/2026\/03\/16\/alpino-i-qualificati-per-il-criterium-cuccioli-3\/\"><div class=\"x-anchor-content\"><div class=\"x-anchor-text\"><span class=\"x-anchor-text-primary\">Leggi di pi\u00f9<\/span><\/div><\/div><\/a><\/div><div class=\"x-col e17-e23 mh-n mh-p mh-q mh-s mh-t mh-v\"><div class=\"x-div e17-e24 mh-x mh-y mh-z mh-10 mh-11 mh-12 mh-15 mh-16 mh-17 mh-18\"><a class=\"x-div e17-e25 mh-x mh-11 mh-12 mh-15 mh-19 mh-1a mh-1b\" href=\"#prev\" data-x-effect-provider=\"colors particles effects\" data-x-slide-prev=\"\"><i class=\"x-icon e17-e26 mh-2o\" aria-hidden=\"true\" data-x-icon-s=\"&#xf104;\"><\/i><\/a><a class=\"x-div e17-e27 mh-x mh-y mh-11 mh-12 mh-15 mh-19 mh-1a mh-1c\" href=\"#next\" data-x-effect-provider=\"colors particles effects\" data-x-slide-next=\"\"><i class=\"x-icon e17-e28 mh-2o\" aria-hidden=\"true\" data-x-icon-s=\"&#xf105;\"><\/i><\/a><\/div><\/div><\/div><\/div><\/div><\/div><div class=\"x-slide e17-e16 mh-1h mh-1j\" data-x-slide=\"\"><div class=\"x-bg\" aria-hidden=\"true\"><div class=\"x-bg-layer-lower-image\" style=\" background-image: url(https:\/\/comitati.fisi.org\/veneto\/wp-content\/uploads\/sites\/39\/2022\/01\/poligono-palafavera-14-gen-2022.jpeg); background-repeat: no-repeat; background-position: center; background-size: cover;\"><\/div><div class=\"x-bg-layer-upper-color\" style=\" background-color: rgba(255, 255, 255, 0.1);\"><\/div><\/div><div class=\"x-div e17-e17 mh-x mh-y mh-z mh-13 mh-14\"><div class=\"x-text x-text-headline e17-e18 mh-1k mh-1l mh-1m mh-1n mh-1u mh-1w mh-1x mh-1y mh-1z\"><div class=\"x-text-content\"><div class=\"x-text-content-text\"><span class=\"x-text-content-text-primary\">Biathlon, il 22 marzo a Palafav\u00e8ra il campionato regionale<\/span><\/div><\/div><\/div><div class=\"x-text x-text-headline e17-e19 mh-1l mh-1m mh-1n mh-1u mh-1x mh-1y mh-20 mh-21 mh-22\"><div class=\"x-text-content\"><div class=\"x-text-content-text\"><span class=\"x-text-content-text-primary\">Domenica, 22 marzo, a Palafav\u00e8ra di Val di Zoldo si svolger\u00e0 il campionato regionale di biathlon. Organizzazione a cura dello Sci club Valzoldana. In programma...<\/span><\/div><\/div><\/div><div class=\"x-row e17-e20 mh-7 mh-a mh-b mh-e mh-h\"><div class=\"x-row-inner\"><div class=\"x-col e17-e21 mh-n mh-p mh-q mh-s mh-t mh-u\"><a class=\"x-anchor x-anchor-button e17-e22 mh-2n\" tabindex=\"0\" href=\"https:\/\/comitati.fisi.org\/veneto\/blog\/2026\/03\/16\/biathlon-il-22-marzo-a-palafavera-il-campionato-regionale\/\"><div class=\"x-anchor-content\"><div class=\"x-anchor-text\"><span class=\"x-anchor-text-primary\">Leggi di pi\u00f9<\/span><\/div><\/div><\/a><\/div><div class=\"x-col e17-e23 mh-n mh-p mh-q mh-s mh-t mh-v\"><div class=\"x-div e17-e24 mh-x mh-y mh-z mh-10 mh-11 mh-12 mh-15 mh-16 mh-17 mh-18\"><a class=\"x-div e17-e25 mh-x mh-11 mh-12 mh-15 mh-19 mh-1a mh-1b\" href=\"#prev\" data-x-effect-provider=\"colors particles effects\" data-x-slide-prev=\"\"><i class=\"x-icon e17-e26 mh-2o\" aria-hidden=\"true\" data-x-icon-s=\"&#xf104;\"><\/i><\/a><a class=\"x-div e17-e27 mh-x mh-y mh-11 mh-12 mh-15 mh-19 mh-1a mh-1c\" href=\"#next\" data-x-effect-provider=\"colors particles effects\" data-x-slide-next=\"\"><i class=\"x-icon e17-e28 mh-2o\" aria-hidden=\"true\" data-x-icon-s=\"&#xf105;\"><\/i><\/a><\/div><\/div><\/div><\/div><\/div><\/div><div class=\"x-slide e17-e16 mh-1h mh-1j\" data-x-slide=\"\"><div class=\"x-bg\" aria-hidden=\"true\"><div class=\"x-bg-layer-lower-image\" style=\" background-image: url(https:\/\/comitati.fisi.org\/veneto\/wp-content\/uploads\/sites\/39\/2023\/01\/lucia-dalmasso-11.01.2023.jpeg); background-repeat: no-repeat; background-position: center; background-size: cover;\"><\/div><div class=\"x-bg-layer-upper-color\" style=\" background-color: rgba(255, 255, 255, 0.1);\"><\/div><\/div><div class=\"x-div e17-e17 mh-x mh-y mh-z mh-13 mh-14\"><div class=\"x-text x-text-headline e17-e18 mh-1k mh-1l mh-1m mh-1n mh-1u mh-1w mh-1x mh-1y mh-1z\"><div class=\"x-text-content\"><div class=\"x-text-content-text\"><span class=\"x-text-content-text-primary\">Snowboard, Lucia Dalmasso vince ancora!<\/span><\/div><\/div><\/div><div class=\"x-text x-text-headline e17-e19 mh-1l mh-1m mh-1n mh-1u mh-1x mh-1y mh-20 mh-21 mh-22\"><div class=\"x-text-content\"><div class=\"x-text-content-text\"><span class=\"x-text-content-text-primary\">Lucia Dalmasso trionfa in gara 2 a Val St. Come davanti a Jasmin Coratti, Maurizio Bormolini \u00e8 secondo con Mirko Felicetti terzo: la stagione del...<\/span><\/div><\/div><\/div><div class=\"x-row e17-e20 mh-7 mh-a mh-b mh-e mh-h\"><div class=\"x-row-inner\"><div class=\"x-col e17-e21 mh-n mh-p mh-q mh-s mh-t mh-u\"><a class=\"x-anchor x-anchor-button e17-e22 mh-2n\" tabindex=\"0\" href=\"https:\/\/comitati.fisi.org\/veneto\/blog\/2026\/03\/15\/snowboard-lucia-dalmasso-vince-ancora\/\"><div class=\"x-anchor-content\"><div class=\"x-anchor-text\"><span class=\"x-anchor-text-primary\">Leggi di pi\u00f9<\/span><\/div><\/div><\/a><\/div><div class=\"x-col e17-e23 mh-n mh-p mh-q mh-s mh-t mh-v\"><div class=\"x-div e17-e24 mh-x mh-y mh-z mh-10 mh-11 mh-12 mh-15 mh-16 mh-17 mh-18\"><a class=\"x-div e17-e25 mh-x mh-11 mh-12 mh-15 mh-19 mh-1a mh-1b\" href=\"#prev\" data-x-effect-provider=\"colors particles effects\" data-x-slide-prev=\"\"><i class=\"x-icon e17-e26 mh-2o\" aria-hidden=\"true\" data-x-icon-s=\"&#xf104;\"><\/i><\/a><a class=\"x-div e17-e27 mh-x mh-y mh-11 mh-12 mh-15 mh-19 mh-1a mh-1c\" href=\"#next\" data-x-effect-provider=\"colors particles effects\" data-x-slide-next=\"\"><i class=\"x-icon e17-e28 mh-2o\" aria-hidden=\"true\" data-x-icon-s=\"&#xf105;\"><\/i><\/a><\/div><\/div><\/div><\/div><\/div><\/div><div class=\"x-slide e17-e16 mh-1h mh-1j\" data-x-slide=\"\"><div class=\"x-bg\" aria-hidden=\"true\"><div class=\"x-bg-layer-lower-image\" style=\" background-image: url(https:\/\/comitati.fisi.org\/veneto\/wp-content\/uploads\/sites\/39\/2026\/03\/EchidiAlessandroSogne35-PODIO-SOCIETA-finale-lattebusche.jpg); background-repeat: no-repeat; background-position: center; background-size: cover;\"><\/div><div class=\"x-bg-layer-upper-color\" style=\" background-color: rgba(255, 255, 255, 0.1);\"><\/div><\/div><div class=\"x-div e17-e17 mh-x mh-y mh-z mh-13 mh-14\"><div class=\"x-text x-text-headline e17-e18 mh-1k mh-1l mh-1m mh-1n mh-1u mh-1w mh-1x mh-1y mh-1z\"><div class=\"x-text-content\"><div class=\"x-text-content-text\"><span class=\"x-text-content-text-primary\">Fondo, i risultati della finale del Grand Prix Lattebusche<\/span><\/div><\/div><\/div><div class=\"x-text x-text-headline e17-e19 mh-1l mh-1m mh-1n mh-1u mh-1x mh-1y mh-20 mh-21 mh-22\"><div class=\"x-text-content\"><div class=\"x-text-content-text\"><span class=\"x-text-content-text-primary\">Organizzazione Sci club Montebelluna...<\/span><\/div><\/div><\/div><div class=\"x-row e17-e20 mh-7 mh-a mh-b mh-e mh-h\"><div class=\"x-row-inner\"><div class=\"x-col e17-e21 mh-n mh-p mh-q mh-s mh-t mh-u\"><a class=\"x-anchor x-anchor-button e17-e22 mh-2n\" tabindex=\"0\" href=\"https:\/\/comitati.fisi.org\/veneto\/blog\/2026\/03\/15\/fondo-i-risultati-della-finale-del-grand-prix-lattebusche\/\"><div class=\"x-anchor-content\"><div class=\"x-anchor-text\"><span class=\"x-anchor-text-primary\">Leggi di pi\u00f9<\/span><\/div><\/div><\/a><\/div><div class=\"x-col e17-e23 mh-n mh-p mh-q mh-s mh-t mh-v\"><div class=\"x-div e17-e24 mh-x mh-y mh-z mh-10 mh-11 mh-12 mh-15 mh-16 mh-17 mh-18\"><a class=\"x-div e17-e25 mh-x mh-11 mh-12 mh-15 mh-19 mh-1a mh-1b\" href=\"#prev\" data-x-effect-provider=\"colors particles effects\" data-x-slide-prev=\"\"><i class=\"x-icon e17-e26 mh-2o\" aria-hidden=\"true\" data-x-icon-s=\"&#xf104;\"><\/i><\/a><a class=\"x-div e17-e27 mh-x mh-y mh-11 mh-12 mh-15 mh-19 mh-1a mh-1c\" href=\"#next\" data-x-effect-provider=\"colors particles effects\" data-x-slide-next=\"\"><i class=\"x-icon e17-e28 mh-2o\" aria-hidden=\"true\" data-x-icon-s=\"&#xf105;\"><\/i><\/a><\/div><\/div><\/div><\/div><\/div><\/div><div class=\"x-slide e17-e16 mh-1h mh-1j\" data-x-slide=\"\"><div class=\"x-bg\" aria-hidden=\"true\"><div class=\"x-bg-layer-lower-image\" style=\" background-image: url(https:\/\/comitati.fisi.org\/veneto\/wp-content\/uploads\/sites\/39\/2026\/03\/EchidiAlessandroSogne51-arrivo-fondo-falcade-14-marzo-2026.jpg); background-repeat: no-repeat; background-position: center; background-size: cover;\"><\/div><div class=\"x-bg-layer-upper-color\" style=\" background-color: rgba(255, 255, 255, 0.1);\"><\/div><\/div><div class=\"x-div e17-e17 mh-x mh-y mh-z mh-13 mh-14\"><div class=\"x-text x-text-headline e17-e18 mh-1k mh-1l mh-1m mh-1n mh-1u mh-1w mh-1x mh-1y mh-1z\"><div class=\"x-text-content\"><div class=\"x-text-content-text\"><span class=\"x-text-content-text-primary\">Finali Lattebusche, annullate le gare dello sci alpino. Fondo confermato<\/span><\/div><\/div><\/div><div class=\"x-text x-text-headline e17-e19 mh-1l mh-1m mh-1n mh-1u mh-1x mh-1y mh-20 mh-21 mh-22\"><div class=\"x-text-content\"><div class=\"x-text-content-text\"><span class=\"x-text-content-text-primary\">Causa meteo avverso e forti apporti di neve, le gare odierne dello sci alpino delle Finali del Grand Prix Lattebusche sono annullate. Si svolgeranno regolarmente...<\/span><\/div><\/div><\/div><div class=\"x-row e17-e20 mh-7 mh-a mh-b mh-e mh-h\"><div class=\"x-row-inner\"><div class=\"x-col e17-e21 mh-n mh-p mh-q mh-s mh-t mh-u\"><a class=\"x-anchor x-anchor-button e17-e22 mh-2n\" tabindex=\"0\" href=\"https:\/\/comitati.fisi.org\/veneto\/blog\/2026\/03\/15\/finali-lattebusche-annullate-le-gare-dello-sci-alpino\/\"><div class=\"x-anchor-content\"><div class=\"x-anchor-text\"><span class=\"x-anchor-text-primary\">Leggi di pi\u00f9<\/span><\/div><\/div><\/a><\/div><div class=\"x-col e17-e23 mh-n mh-p mh-q mh-s mh-t mh-v\"><div class=\"x-div e17-e24 mh-x mh-y mh-z mh-10 mh-11 mh-12 mh-15 mh-16 mh-17 mh-18\"><a class=\"x-div e17-e25 mh-x mh-11 mh-12 mh-15 mh-19 mh-1a mh-1b\" href=\"#prev\" data-x-effect-provider=\"colors particles effects\" data-x-slide-prev=\"\"><i class=\"x-icon e17-e26 mh-2o\" aria-hidden=\"true\" data-x-icon-s=\"&#xf104;\"><\/i><\/a><a class=\"x-div e17-e27 mh-x mh-y mh-11 mh-12 mh-15 mh-19 mh-1a mh-1c\" href=\"#next\" data-x-effect-provider=\"colors particles effects\" data-x-slide-next=\"\"><i class=\"x-icon e17-e28 mh-2o\" aria-hidden=\"true\" data-x-icon-s=\"&#xf105;\"><\/i><\/a><\/div><\/div><\/div><\/div><\/div><\/div><div class=\"x-slide e17-e16 mh-1h mh-1j\" data-x-slide=\"\"><div class=\"x-bg\" aria-hidden=\"true\"><div class=\"x-bg-layer-lower-image\" style=\" background-image: url(https:\/\/comitati.fisi.org\/veneto\/wp-content\/uploads\/sites\/39\/2026\/03\/coppe-lattebusche-falcade-finali-14-marzo-2026.jpeg); background-repeat: no-repeat; background-position: center; background-size: cover;\"><\/div><div class=\"x-bg-layer-upper-color\" style=\" background-color: rgba(255, 255, 255, 0.1);\"><\/div><\/div><div class=\"x-div e17-e17 mh-x mh-y mh-z mh-13 mh-14\"><div class=\"x-text x-text-headline e17-e18 mh-1k mh-1l mh-1m mh-1n mh-1u mh-1w mh-1x mh-1y mh-1z\"><div class=\"x-text-content\"><div class=\"x-text-content-text\"><span class=\"x-text-content-text-primary\">Lattebusche, gli ordini di partenza della giornata finale<\/span><\/div><\/div><\/div><div class=\"x-text x-text-headline e17-e19 mh-1l mh-1m mh-1n mh-1u mh-1x mh-1y mh-20 mh-21 mh-22\"><div class=\"x-text-content\"><div class=\"x-text-content-text\"><span class=\"x-text-content-text-primary\">...<\/span><\/div><\/div><\/div><div class=\"x-row e17-e20 mh-7 mh-a mh-b mh-e mh-h\"><div class=\"x-row-inner\"><div class=\"x-col e17-e21 mh-n mh-p mh-q mh-s mh-t mh-u\"><a class=\"x-anchor x-anchor-button e17-e22 mh-2n\" tabindex=\"0\" href=\"https:\/\/comitati.fisi.org\/veneto\/blog\/2026\/03\/14\/lattebuche-gli-ordini-di-partenza-della-giornata-finale\/\"><div class=\"x-anchor-content\"><div class=\"x-anchor-text\"><span class=\"x-anchor-text-primary\">Leggi di pi\u00f9<\/span><\/div><\/div><\/a><\/div><div class=\"x-col e17-e23 mh-n mh-p mh-q mh-s mh-t mh-v\"><div class=\"x-div e17-e24 mh-x mh-y mh-z mh-10 mh-11 mh-12 mh-15 mh-16 mh-17 mh-18\"><a class=\"x-div e17-e25 mh-x mh-11 mh-12 mh-15 mh-19 mh-1a mh-1b\" href=\"#prev\" data-x-effect-provider=\"colors particles effects\" data-x-slide-prev=\"\"><i class=\"x-icon e17-e26 mh-2o\" aria-hidden=\"true\" data-x-icon-s=\"&#xf104;\"><\/i><\/a><a class=\"x-div e17-e27 mh-x mh-y mh-11 mh-12 mh-15 mh-19 mh-1a mh-1c\" href=\"#next\" data-x-effect-provider=\"colors particles effects\" data-x-slide-next=\"\"><i class=\"x-icon e17-e28 mh-2o\" aria-hidden=\"true\" data-x-icon-s=\"&#xf105;\"><\/i><\/a><\/div><\/div><\/div><\/div><\/div><\/div><div class=\"x-slide e17-e16 mh-1h mh-1j\" data-x-slide=\"\"><div class=\"x-bg\" aria-hidden=\"true\"><div class=\"x-bg-layer-lower-image\" style=\" background-image: url(https:\/\/comitati.fisi.org\/veneto\/wp-content\/uploads\/sites\/39\/2026\/03\/anna-massella-argento-camp-ita-ragazzi-14-marzo-2026.jpg); background-repeat: no-repeat; background-position: center; background-size: cover;\"><\/div><div class=\"x-bg-layer-upper-color\" style=\" background-color: rgba(255, 255, 255, 0.1);\"><\/div><\/div><div class=\"x-div e17-e17 mh-x mh-y mh-z mh-13 mh-14\"><div class=\"x-text x-text-headline e17-e18 mh-1k mh-1l mh-1m mh-1n mh-1u mh-1w mh-1x mh-1y mh-1z\"><div class=\"x-text-content\"><div class=\"x-text-content-text\"><span class=\"x-text-content-text-primary\">Fondo, Anna Massella argento ai Tricolori Ragazzi<\/span><\/div><\/div><\/div><div class=\"x-text x-text-headline e17-e19 mh-1l mh-1m mh-1n mh-1u mh-1x mh-1y mh-20 mh-21 mh-22\"><div class=\"x-text-content\"><div class=\"x-text-content-text\"><span class=\"x-text-content-text-primary\">Veneto terzo comitato...<\/span><\/div><\/div><\/div><div class=\"x-row e17-e20 mh-7 mh-a mh-b mh-e mh-h\"><div class=\"x-row-inner\"><div class=\"x-col e17-e21 mh-n mh-p mh-q mh-s mh-t mh-u\"><a class=\"x-anchor x-anchor-button e17-e22 mh-2n\" tabindex=\"0\" href=\"https:\/\/comitati.fisi.org\/veneto\/blog\/2026\/03\/14\/fondo-anna-massella-argento-ai-tricolori-ragazzi\/\"><div class=\"x-anchor-content\"><div class=\"x-anchor-text\"><span class=\"x-anchor-text-primary\">Leggi di pi\u00f9<\/span><\/div><\/div><\/a><\/div><div class=\"x-col e17-e23 mh-n mh-p mh-q mh-s mh-t mh-v\"><div class=\"x-div e17-e24 mh-x mh-y mh-z mh-10 mh-11 mh-12 mh-15 mh-16 mh-17 mh-18\"><a class=\"x-div e17-e25 mh-x mh-11 mh-12 mh-15 mh-19 mh-1a mh-1b\" href=\"#prev\" data-x-effect-provider=\"colors particles effects\" data-x-slide-prev=\"\"><i class=\"x-icon e17-e26 mh-2o\" aria-hidden=\"true\" data-x-icon-s=\"&#xf104;\"><\/i><\/a><a class=\"x-div e17-e27 mh-x mh-y mh-11 mh-12 mh-15 mh-19 mh-1a mh-1c\" href=\"#next\" data-x-effect-provider=\"colors particles effects\" data-x-slide-next=\"\"><i class=\"x-icon e17-e28 mh-2o\" aria-hidden=\"true\" data-x-icon-s=\"&#xf105;\"><\/i><\/a><\/div><\/div><\/div><\/div><\/div><\/div><div class=\"x-slide e17-e16 mh-1h mh-1j\" data-x-slide=\"\"><div class=\"x-bg\" aria-hidden=\"true\"><div class=\"x-bg-layer-lower-image\" style=\" background-image: url(https:\/\/comitati.fisi.org\/veneto\/wp-content\/uploads\/sites\/39\/2026\/03\/premiazione-lattebusche-falcade-alpino-14-marzo-2026.jpeg); background-repeat: no-repeat; background-position: center; background-size: cover;\"><\/div><div class=\"x-bg-layer-upper-color\" style=\" background-color: rgba(255, 255, 255, 0.1);\"><\/div><\/div><div class=\"x-div e17-e17 mh-x mh-y mh-z mh-13 mh-14\"><div class=\"x-text x-text-headline e17-e18 mh-1k mh-1l mh-1m mh-1n mh-1u mh-1w mh-1x mh-1y mh-1z\"><div class=\"x-text-content\"><div class=\"x-text-content-text\"><span class=\"x-text-content-text-primary\">Alpino, i risultati di slalom Cuccioli e finalina delle finali del Grand Prix Lattebusche<\/span><\/div><\/div><\/div><div class=\"x-text x-text-headline e17-e19 mh-1l mh-1m mh-1n mh-1u mh-1x mh-1y mh-20 mh-21 mh-22\"><div class=\"x-text-content\"><div class=\"x-text-content-text\"><span class=\"x-text-content-text-primary\">...<\/span><\/div><\/div><\/div><div class=\"x-row e17-e20 mh-7 mh-a mh-b mh-e mh-h\"><div class=\"x-row-inner\"><div class=\"x-col e17-e21 mh-n mh-p mh-q mh-s mh-t mh-u\"><a class=\"x-anchor x-anchor-button e17-e22 mh-2n\" tabindex=\"0\" href=\"https:\/\/comitati.fisi.org\/veneto\/blog\/2026\/03\/14\/alpino-i-risultati-di-slalom-cuccioli-e-finalina\/\"><div class=\"x-anchor-content\"><div class=\"x-anchor-text\"><span class=\"x-anchor-text-primary\">Leggi di pi\u00f9<\/span><\/div><\/div><\/a><\/div><div class=\"x-col e17-e23 mh-n mh-p mh-q mh-s mh-t mh-v\"><div class=\"x-div e17-e24 mh-x mh-y mh-z mh-10 mh-11 mh-12 mh-15 mh-16 mh-17 mh-18\"><a class=\"x-div e17-e25 mh-x mh-11 mh-12 mh-15 mh-19 mh-1a mh-1b\" href=\"#prev\" data-x-effect-provider=\"colors particles effects\" data-x-slide-prev=\"\"><i class=\"x-icon e17-e26 mh-2o\" aria-hidden=\"true\" data-x-icon-s=\"&#xf104;\"><\/i><\/a><a class=\"x-div e17-e27 mh-x mh-y mh-11 mh-12 mh-15 mh-19 mh-1a mh-1c\" href=\"#next\" data-x-effect-provider=\"colors particles effects\" data-x-slide-next=\"\"><i class=\"x-icon e17-e28 mh-2o\" aria-hidden=\"true\" data-x-icon-s=\"&#xf105;\"><\/i><\/a><\/div><\/div><\/div><\/div><\/div><\/div><div class=\"x-slide e17-e16 mh-1h mh-1j\" data-x-slide=\"\"><div class=\"x-bg\" aria-hidden=\"true\"><div class=\"x-bg-layer-lower-image\" style=\" background-image: url(https:\/\/comitati.fisi.org\/veneto\/wp-content\/uploads\/sites\/39\/2026\/03\/EchidiAlessandroSogne-lattebusche-falcade-14.03.2026.jpg); background-repeat: no-repeat; background-position: center; background-size: cover;\"><\/div><div class=\"x-bg-layer-upper-color\" style=\" background-color: rgba(255, 255, 255, 0.1);\"><\/div><\/div><div class=\"x-div e17-e17 mh-x mh-y mh-z mh-13 mh-14\"><div class=\"x-text x-text-headline e17-e18 mh-1k mh-1l mh-1m mh-1n mh-1u mh-1w mh-1x mh-1y mh-1z\"><div class=\"x-text-content\"><div class=\"x-text-content-text\"><span class=\"x-text-content-text-primary\">Fondo, i risultati della gimkana del Grand Prix Lattebusche<\/span><\/div><\/div><\/div><div class=\"x-text x-text-headline e17-e19 mh-1l mh-1m mh-1n mh-1u mh-1x mh-1y mh-20 mh-21 mh-22\"><div class=\"x-text-content\"><div class=\"x-text-content-text\"><span class=\"x-text-content-text-primary\">...<\/span><\/div><\/div><\/div><div class=\"x-row e17-e20 mh-7 mh-a mh-b mh-e mh-h\"><div class=\"x-row-inner\"><div class=\"x-col e17-e21 mh-n mh-p mh-q mh-s mh-t mh-u\"><a class=\"x-anchor x-anchor-button e17-e22 mh-2n\" tabindex=\"0\" href=\"https:\/\/comitati.fisi.org\/veneto\/blog\/2026\/03\/14\/fondo-i-risultati-della-gimkana-del-grand-prix-lattebusche\/\"><div class=\"x-anchor-content\"><div class=\"x-anchor-text\"><span class=\"x-anchor-text-primary\">Leggi di pi\u00f9<\/span><\/div><\/div><\/a><\/div><div class=\"x-col e17-e23 mh-n mh-p mh-q mh-s mh-t mh-v\"><div class=\"x-div e17-e24 mh-x mh-y mh-z mh-10 mh-11 mh-12 mh-15 mh-16 mh-17 mh-18\"><a class=\"x-div e17-e25 mh-x mh-11 mh-12 mh-15 mh-19 mh-1a mh-1b\" href=\"#prev\" data-x-effect-provider=\"colors particles effects\" data-x-slide-prev=\"\"><i class=\"x-icon e17-e26 mh-2o\" aria-hidden=\"true\" data-x-icon-s=\"&#xf104;\"><\/i><\/a><a class=\"x-div e17-e27 mh-x mh-y mh-11 mh-12 mh-15 mh-19 mh-1a mh-1c\" href=\"#next\" data-x-effect-provider=\"colors particles effects\" data-x-slide-next=\"\"><i class=\"x-icon e17-e28 mh-2o\" aria-hidden=\"true\" data-x-icon-s=\"&#xf105;\"><\/i><\/a><\/div><\/div><\/div><\/div><\/div><\/div><div class=\"x-slide e17-e16 mh-1h mh-1j\" data-x-slide=\"\"><div class=\"x-bg\" aria-hidden=\"true\"><div class=\"x-bg-layer-lower-image\" style=\" background-image: url(https:\/\/comitati.fisi.org\/veneto\/wp-content\/uploads\/sites\/39\/2026\/03\/skicross-lattebusche-vittoria-petra-cherubin-cucciole-13-marzo-2026.jpeg); background-repeat: no-repeat; background-position: center; background-size: cover;\"><\/div><div class=\"x-bg-layer-upper-color\" style=\" background-color: rgba(255, 255, 255, 0.1);\"><\/div><\/div><div class=\"x-div e17-e17 mh-x mh-y mh-z mh-13 mh-14\"><div class=\"x-text x-text-headline e17-e18 mh-1k mh-1l mh-1m mh-1n mh-1u mh-1w mh-1x mh-1y mh-1z\"><div class=\"x-text-content\"><div class=\"x-text-content-text\"><span class=\"x-text-content-text-primary\">Finali Lattebusche, i risultati dello skicross<\/span><\/div><\/div><\/div><div class=\"x-text x-text-headline e17-e19 mh-1l mh-1m mh-1n mh-1u mh-1x mh-1y mh-20 mh-21 mh-22\"><div class=\"x-text-content\"><div class=\"x-text-content-text\"><span class=\"x-text-content-text-primary\">Oggi a Falcade Dolomiti la prima giornata dello storico evento dedicato a Baby e Cuccioli, per l&#8217;organizzazione di UOEI TREVISO e Sci club Treviso. Nella...<\/span><\/div><\/div><\/div><div class=\"x-row e17-e20 mh-7 mh-a mh-b mh-e mh-h\"><div class=\"x-row-inner\"><div class=\"x-col e17-e21 mh-n mh-p mh-q mh-s mh-t mh-u\"><a class=\"x-anchor x-anchor-button e17-e22 mh-2n\" tabindex=\"0\" href=\"https:\/\/comitati.fisi.org\/veneto\/blog\/2026\/03\/13\/finali-lattebusche-i-risultati-dello-skicross\/\"><div class=\"x-anchor-content\"><div class=\"x-anchor-text\"><span class=\"x-anchor-text-primary\">Leggi di pi\u00f9<\/span><\/div><\/div><\/a><\/div><div class=\"x-col e17-e23 mh-n mh-p mh-q mh-s mh-t mh-v\"><div class=\"x-div e17-e24 mh-x mh-y mh-z mh-10 mh-11 mh-12 mh-15 mh-16 mh-17 mh-18\"><a class=\"x-div e17-e25 mh-x mh-11 mh-12 mh-15 mh-19 mh-1a mh-1b\" href=\"#prev\" data-x-effect-provider=\"colors particles effects\" data-x-slide-prev=\"\"><i class=\"x-icon e17-e26 mh-2o\" aria-hidden=\"true\" data-x-icon-s=\"&#xf104;\"><\/i><\/a><a class=\"x-div e17-e27 mh-x mh-y mh-11 mh-12 mh-15 mh-19 mh-1a mh-1c\" href=\"#next\" data-x-effect-provider=\"colors particles effects\" data-x-slide-next=\"\"><i class=\"x-icon e17-e28 mh-2o\" aria-hidden=\"true\" data-x-icon-s=\"&#xf105;\"><\/i><\/a><\/div><\/div><\/div><\/div><\/div><\/div><div class=\"x-slide e17-e16 mh-1h mh-1j\" data-x-slide=\"\"><div class=\"x-bg\" aria-hidden=\"true\"><div class=\"x-bg-layer-lower-image\" style=\" background-image: url(https:\/\/comitati.fisi.org\/veneto\/wp-content\/uploads\/sites\/39\/2025\/12\/copertina-lattebusche-2026-Copia-scaled.jpg); background-repeat: no-repeat; background-position: center; background-size: cover;\"><\/div><div class=\"x-bg-layer-upper-color\" style=\" background-color: rgba(255, 255, 255, 0.1);\"><\/div><\/div><div class=\"x-div e17-e17 mh-x mh-y mh-z mh-13 mh-14\"><div class=\"x-text x-text-headline e17-e18 mh-1k mh-1l mh-1m mh-1n mh-1u mh-1w mh-1x mh-1y mh-1z\"><div class=\"x-text-content\"><div class=\"x-text-content-text\"><span class=\"x-text-content-text-primary\">\u00c8 il fine settimana del Grand Prix Lattebusche!<\/span><\/div><\/div><\/div><div class=\"x-text x-text-headline e17-e19 mh-1l mh-1m mh-1n mh-1u mh-1x mh-1y mh-20 mh-21 mh-22\"><div class=\"x-text-content\"><div class=\"x-text-content-text\"><span class=\"x-text-content-text-primary\">Da domani a domenica tra Falcade e San Pellegrino...<\/span><\/div><\/div><\/div><div class=\"x-row e17-e20 mh-7 mh-a mh-b mh-e mh-h\"><div class=\"x-row-inner\"><div class=\"x-col e17-e21 mh-n mh-p mh-q mh-s mh-t mh-u\"><a class=\"x-anchor x-anchor-button e17-e22 mh-2n\" tabindex=\"0\" href=\"https:\/\/comitati.fisi.org\/veneto\/blog\/2026\/03\/12\/il-fine-settimana-del-grand-prix-lattebusche\/\"><div class=\"x-anchor-content\"><div class=\"x-anchor-text\"><span class=\"x-anchor-text-primary\">Leggi di pi\u00f9<\/span><\/div><\/div><\/a><\/div><div class=\"x-col e17-e23 mh-n mh-p mh-q mh-s mh-t mh-v\"><div class=\"x-div e17-e24 mh-x mh-y mh-z mh-10 mh-11 mh-12 mh-15 mh-16 mh-17 mh-18\"><a class=\"x-div e17-e25 mh-x mh-11 mh-12 mh-15 mh-19 mh-1a mh-1b\" href=\"#prev\" data-x-effect-provider=\"colors particles effects\" data-x-slide-prev=\"\"><i class=\"x-icon e17-e26 mh-2o\" aria-hidden=\"true\" data-x-icon-s=\"&#xf104;\"><\/i><\/a><a class=\"x-div e17-e27 mh-x mh-y mh-11 mh-12 mh-15 mh-19 mh-1a mh-1c\" href=\"#next\" data-x-effect-provider=\"colors particles effects\" data-x-slide-next=\"\"><i class=\"x-icon e17-e28 mh-2o\" aria-hidden=\"true\" data-x-icon-s=\"&#xf105;\"><\/i><\/a><\/div><\/div><\/div><\/div><\/div><\/div><div class=\"x-slide e17-e16 mh-1h mh-1j\" data-x-slide=\"\"><div class=\"x-bg\" aria-hidden=\"true\"><div class=\"x-bg-layer-lower-image\" style=\" background-image: url(https:\/\/comitati.fisi.org\/veneto\/wp-content\/uploads\/sites\/39\/2026\/03\/agnese-pais-bianco-vittoria-coppa-veneto-alleghe-marzo-2026.jpeg); background-repeat: no-repeat; background-position: center; background-size: cover;\"><\/div><div class=\"x-bg-layer-upper-color\" style=\" background-color: rgba(255, 255, 255, 0.1);\"><\/div><\/div><div class=\"x-div e17-e17 mh-x mh-y mh-z mh-13 mh-14\"><div class=\"x-text x-text-headline e17-e18 mh-1k mh-1l mh-1m mh-1n mh-1u mh-1w mh-1x mh-1y mh-1z\"><div class=\"x-text-content\"><div class=\"x-text-content-text\"><span class=\"x-text-content-text-primary\">Alpino, le classifiche aggiornate della Coppa Veneto BCC Veneta<\/span><\/div><\/div><\/div><div class=\"x-text x-text-headline e17-e19 mh-1l mh-1m mh-1n mh-1u mh-1x mh-1y mh-20 mh-21 mh-22\"><div class=\"x-text-content\"><div class=\"x-text-content-text\"><span class=\"x-text-content-text-primary\">Nella graduatoria Giovani femminile guida Agnese Pais Bianco, dello Sci club Cortina, mentre tra le Aspiranti al comando c&#8217;\u00e8 Nicole De Cassan, dello Sci club...<\/span><\/div><\/div><\/div><div class=\"x-row e17-e20 mh-7 mh-a mh-b mh-e mh-h\"><div class=\"x-row-inner\"><div class=\"x-col e17-e21 mh-n mh-p mh-q mh-s mh-t mh-u\"><a class=\"x-anchor x-anchor-button e17-e22 mh-2n\" tabindex=\"0\" href=\"https:\/\/comitati.fisi.org\/veneto\/blog\/2026\/03\/11\/alpino-le-classifiche-aggiornate-della-coppa-veneto-bcc-veneta-5\/\"><div class=\"x-anchor-content\"><div class=\"x-anchor-text\"><span class=\"x-anchor-text-primary\">Leggi di pi\u00f9<\/span><\/div><\/div><\/a><\/div><div class=\"x-col e17-e23 mh-n mh-p mh-q mh-s mh-t mh-v\"><div class=\"x-div e17-e24 mh-x mh-y mh-z mh-10 mh-11 mh-12 mh-15 mh-16 mh-17 mh-18\"><a class=\"x-div e17-e25 mh-x mh-11 mh-12 mh-15 mh-19 mh-1a mh-1b\" href=\"#prev\" data-x-effect-provider=\"colors particles effects\" data-x-slide-prev=\"\"><i class=\"x-icon e17-e26 mh-2o\" aria-hidden=\"true\" data-x-icon-s=\"&#xf104;\"><\/i><\/a><a class=\"x-div e17-e27 mh-x mh-y mh-11 mh-12 mh-15 mh-19 mh-1a mh-1c\" href=\"#next\" data-x-effect-provider=\"colors particles effects\" data-x-slide-next=\"\"><i class=\"x-icon e17-e28 mh-2o\" aria-hidden=\"true\" data-x-icon-s=\"&#xf105;\"><\/i><\/a><\/div><\/div><\/div><\/div><\/div><\/div><div class=\"x-slide e17-e16 mh-1h mh-1j\" data-x-slide=\"\"><div class=\"x-bg\" aria-hidden=\"true\"><div class=\"x-bg-layer-lower-image\" style=\" background-image: url(https:\/\/comitati.fisi.org\/veneto\/wp-content\/uploads\/sites\/39\/2026\/03\/edoardo-valt-vittoria-DH-gp-italia-sarentino-10-marzo-2026-Copia.jpeg); background-repeat: no-repeat; background-position: center; background-size: cover;\"><\/div><div class=\"x-bg-layer-upper-color\" style=\" background-color: rgba(255, 255, 255, 0.1);\"><\/div><\/div><div class=\"x-div e17-e17 mh-x mh-y mh-z mh-13 mh-14\"><div class=\"x-text x-text-headline e17-e18 mh-1k mh-1l mh-1m mh-1n mh-1u mh-1w mh-1x mh-1y mh-1z\"><div class=\"x-text-content\"><div class=\"x-text-content-text\"><span class=\"x-text-content-text-primary\">Alpino, Edoardo Valt vince la discesa di Sarentino del Gran premio Italia Dicoflor<\/span><\/div><\/div><\/div><div class=\"x-text x-text-headline e17-e19 mh-1l mh-1m mh-1n mh-1u mh-1x mh-1y mh-20 mh-21 mh-22\"><div class=\"x-text-content\"><div class=\"x-text-content-text\"><span class=\"x-text-content-text-primary\">5. Aspiranti Mattia Valente...<\/span><\/div><\/div><\/div><div class=\"x-row e17-e20 mh-7 mh-a mh-b mh-e mh-h\"><div class=\"x-row-inner\"><div class=\"x-col e17-e21 mh-n mh-p mh-q mh-s mh-t mh-u\"><a class=\"x-anchor x-anchor-button e17-e22 mh-2n\" tabindex=\"0\" href=\"https:\/\/comitati.fisi.org\/veneto\/blog\/2026\/03\/10\/alpino-edoardo-valt-vince-la-discesa-di-sarentino-del-gran-premio-italia-dicoflor\/\"><div class=\"x-anchor-content\"><div class=\"x-anchor-text\"><span class=\"x-anchor-text-primary\">Leggi di pi\u00f9<\/span><\/div><\/div><\/a><\/div><div class=\"x-col e17-e23 mh-n mh-p mh-q mh-s mh-t mh-v\"><div class=\"x-div e17-e24 mh-x mh-y mh-z mh-10 mh-11 mh-12 mh-15 mh-16 mh-17 mh-18\"><a class=\"x-div e17-e25 mh-x mh-11 mh-12 mh-15 mh-19 mh-1a mh-1b\" href=\"#prev\" data-x-effect-provider=\"colors particles effects\" data-x-slide-prev=\"\"><i class=\"x-icon e17-e26 mh-2o\" aria-hidden=\"true\" data-x-icon-s=\"&#xf104;\"><\/i><\/a><a class=\"x-div e17-e27 mh-x mh-y mh-11 mh-12 mh-15 mh-19 mh-1a mh-1c\" href=\"#next\" data-x-effect-provider=\"colors particles effects\" data-x-slide-next=\"\"><i class=\"x-icon e17-e28 mh-2o\" aria-hidden=\"true\" data-x-icon-s=\"&#xf105;\"><\/i><\/a><\/div><\/div><\/div><\/div><\/div><\/div><div class=\"x-slide e17-e16 mh-1h mh-1j\" data-x-slide=\"\"><div class=\"x-bg\" aria-hidden=\"true\"><div class=\"x-bg-layer-lower-image\" style=\" background-image: url(https:\/\/comitati.fisi.org\/veneto\/wp-content\/uploads\/sites\/39\/2026\/01\/finali-lattebusche-alpino-2023-credito-a-sogne.png); background-repeat: no-repeat; background-position: center; background-size: cover;\"><\/div><div class=\"x-bg-layer-upper-color\" style=\" background-color: rgba(255, 255, 255, 0.1);\"><\/div><\/div><div class=\"x-div e17-e17 mh-x mh-y mh-z mh-13 mh-14\"><div class=\"x-text x-text-headline e17-e18 mh-1k mh-1l mh-1m mh-1n mh-1u mh-1w mh-1x mh-1y mh-1z\"><div class=\"x-text-content\"><div class=\"x-text-content-text\"><span class=\"x-text-content-text-primary\">Alpino e fondo, il programma delle finali del Grand Prix Lattebusche<\/span><\/div><\/div><\/div><div class=\"x-text x-text-headline e17-e19 mh-1l mh-1m mh-1n mh-1u mh-1x mh-1y mh-20 mh-21 mh-22\"><div class=\"x-text-content\"><div class=\"x-text-content-text\"><span class=\"x-text-content-text-primary\">...<\/span><\/div><\/div><\/div><div class=\"x-row e17-e20 mh-7 mh-a mh-b mh-e mh-h\"><div class=\"x-row-inner\"><div class=\"x-col e17-e21 mh-n mh-p mh-q mh-s mh-t mh-u\"><a class=\"x-anchor x-anchor-button e17-e22 mh-2n\" tabindex=\"0\" href=\"https:\/\/comitati.fisi.org\/veneto\/blog\/2026\/03\/10\/alpino-e-fondo-il-programma-delle-finali-del-grand-prix-lattebusche\/\"><div class=\"x-anchor-content\"><div class=\"x-anchor-text\"><span class=\"x-anchor-text-primary\">Leggi di pi\u00f9<\/span><\/div><\/div><\/a><\/div><div class=\"x-col e17-e23 mh-n mh-p mh-q mh-s mh-t mh-v\"><div class=\"x-div e17-e24 mh-x mh-y mh-z mh-10 mh-11 mh-12 mh-15 mh-16 mh-17 mh-18\"><a class=\"x-div e17-e25 mh-x mh-11 mh-12 mh-15 mh-19 mh-1a mh-1b\" href=\"#prev\" data-x-effect-provider=\"colors particles effects\" data-x-slide-prev=\"\"><i class=\"x-icon e17-e26 mh-2o\" aria-hidden=\"true\" data-x-icon-s=\"&#xf104;\"><\/i><\/a><a class=\"x-div e17-e27 mh-x mh-y mh-11 mh-12 mh-15 mh-19 mh-1a mh-1c\" href=\"#next\" data-x-effect-provider=\"colors particles effects\" data-x-slide-next=\"\"><i class=\"x-icon e17-e28 mh-2o\" aria-hidden=\"true\" data-x-icon-s=\"&#xf105;\"><\/i><\/a><\/div><\/div><\/div><\/div><\/div><\/div><div class=\"x-slide e17-e16 mh-1h mh-1j\" data-x-slide=\"\"><div class=\"x-bg\" aria-hidden=\"true\"><div class=\"x-bg-layer-lower-image\" style=\" background-image: url(https:\/\/comitati.fisi.org\/veneto\/wp-content\/uploads\/sites\/39\/2026\/03\/Pentaphoto_218837-terzo-posto-SG-san-pellegrino-8-marzo-2026-ASJA-ZENERE-scaled.jpg); background-repeat: no-repeat; background-position: center; background-size: cover;\"><\/div><div class=\"x-bg-layer-upper-color\" style=\" background-color: rgba(255, 255, 255, 0.1);\"><\/div><\/div><div class=\"x-div e17-e17 mh-x mh-y mh-z mh-13 mh-14\"><div class=\"x-text x-text-headline e17-e18 mh-1k mh-1l mh-1m mh-1n mh-1u mh-1w mh-1x mh-1y mh-1z\"><div class=\"x-text-content\"><div class=\"x-text-content-text\"><span class=\"x-text-content-text-primary\">Spettacolo Zenere: primo podio in Coppa del mondo!<\/span><\/div><\/div><\/div><div class=\"x-text x-text-headline e17-e19 mh-1l mh-1m mh-1n mh-1u mh-1x mh-1y mh-20 mh-21 mh-22\"><div class=\"x-text-content\"><div class=\"x-text-content-text\"><span class=\"x-text-content-text-primary\">Terza nel superG del San Pellegrino...<\/span><\/div><\/div><\/div><div class=\"x-row e17-e20 mh-7 mh-a mh-b mh-e mh-h\"><div class=\"x-row-inner\"><div class=\"x-col e17-e21 mh-n mh-p mh-q mh-s mh-t mh-u\"><a class=\"x-anchor x-anchor-button e17-e22 mh-2n\" tabindex=\"0\" href=\"https:\/\/comitati.fisi.org\/veneto\/blog\/2026\/03\/08\/spettacolo-zenere-primo-podio-in-coppa-del-mondo\/\"><div class=\"x-anchor-content\"><div class=\"x-anchor-text\"><span class=\"x-anchor-text-primary\">Leggi di pi\u00f9<\/span><\/div><\/div><\/a><\/div><div class=\"x-col e17-e23 mh-n mh-p mh-q mh-s mh-t mh-v\"><div class=\"x-div e17-e24 mh-x mh-y mh-z mh-10 mh-11 mh-12 mh-15 mh-16 mh-17 mh-18\"><a class=\"x-div e17-e25 mh-x mh-11 mh-12 mh-15 mh-19 mh-1a mh-1b\" href=\"#prev\" data-x-effect-provider=\"colors particles effects\" data-x-slide-prev=\"\"><i class=\"x-icon e17-e26 mh-2o\" aria-hidden=\"true\" data-x-icon-s=\"&#xf104;\"><\/i><\/a><a class=\"x-div e17-e27 mh-x mh-y mh-11 mh-12 mh-15 mh-19 mh-1a mh-1c\" href=\"#next\" data-x-effect-provider=\"colors particles effects\" data-x-slide-next=\"\"><i class=\"x-icon e17-e28 mh-2o\" aria-hidden=\"true\" data-x-icon-s=\"&#xf105;\"><\/i><\/a><\/div><\/div><\/div><\/div><\/div><\/div><div class=\"x-slide e17-e16 mh-1h mh-1j\" data-x-slide=\"\"><div class=\"x-bg\" aria-hidden=\"true\"><div class=\"x-bg-layer-lower-image\" style=\" background-image: url(https:\/\/comitati.fisi.org\/veneto\/wp-content\/uploads\/sites\/39\/2026\/03\/agnese-pais-bianco-e-giovanni-stefani-vittoria-memorial-nardi-e-bassot-alleghe-7-marzo-2026.jpeg); background-repeat: no-repeat; background-position: center; background-size: cover;\"><\/div><div class=\"x-bg-layer-upper-color\" style=\" background-color: rgba(255, 255, 255, 0.1);\"><\/div><\/div><div class=\"x-div e17-e17 mh-x mh-y mh-z mh-13 mh-14\"><div class=\"x-text x-text-headline e17-e18 mh-1k mh-1l mh-1m mh-1n mh-1u mh-1w mh-1x mh-1y mh-1z\"><div class=\"x-text-content\"><div class=\"x-text-content-text\"><span class=\"x-text-content-text-primary\">Alpino, Giovanni Stefani e Agnese Pais Bianco festeggiano in Coppa Veneto ad Alleghe<\/span><\/div><\/div><\/div><div class=\"x-text x-text-headline e17-e19 mh-1l mh-1m mh-1n mh-1u mh-1x mh-1y mh-20 mh-21 mh-22\"><div class=\"x-text-content\"><div class=\"x-text-content-text\"><span class=\"x-text-content-text-primary\">Giovanni Stefani e Agnese Pais Bianco fanno festa in Coppa Veneto Bcc Veneta. Oggi il circuito regionale Fis Njr (Aspiranti e Giovani) ha fatto tappa...<\/span><\/div><\/div><\/div><div class=\"x-row e17-e20 mh-7 mh-a mh-b mh-e mh-h\"><div class=\"x-row-inner\"><div class=\"x-col e17-e21 mh-n mh-p mh-q mh-s mh-t mh-u\"><a class=\"x-anchor x-anchor-button e17-e22 mh-2n\" tabindex=\"0\" href=\"https:\/\/comitati.fisi.org\/veneto\/blog\/2026\/03\/07\/alpino-giovanni-stefani-e-agnese-pais-bianco-festeggiano-in-coppa-veneto-ad-alleghe\/\"><div class=\"x-anchor-content\"><div class=\"x-anchor-text\"><span class=\"x-anchor-text-primary\">Leggi di pi\u00f9<\/span><\/div><\/div><\/a><\/div><div class=\"x-col e17-e23 mh-n mh-p mh-q mh-s mh-t mh-v\"><div class=\"x-div e17-e24 mh-x mh-y mh-z mh-10 mh-11 mh-12 mh-15 mh-16 mh-17 mh-18\"><a class=\"x-div e17-e25 mh-x mh-11 mh-12 mh-15 mh-19 mh-1a mh-1b\" href=\"#prev\" data-x-effect-provider=\"colors particles effects\" data-x-slide-prev=\"\"><i class=\"x-icon e17-e26 mh-2o\" aria-hidden=\"true\" data-x-icon-s=\"&#xf104;\"><\/i><\/a><a class=\"x-div e17-e27 mh-x mh-y mh-11 mh-12 mh-15 mh-19 mh-1a mh-1c\" href=\"#next\" data-x-effect-provider=\"colors particles effects\" data-x-slide-next=\"\"><i class=\"x-icon e17-e28 mh-2o\" aria-hidden=\"true\" data-x-icon-s=\"&#xf105;\"><\/i><\/a><\/div><\/div><\/div><\/div><\/div><\/div><div class=\"x-slide e17-e16 mh-1h mh-1j\" data-x-slide=\"\"><div class=\"x-bg\" aria-hidden=\"true\"><div class=\"x-bg-layer-lower-image\" style=\" background-image: url(https:\/\/comitati.fisi.org\/veneto\/wp-content\/uploads\/sites\/39\/2026\/03\/fisi-veneto-biathlon-al-rag-val-ridanna-camp-ita-7-marzo-2026-Copia.jpeg); background-repeat: no-repeat; background-position: center; background-size: cover;\"><\/div><div class=\"x-bg-layer-upper-color\" style=\" background-color: rgba(255, 255, 255, 0.1);\"><\/div><\/div><div class=\"x-div e17-e17 mh-x mh-y mh-z mh-13 mh-14\"><div class=\"x-text x-text-headline e17-e18 mh-1k mh-1l mh-1m mh-1n mh-1u mh-1w mh-1x mh-1y mh-1z\"><div class=\"x-text-content\"><div class=\"x-text-content-text\"><span class=\"x-text-content-text-primary\">Biathlon, i risultati del campionato Ragazzi Allievi<\/span><\/div><\/div><\/div><div class=\"x-text x-text-headline e17-e19 mh-1l mh-1m mh-1n mh-1u mh-1x mh-1y mh-20 mh-21 mh-22\"><div class=\"x-text-content\"><div class=\"x-text-content-text\"><span class=\"x-text-content-text-primary\">...<\/span><\/div><\/div><\/div><div class=\"x-row e17-e20 mh-7 mh-a mh-b mh-e mh-h\"><div class=\"x-row-inner\"><div class=\"x-col e17-e21 mh-n mh-p mh-q mh-s mh-t mh-u\"><a class=\"x-anchor x-anchor-button e17-e22 mh-2n\" tabindex=\"0\" href=\"https:\/\/comitati.fisi.org\/veneto\/blog\/2026\/03\/07\/biathlon-i-risultati-del-campionato-ragazzi-allievi\/\"><div class=\"x-anchor-content\"><div class=\"x-anchor-text\"><span class=\"x-anchor-text-primary\">Leggi di pi\u00f9<\/span><\/div><\/div><\/a><\/div><div class=\"x-col e17-e23 mh-n mh-p mh-q mh-s mh-t mh-v\"><div class=\"x-div e17-e24 mh-x mh-y mh-z mh-10 mh-11 mh-12 mh-15 mh-16 mh-17 mh-18\"><a class=\"x-div e17-e25 mh-x mh-11 mh-12 mh-15 mh-19 mh-1a mh-1b\" href=\"#prev\" data-x-effect-provider=\"colors particles effects\" data-x-slide-prev=\"\"><i class=\"x-icon e17-e26 mh-2o\" aria-hidden=\"true\" data-x-icon-s=\"&#xf104;\"><\/i><\/a><a class=\"x-div e17-e27 mh-x mh-y mh-11 mh-12 mh-15 mh-19 mh-1a mh-1c\" href=\"#next\" data-x-effect-provider=\"colors particles effects\" data-x-slide-next=\"\"><i class=\"x-icon e17-e28 mh-2o\" aria-hidden=\"true\" data-x-icon-s=\"&#xf105;\"><\/i><\/a><\/div><\/div><\/div><\/div><\/div><\/div><div class=\"x-slide e17-e16 mh-1h mh-1j\" data-x-slide=\"\"><div class=\"x-bg\" aria-hidden=\"true\"><div class=\"x-bg-layer-lower-image\" style=\" background-image: url(https:\/\/comitati.fisi.org\/veneto\/wp-content\/uploads\/sites\/39\/2026\/03\/anna-comarella-vittoria-coppa-italia-10-km-tc-campolongo-di-rotzo-7-marzo-2026.jpeg); background-repeat: no-repeat; background-position: center; background-size: cover;\"><\/div><div class=\"x-bg-layer-upper-color\" style=\" background-color: rgba(255, 255, 255, 0.1);\"><\/div><\/div><div class=\"x-div e17-e17 mh-x mh-y mh-z mh-13 mh-14\"><div class=\"x-text x-text-headline e17-e18 mh-1k mh-1l mh-1m mh-1n mh-1u mh-1w mh-1x mh-1y mh-1z\"><div class=\"x-text-content\"><div class=\"x-text-content-text\"><span class=\"x-text-content-text-primary\">Fondo, Anna Comarella vince la 10 km di Coppa Italia a Campolongo di Rotzo<\/span><\/div><\/div><\/div><div class=\"x-text x-text-headline e17-e19 mh-1l mh-1m mh-1n mh-1u mh-1x mh-1y mh-20 mh-21 mh-22\"><div class=\"x-text-content\"><div class=\"x-text-content-text\"><span class=\"x-text-content-text-primary\">Oggi a Campolongo di Rotzo (Altopiano dei 7 Comuni) la prima delle due giornate della Coppa Italia Rode e della Coppa Italia Master. Ecco tutti...<\/span><\/div><\/div><\/div><div class=\"x-row e17-e20 mh-7 mh-a mh-b mh-e mh-h\"><div class=\"x-row-inner\"><div class=\"x-col e17-e21 mh-n mh-p mh-q mh-s mh-t mh-u\"><a class=\"x-anchor x-anchor-button e17-e22 mh-2n\" tabindex=\"0\" href=\"https:\/\/comitati.fisi.org\/veneto\/blog\/2026\/03\/07\/fondo-anna-comarella-vince-la-10-km-di-coppa-italia-a-campolongo-di-rotzo\/\"><div class=\"x-anchor-content\"><div class=\"x-anchor-text\"><span class=\"x-anchor-text-primary\">Leggi di pi\u00f9<\/span><\/div><\/div><\/a><\/div><div class=\"x-col e17-e23 mh-n mh-p mh-q mh-s mh-t mh-v\"><div class=\"x-div e17-e24 mh-x mh-y mh-z mh-10 mh-11 mh-12 mh-15 mh-16 mh-17 mh-18\"><a class=\"x-div e17-e25 mh-x mh-11 mh-12 mh-15 mh-19 mh-1a mh-1b\" href=\"#prev\" data-x-effect-provider=\"colors particles effects\" data-x-slide-prev=\"\"><i class=\"x-icon e17-e26 mh-2o\" aria-hidden=\"true\" data-x-icon-s=\"&#xf104;\"><\/i><\/a><a class=\"x-div e17-e27 mh-x mh-y mh-11 mh-12 mh-15 mh-19 mh-1a mh-1c\" href=\"#next\" data-x-effect-provider=\"colors particles effects\" data-x-slide-next=\"\"><i class=\"x-icon e17-e28 mh-2o\" aria-hidden=\"true\" data-x-icon-s=\"&#xf105;\"><\/i><\/a><\/div><\/div><\/div><\/div><\/div><\/div><div class=\"x-slide e17-e16 mh-1h mh-1j\" data-x-slide=\"\"><div class=\"x-bg\" aria-hidden=\"true\"><div class=\"x-bg-layer-lower-image\" style=\" background-image: url(https:\/\/comitati.fisi.org\/veneto\/wp-content\/uploads\/sites\/39\/2026\/03\/locandina-camp-ita-allievi-2026-Copia.jpeg); background-repeat: no-repeat; background-position: center; background-size: cover;\"><\/div><div class=\"x-bg-layer-upper-color\" style=\" background-color: rgba(255, 255, 255, 0.1);\"><\/div><\/div><div class=\"x-div e17-e17 mh-x mh-y mh-z mh-13 mh-14\"><div class=\"x-text x-text-headline e17-e18 mh-1k mh-1l mh-1m mh-1n mh-1u mh-1w mh-1x mh-1y mh-1z\"><div class=\"x-text-content\"><div class=\"x-text-content-text\"><span class=\"x-text-content-text-primary\">Fondo, l&#8217;ordine di partenza della seconda giornata dei Tricolori Allievi<\/span><\/div><\/div><\/div><div class=\"x-text x-text-headline e17-e19 mh-1l mh-1m mh-1n mh-1u mh-1x mh-1y mh-20 mh-21 mh-22\"><div class=\"x-text-content\"><div class=\"x-text-content-text\"><span class=\"x-text-content-text-primary\">...<\/span><\/div><\/div><\/div><div class=\"x-row e17-e20 mh-7 mh-a mh-b mh-e mh-h\"><div class=\"x-row-inner\"><div class=\"x-col e17-e21 mh-n mh-p mh-q mh-s mh-t mh-u\"><a class=\"x-anchor x-anchor-button e17-e22 mh-2n\" tabindex=\"0\" href=\"https:\/\/comitati.fisi.org\/veneto\/blog\/2026\/03\/06\/fondo-lordine-di-partenza-della-seconda-giornata-dei-tricolori-allievi\/\"><div class=\"x-anchor-content\"><div class=\"x-anchor-text\"><span class=\"x-anchor-text-primary\">Leggi di pi\u00f9<\/span><\/div><\/div><\/a><\/div><div class=\"x-col e17-e23 mh-n mh-p mh-q mh-s mh-t mh-v\"><div class=\"x-div e17-e24 mh-x mh-y mh-z mh-10 mh-11 mh-12 mh-15 mh-16 mh-17 mh-18\"><a class=\"x-div e17-e25 mh-x mh-11 mh-12 mh-15 mh-19 mh-1a mh-1b\" href=\"#prev\" data-x-effect-provider=\"colors particles effects\" data-x-slide-prev=\"\"><i class=\"x-icon e17-e26 mh-2o\" aria-hidden=\"true\" data-x-icon-s=\"&#xf104;\"><\/i><\/a><a class=\"x-div e17-e27 mh-x mh-y mh-11 mh-12 mh-15 mh-19 mh-1a mh-1c\" href=\"#next\" data-x-effect-provider=\"colors particles effects\" data-x-slide-next=\"\"><i class=\"x-icon e17-e28 mh-2o\" aria-hidden=\"true\" data-x-icon-s=\"&#xf105;\"><\/i><\/a><\/div><\/div><\/div><\/div><\/div><\/div><div class=\"x-slide e17-e16 mh-1h mh-1j\" data-x-slide=\"\"><div class=\"x-bg\" aria-hidden=\"true\"><div class=\"x-bg-layer-lower-image\" style=\" background-image: url(https:\/\/comitati.fisi.org\/veneto\/wp-content\/uploads\/sites\/39\/2026\/03\/COPPA-ITALIA-alpini-asiago-2026.jpg); background-repeat: no-repeat; background-position: center; background-size: cover;\"><\/div><div class=\"x-bg-layer-upper-color\" style=\" background-color: rgba(255, 255, 255, 0.1);\"><\/div><\/div><div class=\"x-div e17-e17 mh-x mh-y mh-z mh-13 mh-14\"><div class=\"x-text x-text-headline e17-e18 mh-1k mh-1l mh-1m mh-1n mh-1u mh-1w mh-1x mh-1y mh-1z\"><div class=\"x-text-content\"><div class=\"x-text-content-text\"><span class=\"x-text-content-text-primary\">Fondo, l&#8217;ordine di partenza della Coppa Italia Rode e del Campionato italiano Master<\/span><\/div><\/div><\/div><div class=\"x-text x-text-headline e17-e19 mh-1l mh-1m mh-1n mh-1u mh-1x mh-1y mh-20 mh-21 mh-22\"><div class=\"x-text-content\"><div class=\"x-text-content-text\"><span class=\"x-text-content-text-primary\">...<\/span><\/div><\/div><\/div><div class=\"x-row e17-e20 mh-7 mh-a mh-b mh-e mh-h\"><div class=\"x-row-inner\"><div class=\"x-col e17-e21 mh-n mh-p mh-q mh-s mh-t mh-u\"><a class=\"x-anchor x-anchor-button e17-e22 mh-2n\" tabindex=\"0\" href=\"https:\/\/comitati.fisi.org\/veneto\/blog\/2026\/03\/06\/fondo-lordine-di-partenza-della-coppa-italia-rode-e-del-campionato-italiano-master\/\"><div class=\"x-anchor-content\"><div class=\"x-anchor-text\"><span class=\"x-anchor-text-primary\">Leggi di pi\u00f9<\/span><\/div><\/div><\/a><\/div><div class=\"x-col e17-e23 mh-n mh-p mh-q mh-s mh-t mh-v\"><div class=\"x-div e17-e24 mh-x mh-y mh-z mh-10 mh-11 mh-12 mh-15 mh-16 mh-17 mh-18\"><a class=\"x-div e17-e25 mh-x mh-11 mh-12 mh-15 mh-19 mh-1a mh-1b\" href=\"#prev\" data-x-effect-provider=\"colors particles effects\" data-x-slide-prev=\"\"><i class=\"x-icon e17-e26 mh-2o\" aria-hidden=\"true\" data-x-icon-s=\"&#xf104;\"><\/i><\/a><a class=\"x-div e17-e27 mh-x mh-y mh-11 mh-12 mh-15 mh-19 mh-1a mh-1c\" href=\"#next\" data-x-effect-provider=\"colors particles effects\" data-x-slide-next=\"\"><i class=\"x-icon e17-e28 mh-2o\" aria-hidden=\"true\" data-x-icon-s=\"&#xf105;\"><\/i><\/a><\/div><\/div><\/div><\/div><\/div><\/div><div class=\"x-slide e17-e16 mh-1h mh-1j\" data-x-slide=\"\"><div class=\"x-bg\" aria-hidden=\"true\"><div class=\"x-bg-layer-lower-image\" style=\" background-image: url(https:\/\/comitati.fisi.org\/veneto\/wp-content\/uploads\/sites\/39\/2026\/03\/sveva-di-gallo-8.-SL-alpe-cimbra-internazionale-6-marzo-2026.jpg); background-repeat: no-repeat; background-position: center; background-size: cover;\"><\/div><div class=\"x-bg-layer-upper-color\" style=\" background-color: rgba(255, 255, 255, 0.1);\"><\/div><\/div><div class=\"x-div e17-e17 mh-x mh-y mh-z mh-13 mh-14\"><div class=\"x-text x-text-headline e17-e18 mh-1k mh-1l mh-1m mh-1n mh-1u mh-1w mh-1x mh-1y mh-1z\"><div class=\"x-text-content\"><div class=\"x-text-content-text\"><span class=\"x-text-content-text-primary\">Alpino, Sveva Di Gallo 8. nello slalom Ragazze dell&#8217;Alpe Cimbra<\/span><\/div><\/div><\/div><div class=\"x-text x-text-headline e17-e19 mh-1l mh-1m mh-1n mh-1u mh-1x mh-1y mh-20 mh-21 mh-22\"><div class=\"x-text-content\"><div class=\"x-text-content-text\"><span class=\"x-text-content-text-primary\">Italia vittoriosa tra le nazioni...<\/span><\/div><\/div><\/div><div class=\"x-row e17-e20 mh-7 mh-a mh-b mh-e mh-h\"><div class=\"x-row-inner\"><div class=\"x-col e17-e21 mh-n mh-p mh-q mh-s mh-t mh-u\"><a class=\"x-anchor x-anchor-button e17-e22 mh-2n\" tabindex=\"0\" href=\"https:\/\/comitati.fisi.org\/veneto\/blog\/2026\/03\/06\/alpino-sveva-di-gallo-8-nello-slalom-ragazze-dellalpe-cimbra\/\"><div class=\"x-anchor-content\"><div class=\"x-anchor-text\"><span class=\"x-anchor-text-primary\">Leggi di pi\u00f9<\/span><\/div><\/div><\/a><\/div><div class=\"x-col e17-e23 mh-n mh-p mh-q mh-s mh-t mh-v\"><div class=\"x-div e17-e24 mh-x mh-y mh-z mh-10 mh-11 mh-12 mh-15 mh-16 mh-17 mh-18\"><a class=\"x-div e17-e25 mh-x mh-11 mh-12 mh-15 mh-19 mh-1a mh-1b\" href=\"#prev\" data-x-effect-provider=\"colors particles effects\" data-x-slide-prev=\"\"><i class=\"x-icon e17-e26 mh-2o\" aria-hidden=\"true\" data-x-icon-s=\"&#xf104;\"><\/i><\/a><a class=\"x-div e17-e27 mh-x mh-y mh-11 mh-12 mh-15 mh-19 mh-1a mh-1c\" href=\"#next\" data-x-effect-provider=\"colors particles effects\" data-x-slide-next=\"\"><i class=\"x-icon e17-e28 mh-2o\" aria-hidden=\"true\" data-x-icon-s=\"&#xf105;\"><\/i><\/a><\/div><\/div><\/div><\/div><\/div><\/div><div class=\"x-slide e17-e16 mh-1h mh-1j\" data-x-slide=\"\"><div class=\"x-bg\" aria-hidden=\"true\"><div class=\"x-bg-layer-lower-image\" style=\" background-image: url(https:\/\/comitati.fisi.org\/veneto\/wp-content\/uploads\/sites\/39\/2026\/03\/vanessa-cagnati-mondiali-juniores-lillehammer-marzo-2026-Copia.jpeg); background-repeat: no-repeat; background-position: center; background-size: cover;\"><\/div><div class=\"x-bg-layer-upper-color\" style=\" background-color: rgba(255, 255, 255, 0.1);\"><\/div><\/div><div class=\"x-div e17-e17 mh-x mh-y mh-z mh-13 mh-14\"><div class=\"x-text x-text-headline e17-e18 mh-1k mh-1l mh-1m mh-1n mh-1u mh-1w mh-1x mh-1y mh-1z\"><div class=\"x-text-content\"><div class=\"x-text-content-text\"><span class=\"x-text-content-text-primary\">Fondo, Vanessa Cagnati 16.ma nella 10 km dei Mondiali Juniores<\/span><\/div><\/div><\/div><div class=\"x-text x-text-headline e17-e19 mh-1l mh-1m mh-1n mh-1u mh-1x mh-1y mh-20 mh-21 mh-22\"><div class=\"x-text-content\"><div class=\"x-text-content-text\"><span class=\"x-text-content-text-primary\">30.ma Caterina Milani...<\/span><\/div><\/div><\/div><div class=\"x-row e17-e20 mh-7 mh-a mh-b mh-e mh-h\"><div class=\"x-row-inner\"><div class=\"x-col e17-e21 mh-n mh-p mh-q mh-s mh-t mh-u\"><a class=\"x-anchor x-anchor-button e17-e22 mh-2n\" tabindex=\"0\" href=\"https:\/\/comitati.fisi.org\/veneto\/blog\/2026\/03\/06\/fondo-vanessa-cagnati-16-ma-nella-10-km-dei-mondiali-juniores\/\"><div class=\"x-anchor-content\"><div class=\"x-anchor-text\"><span class=\"x-anchor-text-primary\">Leggi di pi\u00f9<\/span><\/div><\/div><\/a><\/div><div class=\"x-col e17-e23 mh-n mh-p mh-q mh-s mh-t mh-v\"><div class=\"x-div e17-e24 mh-x mh-y mh-z mh-10 mh-11 mh-12 mh-15 mh-16 mh-17 mh-18\"><a class=\"x-div e17-e25 mh-x mh-11 mh-12 mh-15 mh-19 mh-1a mh-1b\" href=\"#prev\" data-x-effect-provider=\"colors particles effects\" data-x-slide-prev=\"\"><i class=\"x-icon e17-e26 mh-2o\" aria-hidden=\"true\" data-x-icon-s=\"&#xf104;\"><\/i><\/a><a class=\"x-div e17-e27 mh-x mh-y mh-11 mh-12 mh-15 mh-19 mh-1a mh-1c\" href=\"#next\" data-x-effect-provider=\"colors particles effects\" data-x-slide-next=\"\"><i class=\"x-icon e17-e28 mh-2o\" aria-hidden=\"true\" data-x-icon-s=\"&#xf105;\"><\/i><\/a><\/div><\/div><\/div><\/div><\/div><\/div><div class=\"x-slide e17-e16 mh-1h mh-1j\" data-x-slide=\"\"><div class=\"x-bg\" aria-hidden=\"true\"><div class=\"x-bg-layer-lower-image\" style=\" background-image: url(https:\/\/comitati.fisi.org\/veneto\/wp-content\/uploads\/sites\/39\/2024\/01\/Thomas-Gaole_Gruppo04-skiri-21-gen-2024-scaled-1.jpg); background-repeat: no-repeat; background-position: center; background-size: cover;\"><\/div><div class=\"x-bg-layer-upper-color\" style=\" background-color: rgba(255, 255, 255, 0.1);\"><\/div><\/div><div class=\"x-div e17-e17 mh-x mh-y mh-z mh-13 mh-14\"><div class=\"x-text x-text-headline e17-e18 mh-1k mh-1l mh-1m mh-1n mh-1u mh-1w mh-1x mh-1y mh-1z\"><div class=\"x-text-content\"><div class=\"x-text-content-text\"><span class=\"x-text-content-text-primary\">Fondo, top five per Thomas Gaole al Tricolore di Boscochiesanuova<\/span><\/div><\/div><\/div><div class=\"x-text x-text-headline e17-e19 mh-1l mh-1m mh-1n mh-1u mh-1x mh-1y mh-20 mh-21 mh-22\"><div class=\"x-text-content\"><div class=\"x-text-content-text\"><span class=\"x-text-content-text-primary\">...<\/span><\/div><\/div><\/div><div class=\"x-row e17-e20 mh-7 mh-a mh-b mh-e mh-h\"><div class=\"x-row-inner\"><div class=\"x-col e17-e21 mh-n mh-p mh-q mh-s mh-t mh-u\"><a class=\"x-anchor x-anchor-button e17-e22 mh-2n\" tabindex=\"0\" href=\"https:\/\/comitati.fisi.org\/veneto\/blog\/2026\/03\/06\/fondo-top-five-per-thomas-gaole-al-tricolore-di-boscochiesanuova\/\"><div class=\"x-anchor-content\"><div class=\"x-anchor-text\"><span class=\"x-anchor-text-primary\">Leggi di pi\u00f9<\/span><\/div><\/div><\/a><\/div><div class=\"x-col e17-e23 mh-n mh-p mh-q mh-s mh-t mh-v\"><div class=\"x-div e17-e24 mh-x mh-y mh-z mh-10 mh-11 mh-12 mh-15 mh-16 mh-17 mh-18\"><a class=\"x-div e17-e25 mh-x mh-11 mh-12 mh-15 mh-19 mh-1a mh-1b\" href=\"#prev\" data-x-effect-provider=\"colors particles effects\" data-x-slide-prev=\"\"><i class=\"x-icon e17-e26 mh-2o\" aria-hidden=\"true\" data-x-icon-s=\"&#xf104;\"><\/i><\/a><a class=\"x-div e17-e27 mh-x mh-y mh-11 mh-12 mh-15 mh-19 mh-1a mh-1c\" href=\"#next\" data-x-effect-provider=\"colors particles effects\" data-x-slide-next=\"\"><i class=\"x-icon e17-e28 mh-2o\" aria-hidden=\"true\" data-x-icon-s=\"&#xf105;\"><\/i><\/a><\/div><\/div><\/div><\/div><\/div><\/div><div class=\"x-slide e17-e16 mh-1h mh-1j\" data-x-slide=\"\"><div class=\"x-bg\" aria-hidden=\"true\"><div class=\"x-bg-layer-lower-image\" style=\" background-image: url(https:\/\/comitati.fisi.org\/veneto\/wp-content\/uploads\/sites\/39\/2024\/04\/240406-Vertical-CortinaSkimoCup-2024-PhMaurizioTorri-68-ALBA-DE-SILVESTRO.jpg); background-repeat: no-repeat; background-position: center; background-size: cover;\"><\/div><div class=\"x-bg-layer-upper-color\" style=\" background-color: rgba(255, 255, 255, 0.1);\"><\/div><\/div><div class=\"x-div e17-e17 mh-x mh-y mh-z mh-13 mh-14\"><div class=\"x-text x-text-headline e17-e18 mh-1k mh-1l mh-1m mh-1n mh-1u mh-1w mh-1x mh-1y mh-1z\"><div class=\"x-text-content\"><div class=\"x-text-content-text\"><span class=\"x-text-content-text-primary\">Scialpinismo, ancora un podio per Alba De Silvestro agli Europei<\/span><\/div><\/div><\/div><div class=\"x-text x-text-headline e17-e19 mh-1l mh-1m mh-1n mh-1u mh-1x mh-1y mh-20 mh-21 mh-22\"><div class=\"x-text-content\"><div class=\"x-text-content-text\"><span class=\"x-text-content-text-primary\">Prima vittoria in Coppa del Mondo per Giulia Murada...<\/span><\/div><\/div><\/div><div class=\"x-row e17-e20 mh-7 mh-a mh-b mh-e mh-h\"><div class=\"x-row-inner\"><div class=\"x-col e17-e21 mh-n mh-p mh-q mh-s mh-t mh-u\"><a class=\"x-anchor x-anchor-button e17-e22 mh-2n\" tabindex=\"0\" href=\"https:\/\/comitati.fisi.org\/veneto\/blog\/2026\/03\/06\/scialpinismo-ancora-un-podio-per-alba-de-silvestro-agli-europei\/\"><div class=\"x-anchor-content\"><div class=\"x-anchor-text\"><span class=\"x-anchor-text-primary\">Leggi di pi\u00f9<\/span><\/div><\/div><\/a><\/div><div class=\"x-col e17-e23 mh-n mh-p mh-q mh-s mh-t mh-v\"><div class=\"x-div e17-e24 mh-x mh-y mh-z mh-10 mh-11 mh-12 mh-15 mh-16 mh-17 mh-18\"><a class=\"x-div e17-e25 mh-x mh-11 mh-12 mh-15 mh-19 mh-1a mh-1b\" href=\"#prev\" data-x-effect-provider=\"colors particles effects\" data-x-slide-prev=\"\"><i class=\"x-icon e17-e26 mh-2o\" aria-hidden=\"true\" data-x-icon-s=\"&#xf104;\"><\/i><\/a><a class=\"x-div e17-e27 mh-x mh-y mh-11 mh-12 mh-15 mh-19 mh-1a mh-1c\" href=\"#next\" data-x-effect-provider=\"colors particles effects\" data-x-slide-next=\"\"><i class=\"x-icon e17-e28 mh-2o\" aria-hidden=\"true\" data-x-icon-s=\"&#xf105;\"><\/i><\/a><\/div><\/div><\/div><\/div><\/div><\/div><div class=\"x-slide e17-e16 mh-1h mh-1j\" data-x-slide=\"\"><div class=\"x-bg\" aria-hidden=\"true\"><div class=\"x-bg-layer-lower-image\" style=\" background-image: url(https:\/\/comitati.fisi.org\/veneto\/wp-content\/uploads\/sites\/39\/2020\/01\/gp-lattebusche-archivio.jpg); background-repeat: no-repeat; background-position: center; background-size: cover;\"><\/div><div class=\"x-bg-layer-upper-color\" style=\" background-color: rgba(255, 255, 255, 0.1);\"><\/div><\/div><div class=\"x-div e17-e17 mh-x mh-y mh-z mh-13 mh-14\"><div class=\"x-text x-text-headline e17-e18 mh-1k mh-1l mh-1m mh-1n mh-1u mh-1w mh-1x mh-1y mh-1z\"><div class=\"x-text-content\"><div class=\"x-text-content-text\"><span class=\"x-text-content-text-primary\">Alpino, i qualificati alla finale del Grand Prix Lattebusche<\/span><\/div><\/div><\/div><div class=\"x-text x-text-headline e17-e19 mh-1l mh-1m mh-1n mh-1u mh-1x mh-1y mh-20 mh-21 mh-22\"><div class=\"x-text-content\"><div class=\"x-text-content-text\"><span class=\"x-text-content-text-primary\">Organizzazione a cura di Uoei Treviso...<\/span><\/div><\/div><\/div><div class=\"x-row e17-e20 mh-7 mh-a mh-b mh-e mh-h\"><div class=\"x-row-inner\"><div class=\"x-col e17-e21 mh-n mh-p mh-q mh-s mh-t mh-u\"><a class=\"x-anchor x-anchor-button e17-e22 mh-2n\" tabindex=\"0\" href=\"https:\/\/comitati.fisi.org\/veneto\/blog\/2026\/03\/06\/alpino-i-qualificati-alla-finale-del-grand-prix-lattebusche\/\"><div class=\"x-anchor-content\"><div class=\"x-anchor-text\"><span class=\"x-anchor-text-primary\">Leggi di pi\u00f9<\/span><\/div><\/div><\/a><\/div><div class=\"x-col e17-e23 mh-n mh-p mh-q mh-s mh-t mh-v\"><div class=\"x-div e17-e24 mh-x mh-y mh-z mh-10 mh-11 mh-12 mh-15 mh-16 mh-17 mh-18\"><a class=\"x-div e17-e25 mh-x mh-11 mh-12 mh-15 mh-19 mh-1a mh-1b\" href=\"#prev\" data-x-effect-provider=\"colors particles effects\" data-x-slide-prev=\"\"><i class=\"x-icon e17-e26 mh-2o\" aria-hidden=\"true\" data-x-icon-s=\"&#xf104;\"><\/i><\/a><a class=\"x-div e17-e27 mh-x mh-y mh-11 mh-12 mh-15 mh-19 mh-1a mh-1c\" href=\"#next\" data-x-effect-provider=\"colors particles effects\" data-x-slide-next=\"\"><i class=\"x-icon e17-e28 mh-2o\" aria-hidden=\"true\" data-x-icon-s=\"&#xf105;\"><\/i><\/a><\/div><\/div><\/div><\/div><\/div><\/div><div class=\"x-slide e17-e16 mh-1h mh-1j\" data-x-slide=\"\"><div class=\"x-bg\" aria-hidden=\"true\"><div class=\"x-bg-layer-lower-image\" style=\" background-image: url(https:\/\/comitati.fisi.org\/veneto\/wp-content\/uploads\/sites\/39\/2026\/03\/locandina-camp-ita-allievi-2026-Copia.jpeg); background-repeat: no-repeat; background-position: center; background-size: cover;\"><\/div><div class=\"x-bg-layer-upper-color\" style=\" background-color: rgba(255, 255, 255, 0.1);\"><\/div><\/div><div class=\"x-div e17-e17 mh-x mh-y mh-z mh-13 mh-14\"><div class=\"x-text x-text-headline e17-e18 mh-1k mh-1l mh-1m mh-1n mh-1u mh-1w mh-1x mh-1y mh-1z\"><div class=\"x-text-content\"><div class=\"x-text-content-text\"><span class=\"x-text-content-text-primary\">Fondo, gli ordini di partenza della prima giornata dei Tricolori Allievi<\/span><\/div><\/div><\/div><div class=\"x-text x-text-headline e17-e19 mh-1l mh-1m mh-1n mh-1u mh-1x mh-1y mh-20 mh-21 mh-22\"><div class=\"x-text-content\"><div class=\"x-text-content-text\"><span class=\"x-text-content-text-primary\">...<\/span><\/div><\/div><\/div><div class=\"x-row e17-e20 mh-7 mh-a mh-b mh-e mh-h\"><div class=\"x-row-inner\"><div class=\"x-col e17-e21 mh-n mh-p mh-q mh-s mh-t mh-u\"><a class=\"x-anchor x-anchor-button e17-e22 mh-2n\" tabindex=\"0\" href=\"https:\/\/comitati.fisi.org\/veneto\/blog\/2026\/03\/05\/fondo-gli-ordini-di-partenza-della-prima-giornata-dei-tricolori-allievi\/\"><div class=\"x-anchor-content\"><div class=\"x-anchor-text\"><span class=\"x-anchor-text-primary\">Leggi di pi\u00f9<\/span><\/div><\/div><\/a><\/div><div class=\"x-col e17-e23 mh-n mh-p mh-q mh-s mh-t mh-v\"><div class=\"x-div e17-e24 mh-x mh-y mh-z mh-10 mh-11 mh-12 mh-15 mh-16 mh-17 mh-18\"><a class=\"x-div e17-e25 mh-x mh-11 mh-12 mh-15 mh-19 mh-1a mh-1b\" href=\"#prev\" data-x-effect-provider=\"colors particles effects\" data-x-slide-prev=\"\"><i class=\"x-icon e17-e26 mh-2o\" aria-hidden=\"true\" data-x-icon-s=\"&#xf104;\"><\/i><\/a><a class=\"x-div e17-e27 mh-x mh-y mh-11 mh-12 mh-15 mh-19 mh-1a mh-1c\" href=\"#next\" data-x-effect-provider=\"colors particles effects\" data-x-slide-next=\"\"><i class=\"x-icon e17-e28 mh-2o\" aria-hidden=\"true\" data-x-icon-s=\"&#xf105;\"><\/i><\/a><\/div><\/div><\/div><\/div><\/div><\/div><div class=\"x-slide e17-e16 mh-1h mh-1j\" data-x-slide=\"\"><div class=\"x-bg\" aria-hidden=\"true\"><div class=\"x-bg-layer-lower-image\" style=\" background-image: url(https:\/\/comitati.fisi.org\/veneto\/wp-content\/uploads\/sites\/39\/2026\/02\/fisi-veneto-campionati-italiani-biathlon-entracque-2026.jpeg); background-repeat: no-repeat; background-position: center; background-size: cover;\"><\/div><div class=\"x-bg-layer-upper-color\" style=\" background-color: rgba(255, 255, 255, 0.1);\"><\/div><\/div><div class=\"x-div e17-e17 mh-x mh-y mh-z mh-13 mh-14\"><div class=\"x-text x-text-headline e17-e18 mh-1k mh-1l mh-1m mh-1n mh-1u mh-1w mh-1x mh-1y mh-1z\"><div class=\"x-text-content\"><div class=\"x-text-content-text\"><span class=\"x-text-content-text-primary\">Biathlon, i convocati per i Campionati italiani Ragazzi &#8211; Allievi<\/span><\/div><\/div><\/div><div class=\"x-text x-text-headline e17-e19 mh-1l mh-1m mh-1n mh-1u mh-1x mh-1y mh-20 mh-21 mh-22\"><div class=\"x-text-content\"><div class=\"x-text-content-text\"><span class=\"x-text-content-text-primary\">Appuntamento in Val Ridanna...<\/span><\/div><\/div><\/div><div class=\"x-row e17-e20 mh-7 mh-a mh-b mh-e mh-h\"><div class=\"x-row-inner\"><div class=\"x-col e17-e21 mh-n mh-p mh-q mh-s mh-t mh-u\"><a class=\"x-anchor x-anchor-button e17-e22 mh-2n\" tabindex=\"0\" href=\"https:\/\/comitati.fisi.org\/veneto\/blog\/2026\/03\/05\/biathlon-i-convocati-per-i-campionati-italiani-ragazzi-allievi\/\"><div class=\"x-anchor-content\"><div class=\"x-anchor-text\"><span class=\"x-anchor-text-primary\">Leggi di pi\u00f9<\/span><\/div><\/div><\/a><\/div><div class=\"x-col e17-e23 mh-n mh-p mh-q mh-s mh-t mh-v\"><div class=\"x-div e17-e24 mh-x mh-y mh-z mh-10 mh-11 mh-12 mh-15 mh-16 mh-17 mh-18\"><a class=\"x-div e17-e25 mh-x mh-11 mh-12 mh-15 mh-19 mh-1a mh-1b\" href=\"#prev\" data-x-effect-provider=\"colors particles effects\" data-x-slide-prev=\"\"><i class=\"x-icon e17-e26 mh-2o\" aria-hidden=\"true\" data-x-icon-s=\"&#xf104;\"><\/i><\/a><a class=\"x-div e17-e27 mh-x mh-y mh-11 mh-12 mh-15 mh-19 mh-1a mh-1c\" href=\"#next\" data-x-effect-provider=\"colors particles effects\" data-x-slide-next=\"\"><i class=\"x-icon e17-e28 mh-2o\" aria-hidden=\"true\" data-x-icon-s=\"&#xf105;\"><\/i><\/a><\/div><\/div><\/div><\/div><\/div><\/div><div class=\"x-slide e17-e16 mh-1h mh-1j\" data-x-slide=\"\"><div class=\"x-bg\" aria-hidden=\"true\"><div class=\"x-bg-layer-lower-image\" style=\" background-image: url(https:\/\/comitati.fisi.org\/veneto\/wp-content\/uploads\/sites\/39\/2024\/04\/MIxed_Maurizio-Torri-EB4A9623-Michele-Boscacci-e-Alba-De-Silvestro-10-aprile-2024.jpg); background-repeat: no-repeat; background-position: center; background-size: cover;\"><\/div><div class=\"x-bg-layer-upper-color\" style=\" background-color: rgba(255, 255, 255, 0.1);\"><\/div><\/div><div class=\"x-div e17-e17 mh-x mh-y mh-z mh-13 mh-14\"><div class=\"x-text x-text-headline e17-e18 mh-1k mh-1l mh-1m mh-1n mh-1u mh-1w mh-1x mh-1y mh-1z\"><div class=\"x-text-content\"><div class=\"x-text-content-text\"><span class=\"x-text-content-text-primary\">Scialpinismo, De Silvestro-Boscacci argento all&#8217;Europeo<\/span><\/div><\/div><\/div><div class=\"x-text x-text-headline e17-e19 mh-1l mh-1m mh-1n mh-1u mh-1x mh-1y mh-20 mh-21 mh-22\"><div class=\"x-text-content\"><div class=\"x-text-content-text\"><span class=\"x-text-content-text-primary\">Alba De Silvestro e Michele Boscacci sono medaglia d\u2019argento nella prova mista a squadre dei Campionati Europei in corso di svolgimento a Shahdag, in Azerbaijan....<\/span><\/div><\/div><\/div><div class=\"x-row e17-e20 mh-7 mh-a mh-b mh-e mh-h\"><div class=\"x-row-inner\"><div class=\"x-col e17-e21 mh-n mh-p mh-q mh-s mh-t mh-u\"><a class=\"x-anchor x-anchor-button e17-e22 mh-2n\" tabindex=\"0\" href=\"https:\/\/comitati.fisi.org\/veneto\/blog\/2026\/03\/05\/scialpinismo-de-silvestro-boscacci-argento-alleuropeo\/\"><div class=\"x-anchor-content\"><div class=\"x-anchor-text\"><span class=\"x-anchor-text-primary\">Leggi di pi\u00f9<\/span><\/div><\/div><\/a><\/div><div class=\"x-col e17-e23 mh-n mh-p mh-q mh-s mh-t mh-v\"><div class=\"x-div e17-e24 mh-x mh-y mh-z mh-10 mh-11 mh-12 mh-15 mh-16 mh-17 mh-18\"><a class=\"x-div e17-e25 mh-x mh-11 mh-12 mh-15 mh-19 mh-1a mh-1b\" href=\"#prev\" data-x-effect-provider=\"colors particles effects\" data-x-slide-prev=\"\"><i class=\"x-icon e17-e26 mh-2o\" aria-hidden=\"true\" data-x-icon-s=\"&#xf104;\"><\/i><\/a><a class=\"x-div e17-e27 mh-x mh-y mh-11 mh-12 mh-15 mh-19 mh-1a mh-1c\" href=\"#next\" data-x-effect-provider=\"colors particles effects\" data-x-slide-next=\"\"><i class=\"x-icon e17-e28 mh-2o\" aria-hidden=\"true\" data-x-icon-s=\"&#xf105;\"><\/i><\/a><\/div><\/div><\/div><\/div><\/div><\/div><div class=\"x-slide e17-e16 mh-1h mh-1j\" data-x-slide=\"\"><div class=\"x-bg\" aria-hidden=\"true\"><div class=\"x-bg-layer-lower-image\" style=\" background-image: url(https:\/\/comitati.fisi.org\/veneto\/wp-content\/uploads\/sites\/39\/2025\/02\/matteo-avesani-7.-camp-ita-giovani-pfelders-19.02.2025-Copia.jpeg); background-repeat: no-repeat; background-position: center; background-size: cover;\"><\/div><div class=\"x-bg-layer-upper-color\" style=\" background-color: rgba(255, 255, 255, 0.1);\"><\/div><\/div><div class=\"x-div e17-e17 mh-x mh-y mh-z mh-13 mh-14\"><div class=\"x-text x-text-headline e17-e18 mh-1k mh-1l mh-1m mh-1n mh-1u mh-1w mh-1x mh-1y mh-1z\"><div class=\"x-text-content\"><div class=\"x-text-content-text\"><span class=\"x-text-content-text-primary\">Alpino, Avesani e  Ploner in evidenza al Gran premio Italia Dicoflor<\/span><\/div><\/div><\/div><div class=\"x-text x-text-headline e17-e19 mh-1l mh-1m mh-1n mh-1u mh-1x mh-1y mh-20 mh-21 mh-22\"><div class=\"x-text-content\"><div class=\"x-text-content-text\"><span class=\"x-text-content-text-primary\">Oggi a Valgrisenche (Aosta) si \u00e8 svolto il secondo slalom della due giorni del Gran premio Italia Dicoflor. Per Matteo Avesani (Sci club Cortina) sono...<\/span><\/div><\/div><\/div><div class=\"x-row e17-e20 mh-7 mh-a mh-b mh-e mh-h\"><div class=\"x-row-inner\"><div class=\"x-col e17-e21 mh-n mh-p mh-q mh-s mh-t mh-u\"><a class=\"x-anchor x-anchor-button e17-e22 mh-2n\" tabindex=\"0\" href=\"https:\/\/comitati.fisi.org\/veneto\/blog\/2026\/03\/05\/alpino-avesani-e-ploner-in-evidenza-al-gran-premio-italia-dicoflor\/\"><div class=\"x-anchor-content\"><div class=\"x-anchor-text\"><span class=\"x-anchor-text-primary\">Leggi di pi\u00f9<\/span><\/div><\/div><\/a><\/div><div class=\"x-col e17-e23 mh-n mh-p mh-q mh-s mh-t mh-v\"><div class=\"x-div e17-e24 mh-x mh-y mh-z mh-10 mh-11 mh-12 mh-15 mh-16 mh-17 mh-18\"><a class=\"x-div e17-e25 mh-x mh-11 mh-12 mh-15 mh-19 mh-1a mh-1b\" href=\"#prev\" data-x-effect-provider=\"colors particles effects\" data-x-slide-prev=\"\"><i class=\"x-icon e17-e26 mh-2o\" aria-hidden=\"true\" data-x-icon-s=\"&#xf104;\"><\/i><\/a><a class=\"x-div e17-e27 mh-x mh-y mh-11 mh-12 mh-15 mh-19 mh-1a mh-1c\" href=\"#next\" data-x-effect-provider=\"colors particles effects\" data-x-slide-next=\"\"><i class=\"x-icon e17-e28 mh-2o\" aria-hidden=\"true\" data-x-icon-s=\"&#xf105;\"><\/i><\/a><\/div><\/div><\/div><\/div><\/div><\/div><div class=\"x-slide e17-e16 mh-1h mh-1j\" data-x-slide=\"\"><div class=\"x-bg\" aria-hidden=\"true\"><div class=\"x-bg-layer-lower-image\" style=\" background-image: url(https:\/\/comitati.fisi.org\/veneto\/wp-content\/uploads\/sites\/39\/2026\/03\/michelle-dal-farra-seconda-alpe-cimbra-internazionale-5-marzo-2026-GS-PODIO-scaled.jpg); background-repeat: no-repeat; background-position: center; background-size: cover;\"><\/div><div class=\"x-bg-layer-upper-color\" style=\" background-color: rgba(255, 255, 255, 0.1);\"><\/div><\/div><div class=\"x-div e17-e17 mh-x mh-y mh-z mh-13 mh-14\"><div class=\"x-text x-text-headline e17-e18 mh-1k mh-1l mh-1m mh-1n mh-1u mh-1w mh-1x mh-1y mh-1z\"><div class=\"x-text-content\"><div class=\"x-text-content-text\"><span class=\"x-text-content-text-primary\">Alpino, Michelle Dal Farra seconda nel gigante internazionale dell&#8217;Alpe Cimbra<\/span><\/div><\/div><\/div><div class=\"x-text x-text-headline e17-e19 mh-1l mh-1m mh-1n mh-1u mh-1x mh-1y mh-20 mh-21 mh-22\"><div class=\"x-text-content\"><div class=\"x-text-content-text\"><span class=\"x-text-content-text-primary\">14. posto per Sveva Di Gallo...<\/span><\/div><\/div><\/div><div class=\"x-row e17-e20 mh-7 mh-a mh-b mh-e mh-h\"><div class=\"x-row-inner\"><div class=\"x-col e17-e21 mh-n mh-p mh-q mh-s mh-t mh-u\"><a class=\"x-anchor x-anchor-button e17-e22 mh-2n\" tabindex=\"0\" href=\"https:\/\/comitati.fisi.org\/veneto\/blog\/2026\/03\/05\/alpino-michelle-dal-farra-seconda-nel-gigante-internazionale-dellalpe-cimbra\/\"><div class=\"x-anchor-content\"><div class=\"x-anchor-text\"><span class=\"x-anchor-text-primary\">Leggi di pi\u00f9<\/span><\/div><\/div><\/a><\/div><div class=\"x-col e17-e23 mh-n mh-p mh-q mh-s mh-t mh-v\"><div class=\"x-div e17-e24 mh-x mh-y mh-z mh-10 mh-11 mh-12 mh-15 mh-16 mh-17 mh-18\"><a class=\"x-div e17-e25 mh-x mh-11 mh-12 mh-15 mh-19 mh-1a mh-1b\" href=\"#prev\" data-x-effect-provider=\"colors particles effects\" data-x-slide-prev=\"\"><i class=\"x-icon e17-e26 mh-2o\" aria-hidden=\"true\" data-x-icon-s=\"&#xf104;\"><\/i><\/a><a class=\"x-div e17-e27 mh-x mh-y mh-11 mh-12 mh-15 mh-19 mh-1a mh-1c\" href=\"#next\" data-x-effect-provider=\"colors particles effects\" data-x-slide-next=\"\"><i class=\"x-icon e17-e28 mh-2o\" aria-hidden=\"true\" data-x-icon-s=\"&#xf105;\"><\/i><\/a><\/div><\/div><\/div><\/div><\/div><\/div><\/div><\/div><\/div><\/div><\/div><\/div><\/div><\/div><\/div><div class=\"x-section e17-e29 mh-0 mh-2 mh-3 mh-4\"><div class=\"x-row e17-e30 mh-7 mh-a mh-b mh-e mh-i\"><div class=\"x-row-inner\"><div class=\"x-col e17-e31 mh-q mh-s\"><div class=\"x-text x-text-headline e17-e32 mh-1l mh-1m mh-1n mh-1q mh-1r mh-21 mh-22 mh-23 mh-24 mh-25\"><div class=\"x-text-content\"><div class=\"x-text-content-text\"><span class=\"x-text-content-text-primary\">Ultimi risultati<\/span><\/div><\/div><\/div><div class=\"x-grid e17-e33 mh-2p mh-2q\"><a class=\"x-cell e17-e34 mh-2s mh-2t mh-2u\" href=\"https:\/\/comitati.fisi.org\/veneto\/blog\/2026\/04\/24\/alpino-piero-molin-sul-podio-al-trofeo-comune-di-valtournenche\/\"><div class=\"x-row e17-e35 mh-7 mh-b mh-c mh-j\"><div class=\"x-row-inner\"><div class=\"x-col e17-e36 mh-q mh-s\"><span class=\"x-image e17-e37 mh-2y mh-2z mh-30 mh-31\"><img decoding=\"async\" src=\"https:\/\/comitati.fisi.org\/veneto\/wp-content\/uploads\/sites\/39\/2026\/04\/piero-molin-2-SL-aspiranti-Fis-valtournenche-24.04.2026.jpeg\" width=\"572\" height=\"381\" alt=\"Image\" loading=\"lazy\"><\/span><\/div><div class=\"x-col e17-e38 mh-n mh-q mh-t mh-u mh-w\"><div class=\"x-text x-text-headline e17-e39 mh-1l mh-1m mh-1n mh-1p mh-1u mh-1v mh-1y mh-21 mh-22 mh-23 mh-24\"><div class=\"x-text-content\"><div class=\"x-text-content-text\"><span class=\"x-text-content-text-primary\">Alpino, Piero Molin sul podio al Trofeo Comune di Valtournenche<\/span><\/div><\/div><\/div><div class=\"x-div e17-e40 mh-x mh-y mh-z mh-10 mh-11 mh-12 mh-15 mh-16 mh-17\"><div class=\"x-text x-text-headline e17-e41 mh-1k mh-1l mh-1m mh-1o mh-1q mh-1t mh-1u mh-26\"><div class=\"x-text-content\"><div class=\"x-text-content-text\"><span class=\"x-text-content-text-primary\">Aprile 24, 2026<\/span><\/div><\/div><\/div><hr class=\"x-line e17-e42 mh-2j mh-2k mh-2l\"><\/hr><div class=\"x-div e17-e43 mh-x mh-y mh-z mh-10 mh-11 mh-12 mh-15 mh-16 mh-1a\"><\/div><\/div><\/div><\/div><\/div><\/a><a class=\"x-cell e17-e34 mh-2s mh-2t mh-2u\" href=\"https:\/\/comitati.fisi.org\/veneto\/blog\/2026\/04\/22\/fondo-le-classifiche-finali-del-trofeo-laser-style-italia\/\"><div class=\"x-row e17-e35 mh-7 mh-b mh-c mh-j\"><div class=\"x-row-inner\"><div class=\"x-col e17-e36 mh-q mh-s\"><span class=\"x-image e17-e37 mh-2y mh-2z mh-30 mh-31\"><img decoding=\"async\" src=\"https:\/\/comitati.fisi.org\/veneto\/wp-content\/uploads\/sites\/39\/2026\/04\/echialessandrosogne40-VELA-LASER-STYLE-ITALIA-falcade-dicembre-2026-scaled.jpg\" width=\"1280\" height=\"853\" alt=\"Image\" loading=\"lazy\"><\/span><\/div><div class=\"x-col e17-e38 mh-n mh-q mh-t mh-u mh-w\"><div class=\"x-text x-text-headline e17-e39 mh-1l mh-1m mh-1n mh-1p mh-1u mh-1v mh-1y mh-21 mh-22 mh-23 mh-24\"><div class=\"x-text-content\"><div class=\"x-text-content-text\"><span class=\"x-text-content-text-primary\">Fondo, le classifiche finali del Trofeo Laser Style Italia<\/span><\/div><\/div><\/div><div class=\"x-div e17-e40 mh-x mh-y mh-z mh-10 mh-11 mh-12 mh-15 mh-16 mh-17\"><div class=\"x-text x-text-headline e17-e41 mh-1k mh-1l mh-1m mh-1o mh-1q mh-1t mh-1u mh-26\"><div class=\"x-text-content\"><div class=\"x-text-content-text\"><span class=\"x-text-content-text-primary\">Aprile 22, 2026<\/span><\/div><\/div><\/div><hr class=\"x-line e17-e42 mh-2j mh-2k mh-2l\"><\/hr><div class=\"x-div e17-e43 mh-x mh-y mh-z mh-10 mh-11 mh-12 mh-15 mh-16 mh-1a\"><\/div><\/div><\/div><\/div><\/div><\/a><a class=\"x-cell e17-e34 mh-2s mh-2t mh-2u\" href=\"https:\/\/comitati.fisi.org\/veneto\/blog\/2026\/04\/21\/alpino-le-classifiche-finali-della-coppa-veneto-bcc-veneta\/\"><div class=\"x-row e17-e35 mh-7 mh-b mh-c mh-j\"><div class=\"x-row-inner\"><div class=\"x-col e17-e36 mh-q mh-s\"><span class=\"x-image e17-e37 mh-2y mh-2z mh-30 mh-31\"><img decoding=\"async\" src=\"https:\/\/comitati.fisi.org\/veneto\/wp-content\/uploads\/sites\/39\/2026\/04\/giulia-savorgnani-vittoria-coppa-veneto-GS-pordoi-11.04.2026-1.jpeg\" width=\"800\" height=\"533\" alt=\"Image\" loading=\"lazy\"><\/span><\/div><div class=\"x-col e17-e38 mh-n mh-q mh-t mh-u mh-w\"><div class=\"x-text x-text-headline e17-e39 mh-1l mh-1m mh-1n mh-1p mh-1u mh-1v mh-1y mh-21 mh-22 mh-23 mh-24\"><div class=\"x-text-content\"><div class=\"x-text-content-text\"><span class=\"x-text-content-text-primary\">Alpino, le classifiche finali della Coppa Veneto BCC Veneta<\/span><\/div><\/div><\/div><div class=\"x-div e17-e40 mh-x mh-y mh-z mh-10 mh-11 mh-12 mh-15 mh-16 mh-17\"><div class=\"x-text x-text-headline e17-e41 mh-1k mh-1l mh-1m mh-1o mh-1q mh-1t mh-1u mh-26\"><div class=\"x-text-content\"><div class=\"x-text-content-text\"><span class=\"x-text-content-text-primary\">Aprile 21, 2026<\/span><\/div><\/div><\/div><hr class=\"x-line e17-e42 mh-2j mh-2k mh-2l\"><\/hr><div class=\"x-div e17-e43 mh-x mh-y mh-z mh-10 mh-11 mh-12 mh-15 mh-16 mh-1a\"><\/div><\/div><\/div><\/div><\/div><\/a><a class=\"x-cell e17-e34 mh-2s mh-2t mh-2u\" href=\"https:\/\/comitati.fisi.org\/veneto\/blog\/2026\/04\/21\/sci-derba-tanto-veneto-in-azzurro-per-la-stagione-2026\/\"><div class=\"x-row e17-e35 mh-7 mh-b mh-c mh-j\"><div class=\"x-row-inner\"><div class=\"x-col e17-e36 mh-q mh-s\"><span class=\"x-image e17-e37 mh-2y mh-2z mh-30 mh-31\"><img decoding=\"async\" src=\"https:\/\/comitati.fisi.org\/veneto\/wp-content\/uploads\/sites\/39\/2021\/05\/Fausto-Cerentin-ITA-2015-tambre.jpg\" width=\"800\" height=\"533\" alt=\"Image\" loading=\"lazy\"><\/span><\/div><div class=\"x-col e17-e38 mh-n mh-q mh-t mh-u mh-w\"><div class=\"x-text x-text-headline e17-e39 mh-1l mh-1m mh-1n mh-1p mh-1u mh-1v mh-1y mh-21 mh-22 mh-23 mh-24\"><div class=\"x-text-content\"><div class=\"x-text-content-text\"><span class=\"x-text-content-text-primary\">Sci d&#8217;erba, tanto Veneto in azzurro per la stagione 2026<\/span><\/div><\/div><\/div><div class=\"x-div e17-e40 mh-x mh-y mh-z mh-10 mh-11 mh-12 mh-15 mh-16 mh-17\"><div class=\"x-text x-text-headline e17-e41 mh-1k mh-1l mh-1m mh-1o mh-1q mh-1t mh-1u mh-26\"><div class=\"x-text-content\"><div class=\"x-text-content-text\"><span class=\"x-text-content-text-primary\">Aprile 21, 2026<\/span><\/div><\/div><\/div><hr class=\"x-line e17-e42 mh-2j mh-2k mh-2l\"><\/hr><div class=\"x-div e17-e43 mh-x mh-y mh-z mh-10 mh-11 mh-12 mh-15 mh-16 mh-1a\"><\/div><\/div><\/div><\/div><\/div><\/a><a class=\"x-cell e17-e34 mh-2s mh-2t mh-2u\" href=\"https:\/\/comitati.fisi.org\/veneto\/blog\/2026\/04\/20\/skiroll-sei-veneti-in-azzurro-per-la-stagione-2026\/\"><div class=\"x-row e17-e35 mh-7 mh-b mh-c mh-j\"><div class=\"x-row-inner\"><div class=\"x-col e17-e36 mh-q mh-s\"><span class=\"x-image e17-e37 mh-2y mh-2z mh-30 mh-31\"><img decoding=\"async\" src=\"https:\/\/comitati.fisi.org\/veneto\/wp-content\/uploads\/sites\/39\/2023\/10\/riccardo-masiero-vittoria-azione-bondone-8-ott-2023-coppa-italia.jpg\" width=\"900\" height=\"600\" alt=\"Image\" loading=\"lazy\"><\/span><\/div><div class=\"x-col e17-e38 mh-n mh-q mh-t mh-u mh-w\"><div class=\"x-text x-text-headline e17-e39 mh-1l mh-1m mh-1n mh-1p mh-1u mh-1v mh-1y mh-21 mh-22 mh-23 mh-24\"><div class=\"x-text-content\"><div class=\"x-text-content-text\"><span class=\"x-text-content-text-primary\">Skiroll, sei veneti in azzurro per la stagione 2026<\/span><\/div><\/div><\/div><div class=\"x-div e17-e40 mh-x mh-y mh-z mh-10 mh-11 mh-12 mh-15 mh-16 mh-17\"><div class=\"x-text x-text-headline e17-e41 mh-1k mh-1l mh-1m mh-1o mh-1q mh-1t mh-1u mh-26\"><div class=\"x-text-content\"><div class=\"x-text-content-text\"><span class=\"x-text-content-text-primary\">Aprile 20, 2026<\/span><\/div><\/div><\/div><hr class=\"x-line e17-e42 mh-2j mh-2k mh-2l\"><\/hr><div class=\"x-div e17-e43 mh-x mh-y mh-z mh-10 mh-11 mh-12 mh-15 mh-16 mh-1a\"><\/div><\/div><\/div><\/div><\/div><\/a><a class=\"x-cell e17-e34 mh-2s mh-2t mh-2u\" href=\"https:\/\/comitati.fisi.org\/veneto\/blog\/2026\/04\/19\/alpino-vittoria-per-mattia-telesforo-al-memorial-fosson\/\"><div class=\"x-row e17-e35 mh-7 mh-b mh-c mh-j\"><div class=\"x-row-inner\"><div class=\"x-col e17-e36 mh-q mh-s\"><span class=\"x-image e17-e37 mh-2y mh-2z mh-30 mh-31\"><img decoding=\"async\" src=\"https:\/\/comitati.fisi.org\/veneto\/wp-content\/uploads\/sites\/39\/2026\/04\/mattia-telesforo-pila-aprile-2026.jpeg\" width=\"598\" height=\"398\" alt=\"Image\" loading=\"lazy\"><\/span><\/div><div class=\"x-col e17-e38 mh-n mh-q mh-t mh-u mh-w\"><div class=\"x-text x-text-headline e17-e39 mh-1l mh-1m mh-1n mh-1p mh-1u mh-1v mh-1y mh-21 mh-22 mh-23 mh-24\"><div class=\"x-text-content\"><div class=\"x-text-content-text\"><span class=\"x-text-content-text-primary\">Alpino, vittoria per Mattia Telesforo al Memorial Fosson<\/span><\/div><\/div><\/div><div class=\"x-div e17-e40 mh-x mh-y mh-z mh-10 mh-11 mh-12 mh-15 mh-16 mh-17\"><div class=\"x-text x-text-headline e17-e41 mh-1k mh-1l mh-1m mh-1o mh-1q mh-1t mh-1u mh-26\"><div class=\"x-text-content\"><div class=\"x-text-content-text\"><span class=\"x-text-content-text-primary\">Aprile 19, 2026<\/span><\/div><\/div><\/div><hr class=\"x-line e17-e42 mh-2j mh-2k mh-2l\"><\/hr><div class=\"x-div e17-e43 mh-x mh-y mh-z mh-10 mh-11 mh-12 mh-15 mh-16 mh-1a\"><\/div><\/div><\/div><\/div><\/div><\/a><\/div><\/div><\/div><\/div><\/div><div class=\"x-section e17-e45 mh-0 mh-3 mh-4 mh-5\"><div class=\"x-row e17-e46 mh-7 mh-a mh-b mh-e mh-k\"><div class=\"x-row-inner\"><div class=\"x-col e17-e47 mh-q mh-s\"><div class=\"x-text x-text-headline e17-e48 mh-1l mh-1m mh-1n mh-1q mh-1r mh-21 mh-22 mh-23 mh-24 mh-25\"><div class=\"x-text-content\"><div class=\"x-text-content-text\"><span class=\"x-text-content-text-primary\">Ultime notizie<\/span><\/div><\/div><\/div><\/div><\/div><\/div><div class=\"x-grid e17-e49 mh-2q mh-2r\"><a class=\"x-cell e17-e50 mh-2t mh-2v mh-2w\" href=\"https:\/\/comitati.fisi.org\/veneto\/blog\/2026\/04\/02\/alpino-alla-finale-del-grand-prix-lattebusche-vittoria-per-lo-sci-club-cortina-davanti-a-sci-club-druscie-e-us-asiago-sci\/\"><div class=\"x-div e17-e51 mh-x mh-y mh-z mh-10 mh-11 mh-12 mh-13 mh-1d\"><div class=\"x-bg\" aria-hidden=\"true\"><div class=\"x-bg-layer-lower-image\" style=\" background-image: url(https:\/\/comitati.fisi.org\/veneto\/wp-content\/uploads\/sites\/39\/2026\/04\/societa-finale-lattebusche-02.04.2026-san-pellegrino-1-cortina-2.-druscie-3.-us-asiago-sci.jpeg); background-repeat: no-repeat; background-position: center; background-size: cover;\"><\/div><\/div><span class=\"x-image e17-e52 mh-2y\"><img decoding=\"async\" src=\"https:\/\/comitati.fisi.org\/veneto\/wp-content\/uploads\/sites\/39\/2024\/07\/primo-piano-over.png\" width=\"215\" height=\"124\" alt=\"Image\" loading=\"lazy\"><\/span><\/div><div class=\"x-text x-text-headline e17-e53 mh-1k mh-1l mh-1n mh-1u mh-1v mh-1w mh-1y mh-29 mh-2a mh-2b\"><div class=\"x-text-content\"><div class=\"x-text-content-text\"><span class=\"x-text-content-text-primary\">Alpino, alla finale del Grand Prix Lattebusche vittoria per lo Sci club Cortina davanti a Sci club Drusci\u00e9 e Us Asiago Sci<\/span><\/div><\/div><\/div><div class=\"x-text x-text-headline e17-e54 mh-1k mh-1l mh-1n mh-1u mh-1x mh-1y mh-26 mh-2a mh-2c\"><div class=\"x-text-content\"><div class=\"x-text-content-text\"><span class=\"x-text-content-text-primary\">Organizzazione Uoei Treviso e Sci club Treviso...<\/span><\/div><\/div><\/div><hr class=\"x-line e17-e55 mh-2i mh-2k mh-2m\"><\/hr><div class=\"x-text x-text-headline e17-e56 mh-1k mh-1l mh-1q mh-1t mh-1u mh-26 mh-2d\"><div class=\"x-text-content\"><div class=\"x-text-content-text\"><span class=\"x-text-content-text-primary\">Aprile 2, 2026<\/span><\/div><\/div><\/div><div class=\"x-div e17-e57 mh-x mh-y mh-z mh-10 mh-12 mh-15 mh-16 mh-1a mh-1e discipline-container\"><\/div><\/a><a class=\"x-cell e17-e59 mh-2s mh-2t mh-2w mh-2x\" href=\"https:\/\/comitati.fisi.org\/veneto\/blog\/2026\/03\/25\/alpino-piero-molin-bronzo-in-slalom-ai-tricolori-aspiranti\/\"><div class=\"x-div e17-e60 mh-x mh-y mh-z mh-10 mh-11 mh-12\"><span class=\"x-image e17-e61 mh-2y mh-2z mh-30 mh-32\"><img decoding=\"async\" src=\"https:\/\/comitati.fisi.org\/veneto\/wp-content\/uploads\/sites\/39\/2026\/03\/piero-molin-2-asp-SL-camp-ita-alleghe-25-marzo-2026-1-scaled.jpeg\" width=\"1280\" height=\"853\" alt=\"Image\" loading=\"lazy\"><\/span><div class=\"x-text x-text-headline e17-e62 mh-1k mh-1l mh-1n mh-1u mh-1v mh-1y mh-24 mh-2b mh-2f\"><div class=\"x-text-content\"><div class=\"x-text-content-text\"><span class=\"x-text-content-text-primary\">Alpino, Piero Molin bronzo in slalom ai Tricolori Aspiranti!<\/span><span class=\"x-text-content-text-subheadline\">Nel superG femminile, 13. Nicole De Cassan (Drusci\u00e9)...<\/span><\/div><\/div><\/div><\/div><div class=\"x-div e17-e63 mh-x mh-y mh-z mh-10 mh-11 mh-12 mh-13\"><hr class=\"x-line e17-e64 mh-2i mh-2k mh-2m\"><\/hr><div class=\"x-text x-text-headline e17-e65 mh-1k mh-1l mh-1q mh-1t mh-1u mh-26 mh-2d\"><div class=\"x-text-content\"><div class=\"x-text-content-text\"><span class=\"x-text-content-text-primary\">Marzo 25, 2026<\/span><\/div><\/div><\/div><div class=\"x-div e17-e66 mh-x mh-y mh-z mh-10 mh-12 mh-15 mh-16 mh-1a mh-1e discipline-container\"><\/div><\/div><\/a><a class=\"x-cell e17-e59 mh-2s mh-2t mh-2w mh-2x\" href=\"https:\/\/comitati.fisi.org\/veneto\/blog\/2026\/03\/15\/fondo-i-risultati-della-finale-del-grand-prix-lattebusche\/\"><div class=\"x-div e17-e60 mh-x mh-y mh-z mh-10 mh-11 mh-12\"><span class=\"x-image e17-e61 mh-2y mh-2z mh-30 mh-32\"><img decoding=\"async\" src=\"https:\/\/comitati.fisi.org\/veneto\/wp-content\/uploads\/sites\/39\/2026\/03\/EchidiAlessandroSogne35-PODIO-SOCIETA-finale-lattebusche.jpg\" width=\"950\" height=\"633\" alt=\"Image\" loading=\"lazy\"><\/span><div class=\"x-text x-text-headline e17-e62 mh-1k mh-1l mh-1n mh-1u mh-1v mh-1y mh-24 mh-2b mh-2f\"><div class=\"x-text-content\"><div class=\"x-text-content-text\"><span class=\"x-text-content-text-primary\">Fondo, i risultati della finale del Grand Prix Lattebusche<\/span><span class=\"x-text-content-text-subheadline\">Organizzazione Sci club Montebelluna...<\/span><\/div><\/div><\/div><\/div><div class=\"x-div e17-e63 mh-x mh-y mh-z mh-10 mh-11 mh-12 mh-13\"><hr class=\"x-line e17-e64 mh-2i mh-2k mh-2m\"><\/hr><div class=\"x-text x-text-headline e17-e65 mh-1k mh-1l mh-1q mh-1t mh-1u mh-26 mh-2d\"><div class=\"x-text-content\"><div class=\"x-text-content-text\"><span class=\"x-text-content-text-primary\">Marzo 15, 2026<\/span><\/div><\/div><\/div><div class=\"x-div e17-e66 mh-x mh-y mh-z mh-10 mh-12 mh-15 mh-16 mh-1a mh-1e discipline-container\"><\/div><\/div><\/a><a class=\"x-cell e17-e59 mh-2s mh-2t mh-2w mh-2x\" href=\"https:\/\/comitati.fisi.org\/veneto\/blog\/2026\/03\/13\/fondo-gli-ordini-di-partenza-del-fondo-del-grand-prix-lattebusche\/\"><div class=\"x-div e17-e60 mh-x mh-y mh-z mh-10 mh-11 mh-12\"><span class=\"x-image e17-e61 mh-2y mh-2z mh-30 mh-32\"><img decoding=\"async\" src=\"https:\/\/comitati.fisi.org\/veneto\/wp-content\/uploads\/sites\/39\/2026\/03\/echialessandrosogne70-LATTEBUSCHE-FALCADE-dic-2025.jpg\" width=\"1000\" height=\"666\" alt=\"Image\" loading=\"lazy\"><\/span><div class=\"x-text x-text-headline e17-e62 mh-1k mh-1l mh-1n mh-1u mh-1v mh-1y mh-24 mh-2b mh-2f\"><div class=\"x-text-content\"><div class=\"x-text-content-text\"><span class=\"x-text-content-text-primary\">Fondo, gli ordini di partenza del fondo del Grand Prix Lattebusche<\/span><span class=\"x-text-content-text-subheadline\">Domani sulla pista Pietro Scola di Falcade lo Sci club Montebelluna proporr\u00e0 la gimkana della...<\/span><\/div><\/div><\/div><\/div><div class=\"x-div e17-e63 mh-x mh-y mh-z mh-10 mh-11 mh-12 mh-13\"><hr class=\"x-line e17-e64 mh-2i mh-2k mh-2m\"><\/hr><div class=\"x-text x-text-headline e17-e65 mh-1k mh-1l mh-1q mh-1t mh-1u mh-26 mh-2d\"><div class=\"x-text-content\"><div class=\"x-text-content-text\"><span class=\"x-text-content-text-primary\">Marzo 13, 2026<\/span><\/div><\/div><\/div><div class=\"x-div e17-e66 mh-x mh-y mh-z mh-10 mh-12 mh-15 mh-16 mh-1a mh-1e discipline-container\"><\/div><\/div><\/a><a class=\"x-cell e17-e59 mh-2s mh-2t mh-2w mh-2x\" href=\"https:\/\/comitati.fisi.org\/veneto\/blog\/2026\/03\/13\/finali-lattebusche-i-risultati-dello-skicross\/\"><div class=\"x-div e17-e60 mh-x mh-y mh-z mh-10 mh-11 mh-12\"><span class=\"x-image e17-e61 mh-2y mh-2z mh-30 mh-32\"><img decoding=\"async\" src=\"https:\/\/comitati.fisi.org\/veneto\/wp-content\/uploads\/sites\/39\/2026\/03\/skicross-lattebusche-vittoria-petra-cherubin-cucciole-13-marzo-2026.jpeg\" width=\"600\" height=\"400\" alt=\"Image\" loading=\"lazy\"><\/span><div class=\"x-text x-text-headline e17-e62 mh-1k mh-1l mh-1n mh-1u mh-1v mh-1y mh-24 mh-2b mh-2f\"><div class=\"x-text-content\"><div class=\"x-text-content-text\"><span class=\"x-text-content-text-primary\">Finali Lattebusche, i risultati dello skicross<\/span><span class=\"x-text-content-text-subheadline\">Oggi a Falcade Dolomiti la prima giornata dello storico evento dedicato a Baby e Cuccioli,...<\/span><\/div><\/div><\/div><\/div><div class=\"x-div e17-e63 mh-x mh-y mh-z mh-10 mh-11 mh-12 mh-13\"><hr class=\"x-line e17-e64 mh-2i mh-2k mh-2m\"><\/hr><div class=\"x-text x-text-headline e17-e65 mh-1k mh-1l mh-1q mh-1t mh-1u mh-26 mh-2d\"><div class=\"x-text-content\"><div class=\"x-text-content-text\"><span class=\"x-text-content-text-primary\">Marzo 13, 2026<\/span><\/div><\/div><\/div><div class=\"x-div e17-e66 mh-x mh-y mh-z mh-10 mh-12 mh-15 mh-16 mh-1a mh-1e discipline-container\"><\/div><\/div><\/a><\/div><\/div><div class=\"x-section e17-e68 mh-0 mh-3 mh-5 mh-6\"><div class=\"x-row e17-e69 mh-7 mh-a mh-b mh-e mh-l\"><div class=\"x-row-inner\"><div class=\"x-col e17-e70 mh-q mh-s\"><div class=\"x-text x-text-headline e17-e71 mh-1l mh-1m mh-1n mh-1q mh-1r mh-21 mh-22 mh-23 mh-24 mh-25\"><div class=\"x-text-content\"><div class=\"x-text-content-text\"><span class=\"x-text-content-text-primary\">In evidenza<\/span><\/div><\/div><\/div><\/div><\/div><\/div><div class=\"x-row e17-e72 mh-7 mh-a mh-b mh-d mh-e mh-m\"><div class=\"x-row-inner\"><a class=\"x-col e17-e73 mh-q mh-s\" href=\"https:\/\/comitati.fisi.org\/veneto\/blog\/2026\/04\/25\/giornata-dello-sci-padovano-con-un-grande-grazie-a-vanni-ceccarello\/\"><span class=\"x-image e17-e74 mh-2y mh-2z\"><img decoding=\"async\" src=\"https:\/\/comitati.fisi.org\/veneto\/wp-content\/uploads\/sites\/39\/2026\/04\/vanni-ceccarello-premiato-fisi-padova-18-aprile-2026.jpeg\" width=\"799\" height=\"533\" alt=\"Image\" loading=\"lazy\"><\/span><\/a><a class=\"x-col e17-e73 mh-q mh-s\" href=\"https:\/\/comitati.fisi.org\/veneto\/blog\/2026\/04\/24\/alpino-piero-molin-sul-podio-al-trofeo-comune-di-valtournenche\/\"><span class=\"x-image e17-e74 mh-2y mh-2z\"><img decoding=\"async\" src=\"https:\/\/comitati.fisi.org\/veneto\/wp-content\/uploads\/sites\/39\/2026\/04\/piero-molin-2-SL-aspiranti-Fis-valtournenche-24.04.2026.jpeg\" width=\"572\" height=\"381\" alt=\"Image\" loading=\"lazy\"><\/span><\/a><a class=\"x-col e17-e73 mh-q mh-s\" href=\"https:\/\/comitati.fisi.org\/veneto\/blog\/2026\/04\/22\/fondo-le-classifiche-finali-del-trofeo-laser-style-italia\/\"><span class=\"x-image e17-e74 mh-2y mh-2z\"><img decoding=\"async\" src=\"https:\/\/comitati.fisi.org\/veneto\/wp-content\/uploads\/sites\/39\/2026\/04\/echialessandrosogne40-VELA-LASER-STYLE-ITALIA-falcade-dicembre-2026-scaled.jpg\" width=\"1280\" height=\"853\" alt=\"Image\" loading=\"lazy\"><\/span><\/a><\/div><\/div><\/div><\/div>\n","protected":false},"excerpt":{"rendered":"<p>FISI NewsFondo, festa a Falcade per Cagnati e MilaniFISI NewsAlpino, la starting list dell&#8217;ultimo appuntamento della Coppa Veneto BCC VenetaFISI NewsAlpino, gli ordini di partenza delle gare dei Tricolori Aspiranti di domaniFISI NewsFondo, 23.mo Barp nella sprint di Lake Placid vinta da PellegrinoFISI NewsSkicross, l&#8217;ordine di partenza del campionato regionale AllieviFISI NewsBiathlon, gli ordini di partenza del Campionato regionaleFISI NewsAlpino,&hellip;<\/p>\n","protected":false},"author":1,"featured_media":0,"parent":0,"menu_order":0,"comment_status":"closed","ping_status":"closed","template":"template-blank-4.php","meta":{"_acf_changed":false,"footnotes":""},"acf":[],"_links":{"self":[{"href":"https:\/\/comitati.fisi.org\/veneto\/wp-json\/wp\/v2\/pages\/17"}],"collection":[{"href":"https:\/\/comitati.fisi.org\/veneto\/wp-json\/wp\/v2\/pages"}],"about":[{"href":"https:\/\/comitati.fisi.org\/veneto\/wp-json\/wp\/v2\/types\/page"}],"author":[{"embeddable":true,"href":"https:\/\/comitati.fisi.org\/veneto\/wp-json\/wp\/v2\/users\/1"}],"replies":[{"embeddable":true,"href":"https:\/\/comitati.fisi.org\/veneto\/wp-json\/wp\/v2\/comments?post=17"}],"version-history":[{"count":35,"href":"https:\/\/comitati.fisi.org\/veneto\/wp-json\/wp\/v2\/pages\/17\/revisions"}],"predecessor-version":[{"id":28339,"href":"https:\/\/comitati.fisi.org\/veneto\/wp-json\/wp\/v2\/pages\/17\/revisions\/28339"}],"wp:attachment":[{"href":"https:\/\/comitati.fisi.org\/veneto\/wp-json\/wp\/v2\/media?parent=17"}],"curies":[{"name":"wp","href":"https:\/\/api.w.org\/{rel}","templated":true}]}}