{"id":17,"date":"2024-05-10T15:10:20","date_gmt":"2024-05-10T15:10:20","guid":{"rendered":"https:\/\/comitati.fisi.org\/liguria\/?page_id=17"},"modified":"2025-01-30T09:20:25","modified_gmt":"2025-01-30T09:20:25","slug":"homepage-1-0","status":"publish","type":"page","link":"https:\/\/comitati.fisi.org\/liguria\/","title":{"rendered":"Homepage 2.0"},"content":{"rendered":"<div id=\"cs-content\" class=\"cs-content\"><div class=\"x-section e17-e1 mh-0 mh-1\"><div class=\"x-bg\" aria-hidden=\"true\"><div class=\"x-bg-layer-lower-image\" style=\" background-image: url(https:\/\/comitati.fisi.org\/liguria\/wp-content\/uploads\/sites\/35\/2024\/07\/FISI-Comitati-Regionali-Immagini-Sito_01-1.jpg); background-repeat: no-repeat; background-position: center; background-size: cover;\"><\/div><div class=\"x-bg-layer-upper-color\" style=\" background-color: rgba(255,255,255,0.78);\"><\/div><\/div><div class=\"x-row e17-e2 mh-7 mh-8 mh-9 mh-a mh-e mh-f\"><div class=\"x-row-inner\"><div class=\"x-col e17-e3 mh-n mh-o mh-p mh-q\"><div class=\"x-div e17-e4 mh-x mh-y mh-z mh-10 mh-11 mh-12\"><div class=\"x-div e17-e5 mh-x mh-y mh-z mh-10 mh-11 mh-12\"><div class=\"x-slide-container-viewport is-loading e17-e6 mh-1f mh-1g\" data-x-slide-container=\"{&quot;keyboardNavigation&quot;:true,&quot;startingSlide&quot;:1,&quot;enter&quot;:&quot;fade&quot;,&quot;exit&quot;:&quot;fade&quot;,&quot;swipe&quot;:&quot;&quot;,&quot;autoplay&quot;:&quot;interval&quot;,&quot;stacked&quot;:true}\"><div class=\"x-slide-container-content\"><div class=\"x-slide-container is-stacked\"><a class=\"x-slide e17-e7 mh-1h mh-1i\" data-x-slide=\"\" href=\"https:\/\/comitati.fisi.org\/liguria\/blog\/2026\/04\/22\/premiazione-coppa-liguria-2026\/\"><div class=\"x-text x-text-headline e17-e8 mh-1k mh-1l mh-1m mh-1n mh-1o mh-1p mh-1q mh-1r mh-1s\"><div class=\"x-text-content\"><div class=\"x-text-content-text\"><span class=\"x-text-content-text-primary\">FISI News<\/span><\/div><\/div><\/div><hr class=\"x-line e17-e9 mh-2h mh-2i mh-2j mh-2k\"><\/hr><div class=\"x-text x-text-headline e17-e10 mh-1k mh-1l mh-1m mh-1o mh-1q mh-1t mh-1u mh-1v\"><div class=\"x-text-content\"><div class=\"x-text-content-text\"><span class=\"x-text-content-text-primary\">PREMIAZIONE COPPA LIGURIA 2026<\/span><\/div><\/div><\/div><\/a><a class=\"x-slide e17-e7 mh-1h mh-1i\" data-x-slide=\"\" href=\"https:\/\/comitati.fisi.org\/liguria\/blog\/2026\/04\/19\/classifiche-di-coppa-liguria-2025-2026\/\"><div class=\"x-text x-text-headline e17-e8 mh-1k mh-1l mh-1m mh-1n mh-1o mh-1p mh-1q mh-1r mh-1s\"><div class=\"x-text-content\"><div class=\"x-text-content-text\"><span class=\"x-text-content-text-primary\">FISI News<\/span><\/div><\/div><\/div><hr class=\"x-line e17-e9 mh-2h mh-2i mh-2j mh-2k\"><\/hr><div class=\"x-text x-text-headline e17-e10 mh-1k mh-1l mh-1m mh-1o mh-1q mh-1t mh-1u mh-1v\"><div class=\"x-text-content\"><div class=\"x-text-content-text\"><span class=\"x-text-content-text-primary\">CLASSIFICHE Finali di COPPA LIGURIA 2025\/2026<\/span><\/div><\/div><\/div><\/a><a class=\"x-slide e17-e7 mh-1h mh-1i\" data-x-slide=\"\" href=\"https:\/\/comitati.fisi.org\/liguria\/blog\/2026\/04\/12\/classifiche-fis-11-12-04-2026-pratonevoso\/\"><div class=\"x-text x-text-headline e17-e8 mh-1k mh-1l mh-1m mh-1n mh-1o mh-1p mh-1q mh-1r mh-1s\"><div class=\"x-text-content\"><div class=\"x-text-content-text\"><span class=\"x-text-content-text-primary\">FISI News<\/span><\/div><\/div><\/div><hr class=\"x-line e17-e9 mh-2h mh-2i mh-2j mh-2k\"><\/hr><div class=\"x-text x-text-headline e17-e10 mh-1k mh-1l mh-1m mh-1o mh-1q mh-1t mh-1u mh-1v\"><div class=\"x-text-content\"><div class=\"x-text-content-text\"><span class=\"x-text-content-text-primary\">CLASSIFICHE FIS 11-12\/04\/2026 PratoNevoso<\/span><\/div><\/div><\/div><\/a><a class=\"x-slide e17-e7 mh-1h mh-1i\" data-x-slide=\"\" href=\"https:\/\/comitati.fisi.org\/liguria\/blog\/2026\/04\/06\/regolamento-gare-fis-pratonevoso-11-12-aprile-p-v\/\"><div class=\"x-text x-text-headline e17-e8 mh-1k mh-1l mh-1m mh-1n mh-1o mh-1p mh-1q mh-1r mh-1s\"><div class=\"x-text-content\"><div class=\"x-text-content-text\"><span class=\"x-text-content-text-primary\">FISI News<\/span><\/div><\/div><\/div><hr class=\"x-line e17-e9 mh-2h mh-2i mh-2j mh-2k\"><\/hr><div class=\"x-text x-text-headline e17-e10 mh-1k mh-1l mh-1m mh-1o mh-1q mh-1t mh-1u mh-1v\"><div class=\"x-text-content\"><div class=\"x-text-content-text\"><span class=\"x-text-content-text-primary\">REGOLAMENTO GARE FIS &#8211; PratoNevoso 11\/12 aprile p.v.<\/span><\/div><\/div><\/div><\/a><a class=\"x-slide e17-e7 mh-1h mh-1i\" data-x-slide=\"\" href=\"https:\/\/comitati.fisi.org\/liguria\/blog\/2026\/04\/03\/auguri-di-buona-pasqua-2026\/\"><div class=\"x-text x-text-headline e17-e8 mh-1k mh-1l mh-1m mh-1n mh-1o mh-1p mh-1q mh-1r mh-1s\"><div class=\"x-text-content\"><div class=\"x-text-content-text\"><span class=\"x-text-content-text-primary\">FISI News<\/span><\/div><\/div><\/div><hr class=\"x-line e17-e9 mh-2h mh-2i mh-2j mh-2k\"><\/hr><div class=\"x-text x-text-headline e17-e10 mh-1k mh-1l mh-1m mh-1o mh-1q mh-1t mh-1u mh-1v\"><div class=\"x-text-content\"><div class=\"x-text-content-text\"><span class=\"x-text-content-text-primary\">AUGURI di BUONA PASQUA 2026<\/span><\/div><\/div><\/div><\/a><a class=\"x-slide e17-e7 mh-1h mh-1i\" data-x-slide=\"\" href=\"https:\/\/comitati.fisi.org\/liguria\/blog\/2026\/03\/28\/classifiche-finale-coppa-liguria\/\"><div class=\"x-text x-text-headline e17-e8 mh-1k mh-1l mh-1m mh-1n mh-1o mh-1p mh-1q mh-1r mh-1s\"><div class=\"x-text-content\"><div class=\"x-text-content-text\"><span class=\"x-text-content-text-primary\">FISI News<\/span><\/div><\/div><\/div><hr class=\"x-line e17-e9 mh-2h mh-2i mh-2j mh-2k\"><\/hr><div class=\"x-text x-text-headline e17-e10 mh-1k mh-1l mh-1m mh-1o mh-1q mh-1t mh-1u mh-1v\"><div class=\"x-text-content\"><div class=\"x-text-content-text\"><span class=\"x-text-content-text-primary\">CLASSIFICHE di Gigante Lurisia 28\/03\/2026<\/span><\/div><\/div><\/div><\/a><a class=\"x-slide e17-e7 mh-1h mh-1i\" data-x-slide=\"\" href=\"https:\/\/comitati.fisi.org\/liguria\/blog\/2026\/03\/27\/ordine-di-partenza-gs-finale-coppa-liguria\/\"><div class=\"x-text x-text-headline e17-e8 mh-1k mh-1l mh-1m mh-1n mh-1o mh-1p mh-1q mh-1r mh-1s\"><div class=\"x-text-content\"><div class=\"x-text-content-text\"><span class=\"x-text-content-text-primary\">FISI News<\/span><\/div><\/div><\/div><hr class=\"x-line e17-e9 mh-2h mh-2i mh-2j mh-2k\"><\/hr><div class=\"x-text x-text-headline e17-e10 mh-1k mh-1l mh-1m mh-1o mh-1q mh-1t mh-1u mh-1v\"><div class=\"x-text-content\"><div class=\"x-text-content-text\"><span class=\"x-text-content-text-primary\">ORDINE di PARTENZA GS FINALE COPPA LIGURIA<\/span><\/div><\/div><\/div><\/a><a class=\"x-slide e17-e7 mh-1h mh-1i\" data-x-slide=\"\" href=\"https:\/\/comitati.fisi.org\/liguria\/blog\/2026\/03\/25\/programma-gara-di-gs-_-sabato-28-marzo-finale-coppa-liguria\/\"><div class=\"x-text x-text-headline e17-e8 mh-1k mh-1l mh-1m mh-1n mh-1o mh-1p mh-1q mh-1r mh-1s\"><div class=\"x-text-content\"><div class=\"x-text-content-text\"><span class=\"x-text-content-text-primary\">FISI News<\/span><\/div><\/div><\/div><hr class=\"x-line e17-e9 mh-2h mh-2i mh-2j mh-2k\"><\/hr><div class=\"x-text x-text-headline e17-e10 mh-1k mh-1l mh-1m mh-1o mh-1q mh-1t mh-1u mh-1v\"><div class=\"x-text-content\"><div class=\"x-text-content-text\"><span class=\"x-text-content-text-primary\">Programma Gara di GS _ Sabato 28 marzo &#8211; Finale Coppa Liguria<\/span><\/div><\/div><\/div><\/a><a class=\"x-slide e17-e7 mh-1h mh-1i\" data-x-slide=\"\" href=\"https:\/\/comitati.fisi.org\/liguria\/blog\/2026\/03\/24\/risultati-criterium-nazionale-cuccioli-a-corno-alle-scale-19-22-marzo-2026\/\"><div class=\"x-text x-text-headline e17-e8 mh-1k mh-1l mh-1m mh-1n mh-1o mh-1p mh-1q mh-1r mh-1s\"><div class=\"x-text-content\"><div class=\"x-text-content-text\"><span class=\"x-text-content-text-primary\">FISI News<\/span><\/div><\/div><\/div><hr class=\"x-line e17-e9 mh-2h mh-2i mh-2j mh-2k\"><\/hr><div class=\"x-text x-text-headline e17-e10 mh-1k mh-1l mh-1m mh-1o mh-1q mh-1t mh-1u mh-1v\"><div class=\"x-text-content\"><div class=\"x-text-content-text\"><span class=\"x-text-content-text-primary\">Risultati Criterium Nazionale Cuccioli a Corno alle Scale 19-22 marzo 2026<\/span><\/div><\/div><\/div><\/a><a class=\"x-slide e17-e7 mh-1h mh-1i\" data-x-slide=\"\" href=\"https:\/\/comitati.fisi.org\/liguria\/blog\/2026\/03\/21\/classifiche-gs-rq_chi-e-cr-gs_m-di-oggi-sabato-21-marzo\/\"><div class=\"x-text x-text-headline e17-e8 mh-1k mh-1l mh-1m mh-1n mh-1o mh-1p mh-1q mh-1r mh-1s\"><div class=\"x-text-content\"><div class=\"x-text-content-text\"><span class=\"x-text-content-text-primary\">FISI News<\/span><\/div><\/div><\/div><hr class=\"x-line e17-e9 mh-2h mh-2i mh-2j mh-2k\"><\/hr><div class=\"x-text x-text-headline e17-e10 mh-1k mh-1l mh-1m mh-1o mh-1q mh-1t mh-1u mh-1v\"><div class=\"x-text-content\"><div class=\"x-text-content-text\"><span class=\"x-text-content-text-primary\">Classifiche GS RQ_CHI e CR GS_M\u00a0di oggi Sabato 21 marzo<\/span><\/div><\/div><\/div><\/a><a class=\"x-slide e17-e7 mh-1h mh-1i\" data-x-slide=\"\" href=\"https:\/\/comitati.fisi.org\/liguria\/blog\/2026\/03\/20\/ordine-di-partenza-gs-sabato-21-03-2026-lurisia\/\"><div class=\"x-text x-text-headline e17-e8 mh-1k mh-1l mh-1m mh-1n mh-1o mh-1p mh-1q mh-1r mh-1s\"><div class=\"x-text-content\"><div class=\"x-text-content-text\"><span class=\"x-text-content-text-primary\">FISI News<\/span><\/div><\/div><\/div><hr class=\"x-line e17-e9 mh-2h mh-2i mh-2j mh-2k\"><\/hr><div class=\"x-text x-text-headline e17-e10 mh-1k mh-1l mh-1m mh-1o mh-1q mh-1t mh-1u mh-1v\"><div class=\"x-text-content\"><div class=\"x-text-content-text\"><span class=\"x-text-content-text-primary\">Ordine di Partenza GS Sabato 21.03.2026 Lurisia<\/span><\/div><\/div><\/div><\/a><a class=\"x-slide e17-e7 mh-1h mh-1i\" data-x-slide=\"\" href=\"https:\/\/comitati.fisi.org\/liguria\/blog\/2026\/03\/18\/programma-gara-rq_chi-e-cr-gs_m-di-sabato-21-marzo-p-v-a-lurisia\/\"><div class=\"x-text x-text-headline e17-e8 mh-1k mh-1l mh-1m mh-1n mh-1o mh-1p mh-1q mh-1r mh-1s\"><div class=\"x-text-content\"><div class=\"x-text-content-text\"><span class=\"x-text-content-text-primary\">FISI News<\/span><\/div><\/div><\/div><hr class=\"x-line e17-e9 mh-2h mh-2i mh-2j mh-2k\"><\/hr><div class=\"x-text x-text-headline e17-e10 mh-1k mh-1l mh-1m mh-1o mh-1q mh-1t mh-1u mh-1v\"><div class=\"x-text-content\"><div class=\"x-text-content-text\"><span class=\"x-text-content-text-primary\">Programma Gara RQ_CHI e CR GS_M\u00a0di Sabato 21 marzo\u00a0p.v. a\u00a0Lurisia<\/span><\/div><\/div><\/div><\/a><a class=\"x-slide e17-e7 mh-1h mh-1i\" data-x-slide=\"\" href=\"https:\/\/comitati.fisi.org\/liguria\/blog\/2026\/03\/15\/annullati-i-superg-del-16-18-marzo-p-v-a-limone-p\/\"><div class=\"x-text x-text-headline e17-e8 mh-1k mh-1l mh-1m mh-1n mh-1o mh-1p mh-1q mh-1r mh-1s\"><div class=\"x-text-content\"><div class=\"x-text-content-text\"><span class=\"x-text-content-text-primary\">FISI News<\/span><\/div><\/div><\/div><hr class=\"x-line e17-e9 mh-2h mh-2i mh-2j mh-2k\"><\/hr><div class=\"x-text x-text-headline e17-e10 mh-1k mh-1l mh-1m mh-1o mh-1q mh-1t mh-1u mh-1v\"><div class=\"x-text-content\"><div class=\"x-text-content-text\"><span class=\"x-text-content-text-primary\">ANNULLATI i SuperG del 16-18 Marzo p.v. a Limone P.<\/span><\/div><\/div><\/div><\/a><a class=\"x-slide e17-e7 mh-1h mh-1i\" data-x-slide=\"\" href=\"https:\/\/comitati.fisi.org\/liguria\/blog\/2026\/03\/14\/classifiche-provvisorie-di-coppa-liguria-2025-2026-categoria-children-e-giovani\/\"><div class=\"x-text x-text-headline e17-e8 mh-1k mh-1l mh-1m mh-1n mh-1o mh-1p mh-1q mh-1r mh-1s\"><div class=\"x-text-content\"><div class=\"x-text-content-text\"><span class=\"x-text-content-text-primary\">FISI News<\/span><\/div><\/div><\/div><hr class=\"x-line e17-e9 mh-2h mh-2i mh-2j mh-2k\"><\/hr><div class=\"x-text x-text-headline e17-e10 mh-1k mh-1l mh-1m mh-1o mh-1q mh-1t mh-1u mh-1v\"><div class=\"x-text-content\"><div class=\"x-text-content-text\"><span class=\"x-text-content-text-primary\">CLASSIFICHE PROVVISORIE DI COPPA LIGURIA 2025\/2026 &#8211; Categoria Children e Giovani<\/span><\/div><\/div><\/div><\/a><a class=\"x-slide e17-e7 mh-1h mh-1i\" data-x-slide=\"\" href=\"https:\/\/comitati.fisi.org\/liguria\/blog\/2026\/03\/13\/aggiornamenti-al-calendario-di-coppa-liguria-e-gare-di-qualificazione-a-manifestazioni-nazionali\/\"><div class=\"x-text x-text-headline e17-e8 mh-1k mh-1l mh-1m mh-1n mh-1o mh-1p mh-1q mh-1r mh-1s\"><div class=\"x-text-content\"><div class=\"x-text-content-text\"><span class=\"x-text-content-text-primary\">FISI News<\/span><\/div><\/div><\/div><hr class=\"x-line e17-e9 mh-2h mh-2i mh-2j mh-2k\"><\/hr><div class=\"x-text x-text-headline e17-e10 mh-1k mh-1l mh-1m mh-1o mh-1q mh-1t mh-1u mh-1v\"><div class=\"x-text-content\"><div class=\"x-text-content-text\"><span class=\"x-text-content-text-primary\">Aggiornamenti al Calendario di Coppa Liguria e gare di Qualificazione a manifestazioni nazionali<\/span><\/div><\/div><\/div><\/a><a class=\"x-slide e17-e7 mh-1h mh-1i\" data-x-slide=\"\" href=\"https:\/\/comitati.fisi.org\/liguria\/blog\/2026\/03\/11\/annullate-le-gare-del-14-15-marzo-p-v-a-s-stefano-daveto\/\"><div class=\"x-text x-text-headline e17-e8 mh-1k mh-1l mh-1m mh-1n mh-1o mh-1p mh-1q mh-1r mh-1s\"><div class=\"x-text-content\"><div class=\"x-text-content-text\"><span class=\"x-text-content-text-primary\">FISI News<\/span><\/div><\/div><\/div><hr class=\"x-line e17-e9 mh-2h mh-2i mh-2j mh-2k\"><\/hr><div class=\"x-text x-text-headline e17-e10 mh-1k mh-1l mh-1m mh-1o mh-1q mh-1t mh-1u mh-1v\"><div class=\"x-text-content\"><div class=\"x-text-content-text\"><span class=\"x-text-content-text-primary\">Annullate le Gare del 14-15 Marzo p.v. a S. Stefano D&#8217;Aveto<\/span><\/div><\/div><\/div><\/a><a class=\"x-slide e17-e7 mh-1h mh-1i\" data-x-slide=\"\" href=\"https:\/\/comitati.fisi.org\/liguria\/blog\/2026\/03\/08\/podio-di-lenzi-leonardo-alla-finale-nazionale-del-pinocchio-sugli-sci-2026\/\"><div class=\"x-text x-text-headline e17-e8 mh-1k mh-1l mh-1m mh-1n mh-1o mh-1p mh-1q mh-1r mh-1s\"><div class=\"x-text-content\"><div class=\"x-text-content-text\"><span class=\"x-text-content-text-primary\">FISI News<\/span><\/div><\/div><\/div><hr class=\"x-line e17-e9 mh-2h mh-2i mh-2j mh-2k\"><\/hr><div class=\"x-text x-text-headline e17-e10 mh-1k mh-1l mh-1m mh-1o mh-1q mh-1t mh-1u mh-1v\"><div class=\"x-text-content\"><div class=\"x-text-content-text\"><span class=\"x-text-content-text-primary\">Doppio Podio di Lenzi Leonardo alla Finale Nazionale del Pinocchio Sugli Sci 2026<\/span><\/div><\/div><\/div><\/a><a class=\"x-slide e17-e7 mh-1h mh-1i\" data-x-slide=\"\" href=\"https:\/\/comitati.fisi.org\/liguria\/blog\/2026\/03\/07\/regolamenti-gara-del-14-15-marzo-2026-a-santo-stefano-daveto\/\"><div class=\"x-text x-text-headline e17-e8 mh-1k mh-1l mh-1m mh-1n mh-1o mh-1p mh-1q mh-1r mh-1s\"><div class=\"x-text-content\"><div class=\"x-text-content-text\"><span class=\"x-text-content-text-primary\">FISI News<\/span><\/div><\/div><\/div><hr class=\"x-line e17-e9 mh-2h mh-2i mh-2j mh-2k\"><\/hr><div class=\"x-text x-text-headline e17-e10 mh-1k mh-1l mh-1m mh-1o mh-1q mh-1t mh-1u mh-1v\"><div class=\"x-text-content\"><div class=\"x-text-content-text\"><span class=\"x-text-content-text-primary\">Regolamenti Gara del 14-15 Marzo 2026 a Santo Stefano D&#8217;Aveto<\/span><\/div><\/div><\/div><\/a><a class=\"x-slide e17-e7 mh-1h mh-1i\" data-x-slide=\"\" href=\"https:\/\/comitati.fisi.org\/liguria\/blog\/2026\/03\/02\/risultati-1-giornata-tr-alpecimbra\/\"><div class=\"x-text x-text-headline e17-e8 mh-1k mh-1l mh-1m mh-1n mh-1o mh-1p mh-1q mh-1r mh-1s\"><div class=\"x-text-content\"><div class=\"x-text-content-text\"><span class=\"x-text-content-text-primary\">FISI News<\/span><\/div><\/div><\/div><hr class=\"x-line e17-e9 mh-2h mh-2i mh-2j mh-2k\"><\/hr><div class=\"x-text x-text-headline e17-e10 mh-1k mh-1l mh-1m mh-1o mh-1q mh-1t mh-1u mh-1v\"><div class=\"x-text-content\"><div class=\"x-text-content-text\"><span class=\"x-text-content-text-primary\">Risultati 1^ giornata Tr. Alpecimbra<\/span><\/div><\/div><\/div><\/a><a class=\"x-slide e17-e7 mh-1h mh-1i\" data-x-slide=\"\" href=\"https:\/\/comitati.fisi.org\/liguria\/blog\/2026\/03\/01\/i-convocati-per-il-tr-alpe-cimbra-2026\/\"><div class=\"x-text x-text-headline e17-e8 mh-1k mh-1l mh-1m mh-1n mh-1o mh-1p mh-1q mh-1r mh-1s\"><div class=\"x-text-content\"><div class=\"x-text-content-text\"><span class=\"x-text-content-text-primary\">FISI News<\/span><\/div><\/div><\/div><hr class=\"x-line e17-e9 mh-2h mh-2i mh-2j mh-2k\"><\/hr><div class=\"x-text x-text-headline e17-e10 mh-1k mh-1l mh-1m mh-1o mh-1q mh-1t mh-1u mh-1v\"><div class=\"x-text-content\"><div class=\"x-text-content-text\"><span class=\"x-text-content-text-primary\">I Convocati per il Tr. Alpe Cimbra 2026<\/span><\/div><\/div><\/div><\/a><a class=\"x-slide e17-e7 mh-1h mh-1i\" data-x-slide=\"\" href=\"https:\/\/comitati.fisi.org\/liguria\/blog\/2026\/02\/28\/classifica-del-gigante-rq-chi_g-gs-limone-p-28-02-2026\/\"><div class=\"x-text x-text-headline e17-e8 mh-1k mh-1l mh-1m mh-1n mh-1o mh-1p mh-1q mh-1r mh-1s\"><div class=\"x-text-content\"><div class=\"x-text-content-text\"><span class=\"x-text-content-text-primary\">FISI News<\/span><\/div><\/div><\/div><hr class=\"x-line e17-e9 mh-2h mh-2i mh-2j mh-2k\"><\/hr><div class=\"x-text x-text-headline e17-e10 mh-1k mh-1l mh-1m mh-1o mh-1q mh-1t mh-1u mh-1v\"><div class=\"x-text-content\"><div class=\"x-text-content-text\"><span class=\"x-text-content-text-primary\">CLASSIFICA DEL GIGANTE RQ-CHI_G-GS Limone P. 28\/02\/2026<\/span><\/div><\/div><\/div><\/a><a class=\"x-slide e17-e7 mh-1h mh-1i\" data-x-slide=\"\" href=\"https:\/\/comitati.fisi.org\/liguria\/blog\/2026\/02\/27\/ordine-di-partenza-rq-di-gigante_limone-p-28-02-2026\/\"><div class=\"x-text x-text-headline e17-e8 mh-1k mh-1l mh-1m mh-1n mh-1o mh-1p mh-1q mh-1r mh-1s\"><div class=\"x-text-content\"><div class=\"x-text-content-text\"><span class=\"x-text-content-text-primary\">FISI News<\/span><\/div><\/div><\/div><hr class=\"x-line e17-e9 mh-2h mh-2i mh-2j mh-2k\"><\/hr><div class=\"x-text x-text-headline e17-e10 mh-1k mh-1l mh-1m mh-1o mh-1q mh-1t mh-1u mh-1v\"><div class=\"x-text-content\"><div class=\"x-text-content-text\"><span class=\"x-text-content-text-primary\">ORDINE di PARTENZA RQ di GIGANTE_LIMONE P. 28\/02\/2026<\/span><\/div><\/div><\/div><\/a><a class=\"x-slide e17-e7 mh-1h mh-1i\" data-x-slide=\"\" href=\"https:\/\/comitati.fisi.org\/liguria\/blog\/2026\/02\/27\/classifiche-cr-di-slalom-_-entracque-27-02-2026\/\"><div class=\"x-text x-text-headline e17-e8 mh-1k mh-1l mh-1m mh-1n mh-1o mh-1p mh-1q mh-1r mh-1s\"><div class=\"x-text-content\"><div class=\"x-text-content-text\"><span class=\"x-text-content-text-primary\">FISI News<\/span><\/div><\/div><\/div><hr class=\"x-line e17-e9 mh-2h mh-2i mh-2j mh-2k\"><\/hr><div class=\"x-text x-text-headline e17-e10 mh-1k mh-1l mh-1m mh-1o mh-1q mh-1t mh-1u mh-1v\"><div class=\"x-text-content\"><div class=\"x-text-content-text\"><span class=\"x-text-content-text-primary\">CLASSIFICHE CR di SLALOM _ Entracque 27\/02\/2026<\/span><\/div><\/div><\/div><\/a><a class=\"x-slide e17-e7 mh-1h mh-1i\" data-x-slide=\"\" href=\"https:\/\/comitati.fisi.org\/liguria\/blog\/2026\/02\/26\/ordine-di-partenza-cr-slalom-entracque-27-02-2026\/\"><div class=\"x-text x-text-headline e17-e8 mh-1k mh-1l mh-1m mh-1n mh-1o mh-1p mh-1q mh-1r mh-1s\"><div class=\"x-text-content\"><div class=\"x-text-content-text\"><span class=\"x-text-content-text-primary\">FISI News<\/span><\/div><\/div><\/div><hr class=\"x-line e17-e9 mh-2h mh-2i mh-2j mh-2k\"><\/hr><div class=\"x-text x-text-headline e17-e10 mh-1k mh-1l mh-1m mh-1o mh-1q mh-1t mh-1u mh-1v\"><div class=\"x-text-content\"><div class=\"x-text-content-text\"><span class=\"x-text-content-text-primary\">ORDINE DI PARTENZA CR SLALOM Entracque 27\/02\/2026<\/span><\/div><\/div><\/div><\/a><a class=\"x-slide e17-e7 mh-1h mh-1i\" data-x-slide=\"\" href=\"https:\/\/comitati.fisi.org\/liguria\/blog\/2026\/02\/25\/regolamento-gara-gs-di-sabato-28-febbraio-a-limone-piemonte\/\"><div class=\"x-text x-text-headline e17-e8 mh-1k mh-1l mh-1m mh-1n mh-1o mh-1p mh-1q mh-1r mh-1s\"><div class=\"x-text-content\"><div class=\"x-text-content-text\"><span class=\"x-text-content-text-primary\">FISI News<\/span><\/div><\/div><\/div><hr class=\"x-line e17-e9 mh-2h mh-2i mh-2j mh-2k\"><\/hr><div class=\"x-text x-text-headline e17-e10 mh-1k mh-1l mh-1m mh-1o mh-1q mh-1t mh-1u mh-1v\"><div class=\"x-text-content\"><div class=\"x-text-content-text\"><span class=\"x-text-content-text-primary\">REGOLAMENTO GARA GS di Sabato 28 Febbraio a Limone Piemonte<\/span><\/div><\/div><\/div><\/a><a class=\"x-slide e17-e7 mh-1h mh-1i\" data-x-slide=\"\" href=\"https:\/\/comitati.fisi.org\/liguria\/blog\/2026\/02\/23\/regolamento-gara-cr-pul-e-chi-di-slalom-speciale-entracque-27-02-2026\/\"><div class=\"x-text x-text-headline e17-e8 mh-1k mh-1l mh-1m mh-1n mh-1o mh-1p mh-1q mh-1r mh-1s\"><div class=\"x-text-content\"><div class=\"x-text-content-text\"><span class=\"x-text-content-text-primary\">FISI News<\/span><\/div><\/div><\/div><hr class=\"x-line e17-e9 mh-2h mh-2i mh-2j mh-2k\"><\/hr><div class=\"x-text x-text-headline e17-e10 mh-1k mh-1l mh-1m mh-1o mh-1q mh-1t mh-1u mh-1v\"><div class=\"x-text-content\"><div class=\"x-text-content-text\"><span class=\"x-text-content-text-primary\">REGOLAMENTO GARA CR PUL e CHI di Slalom Speciale &#8211; Entracque 27\/02\/2026<\/span><\/div><\/div><\/div><\/a><a class=\"x-slide e17-e7 mh-1h mh-1i\" data-x-slide=\"\" href=\"https:\/\/comitati.fisi.org\/liguria\/blog\/2026\/02\/22\/comunicazione-recuperi-di-calendario-zonale-qualificazione-tr-alpe-cimbra-cr-di-slalom-speciale-pul-e-chi\/\"><div class=\"x-text x-text-headline e17-e8 mh-1k mh-1l mh-1m mh-1n mh-1o mh-1p mh-1q mh-1r mh-1s\"><div class=\"x-text-content\"><div class=\"x-text-content-text\"><span class=\"x-text-content-text-primary\">FISI News<\/span><\/div><\/div><\/div><hr class=\"x-line e17-e9 mh-2h mh-2i mh-2j mh-2k\"><\/hr><div class=\"x-text x-text-headline e17-e10 mh-1k mh-1l mh-1m mh-1o mh-1q mh-1t mh-1u mh-1v\"><div class=\"x-text-content\"><div class=\"x-text-content-text\"><span class=\"x-text-content-text-primary\">COMUNICAZIONE RECUPERI di CALENDARIO ZONALE &#8211; Qualificazione Tr. Alpe Cimbra &#8211; CR di Slalom Speciale PUL e CHI<\/span><\/div><\/div><\/div><\/a><a class=\"x-slide e17-e7 mh-1h mh-1i\" data-x-slide=\"\" href=\"https:\/\/comitati.fisi.org\/liguria\/blog\/2026\/02\/21\/classifiche-flipper-a-saint-gree-di-viola\/\"><div class=\"x-text x-text-headline e17-e8 mh-1k mh-1l mh-1m mh-1n mh-1o mh-1p mh-1q mh-1r mh-1s\"><div class=\"x-text-content\"><div class=\"x-text-content-text\"><span class=\"x-text-content-text-primary\">FISI News<\/span><\/div><\/div><\/div><hr class=\"x-line e17-e9 mh-2h mh-2i mh-2j mh-2k\"><\/hr><div class=\"x-text x-text-headline e17-e10 mh-1k mh-1l mh-1m mh-1o mh-1q mh-1t mh-1u mh-1v\"><div class=\"x-text-content\"><div class=\"x-text-content-text\"><span class=\"x-text-content-text-primary\">Classifiche FLIPPER a Saint Gre\u00e8 di Viola<\/span><\/div><\/div><\/div><\/a><a class=\"x-slide e17-e7 mh-1h mh-1i\" data-x-slide=\"\" href=\"https:\/\/comitati.fisi.org\/liguria\/blog\/2026\/02\/17\/regolamento-nuovo-format-sabato-21-febbraio-a-saintgree-di-viola-categoria-pulcini\/\"><div class=\"x-text x-text-headline e17-e8 mh-1k mh-1l mh-1m mh-1n mh-1o mh-1p mh-1q mh-1r mh-1s\"><div class=\"x-text-content\"><div class=\"x-text-content-text\"><span class=\"x-text-content-text-primary\">FISI News<\/span><\/div><\/div><\/div><hr class=\"x-line e17-e9 mh-2h mh-2i mh-2j mh-2k\"><\/hr><div class=\"x-text x-text-headline e17-e10 mh-1k mh-1l mh-1m mh-1o mh-1q mh-1t mh-1u mh-1v\"><div class=\"x-text-content\"><div class=\"x-text-content-text\"><span class=\"x-text-content-text-primary\">Regolamento Nuovo Format Sabato 21 Febbraio a SaintGre\u00e9 di Viola &#8211; Categoria Pulcini<\/span><\/div><\/div><\/div><\/a><a class=\"x-slide e17-e7 mh-1h mh-1i\" data-x-slide=\"\" href=\"https:\/\/comitati.fisi.org\/liguria\/blog\/2026\/02\/15\/disputata-la-coppa-kleudgen-acquarone-2026-memorial-marco-scrimaglio\/\"><div class=\"x-text x-text-headline e17-e8 mh-1k mh-1l mh-1m mh-1n mh-1o mh-1p mh-1q mh-1r mh-1s\"><div class=\"x-text-content\"><div class=\"x-text-content-text\"><span class=\"x-text-content-text-primary\">FISI News<\/span><\/div><\/div><\/div><hr class=\"x-line e17-e9 mh-2h mh-2i mh-2j mh-2k\"><\/hr><div class=\"x-text x-text-headline e17-e10 mh-1k mh-1l mh-1m mh-1o mh-1q mh-1t mh-1u mh-1v\"><div class=\"x-text-content\"><div class=\"x-text-content-text\"><span class=\"x-text-content-text-primary\">Disputata la COPPA KLEUDGEN-ACQUARONE 2026- Memorial Marco Scrimaglio<\/span><\/div><\/div><\/div><\/a><a class=\"x-slide e17-e7 mh-1h mh-1i\" data-x-slide=\"\" href=\"https:\/\/comitati.fisi.org\/liguria\/blog\/2026\/02\/15\/freeski-liguria-classifica-slope-style-limone-p-15-02-2026\/\"><div class=\"x-text x-text-headline e17-e8 mh-1k mh-1l mh-1m mh-1n mh-1o mh-1p mh-1q mh-1r mh-1s\"><div class=\"x-text-content\"><div class=\"x-text-content-text\"><span class=\"x-text-content-text-primary\">FISI News<\/span><\/div><\/div><\/div><hr class=\"x-line e17-e9 mh-2h mh-2i mh-2j mh-2k\"><\/hr><div class=\"x-text x-text-headline e17-e10 mh-1k mh-1l mh-1m mh-1o mh-1q mh-1t mh-1u mh-1v\"><div class=\"x-text-content\"><div class=\"x-text-content-text\"><span class=\"x-text-content-text-primary\">Freeski Liguria Classifica Slope Style &#8211; Limone P. 15\/02\/2026<\/span><\/div><\/div><\/div><\/a><a class=\"x-slide e17-e7 mh-1h mh-1i\" data-x-slide=\"\" href=\"https:\/\/comitati.fisi.org\/liguria\/blog\/2026\/02\/14\/coppa-kleudgen-acquarone-2026-memorial-marco-scrimaglio-domenica-15-febbraio-2026\/\"><div class=\"x-text x-text-headline e17-e8 mh-1k mh-1l mh-1m mh-1n mh-1o mh-1p mh-1q mh-1r mh-1s\"><div class=\"x-text-content\"><div class=\"x-text-content-text\"><span class=\"x-text-content-text-primary\">FISI News<\/span><\/div><\/div><\/div><hr class=\"x-line e17-e9 mh-2h mh-2i mh-2j mh-2k\"><\/hr><div class=\"x-text x-text-headline e17-e10 mh-1k mh-1l mh-1m mh-1o mh-1q mh-1t mh-1u mh-1v\"><div class=\"x-text-content\"><div class=\"x-text-content-text\"><span class=\"x-text-content-text-primary\">COPPA KLEUDGEN-ACQUARONE 2026- Memorial Marco Scrimaglio &#8211; Domenica 15 Febbraio 2026<\/span><\/div><\/div><\/div><\/a><a class=\"x-slide e17-e7 mh-1h mh-1i\" data-x-slide=\"\" href=\"https:\/\/comitati.fisi.org\/liguria\/blog\/2026\/02\/14\/ordine-di-partenza-gara-di-freeski-domenica-15-febbraio-2026-a-limone-piemonte\/\"><div class=\"x-text x-text-headline e17-e8 mh-1k mh-1l mh-1m mh-1n mh-1o mh-1p mh-1q mh-1r mh-1s\"><div class=\"x-text-content\"><div class=\"x-text-content-text\"><span class=\"x-text-content-text-primary\">FISI News<\/span><\/div><\/div><\/div><hr class=\"x-line e17-e9 mh-2h mh-2i mh-2j mh-2k\"><\/hr><div class=\"x-text x-text-headline e17-e10 mh-1k mh-1l mh-1m mh-1o mh-1q mh-1t mh-1u mh-1v\"><div class=\"x-text-content\"><div class=\"x-text-content-text\"><span class=\"x-text-content-text-primary\">Ordine di Partenza Gara di Freeski Domenica 15 Febbraio 2026 a Limone Piemonte<\/span><\/div><\/div><\/div><\/a><a class=\"x-slide e17-e7 mh-1h mh-1i\" data-x-slide=\"\" href=\"https:\/\/comitati.fisi.org\/liguria\/blog\/2026\/02\/11\/rinvio-del-gigante-di-sabato-14-febbraio-a-lurisia\/\"><div class=\"x-text x-text-headline e17-e8 mh-1k mh-1l mh-1m mh-1n mh-1o mh-1p mh-1q mh-1r mh-1s\"><div class=\"x-text-content\"><div class=\"x-text-content-text\"><span class=\"x-text-content-text-primary\">FISI News<\/span><\/div><\/div><\/div><hr class=\"x-line e17-e9 mh-2h mh-2i mh-2j mh-2k\"><\/hr><div class=\"x-text x-text-headline e17-e10 mh-1k mh-1l mh-1m mh-1o mh-1q mh-1t mh-1u mh-1v\"><div class=\"x-text-content\"><div class=\"x-text-content-text\"><span class=\"x-text-content-text-primary\">RINVIO del Gigante di Sabato 14 Febbraio a Lurisia<\/span><\/div><\/div><\/div><\/a><a class=\"x-slide e17-e7 mh-1h mh-1i\" data-x-slide=\"\" href=\"https:\/\/comitati.fisi.org\/liguria\/blog\/2026\/02\/11\/programma-interappenninico-2026-campo-felice-ovincoli\/\"><div class=\"x-text x-text-headline e17-e8 mh-1k mh-1l mh-1m mh-1n mh-1o mh-1p mh-1q mh-1r mh-1s\"><div class=\"x-text-content\"><div class=\"x-text-content-text\"><span class=\"x-text-content-text-primary\">FISI News<\/span><\/div><\/div><\/div><hr class=\"x-line e17-e9 mh-2h mh-2i mh-2j mh-2k\"><\/hr><div class=\"x-text x-text-headline e17-e10 mh-1k mh-1l mh-1m mh-1o mh-1q mh-1t mh-1u mh-1v\"><div class=\"x-text-content\"><div class=\"x-text-content-text\"><span class=\"x-text-content-text-primary\">PROGRAMMA INTERAPPENNINICO 2026 &#8211; Campo Felice \/ Ovindoli<\/span><\/div><\/div><\/div><\/a><a class=\"x-slide e17-e7 mh-1h mh-1i\" data-x-slide=\"\" href=\"https:\/\/comitati.fisi.org\/liguria\/blog\/2026\/02\/10\/programma-gara-di-freeski-domenica-15-febbraio-2026-a-limone-piemonte\/\"><div class=\"x-text x-text-headline e17-e8 mh-1k mh-1l mh-1m mh-1n mh-1o mh-1p mh-1q mh-1r mh-1s\"><div class=\"x-text-content\"><div class=\"x-text-content-text\"><span class=\"x-text-content-text-primary\">FISI News<\/span><\/div><\/div><\/div><hr class=\"x-line e17-e9 mh-2h mh-2i mh-2j mh-2k\"><\/hr><div class=\"x-text x-text-headline e17-e10 mh-1k mh-1l mh-1m mh-1o mh-1q mh-1t mh-1u mh-1v\"><div class=\"x-text-content\"><div class=\"x-text-content-text\"><span class=\"x-text-content-text-primary\">Programma Gara di Freeski Domenica 15 Febbraio 2026 a Limone Piemonte<\/span><\/div><\/div><\/div><\/a><a class=\"x-slide e17-e7 mh-1h mh-1i\" data-x-slide=\"\" href=\"https:\/\/comitati.fisi.org\/liguria\/blog\/2026\/02\/08\/assegnato-il-titolo-regionale-di-gigante-2026-comitato-ligure-classifiche\/\"><div class=\"x-text x-text-headline e17-e8 mh-1k mh-1l mh-1m mh-1n mh-1o mh-1p mh-1q mh-1r mh-1s\"><div class=\"x-text-content\"><div class=\"x-text-content-text\"><span class=\"x-text-content-text-primary\">FISI News<\/span><\/div><\/div><\/div><hr class=\"x-line e17-e9 mh-2h mh-2i mh-2j mh-2k\"><\/hr><div class=\"x-text x-text-headline e17-e10 mh-1k mh-1l mh-1m mh-1o mh-1q mh-1t mh-1u mh-1v\"><div class=\"x-text-content\"><div class=\"x-text-content-text\"><span class=\"x-text-content-text-primary\">Assegnato il Titolo Regionale di Gigante 2026 Comitato Ligure &#8211; Classifiche<\/span><\/div><\/div><\/div><\/a><a class=\"x-slide e17-e7 mh-1h mh-1i\" data-x-slide=\"\" href=\"https:\/\/comitati.fisi.org\/liguria\/blog\/2026\/02\/07\/classifica-per-la-selezione-regionale-per-il-pinocchio-2026-trofeo-arduino-chiara\/\"><div class=\"x-text x-text-headline e17-e8 mh-1k mh-1l mh-1m mh-1n mh-1o mh-1p mh-1q mh-1r mh-1s\"><div class=\"x-text-content\"><div class=\"x-text-content-text\"><span class=\"x-text-content-text-primary\">FISI News<\/span><\/div><\/div><\/div><hr class=\"x-line e17-e9 mh-2h mh-2i mh-2j mh-2k\"><\/hr><div class=\"x-text x-text-headline e17-e10 mh-1k mh-1l mh-1m mh-1o mh-1q mh-1t mh-1u mh-1v\"><div class=\"x-text-content\"><div class=\"x-text-content-text\"><span class=\"x-text-content-text-primary\">Classifica per la Selezione Regionale per il Pinocchio 2026 &#8211; Trofeo Arduino Chiara<\/span><\/div><\/div><\/div><\/a><a class=\"x-slide e17-e7 mh-1h mh-1i\" data-x-slide=\"\" href=\"https:\/\/comitati.fisi.org\/liguria\/blog\/2026\/02\/07\/ordine-di-partenza-del-gigante-di-domenica-8-febbraio-ad-artesina\/\"><div class=\"x-text x-text-headline e17-e8 mh-1k mh-1l mh-1m mh-1n mh-1o mh-1p mh-1q mh-1r mh-1s\"><div class=\"x-text-content\"><div class=\"x-text-content-text\"><span class=\"x-text-content-text-primary\">FISI News<\/span><\/div><\/div><\/div><hr class=\"x-line e17-e9 mh-2h mh-2i mh-2j mh-2k\"><\/hr><div class=\"x-text x-text-headline e17-e10 mh-1k mh-1l mh-1m mh-1o mh-1q mh-1t mh-1u mh-1v\"><div class=\"x-text-content\"><div class=\"x-text-content-text\"><span class=\"x-text-content-text-primary\">ORDINE di PARTENZA del GIGANTE di Domenica 8 Febbraio ad Artesina<\/span><\/div><\/div><\/div><\/a><a class=\"x-slide e17-e7 mh-1h mh-1i\" data-x-slide=\"\" href=\"https:\/\/comitati.fisi.org\/liguria\/blog\/2026\/02\/06\/ordine-di-partenza-selezione-del-pinocchio-per-la-liguria-artesina-7-febbraio-2026\/\"><div class=\"x-text x-text-headline e17-e8 mh-1k mh-1l mh-1m mh-1n mh-1o mh-1p mh-1q mh-1r mh-1s\"><div class=\"x-text-content\"><div class=\"x-text-content-text\"><span class=\"x-text-content-text-primary\">FISI News<\/span><\/div><\/div><\/div><hr class=\"x-line e17-e9 mh-2h mh-2i mh-2j mh-2k\"><\/hr><div class=\"x-text x-text-headline e17-e10 mh-1k mh-1l mh-1m mh-1o mh-1q mh-1t mh-1u mh-1v\"><div class=\"x-text-content\"><div class=\"x-text-content-text\"><span class=\"x-text-content-text-primary\">ORDINE di PARTENZA SELEZIONE DEL PINOCCHIO per la LIGURIA &#8211; Artesina 7 febbraio 2026<\/span><\/div><\/div><\/div><\/a><a class=\"x-slide e17-e7 mh-1h mh-1i\" data-x-slide=\"\" href=\"https:\/\/comitati.fisi.org\/liguria\/blog\/2026\/02\/04\/coppa-kleudgen-acquarone-2026-memorial-marco-scrimaglio\/\"><div class=\"x-text x-text-headline e17-e8 mh-1k mh-1l mh-1m mh-1n mh-1o mh-1p mh-1q mh-1r mh-1s\"><div class=\"x-text-content\"><div class=\"x-text-content-text\"><span class=\"x-text-content-text-primary\">FISI News<\/span><\/div><\/div><\/div><hr class=\"x-line e17-e9 mh-2h mh-2i mh-2j mh-2k\"><\/hr><div class=\"x-text x-text-headline e17-e10 mh-1k mh-1l mh-1m mh-1o mh-1q mh-1t mh-1u mh-1v\"><div class=\"x-text-content\"><div class=\"x-text-content-text\"><span class=\"x-text-content-text-primary\">COPPA KLEUDGEN-ACQUARONE 2026- Memorial Marco Scrimaglio<\/span><\/div><\/div><\/div><\/a><a class=\"x-slide e17-e7 mh-1h mh-1i\" data-x-slide=\"\" href=\"https:\/\/comitati.fisi.org\/liguria\/blog\/2026\/02\/03\/rinvio-dello-slalom-di-venerdi-6-febbraio-a-entracque\/\"><div class=\"x-text x-text-headline e17-e8 mh-1k mh-1l mh-1m mh-1n mh-1o mh-1p mh-1q mh-1r mh-1s\"><div class=\"x-text-content\"><div class=\"x-text-content-text\"><span class=\"x-text-content-text-primary\">FISI News<\/span><\/div><\/div><\/div><hr class=\"x-line e17-e9 mh-2h mh-2i mh-2j mh-2k\"><\/hr><div class=\"x-text x-text-headline e17-e10 mh-1k mh-1l mh-1m mh-1o mh-1q mh-1t mh-1u mh-1v\"><div class=\"x-text-content\"><div class=\"x-text-content-text\"><span class=\"x-text-content-text-primary\">RINVIO dello Slalom di Venerd\u00ec 6 febbraio a Entracque<\/span><\/div><\/div><\/div><\/a><a class=\"x-slide e17-e7 mh-1h mh-1i\" data-x-slide=\"\" href=\"https:\/\/comitati.fisi.org\/liguria\/blog\/2026\/02\/01\/ordine-di-partenza-gigante-lunedi-2-febbraio-a-lurisia\/\"><div class=\"x-text x-text-headline e17-e8 mh-1k mh-1l mh-1m mh-1n mh-1o mh-1p mh-1q mh-1r mh-1s\"><div class=\"x-text-content\"><div class=\"x-text-content-text\"><span class=\"x-text-content-text-primary\">FISI News<\/span><\/div><\/div><\/div><hr class=\"x-line e17-e9 mh-2h mh-2i mh-2j mh-2k\"><\/hr><div class=\"x-text x-text-headline e17-e10 mh-1k mh-1l mh-1m mh-1o mh-1q mh-1t mh-1u mh-1v\"><div class=\"x-text-content\"><div class=\"x-text-content-text\"><span class=\"x-text-content-text-primary\">ORDINE di Partenza Gigante Luned\u00ec 2 Febbraio a Lurisia<\/span><\/div><\/div><\/div><\/a><a class=\"x-slide e17-e7 mh-1h mh-1i\" data-x-slide=\"\" href=\"https:\/\/comitati.fisi.org\/liguria\/blog\/2026\/02\/01\/classifiche-slalom-di-domenica-1-febbraio-a-lurisia\/\"><div class=\"x-text x-text-headline e17-e8 mh-1k mh-1l mh-1m mh-1n mh-1o mh-1p mh-1q mh-1r mh-1s\"><div class=\"x-text-content\"><div class=\"x-text-content-text\"><span class=\"x-text-content-text-primary\">FISI News<\/span><\/div><\/div><\/div><hr class=\"x-line e17-e9 mh-2h mh-2i mh-2j mh-2k\"><\/hr><div class=\"x-text x-text-headline e17-e10 mh-1k mh-1l mh-1m mh-1o mh-1q mh-1t mh-1u mh-1v\"><div class=\"x-text-content\"><div class=\"x-text-content-text\"><span class=\"x-text-content-text-primary\">Classifiche Slalom di Domenica 1 Febbraio a Lurisia<\/span><\/div><\/div><\/div><\/a><a class=\"x-slide e17-e7 mh-1h mh-1i\" data-x-slide=\"\" href=\"https:\/\/comitati.fisi.org\/liguria\/blog\/2026\/01\/31\/ordine-di-partenza-slalom_domenica-1-febbraio-lurisia\/\"><div class=\"x-text x-text-headline e17-e8 mh-1k mh-1l mh-1m mh-1n mh-1o mh-1p mh-1q mh-1r mh-1s\"><div class=\"x-text-content\"><div class=\"x-text-content-text\"><span class=\"x-text-content-text-primary\">FISI News<\/span><\/div><\/div><\/div><hr class=\"x-line e17-e9 mh-2h mh-2i mh-2j mh-2k\"><\/hr><div class=\"x-text x-text-headline e17-e10 mh-1k mh-1l mh-1m mh-1o mh-1q mh-1t mh-1u mh-1v\"><div class=\"x-text-content\"><div class=\"x-text-content-text\"><span class=\"x-text-content-text-primary\">ORDINE DI PARTENZA SLALOM_Domenica 1 Febbraio Lurisia<\/span><\/div><\/div><\/div><\/a><a class=\"x-slide e17-e7 mh-1h mh-1i\" data-x-slide=\"\" href=\"https:\/\/comitati.fisi.org\/liguria\/blog\/2026\/01\/30\/rinvio-fis-4-5-febbraio-2026-a-pratonevoso\/\"><div class=\"x-text x-text-headline e17-e8 mh-1k mh-1l mh-1m mh-1n mh-1o mh-1p mh-1q mh-1r mh-1s\"><div class=\"x-text-content\"><div class=\"x-text-content-text\"><span class=\"x-text-content-text-primary\">FISI News<\/span><\/div><\/div><\/div><hr class=\"x-line e17-e9 mh-2h mh-2i mh-2j mh-2k\"><\/hr><div class=\"x-text x-text-headline e17-e10 mh-1k mh-1l mh-1m mh-1o mh-1q mh-1t mh-1u mh-1v\"><div class=\"x-text-content\"><div class=\"x-text-content-text\"><span class=\"x-text-content-text-primary\">RINVIO FIS 4-5 Febbraio 2026 a PratoNevoso<\/span><\/div><\/div><\/div><\/a><a class=\"x-slide e17-e7 mh-1h mh-1i\" data-x-slide=\"\" href=\"https:\/\/comitati.fisi.org\/liguria\/blog\/2026\/01\/29\/regolamento-gare-del-7-e-8-febbraio-ad-artesina-qualificazione-trofeo-pinocchio\/\"><div class=\"x-text x-text-headline e17-e8 mh-1k mh-1l mh-1m mh-1n mh-1o mh-1p mh-1q mh-1r mh-1s\"><div class=\"x-text-content\"><div class=\"x-text-content-text\"><span class=\"x-text-content-text-primary\">FISI News<\/span><\/div><\/div><\/div><hr class=\"x-line e17-e9 mh-2h mh-2i mh-2j mh-2k\"><\/hr><div class=\"x-text x-text-headline e17-e10 mh-1k mh-1l mh-1m mh-1o mh-1q mh-1t mh-1u mh-1v\"><div class=\"x-text-content\"><div class=\"x-text-content-text\"><span class=\"x-text-content-text-primary\">REGOLAMENTO GARE del 7 e 8 Febbraio ad Artesina &#8211; QUALIFICAZIONE TROFEO PINOCCHIO<\/span><\/div><\/div><\/div><\/a><a class=\"x-slide e17-e7 mh-1h mh-1i\" data-x-slide=\"\" href=\"https:\/\/comitati.fisi.org\/liguria\/blog\/2026\/01\/29\/regolamento-gara-di-slalom-venerdi-6-febbraio-a-entracque\/\"><div class=\"x-text x-text-headline e17-e8 mh-1k mh-1l mh-1m mh-1n mh-1o mh-1p mh-1q mh-1r mh-1s\"><div class=\"x-text-content\"><div class=\"x-text-content-text\"><span class=\"x-text-content-text-primary\">FISI News<\/span><\/div><\/div><\/div><hr class=\"x-line e17-e9 mh-2h mh-2i mh-2j mh-2k\"><\/hr><div class=\"x-text x-text-headline e17-e10 mh-1k mh-1l mh-1m mh-1o mh-1q mh-1t mh-1u mh-1v\"><div class=\"x-text-content\"><div class=\"x-text-content-text\"><span class=\"x-text-content-text-primary\">REGOLAMENTO GARA di SLALOM Venerd\u00ec 6 Febbraio a Entracque<\/span><\/div><\/div><\/div><\/a><a class=\"x-slide e17-e7 mh-1h mh-1i\" data-x-slide=\"\" href=\"https:\/\/comitati.fisi.org\/liguria\/blog\/2026\/01\/29\/nuovo-appuntamento-dello-stage-progetto-freeski-fisi-comitato-ligure\/\"><div class=\"x-text x-text-headline e17-e8 mh-1k mh-1l mh-1m mh-1n mh-1o mh-1p mh-1q mh-1r mh-1s\"><div class=\"x-text-content\"><div class=\"x-text-content-text\"><span class=\"x-text-content-text-primary\">FISI News<\/span><\/div><\/div><\/div><hr class=\"x-line e17-e9 mh-2h mh-2i mh-2j mh-2k\"><\/hr><div class=\"x-text x-text-headline e17-e10 mh-1k mh-1l mh-1m mh-1o mh-1q mh-1t mh-1u mh-1v\"><div class=\"x-text-content\"><div class=\"x-text-content-text\"><span class=\"x-text-content-text-primary\">Nuovo appuntamento dello Stage Progetto FreeSki FISI Comitato Ligure &#8211; Sabato 31 gennaio<\/span><\/div><\/div><\/div><\/a><a class=\"x-slide e17-e7 mh-1h mh-1i\" data-x-slide=\"\" href=\"https:\/\/comitati.fisi.org\/liguria\/blog\/2026\/01\/28\/aggiornamento-calendario-zonale-sci-alpino-stagione-2025-2026\/\"><div class=\"x-text x-text-headline e17-e8 mh-1k mh-1l mh-1m mh-1n mh-1o mh-1p mh-1q mh-1r mh-1s\"><div class=\"x-text-content\"><div class=\"x-text-content-text\"><span class=\"x-text-content-text-primary\">FISI News<\/span><\/div><\/div><\/div><hr class=\"x-line e17-e9 mh-2h mh-2i mh-2j mh-2k\"><\/hr><div class=\"x-text x-text-headline e17-e10 mh-1k mh-1l mh-1m mh-1o mh-1q mh-1t mh-1u mh-1v\"><div class=\"x-text-content\"><div class=\"x-text-content-text\"><span class=\"x-text-content-text-primary\">AGGIORNAMENTO CALENDARIO ZONALE SCI ALPINO STAGIONE 2025\/2026<\/span><\/div><\/div><\/div><\/a><a class=\"x-slide e17-e7 mh-1h mh-1i\" data-x-slide=\"\" href=\"https:\/\/comitati.fisi.org\/liguria\/blog\/2026\/01\/28\/variazione-gare-we-01-02-02-2026-lurisia\/\"><div class=\"x-text x-text-headline e17-e8 mh-1k mh-1l mh-1m mh-1n mh-1o mh-1p mh-1q mh-1r mh-1s\"><div class=\"x-text-content\"><div class=\"x-text-content-text\"><span class=\"x-text-content-text-primary\">FISI News<\/span><\/div><\/div><\/div><hr class=\"x-line e17-e9 mh-2h mh-2i mh-2j mh-2k\"><\/hr><div class=\"x-text x-text-headline e17-e10 mh-1k mh-1l mh-1m mh-1o mh-1q mh-1t mh-1u mh-1v\"><div class=\"x-text-content\"><div class=\"x-text-content-text\"><span class=\"x-text-content-text-primary\">VARIAZIONE GARE WE 01-02\/02\/2026 &#8211; LURISIA<\/span><\/div><\/div><\/div><\/a><a class=\"x-slide e17-e7 mh-1h mh-1i\" data-x-slide=\"\" href=\"https:\/\/comitati.fisi.org\/liguria\/blog\/2026\/01\/24\/rinviati-i-superg-del-26-29-gennaio-a-limonep\/\"><div class=\"x-text x-text-headline e17-e8 mh-1k mh-1l mh-1m mh-1n mh-1o mh-1p mh-1q mh-1r mh-1s\"><div class=\"x-text-content\"><div class=\"x-text-content-text\"><span class=\"x-text-content-text-primary\">FISI News<\/span><\/div><\/div><\/div><hr class=\"x-line e17-e9 mh-2h mh-2i mh-2j mh-2k\"><\/hr><div class=\"x-text x-text-headline e17-e10 mh-1k mh-1l mh-1m mh-1o mh-1q mh-1t mh-1u mh-1v\"><div class=\"x-text-content\"><div class=\"x-text-content-text\"><span class=\"x-text-content-text-primary\">RINVIATI i SUPERG del 26\/29 Gennaio a LimoneP.<\/span><\/div><\/div><\/div><\/a><a class=\"x-slide e17-e7 mh-1h mh-1i\" data-x-slide=\"\" href=\"https:\/\/comitati.fisi.org\/liguria\/blog\/2026\/01\/20\/rinviato-il-superg-del-23-24-gennaio-a-limone-p\/\"><div class=\"x-text x-text-headline e17-e8 mh-1k mh-1l mh-1m mh-1n mh-1o mh-1p mh-1q mh-1r mh-1s\"><div class=\"x-text-content\"><div class=\"x-text-content-text\"><span class=\"x-text-content-text-primary\">FISI News<\/span><\/div><\/div><\/div><hr class=\"x-line e17-e9 mh-2h mh-2i mh-2j mh-2k\"><\/hr><div class=\"x-text x-text-headline e17-e10 mh-1k mh-1l mh-1m mh-1o mh-1q mh-1t mh-1u mh-1v\"><div class=\"x-text-content\"><div class=\"x-text-content-text\"><span class=\"x-text-content-text-primary\">RINVIATO il SUPERG del 23-24 gennaio a Limone P.<\/span><\/div><\/div><\/div><\/a><a class=\"x-slide e17-e7 mh-1h mh-1i\" data-x-slide=\"\" href=\"https:\/\/comitati.fisi.org\/liguria\/blog\/2026\/01\/19\/podio-di-giada-galante-a-pratonevoso-freestyle\/\"><div class=\"x-text x-text-headline e17-e8 mh-1k mh-1l mh-1m mh-1n mh-1o mh-1p mh-1q mh-1r mh-1s\"><div class=\"x-text-content\"><div class=\"x-text-content-text\"><span class=\"x-text-content-text-primary\">FISI News<\/span><\/div><\/div><\/div><hr class=\"x-line e17-e9 mh-2h mh-2i mh-2j mh-2k\"><\/hr><div class=\"x-text x-text-headline e17-e10 mh-1k mh-1l mh-1m mh-1o mh-1q mh-1t mh-1u mh-1v\"><div class=\"x-text-content\"><div class=\"x-text-content-text\"><span class=\"x-text-content-text-primary\">Podio di Giada Galante a PratoNevoso &#8211; Freestyle<\/span><\/div><\/div><\/div><\/a><a class=\"x-slide e17-e7 mh-1h mh-1i\" data-x-slide=\"\" href=\"https:\/\/comitati.fisi.org\/liguria\/blog\/2026\/01\/18\/variazione-gare-super-gigante-rq-26-29-gennaio-2026\/\"><div class=\"x-text x-text-headline e17-e8 mh-1k mh-1l mh-1m mh-1n mh-1o mh-1p mh-1q mh-1r mh-1s\"><div class=\"x-text-content\"><div class=\"x-text-content-text\"><span class=\"x-text-content-text-primary\">FISI News<\/span><\/div><\/div><\/div><hr class=\"x-line e17-e9 mh-2h mh-2i mh-2j mh-2k\"><\/hr><div class=\"x-text x-text-headline e17-e10 mh-1k mh-1l mh-1m mh-1o mh-1q mh-1t mh-1u mh-1v\"><div class=\"x-text-content\"><div class=\"x-text-content-text\"><span class=\"x-text-content-text-primary\">VARIAZIONE gare Super Gigante RQ 26-29 gennaio 2026<\/span><\/div><\/div><\/div><\/a><a class=\"x-slide e17-e7 mh-1h mh-1i\" data-x-slide=\"\" href=\"https:\/\/comitati.fisi.org\/liguria\/blog\/2026\/01\/17\/rinviato-stage-progetto-freeski-fisi-comitato-ligure\/\"><div class=\"x-text x-text-headline e17-e8 mh-1k mh-1l mh-1m mh-1n mh-1o mh-1p mh-1q mh-1r mh-1s\"><div class=\"x-text-content\"><div class=\"x-text-content-text\"><span class=\"x-text-content-text-primary\">FISI News<\/span><\/div><\/div><\/div><hr class=\"x-line e17-e9 mh-2h mh-2i mh-2j mh-2k\"><\/hr><div class=\"x-text x-text-headline e17-e10 mh-1k mh-1l mh-1m mh-1o mh-1q mh-1t mh-1u mh-1v\"><div class=\"x-text-content\"><div class=\"x-text-content-text\"><span class=\"x-text-content-text-primary\">RINVIATO Stage Progetto FreeSki FISI Comitato Ligure<\/span><\/div><\/div><\/div><\/a><a class=\"x-slide e17-e7 mh-1h mh-1i\" data-x-slide=\"\" href=\"https:\/\/comitati.fisi.org\/liguria\/blog\/2026\/01\/17\/annullate-le-gare-del-17-18-gennaio-2026-lurisia\/\"><div class=\"x-text x-text-headline e17-e8 mh-1k mh-1l mh-1m mh-1n mh-1o mh-1p mh-1q mh-1r mh-1s\"><div class=\"x-text-content\"><div class=\"x-text-content-text\"><span class=\"x-text-content-text-primary\">FISI News<\/span><\/div><\/div><\/div><hr class=\"x-line e17-e9 mh-2h mh-2i mh-2j mh-2k\"><\/hr><div class=\"x-text x-text-headline e17-e10 mh-1k mh-1l mh-1m mh-1o mh-1q mh-1t mh-1u mh-1v\"><div class=\"x-text-content\"><div class=\"x-text-content-text\"><span class=\"x-text-content-text-primary\">ANNULLATE LE GARE DEL 17-18 GENNAIO 2026 LURISIA<\/span><\/div><\/div><\/div><\/a><a class=\"x-slide e17-e7 mh-1h mh-1i\" data-x-slide=\"\" href=\"https:\/\/comitati.fisi.org\/liguria\/blog\/2026\/01\/16\/ordine-di-partenza-gs-17-01-2026-lurisia\/\"><div class=\"x-text x-text-headline e17-e8 mh-1k mh-1l mh-1m mh-1n mh-1o mh-1p mh-1q mh-1r mh-1s\"><div class=\"x-text-content\"><div class=\"x-text-content-text\"><span class=\"x-text-content-text-primary\">FISI News<\/span><\/div><\/div><\/div><hr class=\"x-line e17-e9 mh-2h mh-2i mh-2j mh-2k\"><\/hr><div class=\"x-text x-text-headline e17-e10 mh-1k mh-1l mh-1m mh-1o mh-1q mh-1t mh-1u mh-1v\"><div class=\"x-text-content\"><div class=\"x-text-content-text\"><span class=\"x-text-content-text-primary\">Ordine di Partenza GS 17\/01\/2026 &#8211; Lurisia<\/span><\/div><\/div><\/div><\/a><a class=\"x-slide e17-e7 mh-1h mh-1i\" data-x-slide=\"\" href=\"https:\/\/comitati.fisi.org\/liguria\/blog\/2026\/01\/16\/rinvio-nuovo-format-del-25-01-2026\/\"><div class=\"x-text x-text-headline e17-e8 mh-1k mh-1l mh-1m mh-1n mh-1o mh-1p mh-1q mh-1r mh-1s\"><div class=\"x-text-content\"><div class=\"x-text-content-text\"><span class=\"x-text-content-text-primary\">FISI News<\/span><\/div><\/div><\/div><hr class=\"x-line e17-e9 mh-2h mh-2i mh-2j mh-2k\"><\/hr><div class=\"x-text x-text-headline e17-e10 mh-1k mh-1l mh-1m mh-1o mh-1q mh-1t mh-1u mh-1v\"><div class=\"x-text-content\"><div class=\"x-text-content-text\"><span class=\"x-text-content-text-primary\">Rinvio Nuovo Format del 25\/01\/2026<\/span><\/div><\/div><\/div><\/a><a class=\"x-slide e17-e7 mh-1h mh-1i\" data-x-slide=\"\" href=\"https:\/\/comitati.fisi.org\/liguria\/blog\/2026\/01\/15\/aggiornamento-regolamento-gare-di-gigante-del-17-e-18-gennaio-2026-lurisia-cn\/\"><div class=\"x-text x-text-headline e17-e8 mh-1k mh-1l mh-1m mh-1n mh-1o mh-1p mh-1q mh-1r mh-1s\"><div class=\"x-text-content\"><div class=\"x-text-content-text\"><span class=\"x-text-content-text-primary\">FISI News<\/span><\/div><\/div><\/div><hr class=\"x-line e17-e9 mh-2h mh-2i mh-2j mh-2k\"><\/hr><div class=\"x-text x-text-headline e17-e10 mh-1k mh-1l mh-1m mh-1o mh-1q mh-1t mh-1u mh-1v\"><div class=\"x-text-content\"><div class=\"x-text-content-text\"><span class=\"x-text-content-text-primary\">Aggiornamento REGOLAMENTO Gare di Gigante del 17 e 18 gennaio 2026 \u2013 Lurisia (CN)<\/span><\/div><\/div><\/div><\/a><a class=\"x-slide e17-e7 mh-1h mh-1i\" data-x-slide=\"\" href=\"https:\/\/comitati.fisi.org\/liguria\/blog\/2026\/01\/14\/rinvio-fis-19-20-gennaio-2026-a-pratonevoso\/\"><div class=\"x-text x-text-headline e17-e8 mh-1k mh-1l mh-1m mh-1n mh-1o mh-1p mh-1q mh-1r mh-1s\"><div class=\"x-text-content\"><div class=\"x-text-content-text\"><span class=\"x-text-content-text-primary\">FISI News<\/span><\/div><\/div><\/div><hr class=\"x-line e17-e9 mh-2h mh-2i mh-2j mh-2k\"><\/hr><div class=\"x-text x-text-headline e17-e10 mh-1k mh-1l mh-1m mh-1o mh-1q mh-1t mh-1u mh-1v\"><div class=\"x-text-content\"><div class=\"x-text-content-text\"><span class=\"x-text-content-text-primary\">RINVIO FIS 19-20 Gennaio 2026 a PratoNevoso<\/span><\/div><\/div><\/div><\/a><a class=\"x-slide e17-e7 mh-1h mh-1i\" data-x-slide=\"\" href=\"https:\/\/comitati.fisi.org\/liguria\/blog\/2026\/01\/13\/classifiche-coppa-liguria-2\/\"><div class=\"x-text x-text-headline e17-e8 mh-1k mh-1l mh-1m mh-1n mh-1o mh-1p mh-1q mh-1r mh-1s\"><div class=\"x-text-content\"><div class=\"x-text-content-text\"><span class=\"x-text-content-text-primary\">FISI News<\/span><\/div><\/div><\/div><hr class=\"x-line e17-e9 mh-2h mh-2i mh-2j mh-2k\"><\/hr><div class=\"x-text x-text-headline e17-e10 mh-1k mh-1l mh-1m mh-1o mh-1q mh-1t mh-1u mh-1v\"><div class=\"x-text-content\"><div class=\"x-text-content-text\"><span class=\"x-text-content-text-primary\">CLASSIFICHE COPPA LIGURIA<\/span><\/div><\/div><\/div><\/a><a class=\"x-slide e17-e7 mh-1h mh-1i\" data-x-slide=\"\" href=\"https:\/\/comitati.fisi.org\/liguria\/blog\/2026\/01\/11\/regolamento-gare-di-gigante-del-17-e-18-gennaio-2026-lurisia-cn\/\"><div class=\"x-text x-text-headline e17-e8 mh-1k mh-1l mh-1m mh-1n mh-1o mh-1p mh-1q mh-1r mh-1s\"><div class=\"x-text-content\"><div class=\"x-text-content-text\"><span class=\"x-text-content-text-primary\">FISI News<\/span><\/div><\/div><\/div><hr class=\"x-line e17-e9 mh-2h mh-2i mh-2j mh-2k\"><\/hr><div class=\"x-text x-text-headline e17-e10 mh-1k mh-1l mh-1m mh-1o mh-1q mh-1t mh-1u mh-1v\"><div class=\"x-text-content\"><div class=\"x-text-content-text\"><span class=\"x-text-content-text-primary\">REGOLAMENTO Gare di Gigante del 17 e 18 gennaio 2026 \u2013 Lurisia (CN)<\/span><\/div><\/div><\/div><\/a><a class=\"x-slide e17-e7 mh-1h mh-1i\" data-x-slide=\"\" href=\"https:\/\/comitati.fisi.org\/liguria\/blog\/2026\/01\/10\/classifiche-slalom-10-01-2026-pratonevoso\/\"><div class=\"x-text x-text-headline e17-e8 mh-1k mh-1l mh-1m mh-1n mh-1o mh-1p mh-1q mh-1r mh-1s\"><div class=\"x-text-content\"><div class=\"x-text-content-text\"><span class=\"x-text-content-text-primary\">FISI News<\/span><\/div><\/div><\/div><hr class=\"x-line e17-e9 mh-2h mh-2i mh-2j mh-2k\"><\/hr><div class=\"x-text x-text-headline e17-e10 mh-1k mh-1l mh-1m mh-1o mh-1q mh-1t mh-1u mh-1v\"><div class=\"x-text-content\"><div class=\"x-text-content-text\"><span class=\"x-text-content-text-primary\">Classifiche SLALOM 10\/01\/2026 PratoNevoso<\/span><\/div><\/div><\/div><\/a><a class=\"x-slide e17-e7 mh-1h mh-1i\" data-x-slide=\"\" href=\"https:\/\/comitati.fisi.org\/liguria\/blog\/2026\/01\/09\/ordine-di-partenza-gara-slalom-praton-10-01-2026\/\"><div class=\"x-text x-text-headline e17-e8 mh-1k mh-1l mh-1m mh-1n mh-1o mh-1p mh-1q mh-1r mh-1s\"><div class=\"x-text-content\"><div class=\"x-text-content-text\"><span class=\"x-text-content-text-primary\">FISI News<\/span><\/div><\/div><\/div><hr class=\"x-line e17-e9 mh-2h mh-2i mh-2j mh-2k\"><\/hr><div class=\"x-text x-text-headline e17-e10 mh-1k mh-1l mh-1m mh-1o mh-1q mh-1t mh-1u mh-1v\"><div class=\"x-text-content\"><div class=\"x-text-content-text\"><span class=\"x-text-content-text-primary\">Ordine di Partenza Gara SLALOM PratoN. 10.01.2026<\/span><\/div><\/div><\/div><\/a><a class=\"x-slide e17-e7 mh-1h mh-1i\" data-x-slide=\"\" href=\"https:\/\/comitati.fisi.org\/liguria\/blog\/2026\/01\/08\/regolamento-gara-slalom-10-gennaio-2026-prato-nevoso-cn\/\"><div class=\"x-text x-text-headline e17-e8 mh-1k mh-1l mh-1m mh-1n mh-1o mh-1p mh-1q mh-1r mh-1s\"><div class=\"x-text-content\"><div class=\"x-text-content-text\"><span class=\"x-text-content-text-primary\">FISI News<\/span><\/div><\/div><\/div><hr class=\"x-line e17-e9 mh-2h mh-2i mh-2j mh-2k\"><\/hr><div class=\"x-text x-text-headline e17-e10 mh-1k mh-1l mh-1m mh-1o mh-1q mh-1t mh-1u mh-1v\"><div class=\"x-text-content\"><div class=\"x-text-content-text\"><span class=\"x-text-content-text-primary\">Aggiornamento REGOLAMENTO Gara Slalom 10 gennaio 2026 &#8211; Prato Nevoso (CN)<\/span><\/div><\/div><\/div><\/a><a class=\"x-slide e17-e7 mh-1h mh-1i\" data-x-slide=\"\" href=\"https:\/\/comitati.fisi.org\/liguria\/blog\/2026\/01\/05\/classifiche-sl-gs-del-5-gennaio-2026-limonep\/\"><div class=\"x-text x-text-headline e17-e8 mh-1k mh-1l mh-1m mh-1n mh-1o mh-1p mh-1q mh-1r mh-1s\"><div class=\"x-text-content\"><div class=\"x-text-content-text\"><span class=\"x-text-content-text-primary\">FISI News<\/span><\/div><\/div><\/div><hr class=\"x-line e17-e9 mh-2h mh-2i mh-2j mh-2k\"><\/hr><div class=\"x-text x-text-headline e17-e10 mh-1k mh-1l mh-1m mh-1o mh-1q mh-1t mh-1u mh-1v\"><div class=\"x-text-content\"><div class=\"x-text-content-text\"><span class=\"x-text-content-text-primary\">CLASSIFICHE SL + GS del 5 gennaio 2026 LimoneP.<\/span><\/div><\/div><\/div><\/a><a class=\"x-slide e17-e7 mh-1h mh-1i\" data-x-slide=\"\" href=\"https:\/\/comitati.fisi.org\/liguria\/blog\/2026\/01\/04\/ordini-di-partenza-sl-gs-limone-p-lunedi-05-01-2026\/\"><div class=\"x-text x-text-headline e17-e8 mh-1k mh-1l mh-1m mh-1n mh-1o mh-1p mh-1q mh-1r mh-1s\"><div class=\"x-text-content\"><div class=\"x-text-content-text\"><span class=\"x-text-content-text-primary\">FISI News<\/span><\/div><\/div><\/div><hr class=\"x-line e17-e9 mh-2h mh-2i mh-2j mh-2k\"><\/hr><div class=\"x-text x-text-headline e17-e10 mh-1k mh-1l mh-1m mh-1o mh-1q mh-1t mh-1u mh-1v\"><div class=\"x-text-content\"><div class=\"x-text-content-text\"><span class=\"x-text-content-text-primary\">ORDINI di Partenza SL + GS Limone P. Luned\u00ec 05\/01\/2026<\/span><\/div><\/div><\/div><\/a><a class=\"x-slide e17-e7 mh-1h mh-1i\" data-x-slide=\"\" href=\"https:\/\/comitati.fisi.org\/liguria\/blog\/2026\/01\/03\/regolamento-gara-sl-gs-_-5-gennaio-2026-limone-piemonte-cn\/\"><div class=\"x-text x-text-headline e17-e8 mh-1k mh-1l mh-1m mh-1n mh-1o mh-1p mh-1q mh-1r mh-1s\"><div class=\"x-text-content\"><div class=\"x-text-content-text\"><span class=\"x-text-content-text-primary\">FISI News<\/span><\/div><\/div><\/div><hr class=\"x-line e17-e9 mh-2h mh-2i mh-2j mh-2k\"><\/hr><div class=\"x-text x-text-headline e17-e10 mh-1k mh-1l mh-1m mh-1o mh-1q mh-1t mh-1u mh-1v\"><div class=\"x-text-content\"><div class=\"x-text-content-text\"><span class=\"x-text-content-text-primary\">VARIAZIONE RIUNIONE di GIURIA Gara SL + GS _ 5 gennaio 2026 \u2013 Limone Piemonte (CN)<\/span><\/div><\/div><\/div><\/a><a class=\"x-slide e17-e7 mh-1h mh-1i\" data-x-slide=\"\" href=\"https:\/\/comitati.fisi.org\/liguria\/blog\/2026\/01\/01\/variazione-localita-gare-del-17-18-gennaio-2026\/\"><div class=\"x-text x-text-headline e17-e8 mh-1k mh-1l mh-1m mh-1n mh-1o mh-1p mh-1q mh-1r mh-1s\"><div class=\"x-text-content\"><div class=\"x-text-content-text\"><span class=\"x-text-content-text-primary\">FISI News<\/span><\/div><\/div><\/div><hr class=\"x-line e17-e9 mh-2h mh-2i mh-2j mh-2k\"><\/hr><div class=\"x-text x-text-headline e17-e10 mh-1k mh-1l mh-1m mh-1o mh-1q mh-1t mh-1u mh-1v\"><div class=\"x-text-content\"><div class=\"x-text-content-text\"><span class=\"x-text-content-text-primary\">VARIAZIONE LOCALITA&#8217; Gare del 17\/18 Gennaio 2026<\/span><\/div><\/div><\/div><\/a><a class=\"x-slide e17-e7 mh-1h mh-1i\" data-x-slide=\"\" href=\"https:\/\/comitati.fisi.org\/liguria\/blog\/2025\/12\/31\/stage-progetto-freeski-fisi-comitato-ligure-2\/\"><div class=\"x-text x-text-headline e17-e8 mh-1k mh-1l mh-1m mh-1n mh-1o mh-1p mh-1q mh-1r mh-1s\"><div class=\"x-text-content\"><div class=\"x-text-content-text\"><span class=\"x-text-content-text-primary\">FISI News<\/span><\/div><\/div><\/div><hr class=\"x-line e17-e9 mh-2h mh-2i mh-2j mh-2k\"><\/hr><div class=\"x-text x-text-headline e17-e10 mh-1k mh-1l mh-1m mh-1o mh-1q mh-1t mh-1u mh-1v\"><div class=\"x-text-content\"><div class=\"x-text-content-text\"><span class=\"x-text-content-text-primary\">Stage Progetto FreeSki FISI Comitato Ligure<\/span><\/div><\/div><\/div><\/a><a class=\"x-slide e17-e7 mh-1h mh-1i\" data-x-slide=\"\" href=\"https:\/\/comitati.fisi.org\/liguria\/blog\/2025\/12\/23\/festivita-natalizie-2025\/\"><div class=\"x-text x-text-headline e17-e8 mh-1k mh-1l mh-1m mh-1n mh-1o mh-1p mh-1q mh-1r mh-1s\"><div class=\"x-text-content\"><div class=\"x-text-content-text\"><span class=\"x-text-content-text-primary\">FISI News<\/span><\/div><\/div><\/div><hr class=\"x-line e17-e9 mh-2h mh-2i mh-2j mh-2k\"><\/hr><div class=\"x-text x-text-headline e17-e10 mh-1k mh-1l mh-1m mh-1o mh-1q mh-1t mh-1u mh-1v\"><div class=\"x-text-content\"><div class=\"x-text-content-text\"><span class=\"x-text-content-text-primary\">FESTIVITA&#8217; NATALIZIE 2025<\/span><\/div><\/div><\/div><\/a><a class=\"x-slide e17-e7 mh-1h mh-1i\" data-x-slide=\"\" href=\"https:\/\/comitati.fisi.org\/liguria\/blog\/2025\/12\/22\/auguri-di-buon-natale-e-felice-anno-nuovo-2\/\"><div class=\"x-text x-text-headline e17-e8 mh-1k mh-1l mh-1m mh-1n mh-1o mh-1p mh-1q mh-1r mh-1s\"><div class=\"x-text-content\"><div class=\"x-text-content-text\"><span class=\"x-text-content-text-primary\">FISI News<\/span><\/div><\/div><\/div><hr class=\"x-line e17-e9 mh-2h mh-2i mh-2j mh-2k\"><\/hr><div class=\"x-text x-text-headline e17-e10 mh-1k mh-1l mh-1m mh-1o mh-1q mh-1t mh-1u mh-1v\"><div class=\"x-text-content\"><div class=\"x-text-content-text\"><span class=\"x-text-content-text-primary\">Auguri di buon Natale e felice anno nuovo<\/span><\/div><\/div><\/div><\/a><a class=\"x-slide e17-e7 mh-1h mh-1i\" data-x-slide=\"\" href=\"https:\/\/comitati.fisi.org\/liguria\/blog\/2025\/12\/14\/trofeo-coni-winter-2025-i-convocati\/\"><div class=\"x-text x-text-headline e17-e8 mh-1k mh-1l mh-1m mh-1n mh-1o mh-1p mh-1q mh-1r mh-1s\"><div class=\"x-text-content\"><div class=\"x-text-content-text\"><span class=\"x-text-content-text-primary\">FISI News<\/span><\/div><\/div><\/div><hr class=\"x-line e17-e9 mh-2h mh-2i mh-2j mh-2k\"><\/hr><div class=\"x-text x-text-headline e17-e10 mh-1k mh-1l mh-1m mh-1o mh-1q mh-1t mh-1u mh-1v\"><div class=\"x-text-content\"><div class=\"x-text-content-text\"><span class=\"x-text-content-text-primary\">TROFEO CONI WINTER 2025: I CONVOCATI<\/span><\/div><\/div><\/div><\/a><a class=\"x-slide e17-e7 mh-1h mh-1i\" data-x-slide=\"\" href=\"https:\/\/comitati.fisi.org\/liguria\/blog\/2025\/12\/14\/calendario-zonale-sci-alpino-2025-2026\/\"><div class=\"x-text x-text-headline e17-e8 mh-1k mh-1l mh-1m mh-1n mh-1o mh-1p mh-1q mh-1r mh-1s\"><div class=\"x-text-content\"><div class=\"x-text-content-text\"><span class=\"x-text-content-text-primary\">FISI News<\/span><\/div><\/div><\/div><hr class=\"x-line e17-e9 mh-2h mh-2i mh-2j mh-2k\"><\/hr><div class=\"x-text x-text-headline e17-e10 mh-1k mh-1l mh-1m mh-1o mh-1q mh-1t mh-1u mh-1v\"><div class=\"x-text-content\"><div class=\"x-text-content-text\"><span class=\"x-text-content-text-primary\">CALENDARIO ZONALE Sci Alpino &amp; REGOLAMENTO Coppa Liguria 2025\/2026<\/span><\/div><\/div><\/div><\/a><a class=\"x-slide e17-e7 mh-1h mh-1i\" data-x-slide=\"\" href=\"https:\/\/comitati.fisi.org\/liguria\/blog\/2025\/12\/08\/rinvio-gare-weekend-del-13-14-dicembre-p-v\/\"><div class=\"x-text x-text-headline e17-e8 mh-1k mh-1l mh-1m mh-1n mh-1o mh-1p mh-1q mh-1r mh-1s\"><div class=\"x-text-content\"><div class=\"x-text-content-text\"><span class=\"x-text-content-text-primary\">FISI News<\/span><\/div><\/div><\/div><hr class=\"x-line e17-e9 mh-2h mh-2i mh-2j mh-2k\"><\/hr><div class=\"x-text x-text-headline e17-e10 mh-1k mh-1l mh-1m mh-1o mh-1q mh-1t mh-1u mh-1v\"><div class=\"x-text-content\"><div class=\"x-text-content-text\"><span class=\"x-text-content-text-primary\">RINVIO GARE WeekEnd del 13-14 dicembre p.v.<\/span><\/div><\/div><\/div><\/a><a class=\"x-slide e17-e7 mh-1h mh-1i\" data-x-slide=\"\" href=\"https:\/\/comitati.fisi.org\/liguria\/blog\/2025\/10\/24\/pronti-per-la-festa-regionale-degli-sport-invernali\/\"><div class=\"x-text x-text-headline e17-e8 mh-1k mh-1l mh-1m mh-1n mh-1o mh-1p mh-1q mh-1r mh-1s\"><div class=\"x-text-content\"><div class=\"x-text-content-text\"><span class=\"x-text-content-text-primary\">FISI News<\/span><\/div><\/div><\/div><hr class=\"x-line e17-e9 mh-2h mh-2i mh-2j mh-2k\"><\/hr><div class=\"x-text x-text-headline e17-e10 mh-1k mh-1l mh-1m mh-1o mh-1q mh-1t mh-1u mh-1v\"><div class=\"x-text-content\"><div class=\"x-text-content-text\"><span class=\"x-text-content-text-primary\">Pronti per la Festa Regionale degli Sport Invernali<\/span><\/div><\/div><\/div><\/a><a class=\"x-slide e17-e7 mh-1h mh-1i\" data-x-slide=\"\" href=\"https:\/\/comitati.fisi.org\/liguria\/blog\/2025\/10\/11\/raduno-atletico-per-gli-atleti-children-e-giovani\/\"><div class=\"x-text x-text-headline e17-e8 mh-1k mh-1l mh-1m mh-1n mh-1o mh-1p mh-1q mh-1r mh-1s\"><div class=\"x-text-content\"><div class=\"x-text-content-text\"><span class=\"x-text-content-text-primary\">FISI News<\/span><\/div><\/div><\/div><hr class=\"x-line e17-e9 mh-2h mh-2i mh-2j mh-2k\"><\/hr><div class=\"x-text x-text-headline e17-e10 mh-1k mh-1l mh-1m mh-1o mh-1q mh-1t mh-1u mh-1v\"><div class=\"x-text-content\"><div class=\"x-text-content-text\"><span class=\"x-text-content-text-primary\">Raduno Atletico per gli Atleti Children e Giovani<\/span><\/div><\/div><\/div><\/a><a class=\"x-slide e17-e7 mh-1h mh-1i\" data-x-slide=\"\" href=\"https:\/\/comitati.fisi.org\/liguria\/blog\/2025\/10\/10\/la-fisi-ad-apreski-milano-mountain-show-levento-della-montagna-in-citta-dal-16-al-19-ottobre\/\"><div class=\"x-text x-text-headline e17-e8 mh-1k mh-1l mh-1m mh-1n mh-1o mh-1p mh-1q mh-1r mh-1s\"><div class=\"x-text-content\"><div class=\"x-text-content-text\"><span class=\"x-text-content-text-primary\">FISI News<\/span><\/div><\/div><\/div><hr class=\"x-line e17-e9 mh-2h mh-2i mh-2j mh-2k\"><\/hr><div class=\"x-text x-text-headline e17-e10 mh-1k mh-1l mh-1m mh-1o mh-1q mh-1t mh-1u mh-1v\"><div class=\"x-text-content\"><div class=\"x-text-content-text\"><span class=\"x-text-content-text-primary\">La FISI ad Apreski Milano Mountain Show, l\u2019evento della montagna in citt\u00e0. Dal 16 al 19 ottobre<\/span><\/div><\/div><\/div><\/a><a class=\"x-slide e17-e7 mh-1h mh-1i\" data-x-slide=\"\" href=\"https:\/\/comitati.fisi.org\/liguria\/blog\/2025\/10\/05\/sabato-25-ottobre-a-finale-ligure-sv-premiazione-di-coppa-liguria\/\"><div class=\"x-text x-text-headline e17-e8 mh-1k mh-1l mh-1m mh-1n mh-1o mh-1p mh-1q mh-1r mh-1s\"><div class=\"x-text-content\"><div class=\"x-text-content-text\"><span class=\"x-text-content-text-primary\">FISI News<\/span><\/div><\/div><\/div><hr class=\"x-line e17-e9 mh-2h mh-2i mh-2j mh-2k\"><\/hr><div class=\"x-text x-text-headline e17-e10 mh-1k mh-1l mh-1m mh-1o mh-1q mh-1t mh-1u mh-1v\"><div class=\"x-text-content\"><div class=\"x-text-content-text\"><span class=\"x-text-content-text-primary\">Sabato 25 Ottobre a Finale Ligure (SV) Premiazione di Coppa Liguria<\/span><\/div><\/div><\/div><\/a><a class=\"x-slide e17-e7 mh-1h mh-1i\" data-x-slide=\"\" href=\"https:\/\/comitati.fisi.org\/liguria\/blog\/2025\/09\/20\/il-comitato-fisi-ligure-si-stringe-al-dolore-dei-famigliari-di-matteo\/\"><div class=\"x-text x-text-headline e17-e8 mh-1k mh-1l mh-1m mh-1n mh-1o mh-1p mh-1q mh-1r mh-1s\"><div class=\"x-text-content\"><div class=\"x-text-content-text\"><span class=\"x-text-content-text-primary\">FISI News<\/span><\/div><\/div><\/div><hr class=\"x-line e17-e9 mh-2h mh-2i mh-2j mh-2k\"><\/hr><div class=\"x-text x-text-headline e17-e10 mh-1k mh-1l mh-1m mh-1o mh-1q mh-1t mh-1u mh-1v\"><div class=\"x-text-content\"><div class=\"x-text-content-text\"><span class=\"x-text-content-text-primary\">Il Comitato Fisi Ligure si stringe al dolore dei famigliari di Matteo<\/span><\/div><\/div><\/div><\/a><a class=\"x-slide e17-e7 mh-1h mh-1i\" data-x-slide=\"\" href=\"https:\/\/comitati.fisi.org\/liguria\/blog\/2025\/09\/19\/raduno-collegiale-dei-club-del-comitato-ligure-allo-stelvio-per-lo-sci-alpino\/\"><div class=\"x-text x-text-headline e17-e8 mh-1k mh-1l mh-1m mh-1n mh-1o mh-1p mh-1q mh-1r mh-1s\"><div class=\"x-text-content\"><div class=\"x-text-content-text\"><span class=\"x-text-content-text-primary\">FISI News<\/span><\/div><\/div><\/div><hr class=\"x-line e17-e9 mh-2h mh-2i mh-2j mh-2k\"><\/hr><div class=\"x-text x-text-headline e17-e10 mh-1k mh-1l mh-1m mh-1o mh-1q mh-1t mh-1u mh-1v\"><div class=\"x-text-content\"><div class=\"x-text-content-text\"><span class=\"x-text-content-text-primary\">Raduno collegiale dei Club del Comitato Ligure allo Stelvio per lo Sci Alpino.<\/span><\/div><\/div><\/div><\/a><a class=\"x-slide e17-e7 mh-1h mh-1i\" data-x-slide=\"\" href=\"https:\/\/comitati.fisi.org\/liguria\/blog\/2025\/08\/26\/lutto-nella-fisi-liguria-per-la-scomparsa-di-chiara-arduino\/\"><div class=\"x-text x-text-headline e17-e8 mh-1k mh-1l mh-1m mh-1n mh-1o mh-1p mh-1q mh-1r mh-1s\"><div class=\"x-text-content\"><div class=\"x-text-content-text\"><span class=\"x-text-content-text-primary\">FISI News<\/span><\/div><\/div><\/div><hr class=\"x-line e17-e9 mh-2h mh-2i mh-2j mh-2k\"><\/hr><div class=\"x-text x-text-headline e17-e10 mh-1k mh-1l mh-1m mh-1o mh-1q mh-1t mh-1u mh-1v\"><div class=\"x-text-content\"><div class=\"x-text-content-text\"><span class=\"x-text-content-text-primary\">Lutto nella FISI Liguria per la scomparsa di Chiara Arduino<\/span><\/div><\/div><\/div><\/a><a class=\"x-slide e17-e7 mh-1h mh-1i\" data-x-slide=\"\" href=\"https:\/\/comitati.fisi.org\/liguria\/blog\/2025\/07\/27\/eletto-il-nuovo-consiglio-del-comitato-ligure-fisi\/\"><div class=\"x-text x-text-headline e17-e8 mh-1k mh-1l mh-1m mh-1n mh-1o mh-1p mh-1q mh-1r mh-1s\"><div class=\"x-text-content\"><div class=\"x-text-content-text\"><span class=\"x-text-content-text-primary\">FISI News<\/span><\/div><\/div><\/div><hr class=\"x-line e17-e9 mh-2h mh-2i mh-2j mh-2k\"><\/hr><div class=\"x-text x-text-headline e17-e10 mh-1k mh-1l mh-1m mh-1o mh-1q mh-1t mh-1u mh-1v\"><div class=\"x-text-content\"><div class=\"x-text-content-text\"><span class=\"x-text-content-text-primary\">Eletto il nuovo Consiglio del Comitato Ligure Fisi<\/span><\/div><\/div><\/div><\/a><a class=\"x-slide e17-e7 mh-1h mh-1i\" data-x-slide=\"\" href=\"https:\/\/comitati.fisi.org\/liguria\/blog\/2025\/07\/11\/candidature-alle-cariche-periferiche-per-lassemblea-straordinaria-elettiva-del-comitato-ligure-del-26-luglio-p-v-a-genova\/\"><div class=\"x-text x-text-headline e17-e8 mh-1k mh-1l mh-1m mh-1n mh-1o mh-1p mh-1q mh-1r mh-1s\"><div class=\"x-text-content\"><div class=\"x-text-content-text\"><span class=\"x-text-content-text-primary\">FISI News<\/span><\/div><\/div><\/div><hr class=\"x-line e17-e9 mh-2h mh-2i mh-2j mh-2k\"><\/hr><div class=\"x-text x-text-headline e17-e10 mh-1k mh-1l mh-1m mh-1o mh-1q mh-1t mh-1u mh-1v\"><div class=\"x-text-content\"><div class=\"x-text-content-text\"><span class=\"x-text-content-text-primary\">Candidature alle cariche periferiche per l\u2019assemblea straordinaria elettiva del Comitato Ligure del 26 luglio p.v. a Genova<\/span><\/div><\/div><\/div><\/a><a class=\"x-slide e17-e7 mh-1h mh-1i\" data-x-slide=\"\" href=\"https:\/\/comitati.fisi.org\/liguria\/blog\/2025\/06\/27\/il-26-luglio-a-genova-lassemblea-straordinaria-elettiva-del-comitato-ligure\/\"><div class=\"x-text x-text-headline e17-e8 mh-1k mh-1l mh-1m mh-1n mh-1o mh-1p mh-1q mh-1r mh-1s\"><div class=\"x-text-content\"><div class=\"x-text-content-text\"><span class=\"x-text-content-text-primary\">FISI News<\/span><\/div><\/div><\/div><hr class=\"x-line e17-e9 mh-2h mh-2i mh-2j mh-2k\"><\/hr><div class=\"x-text x-text-headline e17-e10 mh-1k mh-1l mh-1m mh-1o mh-1q mh-1t mh-1u mh-1v\"><div class=\"x-text-content\"><div class=\"x-text-content-text\"><span class=\"x-text-content-text-primary\">Il 26 luglio a Genova l\u2019assemblea straordinaria elettiva del Comitato Ligure<\/span><\/div><\/div><\/div><\/a><a class=\"x-slide e17-e7 mh-1h mh-1i\" data-x-slide=\"\" href=\"https:\/\/comitati.fisi.org\/liguria\/blog\/2025\/06\/24\/campagna-tesseramento-2025-2026\/\"><div class=\"x-text x-text-headline e17-e8 mh-1k mh-1l mh-1m mh-1n mh-1o mh-1p mh-1q mh-1r mh-1s\"><div class=\"x-text-content\"><div class=\"x-text-content-text\"><span class=\"x-text-content-text-primary\">FISI News<\/span><\/div><\/div><\/div><hr class=\"x-line e17-e9 mh-2h mh-2i mh-2j mh-2k\"><\/hr><div class=\"x-text x-text-headline e17-e10 mh-1k mh-1l mh-1m mh-1o mh-1q mh-1t mh-1u mh-1v\"><div class=\"x-text-content\"><div class=\"x-text-content-text\"><span class=\"x-text-content-text-primary\">CAMPAGNA TESSERAMENTO 2025\/2026<\/span><\/div><\/div><\/div><\/a><a class=\"x-slide e17-e7 mh-1h mh-1i\" data-x-slide=\"\" href=\"https:\/\/comitati.fisi.org\/liguria\/blog\/2025\/04\/22\/classifiche-di-coppa-liguria\/\"><div class=\"x-text x-text-headline e17-e8 mh-1k mh-1l mh-1m mh-1n mh-1o mh-1p mh-1q mh-1r mh-1s\"><div class=\"x-text-content\"><div class=\"x-text-content-text\"><span class=\"x-text-content-text-primary\">FISI News<\/span><\/div><\/div><\/div><hr class=\"x-line e17-e9 mh-2h mh-2i mh-2j mh-2k\"><\/hr><div class=\"x-text x-text-headline e17-e10 mh-1k mh-1l mh-1m mh-1o mh-1q mh-1t mh-1u mh-1v\"><div class=\"x-text-content\"><div class=\"x-text-content-text\"><span class=\"x-text-content-text-primary\">CLASSIFICHE di COPPA LIGURIA 2024\/2025<\/span><\/div><\/div><\/div><\/a><a class=\"x-slide e17-e7 mh-1h mh-1i\" data-x-slide=\"\" href=\"https:\/\/comitati.fisi.org\/liguria\/blog\/2025\/04\/13\/elezioni-coni-comitato-regionale-liguria-2025-28\/\"><div class=\"x-text x-text-headline e17-e8 mh-1k mh-1l mh-1m mh-1n mh-1o mh-1p mh-1q mh-1r mh-1s\"><div class=\"x-text-content\"><div class=\"x-text-content-text\"><span class=\"x-text-content-text-primary\">FISI News<\/span><\/div><\/div><\/div><hr class=\"x-line e17-e9 mh-2h mh-2i mh-2j mh-2k\"><\/hr><div class=\"x-text x-text-headline e17-e10 mh-1k mh-1l mh-1m mh-1o mh-1q mh-1t mh-1u mh-1v\"><div class=\"x-text-content\"><div class=\"x-text-content-text\"><span class=\"x-text-content-text-primary\">ELEZIONI CONI COMITATO REGIONALE LIGURIA 2025-28<\/span><\/div><\/div><\/div><\/a><a class=\"x-slide e17-e7 mh-1h mh-1i\" data-x-slide=\"\" href=\"https:\/\/comitati.fisi.org\/liguria\/blog\/2025\/04\/04\/campionati-italiani-assoluti-big-air\/\"><div class=\"x-text x-text-headline e17-e8 mh-1k mh-1l mh-1m mh-1n mh-1o mh-1p mh-1q mh-1r mh-1s\"><div class=\"x-text-content\"><div class=\"x-text-content-text\"><span class=\"x-text-content-text-primary\">FISI News<\/span><\/div><\/div><\/div><hr class=\"x-line e17-e9 mh-2h mh-2i mh-2j mh-2k\"><\/hr><div class=\"x-text x-text-headline e17-e10 mh-1k mh-1l mh-1m mh-1o mh-1q mh-1t mh-1u mh-1v\"><div class=\"x-text-content\"><div class=\"x-text-content-text\"><span class=\"x-text-content-text-primary\">CAMPIONATI ITALIANI ASSOLUTI BIG AIR<\/span><\/div><\/div><\/div><\/a><a class=\"x-slide e17-e7 mh-1h mh-1i\" data-x-slide=\"\" href=\"https:\/\/comitati.fisi.org\/liguria\/blog\/2025\/03\/30\/classifiche-nuovo-format-flipper-artesina-30-03-2025\/\"><div class=\"x-text x-text-headline e17-e8 mh-1k mh-1l mh-1m mh-1n mh-1o mh-1p mh-1q mh-1r mh-1s\"><div class=\"x-text-content\"><div class=\"x-text-content-text\"><span class=\"x-text-content-text-primary\">FISI News<\/span><\/div><\/div><\/div><hr class=\"x-line e17-e9 mh-2h mh-2i mh-2j mh-2k\"><\/hr><div class=\"x-text x-text-headline e17-e10 mh-1k mh-1l mh-1m mh-1o mh-1q mh-1t mh-1u mh-1v\"><div class=\"x-text-content\"><div class=\"x-text-content-text\"><span class=\"x-text-content-text-primary\">Classifiche Nuovo Format Flipper &#8211; Artesina 30\/03\/2025<\/span><\/div><\/div><\/div><\/a><a class=\"x-slide e17-e7 mh-1h mh-1i\" data-x-slide=\"\" href=\"https:\/\/comitati.fisi.org\/liguria\/blog\/2025\/03\/30\/nuovo-format-_-flipper-domenica-30-03-2025-ad-artesina\/\"><div class=\"x-text x-text-headline e17-e8 mh-1k mh-1l mh-1m mh-1n mh-1o mh-1p mh-1q mh-1r mh-1s\"><div class=\"x-text-content\"><div class=\"x-text-content-text\"><span class=\"x-text-content-text-primary\">FISI News<\/span><\/div><\/div><\/div><hr class=\"x-line e17-e9 mh-2h mh-2i mh-2j mh-2k\"><\/hr><div class=\"x-text x-text-headline e17-e10 mh-1k mh-1l mh-1m mh-1o mh-1q mh-1t mh-1u mh-1v\"><div class=\"x-text-content\"><div class=\"x-text-content-text\"><span class=\"x-text-content-text-primary\">Nuovo Format _ Flipper Domenica 30\/03\/2025 ad Artesina<\/span><\/div><\/div><\/div><\/a><a class=\"x-slide e17-e7 mh-1h mh-1i\" data-x-slide=\"\" href=\"https:\/\/comitati.fisi.org\/liguria\/blog\/2025\/03\/30\/classifiche-gigante-del-29-03-2025-a-lurisia\/\"><div class=\"x-text x-text-headline e17-e8 mh-1k mh-1l mh-1m mh-1n mh-1o mh-1p mh-1q mh-1r mh-1s\"><div class=\"x-text-content\"><div class=\"x-text-content-text\"><span class=\"x-text-content-text-primary\">FISI News<\/span><\/div><\/div><\/div><hr class=\"x-line e17-e9 mh-2h mh-2i mh-2j mh-2k\"><\/hr><div class=\"x-text x-text-headline e17-e10 mh-1k mh-1l mh-1m mh-1o mh-1q mh-1t mh-1u mh-1v\"><div class=\"x-text-content\"><div class=\"x-text-content-text\"><span class=\"x-text-content-text-primary\">Classifiche Gigante del 29\/03\/2025 a Lurisia<\/span><\/div><\/div><\/div><\/a><a class=\"x-slide e17-e7 mh-1h mh-1i\" data-x-slide=\"\" href=\"https:\/\/comitati.fisi.org\/liguria\/blog\/2025\/03\/28\/ordine-di-partenza-gigante-di-domani-29-03-2025-a-lurisia\/\"><div class=\"x-text x-text-headline e17-e8 mh-1k mh-1l mh-1m mh-1n mh-1o mh-1p mh-1q mh-1r mh-1s\"><div class=\"x-text-content\"><div class=\"x-text-content-text\"><span class=\"x-text-content-text-primary\">FISI News<\/span><\/div><\/div><\/div><hr class=\"x-line e17-e9 mh-2h mh-2i mh-2j mh-2k\"><\/hr><div class=\"x-text x-text-headline e17-e10 mh-1k mh-1l mh-1m mh-1o mh-1q mh-1t mh-1u mh-1v\"><div class=\"x-text-content\"><div class=\"x-text-content-text\"><span class=\"x-text-content-text-primary\">Ordine di Partenza Gigante di domani 29\/03\/2025 a Lurisia<\/span><\/div><\/div><\/div><\/a><a class=\"x-slide e17-e7 mh-1h mh-1i\" data-x-slide=\"\" href=\"https:\/\/comitati.fisi.org\/liguria\/blog\/2025\/03\/27\/programma-gara-gs-sabato-29-marzo-lurisia\/\"><div class=\"x-text x-text-headline e17-e8 mh-1k mh-1l mh-1m mh-1n mh-1o mh-1p mh-1q mh-1r mh-1s\"><div class=\"x-text-content\"><div class=\"x-text-content-text\"><span class=\"x-text-content-text-primary\">FISI News<\/span><\/div><\/div><\/div><hr class=\"x-line e17-e9 mh-2h mh-2i mh-2j mh-2k\"><\/hr><div class=\"x-text x-text-headline e17-e10 mh-1k mh-1l mh-1m mh-1o mh-1q mh-1t mh-1u mh-1v\"><div class=\"x-text-content\"><div class=\"x-text-content-text\"><span class=\"x-text-content-text-primary\">PROGRAMMA GARA GS Sabato 29 marzo &#8211; Lurisia<\/span><\/div><\/div><\/div><\/a><a class=\"x-slide e17-e7 mh-1h mh-1i\" data-x-slide=\"\" href=\"https:\/\/comitati.fisi.org\/liguria\/blog\/2025\/03\/23\/regolamento-gara-nuovo-format-30-marzo-2025-a-artesina\/\"><div class=\"x-text x-text-headline e17-e8 mh-1k mh-1l mh-1m mh-1n mh-1o mh-1p mh-1q mh-1r mh-1s\"><div class=\"x-text-content\"><div class=\"x-text-content-text\"><span class=\"x-text-content-text-primary\">FISI News<\/span><\/div><\/div><\/div><hr class=\"x-line e17-e9 mh-2h mh-2i mh-2j mh-2k\"><\/hr><div class=\"x-text x-text-headline e17-e10 mh-1k mh-1l mh-1m mh-1o mh-1q mh-1t mh-1u mh-1v\"><div class=\"x-text-content\"><div class=\"x-text-content-text\"><span class=\"x-text-content-text-primary\">Regolamento Gara Nuovo Format 30 Marzo 2025 a Artesina<\/span><\/div><\/div><\/div><\/a><a class=\"x-slide e17-e7 mh-1h mh-1i\" data-x-slide=\"\" href=\"https:\/\/comitati.fisi.org\/liguria\/blog\/2025\/03\/22\/rinviato-stage-progetto-freeski\/\"><div class=\"x-text x-text-headline e17-e8 mh-1k mh-1l mh-1m mh-1n mh-1o mh-1p mh-1q mh-1r mh-1s\"><div class=\"x-text-content\"><div class=\"x-text-content-text\"><span class=\"x-text-content-text-primary\">FISI News<\/span><\/div><\/div><\/div><hr class=\"x-line e17-e9 mh-2h mh-2i mh-2j mh-2k\"><\/hr><div class=\"x-text x-text-headline e17-e10 mh-1k mh-1l mh-1m mh-1o mh-1q mh-1t mh-1u mh-1v\"><div class=\"x-text-content\"><div class=\"x-text-content-text\"><span class=\"x-text-content-text-primary\">Rinviato Stage Progetto Freeski<\/span><\/div><\/div><\/div><\/a><a class=\"x-slide e17-e7 mh-1h mh-1i\" data-x-slide=\"\" href=\"https:\/\/comitati.fisi.org\/liguria\/blog\/2025\/03\/21\/variazioni-al-calendario-zonale-di-coppa-liguria-e-modifica-modalita-di-qualificazione-al-criterium-cuccioli\/\"><div class=\"x-text x-text-headline e17-e8 mh-1k mh-1l mh-1m mh-1n mh-1o mh-1p mh-1q mh-1r mh-1s\"><div class=\"x-text-content\"><div class=\"x-text-content-text\"><span class=\"x-text-content-text-primary\">FISI News<\/span><\/div><\/div><\/div><hr class=\"x-line e17-e9 mh-2h mh-2i mh-2j mh-2k\"><\/hr><div class=\"x-text x-text-headline e17-e10 mh-1k mh-1l mh-1m mh-1o mh-1q mh-1t mh-1u mh-1v\"><div class=\"x-text-content\"><div class=\"x-text-content-text\"><span class=\"x-text-content-text-primary\">Variazioni al Calendario Zonale di Coppa Liguria e Modifica Modalit\u00e0 di Qualificazione al Criterium Cuccioli<\/span><\/div><\/div><\/div><\/a><a class=\"x-slide e17-e7 mh-1h mh-1i\" data-x-slide=\"\" href=\"https:\/\/comitati.fisi.org\/liguria\/blog\/2025\/03\/16\/campionati-italiani-children-ovindoli-17-22-03-2025\/\"><div class=\"x-text x-text-headline e17-e8 mh-1k mh-1l mh-1m mh-1n mh-1o mh-1p mh-1q mh-1r mh-1s\"><div class=\"x-text-content\"><div class=\"x-text-content-text\"><span class=\"x-text-content-text-primary\">FISI News<\/span><\/div><\/div><\/div><hr class=\"x-line e17-e9 mh-2h mh-2i mh-2j mh-2k\"><\/hr><div class=\"x-text x-text-headline e17-e10 mh-1k mh-1l mh-1m mh-1o mh-1q mh-1t mh-1u mh-1v\"><div class=\"x-text-content\"><div class=\"x-text-content-text\"><span class=\"x-text-content-text-primary\">Campionati Italiani Children &#8211; Ovindoli 17-22\/03\/2025<\/span><\/div><\/div><\/div><\/a><a class=\"x-slide e17-e7 mh-1h mh-1i\" data-x-slide=\"\" href=\"https:\/\/comitati.fisi.org\/liguria\/blog\/2025\/03\/13\/rinvio-gare-weekend-delk-15-16-marzo-p-v\/\"><div class=\"x-text x-text-headline e17-e8 mh-1k mh-1l mh-1m mh-1n mh-1o mh-1p mh-1q mh-1r mh-1s\"><div class=\"x-text-content\"><div class=\"x-text-content-text\"><span class=\"x-text-content-text-primary\">FISI News<\/span><\/div><\/div><\/div><hr class=\"x-line e17-e9 mh-2h mh-2i mh-2j mh-2k\"><\/hr><div class=\"x-text x-text-headline e17-e10 mh-1k mh-1l mh-1m mh-1o mh-1q mh-1t mh-1u mh-1v\"><div class=\"x-text-content\"><div class=\"x-text-content-text\"><span class=\"x-text-content-text-primary\">RINVIO GARE WeekEnd delk 15-16 marzo p.v.<\/span><\/div><\/div><\/div><\/a><\/div><\/div><\/div><\/div><\/div><\/div><\/div><\/div><div class=\"x-row e17-e11 mh-7 mh-8 mh-a mh-b mh-e mh-g\"><div class=\"x-row-inner\"><div class=\"x-col e17-e12 mh-q mh-r mh-s\"><div class=\"x-div e17-e13 mh-x mh-y mh-z mh-10 mh-11 mh-12\"><div class=\"x-div e17-e14 mh-x mh-y mh-z mh-10 mh-11 mh-12\"><div class=\"x-slide-container-viewport is-loading e17-e15 mh-1f\" data-x-slide-container=\"{&quot;keyboardNavigation&quot;:true,&quot;startingSlide&quot;:1,&quot;enter&quot;:&quot;fade&quot;,&quot;exit&quot;:&quot;fade&quot;,&quot;swipe&quot;:&quot;&quot;,&quot;stacked&quot;:true}\"><div class=\"x-slide-container-content\"><div class=\"x-slide-container is-stacked\"><div class=\"x-slide e17-e16 mh-1h mh-1j\" data-x-slide=\"\"><div class=\"x-bg\" aria-hidden=\"true\"><div class=\"x-bg-layer-lower-image\" style=\" background-image: url(https:\/\/comitati.fisi.org\/liguria\/wp-content\/uploads\/sites\/35\/2026\/04\/Screenshot-2026-04-22-234408.png); background-repeat: no-repeat; background-position: center; background-size: cover;\"><\/div><div class=\"x-bg-layer-upper-color\" style=\" background-color: rgba(255, 255, 255, 0.1);\"><\/div><\/div><div class=\"x-div e17-e17 mh-x mh-y mh-z mh-13 mh-14\"><div class=\"x-text x-text-headline e17-e18 mh-1k mh-1l mh-1m mh-1n mh-1u mh-1w mh-1x mh-1y mh-1z\"><div class=\"x-text-content\"><div class=\"x-text-content-text\"><span class=\"x-text-content-text-primary\">PREMIAZIONE COPPA LIGURIA 2026<\/span><\/div><\/div><\/div><div class=\"x-text x-text-headline e17-e19 mh-1l mh-1m mh-1n mh-1u mh-1x mh-1y mh-20 mh-21 mh-22\"><div class=\"x-text-content\"><div class=\"x-text-content-text\"><span class=\"x-text-content-text-primary\">Appuntamento presso Le cisterne del Palazzo Ducale in Genova per Sabato 23 Maggio p.v., alle ore 15,00 per la Festa degli Sport Invernali della Fisi...<\/span><\/div><\/div><\/div><div class=\"x-row e17-e20 mh-7 mh-a mh-b mh-e mh-h\"><div class=\"x-row-inner\"><div class=\"x-col e17-e21 mh-n mh-p mh-q mh-s mh-t mh-u\"><a class=\"x-anchor x-anchor-button e17-e22 mh-2n\" tabindex=\"0\" href=\"https:\/\/comitati.fisi.org\/liguria\/blog\/2026\/04\/22\/premiazione-coppa-liguria-2026\/\"><div class=\"x-anchor-content\"><div class=\"x-anchor-text\"><span class=\"x-anchor-text-primary\">Leggi di pi\u00f9<\/span><\/div><\/div><\/a><\/div><div class=\"x-col e17-e23 mh-n mh-p mh-q mh-s mh-t mh-v\"><div class=\"x-div e17-e24 mh-x mh-y mh-z mh-10 mh-11 mh-12 mh-15 mh-16 mh-17 mh-18\"><a class=\"x-div e17-e25 mh-x mh-11 mh-12 mh-15 mh-19 mh-1a mh-1b\" href=\"#prev\" data-x-effect-provider=\"colors particles effects\" data-x-slide-prev=\"\"><i class=\"x-icon e17-e26 mh-2o\" aria-hidden=\"true\" data-x-icon-s=\"&#xf104;\"><\/i><\/a><a class=\"x-div e17-e27 mh-x mh-y mh-11 mh-12 mh-15 mh-19 mh-1a mh-1c\" href=\"#next\" data-x-effect-provider=\"colors particles effects\" data-x-slide-next=\"\"><i class=\"x-icon e17-e28 mh-2o\" aria-hidden=\"true\" data-x-icon-s=\"&#xf105;\"><\/i><\/a><\/div><\/div><\/div><\/div><\/div><\/div><div class=\"x-slide e17-e16 mh-1h mh-1j\" data-x-slide=\"\"><div class=\"x-bg\" aria-hidden=\"true\"><div class=\"x-bg-layer-lower-image\" style=\" background-image: url(https:\/\/comitati.fisi.org\/liguria\/wp-content\/uploads\/sites\/35\/2025\/04\/Coppa-Liguria.jpg); background-repeat: no-repeat; background-position: center; background-size: cover;\"><\/div><div class=\"x-bg-layer-upper-color\" style=\" background-color: rgba(255, 255, 255, 0.1);\"><\/div><\/div><div class=\"x-div e17-e17 mh-x mh-y mh-z mh-13 mh-14\"><div class=\"x-text x-text-headline e17-e18 mh-1k mh-1l mh-1m mh-1n mh-1u mh-1w mh-1x mh-1y mh-1z\"><div class=\"x-text-content\"><div class=\"x-text-content-text\"><span class=\"x-text-content-text-primary\">CLASSIFICHE Finali di COPPA LIGURIA 2025\/2026<\/span><\/div><\/div><\/div><div class=\"x-text x-text-headline e17-e19 mh-1l mh-1m mh-1n mh-1u mh-1x mh-1y mh-20 mh-21 mh-22\"><div class=\"x-text-content\"><div class=\"x-text-content-text\"><span class=\"x-text-content-text-primary\">Si riportano le Classifiche di COPPA LIGURIA 2025\/2026, Sci Alpino, del Trofeo SprintEnergy per le Categorie PULCINI e CHILDREN, Trofeo SKI STORE dei Master. Trofeo...<\/span><\/div><\/div><\/div><div class=\"x-row e17-e20 mh-7 mh-a mh-b mh-e mh-h\"><div class=\"x-row-inner\"><div class=\"x-col e17-e21 mh-n mh-p mh-q mh-s mh-t mh-u\"><a class=\"x-anchor x-anchor-button e17-e22 mh-2n\" tabindex=\"0\" href=\"https:\/\/comitati.fisi.org\/liguria\/blog\/2026\/04\/19\/classifiche-di-coppa-liguria-2025-2026\/\"><div class=\"x-anchor-content\"><div class=\"x-anchor-text\"><span class=\"x-anchor-text-primary\">Leggi di pi\u00f9<\/span><\/div><\/div><\/a><\/div><div class=\"x-col e17-e23 mh-n mh-p mh-q mh-s mh-t mh-v\"><div class=\"x-div e17-e24 mh-x mh-y mh-z mh-10 mh-11 mh-12 mh-15 mh-16 mh-17 mh-18\"><a class=\"x-div e17-e25 mh-x mh-11 mh-12 mh-15 mh-19 mh-1a mh-1b\" href=\"#prev\" data-x-effect-provider=\"colors particles effects\" data-x-slide-prev=\"\"><i class=\"x-icon e17-e26 mh-2o\" aria-hidden=\"true\" data-x-icon-s=\"&#xf104;\"><\/i><\/a><a class=\"x-div e17-e27 mh-x mh-y mh-11 mh-12 mh-15 mh-19 mh-1a mh-1c\" href=\"#next\" data-x-effect-provider=\"colors particles effects\" data-x-slide-next=\"\"><i class=\"x-icon e17-e28 mh-2o\" aria-hidden=\"true\" data-x-icon-s=\"&#xf105;\"><\/i><\/a><\/div><\/div><\/div><\/div><\/div><\/div><div class=\"x-slide e17-e16 mh-1h mh-1j\" data-x-slide=\"\"><div class=\"x-bg\" aria-hidden=\"true\"><div class=\"x-bg-layer-lower-image\" style=\" background-image: url(https:\/\/comitati.fisi.org\/liguria\/wp-content\/uploads\/sites\/35\/2025\/01\/fis-logo.jpg); background-repeat: no-repeat; background-position: center; background-size: cover;\"><\/div><div class=\"x-bg-layer-upper-color\" style=\" background-color: rgba(255, 255, 255, 0.1);\"><\/div><\/div><div class=\"x-div e17-e17 mh-x mh-y mh-z mh-13 mh-14\"><div class=\"x-text x-text-headline e17-e18 mh-1k mh-1l mh-1m mh-1n mh-1u mh-1w mh-1x mh-1y mh-1z\"><div class=\"x-text-content\"><div class=\"x-text-content-text\"><span class=\"x-text-content-text-primary\">CLASSIFICHE FIS 11-12\/04\/2026 PratoNevoso<\/span><\/div><\/div><\/div><div class=\"x-text x-text-headline e17-e19 mh-1l mh-1m mh-1n mh-1u mh-1x mh-1y mh-20 mh-21 mh-22\"><div class=\"x-text-content\"><div class=\"x-text-content-text\"><span class=\"x-text-content-text-primary\">Si riportano le Classifiche del doppio appuntamento FIS di Pratonevoso di Sabato 11 e Domenica 12 aprile, sotto l&#8217;organizzazione dello Sci Club Pratonevoso GAM GENOVA....<\/span><\/div><\/div><\/div><div class=\"x-row e17-e20 mh-7 mh-a mh-b mh-e mh-h\"><div class=\"x-row-inner\"><div class=\"x-col e17-e21 mh-n mh-p mh-q mh-s mh-t mh-u\"><a class=\"x-anchor x-anchor-button e17-e22 mh-2n\" tabindex=\"0\" href=\"https:\/\/comitati.fisi.org\/liguria\/blog\/2026\/04\/12\/classifiche-fis-11-12-04-2026-pratonevoso\/\"><div class=\"x-anchor-content\"><div class=\"x-anchor-text\"><span class=\"x-anchor-text-primary\">Leggi di pi\u00f9<\/span><\/div><\/div><\/a><\/div><div class=\"x-col e17-e23 mh-n mh-p mh-q mh-s mh-t mh-v\"><div class=\"x-div e17-e24 mh-x mh-y mh-z mh-10 mh-11 mh-12 mh-15 mh-16 mh-17 mh-18\"><a class=\"x-div e17-e25 mh-x mh-11 mh-12 mh-15 mh-19 mh-1a mh-1b\" href=\"#prev\" data-x-effect-provider=\"colors particles effects\" data-x-slide-prev=\"\"><i class=\"x-icon e17-e26 mh-2o\" aria-hidden=\"true\" data-x-icon-s=\"&#xf104;\"><\/i><\/a><a class=\"x-div e17-e27 mh-x mh-y mh-11 mh-12 mh-15 mh-19 mh-1a mh-1c\" href=\"#next\" data-x-effect-provider=\"colors particles effects\" data-x-slide-next=\"\"><i class=\"x-icon e17-e28 mh-2o\" aria-hidden=\"true\" data-x-icon-s=\"&#xf105;\"><\/i><\/a><\/div><\/div><\/div><\/div><\/div><\/div><div class=\"x-slide e17-e16 mh-1h mh-1j\" data-x-slide=\"\"><div class=\"x-bg\" aria-hidden=\"true\"><div class=\"x-bg-layer-lower-image\" style=\" background-image: url(https:\/\/comitati.fisi.org\/liguria\/wp-content\/uploads\/sites\/35\/2025\/01\/fis-logo.jpg); background-repeat: no-repeat; background-position: center; background-size: cover;\"><\/div><div class=\"x-bg-layer-upper-color\" style=\" background-color: rgba(255, 255, 255, 0.1);\"><\/div><\/div><div class=\"x-div e17-e17 mh-x mh-y mh-z mh-13 mh-14\"><div class=\"x-text x-text-headline e17-e18 mh-1k mh-1l mh-1m mh-1n mh-1u mh-1w mh-1x mh-1y mh-1z\"><div class=\"x-text-content\"><div class=\"x-text-content-text\"><span class=\"x-text-content-text-primary\">REGOLAMENTO GARE FIS &#8211; PratoNevoso 11\/12 aprile p.v.<\/span><\/div><\/div><\/div><div class=\"x-text x-text-headline e17-e19 mh-1l mh-1m mh-1n mh-1u mh-1x mh-1y mh-20 mh-21 mh-22\"><div class=\"x-text-content\"><div class=\"x-text-content-text\"><span class=\"x-text-content-text-primary\">Si riporta il Programma Gara delle FIS di Sabato 11 e Domenica 12 a PratoNevoso, organizzate dal GAM Genova: TROFEO G. DONDI DRIVER PIRELLI\u00a0 &amp;\u00a0...<\/span><\/div><\/div><\/div><div class=\"x-row e17-e20 mh-7 mh-a mh-b mh-e mh-h\"><div class=\"x-row-inner\"><div class=\"x-col e17-e21 mh-n mh-p mh-q mh-s mh-t mh-u\"><a class=\"x-anchor x-anchor-button e17-e22 mh-2n\" tabindex=\"0\" href=\"https:\/\/comitati.fisi.org\/liguria\/blog\/2026\/04\/06\/regolamento-gare-fis-pratonevoso-11-12-aprile-p-v\/\"><div class=\"x-anchor-content\"><div class=\"x-anchor-text\"><span class=\"x-anchor-text-primary\">Leggi di pi\u00f9<\/span><\/div><\/div><\/a><\/div><div class=\"x-col e17-e23 mh-n mh-p mh-q mh-s mh-t mh-v\"><div class=\"x-div e17-e24 mh-x mh-y mh-z mh-10 mh-11 mh-12 mh-15 mh-16 mh-17 mh-18\"><a class=\"x-div e17-e25 mh-x mh-11 mh-12 mh-15 mh-19 mh-1a mh-1b\" href=\"#prev\" data-x-effect-provider=\"colors particles effects\" data-x-slide-prev=\"\"><i class=\"x-icon e17-e26 mh-2o\" aria-hidden=\"true\" data-x-icon-s=\"&#xf104;\"><\/i><\/a><a class=\"x-div e17-e27 mh-x mh-y mh-11 mh-12 mh-15 mh-19 mh-1a mh-1c\" href=\"#next\" data-x-effect-provider=\"colors particles effects\" data-x-slide-next=\"\"><i class=\"x-icon e17-e28 mh-2o\" aria-hidden=\"true\" data-x-icon-s=\"&#xf105;\"><\/i><\/a><\/div><\/div><\/div><\/div><\/div><\/div><div class=\"x-slide e17-e16 mh-1h mh-1j\" data-x-slide=\"\"><div class=\"x-bg\" aria-hidden=\"true\"><div class=\"x-bg-layer-lower-image\" style=\" background-image: url(https:\/\/comitati.fisi.org\/liguria\/wp-content\/uploads\/sites\/35\/2026\/04\/Auguri-Pasquali.jpeg); background-repeat: no-repeat; background-position: center; background-size: cover;\"><\/div><div class=\"x-bg-layer-upper-color\" style=\" background-color: rgba(255, 255, 255, 0.1);\"><\/div><\/div><div class=\"x-div e17-e17 mh-x mh-y mh-z mh-13 mh-14\"><div class=\"x-text x-text-headline e17-e18 mh-1k mh-1l mh-1m mh-1n mh-1u mh-1w mh-1x mh-1y mh-1z\"><div class=\"x-text-content\"><div class=\"x-text-content-text\"><span class=\"x-text-content-text-primary\">AUGURI di BUONA PASQUA 2026<\/span><\/div><\/div><\/div><div class=\"x-text x-text-headline e17-e19 mh-1l mh-1m mh-1n mh-1u mh-1x mh-1y mh-20 mh-21 mh-22\"><div class=\"x-text-content\"><div class=\"x-text-content-text\"><span class=\"x-text-content-text-primary\">...<\/span><\/div><\/div><\/div><div class=\"x-row e17-e20 mh-7 mh-a mh-b mh-e mh-h\"><div class=\"x-row-inner\"><div class=\"x-col e17-e21 mh-n mh-p mh-q mh-s mh-t mh-u\"><a class=\"x-anchor x-anchor-button e17-e22 mh-2n\" tabindex=\"0\" href=\"https:\/\/comitati.fisi.org\/liguria\/blog\/2026\/04\/03\/auguri-di-buona-pasqua-2026\/\"><div class=\"x-anchor-content\"><div class=\"x-anchor-text\"><span class=\"x-anchor-text-primary\">Leggi di pi\u00f9<\/span><\/div><\/div><\/a><\/div><div class=\"x-col e17-e23 mh-n mh-p mh-q mh-s mh-t mh-v\"><div class=\"x-div e17-e24 mh-x mh-y mh-z mh-10 mh-11 mh-12 mh-15 mh-16 mh-17 mh-18\"><a class=\"x-div e17-e25 mh-x mh-11 mh-12 mh-15 mh-19 mh-1a mh-1b\" href=\"#prev\" data-x-effect-provider=\"colors particles effects\" data-x-slide-prev=\"\"><i class=\"x-icon e17-e26 mh-2o\" aria-hidden=\"true\" data-x-icon-s=\"&#xf104;\"><\/i><\/a><a class=\"x-div e17-e27 mh-x mh-y mh-11 mh-12 mh-15 mh-19 mh-1a mh-1c\" href=\"#next\" data-x-effect-provider=\"colors particles effects\" data-x-slide-next=\"\"><i class=\"x-icon e17-e28 mh-2o\" aria-hidden=\"true\" data-x-icon-s=\"&#xf105;\"><\/i><\/a><\/div><\/div><\/div><\/div><\/div><\/div><div class=\"x-slide e17-e16 mh-1h mh-1j\" data-x-slide=\"\"><div class=\"x-bg\" aria-hidden=\"true\"><div class=\"x-bg-layer-lower-image\" style=\" background-image: url(https:\/\/comitati.fisi.org\/liguria\/wp-content\/uploads\/sites\/35\/2025\/04\/Coppa-Liguria.jpg); background-repeat: no-repeat; background-position: center; background-size: cover;\"><\/div><div class=\"x-bg-layer-upper-color\" style=\" background-color: rgba(255, 255, 255, 0.1);\"><\/div><\/div><div class=\"x-div e17-e17 mh-x mh-y mh-z mh-13 mh-14\"><div class=\"x-text x-text-headline e17-e18 mh-1k mh-1l mh-1m mh-1n mh-1u mh-1w mh-1x mh-1y mh-1z\"><div class=\"x-text-content\"><div class=\"x-text-content-text\"><span class=\"x-text-content-text-primary\">CLASSIFICHE di Gigante Lurisia 28\/03\/2026<\/span><\/div><\/div><\/div><div class=\"x-text x-text-headline e17-e19 mh-1l mh-1m mh-1n mh-1u mh-1x mh-1y mh-20 mh-21 mh-22\"><div class=\"x-text-content\"><div class=\"x-text-content-text\"><span class=\"x-text-content-text-primary\">Condizioni eccezionali oggi a Lurisia per la Finale di Coppa Liguria, oltre 200 iscritti al via di un gigante impegnativo aperto a tutte le categorie....<\/span><\/div><\/div><\/div><div class=\"x-row e17-e20 mh-7 mh-a mh-b mh-e mh-h\"><div class=\"x-row-inner\"><div class=\"x-col e17-e21 mh-n mh-p mh-q mh-s mh-t mh-u\"><a class=\"x-anchor x-anchor-button e17-e22 mh-2n\" tabindex=\"0\" href=\"https:\/\/comitati.fisi.org\/liguria\/blog\/2026\/03\/28\/classifiche-finale-coppa-liguria\/\"><div class=\"x-anchor-content\"><div class=\"x-anchor-text\"><span class=\"x-anchor-text-primary\">Leggi di pi\u00f9<\/span><\/div><\/div><\/a><\/div><div class=\"x-col e17-e23 mh-n mh-p mh-q mh-s mh-t mh-v\"><div class=\"x-div e17-e24 mh-x mh-y mh-z mh-10 mh-11 mh-12 mh-15 mh-16 mh-17 mh-18\"><a class=\"x-div e17-e25 mh-x mh-11 mh-12 mh-15 mh-19 mh-1a mh-1b\" href=\"#prev\" data-x-effect-provider=\"colors particles effects\" data-x-slide-prev=\"\"><i class=\"x-icon e17-e26 mh-2o\" aria-hidden=\"true\" data-x-icon-s=\"&#xf104;\"><\/i><\/a><a class=\"x-div e17-e27 mh-x mh-y mh-11 mh-12 mh-15 mh-19 mh-1a mh-1c\" href=\"#next\" data-x-effect-provider=\"colors particles effects\" data-x-slide-next=\"\"><i class=\"x-icon e17-e28 mh-2o\" aria-hidden=\"true\" data-x-icon-s=\"&#xf105;\"><\/i><\/a><\/div><\/div><\/div><\/div><\/div><\/div><div class=\"x-slide e17-e16 mh-1h mh-1j\" data-x-slide=\"\"><div class=\"x-bg\" aria-hidden=\"true\"><div class=\"x-bg-layer-lower-image\" style=\" background-image: url(https:\/\/comitati.fisi.org\/liguria\/wp-content\/uploads\/sites\/35\/2025\/04\/Coppa-Liguria.jpg); background-repeat: no-repeat; background-position: center; background-size: cover;\"><\/div><div class=\"x-bg-layer-upper-color\" style=\" background-color: rgba(255, 255, 255, 0.1);\"><\/div><\/div><div class=\"x-div e17-e17 mh-x mh-y mh-z mh-13 mh-14\"><div class=\"x-text x-text-headline e17-e18 mh-1k mh-1l mh-1m mh-1n mh-1u mh-1w mh-1x mh-1y mh-1z\"><div class=\"x-text-content\"><div class=\"x-text-content-text\"><span class=\"x-text-content-text-primary\">ORDINE di PARTENZA GS FINALE COPPA LIGURIA<\/span><\/div><\/div><\/div><div class=\"x-text x-text-headline e17-e19 mh-1l mh-1m mh-1n mh-1u mh-1x mh-1y mh-20 mh-21 mh-22\"><div class=\"x-text-content\"><div class=\"x-text-content-text\"><span class=\"x-text-content-text-primary\">Si riporta l&#8217;Ordine di Partenza della FINALE di COPPA LIGURIA di domani 28 marzo a Lurisia. 1_ORDINE DI PARTENZA_GS_FINALE COPPA LIGURIA Si rettifica la tassa...<\/span><\/div><\/div><\/div><div class=\"x-row e17-e20 mh-7 mh-a mh-b mh-e mh-h\"><div class=\"x-row-inner\"><div class=\"x-col e17-e21 mh-n mh-p mh-q mh-s mh-t mh-u\"><a class=\"x-anchor x-anchor-button e17-e22 mh-2n\" tabindex=\"0\" href=\"https:\/\/comitati.fisi.org\/liguria\/blog\/2026\/03\/27\/ordine-di-partenza-gs-finale-coppa-liguria\/\"><div class=\"x-anchor-content\"><div class=\"x-anchor-text\"><span class=\"x-anchor-text-primary\">Leggi di pi\u00f9<\/span><\/div><\/div><\/a><\/div><div class=\"x-col e17-e23 mh-n mh-p mh-q mh-s mh-t mh-v\"><div class=\"x-div e17-e24 mh-x mh-y mh-z mh-10 mh-11 mh-12 mh-15 mh-16 mh-17 mh-18\"><a class=\"x-div e17-e25 mh-x mh-11 mh-12 mh-15 mh-19 mh-1a mh-1b\" href=\"#prev\" data-x-effect-provider=\"colors particles effects\" data-x-slide-prev=\"\"><i class=\"x-icon e17-e26 mh-2o\" aria-hidden=\"true\" data-x-icon-s=\"&#xf104;\"><\/i><\/a><a class=\"x-div e17-e27 mh-x mh-y mh-11 mh-12 mh-15 mh-19 mh-1a mh-1c\" href=\"#next\" data-x-effect-provider=\"colors particles effects\" data-x-slide-next=\"\"><i class=\"x-icon e17-e28 mh-2o\" aria-hidden=\"true\" data-x-icon-s=\"&#xf105;\"><\/i><\/a><\/div><\/div><\/div><\/div><\/div><\/div><div class=\"x-slide e17-e16 mh-1h mh-1j\" data-x-slide=\"\"><div class=\"x-bg\" aria-hidden=\"true\"><div class=\"x-bg-layer-lower-image\" style=\" background-image: url(https:\/\/comitati.fisi.org\/liguria\/wp-content\/uploads\/sites\/35\/2025\/04\/Coppa-Liguria.jpg); background-repeat: no-repeat; background-position: center; background-size: cover;\"><\/div><div class=\"x-bg-layer-upper-color\" style=\" background-color: rgba(255, 255, 255, 0.1);\"><\/div><\/div><div class=\"x-div e17-e17 mh-x mh-y mh-z mh-13 mh-14\"><div class=\"x-text x-text-headline e17-e18 mh-1k mh-1l mh-1m mh-1n mh-1u mh-1w mh-1x mh-1y mh-1z\"><div class=\"x-text-content\"><div class=\"x-text-content-text\"><span class=\"x-text-content-text-primary\">Programma Gara di GS _ Sabato 28 marzo &#8211; Finale Coppa Liguria<\/span><\/div><\/div><\/div><div class=\"x-text x-text-headline e17-e19 mh-1l mh-1m mh-1n mh-1u mh-1x mh-1y mh-20 mh-21 mh-22\"><div class=\"x-text-content\"><div class=\"x-text-content-text\"><span class=\"x-text-content-text-primary\">Si riporta il Programma gara della Finale di Coppa Liguria di Sabato 28 marzo p.v. a Lurisia reg. gara 28 marzo Lurisia_Finale Coppa Liguria...<\/span><\/div><\/div><\/div><div class=\"x-row e17-e20 mh-7 mh-a mh-b mh-e mh-h\"><div class=\"x-row-inner\"><div class=\"x-col e17-e21 mh-n mh-p mh-q mh-s mh-t mh-u\"><a class=\"x-anchor x-anchor-button e17-e22 mh-2n\" tabindex=\"0\" href=\"https:\/\/comitati.fisi.org\/liguria\/blog\/2026\/03\/25\/programma-gara-di-gs-_-sabato-28-marzo-finale-coppa-liguria\/\"><div class=\"x-anchor-content\"><div class=\"x-anchor-text\"><span class=\"x-anchor-text-primary\">Leggi di pi\u00f9<\/span><\/div><\/div><\/a><\/div><div class=\"x-col e17-e23 mh-n mh-p mh-q mh-s mh-t mh-v\"><div class=\"x-div e17-e24 mh-x mh-y mh-z mh-10 mh-11 mh-12 mh-15 mh-16 mh-17 mh-18\"><a class=\"x-div e17-e25 mh-x mh-11 mh-12 mh-15 mh-19 mh-1a mh-1b\" href=\"#prev\" data-x-effect-provider=\"colors particles effects\" data-x-slide-prev=\"\"><i class=\"x-icon e17-e26 mh-2o\" aria-hidden=\"true\" data-x-icon-s=\"&#xf104;\"><\/i><\/a><a class=\"x-div e17-e27 mh-x mh-y mh-11 mh-12 mh-15 mh-19 mh-1a mh-1c\" href=\"#next\" data-x-effect-provider=\"colors particles effects\" data-x-slide-next=\"\"><i class=\"x-icon e17-e28 mh-2o\" aria-hidden=\"true\" data-x-icon-s=\"&#xf105;\"><\/i><\/a><\/div><\/div><\/div><\/div><\/div><\/div><div class=\"x-slide e17-e16 mh-1h mh-1j\" data-x-slide=\"\"><div class=\"x-bg\" aria-hidden=\"true\"><div class=\"x-bg-layer-lower-image\" style=\" background-image: url(https:\/\/comitati.fisi.org\/liguria\/wp-content\/uploads\/sites\/35\/2026\/03\/WhatsApp-Image-2026-03-22-at-08.06.08.jpeg); background-repeat: no-repeat; background-position: center; background-size: cover;\"><\/div><div class=\"x-bg-layer-upper-color\" style=\" background-color: rgba(255, 255, 255, 0.1);\"><\/div><\/div><div class=\"x-div e17-e17 mh-x mh-y mh-z mh-13 mh-14\"><div class=\"x-text x-text-headline e17-e18 mh-1k mh-1l mh-1m mh-1n mh-1u mh-1w mh-1x mh-1y mh-1z\"><div class=\"x-text-content\"><div class=\"x-text-content-text\"><span class=\"x-text-content-text-primary\">Risultati Criterium Nazionale Cuccioli a Corno alle Scale 19-22 marzo 2026<\/span><\/div><\/div><\/div><div class=\"x-text x-text-headline e17-e19 mh-1l mh-1m mh-1n mh-1u mh-1x mh-1y mh-20 mh-21 mh-22\"><div class=\"x-text-content\"><div class=\"x-text-content-text\"><span class=\"x-text-content-text-primary\">Con gli ospiti d\u2019onore Alberto Tomba e Flora Tabanelli, medaglia di bronzo nel Big Air del Freestyle Ski nelle gare olimpiche di Milano-Cortina, i nostri...<\/span><\/div><\/div><\/div><div class=\"x-row e17-e20 mh-7 mh-a mh-b mh-e mh-h\"><div class=\"x-row-inner\"><div class=\"x-col e17-e21 mh-n mh-p mh-q mh-s mh-t mh-u\"><a class=\"x-anchor x-anchor-button e17-e22 mh-2n\" tabindex=\"0\" href=\"https:\/\/comitati.fisi.org\/liguria\/blog\/2026\/03\/24\/risultati-criterium-nazionale-cuccioli-a-corno-alle-scale-19-22-marzo-2026\/\"><div class=\"x-anchor-content\"><div class=\"x-anchor-text\"><span class=\"x-anchor-text-primary\">Leggi di pi\u00f9<\/span><\/div><\/div><\/a><\/div><div class=\"x-col e17-e23 mh-n mh-p mh-q mh-s mh-t mh-v\"><div class=\"x-div e17-e24 mh-x mh-y mh-z mh-10 mh-11 mh-12 mh-15 mh-16 mh-17 mh-18\"><a class=\"x-div e17-e25 mh-x mh-11 mh-12 mh-15 mh-19 mh-1a mh-1b\" href=\"#prev\" data-x-effect-provider=\"colors particles effects\" data-x-slide-prev=\"\"><i class=\"x-icon e17-e26 mh-2o\" aria-hidden=\"true\" data-x-icon-s=\"&#xf104;\"><\/i><\/a><a class=\"x-div e17-e27 mh-x mh-y mh-11 mh-12 mh-15 mh-19 mh-1a mh-1c\" href=\"#next\" data-x-effect-provider=\"colors particles effects\" data-x-slide-next=\"\"><i class=\"x-icon e17-e28 mh-2o\" aria-hidden=\"true\" data-x-icon-s=\"&#xf105;\"><\/i><\/a><\/div><\/div><\/div><\/div><\/div><\/div><div class=\"x-slide e17-e16 mh-1h mh-1j\" data-x-slide=\"\"><div class=\"x-bg\" aria-hidden=\"true\"><div class=\"x-bg-layer-lower-image\" style=\" background-image: url(https:\/\/comitati.fisi.org\/liguria\/wp-content\/uploads\/sites\/35\/2025\/04\/Coppa-Liguria.jpg); background-repeat: no-repeat; background-position: center; background-size: cover;\"><\/div><div class=\"x-bg-layer-upper-color\" style=\" background-color: rgba(255, 255, 255, 0.1);\"><\/div><\/div><div class=\"x-div e17-e17 mh-x mh-y mh-z mh-13 mh-14\"><div class=\"x-text x-text-headline e17-e18 mh-1k mh-1l mh-1m mh-1n mh-1u mh-1w mh-1x mh-1y mh-1z\"><div class=\"x-text-content\"><div class=\"x-text-content-text\"><span class=\"x-text-content-text-primary\">Classifiche GS RQ_CHI e CR GS_M\u00a0di oggi Sabato 21 marzo<\/span><\/div><\/div><\/div><div class=\"x-text x-text-headline e17-e19 mh-1l mh-1m mh-1n mh-1u mh-1x mh-1y mh-20 mh-21 mh-22\"><div class=\"x-text-content\"><div class=\"x-text-content-text\"><span class=\"x-text-content-text-primary\">Si riportano le Classifiche del Gigante di oggi Sabato 21 marzo 2026 a Lurisia, valido quale RQ_CHI e CR GS_M. 6_CLASSIFICHE UFFICIALI_GS_Lurisia 21.03.2026 5_CLASSIFICA PER...<\/span><\/div><\/div><\/div><div class=\"x-row e17-e20 mh-7 mh-a mh-b mh-e mh-h\"><div class=\"x-row-inner\"><div class=\"x-col e17-e21 mh-n mh-p mh-q mh-s mh-t mh-u\"><a class=\"x-anchor x-anchor-button e17-e22 mh-2n\" tabindex=\"0\" href=\"https:\/\/comitati.fisi.org\/liguria\/blog\/2026\/03\/21\/classifiche-gs-rq_chi-e-cr-gs_m-di-oggi-sabato-21-marzo\/\"><div class=\"x-anchor-content\"><div class=\"x-anchor-text\"><span class=\"x-anchor-text-primary\">Leggi di pi\u00f9<\/span><\/div><\/div><\/a><\/div><div class=\"x-col e17-e23 mh-n mh-p mh-q mh-s mh-t mh-v\"><div class=\"x-div e17-e24 mh-x mh-y mh-z mh-10 mh-11 mh-12 mh-15 mh-16 mh-17 mh-18\"><a class=\"x-div e17-e25 mh-x mh-11 mh-12 mh-15 mh-19 mh-1a mh-1b\" href=\"#prev\" data-x-effect-provider=\"colors particles effects\" data-x-slide-prev=\"\"><i class=\"x-icon e17-e26 mh-2o\" aria-hidden=\"true\" data-x-icon-s=\"&#xf104;\"><\/i><\/a><a class=\"x-div e17-e27 mh-x mh-y mh-11 mh-12 mh-15 mh-19 mh-1a mh-1c\" href=\"#next\" data-x-effect-provider=\"colors particles effects\" data-x-slide-next=\"\"><i class=\"x-icon e17-e28 mh-2o\" aria-hidden=\"true\" data-x-icon-s=\"&#xf105;\"><\/i><\/a><\/div><\/div><\/div><\/div><\/div><\/div><div class=\"x-slide e17-e16 mh-1h mh-1j\" data-x-slide=\"\"><div class=\"x-bg\" aria-hidden=\"true\"><div class=\"x-bg-layer-lower-image\" style=\" background-image: url(https:\/\/comitati.fisi.org\/liguria\/wp-content\/uploads\/sites\/35\/2025\/04\/Coppa-Liguria.jpg); background-repeat: no-repeat; background-position: center; background-size: cover;\"><\/div><div class=\"x-bg-layer-upper-color\" style=\" background-color: rgba(255, 255, 255, 0.1);\"><\/div><\/div><div class=\"x-div e17-e17 mh-x mh-y mh-z mh-13 mh-14\"><div class=\"x-text x-text-headline e17-e18 mh-1k mh-1l mh-1m mh-1n mh-1u mh-1w mh-1x mh-1y mh-1z\"><div class=\"x-text-content\"><div class=\"x-text-content-text\"><span class=\"x-text-content-text-primary\">Ordine di Partenza GS Sabato 21.03.2026 Lurisia<\/span><\/div><\/div><\/div><div class=\"x-text x-text-headline e17-e19 mh-1l mh-1m mh-1n mh-1u mh-1x mh-1y mh-20 mh-21 mh-22\"><div class=\"x-text-content\"><div class=\"x-text-content-text\"><span class=\"x-text-content-text-primary\">Si riporta l&#8217;Ordine di Partenza del Gigante di domani sabato 21\/03\/2026 a Lurisia 1_ORDINE DI PARTENZA_GS_21.03.2026 Lurisia...<\/span><\/div><\/div><\/div><div class=\"x-row e17-e20 mh-7 mh-a mh-b mh-e mh-h\"><div class=\"x-row-inner\"><div class=\"x-col e17-e21 mh-n mh-p mh-q mh-s mh-t mh-u\"><a class=\"x-anchor x-anchor-button e17-e22 mh-2n\" tabindex=\"0\" href=\"https:\/\/comitati.fisi.org\/liguria\/blog\/2026\/03\/20\/ordine-di-partenza-gs-sabato-21-03-2026-lurisia\/\"><div class=\"x-anchor-content\"><div class=\"x-anchor-text\"><span class=\"x-anchor-text-primary\">Leggi di pi\u00f9<\/span><\/div><\/div><\/a><\/div><div class=\"x-col e17-e23 mh-n mh-p mh-q mh-s mh-t mh-v\"><div class=\"x-div e17-e24 mh-x mh-y mh-z mh-10 mh-11 mh-12 mh-15 mh-16 mh-17 mh-18\"><a class=\"x-div e17-e25 mh-x mh-11 mh-12 mh-15 mh-19 mh-1a mh-1b\" href=\"#prev\" data-x-effect-provider=\"colors particles effects\" data-x-slide-prev=\"\"><i class=\"x-icon e17-e26 mh-2o\" aria-hidden=\"true\" data-x-icon-s=\"&#xf104;\"><\/i><\/a><a class=\"x-div e17-e27 mh-x mh-y mh-11 mh-12 mh-15 mh-19 mh-1a mh-1c\" href=\"#next\" data-x-effect-provider=\"colors particles effects\" data-x-slide-next=\"\"><i class=\"x-icon e17-e28 mh-2o\" aria-hidden=\"true\" data-x-icon-s=\"&#xf105;\"><\/i><\/a><\/div><\/div><\/div><\/div><\/div><\/div><div class=\"x-slide e17-e16 mh-1h mh-1j\" data-x-slide=\"\"><div class=\"x-bg\" aria-hidden=\"true\"><div class=\"x-bg-layer-lower-image\" style=\" background-image: url(https:\/\/comitati.fisi.org\/liguria\/wp-content\/uploads\/sites\/35\/2025\/04\/Coppa-Liguria.jpg); background-repeat: no-repeat; background-position: center; background-size: cover;\"><\/div><div class=\"x-bg-layer-upper-color\" style=\" background-color: rgba(255, 255, 255, 0.1);\"><\/div><\/div><div class=\"x-div e17-e17 mh-x mh-y mh-z mh-13 mh-14\"><div class=\"x-text x-text-headline e17-e18 mh-1k mh-1l mh-1m mh-1n mh-1u mh-1w mh-1x mh-1y mh-1z\"><div class=\"x-text-content\"><div class=\"x-text-content-text\"><span class=\"x-text-content-text-primary\">Programma Gara RQ_CHI e CR GS_M\u00a0di Sabato 21 marzo\u00a0p.v. a\u00a0Lurisia<\/span><\/div><\/div><\/div><div class=\"x-text x-text-headline e17-e19 mh-1l mh-1m mh-1n mh-1u mh-1x mh-1y mh-20 mh-21 mh-22\"><div class=\"x-text-content\"><div class=\"x-text-content-text\"><span class=\"x-text-content-text-primary\">Si riporta il Programma Gara del Gigante di Sabato 21 p.v. a Lurisia valido come RQ_CHI e CR GS_M programma trofeo ski club savona 21...<\/span><\/div><\/div><\/div><div class=\"x-row e17-e20 mh-7 mh-a mh-b mh-e mh-h\"><div class=\"x-row-inner\"><div class=\"x-col e17-e21 mh-n mh-p mh-q mh-s mh-t mh-u\"><a class=\"x-anchor x-anchor-button e17-e22 mh-2n\" tabindex=\"0\" href=\"https:\/\/comitati.fisi.org\/liguria\/blog\/2026\/03\/18\/programma-gara-rq_chi-e-cr-gs_m-di-sabato-21-marzo-p-v-a-lurisia\/\"><div class=\"x-anchor-content\"><div class=\"x-anchor-text\"><span class=\"x-anchor-text-primary\">Leggi di pi\u00f9<\/span><\/div><\/div><\/a><\/div><div class=\"x-col e17-e23 mh-n mh-p mh-q mh-s mh-t mh-v\"><div class=\"x-div e17-e24 mh-x mh-y mh-z mh-10 mh-11 mh-12 mh-15 mh-16 mh-17 mh-18\"><a class=\"x-div e17-e25 mh-x mh-11 mh-12 mh-15 mh-19 mh-1a mh-1b\" href=\"#prev\" data-x-effect-provider=\"colors particles effects\" data-x-slide-prev=\"\"><i class=\"x-icon e17-e26 mh-2o\" aria-hidden=\"true\" data-x-icon-s=\"&#xf104;\"><\/i><\/a><a class=\"x-div e17-e27 mh-x mh-y mh-11 mh-12 mh-15 mh-19 mh-1a mh-1c\" href=\"#next\" data-x-effect-provider=\"colors particles effects\" data-x-slide-next=\"\"><i class=\"x-icon e17-e28 mh-2o\" aria-hidden=\"true\" data-x-icon-s=\"&#xf105;\"><\/i><\/a><\/div><\/div><\/div><\/div><\/div><\/div><div class=\"x-slide e17-e16 mh-1h mh-1j\" data-x-slide=\"\"><div class=\"x-bg\" aria-hidden=\"true\"><div class=\"x-bg-layer-lower-image\" style=\" background-image: url(https:\/\/comitati.fisi.org\/liguria\/wp-content\/uploads\/sites\/35\/2025\/01\/GARA-Annullata.2.jpg); background-repeat: no-repeat; background-position: center; background-size: cover;\"><\/div><div class=\"x-bg-layer-upper-color\" style=\" background-color: rgba(255, 255, 255, 0.1);\"><\/div><\/div><div class=\"x-div e17-e17 mh-x mh-y mh-z mh-13 mh-14\"><div class=\"x-text x-text-headline e17-e18 mh-1k mh-1l mh-1m mh-1n mh-1u mh-1w mh-1x mh-1y mh-1z\"><div class=\"x-text-content\"><div class=\"x-text-content-text\"><span class=\"x-text-content-text-primary\">ANNULLATI i SuperG del 16-18 Marzo p.v. a Limone P.<\/span><\/div><\/div><\/div><div class=\"x-text x-text-headline e17-e19 mh-1l mh-1m mh-1n mh-1u mh-1x mh-1y mh-20 mh-21 mh-22\"><div class=\"x-text-content\"><div class=\"x-text-content-text\"><span class=\"x-text-content-text-primary\">Viste le copiose nevicate ancora in corso, i recuperi dei Super Giganti Children a Limone P. da domani 16 marzo a mercoled\u00ec 18 p.v. sono...<\/span><\/div><\/div><\/div><div class=\"x-row e17-e20 mh-7 mh-a mh-b mh-e mh-h\"><div class=\"x-row-inner\"><div class=\"x-col e17-e21 mh-n mh-p mh-q mh-s mh-t mh-u\"><a class=\"x-anchor x-anchor-button e17-e22 mh-2n\" tabindex=\"0\" href=\"https:\/\/comitati.fisi.org\/liguria\/blog\/2026\/03\/15\/annullati-i-superg-del-16-18-marzo-p-v-a-limone-p\/\"><div class=\"x-anchor-content\"><div class=\"x-anchor-text\"><span class=\"x-anchor-text-primary\">Leggi di pi\u00f9<\/span><\/div><\/div><\/a><\/div><div class=\"x-col e17-e23 mh-n mh-p mh-q mh-s mh-t mh-v\"><div class=\"x-div e17-e24 mh-x mh-y mh-z mh-10 mh-11 mh-12 mh-15 mh-16 mh-17 mh-18\"><a class=\"x-div e17-e25 mh-x mh-11 mh-12 mh-15 mh-19 mh-1a mh-1b\" href=\"#prev\" data-x-effect-provider=\"colors particles effects\" data-x-slide-prev=\"\"><i class=\"x-icon e17-e26 mh-2o\" aria-hidden=\"true\" data-x-icon-s=\"&#xf104;\"><\/i><\/a><a class=\"x-div e17-e27 mh-x mh-y mh-11 mh-12 mh-15 mh-19 mh-1a mh-1c\" href=\"#next\" data-x-effect-provider=\"colors particles effects\" data-x-slide-next=\"\"><i class=\"x-icon e17-e28 mh-2o\" aria-hidden=\"true\" data-x-icon-s=\"&#xf105;\"><\/i><\/a><\/div><\/div><\/div><\/div><\/div><\/div><div class=\"x-slide e17-e16 mh-1h mh-1j\" data-x-slide=\"\"><div class=\"x-bg\" aria-hidden=\"true\"><div class=\"x-bg-layer-lower-image\" style=\" background-image: url(https:\/\/comitati.fisi.org\/liguria\/wp-content\/uploads\/sites\/35\/2025\/04\/Coppa-Liguria.jpg); background-repeat: no-repeat; background-position: center; background-size: cover;\"><\/div><div class=\"x-bg-layer-upper-color\" style=\" background-color: rgba(255, 255, 255, 0.1);\"><\/div><\/div><div class=\"x-div e17-e17 mh-x mh-y mh-z mh-13 mh-14\"><div class=\"x-text x-text-headline e17-e18 mh-1k mh-1l mh-1m mh-1n mh-1u mh-1w mh-1x mh-1y mh-1z\"><div class=\"x-text-content\"><div class=\"x-text-content-text\"><span class=\"x-text-content-text-primary\">CLASSIFICHE PROVVISORIE DI COPPA LIGURIA 2025\/2026 &#8211; Categoria Children e Giovani<\/span><\/div><\/div><\/div><div class=\"x-text x-text-headline e17-e19 mh-1l mh-1m mh-1n mh-1u mh-1x mh-1y mh-20 mh-21 mh-22\"><div class=\"x-text-content\"><div class=\"x-text-content-text\"><span class=\"x-text-content-text-primary\">In previsione dei prossimi appuntamenti di Calendario Zonale e Coppa Liguria di Sci Alpino 2025\/2026, si riportano le Classifiche provvisorie per Categoria Children f\/m e...<\/span><\/div><\/div><\/div><div class=\"x-row e17-e20 mh-7 mh-a mh-b mh-e mh-h\"><div class=\"x-row-inner\"><div class=\"x-col e17-e21 mh-n mh-p mh-q mh-s mh-t mh-u\"><a class=\"x-anchor x-anchor-button e17-e22 mh-2n\" tabindex=\"0\" href=\"https:\/\/comitati.fisi.org\/liguria\/blog\/2026\/03\/14\/classifiche-provvisorie-di-coppa-liguria-2025-2026-categoria-children-e-giovani\/\"><div class=\"x-anchor-content\"><div class=\"x-anchor-text\"><span class=\"x-anchor-text-primary\">Leggi di pi\u00f9<\/span><\/div><\/div><\/a><\/div><div class=\"x-col e17-e23 mh-n mh-p mh-q mh-s mh-t mh-v\"><div class=\"x-div e17-e24 mh-x mh-y mh-z mh-10 mh-11 mh-12 mh-15 mh-16 mh-17 mh-18\"><a class=\"x-div e17-e25 mh-x mh-11 mh-12 mh-15 mh-19 mh-1a mh-1b\" href=\"#prev\" data-x-effect-provider=\"colors particles effects\" data-x-slide-prev=\"\"><i class=\"x-icon e17-e26 mh-2o\" aria-hidden=\"true\" data-x-icon-s=\"&#xf104;\"><\/i><\/a><a class=\"x-div e17-e27 mh-x mh-y mh-11 mh-12 mh-15 mh-19 mh-1a mh-1c\" href=\"#next\" data-x-effect-provider=\"colors particles effects\" data-x-slide-next=\"\"><i class=\"x-icon e17-e28 mh-2o\" aria-hidden=\"true\" data-x-icon-s=\"&#xf105;\"><\/i><\/a><\/div><\/div><\/div><\/div><\/div><\/div><div class=\"x-slide e17-e16 mh-1h mh-1j\" data-x-slide=\"\"><div class=\"x-bg\" aria-hidden=\"true\"><div class=\"x-bg-layer-lower-image\" style=\" background-image: url(https:\/\/comitati.fisi.org\/liguria\/wp-content\/uploads\/sites\/35\/2025\/04\/Coppa-Liguria.jpg); background-repeat: no-repeat; background-position: center; background-size: cover;\"><\/div><div class=\"x-bg-layer-upper-color\" style=\" background-color: rgba(255, 255, 255, 0.1);\"><\/div><\/div><div class=\"x-div e17-e17 mh-x mh-y mh-z mh-13 mh-14\"><div class=\"x-text x-text-headline e17-e18 mh-1k mh-1l mh-1m mh-1n mh-1u mh-1w mh-1x mh-1y mh-1z\"><div class=\"x-text-content\"><div class=\"x-text-content-text\"><span class=\"x-text-content-text-primary\">Aggiornamenti al Calendario di Coppa Liguria e gare di Qualificazione a manifestazioni nazionali<\/span><\/div><\/div><\/div><div class=\"x-text x-text-headline e17-e19 mh-1l mh-1m mh-1n mh-1u mh-1x mh-1y mh-20 mh-21 mh-22\"><div class=\"x-text-content\"><div class=\"x-text-content-text\"><span class=\"x-text-content-text-primary\">Genova, l\u00ec 13\/03\/2026 Si comunicano gli aggiornamenti al Calendario di Coppa Liguria e il conseguente aggiornamento delle gare di qualificazione a manifestazioni nazionali.\u00a0...<\/span><\/div><\/div><\/div><div class=\"x-row e17-e20 mh-7 mh-a mh-b mh-e mh-h\"><div class=\"x-row-inner\"><div class=\"x-col e17-e21 mh-n mh-p mh-q mh-s mh-t mh-u\"><a class=\"x-anchor x-anchor-button e17-e22 mh-2n\" tabindex=\"0\" href=\"https:\/\/comitati.fisi.org\/liguria\/blog\/2026\/03\/13\/aggiornamenti-al-calendario-di-coppa-liguria-e-gare-di-qualificazione-a-manifestazioni-nazionali\/\"><div class=\"x-anchor-content\"><div class=\"x-anchor-text\"><span class=\"x-anchor-text-primary\">Leggi di pi\u00f9<\/span><\/div><\/div><\/a><\/div><div class=\"x-col e17-e23 mh-n mh-p mh-q mh-s mh-t mh-v\"><div class=\"x-div e17-e24 mh-x mh-y mh-z mh-10 mh-11 mh-12 mh-15 mh-16 mh-17 mh-18\"><a class=\"x-div e17-e25 mh-x mh-11 mh-12 mh-15 mh-19 mh-1a mh-1b\" href=\"#prev\" data-x-effect-provider=\"colors particles effects\" data-x-slide-prev=\"\"><i class=\"x-icon e17-e26 mh-2o\" aria-hidden=\"true\" data-x-icon-s=\"&#xf104;\"><\/i><\/a><a class=\"x-div e17-e27 mh-x mh-y mh-11 mh-12 mh-15 mh-19 mh-1a mh-1c\" href=\"#next\" data-x-effect-provider=\"colors particles effects\" data-x-slide-next=\"\"><i class=\"x-icon e17-e28 mh-2o\" aria-hidden=\"true\" data-x-icon-s=\"&#xf105;\"><\/i><\/a><\/div><\/div><\/div><\/div><\/div><\/div><div class=\"x-slide e17-e16 mh-1h mh-1j\" data-x-slide=\"\"><div class=\"x-bg\" aria-hidden=\"true\"><div class=\"x-bg-layer-lower-image\" style=\" background-image: url(https:\/\/comitati.fisi.org\/liguria\/wp-content\/uploads\/sites\/35\/2026\/03\/Gara-Annullata.jpeg); background-repeat: no-repeat; background-position: center; background-size: cover;\"><\/div><div class=\"x-bg-layer-upper-color\" style=\" background-color: rgba(255, 255, 255, 0.1);\"><\/div><\/div><div class=\"x-div e17-e17 mh-x mh-y mh-z mh-13 mh-14\"><div class=\"x-text x-text-headline e17-e18 mh-1k mh-1l mh-1m mh-1n mh-1u mh-1w mh-1x mh-1y mh-1z\"><div class=\"x-text-content\"><div class=\"x-text-content-text\"><span class=\"x-text-content-text-primary\">Annullate le Gare del 14-15 Marzo p.v. a S. Stefano D&#8217;Aveto<\/span><\/div><\/div><\/div><div class=\"x-text x-text-headline e17-e19 mh-1l mh-1m mh-1n mh-1u mh-1x mh-1y mh-20 mh-21 mh-22\"><div class=\"x-text-content\"><div class=\"x-text-content-text\"><span class=\"x-text-content-text-primary\">Le gare regionali del 14 e 15 marzo p.v. in programma a Santo Stefano d&#8217;Aveto, sono state annullate a causa delle previsioni meteo avverse. Seguir\u00e0...<\/span><\/div><\/div><\/div><div class=\"x-row e17-e20 mh-7 mh-a mh-b mh-e mh-h\"><div class=\"x-row-inner\"><div class=\"x-col e17-e21 mh-n mh-p mh-q mh-s mh-t mh-u\"><a class=\"x-anchor x-anchor-button e17-e22 mh-2n\" tabindex=\"0\" href=\"https:\/\/comitati.fisi.org\/liguria\/blog\/2026\/03\/11\/annullate-le-gare-del-14-15-marzo-p-v-a-s-stefano-daveto\/\"><div class=\"x-anchor-content\"><div class=\"x-anchor-text\"><span class=\"x-anchor-text-primary\">Leggi di pi\u00f9<\/span><\/div><\/div><\/a><\/div><div class=\"x-col e17-e23 mh-n mh-p mh-q mh-s mh-t mh-v\"><div class=\"x-div e17-e24 mh-x mh-y mh-z mh-10 mh-11 mh-12 mh-15 mh-16 mh-17 mh-18\"><a class=\"x-div e17-e25 mh-x mh-11 mh-12 mh-15 mh-19 mh-1a mh-1b\" href=\"#prev\" data-x-effect-provider=\"colors particles effects\" data-x-slide-prev=\"\"><i class=\"x-icon e17-e26 mh-2o\" aria-hidden=\"true\" data-x-icon-s=\"&#xf104;\"><\/i><\/a><a class=\"x-div e17-e27 mh-x mh-y mh-11 mh-12 mh-15 mh-19 mh-1a mh-1c\" href=\"#next\" data-x-effect-provider=\"colors particles effects\" data-x-slide-next=\"\"><i class=\"x-icon e17-e28 mh-2o\" aria-hidden=\"true\" data-x-icon-s=\"&#xf105;\"><\/i><\/a><\/div><\/div><\/div><\/div><\/div><\/div><div class=\"x-slide e17-e16 mh-1h mh-1j\" data-x-slide=\"\"><div class=\"x-bg\" aria-hidden=\"true\"><div class=\"x-bg-layer-lower-image\" style=\" background-image: url(https:\/\/comitati.fisi.org\/liguria\/wp-content\/uploads\/sites\/35\/2026\/03\/Logo-Pinocchio-scaled.jpg); background-repeat: no-repeat; background-position: center; background-size: cover;\"><\/div><div class=\"x-bg-layer-upper-color\" style=\" background-color: rgba(255, 255, 255, 0.1);\"><\/div><\/div><div class=\"x-div e17-e17 mh-x mh-y mh-z mh-13 mh-14\"><div class=\"x-text x-text-headline e17-e18 mh-1k mh-1l mh-1m mh-1n mh-1u mh-1w mh-1x mh-1y mh-1z\"><div class=\"x-text-content\"><div class=\"x-text-content-text\"><span class=\"x-text-content-text-primary\">Doppio Podio di Lenzi Leonardo alla Finale Nazionale del Pinocchio Sugli Sci 2026<\/span><\/div><\/div><\/div><div class=\"x-text x-text-headline e17-e19 mh-1l mh-1m mh-1n mh-1u mh-1x mh-1y mh-20 mh-21 mh-22\"><div class=\"x-text-content\"><div class=\"x-text-content-text\"><span class=\"x-text-content-text-primary\">Nella Seconda giornata della Finale Nazionale del Pinocchio sugli Sci all&#8217;Abetone per le categorie Baby e Cuccioli, si registrano i primi successi di un nostro...<\/span><\/div><\/div><\/div><div class=\"x-row e17-e20 mh-7 mh-a mh-b mh-e mh-h\"><div class=\"x-row-inner\"><div class=\"x-col e17-e21 mh-n mh-p mh-q mh-s mh-t mh-u\"><a class=\"x-anchor x-anchor-button e17-e22 mh-2n\" tabindex=\"0\" href=\"https:\/\/comitati.fisi.org\/liguria\/blog\/2026\/03\/08\/podio-di-lenzi-leonardo-alla-finale-nazionale-del-pinocchio-sugli-sci-2026\/\"><div class=\"x-anchor-content\"><div class=\"x-anchor-text\"><span class=\"x-anchor-text-primary\">Leggi di pi\u00f9<\/span><\/div><\/div><\/a><\/div><div class=\"x-col e17-e23 mh-n mh-p mh-q mh-s mh-t mh-v\"><div class=\"x-div e17-e24 mh-x mh-y mh-z mh-10 mh-11 mh-12 mh-15 mh-16 mh-17 mh-18\"><a class=\"x-div e17-e25 mh-x mh-11 mh-12 mh-15 mh-19 mh-1a mh-1b\" href=\"#prev\" data-x-effect-provider=\"colors particles effects\" data-x-slide-prev=\"\"><i class=\"x-icon e17-e26 mh-2o\" aria-hidden=\"true\" data-x-icon-s=\"&#xf104;\"><\/i><\/a><a class=\"x-div e17-e27 mh-x mh-y mh-11 mh-12 mh-15 mh-19 mh-1a mh-1c\" href=\"#next\" data-x-effect-provider=\"colors particles effects\" data-x-slide-next=\"\"><i class=\"x-icon e17-e28 mh-2o\" aria-hidden=\"true\" data-x-icon-s=\"&#xf105;\"><\/i><\/a><\/div><\/div><\/div><\/div><\/div><\/div><div class=\"x-slide e17-e16 mh-1h mh-1j\" data-x-slide=\"\"><div class=\"x-bg\" aria-hidden=\"true\"><div class=\"x-bg-layer-lower-image\" style=\" background-image: url(https:\/\/comitati.fisi.org\/liguria\/wp-content\/uploads\/sites\/35\/2025\/04\/Coppa-Liguria.jpg); background-repeat: no-repeat; background-position: center; background-size: cover;\"><\/div><div class=\"x-bg-layer-upper-color\" style=\" background-color: rgba(255, 255, 255, 0.1);\"><\/div><\/div><div class=\"x-div e17-e17 mh-x mh-y mh-z mh-13 mh-14\"><div class=\"x-text x-text-headline e17-e18 mh-1k mh-1l mh-1m mh-1n mh-1u mh-1w mh-1x mh-1y mh-1z\"><div class=\"x-text-content\"><div class=\"x-text-content-text\"><span class=\"x-text-content-text-primary\">Regolamenti Gara del 14-15 Marzo 2026 a Santo Stefano D&#8217;Aveto<\/span><\/div><\/div><\/div><div class=\"x-text x-text-headline e17-e19 mh-1l mh-1m mh-1n mh-1u mh-1x mh-1y mh-20 mh-21 mh-22\"><div class=\"x-text-content\"><div class=\"x-text-content-text\"><span class=\"x-text-content-text-primary\">Si riportano i Regolamenti Gara per il prossimo Week End a Santo Stefano D&#8217;Aveto (GE), con NUOVO FORMAT per le categorie Pulcini e Children (Sabato...<\/span><\/div><\/div><\/div><div class=\"x-row e17-e20 mh-7 mh-a mh-b mh-e mh-h\"><div class=\"x-row-inner\"><div class=\"x-col e17-e21 mh-n mh-p mh-q mh-s mh-t mh-u\"><a class=\"x-anchor x-anchor-button e17-e22 mh-2n\" tabindex=\"0\" href=\"https:\/\/comitati.fisi.org\/liguria\/blog\/2026\/03\/07\/regolamenti-gara-del-14-15-marzo-2026-a-santo-stefano-daveto\/\"><div class=\"x-anchor-content\"><div class=\"x-anchor-text\"><span class=\"x-anchor-text-primary\">Leggi di pi\u00f9<\/span><\/div><\/div><\/a><\/div><div class=\"x-col e17-e23 mh-n mh-p mh-q mh-s mh-t mh-v\"><div class=\"x-div e17-e24 mh-x mh-y mh-z mh-10 mh-11 mh-12 mh-15 mh-16 mh-17 mh-18\"><a class=\"x-div e17-e25 mh-x mh-11 mh-12 mh-15 mh-19 mh-1a mh-1b\" href=\"#prev\" data-x-effect-provider=\"colors particles effects\" data-x-slide-prev=\"\"><i class=\"x-icon e17-e26 mh-2o\" aria-hidden=\"true\" data-x-icon-s=\"&#xf104;\"><\/i><\/a><a class=\"x-div e17-e27 mh-x mh-y mh-11 mh-12 mh-15 mh-19 mh-1a mh-1c\" href=\"#next\" data-x-effect-provider=\"colors particles effects\" data-x-slide-next=\"\"><i class=\"x-icon e17-e28 mh-2o\" aria-hidden=\"true\" data-x-icon-s=\"&#xf105;\"><\/i><\/a><\/div><\/div><\/div><\/div><\/div><\/div><div class=\"x-slide e17-e16 mh-1h mh-1j\" data-x-slide=\"\"><div class=\"x-bg\" aria-hidden=\"true\"><div class=\"x-bg-layer-lower-image\" style=\" background-image: url(https:\/\/comitati.fisi.org\/liguria\/wp-content\/uploads\/sites\/35\/2026\/03\/Screenshot-2026-03-01-014449.png); background-repeat: no-repeat; background-position: center; background-size: cover;\"><\/div><div class=\"x-bg-layer-upper-color\" style=\" background-color: rgba(255, 255, 255, 0.1);\"><\/div><\/div><div class=\"x-div e17-e17 mh-x mh-y mh-z mh-13 mh-14\"><div class=\"x-text x-text-headline e17-e18 mh-1k mh-1l mh-1m mh-1n mh-1u mh-1w mh-1x mh-1y mh-1z\"><div class=\"x-text-content\"><div class=\"x-text-content-text\"><span class=\"x-text-content-text-primary\">Risultati 1^ giornata Tr. Alpecimbra<\/span><\/div><\/div><\/div><div class=\"x-text x-text-headline e17-e19 mh-1l mh-1m mh-1n mh-1u mh-1x mh-1y mh-20 mh-21 mh-22\"><div class=\"x-text-content\"><div class=\"x-text-content-text\"><span class=\"x-text-content-text-primary\">Si riportano le Classifiche della prima giornata di gara, con gli ottimi piazzamenti di: Pietro Vento 12\u00b0 nel Gigante Ragazzi e il 22\u00b0 posto di...<\/span><\/div><\/div><\/div><div class=\"x-row e17-e20 mh-7 mh-a mh-b mh-e mh-h\"><div class=\"x-row-inner\"><div class=\"x-col e17-e21 mh-n mh-p mh-q mh-s mh-t mh-u\"><a class=\"x-anchor x-anchor-button e17-e22 mh-2n\" tabindex=\"0\" href=\"https:\/\/comitati.fisi.org\/liguria\/blog\/2026\/03\/02\/risultati-1-giornata-tr-alpecimbra\/\"><div class=\"x-anchor-content\"><div class=\"x-anchor-text\"><span class=\"x-anchor-text-primary\">Leggi di pi\u00f9<\/span><\/div><\/div><\/a><\/div><div class=\"x-col e17-e23 mh-n mh-p mh-q mh-s mh-t mh-v\"><div class=\"x-div e17-e24 mh-x mh-y mh-z mh-10 mh-11 mh-12 mh-15 mh-16 mh-17 mh-18\"><a class=\"x-div e17-e25 mh-x mh-11 mh-12 mh-15 mh-19 mh-1a mh-1b\" href=\"#prev\" data-x-effect-provider=\"colors particles effects\" data-x-slide-prev=\"\"><i class=\"x-icon e17-e26 mh-2o\" aria-hidden=\"true\" data-x-icon-s=\"&#xf104;\"><\/i><\/a><a class=\"x-div e17-e27 mh-x mh-y mh-11 mh-12 mh-15 mh-19 mh-1a mh-1c\" href=\"#next\" data-x-effect-provider=\"colors particles effects\" data-x-slide-next=\"\"><i class=\"x-icon e17-e28 mh-2o\" aria-hidden=\"true\" data-x-icon-s=\"&#xf105;\"><\/i><\/a><\/div><\/div><\/div><\/div><\/div><\/div><div class=\"x-slide e17-e16 mh-1h mh-1j\" data-x-slide=\"\"><div class=\"x-bg\" aria-hidden=\"true\"><div class=\"x-bg-layer-lower-image\" style=\" background-image: url(https:\/\/comitati.fisi.org\/liguria\/wp-content\/uploads\/sites\/35\/2026\/03\/Screenshot-2026-03-01-014449.png); background-repeat: no-repeat; background-position: center; background-size: cover;\"><\/div><div class=\"x-bg-layer-upper-color\" style=\" background-color: rgba(255, 255, 255, 0.1);\"><\/div><\/div><div class=\"x-div e17-e17 mh-x mh-y mh-z mh-13 mh-14\"><div class=\"x-text x-text-headline e17-e18 mh-1k mh-1l mh-1m mh-1n mh-1u mh-1w mh-1x mh-1y mh-1z\"><div class=\"x-text-content\"><div class=\"x-text-content-text\"><span class=\"x-text-content-text-primary\">I Convocati per il Tr. Alpe Cimbra 2026<\/span><\/div><\/div><\/div><div class=\"x-text x-text-headline e17-e19 mh-1l mh-1m mh-1n mh-1u mh-1x mh-1y mh-20 mh-21 mh-22\"><div class=\"x-text-content\"><div class=\"x-text-content-text\"><span class=\"x-text-content-text-primary\">56\u00b0 Trofeo Cassa Rurale Vallagarina ALPECIMBRA \u2013 Folgaria 1-3 marzo 2026 Si riporta la Classifica di qualificazione aggiornata alla data di oggi Sabato 28\/02\/2026. Classifica...<\/span><\/div><\/div><\/div><div class=\"x-row e17-e20 mh-7 mh-a mh-b mh-e mh-h\"><div class=\"x-row-inner\"><div class=\"x-col e17-e21 mh-n mh-p mh-q mh-s mh-t mh-u\"><a class=\"x-anchor x-anchor-button e17-e22 mh-2n\" tabindex=\"0\" href=\"https:\/\/comitati.fisi.org\/liguria\/blog\/2026\/03\/01\/i-convocati-per-il-tr-alpe-cimbra-2026\/\"><div class=\"x-anchor-content\"><div class=\"x-anchor-text\"><span class=\"x-anchor-text-primary\">Leggi di pi\u00f9<\/span><\/div><\/div><\/a><\/div><div class=\"x-col e17-e23 mh-n mh-p mh-q mh-s mh-t mh-v\"><div class=\"x-div e17-e24 mh-x mh-y mh-z mh-10 mh-11 mh-12 mh-15 mh-16 mh-17 mh-18\"><a class=\"x-div e17-e25 mh-x mh-11 mh-12 mh-15 mh-19 mh-1a mh-1b\" href=\"#prev\" data-x-effect-provider=\"colors particles effects\" data-x-slide-prev=\"\"><i class=\"x-icon e17-e26 mh-2o\" aria-hidden=\"true\" data-x-icon-s=\"&#xf104;\"><\/i><\/a><a class=\"x-div e17-e27 mh-x mh-y mh-11 mh-12 mh-15 mh-19 mh-1a mh-1c\" href=\"#next\" data-x-effect-provider=\"colors particles effects\" data-x-slide-next=\"\"><i class=\"x-icon e17-e28 mh-2o\" aria-hidden=\"true\" data-x-icon-s=\"&#xf105;\"><\/i><\/a><\/div><\/div><\/div><\/div><\/div><\/div><div class=\"x-slide e17-e16 mh-1h mh-1j\" data-x-slide=\"\"><div class=\"x-bg\" aria-hidden=\"true\"><div class=\"x-bg-layer-lower-image\" style=\" background-image: url(https:\/\/comitati.fisi.org\/liguria\/wp-content\/uploads\/sites\/35\/2025\/04\/Coppa-Liguria.jpg); background-repeat: no-repeat; background-position: center; background-size: cover;\"><\/div><div class=\"x-bg-layer-upper-color\" style=\" background-color: rgba(255, 255, 255, 0.1);\"><\/div><\/div><div class=\"x-div e17-e17 mh-x mh-y mh-z mh-13 mh-14\"><div class=\"x-text x-text-headline e17-e18 mh-1k mh-1l mh-1m mh-1n mh-1u mh-1w mh-1x mh-1y mh-1z\"><div class=\"x-text-content\"><div class=\"x-text-content-text\"><span class=\"x-text-content-text-primary\">CLASSIFICA DEL GIGANTE RQ-CHI_G-GS Limone P. 28\/02\/2026<\/span><\/div><\/div><\/div><div class=\"x-text x-text-headline e17-e19 mh-1l mh-1m mh-1n mh-1u mh-1x mh-1y mh-20 mh-21 mh-22\"><div class=\"x-text-content\"><div class=\"x-text-content-text\"><span class=\"x-text-content-text-primary\">Si riporta la Classifica del Gigante di oggi Sabato 28\/02\/2026 CLASSIFICA UFFICIALE GS RQ &#8211; G_GS &#8211; Limone P. 28.02.2026...<\/span><\/div><\/div><\/div><div class=\"x-row e17-e20 mh-7 mh-a mh-b mh-e mh-h\"><div class=\"x-row-inner\"><div class=\"x-col e17-e21 mh-n mh-p mh-q mh-s mh-t mh-u\"><a class=\"x-anchor x-anchor-button e17-e22 mh-2n\" tabindex=\"0\" href=\"https:\/\/comitati.fisi.org\/liguria\/blog\/2026\/02\/28\/classifica-del-gigante-rq-chi_g-gs-limone-p-28-02-2026\/\"><div class=\"x-anchor-content\"><div class=\"x-anchor-text\"><span class=\"x-anchor-text-primary\">Leggi di pi\u00f9<\/span><\/div><\/div><\/a><\/div><div class=\"x-col e17-e23 mh-n mh-p mh-q mh-s mh-t mh-v\"><div class=\"x-div e17-e24 mh-x mh-y mh-z mh-10 mh-11 mh-12 mh-15 mh-16 mh-17 mh-18\"><a class=\"x-div e17-e25 mh-x mh-11 mh-12 mh-15 mh-19 mh-1a mh-1b\" href=\"#prev\" data-x-effect-provider=\"colors particles effects\" data-x-slide-prev=\"\"><i class=\"x-icon e17-e26 mh-2o\" aria-hidden=\"true\" data-x-icon-s=\"&#xf104;\"><\/i><\/a><a class=\"x-div e17-e27 mh-x mh-y mh-11 mh-12 mh-15 mh-19 mh-1a mh-1c\" href=\"#next\" data-x-effect-provider=\"colors particles effects\" data-x-slide-next=\"\"><i class=\"x-icon e17-e28 mh-2o\" aria-hidden=\"true\" data-x-icon-s=\"&#xf105;\"><\/i><\/a><\/div><\/div><\/div><\/div><\/div><\/div><div class=\"x-slide e17-e16 mh-1h mh-1j\" data-x-slide=\"\"><div class=\"x-bg\" aria-hidden=\"true\"><div class=\"x-bg-layer-lower-image\" style=\" background-image: url(https:\/\/comitati.fisi.org\/liguria\/wp-content\/uploads\/sites\/35\/2025\/04\/Coppa-Liguria.jpg); background-repeat: no-repeat; background-position: center; background-size: cover;\"><\/div><div class=\"x-bg-layer-upper-color\" style=\" background-color: rgba(255, 255, 255, 0.1);\"><\/div><\/div><div class=\"x-div e17-e17 mh-x mh-y mh-z mh-13 mh-14\"><div class=\"x-text x-text-headline e17-e18 mh-1k mh-1l mh-1m mh-1n mh-1u mh-1w mh-1x mh-1y mh-1z\"><div class=\"x-text-content\"><div class=\"x-text-content-text\"><span class=\"x-text-content-text-primary\">ORDINE di PARTENZA RQ di GIGANTE_LIMONE P. 28\/02\/2026<\/span><\/div><\/div><\/div><div class=\"x-text x-text-headline e17-e19 mh-1l mh-1m mh-1n mh-1u mh-1x mh-1y mh-20 mh-21 mh-22\"><div class=\"x-text-content\"><div class=\"x-text-content-text\"><span class=\"x-text-content-text-primary\">Si riporta l&#8217;Ordine di Partenza della prova di GIGANTE RQ &#8211; CHI \/ G_GS di domani Sabato 28\/02\/2026 a Limone Piemonte.\u00a0 1_ORDINE DI PARTENZA_Limone P....<\/span><\/div><\/div><\/div><div class=\"x-row e17-e20 mh-7 mh-a mh-b mh-e mh-h\"><div class=\"x-row-inner\"><div class=\"x-col e17-e21 mh-n mh-p mh-q mh-s mh-t mh-u\"><a class=\"x-anchor x-anchor-button e17-e22 mh-2n\" tabindex=\"0\" href=\"https:\/\/comitati.fisi.org\/liguria\/blog\/2026\/02\/27\/ordine-di-partenza-rq-di-gigante_limone-p-28-02-2026\/\"><div class=\"x-anchor-content\"><div class=\"x-anchor-text\"><span class=\"x-anchor-text-primary\">Leggi di pi\u00f9<\/span><\/div><\/div><\/a><\/div><div class=\"x-col e17-e23 mh-n mh-p mh-q mh-s mh-t mh-v\"><div class=\"x-div e17-e24 mh-x mh-y mh-z mh-10 mh-11 mh-12 mh-15 mh-16 mh-17 mh-18\"><a class=\"x-div e17-e25 mh-x mh-11 mh-12 mh-15 mh-19 mh-1a mh-1b\" href=\"#prev\" data-x-effect-provider=\"colors particles effects\" data-x-slide-prev=\"\"><i class=\"x-icon e17-e26 mh-2o\" aria-hidden=\"true\" data-x-icon-s=\"&#xf104;\"><\/i><\/a><a class=\"x-div e17-e27 mh-x mh-y mh-11 mh-12 mh-15 mh-19 mh-1a mh-1c\" href=\"#next\" data-x-effect-provider=\"colors particles effects\" data-x-slide-next=\"\"><i class=\"x-icon e17-e28 mh-2o\" aria-hidden=\"true\" data-x-icon-s=\"&#xf105;\"><\/i><\/a><\/div><\/div><\/div><\/div><\/div><\/div><div class=\"x-slide e17-e16 mh-1h mh-1j\" data-x-slide=\"\"><div class=\"x-bg\" aria-hidden=\"true\"><div class=\"x-bg-layer-lower-image\" style=\" background-image: url(https:\/\/comitati.fisi.org\/liguria\/wp-content\/uploads\/sites\/35\/2025\/04\/Coppa-Liguria.jpg); background-repeat: no-repeat; background-position: center; background-size: cover;\"><\/div><div class=\"x-bg-layer-upper-color\" style=\" background-color: rgba(255, 255, 255, 0.1);\"><\/div><\/div><div class=\"x-div e17-e17 mh-x mh-y mh-z mh-13 mh-14\"><div class=\"x-text x-text-headline e17-e18 mh-1k mh-1l mh-1m mh-1n mh-1u mh-1w mh-1x mh-1y mh-1z\"><div class=\"x-text-content\"><div class=\"x-text-content-text\"><span class=\"x-text-content-text-primary\">CLASSIFICHE CR di SLALOM _ Entracque 27\/02\/2026<\/span><\/div><\/div><\/div><div class=\"x-text x-text-headline e17-e19 mh-1l mh-1m mh-1n mh-1u mh-1x mh-1y mh-20 mh-21 mh-22\"><div class=\"x-text-content\"><div class=\"x-text-content-text\"><span class=\"x-text-content-text-primary\">Si riportano le Classifiche dello SLALOM disputato a Entracque oggi Venerd\u00ec 27\/02\/2026. 3_CLASSIFICA UFFICIALE RAG.-ALL._SLALOM_Entracque 27.02.2026 4_CLASSIFICA UFFICIALE PULCINI_SLALOM_Entracque 27.02.2026 \u00a0 \u00a0 \u00a0 \u00a0 \u00a0...<\/span><\/div><\/div><\/div><div class=\"x-row e17-e20 mh-7 mh-a mh-b mh-e mh-h\"><div class=\"x-row-inner\"><div class=\"x-col e17-e21 mh-n mh-p mh-q mh-s mh-t mh-u\"><a class=\"x-anchor x-anchor-button e17-e22 mh-2n\" tabindex=\"0\" href=\"https:\/\/comitati.fisi.org\/liguria\/blog\/2026\/02\/27\/classifiche-cr-di-slalom-_-entracque-27-02-2026\/\"><div class=\"x-anchor-content\"><div class=\"x-anchor-text\"><span class=\"x-anchor-text-primary\">Leggi di pi\u00f9<\/span><\/div><\/div><\/a><\/div><div class=\"x-col e17-e23 mh-n mh-p mh-q mh-s mh-t mh-v\"><div class=\"x-div e17-e24 mh-x mh-y mh-z mh-10 mh-11 mh-12 mh-15 mh-16 mh-17 mh-18\"><a class=\"x-div e17-e25 mh-x mh-11 mh-12 mh-15 mh-19 mh-1a mh-1b\" href=\"#prev\" data-x-effect-provider=\"colors particles effects\" data-x-slide-prev=\"\"><i class=\"x-icon e17-e26 mh-2o\" aria-hidden=\"true\" data-x-icon-s=\"&#xf104;\"><\/i><\/a><a class=\"x-div e17-e27 mh-x mh-y mh-11 mh-12 mh-15 mh-19 mh-1a mh-1c\" href=\"#next\" data-x-effect-provider=\"colors particles effects\" data-x-slide-next=\"\"><i class=\"x-icon e17-e28 mh-2o\" aria-hidden=\"true\" data-x-icon-s=\"&#xf105;\"><\/i><\/a><\/div><\/div><\/div><\/div><\/div><\/div><div class=\"x-slide e17-e16 mh-1h mh-1j\" data-x-slide=\"\"><div class=\"x-bg\" aria-hidden=\"true\"><div class=\"x-bg-layer-lower-image\" style=\" background-image: url(https:\/\/comitati.fisi.org\/liguria\/wp-content\/uploads\/sites\/35\/2025\/04\/Coppa-Liguria.jpg); background-repeat: no-repeat; background-position: center; background-size: cover;\"><\/div><div class=\"x-bg-layer-upper-color\" style=\" background-color: rgba(255, 255, 255, 0.1);\"><\/div><\/div><div class=\"x-div e17-e17 mh-x mh-y mh-z mh-13 mh-14\"><div class=\"x-text x-text-headline e17-e18 mh-1k mh-1l mh-1m mh-1n mh-1u mh-1w mh-1x mh-1y mh-1z\"><div class=\"x-text-content\"><div class=\"x-text-content-text\"><span class=\"x-text-content-text-primary\">ORDINE DI PARTENZA CR SLALOM Entracque 27\/02\/2026<\/span><\/div><\/div><\/div><div class=\"x-text x-text-headline e17-e19 mh-1l mh-1m mh-1n mh-1u mh-1x mh-1y mh-20 mh-21 mh-22\"><div class=\"x-text-content\"><div class=\"x-text-content-text\"><span class=\"x-text-content-text-primary\">Si pubblica l&#8217;ORDINE di PARTENZA dello Slalom Speciale di domani Venerd\u00ec 27\/02\/2026 a Entracque, valido per il titolo regionale Pulcini e Children. &#8212;&#8212;&gt; 11_ORDINE DI...<\/span><\/div><\/div><\/div><div class=\"x-row e17-e20 mh-7 mh-a mh-b mh-e mh-h\"><div class=\"x-row-inner\"><div class=\"x-col e17-e21 mh-n mh-p mh-q mh-s mh-t mh-u\"><a class=\"x-anchor x-anchor-button e17-e22 mh-2n\" tabindex=\"0\" href=\"https:\/\/comitati.fisi.org\/liguria\/blog\/2026\/02\/26\/ordine-di-partenza-cr-slalom-entracque-27-02-2026\/\"><div class=\"x-anchor-content\"><div class=\"x-anchor-text\"><span class=\"x-anchor-text-primary\">Leggi di pi\u00f9<\/span><\/div><\/div><\/a><\/div><div class=\"x-col e17-e23 mh-n mh-p mh-q mh-s mh-t mh-v\"><div class=\"x-div e17-e24 mh-x mh-y mh-z mh-10 mh-11 mh-12 mh-15 mh-16 mh-17 mh-18\"><a class=\"x-div e17-e25 mh-x mh-11 mh-12 mh-15 mh-19 mh-1a mh-1b\" href=\"#prev\" data-x-effect-provider=\"colors particles effects\" data-x-slide-prev=\"\"><i class=\"x-icon e17-e26 mh-2o\" aria-hidden=\"true\" data-x-icon-s=\"&#xf104;\"><\/i><\/a><a class=\"x-div e17-e27 mh-x mh-y mh-11 mh-12 mh-15 mh-19 mh-1a mh-1c\" href=\"#next\" data-x-effect-provider=\"colors particles effects\" data-x-slide-next=\"\"><i class=\"x-icon e17-e28 mh-2o\" aria-hidden=\"true\" data-x-icon-s=\"&#xf105;\"><\/i><\/a><\/div><\/div><\/div><\/div><\/div><\/div><div class=\"x-slide e17-e16 mh-1h mh-1j\" data-x-slide=\"\"><div class=\"x-bg\" aria-hidden=\"true\"><div class=\"x-bg-layer-lower-image\" style=\" background-image: url(https:\/\/comitati.fisi.org\/liguria\/wp-content\/uploads\/sites\/35\/2025\/04\/Coppa-Liguria.jpg); background-repeat: no-repeat; background-position: center; background-size: cover;\"><\/div><div class=\"x-bg-layer-upper-color\" style=\" background-color: rgba(255, 255, 255, 0.1);\"><\/div><\/div><div class=\"x-div e17-e17 mh-x mh-y mh-z mh-13 mh-14\"><div class=\"x-text x-text-headline e17-e18 mh-1k mh-1l mh-1m mh-1n mh-1u mh-1w mh-1x mh-1y mh-1z\"><div class=\"x-text-content\"><div class=\"x-text-content-text\"><span class=\"x-text-content-text-primary\">REGOLAMENTO GARA GS di Sabato 28 Febbraio a Limone Piemonte<\/span><\/div><\/div><\/div><div class=\"x-text x-text-headline e17-e19 mh-1l mh-1m mh-1n mh-1u mh-1x mh-1y mh-20 mh-21 mh-22\"><div class=\"x-text-content\"><div class=\"x-text-content-text\"><span class=\"x-text-content-text-primary\">Si riporta di seguito il Regolamento Gara per la prova di Gigante a Limone Piemonte valevole per la qualificazione al Tr. Alpe Cimbra. Regolamento &#8212;-&gt;...<\/span><\/div><\/div><\/div><div class=\"x-row e17-e20 mh-7 mh-a mh-b mh-e mh-h\"><div class=\"x-row-inner\"><div class=\"x-col e17-e21 mh-n mh-p mh-q mh-s mh-t mh-u\"><a class=\"x-anchor x-anchor-button e17-e22 mh-2n\" tabindex=\"0\" href=\"https:\/\/comitati.fisi.org\/liguria\/blog\/2026\/02\/25\/regolamento-gara-gs-di-sabato-28-febbraio-a-limone-piemonte\/\"><div class=\"x-anchor-content\"><div class=\"x-anchor-text\"><span class=\"x-anchor-text-primary\">Leggi di pi\u00f9<\/span><\/div><\/div><\/a><\/div><div class=\"x-col e17-e23 mh-n mh-p mh-q mh-s mh-t mh-v\"><div class=\"x-div e17-e24 mh-x mh-y mh-z mh-10 mh-11 mh-12 mh-15 mh-16 mh-17 mh-18\"><a class=\"x-div e17-e25 mh-x mh-11 mh-12 mh-15 mh-19 mh-1a mh-1b\" href=\"#prev\" data-x-effect-provider=\"colors particles effects\" data-x-slide-prev=\"\"><i class=\"x-icon e17-e26 mh-2o\" aria-hidden=\"true\" data-x-icon-s=\"&#xf104;\"><\/i><\/a><a class=\"x-div e17-e27 mh-x mh-y mh-11 mh-12 mh-15 mh-19 mh-1a mh-1c\" href=\"#next\" data-x-effect-provider=\"colors particles effects\" data-x-slide-next=\"\"><i class=\"x-icon e17-e28 mh-2o\" aria-hidden=\"true\" data-x-icon-s=\"&#xf105;\"><\/i><\/a><\/div><\/div><\/div><\/div><\/div><\/div><div class=\"x-slide e17-e16 mh-1h mh-1j\" data-x-slide=\"\"><div class=\"x-bg\" aria-hidden=\"true\"><div class=\"x-bg-layer-lower-image\" style=\" background-image: url(https:\/\/comitati.fisi.org\/liguria\/wp-content\/uploads\/sites\/35\/2025\/04\/Coppa-Liguria.jpg); background-repeat: no-repeat; background-position: center; background-size: cover;\"><\/div><div class=\"x-bg-layer-upper-color\" style=\" background-color: rgba(255, 255, 255, 0.1);\"><\/div><\/div><div class=\"x-div e17-e17 mh-x mh-y mh-z mh-13 mh-14\"><div class=\"x-text x-text-headline e17-e18 mh-1k mh-1l mh-1m mh-1n mh-1u mh-1w mh-1x mh-1y mh-1z\"><div class=\"x-text-content\"><div class=\"x-text-content-text\"><span class=\"x-text-content-text-primary\">REGOLAMENTO GARA CR PUL e CHI di Slalom Speciale &#8211; Entracque 27\/02\/2026<\/span><\/div><\/div><\/div><div class=\"x-text x-text-headline e17-e19 mh-1l mh-1m mh-1n mh-1u mh-1x mh-1y mh-20 mh-21 mh-22\"><div class=\"x-text-content\"><div class=\"x-text-content-text\"><span class=\"x-text-content-text-primary\">Si riporta il REGOLAMENTO GARA del 1\u00b0 Trofeo Sci Club Entracque, a Entracque Venerd\u00ec 27 Febbraio p.v., prova di Slalom Speciale valevole quale CR Pulcini...<\/span><\/div><\/div><\/div><div class=\"x-row e17-e20 mh-7 mh-a mh-b mh-e mh-h\"><div class=\"x-row-inner\"><div class=\"x-col e17-e21 mh-n mh-p mh-q mh-s mh-t mh-u\"><a class=\"x-anchor x-anchor-button e17-e22 mh-2n\" tabindex=\"0\" href=\"https:\/\/comitati.fisi.org\/liguria\/blog\/2026\/02\/23\/regolamento-gara-cr-pul-e-chi-di-slalom-speciale-entracque-27-02-2026\/\"><div class=\"x-anchor-content\"><div class=\"x-anchor-text\"><span class=\"x-anchor-text-primary\">Leggi di pi\u00f9<\/span><\/div><\/div><\/a><\/div><div class=\"x-col e17-e23 mh-n mh-p mh-q mh-s mh-t mh-v\"><div class=\"x-div e17-e24 mh-x mh-y mh-z mh-10 mh-11 mh-12 mh-15 mh-16 mh-17 mh-18\"><a class=\"x-div e17-e25 mh-x mh-11 mh-12 mh-15 mh-19 mh-1a mh-1b\" href=\"#prev\" data-x-effect-provider=\"colors particles effects\" data-x-slide-prev=\"\"><i class=\"x-icon e17-e26 mh-2o\" aria-hidden=\"true\" data-x-icon-s=\"&#xf104;\"><\/i><\/a><a class=\"x-div e17-e27 mh-x mh-y mh-11 mh-12 mh-15 mh-19 mh-1a mh-1c\" href=\"#next\" data-x-effect-provider=\"colors particles effects\" data-x-slide-next=\"\"><i class=\"x-icon e17-e28 mh-2o\" aria-hidden=\"true\" data-x-icon-s=\"&#xf105;\"><\/i><\/a><\/div><\/div><\/div><\/div><\/div><\/div><div class=\"x-slide e17-e16 mh-1h mh-1j\" data-x-slide=\"\"><div class=\"x-bg\" aria-hidden=\"true\"><div class=\"x-bg-layer-lower-image\" style=\" background-image: url(https:\/\/comitati.fisi.org\/liguria\/wp-content\/uploads\/sites\/35\/2025\/04\/Coppa-Liguria.jpg); background-repeat: no-repeat; background-position: center; background-size: cover;\"><\/div><div class=\"x-bg-layer-upper-color\" style=\" background-color: rgba(255, 255, 255, 0.1);\"><\/div><\/div><div class=\"x-div e17-e17 mh-x mh-y mh-z mh-13 mh-14\"><div class=\"x-text x-text-headline e17-e18 mh-1k mh-1l mh-1m mh-1n mh-1u mh-1w mh-1x mh-1y mh-1z\"><div class=\"x-text-content\"><div class=\"x-text-content-text\"><span class=\"x-text-content-text-primary\">COMUNICAZIONE RECUPERI di CALENDARIO ZONALE &#8211; Qualificazione Tr. Alpe Cimbra &#8211; CR di Slalom Speciale PUL e CHI<\/span><\/div><\/div><\/div><div class=\"x-text x-text-headline e17-e19 mh-1l mh-1m mh-1n mh-1u mh-1x mh-1y mh-20 mh-21 mh-22\"><div class=\"x-text-content\"><div class=\"x-text-content-text\"><span class=\"x-text-content-text-primary\">COMUNICATO RECUPERI GARE CIRCUITO ZONALE \u2013 COPPA LIGURIA Venerd\u00ec 27 Febbraio 2026, Entracque (CN), Recupero dello Slalom Speciale del 06\/02\/2026, valevole come CR_CHI e CR_PUL...<\/span><\/div><\/div><\/div><div class=\"x-row e17-e20 mh-7 mh-a mh-b mh-e mh-h\"><div class=\"x-row-inner\"><div class=\"x-col e17-e21 mh-n mh-p mh-q mh-s mh-t mh-u\"><a class=\"x-anchor x-anchor-button e17-e22 mh-2n\" tabindex=\"0\" href=\"https:\/\/comitati.fisi.org\/liguria\/blog\/2026\/02\/22\/comunicazione-recuperi-di-calendario-zonale-qualificazione-tr-alpe-cimbra-cr-di-slalom-speciale-pul-e-chi\/\"><div class=\"x-anchor-content\"><div class=\"x-anchor-text\"><span class=\"x-anchor-text-primary\">Leggi di pi\u00f9<\/span><\/div><\/div><\/a><\/div><div class=\"x-col e17-e23 mh-n mh-p mh-q mh-s mh-t mh-v\"><div class=\"x-div e17-e24 mh-x mh-y mh-z mh-10 mh-11 mh-12 mh-15 mh-16 mh-17 mh-18\"><a class=\"x-div e17-e25 mh-x mh-11 mh-12 mh-15 mh-19 mh-1a mh-1b\" href=\"#prev\" data-x-effect-provider=\"colors particles effects\" data-x-slide-prev=\"\"><i class=\"x-icon e17-e26 mh-2o\" aria-hidden=\"true\" data-x-icon-s=\"&#xf104;\"><\/i><\/a><a class=\"x-div e17-e27 mh-x mh-y mh-11 mh-12 mh-15 mh-19 mh-1a mh-1c\" href=\"#next\" data-x-effect-provider=\"colors particles effects\" data-x-slide-next=\"\"><i class=\"x-icon e17-e28 mh-2o\" aria-hidden=\"true\" data-x-icon-s=\"&#xf105;\"><\/i><\/a><\/div><\/div><\/div><\/div><\/div><\/div><div class=\"x-slide e17-e16 mh-1h mh-1j\" data-x-slide=\"\"><div class=\"x-bg\" aria-hidden=\"true\"><div class=\"x-bg-layer-lower-image\" style=\" background-image: url(https:\/\/comitati.fisi.org\/liguria\/wp-content\/uploads\/sites\/35\/2025\/04\/Coppa-Liguria.jpg); background-repeat: no-repeat; background-position: center; background-size: cover;\"><\/div><div class=\"x-bg-layer-upper-color\" style=\" background-color: rgba(255, 255, 255, 0.1);\"><\/div><\/div><div class=\"x-div e17-e17 mh-x mh-y mh-z mh-13 mh-14\"><div class=\"x-text x-text-headline e17-e18 mh-1k mh-1l mh-1m mh-1n mh-1u mh-1w mh-1x mh-1y mh-1z\"><div class=\"x-text-content\"><div class=\"x-text-content-text\"><span class=\"x-text-content-text-primary\">Classifiche FLIPPER a Saint Gre\u00e8 di Viola<\/span><\/div><\/div><\/div><div class=\"x-text x-text-headline e17-e19 mh-1l mh-1m mh-1n mh-1u mh-1x mh-1y mh-20 mh-21 mh-22\"><div class=\"x-text-content\"><div class=\"x-text-content-text\"><span class=\"x-text-content-text-primary\">Si riportano le classifiche del Nuovo Format\u00a0 FLIPPER Pulcini, disputato in tre manche a Saint Gre\u00e8 di Viola. 4-CLASSIFICA_PRIMA-MANCHE 5-CLASSIFICA_SECONDA-MANCHE 6-CLASSIFICA_TERZA-MANCHE...<\/span><\/div><\/div><\/div><div class=\"x-row e17-e20 mh-7 mh-a mh-b mh-e mh-h\"><div class=\"x-row-inner\"><div class=\"x-col e17-e21 mh-n mh-p mh-q mh-s mh-t mh-u\"><a class=\"x-anchor x-anchor-button e17-e22 mh-2n\" tabindex=\"0\" href=\"https:\/\/comitati.fisi.org\/liguria\/blog\/2026\/02\/21\/classifiche-flipper-a-saint-gree-di-viola\/\"><div class=\"x-anchor-content\"><div class=\"x-anchor-text\"><span class=\"x-anchor-text-primary\">Leggi di pi\u00f9<\/span><\/div><\/div><\/a><\/div><div class=\"x-col e17-e23 mh-n mh-p mh-q mh-s mh-t mh-v\"><div class=\"x-div e17-e24 mh-x mh-y mh-z mh-10 mh-11 mh-12 mh-15 mh-16 mh-17 mh-18\"><a class=\"x-div e17-e25 mh-x mh-11 mh-12 mh-15 mh-19 mh-1a mh-1b\" href=\"#prev\" data-x-effect-provider=\"colors particles effects\" data-x-slide-prev=\"\"><i class=\"x-icon e17-e26 mh-2o\" aria-hidden=\"true\" data-x-icon-s=\"&#xf104;\"><\/i><\/a><a class=\"x-div e17-e27 mh-x mh-y mh-11 mh-12 mh-15 mh-19 mh-1a mh-1c\" href=\"#next\" data-x-effect-provider=\"colors particles effects\" data-x-slide-next=\"\"><i class=\"x-icon e17-e28 mh-2o\" aria-hidden=\"true\" data-x-icon-s=\"&#xf105;\"><\/i><\/a><\/div><\/div><\/div><\/div><\/div><\/div><div class=\"x-slide e17-e16 mh-1h mh-1j\" data-x-slide=\"\"><div class=\"x-bg\" aria-hidden=\"true\"><div class=\"x-bg-layer-lower-image\" style=\" background-image: url(https:\/\/comitati.fisi.org\/liguria\/wp-content\/uploads\/sites\/35\/2025\/04\/Coppa-Liguria.jpg); background-repeat: no-repeat; background-position: center; background-size: cover;\"><\/div><div class=\"x-bg-layer-upper-color\" style=\" background-color: rgba(255, 255, 255, 0.1);\"><\/div><\/div><div class=\"x-div e17-e17 mh-x mh-y mh-z mh-13 mh-14\"><div class=\"x-text x-text-headline e17-e18 mh-1k mh-1l mh-1m mh-1n mh-1u mh-1w mh-1x mh-1y mh-1z\"><div class=\"x-text-content\"><div class=\"x-text-content-text\"><span class=\"x-text-content-text-primary\">Regolamento Nuovo Format Sabato 21 Febbraio a SaintGre\u00e9 di Viola &#8211; Categoria Pulcini<\/span><\/div><\/div><\/div><div class=\"x-text x-text-headline e17-e19 mh-1l mh-1m mh-1n mh-1u mh-1x mh-1y mh-20 mh-21 mh-22\"><div class=\"x-text-content\"><div class=\"x-text-content-text\"><span class=\"x-text-content-text-primary\">Si riporta il Regolamento del Nuovo Format Categoria PULCINI, in programma Sanato 21 Febbraio p.v. a Saint Gre\u00e9 di Viola REGOLAMENTO GARA NUOVO FORMAT 21.02.2026...<\/span><\/div><\/div><\/div><div class=\"x-row e17-e20 mh-7 mh-a mh-b mh-e mh-h\"><div class=\"x-row-inner\"><div class=\"x-col e17-e21 mh-n mh-p mh-q mh-s mh-t mh-u\"><a class=\"x-anchor x-anchor-button e17-e22 mh-2n\" tabindex=\"0\" href=\"https:\/\/comitati.fisi.org\/liguria\/blog\/2026\/02\/17\/regolamento-nuovo-format-sabato-21-febbraio-a-saintgree-di-viola-categoria-pulcini\/\"><div class=\"x-anchor-content\"><div class=\"x-anchor-text\"><span class=\"x-anchor-text-primary\">Leggi di pi\u00f9<\/span><\/div><\/div><\/a><\/div><div class=\"x-col e17-e23 mh-n mh-p mh-q mh-s mh-t mh-v\"><div class=\"x-div e17-e24 mh-x mh-y mh-z mh-10 mh-11 mh-12 mh-15 mh-16 mh-17 mh-18\"><a class=\"x-div e17-e25 mh-x mh-11 mh-12 mh-15 mh-19 mh-1a mh-1b\" href=\"#prev\" data-x-effect-provider=\"colors particles effects\" data-x-slide-prev=\"\"><i class=\"x-icon e17-e26 mh-2o\" aria-hidden=\"true\" data-x-icon-s=\"&#xf104;\"><\/i><\/a><a class=\"x-div e17-e27 mh-x mh-y mh-11 mh-12 mh-15 mh-19 mh-1a mh-1c\" href=\"#next\" data-x-effect-provider=\"colors particles effects\" data-x-slide-next=\"\"><i class=\"x-icon e17-e28 mh-2o\" aria-hidden=\"true\" data-x-icon-s=\"&#xf105;\"><\/i><\/a><\/div><\/div><\/div><\/div><\/div><\/div><div class=\"x-slide e17-e16 mh-1h mh-1j\" data-x-slide=\"\"><div class=\"x-bg\" aria-hidden=\"true\"><div class=\"x-bg-layer-lower-image\" style=\" background-image: url(https:\/\/comitati.fisi.org\/liguria\/wp-content\/uploads\/sites\/35\/2026\/02\/WhatsApp-Image-2026-02-15-at-09.31.39.jpeg); background-repeat: no-repeat; background-position: center; background-size: cover;\"><\/div><div class=\"x-bg-layer-upper-color\" style=\" background-color: rgba(255, 255, 255, 0.1);\"><\/div><\/div><div class=\"x-div e17-e17 mh-x mh-y mh-z mh-13 mh-14\"><div class=\"x-text x-text-headline e17-e18 mh-1k mh-1l mh-1m mh-1n mh-1u mh-1w mh-1x mh-1y mh-1z\"><div class=\"x-text-content\"><div class=\"x-text-content-text\"><span class=\"x-text-content-text-primary\">Disputata la COPPA KLEUDGEN-ACQUARONE 2026- Memorial Marco Scrimaglio<\/span><\/div><\/div><\/div><div class=\"x-text x-text-headline e17-e19 mh-1l mh-1m mh-1n mh-1u mh-1x mh-1y mh-20 mh-21 mh-22\"><div class=\"x-text-content\"><div class=\"x-text-content-text\"><span class=\"x-text-content-text-primary\">Ottima riuscita della prova di Sci Alpinismo &#8220;COPPA KLEUDGEN-ACQUARONE 2026- Memorial Marco Scrimaglio&#8221;, disputata a Upega in condizioni ottimali. Si riporta la Classifica CLASSIFICA UFFICIALE-Coppa...<\/span><\/div><\/div><\/div><div class=\"x-row e17-e20 mh-7 mh-a mh-b mh-e mh-h\"><div class=\"x-row-inner\"><div class=\"x-col e17-e21 mh-n mh-p mh-q mh-s mh-t mh-u\"><a class=\"x-anchor x-anchor-button e17-e22 mh-2n\" tabindex=\"0\" href=\"https:\/\/comitati.fisi.org\/liguria\/blog\/2026\/02\/15\/disputata-la-coppa-kleudgen-acquarone-2026-memorial-marco-scrimaglio\/\"><div class=\"x-anchor-content\"><div class=\"x-anchor-text\"><span class=\"x-anchor-text-primary\">Leggi di pi\u00f9<\/span><\/div><\/div><\/a><\/div><div class=\"x-col e17-e23 mh-n mh-p mh-q mh-s mh-t mh-v\"><div class=\"x-div e17-e24 mh-x mh-y mh-z mh-10 mh-11 mh-12 mh-15 mh-16 mh-17 mh-18\"><a class=\"x-div e17-e25 mh-x mh-11 mh-12 mh-15 mh-19 mh-1a mh-1b\" href=\"#prev\" data-x-effect-provider=\"colors particles effects\" data-x-slide-prev=\"\"><i class=\"x-icon e17-e26 mh-2o\" aria-hidden=\"true\" data-x-icon-s=\"&#xf104;\"><\/i><\/a><a class=\"x-div e17-e27 mh-x mh-y mh-11 mh-12 mh-15 mh-19 mh-1a mh-1c\" href=\"#next\" data-x-effect-provider=\"colors particles effects\" data-x-slide-next=\"\"><i class=\"x-icon e17-e28 mh-2o\" aria-hidden=\"true\" data-x-icon-s=\"&#xf105;\"><\/i><\/a><\/div><\/div><\/div><\/div><\/div><\/div><div class=\"x-slide e17-e16 mh-1h mh-1j\" data-x-slide=\"\"><div class=\"x-bg\" aria-hidden=\"true\"><div class=\"x-bg-layer-lower-image\" style=\" background-image: url(https:\/\/comitati.fisi.org\/liguria\/wp-content\/uploads\/sites\/35\/2024\/06\/fisi-icona-freestyle.png); background-repeat: no-repeat; background-position: center; background-size: cover;\"><\/div><div class=\"x-bg-layer-upper-color\" style=\" background-color: rgba(255, 255, 255, 0.1);\"><\/div><\/div><div class=\"x-div e17-e17 mh-x mh-y mh-z mh-13 mh-14\"><div class=\"x-text x-text-headline e17-e18 mh-1k mh-1l mh-1m mh-1n mh-1u mh-1w mh-1x mh-1y mh-1z\"><div class=\"x-text-content\"><div class=\"x-text-content-text\"><span class=\"x-text-content-text-primary\">Freeski Liguria Classifica Slope Style &#8211; Limone P. 15\/02\/2026<\/span><\/div><\/div><\/div><div class=\"x-text x-text-headline e17-e19 mh-1l mh-1m mh-1n mh-1u mh-1x mh-1y mh-20 mh-21 mh-22\"><div class=\"x-text-content\"><div class=\"x-text-content-text\"><span class=\"x-text-content-text-primary\">Disputata la prova di Freeski Slope Style a Calendario zonale del Comitato Ligure a Limone Piemonte con una ricca partecipazione di atleti Liguri. 57607_Classifica_Freeski Slope...<\/span><\/div><\/div><\/div><div class=\"x-row e17-e20 mh-7 mh-a mh-b mh-e mh-h\"><div class=\"x-row-inner\"><div class=\"x-col e17-e21 mh-n mh-p mh-q mh-s mh-t mh-u\"><a class=\"x-anchor x-anchor-button e17-e22 mh-2n\" tabindex=\"0\" href=\"https:\/\/comitati.fisi.org\/liguria\/blog\/2026\/02\/15\/freeski-liguria-classifica-slope-style-limone-p-15-02-2026\/\"><div class=\"x-anchor-content\"><div class=\"x-anchor-text\"><span class=\"x-anchor-text-primary\">Leggi di pi\u00f9<\/span><\/div><\/div><\/a><\/div><div class=\"x-col e17-e23 mh-n mh-p mh-q mh-s mh-t mh-v\"><div class=\"x-div e17-e24 mh-x mh-y mh-z mh-10 mh-11 mh-12 mh-15 mh-16 mh-17 mh-18\"><a class=\"x-div e17-e25 mh-x mh-11 mh-12 mh-15 mh-19 mh-1a mh-1b\" href=\"#prev\" data-x-effect-provider=\"colors particles effects\" data-x-slide-prev=\"\"><i class=\"x-icon e17-e26 mh-2o\" aria-hidden=\"true\" data-x-icon-s=\"&#xf104;\"><\/i><\/a><a class=\"x-div e17-e27 mh-x mh-y mh-11 mh-12 mh-15 mh-19 mh-1a mh-1c\" href=\"#next\" data-x-effect-provider=\"colors particles effects\" data-x-slide-next=\"\"><i class=\"x-icon e17-e28 mh-2o\" aria-hidden=\"true\" data-x-icon-s=\"&#xf105;\"><\/i><\/a><\/div><\/div><\/div><\/div><\/div><\/div><div class=\"x-slide e17-e16 mh-1h mh-1j\" data-x-slide=\"\"><div class=\"x-bg\" aria-hidden=\"true\"><div class=\"x-bg-layer-lower-image\" style=\" background-image: url(https:\/\/comitati.fisi.org\/liguria\/wp-content\/uploads\/sites\/35\/2024\/05\/Alba-DeSilvestri-2022-1068x584-1.jpg); background-repeat: no-repeat; background-position: center; background-size: cover;\"><\/div><div class=\"x-bg-layer-upper-color\" style=\" background-color: rgba(255, 255, 255, 0.1);\"><\/div><\/div><div class=\"x-div e17-e17 mh-x mh-y mh-z mh-13 mh-14\"><div class=\"x-text x-text-headline e17-e18 mh-1k mh-1l mh-1m mh-1n mh-1u mh-1w mh-1x mh-1y mh-1z\"><div class=\"x-text-content\"><div class=\"x-text-content-text\"><span class=\"x-text-content-text-primary\">COPPA KLEUDGEN-ACQUARONE 2026- Memorial Marco Scrimaglio &#8211; Domenica 15 Febbraio 2026<\/span><\/div><\/div><\/div><div class=\"x-text x-text-headline e17-e19 mh-1l mh-1m mh-1n mh-1u mh-1x mh-1y mh-20 mh-21 mh-22\"><div class=\"x-text-content\"><div class=\"x-text-content-text\"><span class=\"x-text-content-text-primary\">Di seguito i partecipanti alla Coppa Kleudgen &#8211; Acquarone 2026 e Memorial Marco Scrimaglio di domani Domenica 15 febbraio in localit\u00e0 Upega. 57598_iscrizioni_Upega_15.02.2026_COPPA KLEUDGEN-ACQUARONE 2026-...<\/span><\/div><\/div><\/div><div class=\"x-row e17-e20 mh-7 mh-a mh-b mh-e mh-h\"><div class=\"x-row-inner\"><div class=\"x-col e17-e21 mh-n mh-p mh-q mh-s mh-t mh-u\"><a class=\"x-anchor x-anchor-button e17-e22 mh-2n\" tabindex=\"0\" href=\"https:\/\/comitati.fisi.org\/liguria\/blog\/2026\/02\/14\/coppa-kleudgen-acquarone-2026-memorial-marco-scrimaglio-domenica-15-febbraio-2026\/\"><div class=\"x-anchor-content\"><div class=\"x-anchor-text\"><span class=\"x-anchor-text-primary\">Leggi di pi\u00f9<\/span><\/div><\/div><\/a><\/div><div class=\"x-col e17-e23 mh-n mh-p mh-q mh-s mh-t mh-v\"><div class=\"x-div e17-e24 mh-x mh-y mh-z mh-10 mh-11 mh-12 mh-15 mh-16 mh-17 mh-18\"><a class=\"x-div e17-e25 mh-x mh-11 mh-12 mh-15 mh-19 mh-1a mh-1b\" href=\"#prev\" data-x-effect-provider=\"colors particles effects\" data-x-slide-prev=\"\"><i class=\"x-icon e17-e26 mh-2o\" aria-hidden=\"true\" data-x-icon-s=\"&#xf104;\"><\/i><\/a><a class=\"x-div e17-e27 mh-x mh-y mh-11 mh-12 mh-15 mh-19 mh-1a mh-1c\" href=\"#next\" data-x-effect-provider=\"colors particles effects\" data-x-slide-next=\"\"><i class=\"x-icon e17-e28 mh-2o\" aria-hidden=\"true\" data-x-icon-s=\"&#xf105;\"><\/i><\/a><\/div><\/div><\/div><\/div><\/div><\/div><div class=\"x-slide e17-e16 mh-1h mh-1j\" data-x-slide=\"\"><div class=\"x-bg\" aria-hidden=\"true\"><div class=\"x-bg-layer-lower-image\" style=\" background-image: url(https:\/\/comitati.fisi.org\/liguria\/wp-content\/uploads\/sites\/35\/2026\/01\/WhatsApp-Image-2026-01-06-at-16.13.28-9.jpeg); background-repeat: no-repeat; background-position: center; background-size: cover;\"><\/div><div class=\"x-bg-layer-upper-color\" style=\" background-color: rgba(255, 255, 255, 0.1);\"><\/div><\/div><div class=\"x-div e17-e17 mh-x mh-y mh-z mh-13 mh-14\"><div class=\"x-text x-text-headline e17-e18 mh-1k mh-1l mh-1m mh-1n mh-1u mh-1w mh-1x mh-1y mh-1z\"><div class=\"x-text-content\"><div class=\"x-text-content-text\"><span class=\"x-text-content-text-primary\">Ordine di Partenza Gara di Freeski Domenica 15 Febbraio 2026 a Limone Piemonte<\/span><\/div><\/div><\/div><div class=\"x-text x-text-headline e17-e19 mh-1l mh-1m mh-1n mh-1u mh-1x mh-1y mh-20 mh-21 mh-22\"><div class=\"x-text-content\"><div class=\"x-text-content-text\"><span class=\"x-text-content-text-primary\">Si riporta l&#8217;Ordine di partenza della gara FREESKI SLOPE STYLE del Comitato Ligure, di domani Domenica 15 Febbraio a Limone Piemonte. 57607_Ordine di partenza Freeski_Limone...<\/span><\/div><\/div><\/div><div class=\"x-row e17-e20 mh-7 mh-a mh-b mh-e mh-h\"><div class=\"x-row-inner\"><div class=\"x-col e17-e21 mh-n mh-p mh-q mh-s mh-t mh-u\"><a class=\"x-anchor x-anchor-button e17-e22 mh-2n\" tabindex=\"0\" href=\"https:\/\/comitati.fisi.org\/liguria\/blog\/2026\/02\/14\/ordine-di-partenza-gara-di-freeski-domenica-15-febbraio-2026-a-limone-piemonte\/\"><div class=\"x-anchor-content\"><div class=\"x-anchor-text\"><span class=\"x-anchor-text-primary\">Leggi di pi\u00f9<\/span><\/div><\/div><\/a><\/div><div class=\"x-col e17-e23 mh-n mh-p mh-q mh-s mh-t mh-v\"><div class=\"x-div e17-e24 mh-x mh-y mh-z mh-10 mh-11 mh-12 mh-15 mh-16 mh-17 mh-18\"><a class=\"x-div e17-e25 mh-x mh-11 mh-12 mh-15 mh-19 mh-1a mh-1b\" href=\"#prev\" data-x-effect-provider=\"colors particles effects\" data-x-slide-prev=\"\"><i class=\"x-icon e17-e26 mh-2o\" aria-hidden=\"true\" data-x-icon-s=\"&#xf104;\"><\/i><\/a><a class=\"x-div e17-e27 mh-x mh-y mh-11 mh-12 mh-15 mh-19 mh-1a mh-1c\" href=\"#next\" data-x-effect-provider=\"colors particles effects\" data-x-slide-next=\"\"><i class=\"x-icon e17-e28 mh-2o\" aria-hidden=\"true\" data-x-icon-s=\"&#xf105;\"><\/i><\/a><\/div><\/div><\/div><\/div><\/div><\/div><div class=\"x-slide e17-e16 mh-1h mh-1j\" data-x-slide=\"\"><div class=\"x-bg\" aria-hidden=\"true\"><div class=\"x-bg-layer-lower-image\" style=\" background-image: url(https:\/\/comitati.fisi.org\/liguria\/wp-content\/uploads\/sites\/35\/2025\/01\/GARA-RINVIATA.jpg); background-repeat: no-repeat; background-position: center; background-size: cover;\"><\/div><div class=\"x-bg-layer-upper-color\" style=\" background-color: rgba(255, 255, 255, 0.1);\"><\/div><\/div><div class=\"x-div e17-e17 mh-x mh-y mh-z mh-13 mh-14\"><div class=\"x-text x-text-headline e17-e18 mh-1k mh-1l mh-1m mh-1n mh-1u mh-1w mh-1x mh-1y mh-1z\"><div class=\"x-text-content\"><div class=\"x-text-content-text\"><span class=\"x-text-content-text-primary\">RINVIO del Gigante di Sabato 14 Febbraio a Lurisia<\/span><\/div><\/div><\/div><div class=\"x-text x-text-headline e17-e19 mh-1l mh-1m mh-1n mh-1u mh-1x mh-1y mh-20 mh-21 mh-22\"><div class=\"x-text-content\"><div class=\"x-text-content-text\"><span class=\"x-text-content-text-primary\">Causa le previsioni meteo che interesseranno le giornate di venerd\u00ec 13 e sabato 14 febbraio p.v., si comunica il RINVIO del Gigante in programma Sabato...<\/span><\/div><\/div><\/div><div class=\"x-row e17-e20 mh-7 mh-a mh-b mh-e mh-h\"><div class=\"x-row-inner\"><div class=\"x-col e17-e21 mh-n mh-p mh-q mh-s mh-t mh-u\"><a class=\"x-anchor x-anchor-button e17-e22 mh-2n\" tabindex=\"0\" href=\"https:\/\/comitati.fisi.org\/liguria\/blog\/2026\/02\/11\/rinvio-del-gigante-di-sabato-14-febbraio-a-lurisia\/\"><div class=\"x-anchor-content\"><div class=\"x-anchor-text\"><span class=\"x-anchor-text-primary\">Leggi di pi\u00f9<\/span><\/div><\/div><\/a><\/div><div class=\"x-col e17-e23 mh-n mh-p mh-q mh-s mh-t mh-v\"><div class=\"x-div e17-e24 mh-x mh-y mh-z mh-10 mh-11 mh-12 mh-15 mh-16 mh-17 mh-18\"><a class=\"x-div e17-e25 mh-x mh-11 mh-12 mh-15 mh-19 mh-1a mh-1b\" href=\"#prev\" data-x-effect-provider=\"colors particles effects\" data-x-slide-prev=\"\"><i class=\"x-icon e17-e26 mh-2o\" aria-hidden=\"true\" data-x-icon-s=\"&#xf104;\"><\/i><\/a><a class=\"x-div e17-e27 mh-x mh-y mh-11 mh-12 mh-15 mh-19 mh-1a mh-1c\" href=\"#next\" data-x-effect-provider=\"colors particles effects\" data-x-slide-next=\"\"><i class=\"x-icon e17-e28 mh-2o\" aria-hidden=\"true\" data-x-icon-s=\"&#xf105;\"><\/i><\/a><\/div><\/div><\/div><\/div><\/div><\/div><div class=\"x-slide e17-e16 mh-1h mh-1j\" data-x-slide=\"\"><div class=\"x-bg\" aria-hidden=\"true\"><div class=\"x-bg-layer-lower-image\" style=\" background-image: url(https:\/\/comitati.fisi.org\/liguria\/wp-content\/uploads\/sites\/35\/2026\/02\/Screenshot-2026-02-11-093339.png); background-repeat: no-repeat; background-position: center; background-size: cover;\"><\/div><div class=\"x-bg-layer-upper-color\" style=\" background-color: rgba(255, 255, 255, 0.1);\"><\/div><\/div><div class=\"x-div e17-e17 mh-x mh-y mh-z mh-13 mh-14\"><div class=\"x-text x-text-headline e17-e18 mh-1k mh-1l mh-1m mh-1n mh-1u mh-1w mh-1x mh-1y mh-1z\"><div class=\"x-text-content\"><div class=\"x-text-content-text\"><span class=\"x-text-content-text-primary\">PROGRAMMA INTERAPPENNINICO 2026 &#8211; Campo Felice \/ Ovindoli<\/span><\/div><\/div><\/div><div class=\"x-text x-text-headline e17-e19 mh-1l mh-1m mh-1n mh-1u mh-1x mh-1y mh-20 mh-21 mh-22\"><div class=\"x-text-content\"><div class=\"x-text-content-text\"><span class=\"x-text-content-text-primary\">Si riporta il Programma del Criterium Interappenninico 2026 che si svolger\u00e0 sulle nevi di Campo Felice \/ Ovindoli dal 17 al 20 Febbraio 2026. Circa...<\/span><\/div><\/div><\/div><div class=\"x-row e17-e20 mh-7 mh-a mh-b mh-e mh-h\"><div class=\"x-row-inner\"><div class=\"x-col e17-e21 mh-n mh-p mh-q mh-s mh-t mh-u\"><a class=\"x-anchor x-anchor-button e17-e22 mh-2n\" tabindex=\"0\" href=\"https:\/\/comitati.fisi.org\/liguria\/blog\/2026\/02\/11\/programma-interappenninico-2026-campo-felice-ovincoli\/\"><div class=\"x-anchor-content\"><div class=\"x-anchor-text\"><span class=\"x-anchor-text-primary\">Leggi di pi\u00f9<\/span><\/div><\/div><\/a><\/div><div class=\"x-col e17-e23 mh-n mh-p mh-q mh-s mh-t mh-v\"><div class=\"x-div e17-e24 mh-x mh-y mh-z mh-10 mh-11 mh-12 mh-15 mh-16 mh-17 mh-18\"><a class=\"x-div e17-e25 mh-x mh-11 mh-12 mh-15 mh-19 mh-1a mh-1b\" href=\"#prev\" data-x-effect-provider=\"colors particles effects\" data-x-slide-prev=\"\"><i class=\"x-icon e17-e26 mh-2o\" aria-hidden=\"true\" data-x-icon-s=\"&#xf104;\"><\/i><\/a><a class=\"x-div e17-e27 mh-x mh-y mh-11 mh-12 mh-15 mh-19 mh-1a mh-1c\" href=\"#next\" data-x-effect-provider=\"colors particles effects\" data-x-slide-next=\"\"><i class=\"x-icon e17-e28 mh-2o\" aria-hidden=\"true\" data-x-icon-s=\"&#xf105;\"><\/i><\/a><\/div><\/div><\/div><\/div><\/div><\/div><div class=\"x-slide e17-e16 mh-1h mh-1j\" data-x-slide=\"\"><div class=\"x-bg\" aria-hidden=\"true\"><div class=\"x-bg-layer-lower-image\" style=\" background-image: url(https:\/\/comitati.fisi.org\/liguria\/wp-content\/uploads\/sites\/35\/2026\/01\/WhatsApp-Image-2026-01-06-at-16.13.28-9.jpeg); background-repeat: no-repeat; background-position: center; background-size: cover;\"><\/div><div class=\"x-bg-layer-upper-color\" style=\" background-color: rgba(255, 255, 255, 0.1);\"><\/div><\/div><div class=\"x-div e17-e17 mh-x mh-y mh-z mh-13 mh-14\"><div class=\"x-text x-text-headline e17-e18 mh-1k mh-1l mh-1m mh-1n mh-1u mh-1w mh-1x mh-1y mh-1z\"><div class=\"x-text-content\"><div class=\"x-text-content-text\"><span class=\"x-text-content-text-primary\">Programma Gara di Freeski Domenica 15 Febbraio 2026 a Limone Piemonte<\/span><\/div><\/div><\/div><div class=\"x-text x-text-headline e17-e19 mh-1l mh-1m mh-1n mh-1u mh-1x mh-1y mh-20 mh-21 mh-22\"><div class=\"x-text-content\"><div class=\"x-text-content-text\"><span class=\"x-text-content-text-primary\">Si riporta il Programma Gara di Freeski aperta a tutti i Comitati, che si disputer\u00e0 Domenica 15 Febbraio p.v. a Limone Piemonte. programma_limone_15.02.2026 Limone P....<\/span><\/div><\/div><\/div><div class=\"x-row e17-e20 mh-7 mh-a mh-b mh-e mh-h\"><div class=\"x-row-inner\"><div class=\"x-col e17-e21 mh-n mh-p mh-q mh-s mh-t mh-u\"><a class=\"x-anchor x-anchor-button e17-e22 mh-2n\" tabindex=\"0\" href=\"https:\/\/comitati.fisi.org\/liguria\/blog\/2026\/02\/10\/programma-gara-di-freeski-domenica-15-febbraio-2026-a-limone-piemonte\/\"><div class=\"x-anchor-content\"><div class=\"x-anchor-text\"><span class=\"x-anchor-text-primary\">Leggi di pi\u00f9<\/span><\/div><\/div><\/a><\/div><div class=\"x-col e17-e23 mh-n mh-p mh-q mh-s mh-t mh-v\"><div class=\"x-div e17-e24 mh-x mh-y mh-z mh-10 mh-11 mh-12 mh-15 mh-16 mh-17 mh-18\"><a class=\"x-div e17-e25 mh-x mh-11 mh-12 mh-15 mh-19 mh-1a mh-1b\" href=\"#prev\" data-x-effect-provider=\"colors particles effects\" data-x-slide-prev=\"\"><i class=\"x-icon e17-e26 mh-2o\" aria-hidden=\"true\" data-x-icon-s=\"&#xf104;\"><\/i><\/a><a class=\"x-div e17-e27 mh-x mh-y mh-11 mh-12 mh-15 mh-19 mh-1a mh-1c\" href=\"#next\" data-x-effect-provider=\"colors particles effects\" data-x-slide-next=\"\"><i class=\"x-icon e17-e28 mh-2o\" aria-hidden=\"true\" data-x-icon-s=\"&#xf105;\"><\/i><\/a><\/div><\/div><\/div><\/div><\/div><\/div><div class=\"x-slide e17-e16 mh-1h mh-1j\" data-x-slide=\"\"><div class=\"x-bg\" aria-hidden=\"true\"><div class=\"x-bg-layer-lower-image\" style=\" background-image: url(https:\/\/comitati.fisi.org\/liguria\/wp-content\/uploads\/sites\/35\/2025\/04\/Coppa-Liguria.jpg); background-repeat: no-repeat; background-position: center; background-size: cover;\"><\/div><div class=\"x-bg-layer-upper-color\" style=\" background-color: rgba(255, 255, 255, 0.1);\"><\/div><\/div><div class=\"x-div e17-e17 mh-x mh-y mh-z mh-13 mh-14\"><div class=\"x-text x-text-headline e17-e18 mh-1k mh-1l mh-1m mh-1n mh-1u mh-1w mh-1x mh-1y mh-1z\"><div class=\"x-text-content\"><div class=\"x-text-content-text\"><span class=\"x-text-content-text-primary\">Assegnato il Titolo Regionale di Gigante 2026 Comitato Ligure &#8211; Classifiche<\/span><\/div><\/div><\/div><div class=\"x-text x-text-headline e17-e19 mh-1l mh-1m mh-1n mh-1u mh-1x mh-1y mh-20 mh-21 mh-22\"><div class=\"x-text-content\"><div class=\"x-text-content-text\"><span class=\"x-text-content-text-primary\">Si riporta la Classifica del Gigante di oggi domenica 8 Febbraio 2026, con l&#8217;assegnazione del titolo Camione Regionale 2026 di Gigante. Classifica Pulcini &#8212;&#8212;&#8212;&#8212;-&gt; 4_CLASSIFICA...<\/span><\/div><\/div><\/div><div class=\"x-row e17-e20 mh-7 mh-a mh-b mh-e mh-h\"><div class=\"x-row-inner\"><div class=\"x-col e17-e21 mh-n mh-p mh-q mh-s mh-t mh-u\"><a class=\"x-anchor x-anchor-button e17-e22 mh-2n\" tabindex=\"0\" href=\"https:\/\/comitati.fisi.org\/liguria\/blog\/2026\/02\/08\/assegnato-il-titolo-regionale-di-gigante-2026-comitato-ligure-classifiche\/\"><div class=\"x-anchor-content\"><div class=\"x-anchor-text\"><span class=\"x-anchor-text-primary\">Leggi di pi\u00f9<\/span><\/div><\/div><\/a><\/div><div class=\"x-col e17-e23 mh-n mh-p mh-q mh-s mh-t mh-v\"><div class=\"x-div e17-e24 mh-x mh-y mh-z mh-10 mh-11 mh-12 mh-15 mh-16 mh-17 mh-18\"><a class=\"x-div e17-e25 mh-x mh-11 mh-12 mh-15 mh-19 mh-1a mh-1b\" href=\"#prev\" data-x-effect-provider=\"colors particles effects\" data-x-slide-prev=\"\"><i class=\"x-icon e17-e26 mh-2o\" aria-hidden=\"true\" data-x-icon-s=\"&#xf104;\"><\/i><\/a><a class=\"x-div e17-e27 mh-x mh-y mh-11 mh-12 mh-15 mh-19 mh-1a mh-1c\" href=\"#next\" data-x-effect-provider=\"colors particles effects\" data-x-slide-next=\"\"><i class=\"x-icon e17-e28 mh-2o\" aria-hidden=\"true\" data-x-icon-s=\"&#xf105;\"><\/i><\/a><\/div><\/div><\/div><\/div><\/div><\/div><div class=\"x-slide e17-e16 mh-1h mh-1j\" data-x-slide=\"\"><div class=\"x-bg\" aria-hidden=\"true\"><div class=\"x-bg-layer-lower-image\" style=\" background-image: url(https:\/\/comitati.fisi.org\/liguria\/wp-content\/uploads\/sites\/35\/2025\/02\/logo-pinocchio.jpg); background-repeat: no-repeat; background-position: center; background-size: cover;\"><\/div><div class=\"x-bg-layer-upper-color\" style=\" background-color: rgba(255, 255, 255, 0.1);\"><\/div><\/div><div class=\"x-div e17-e17 mh-x mh-y mh-z mh-13 mh-14\"><div class=\"x-text x-text-headline e17-e18 mh-1k mh-1l mh-1m mh-1n mh-1u mh-1w mh-1x mh-1y mh-1z\"><div class=\"x-text-content\"><div class=\"x-text-content-text\"><span class=\"x-text-content-text-primary\">Classifica per la Selezione Regionale per il Pinocchio 2026 &#8211; Trofeo Arduino Chiara<\/span><\/div><\/div><\/div><div class=\"x-text x-text-headline e17-e19 mh-1l mh-1m mh-1n mh-1u mh-1x mh-1y mh-20 mh-21 mh-22\"><div class=\"x-text-content\"><div class=\"x-text-content-text\"><span class=\"x-text-content-text-primary\">In una splendida giornata di sole e neve, si \u00e8 disputato il Trofeo Arduino Chiara valido per la SELEZIONE REGIONALE per il Pinocchio 2026, categorie...<\/span><\/div><\/div><\/div><div class=\"x-row e17-e20 mh-7 mh-a mh-b mh-e mh-h\"><div class=\"x-row-inner\"><div class=\"x-col e17-e21 mh-n mh-p mh-q mh-s mh-t mh-u\"><a class=\"x-anchor x-anchor-button e17-e22 mh-2n\" tabindex=\"0\" href=\"https:\/\/comitati.fisi.org\/liguria\/blog\/2026\/02\/07\/classifica-per-la-selezione-regionale-per-il-pinocchio-2026-trofeo-arduino-chiara\/\"><div class=\"x-anchor-content\"><div class=\"x-anchor-text\"><span class=\"x-anchor-text-primary\">Leggi di pi\u00f9<\/span><\/div><\/div><\/a><\/div><div class=\"x-col e17-e23 mh-n mh-p mh-q mh-s mh-t mh-v\"><div class=\"x-div e17-e24 mh-x mh-y mh-z mh-10 mh-11 mh-12 mh-15 mh-16 mh-17 mh-18\"><a class=\"x-div e17-e25 mh-x mh-11 mh-12 mh-15 mh-19 mh-1a mh-1b\" href=\"#prev\" data-x-effect-provider=\"colors particles effects\" data-x-slide-prev=\"\"><i class=\"x-icon e17-e26 mh-2o\" aria-hidden=\"true\" data-x-icon-s=\"&#xf104;\"><\/i><\/a><a class=\"x-div e17-e27 mh-x mh-y mh-11 mh-12 mh-15 mh-19 mh-1a mh-1c\" href=\"#next\" data-x-effect-provider=\"colors particles effects\" data-x-slide-next=\"\"><i class=\"x-icon e17-e28 mh-2o\" aria-hidden=\"true\" data-x-icon-s=\"&#xf105;\"><\/i><\/a><\/div><\/div><\/div><\/div><\/div><\/div><div class=\"x-slide e17-e16 mh-1h mh-1j\" data-x-slide=\"\"><div class=\"x-bg\" aria-hidden=\"true\"><div class=\"x-bg-layer-lower-image\" style=\" background-image: url(https:\/\/comitati.fisi.org\/liguria\/wp-content\/uploads\/sites\/35\/2025\/04\/Coppa-Liguria.jpg); background-repeat: no-repeat; background-position: center; background-size: cover;\"><\/div><div class=\"x-bg-layer-upper-color\" style=\" background-color: rgba(255, 255, 255, 0.1);\"><\/div><\/div><div class=\"x-div e17-e17 mh-x mh-y mh-z mh-13 mh-14\"><div class=\"x-text x-text-headline e17-e18 mh-1k mh-1l mh-1m mh-1n mh-1u mh-1w mh-1x mh-1y mh-1z\"><div class=\"x-text-content\"><div class=\"x-text-content-text\"><span class=\"x-text-content-text-primary\">ORDINE di PARTENZA del GIGANTE di Domenica 8 Febbraio ad Artesina<\/span><\/div><\/div><\/div><div class=\"x-text x-text-headline e17-e19 mh-1l mh-1m mh-1n mh-1u mh-1x mh-1y mh-20 mh-21 mh-22\"><div class=\"x-text-content\"><div class=\"x-text-content-text\"><span class=\"x-text-content-text-primary\">Si riporta l&#8217;Ordine di Partenza del Gigante di domani Domenica 8 Febbraio ad Artesina, valevole per il Campionato Regionale di Gigante Children e Pulcini del...<\/span><\/div><\/div><\/div><div class=\"x-row e17-e20 mh-7 mh-a mh-b mh-e mh-h\"><div class=\"x-row-inner\"><div class=\"x-col e17-e21 mh-n mh-p mh-q mh-s mh-t mh-u\"><a class=\"x-anchor x-anchor-button e17-e22 mh-2n\" tabindex=\"0\" href=\"https:\/\/comitati.fisi.org\/liguria\/blog\/2026\/02\/07\/ordine-di-partenza-del-gigante-di-domenica-8-febbraio-ad-artesina\/\"><div class=\"x-anchor-content\"><div class=\"x-anchor-text\"><span class=\"x-anchor-text-primary\">Leggi di pi\u00f9<\/span><\/div><\/div><\/a><\/div><div class=\"x-col e17-e23 mh-n mh-p mh-q mh-s mh-t mh-v\"><div class=\"x-div e17-e24 mh-x mh-y mh-z mh-10 mh-11 mh-12 mh-15 mh-16 mh-17 mh-18\"><a class=\"x-div e17-e25 mh-x mh-11 mh-12 mh-15 mh-19 mh-1a mh-1b\" href=\"#prev\" data-x-effect-provider=\"colors particles effects\" data-x-slide-prev=\"\"><i class=\"x-icon e17-e26 mh-2o\" aria-hidden=\"true\" data-x-icon-s=\"&#xf104;\"><\/i><\/a><a class=\"x-div e17-e27 mh-x mh-y mh-11 mh-12 mh-15 mh-19 mh-1a mh-1c\" href=\"#next\" data-x-effect-provider=\"colors particles effects\" data-x-slide-next=\"\"><i class=\"x-icon e17-e28 mh-2o\" aria-hidden=\"true\" data-x-icon-s=\"&#xf105;\"><\/i><\/a><\/div><\/div><\/div><\/div><\/div><\/div><div class=\"x-slide e17-e16 mh-1h mh-1j\" data-x-slide=\"\"><div class=\"x-bg\" aria-hidden=\"true\"><div class=\"x-bg-layer-lower-image\" style=\" background-image: url(https:\/\/comitati.fisi.org\/liguria\/wp-content\/uploads\/sites\/35\/2025\/02\/logo-pinocchio.jpg); background-repeat: no-repeat; background-position: center; background-size: cover;\"><\/div><div class=\"x-bg-layer-upper-color\" style=\" background-color: rgba(255, 255, 255, 0.1);\"><\/div><\/div><div class=\"x-div e17-e17 mh-x mh-y mh-z mh-13 mh-14\"><div class=\"x-text x-text-headline e17-e18 mh-1k mh-1l mh-1m mh-1n mh-1u mh-1w mh-1x mh-1y mh-1z\"><div class=\"x-text-content\"><div class=\"x-text-content-text\"><span class=\"x-text-content-text-primary\">ORDINE di PARTENZA SELEZIONE DEL PINOCCHIO per la LIGURIA &#8211; Artesina 7 febbraio 2026<\/span><\/div><\/div><\/div><div class=\"x-text x-text-headline e17-e19 mh-1l mh-1m mh-1n mh-1u mh-1x mh-1y mh-20 mh-21 mh-22\"><div class=\"x-text-content\"><div class=\"x-text-content-text\"><span class=\"x-text-content-text-primary\">Si riporta l&#8217;Ordine di Partenza per la Selezione del Pinocchio per la Liguria di domani Sabato 7 febbraio 2026 ad Artesina. 1_ORDINE DI PARTENZA GS...<\/span><\/div><\/div><\/div><div class=\"x-row e17-e20 mh-7 mh-a mh-b mh-e mh-h\"><div class=\"x-row-inner\"><div class=\"x-col e17-e21 mh-n mh-p mh-q mh-s mh-t mh-u\"><a class=\"x-anchor x-anchor-button e17-e22 mh-2n\" tabindex=\"0\" href=\"https:\/\/comitati.fisi.org\/liguria\/blog\/2026\/02\/06\/ordine-di-partenza-selezione-del-pinocchio-per-la-liguria-artesina-7-febbraio-2026\/\"><div class=\"x-anchor-content\"><div class=\"x-anchor-text\"><span class=\"x-anchor-text-primary\">Leggi di pi\u00f9<\/span><\/div><\/div><\/a><\/div><div class=\"x-col e17-e23 mh-n mh-p mh-q mh-s mh-t mh-v\"><div class=\"x-div e17-e24 mh-x mh-y mh-z mh-10 mh-11 mh-12 mh-15 mh-16 mh-17 mh-18\"><a class=\"x-div e17-e25 mh-x mh-11 mh-12 mh-15 mh-19 mh-1a mh-1b\" href=\"#prev\" data-x-effect-provider=\"colors particles effects\" data-x-slide-prev=\"\"><i class=\"x-icon e17-e26 mh-2o\" aria-hidden=\"true\" data-x-icon-s=\"&#xf104;\"><\/i><\/a><a class=\"x-div e17-e27 mh-x mh-y mh-11 mh-12 mh-15 mh-19 mh-1a mh-1c\" href=\"#next\" data-x-effect-provider=\"colors particles effects\" data-x-slide-next=\"\"><i class=\"x-icon e17-e28 mh-2o\" aria-hidden=\"true\" data-x-icon-s=\"&#xf105;\"><\/i><\/a><\/div><\/div><\/div><\/div><\/div><\/div><div class=\"x-slide e17-e16 mh-1h mh-1j\" data-x-slide=\"\"><div class=\"x-bg\" aria-hidden=\"true\"><div class=\"x-bg-layer-lower-image\" style=\" background-image: url(https:\/\/comitati.fisi.org\/liguria\/wp-content\/uploads\/sites\/35\/2024\/06\/fisi-icona-sci-alpinismo.png); background-repeat: no-repeat; background-position: center; background-size: cover;\"><\/div><div class=\"x-bg-layer-upper-color\" style=\" background-color: rgba(255, 255, 255, 0.1);\"><\/div><\/div><div class=\"x-div e17-e17 mh-x mh-y mh-z mh-13 mh-14\"><div class=\"x-text x-text-headline e17-e18 mh-1k mh-1l mh-1m mh-1n mh-1u mh-1w mh-1x mh-1y mh-1z\"><div class=\"x-text-content\"><div class=\"x-text-content-text\"><span class=\"x-text-content-text-primary\">COPPA KLEUDGEN-ACQUARONE 2026- Memorial Marco Scrimaglio<\/span><\/div><\/div><\/div><div class=\"x-text x-text-headline e17-e19 mh-1l mh-1m mh-1n mh-1u mh-1x mh-1y mh-20 mh-21 mh-22\"><div class=\"x-text-content\"><div class=\"x-text-content-text\"><span class=\"x-text-content-text-primary\">Ritorna la gara di Sci Alpinismo COPPA KLEUDGEN-ACQUARONE &#8211; Memorial Marco Scrimaglio. Manifestazione a calendario nazionale, Domenica 15 febbraio p.v. a UPEGA, aperta alle categorie...<\/span><\/div><\/div><\/div><div class=\"x-row e17-e20 mh-7 mh-a mh-b mh-e mh-h\"><div class=\"x-row-inner\"><div class=\"x-col e17-e21 mh-n mh-p mh-q mh-s mh-t mh-u\"><a class=\"x-anchor x-anchor-button e17-e22 mh-2n\" tabindex=\"0\" href=\"https:\/\/comitati.fisi.org\/liguria\/blog\/2026\/02\/04\/coppa-kleudgen-acquarone-2026-memorial-marco-scrimaglio\/\"><div class=\"x-anchor-content\"><div class=\"x-anchor-text\"><span class=\"x-anchor-text-primary\">Leggi di pi\u00f9<\/span><\/div><\/div><\/a><\/div><div class=\"x-col e17-e23 mh-n mh-p mh-q mh-s mh-t mh-v\"><div class=\"x-div e17-e24 mh-x mh-y mh-z mh-10 mh-11 mh-12 mh-15 mh-16 mh-17 mh-18\"><a class=\"x-div e17-e25 mh-x mh-11 mh-12 mh-15 mh-19 mh-1a mh-1b\" href=\"#prev\" data-x-effect-provider=\"colors particles effects\" data-x-slide-prev=\"\"><i class=\"x-icon e17-e26 mh-2o\" aria-hidden=\"true\" data-x-icon-s=\"&#xf104;\"><\/i><\/a><a class=\"x-div e17-e27 mh-x mh-y mh-11 mh-12 mh-15 mh-19 mh-1a mh-1c\" href=\"#next\" data-x-effect-provider=\"colors particles effects\" data-x-slide-next=\"\"><i class=\"x-icon e17-e28 mh-2o\" aria-hidden=\"true\" data-x-icon-s=\"&#xf105;\"><\/i><\/a><\/div><\/div><\/div><\/div><\/div><\/div><div class=\"x-slide e17-e16 mh-1h mh-1j\" data-x-slide=\"\"><div class=\"x-bg\" aria-hidden=\"true\"><div class=\"x-bg-layer-lower-image\" style=\" background-image: url(https:\/\/comitati.fisi.org\/liguria\/wp-content\/uploads\/sites\/35\/2025\/01\/GARA-RINVIATA.jpg); background-repeat: no-repeat; background-position: center; background-size: cover;\"><\/div><div class=\"x-bg-layer-upper-color\" style=\" background-color: rgba(255, 255, 255, 0.1);\"><\/div><\/div><div class=\"x-div e17-e17 mh-x mh-y mh-z mh-13 mh-14\"><div class=\"x-text x-text-headline e17-e18 mh-1k mh-1l mh-1m mh-1n mh-1u mh-1w mh-1x mh-1y mh-1z\"><div class=\"x-text-content\"><div class=\"x-text-content-text\"><span class=\"x-text-content-text-primary\">RINVIO dello Slalom di Venerd\u00ec 6 febbraio a Entracque<\/span><\/div><\/div><\/div><div class=\"x-text x-text-headline e17-e19 mh-1l mh-1m mh-1n mh-1u mh-1x mh-1y mh-20 mh-21 mh-22\"><div class=\"x-text-content\"><div class=\"x-text-content-text\"><span class=\"x-text-content-text-primary\">Causa le nevicate in corso e del manto nevoso, lo Slalom di Venerd\u00ec 6 febbraio p.v. a Entracque, \u00e8 stato RINVIATO a Venerd\u00ec 27 Febbraio,...<\/span><\/div><\/div><\/div><div class=\"x-row e17-e20 mh-7 mh-a mh-b mh-e mh-h\"><div class=\"x-row-inner\"><div class=\"x-col e17-e21 mh-n mh-p mh-q mh-s mh-t mh-u\"><a class=\"x-anchor x-anchor-button e17-e22 mh-2n\" tabindex=\"0\" href=\"https:\/\/comitati.fisi.org\/liguria\/blog\/2026\/02\/03\/rinvio-dello-slalom-di-venerdi-6-febbraio-a-entracque\/\"><div class=\"x-anchor-content\"><div class=\"x-anchor-text\"><span class=\"x-anchor-text-primary\">Leggi di pi\u00f9<\/span><\/div><\/div><\/a><\/div><div class=\"x-col e17-e23 mh-n mh-p mh-q mh-s mh-t mh-v\"><div class=\"x-div e17-e24 mh-x mh-y mh-z mh-10 mh-11 mh-12 mh-15 mh-16 mh-17 mh-18\"><a class=\"x-div e17-e25 mh-x mh-11 mh-12 mh-15 mh-19 mh-1a mh-1b\" href=\"#prev\" data-x-effect-provider=\"colors particles effects\" data-x-slide-prev=\"\"><i class=\"x-icon e17-e26 mh-2o\" aria-hidden=\"true\" data-x-icon-s=\"&#xf104;\"><\/i><\/a><a class=\"x-div e17-e27 mh-x mh-y mh-11 mh-12 mh-15 mh-19 mh-1a mh-1c\" href=\"#next\" data-x-effect-provider=\"colors particles effects\" data-x-slide-next=\"\"><i class=\"x-icon e17-e28 mh-2o\" aria-hidden=\"true\" data-x-icon-s=\"&#xf105;\"><\/i><\/a><\/div><\/div><\/div><\/div><\/div><\/div><div class=\"x-slide e17-e16 mh-1h mh-1j\" data-x-slide=\"\"><div class=\"x-bg\" aria-hidden=\"true\"><div class=\"x-bg-layer-lower-image\" style=\" background-image: url(https:\/\/comitati.fisi.org\/liguria\/wp-content\/uploads\/sites\/35\/2025\/04\/Coppa-Liguria.jpg); background-repeat: no-repeat; background-position: center; background-size: cover;\"><\/div><div class=\"x-bg-layer-upper-color\" style=\" background-color: rgba(255, 255, 255, 0.1);\"><\/div><\/div><div class=\"x-div e17-e17 mh-x mh-y mh-z mh-13 mh-14\"><div class=\"x-text x-text-headline e17-e18 mh-1k mh-1l mh-1m mh-1n mh-1u mh-1w mh-1x mh-1y mh-1z\"><div class=\"x-text-content\"><div class=\"x-text-content-text\"><span class=\"x-text-content-text-primary\">ORDINE di Partenza Gigante Luned\u00ec 2 Febbraio a Lurisia<\/span><\/div><\/div><\/div><div class=\"x-text x-text-headline e17-e19 mh-1l mh-1m mh-1n mh-1u mh-1x mh-1y mh-20 mh-21 mh-22\"><div class=\"x-text-content\"><div class=\"x-text-content-text\"><span class=\"x-text-content-text-primary\">Si riporta l&#8217;Ordine di Partenza del Gigante di domani 2 Febbraio 2026 a Lurisia &#8212;&#8212;&#8212;-&gt; ORDINE DI PARTENZA_GS_02.02.2026 Lurisia...<\/span><\/div><\/div><\/div><div class=\"x-row e17-e20 mh-7 mh-a mh-b mh-e mh-h\"><div class=\"x-row-inner\"><div class=\"x-col e17-e21 mh-n mh-p mh-q mh-s mh-t mh-u\"><a class=\"x-anchor x-anchor-button e17-e22 mh-2n\" tabindex=\"0\" href=\"https:\/\/comitati.fisi.org\/liguria\/blog\/2026\/02\/01\/ordine-di-partenza-gigante-lunedi-2-febbraio-a-lurisia\/\"><div class=\"x-anchor-content\"><div class=\"x-anchor-text\"><span class=\"x-anchor-text-primary\">Leggi di pi\u00f9<\/span><\/div><\/div><\/a><\/div><div class=\"x-col e17-e23 mh-n mh-p mh-q mh-s mh-t mh-v\"><div class=\"x-div e17-e24 mh-x mh-y mh-z mh-10 mh-11 mh-12 mh-15 mh-16 mh-17 mh-18\"><a class=\"x-div e17-e25 mh-x mh-11 mh-12 mh-15 mh-19 mh-1a mh-1b\" href=\"#prev\" data-x-effect-provider=\"colors particles effects\" data-x-slide-prev=\"\"><i class=\"x-icon e17-e26 mh-2o\" aria-hidden=\"true\" data-x-icon-s=\"&#xf104;\"><\/i><\/a><a class=\"x-div e17-e27 mh-x mh-y mh-11 mh-12 mh-15 mh-19 mh-1a mh-1c\" href=\"#next\" data-x-effect-provider=\"colors particles effects\" data-x-slide-next=\"\"><i class=\"x-icon e17-e28 mh-2o\" aria-hidden=\"true\" data-x-icon-s=\"&#xf105;\"><\/i><\/a><\/div><\/div><\/div><\/div><\/div><\/div><div class=\"x-slide e17-e16 mh-1h mh-1j\" data-x-slide=\"\"><div class=\"x-bg\" aria-hidden=\"true\"><div class=\"x-bg-layer-lower-image\" style=\" background-image: url(https:\/\/comitati.fisi.org\/liguria\/wp-content\/uploads\/sites\/35\/2025\/04\/Coppa-Liguria.jpg); background-repeat: no-repeat; background-position: center; background-size: cover;\"><\/div><div class=\"x-bg-layer-upper-color\" style=\" background-color: rgba(255, 255, 255, 0.1);\"><\/div><\/div><div class=\"x-div e17-e17 mh-x mh-y mh-z mh-13 mh-14\"><div class=\"x-text x-text-headline e17-e18 mh-1k mh-1l mh-1m mh-1n mh-1u mh-1w mh-1x mh-1y mh-1z\"><div class=\"x-text-content\"><div class=\"x-text-content-text\"><span class=\"x-text-content-text-primary\">Classifiche Slalom di Domenica 1 Febbraio a Lurisia<\/span><\/div><\/div><\/div><div class=\"x-text x-text-headline e17-e19 mh-1l mh-1m mh-1n mh-1u mh-1x mh-1y mh-20 mh-21 mh-22\"><div class=\"x-text-content\"><div class=\"x-text-content-text\"><span class=\"x-text-content-text-primary\">Si riportano le Classifiche di oggi domenica 1 febbraio, dello Slalom Speciale Children \/ Giovani-Senior \/ Cuccioli disputato a Lurisia. CLASSIFICA UFFICIOSA R_A_GSL_01.02.2026 Lurisia CLASSIFICA...<\/span><\/div><\/div><\/div><div class=\"x-row e17-e20 mh-7 mh-a mh-b mh-e mh-h\"><div class=\"x-row-inner\"><div class=\"x-col e17-e21 mh-n mh-p mh-q mh-s mh-t mh-u\"><a class=\"x-anchor x-anchor-button e17-e22 mh-2n\" tabindex=\"0\" href=\"https:\/\/comitati.fisi.org\/liguria\/blog\/2026\/02\/01\/classifiche-slalom-di-domenica-1-febbraio-a-lurisia\/\"><div class=\"x-anchor-content\"><div class=\"x-anchor-text\"><span class=\"x-anchor-text-primary\">Leggi di pi\u00f9<\/span><\/div><\/div><\/a><\/div><div class=\"x-col e17-e23 mh-n mh-p mh-q mh-s mh-t mh-v\"><div class=\"x-div e17-e24 mh-x mh-y mh-z mh-10 mh-11 mh-12 mh-15 mh-16 mh-17 mh-18\"><a class=\"x-div e17-e25 mh-x mh-11 mh-12 mh-15 mh-19 mh-1a mh-1b\" href=\"#prev\" data-x-effect-provider=\"colors particles effects\" data-x-slide-prev=\"\"><i class=\"x-icon e17-e26 mh-2o\" aria-hidden=\"true\" data-x-icon-s=\"&#xf104;\"><\/i><\/a><a class=\"x-div e17-e27 mh-x mh-y mh-11 mh-12 mh-15 mh-19 mh-1a mh-1c\" href=\"#next\" data-x-effect-provider=\"colors particles effects\" data-x-slide-next=\"\"><i class=\"x-icon e17-e28 mh-2o\" aria-hidden=\"true\" data-x-icon-s=\"&#xf105;\"><\/i><\/a><\/div><\/div><\/div><\/div><\/div><\/div><div class=\"x-slide e17-e16 mh-1h mh-1j\" data-x-slide=\"\"><div class=\"x-bg\" aria-hidden=\"true\"><div class=\"x-bg-layer-lower-image\" style=\" background-image: url(https:\/\/comitati.fisi.org\/liguria\/wp-content\/uploads\/sites\/35\/2025\/04\/Coppa-Liguria.jpg); background-repeat: no-repeat; background-position: center; background-size: cover;\"><\/div><div class=\"x-bg-layer-upper-color\" style=\" background-color: rgba(255, 255, 255, 0.1);\"><\/div><\/div><div class=\"x-div e17-e17 mh-x mh-y mh-z mh-13 mh-14\"><div class=\"x-text x-text-headline e17-e18 mh-1k mh-1l mh-1m mh-1n mh-1u mh-1w mh-1x mh-1y mh-1z\"><div class=\"x-text-content\"><div class=\"x-text-content-text\"><span class=\"x-text-content-text-primary\">ORDINE DI PARTENZA SLALOM_Domenica 1 Febbraio Lurisia<\/span><\/div><\/div><\/div><div class=\"x-text x-text-headline e17-e19 mh-1l mh-1m mh-1n mh-1u mh-1x mh-1y mh-20 mh-21 mh-22\"><div class=\"x-text-content\"><div class=\"x-text-content-text\"><span class=\"x-text-content-text-primary\">Si riportano gli Ordini di Partenza dello SLALOM SPECIALE di domani, Domenica 1 Febbraio a Lurisia Ordine di Partenza Children &#8212;&#8212;&#8212;&#8212;-&gt; 1_ORDINE PARTENZA 1 manche...<\/span><\/div><\/div><\/div><div class=\"x-row e17-e20 mh-7 mh-a mh-b mh-e mh-h\"><div class=\"x-row-inner\"><div class=\"x-col e17-e21 mh-n mh-p mh-q mh-s mh-t mh-u\"><a class=\"x-anchor x-anchor-button e17-e22 mh-2n\" tabindex=\"0\" href=\"https:\/\/comitati.fisi.org\/liguria\/blog\/2026\/01\/31\/ordine-di-partenza-slalom_domenica-1-febbraio-lurisia\/\"><div class=\"x-anchor-content\"><div class=\"x-anchor-text\"><span class=\"x-anchor-text-primary\">Leggi di pi\u00f9<\/span><\/div><\/div><\/a><\/div><div class=\"x-col e17-e23 mh-n mh-p mh-q mh-s mh-t mh-v\"><div class=\"x-div e17-e24 mh-x mh-y mh-z mh-10 mh-11 mh-12 mh-15 mh-16 mh-17 mh-18\"><a class=\"x-div e17-e25 mh-x mh-11 mh-12 mh-15 mh-19 mh-1a mh-1b\" href=\"#prev\" data-x-effect-provider=\"colors particles effects\" data-x-slide-prev=\"\"><i class=\"x-icon e17-e26 mh-2o\" aria-hidden=\"true\" data-x-icon-s=\"&#xf104;\"><\/i><\/a><a class=\"x-div e17-e27 mh-x mh-y mh-11 mh-12 mh-15 mh-19 mh-1a mh-1c\" href=\"#next\" data-x-effect-provider=\"colors particles effects\" data-x-slide-next=\"\"><i class=\"x-icon e17-e28 mh-2o\" aria-hidden=\"true\" data-x-icon-s=\"&#xf105;\"><\/i><\/a><\/div><\/div><\/div><\/div><\/div><\/div><div class=\"x-slide e17-e16 mh-1h mh-1j\" data-x-slide=\"\"><div class=\"x-bg\" aria-hidden=\"true\"><div class=\"x-bg-layer-lower-image\" style=\" background-image: url(https:\/\/comitati.fisi.org\/liguria\/wp-content\/uploads\/sites\/35\/2025\/01\/fis-logo.jpg); background-repeat: no-repeat; background-position: center; background-size: cover;\"><\/div><div class=\"x-bg-layer-upper-color\" style=\" background-color: rgba(255, 255, 255, 0.1);\"><\/div><\/div><div class=\"x-div e17-e17 mh-x mh-y mh-z mh-13 mh-14\"><div class=\"x-text x-text-headline e17-e18 mh-1k mh-1l mh-1m mh-1n mh-1u mh-1w mh-1x mh-1y mh-1z\"><div class=\"x-text-content\"><div class=\"x-text-content-text\"><span class=\"x-text-content-text-primary\">RINVIO FIS 4-5 Febbraio 2026 a PratoNevoso<\/span><\/div><\/div><\/div><div class=\"x-text x-text-headline e17-e19 mh-1l mh-1m mh-1n mh-1u mh-1x mh-1y mh-20 mh-21 mh-22\"><div class=\"x-text-content\"><div class=\"x-text-content-text\"><span class=\"x-text-content-text-primary\">A seguito delle attuali condizioni del manto nevoso e delle previsioni meteorologiche previste per i giorni di svolgimento delle manifestazioni, come da evento FIS del...<\/span><\/div><\/div><\/div><div class=\"x-row e17-e20 mh-7 mh-a mh-b mh-e mh-h\"><div class=\"x-row-inner\"><div class=\"x-col e17-e21 mh-n mh-p mh-q mh-s mh-t mh-u\"><a class=\"x-anchor x-anchor-button e17-e22 mh-2n\" tabindex=\"0\" href=\"https:\/\/comitati.fisi.org\/liguria\/blog\/2026\/01\/30\/rinvio-fis-4-5-febbraio-2026-a-pratonevoso\/\"><div class=\"x-anchor-content\"><div class=\"x-anchor-text\"><span class=\"x-anchor-text-primary\">Leggi di pi\u00f9<\/span><\/div><\/div><\/a><\/div><div class=\"x-col e17-e23 mh-n mh-p mh-q mh-s mh-t mh-v\"><div class=\"x-div e17-e24 mh-x mh-y mh-z mh-10 mh-11 mh-12 mh-15 mh-16 mh-17 mh-18\"><a class=\"x-div e17-e25 mh-x mh-11 mh-12 mh-15 mh-19 mh-1a mh-1b\" href=\"#prev\" data-x-effect-provider=\"colors particles effects\" data-x-slide-prev=\"\"><i class=\"x-icon e17-e26 mh-2o\" aria-hidden=\"true\" data-x-icon-s=\"&#xf104;\"><\/i><\/a><a class=\"x-div e17-e27 mh-x mh-y mh-11 mh-12 mh-15 mh-19 mh-1a mh-1c\" href=\"#next\" data-x-effect-provider=\"colors particles effects\" data-x-slide-next=\"\"><i class=\"x-icon e17-e28 mh-2o\" aria-hidden=\"true\" data-x-icon-s=\"&#xf105;\"><\/i><\/a><\/div><\/div><\/div><\/div><\/div><\/div><div class=\"x-slide e17-e16 mh-1h mh-1j\" data-x-slide=\"\"><div class=\"x-bg\" aria-hidden=\"true\"><div class=\"x-bg-layer-lower-image\" style=\" background-image: url(https:\/\/comitati.fisi.org\/liguria\/wp-content\/uploads\/sites\/35\/2025\/04\/Coppa-Liguria.jpg); background-repeat: no-repeat; background-position: center; background-size: cover;\"><\/div><div class=\"x-bg-layer-upper-color\" style=\" background-color: rgba(255, 255, 255, 0.1);\"><\/div><\/div><div class=\"x-div e17-e17 mh-x mh-y mh-z mh-13 mh-14\"><div class=\"x-text x-text-headline e17-e18 mh-1k mh-1l mh-1m mh-1n mh-1u mh-1w mh-1x mh-1y mh-1z\"><div class=\"x-text-content\"><div class=\"x-text-content-text\"><span class=\"x-text-content-text-primary\">REGOLAMENTO GARE del 7 e 8 Febbraio ad Artesina &#8211; QUALIFICAZIONE TROFEO PINOCCHIO<\/span><\/div><\/div><\/div><div class=\"x-text x-text-headline e17-e19 mh-1l mh-1m mh-1n mh-1u mh-1x mh-1y mh-20 mh-21 mh-22\"><div class=\"x-text-content\"><div class=\"x-text-content-text\"><span class=\"x-text-content-text-primary\">Si riportano i Regolamenti Gara del doppio appuntamento di Sabato 7 (QUALIFICAZIONE TROFEO PINOCCHIO) e Domenica 8 Febbraio ad Artesina, organizzate dallo Sci Club Ceva....<\/span><\/div><\/div><\/div><div class=\"x-row e17-e20 mh-7 mh-a mh-b mh-e mh-h\"><div class=\"x-row-inner\"><div class=\"x-col e17-e21 mh-n mh-p mh-q mh-s mh-t mh-u\"><a class=\"x-anchor x-anchor-button e17-e22 mh-2n\" tabindex=\"0\" href=\"https:\/\/comitati.fisi.org\/liguria\/blog\/2026\/01\/29\/regolamento-gare-del-7-e-8-febbraio-ad-artesina-qualificazione-trofeo-pinocchio\/\"><div class=\"x-anchor-content\"><div class=\"x-anchor-text\"><span class=\"x-anchor-text-primary\">Leggi di pi\u00f9<\/span><\/div><\/div><\/a><\/div><div class=\"x-col e17-e23 mh-n mh-p mh-q mh-s mh-t mh-v\"><div class=\"x-div e17-e24 mh-x mh-y mh-z mh-10 mh-11 mh-12 mh-15 mh-16 mh-17 mh-18\"><a class=\"x-div e17-e25 mh-x mh-11 mh-12 mh-15 mh-19 mh-1a mh-1b\" href=\"#prev\" data-x-effect-provider=\"colors particles effects\" data-x-slide-prev=\"\"><i class=\"x-icon e17-e26 mh-2o\" aria-hidden=\"true\" data-x-icon-s=\"&#xf104;\"><\/i><\/a><a class=\"x-div e17-e27 mh-x mh-y mh-11 mh-12 mh-15 mh-19 mh-1a mh-1c\" href=\"#next\" data-x-effect-provider=\"colors particles effects\" data-x-slide-next=\"\"><i class=\"x-icon e17-e28 mh-2o\" aria-hidden=\"true\" data-x-icon-s=\"&#xf105;\"><\/i><\/a><\/div><\/div><\/div><\/div><\/div><\/div><div class=\"x-slide e17-e16 mh-1h mh-1j\" data-x-slide=\"\"><div class=\"x-bg\" aria-hidden=\"true\"><div class=\"x-bg-layer-lower-image\" style=\" background-image: url(https:\/\/comitati.fisi.org\/liguria\/wp-content\/uploads\/sites\/35\/2025\/04\/Coppa-Liguria.jpg); background-repeat: no-repeat; background-position: center; background-size: cover;\"><\/div><div class=\"x-bg-layer-upper-color\" style=\" background-color: rgba(255, 255, 255, 0.1);\"><\/div><\/div><div class=\"x-div e17-e17 mh-x mh-y mh-z mh-13 mh-14\"><div class=\"x-text x-text-headline e17-e18 mh-1k mh-1l mh-1m mh-1n mh-1u mh-1w mh-1x mh-1y mh-1z\"><div class=\"x-text-content\"><div class=\"x-text-content-text\"><span class=\"x-text-content-text-primary\">REGOLAMENTO GARA di SLALOM Venerd\u00ec 6 Febbraio a Entracque<\/span><\/div><\/div><\/div><div class=\"x-text x-text-headline e17-e19 mh-1l mh-1m mh-1n mh-1u mh-1x mh-1y mh-20 mh-21 mh-22\"><div class=\"x-text-content\"><div class=\"x-text-content-text\"><span class=\"x-text-content-text-primary\">Di seguito il Programma Gara dello Slalom di Sabato 6 febbraio p.v. a Entracque, organizzata dallo Sci Club Entracque. Reg. Gara SL &#8211; Entracque del...<\/span><\/div><\/div><\/div><div class=\"x-row e17-e20 mh-7 mh-a mh-b mh-e mh-h\"><div class=\"x-row-inner\"><div class=\"x-col e17-e21 mh-n mh-p mh-q mh-s mh-t mh-u\"><a class=\"x-anchor x-anchor-button e17-e22 mh-2n\" tabindex=\"0\" href=\"https:\/\/comitati.fisi.org\/liguria\/blog\/2026\/01\/29\/regolamento-gara-di-slalom-venerdi-6-febbraio-a-entracque\/\"><div class=\"x-anchor-content\"><div class=\"x-anchor-text\"><span class=\"x-anchor-text-primary\">Leggi di pi\u00f9<\/span><\/div><\/div><\/a><\/div><div class=\"x-col e17-e23 mh-n mh-p mh-q mh-s mh-t mh-v\"><div class=\"x-div e17-e24 mh-x mh-y mh-z mh-10 mh-11 mh-12 mh-15 mh-16 mh-17 mh-18\"><a class=\"x-div e17-e25 mh-x mh-11 mh-12 mh-15 mh-19 mh-1a mh-1b\" href=\"#prev\" data-x-effect-provider=\"colors particles effects\" data-x-slide-prev=\"\"><i class=\"x-icon e17-e26 mh-2o\" aria-hidden=\"true\" data-x-icon-s=\"&#xf104;\"><\/i><\/a><a class=\"x-div e17-e27 mh-x mh-y mh-11 mh-12 mh-15 mh-19 mh-1a mh-1c\" href=\"#next\" data-x-effect-provider=\"colors particles effects\" data-x-slide-next=\"\"><i class=\"x-icon e17-e28 mh-2o\" aria-hidden=\"true\" data-x-icon-s=\"&#xf105;\"><\/i><\/a><\/div><\/div><\/div><\/div><\/div><\/div><div class=\"x-slide e17-e16 mh-1h mh-1j\" data-x-slide=\"\"><div class=\"x-bg\" aria-hidden=\"true\"><div class=\"x-bg-layer-lower-image\" style=\" background-image: url(https:\/\/comitati.fisi.org\/liguria\/wp-content\/uploads\/sites\/35\/2026\/01\/WhatsApp-Image-2026-01-06-at-16.13.28-9.jpeg); background-repeat: no-repeat; background-position: center; background-size: cover;\"><\/div><div class=\"x-bg-layer-upper-color\" style=\" background-color: rgba(255, 255, 255, 0.1);\"><\/div><\/div><div class=\"x-div e17-e17 mh-x mh-y mh-z mh-13 mh-14\"><div class=\"x-text x-text-headline e17-e18 mh-1k mh-1l mh-1m mh-1n mh-1u mh-1w mh-1x mh-1y mh-1z\"><div class=\"x-text-content\"><div class=\"x-text-content-text\"><span class=\"x-text-content-text-primary\">Nuovo appuntamento dello Stage Progetto FreeSki FISI Comitato Ligure &#8211; Sabato 31 gennaio<\/span><\/div><\/div><\/div><div class=\"x-text x-text-headline e17-e19 mh-1l mh-1m mh-1n mh-1u mh-1x mh-1y mh-20 mh-21 mh-22\"><div class=\"x-text-content\"><div class=\"x-text-content-text\"><span class=\"x-text-content-text-primary\">Si comunica il secondo appuntamento di Freeski per Sabato 31 gennaio a PratoNevoso, con ritrovo dalle ore 20.00. I Prossimi stage a calendario 21 febbraio...<\/span><\/div><\/div><\/div><div class=\"x-row e17-e20 mh-7 mh-a mh-b mh-e mh-h\"><div class=\"x-row-inner\"><div class=\"x-col e17-e21 mh-n mh-p mh-q mh-s mh-t mh-u\"><a class=\"x-anchor x-anchor-button e17-e22 mh-2n\" tabindex=\"0\" href=\"https:\/\/comitati.fisi.org\/liguria\/blog\/2026\/01\/29\/nuovo-appuntamento-dello-stage-progetto-freeski-fisi-comitato-ligure\/\"><div class=\"x-anchor-content\"><div class=\"x-anchor-text\"><span class=\"x-anchor-text-primary\">Leggi di pi\u00f9<\/span><\/div><\/div><\/a><\/div><div class=\"x-col e17-e23 mh-n mh-p mh-q mh-s mh-t mh-v\"><div class=\"x-div e17-e24 mh-x mh-y mh-z mh-10 mh-11 mh-12 mh-15 mh-16 mh-17 mh-18\"><a class=\"x-div e17-e25 mh-x mh-11 mh-12 mh-15 mh-19 mh-1a mh-1b\" href=\"#prev\" data-x-effect-provider=\"colors particles effects\" data-x-slide-prev=\"\"><i class=\"x-icon e17-e26 mh-2o\" aria-hidden=\"true\" data-x-icon-s=\"&#xf104;\"><\/i><\/a><a class=\"x-div e17-e27 mh-x mh-y mh-11 mh-12 mh-15 mh-19 mh-1a mh-1c\" href=\"#next\" data-x-effect-provider=\"colors particles effects\" data-x-slide-next=\"\"><i class=\"x-icon e17-e28 mh-2o\" aria-hidden=\"true\" data-x-icon-s=\"&#xf105;\"><\/i><\/a><\/div><\/div><\/div><\/div><\/div><\/div><div class=\"x-slide e17-e16 mh-1h mh-1j\" data-x-slide=\"\"><div class=\"x-bg\" aria-hidden=\"true\"><div class=\"x-bg-layer-lower-image\" style=\" background-image: url(https:\/\/comitati.fisi.org\/liguria\/wp-content\/uploads\/sites\/35\/2025\/04\/Coppa-Liguria.jpg); background-repeat: no-repeat; background-position: center; background-size: cover;\"><\/div><div class=\"x-bg-layer-upper-color\" style=\" background-color: rgba(255, 255, 255, 0.1);\"><\/div><\/div><div class=\"x-div e17-e17 mh-x mh-y mh-z mh-13 mh-14\"><div class=\"x-text x-text-headline e17-e18 mh-1k mh-1l mh-1m mh-1n mh-1u mh-1w mh-1x mh-1y mh-1z\"><div class=\"x-text-content\"><div class=\"x-text-content-text\"><span class=\"x-text-content-text-primary\">AGGIORNAMENTO CALENDARIO ZONALE SCI ALPINO STAGIONE 2025\/2026<\/span><\/div><\/div><\/div><div class=\"x-text x-text-headline e17-e19 mh-1l mh-1m mh-1n mh-1u mh-1x mh-1y mh-20 mh-21 mh-22\"><div class=\"x-text-content\"><div class=\"x-text-content-text\"><span class=\"x-text-content-text-primary\">A seguito del perdurare delle fitte nevicate registrate nelle ultime settimane, che hanno condizionato il regolare svolgimento delle gare a calendario con i relativi rinvii...<\/span><\/div><\/div><\/div><div class=\"x-row e17-e20 mh-7 mh-a mh-b mh-e mh-h\"><div class=\"x-row-inner\"><div class=\"x-col e17-e21 mh-n mh-p mh-q mh-s mh-t mh-u\"><a class=\"x-anchor x-anchor-button e17-e22 mh-2n\" tabindex=\"0\" href=\"https:\/\/comitati.fisi.org\/liguria\/blog\/2026\/01\/28\/aggiornamento-calendario-zonale-sci-alpino-stagione-2025-2026\/\"><div class=\"x-anchor-content\"><div class=\"x-anchor-text\"><span class=\"x-anchor-text-primary\">Leggi di pi\u00f9<\/span><\/div><\/div><\/a><\/div><div class=\"x-col e17-e23 mh-n mh-p mh-q mh-s mh-t mh-v\"><div class=\"x-div e17-e24 mh-x mh-y mh-z mh-10 mh-11 mh-12 mh-15 mh-16 mh-17 mh-18\"><a class=\"x-div e17-e25 mh-x mh-11 mh-12 mh-15 mh-19 mh-1a mh-1b\" href=\"#prev\" data-x-effect-provider=\"colors particles effects\" data-x-slide-prev=\"\"><i class=\"x-icon e17-e26 mh-2o\" aria-hidden=\"true\" data-x-icon-s=\"&#xf104;\"><\/i><\/a><a class=\"x-div e17-e27 mh-x mh-y mh-11 mh-12 mh-15 mh-19 mh-1a mh-1c\" href=\"#next\" data-x-effect-provider=\"colors particles effects\" data-x-slide-next=\"\"><i class=\"x-icon e17-e28 mh-2o\" aria-hidden=\"true\" data-x-icon-s=\"&#xf105;\"><\/i><\/a><\/div><\/div><\/div><\/div><\/div><\/div><div class=\"x-slide e17-e16 mh-1h mh-1j\" data-x-slide=\"\"><div class=\"x-bg\" aria-hidden=\"true\"><div class=\"x-bg-layer-lower-image\" style=\" background-image: url(https:\/\/comitati.fisi.org\/liguria\/wp-content\/uploads\/sites\/35\/2025\/04\/Coppa-Liguria.jpg); background-repeat: no-repeat; background-position: center; background-size: cover;\"><\/div><div class=\"x-bg-layer-upper-color\" style=\" background-color: rgba(255, 255, 255, 0.1);\"><\/div><\/div><div class=\"x-div e17-e17 mh-x mh-y mh-z mh-13 mh-14\"><div class=\"x-text x-text-headline e17-e18 mh-1k mh-1l mh-1m mh-1n mh-1u mh-1w mh-1x mh-1y mh-1z\"><div class=\"x-text-content\"><div class=\"x-text-content-text\"><span class=\"x-text-content-text-primary\">VARIAZIONE GARE WE 01-02\/02\/2026 &#8211; LURISIA<\/span><\/div><\/div><\/div><div class=\"x-text x-text-headline e17-e19 mh-1l mh-1m mh-1n mh-1u mh-1x mh-1y mh-20 mh-21 mh-22\"><div class=\"x-text-content\"><div class=\"x-text-content-text\"><span class=\"x-text-content-text-primary\">A causa delle fitte nevicate che ha ammorbidito notevolmente il manto nevoso e delle previsioni dei prossimi giorni, le gare del prossimo week-end sono posticipate...<\/span><\/div><\/div><\/div><div class=\"x-row e17-e20 mh-7 mh-a mh-b mh-e mh-h\"><div class=\"x-row-inner\"><div class=\"x-col e17-e21 mh-n mh-p mh-q mh-s mh-t mh-u\"><a class=\"x-anchor x-anchor-button e17-e22 mh-2n\" tabindex=\"0\" href=\"https:\/\/comitati.fisi.org\/liguria\/blog\/2026\/01\/28\/variazione-gare-we-01-02-02-2026-lurisia\/\"><div class=\"x-anchor-content\"><div class=\"x-anchor-text\"><span class=\"x-anchor-text-primary\">Leggi di pi\u00f9<\/span><\/div><\/div><\/a><\/div><div class=\"x-col e17-e23 mh-n mh-p mh-q mh-s mh-t mh-v\"><div class=\"x-div e17-e24 mh-x mh-y mh-z mh-10 mh-11 mh-12 mh-15 mh-16 mh-17 mh-18\"><a class=\"x-div e17-e25 mh-x mh-11 mh-12 mh-15 mh-19 mh-1a mh-1b\" href=\"#prev\" data-x-effect-provider=\"colors particles effects\" data-x-slide-prev=\"\"><i class=\"x-icon e17-e26 mh-2o\" aria-hidden=\"true\" data-x-icon-s=\"&#xf104;\"><\/i><\/a><a class=\"x-div e17-e27 mh-x mh-y mh-11 mh-12 mh-15 mh-19 mh-1a mh-1c\" href=\"#next\" data-x-effect-provider=\"colors particles effects\" data-x-slide-next=\"\"><i class=\"x-icon e17-e28 mh-2o\" aria-hidden=\"true\" data-x-icon-s=\"&#xf105;\"><\/i><\/a><\/div><\/div><\/div><\/div><\/div><\/div><div class=\"x-slide e17-e16 mh-1h mh-1j\" data-x-slide=\"\"><div class=\"x-bg\" aria-hidden=\"true\"><div class=\"x-bg-layer-lower-image\" style=\" background-image: url(https:\/\/comitati.fisi.org\/liguria\/wp-content\/uploads\/sites\/35\/2025\/01\/GARA-RINVIATA.jpg); background-repeat: no-repeat; background-position: center; background-size: cover;\"><\/div><div class=\"x-bg-layer-upper-color\" style=\" background-color: rgba(255, 255, 255, 0.1);\"><\/div><\/div><div class=\"x-div e17-e17 mh-x mh-y mh-z mh-13 mh-14\"><div class=\"x-text x-text-headline e17-e18 mh-1k mh-1l mh-1m mh-1n mh-1u mh-1w mh-1x mh-1y mh-1z\"><div class=\"x-text-content\"><div class=\"x-text-content-text\"><span class=\"x-text-content-text-primary\">RINVIATI i SUPERG del 26\/29 Gennaio a LimoneP.<\/span><\/div><\/div><\/div><div class=\"x-text x-text-headline e17-e19 mh-1l mh-1m mh-1n mh-1u mh-1x mh-1y mh-20 mh-21 mh-22\"><div class=\"x-text-content\"><div class=\"x-text-content-text\"><span class=\"x-text-content-text-primary\">Siamo spiacenti di comuncare il RINVIO delle gare a calendario zonale di SuperG previste dal 26 al 29 gennaio p.v., causa del manto nevoso. Seguiranno...<\/span><\/div><\/div><\/div><div class=\"x-row e17-e20 mh-7 mh-a mh-b mh-e mh-h\"><div class=\"x-row-inner\"><div class=\"x-col e17-e21 mh-n mh-p mh-q mh-s mh-t mh-u\"><a class=\"x-anchor x-anchor-button e17-e22 mh-2n\" tabindex=\"0\" href=\"https:\/\/comitati.fisi.org\/liguria\/blog\/2026\/01\/24\/rinviati-i-superg-del-26-29-gennaio-a-limonep\/\"><div class=\"x-anchor-content\"><div class=\"x-anchor-text\"><span class=\"x-anchor-text-primary\">Leggi di pi\u00f9<\/span><\/div><\/div><\/a><\/div><div class=\"x-col e17-e23 mh-n mh-p mh-q mh-s mh-t mh-v\"><div class=\"x-div e17-e24 mh-x mh-y mh-z mh-10 mh-11 mh-12 mh-15 mh-16 mh-17 mh-18\"><a class=\"x-div e17-e25 mh-x mh-11 mh-12 mh-15 mh-19 mh-1a mh-1b\" href=\"#prev\" data-x-effect-provider=\"colors particles effects\" data-x-slide-prev=\"\"><i class=\"x-icon e17-e26 mh-2o\" aria-hidden=\"true\" data-x-icon-s=\"&#xf104;\"><\/i><\/a><a class=\"x-div e17-e27 mh-x mh-y mh-11 mh-12 mh-15 mh-19 mh-1a mh-1c\" href=\"#next\" data-x-effect-provider=\"colors particles effects\" data-x-slide-next=\"\"><i class=\"x-icon e17-e28 mh-2o\" aria-hidden=\"true\" data-x-icon-s=\"&#xf105;\"><\/i><\/a><\/div><\/div><\/div><\/div><\/div><\/div><div class=\"x-slide e17-e16 mh-1h mh-1j\" data-x-slide=\"\"><div class=\"x-bg\" aria-hidden=\"true\"><div class=\"x-bg-layer-lower-image\" style=\" background-image: url(https:\/\/comitati.fisi.org\/liguria\/wp-content\/uploads\/sites\/35\/2025\/04\/Coppa-Liguria.jpg); background-repeat: no-repeat; background-position: center; background-size: cover;\"><\/div><div class=\"x-bg-layer-upper-color\" style=\" background-color: rgba(255, 255, 255, 0.1);\"><\/div><\/div><div class=\"x-div e17-e17 mh-x mh-y mh-z mh-13 mh-14\"><div class=\"x-text x-text-headline e17-e18 mh-1k mh-1l mh-1m mh-1n mh-1u mh-1w mh-1x mh-1y mh-1z\"><div class=\"x-text-content\"><div class=\"x-text-content-text\"><span class=\"x-text-content-text-primary\">RINVIATO il SUPERG del 23-24 gennaio a Limone P.<\/span><\/div><\/div><\/div><div class=\"x-text x-text-headline e17-e19 mh-1l mh-1m mh-1n mh-1u mh-1x mh-1y mh-20 mh-21 mh-22\"><div class=\"x-text-content\"><div class=\"x-text-content-text\"><span class=\"x-text-content-text-primary\">Siamo spiacenti di comuncare il RINVIO della gara a calendario zonale di SuperG prevista per Sabatgo 24 gennaio p.v., con prova il giorno 23, causa...<\/span><\/div><\/div><\/div><div class=\"x-row e17-e20 mh-7 mh-a mh-b mh-e mh-h\"><div class=\"x-row-inner\"><div class=\"x-col e17-e21 mh-n mh-p mh-q mh-s mh-t mh-u\"><a class=\"x-anchor x-anchor-button e17-e22 mh-2n\" tabindex=\"0\" href=\"https:\/\/comitati.fisi.org\/liguria\/blog\/2026\/01\/20\/rinviato-il-superg-del-23-24-gennaio-a-limone-p\/\"><div class=\"x-anchor-content\"><div class=\"x-anchor-text\"><span class=\"x-anchor-text-primary\">Leggi di pi\u00f9<\/span><\/div><\/div><\/a><\/div><div class=\"x-col e17-e23 mh-n mh-p mh-q mh-s mh-t mh-v\"><div class=\"x-div e17-e24 mh-x mh-y mh-z mh-10 mh-11 mh-12 mh-15 mh-16 mh-17 mh-18\"><a class=\"x-div e17-e25 mh-x mh-11 mh-12 mh-15 mh-19 mh-1a mh-1b\" href=\"#prev\" data-x-effect-provider=\"colors particles effects\" data-x-slide-prev=\"\"><i class=\"x-icon e17-e26 mh-2o\" aria-hidden=\"true\" data-x-icon-s=\"&#xf104;\"><\/i><\/a><a class=\"x-div e17-e27 mh-x mh-y mh-11 mh-12 mh-15 mh-19 mh-1a mh-1c\" href=\"#next\" data-x-effect-provider=\"colors particles effects\" data-x-slide-next=\"\"><i class=\"x-icon e17-e28 mh-2o\" aria-hidden=\"true\" data-x-icon-s=\"&#xf105;\"><\/i><\/a><\/div><\/div><\/div><\/div><\/div><\/div><div class=\"x-slide e17-e16 mh-1h mh-1j\" data-x-slide=\"\"><div class=\"x-bg\" aria-hidden=\"true\"><div class=\"x-bg-layer-lower-image\"><\/div><div class=\"x-bg-layer-upper-color\" style=\" background-color: rgba(255, 255, 255, 0.1);\"><\/div><\/div><div class=\"x-div e17-e17 mh-x mh-y mh-z mh-13 mh-14\"><div class=\"x-text x-text-headline e17-e18 mh-1k mh-1l mh-1m mh-1n mh-1u mh-1w mh-1x mh-1y mh-1z\"><div class=\"x-text-content\"><div class=\"x-text-content-text\"><span class=\"x-text-content-text-primary\">Podio di Giada Galante a PratoNevoso &#8211; Freestyle<\/span><\/div><\/div><\/div><div class=\"x-text x-text-headline e17-e19 mh-1l mh-1m mh-1n mh-1u mh-1x mh-1y mh-20 mh-21 mh-22\"><div class=\"x-text-content\"><div class=\"x-text-content-text\"><span class=\"x-text-content-text-primary\">Nella prova di Coppa Italia ITALIAN FREESKI TOUR, svoltasi a PratoNevoso Domenica 11 gennaio u.s., Giada Galante, dello sci club &#8220;360 SKILLS ASD&#8221;, sale sul...<\/span><\/div><\/div><\/div><div class=\"x-row e17-e20 mh-7 mh-a mh-b mh-e mh-h\"><div class=\"x-row-inner\"><div class=\"x-col e17-e21 mh-n mh-p mh-q mh-s mh-t mh-u\"><a class=\"x-anchor x-anchor-button e17-e22 mh-2n\" tabindex=\"0\" href=\"https:\/\/comitati.fisi.org\/liguria\/blog\/2026\/01\/19\/podio-di-giada-galante-a-pratonevoso-freestyle\/\"><div class=\"x-anchor-content\"><div class=\"x-anchor-text\"><span class=\"x-anchor-text-primary\">Leggi di pi\u00f9<\/span><\/div><\/div><\/a><\/div><div class=\"x-col e17-e23 mh-n mh-p mh-q mh-s mh-t mh-v\"><div class=\"x-div e17-e24 mh-x mh-y mh-z mh-10 mh-11 mh-12 mh-15 mh-16 mh-17 mh-18\"><a class=\"x-div e17-e25 mh-x mh-11 mh-12 mh-15 mh-19 mh-1a mh-1b\" href=\"#prev\" data-x-effect-provider=\"colors particles effects\" data-x-slide-prev=\"\"><i class=\"x-icon e17-e26 mh-2o\" aria-hidden=\"true\" data-x-icon-s=\"&#xf104;\"><\/i><\/a><a class=\"x-div e17-e27 mh-x mh-y mh-11 mh-12 mh-15 mh-19 mh-1a mh-1c\" href=\"#next\" data-x-effect-provider=\"colors particles effects\" data-x-slide-next=\"\"><i class=\"x-icon e17-e28 mh-2o\" aria-hidden=\"true\" data-x-icon-s=\"&#xf105;\"><\/i><\/a><\/div><\/div><\/div><\/div><\/div><\/div><div class=\"x-slide e17-e16 mh-1h mh-1j\" data-x-slide=\"\"><div class=\"x-bg\" aria-hidden=\"true\"><div class=\"x-bg-layer-lower-image\" style=\" background-image: url(https:\/\/comitati.fisi.org\/liguria\/wp-content\/uploads\/sites\/35\/2025\/04\/Coppa-Liguria.jpg); background-repeat: no-repeat; background-position: center; background-size: cover;\"><\/div><div class=\"x-bg-layer-upper-color\" style=\" background-color: rgba(255, 255, 255, 0.1);\"><\/div><\/div><div class=\"x-div e17-e17 mh-x mh-y mh-z mh-13 mh-14\"><div class=\"x-text x-text-headline e17-e18 mh-1k mh-1l mh-1m mh-1n mh-1u mh-1w mh-1x mh-1y mh-1z\"><div class=\"x-text-content\"><div class=\"x-text-content-text\"><span class=\"x-text-content-text-primary\">VARIAZIONE gare Super Gigante RQ 26-29 gennaio 2026<\/span><\/div><\/div><\/div><div class=\"x-text x-text-headline e17-e19 mh-1l mh-1m mh-1n mh-1u mh-1x mh-1y mh-20 mh-21 mh-22\"><div class=\"x-text-content\"><div class=\"x-text-content-text\"><span class=\"x-text-content-text-primary\">Si rende nota la Variazione di svolgimento delle gare di Super Gigante RQ, in calendario dal\u00a026 al 28 gennaio p.v., in programma a\u00a0Limone, saranno suddivise...<\/span><\/div><\/div><\/div><div class=\"x-row e17-e20 mh-7 mh-a mh-b mh-e mh-h\"><div class=\"x-row-inner\"><div class=\"x-col e17-e21 mh-n mh-p mh-q mh-s mh-t mh-u\"><a class=\"x-anchor x-anchor-button e17-e22 mh-2n\" tabindex=\"0\" href=\"https:\/\/comitati.fisi.org\/liguria\/blog\/2026\/01\/18\/variazione-gare-super-gigante-rq-26-29-gennaio-2026\/\"><div class=\"x-anchor-content\"><div class=\"x-anchor-text\"><span class=\"x-anchor-text-primary\">Leggi di pi\u00f9<\/span><\/div><\/div><\/a><\/div><div class=\"x-col e17-e23 mh-n mh-p mh-q mh-s mh-t mh-v\"><div class=\"x-div e17-e24 mh-x mh-y mh-z mh-10 mh-11 mh-12 mh-15 mh-16 mh-17 mh-18\"><a class=\"x-div e17-e25 mh-x mh-11 mh-12 mh-15 mh-19 mh-1a mh-1b\" href=\"#prev\" data-x-effect-provider=\"colors particles effects\" data-x-slide-prev=\"\"><i class=\"x-icon e17-e26 mh-2o\" aria-hidden=\"true\" data-x-icon-s=\"&#xf104;\"><\/i><\/a><a class=\"x-div e17-e27 mh-x mh-y mh-11 mh-12 mh-15 mh-19 mh-1a mh-1c\" href=\"#next\" data-x-effect-provider=\"colors particles effects\" data-x-slide-next=\"\"><i class=\"x-icon e17-e28 mh-2o\" aria-hidden=\"true\" data-x-icon-s=\"&#xf105;\"><\/i><\/a><\/div><\/div><\/div><\/div><\/div><\/div><div class=\"x-slide e17-e16 mh-1h mh-1j\" data-x-slide=\"\"><div class=\"x-bg\" aria-hidden=\"true\"><div class=\"x-bg-layer-lower-image\" style=\" background-image: url(https:\/\/comitati.fisi.org\/liguria\/wp-content\/uploads\/sites\/35\/2026\/01\/WhatsApp-Image-2026-01-04-at-19.26.28.jpeg); background-repeat: no-repeat; background-position: center; background-size: cover;\"><\/div><div class=\"x-bg-layer-upper-color\" style=\" background-color: rgba(255, 255, 255, 0.1);\"><\/div><\/div><div class=\"x-div e17-e17 mh-x mh-y mh-z mh-13 mh-14\"><div class=\"x-text x-text-headline e17-e18 mh-1k mh-1l mh-1m mh-1n mh-1u mh-1w mh-1x mh-1y mh-1z\"><div class=\"x-text-content\"><div class=\"x-text-content-text\"><span class=\"x-text-content-text-primary\">RINVIATO Stage Progetto FreeSki FISI Comitato Ligure<\/span><\/div><\/div><\/div><div class=\"x-text x-text-headline e17-e19 mh-1l mh-1m mh-1n mh-1u mh-1x mh-1y mh-20 mh-21 mh-22\"><div class=\"x-text-content\"><div class=\"x-text-content-text\"><span class=\"x-text-content-text-primary\">Causa condizioni meteo, lo stage FreeSki di questa sera Sabato 17 gennaio a PratoNevoso, riguardante il Progetto FISI Comitato Ligure, \u00e8 RINVIATO a data da...<\/span><\/div><\/div><\/div><div class=\"x-row e17-e20 mh-7 mh-a mh-b mh-e mh-h\"><div class=\"x-row-inner\"><div class=\"x-col e17-e21 mh-n mh-p mh-q mh-s mh-t mh-u\"><a class=\"x-anchor x-anchor-button e17-e22 mh-2n\" tabindex=\"0\" href=\"https:\/\/comitati.fisi.org\/liguria\/blog\/2026\/01\/17\/rinviato-stage-progetto-freeski-fisi-comitato-ligure\/\"><div class=\"x-anchor-content\"><div class=\"x-anchor-text\"><span class=\"x-anchor-text-primary\">Leggi di pi\u00f9<\/span><\/div><\/div><\/a><\/div><div class=\"x-col e17-e23 mh-n mh-p mh-q mh-s mh-t mh-v\"><div class=\"x-div e17-e24 mh-x mh-y mh-z mh-10 mh-11 mh-12 mh-15 mh-16 mh-17 mh-18\"><a class=\"x-div e17-e25 mh-x mh-11 mh-12 mh-15 mh-19 mh-1a mh-1b\" href=\"#prev\" data-x-effect-provider=\"colors particles effects\" data-x-slide-prev=\"\"><i class=\"x-icon e17-e26 mh-2o\" aria-hidden=\"true\" data-x-icon-s=\"&#xf104;\"><\/i><\/a><a class=\"x-div e17-e27 mh-x mh-y mh-11 mh-12 mh-15 mh-19 mh-1a mh-1c\" href=\"#next\" data-x-effect-provider=\"colors particles effects\" data-x-slide-next=\"\"><i class=\"x-icon e17-e28 mh-2o\" aria-hidden=\"true\" data-x-icon-s=\"&#xf105;\"><\/i><\/a><\/div><\/div><\/div><\/div><\/div><\/div><div class=\"x-slide e17-e16 mh-1h mh-1j\" data-x-slide=\"\"><div class=\"x-bg\" aria-hidden=\"true\"><div class=\"x-bg-layer-lower-image\" style=\" background-image: url(https:\/\/comitati.fisi.org\/liguria\/wp-content\/uploads\/sites\/35\/2025\/01\/GARA-Annullata.2.jpg); background-repeat: no-repeat; background-position: center; background-size: cover;\"><\/div><div class=\"x-bg-layer-upper-color\" style=\" background-color: rgba(255, 255, 255, 0.1);\"><\/div><\/div><div class=\"x-div e17-e17 mh-x mh-y mh-z mh-13 mh-14\"><div class=\"x-text x-text-headline e17-e18 mh-1k mh-1l mh-1m mh-1n mh-1u mh-1w mh-1x mh-1y mh-1z\"><div class=\"x-text-content\"><div class=\"x-text-content-text\"><span class=\"x-text-content-text-primary\">ANNULLATE LE GARE DEL 17-18 GENNAIO 2026 LURISIA<\/span><\/div><\/div><\/div><div class=\"x-text x-text-headline e17-e19 mh-1l mh-1m mh-1n mh-1u mh-1x mh-1y mh-20 mh-21 mh-22\"><div class=\"x-text-content\"><div class=\"x-text-content-text\"><span class=\"x-text-content-text-primary\">Si COMUNICA che le gare di oggi 17 e domani 18 gennaio 2026 a Lurisia, sono state annullate a causa delle condizioni meteo avverse e...<\/span><\/div><\/div><\/div><div class=\"x-row e17-e20 mh-7 mh-a mh-b mh-e mh-h\"><div class=\"x-row-inner\"><div class=\"x-col e17-e21 mh-n mh-p mh-q mh-s mh-t mh-u\"><a class=\"x-anchor x-anchor-button e17-e22 mh-2n\" tabindex=\"0\" href=\"https:\/\/comitati.fisi.org\/liguria\/blog\/2026\/01\/17\/annullate-le-gare-del-17-18-gennaio-2026-lurisia\/\"><div class=\"x-anchor-content\"><div class=\"x-anchor-text\"><span class=\"x-anchor-text-primary\">Leggi di pi\u00f9<\/span><\/div><\/div><\/a><\/div><div class=\"x-col e17-e23 mh-n mh-p mh-q mh-s mh-t mh-v\"><div class=\"x-div e17-e24 mh-x mh-y mh-z mh-10 mh-11 mh-12 mh-15 mh-16 mh-17 mh-18\"><a class=\"x-div e17-e25 mh-x mh-11 mh-12 mh-15 mh-19 mh-1a mh-1b\" href=\"#prev\" data-x-effect-provider=\"colors particles effects\" data-x-slide-prev=\"\"><i class=\"x-icon e17-e26 mh-2o\" aria-hidden=\"true\" data-x-icon-s=\"&#xf104;\"><\/i><\/a><a class=\"x-div e17-e27 mh-x mh-y mh-11 mh-12 mh-15 mh-19 mh-1a mh-1c\" href=\"#next\" data-x-effect-provider=\"colors particles effects\" data-x-slide-next=\"\"><i class=\"x-icon e17-e28 mh-2o\" aria-hidden=\"true\" data-x-icon-s=\"&#xf105;\"><\/i><\/a><\/div><\/div><\/div><\/div><\/div><\/div><div class=\"x-slide e17-e16 mh-1h mh-1j\" data-x-slide=\"\"><div class=\"x-bg\" aria-hidden=\"true\"><div class=\"x-bg-layer-lower-image\"><\/div><div class=\"x-bg-layer-upper-color\" style=\" background-color: rgba(255, 255, 255, 0.1);\"><\/div><\/div><div class=\"x-div e17-e17 mh-x mh-y mh-z mh-13 mh-14\"><div class=\"x-text x-text-headline e17-e18 mh-1k mh-1l mh-1m mh-1n mh-1u mh-1w mh-1x mh-1y mh-1z\"><div class=\"x-text-content\"><div class=\"x-text-content-text\"><span class=\"x-text-content-text-primary\">Ordine di Partenza GS 17\/01\/2026 &#8211; Lurisia<\/span><\/div><\/div><\/div><div class=\"x-text x-text-headline e17-e19 mh-1l mh-1m mh-1n mh-1u mh-1x mh-1y mh-20 mh-21 mh-22\"><div class=\"x-text-content\"><div class=\"x-text-content-text\"><span class=\"x-text-content-text-primary\">Si riporta Ordine di Partenza della Gara di domani Sabato 17 gennaio 2026. 1_ORDINE DI PARTENZA 1. manche_GS_Lurisia 17.01.2026 Costo SkiPass Gara \u20ac 22,00 Programma...<\/span><\/div><\/div><\/div><div class=\"x-row e17-e20 mh-7 mh-a mh-b mh-e mh-h\"><div class=\"x-row-inner\"><div class=\"x-col e17-e21 mh-n mh-p mh-q mh-s mh-t mh-u\"><a class=\"x-anchor x-anchor-button e17-e22 mh-2n\" tabindex=\"0\" href=\"https:\/\/comitati.fisi.org\/liguria\/blog\/2026\/01\/16\/ordine-di-partenza-gs-17-01-2026-lurisia\/\"><div class=\"x-anchor-content\"><div class=\"x-anchor-text\"><span class=\"x-anchor-text-primary\">Leggi di pi\u00f9<\/span><\/div><\/div><\/a><\/div><div class=\"x-col e17-e23 mh-n mh-p mh-q mh-s mh-t mh-v\"><div class=\"x-div e17-e24 mh-x mh-y mh-z mh-10 mh-11 mh-12 mh-15 mh-16 mh-17 mh-18\"><a class=\"x-div e17-e25 mh-x mh-11 mh-12 mh-15 mh-19 mh-1a mh-1b\" href=\"#prev\" data-x-effect-provider=\"colors particles effects\" data-x-slide-prev=\"\"><i class=\"x-icon e17-e26 mh-2o\" aria-hidden=\"true\" data-x-icon-s=\"&#xf104;\"><\/i><\/a><a class=\"x-div e17-e27 mh-x mh-y mh-11 mh-12 mh-15 mh-19 mh-1a mh-1c\" href=\"#next\" data-x-effect-provider=\"colors particles effects\" data-x-slide-next=\"\"><i class=\"x-icon e17-e28 mh-2o\" aria-hidden=\"true\" data-x-icon-s=\"&#xf105;\"><\/i><\/a><\/div><\/div><\/div><\/div><\/div><\/div><div class=\"x-slide e17-e16 mh-1h mh-1j\" data-x-slide=\"\"><div class=\"x-bg\" aria-hidden=\"true\"><div class=\"x-bg-layer-lower-image\" style=\" background-image: url(https:\/\/comitati.fisi.org\/liguria\/wp-content\/uploads\/sites\/35\/2025\/04\/Coppa-Liguria.jpg); background-repeat: no-repeat; background-position: center; background-size: cover;\"><\/div><div class=\"x-bg-layer-upper-color\" style=\" background-color: rgba(255, 255, 255, 0.1);\"><\/div><\/div><div class=\"x-div e17-e17 mh-x mh-y mh-z mh-13 mh-14\"><div class=\"x-text x-text-headline e17-e18 mh-1k mh-1l mh-1m mh-1n mh-1u mh-1w mh-1x mh-1y mh-1z\"><div class=\"x-text-content\"><div class=\"x-text-content-text\"><span class=\"x-text-content-text-primary\">Rinvio Nuovo Format del 25\/01\/2026<\/span><\/div><\/div><\/div><div class=\"x-text x-text-headline e17-e19 mh-1l mh-1m mh-1n mh-1u mh-1x mh-1y mh-20 mh-21 mh-22\"><div class=\"x-text-content\"><div class=\"x-text-content-text\"><span class=\"x-text-content-text-primary\">Si comunica che la gara Nuovo Format in calendario zonale il 25 gennaio p.v. \u00e8 RINVIATA alla data del 21 febbraio 2026 a Viola di...<\/span><\/div><\/div><\/div><div class=\"x-row e17-e20 mh-7 mh-a mh-b mh-e mh-h\"><div class=\"x-row-inner\"><div class=\"x-col e17-e21 mh-n mh-p mh-q mh-s mh-t mh-u\"><a class=\"x-anchor x-anchor-button e17-e22 mh-2n\" tabindex=\"0\" href=\"https:\/\/comitati.fisi.org\/liguria\/blog\/2026\/01\/16\/rinvio-nuovo-format-del-25-01-2026\/\"><div class=\"x-anchor-content\"><div class=\"x-anchor-text\"><span class=\"x-anchor-text-primary\">Leggi di pi\u00f9<\/span><\/div><\/div><\/a><\/div><div class=\"x-col e17-e23 mh-n mh-p mh-q mh-s mh-t mh-v\"><div class=\"x-div e17-e24 mh-x mh-y mh-z mh-10 mh-11 mh-12 mh-15 mh-16 mh-17 mh-18\"><a class=\"x-div e17-e25 mh-x mh-11 mh-12 mh-15 mh-19 mh-1a mh-1b\" href=\"#prev\" data-x-effect-provider=\"colors particles effects\" data-x-slide-prev=\"\"><i class=\"x-icon e17-e26 mh-2o\" aria-hidden=\"true\" data-x-icon-s=\"&#xf104;\"><\/i><\/a><a class=\"x-div e17-e27 mh-x mh-y mh-11 mh-12 mh-15 mh-19 mh-1a mh-1c\" href=\"#next\" data-x-effect-provider=\"colors particles effects\" data-x-slide-next=\"\"><i class=\"x-icon e17-e28 mh-2o\" aria-hidden=\"true\" data-x-icon-s=\"&#xf105;\"><\/i><\/a><\/div><\/div><\/div><\/div><\/div><\/div><div class=\"x-slide e17-e16 mh-1h mh-1j\" data-x-slide=\"\"><div class=\"x-bg\" aria-hidden=\"true\"><div class=\"x-bg-layer-lower-image\" style=\" background-image: url(https:\/\/comitati.fisi.org\/liguria\/wp-content\/uploads\/sites\/35\/2025\/04\/Coppa-Liguria.jpg); background-repeat: no-repeat; background-position: center; background-size: cover;\"><\/div><div class=\"x-bg-layer-upper-color\" style=\" background-color: rgba(255, 255, 255, 0.1);\"><\/div><\/div><div class=\"x-div e17-e17 mh-x mh-y mh-z mh-13 mh-14\"><div class=\"x-text x-text-headline e17-e18 mh-1k mh-1l mh-1m mh-1n mh-1u mh-1w mh-1x mh-1y mh-1z\"><div class=\"x-text-content\"><div class=\"x-text-content-text\"><span class=\"x-text-content-text-primary\">Aggiornamento REGOLAMENTO Gare di Gigante del 17 e 18 gennaio 2026 \u2013 Lurisia (CN)<\/span><\/div><\/div><\/div><div class=\"x-text x-text-headline e17-e19 mh-1l mh-1m mh-1n mh-1u mh-1x mh-1y mh-20 mh-21 mh-22\"><div class=\"x-text-content\"><div class=\"x-text-content-text\"><span class=\"x-text-content-text-primary\">Si comunica che la Riunione di Giuria verr\u00e0 effettuata presso l&#8217;Hotel Cannon D&#8217;Oro, Piazza Vittorio Veneto 9 a Chiusa Pesio (CN). Programma Gara 17 Gennaio...<\/span><\/div><\/div><\/div><div class=\"x-row e17-e20 mh-7 mh-a mh-b mh-e mh-h\"><div class=\"x-row-inner\"><div class=\"x-col e17-e21 mh-n mh-p mh-q mh-s mh-t mh-u\"><a class=\"x-anchor x-anchor-button e17-e22 mh-2n\" tabindex=\"0\" href=\"https:\/\/comitati.fisi.org\/liguria\/blog\/2026\/01\/15\/aggiornamento-regolamento-gare-di-gigante-del-17-e-18-gennaio-2026-lurisia-cn\/\"><div class=\"x-anchor-content\"><div class=\"x-anchor-text\"><span class=\"x-anchor-text-primary\">Leggi di pi\u00f9<\/span><\/div><\/div><\/a><\/div><div class=\"x-col e17-e23 mh-n mh-p mh-q mh-s mh-t mh-v\"><div class=\"x-div e17-e24 mh-x mh-y mh-z mh-10 mh-11 mh-12 mh-15 mh-16 mh-17 mh-18\"><a class=\"x-div e17-e25 mh-x mh-11 mh-12 mh-15 mh-19 mh-1a mh-1b\" href=\"#prev\" data-x-effect-provider=\"colors particles effects\" data-x-slide-prev=\"\"><i class=\"x-icon e17-e26 mh-2o\" aria-hidden=\"true\" data-x-icon-s=\"&#xf104;\"><\/i><\/a><a class=\"x-div e17-e27 mh-x mh-y mh-11 mh-12 mh-15 mh-19 mh-1a mh-1c\" href=\"#next\" data-x-effect-provider=\"colors particles effects\" data-x-slide-next=\"\"><i class=\"x-icon e17-e28 mh-2o\" aria-hidden=\"true\" data-x-icon-s=\"&#xf105;\"><\/i><\/a><\/div><\/div><\/div><\/div><\/div><\/div><div class=\"x-slide e17-e16 mh-1h mh-1j\" data-x-slide=\"\"><div class=\"x-bg\" aria-hidden=\"true\"><div class=\"x-bg-layer-lower-image\" style=\" background-image: url(https:\/\/comitati.fisi.org\/liguria\/wp-content\/uploads\/sites\/35\/2025\/01\/fis-logo.jpg); background-repeat: no-repeat; background-position: center; background-size: cover;\"><\/div><div class=\"x-bg-layer-upper-color\" style=\" background-color: rgba(255, 255, 255, 0.1);\"><\/div><\/div><div class=\"x-div e17-e17 mh-x mh-y mh-z mh-13 mh-14\"><div class=\"x-text x-text-headline e17-e18 mh-1k mh-1l mh-1m mh-1n mh-1u mh-1w mh-1x mh-1y mh-1z\"><div class=\"x-text-content\"><div class=\"x-text-content-text\"><span class=\"x-text-content-text-primary\">RINVIO FIS 19-20 Gennaio 2026 a PratoNevoso<\/span><\/div><\/div><\/div><div class=\"x-text x-text-headline e17-e19 mh-1l mh-1m mh-1n mh-1u mh-1x mh-1y mh-20 mh-21 mh-22\"><div class=\"x-text-content\"><div class=\"x-text-content-text\"><span class=\"x-text-content-text-primary\">A seguito delle attuali condizioni del manto nevoso e delle previsioni meteorologiche previste per i giorni di svolgimento delle manifestazioni, come da evento FIS del...<\/span><\/div><\/div><\/div><div class=\"x-row e17-e20 mh-7 mh-a mh-b mh-e mh-h\"><div class=\"x-row-inner\"><div class=\"x-col e17-e21 mh-n mh-p mh-q mh-s mh-t mh-u\"><a class=\"x-anchor x-anchor-button e17-e22 mh-2n\" tabindex=\"0\" href=\"https:\/\/comitati.fisi.org\/liguria\/blog\/2026\/01\/14\/rinvio-fis-19-20-gennaio-2026-a-pratonevoso\/\"><div class=\"x-anchor-content\"><div class=\"x-anchor-text\"><span class=\"x-anchor-text-primary\">Leggi di pi\u00f9<\/span><\/div><\/div><\/a><\/div><div class=\"x-col e17-e23 mh-n mh-p mh-q mh-s mh-t mh-v\"><div class=\"x-div e17-e24 mh-x mh-y mh-z mh-10 mh-11 mh-12 mh-15 mh-16 mh-17 mh-18\"><a class=\"x-div e17-e25 mh-x mh-11 mh-12 mh-15 mh-19 mh-1a mh-1b\" href=\"#prev\" data-x-effect-provider=\"colors particles effects\" data-x-slide-prev=\"\"><i class=\"x-icon e17-e26 mh-2o\" aria-hidden=\"true\" data-x-icon-s=\"&#xf104;\"><\/i><\/a><a class=\"x-div e17-e27 mh-x mh-y mh-11 mh-12 mh-15 mh-19 mh-1a mh-1c\" href=\"#next\" data-x-effect-provider=\"colors particles effects\" data-x-slide-next=\"\"><i class=\"x-icon e17-e28 mh-2o\" aria-hidden=\"true\" data-x-icon-s=\"&#xf105;\"><\/i><\/a><\/div><\/div><\/div><\/div><\/div><\/div><div class=\"x-slide e17-e16 mh-1h mh-1j\" data-x-slide=\"\"><div class=\"x-bg\" aria-hidden=\"true\"><div class=\"x-bg-layer-lower-image\" style=\" background-image: url(https:\/\/comitati.fisi.org\/liguria\/wp-content\/uploads\/sites\/35\/2025\/04\/Coppa-Liguria.jpg); background-repeat: no-repeat; background-position: center; background-size: cover;\"><\/div><div class=\"x-bg-layer-upper-color\" style=\" background-color: rgba(255, 255, 255, 0.1);\"><\/div><\/div><div class=\"x-div e17-e17 mh-x mh-y mh-z mh-13 mh-14\"><div class=\"x-text x-text-headline e17-e18 mh-1k mh-1l mh-1m mh-1n mh-1u mh-1w mh-1x mh-1y mh-1z\"><div class=\"x-text-content\"><div class=\"x-text-content-text\"><span class=\"x-text-content-text-primary\">CLASSIFICHE COPPA LIGURIA<\/span><\/div><\/div><\/div><div class=\"x-text x-text-headline e17-e19 mh-1l mh-1m mh-1n mh-1u mh-1x mh-1y mh-20 mh-21 mh-22\"><div class=\"x-text-content\"><div class=\"x-text-content-text\"><span class=\"x-text-content-text-primary\">Si riportano le prime Classifiche di Coppa Liguria di Sci Alpino delle Categorie Children e Giovani alla data del 10 gennaio 2026 \u2014\u2014-&gt;Classifica RAGAZZI f...<\/span><\/div><\/div><\/div><div class=\"x-row e17-e20 mh-7 mh-a mh-b mh-e mh-h\"><div class=\"x-row-inner\"><div class=\"x-col e17-e21 mh-n mh-p mh-q mh-s mh-t mh-u\"><a class=\"x-anchor x-anchor-button e17-e22 mh-2n\" tabindex=\"0\" href=\"https:\/\/comitati.fisi.org\/liguria\/blog\/2026\/01\/13\/classifiche-coppa-liguria-2\/\"><div class=\"x-anchor-content\"><div class=\"x-anchor-text\"><span class=\"x-anchor-text-primary\">Leggi di pi\u00f9<\/span><\/div><\/div><\/a><\/div><div class=\"x-col e17-e23 mh-n mh-p mh-q mh-s mh-t mh-v\"><div class=\"x-div e17-e24 mh-x mh-y mh-z mh-10 mh-11 mh-12 mh-15 mh-16 mh-17 mh-18\"><a class=\"x-div e17-e25 mh-x mh-11 mh-12 mh-15 mh-19 mh-1a mh-1b\" href=\"#prev\" data-x-effect-provider=\"colors particles effects\" data-x-slide-prev=\"\"><i class=\"x-icon e17-e26 mh-2o\" aria-hidden=\"true\" data-x-icon-s=\"&#xf104;\"><\/i><\/a><a class=\"x-div e17-e27 mh-x mh-y mh-11 mh-12 mh-15 mh-19 mh-1a mh-1c\" href=\"#next\" data-x-effect-provider=\"colors particles effects\" data-x-slide-next=\"\"><i class=\"x-icon e17-e28 mh-2o\" aria-hidden=\"true\" data-x-icon-s=\"&#xf105;\"><\/i><\/a><\/div><\/div><\/div><\/div><\/div><\/div><div class=\"x-slide e17-e16 mh-1h mh-1j\" data-x-slide=\"\"><div class=\"x-bg\" aria-hidden=\"true\"><div class=\"x-bg-layer-lower-image\" style=\" background-image: url(https:\/\/comitati.fisi.org\/liguria\/wp-content\/uploads\/sites\/35\/2025\/04\/Coppa-Liguria.jpg); background-repeat: no-repeat; background-position: center; background-size: cover;\"><\/div><div class=\"x-bg-layer-upper-color\" style=\" background-color: rgba(255, 255, 255, 0.1);\"><\/div><\/div><div class=\"x-div e17-e17 mh-x mh-y mh-z mh-13 mh-14\"><div class=\"x-text x-text-headline e17-e18 mh-1k mh-1l mh-1m mh-1n mh-1u mh-1w mh-1x mh-1y mh-1z\"><div class=\"x-text-content\"><div class=\"x-text-content-text\"><span class=\"x-text-content-text-primary\">REGOLAMENTO Gare di Gigante del 17 e 18 gennaio 2026 \u2013 Lurisia (CN)<\/span><\/div><\/div><\/div><div class=\"x-text x-text-headline e17-e19 mh-1l mh-1m mh-1n mh-1u mh-1x mh-1y mh-20 mh-21 mh-22\"><div class=\"x-text-content\"><div class=\"x-text-content-text\"><span class=\"x-text-content-text-primary\">Si riportano i Regolamenti per le Gare di Slalom Gigante in programma Sabato 17 e Domenica 18 gennaio 2026 a Lurisia, valido per la Coppa...<\/span><\/div><\/div><\/div><div class=\"x-row e17-e20 mh-7 mh-a mh-b mh-e mh-h\"><div class=\"x-row-inner\"><div class=\"x-col e17-e21 mh-n mh-p mh-q mh-s mh-t mh-u\"><a class=\"x-anchor x-anchor-button e17-e22 mh-2n\" tabindex=\"0\" href=\"https:\/\/comitati.fisi.org\/liguria\/blog\/2026\/01\/11\/regolamento-gare-di-gigante-del-17-e-18-gennaio-2026-lurisia-cn\/\"><div class=\"x-anchor-content\"><div class=\"x-anchor-text\"><span class=\"x-anchor-text-primary\">Leggi di pi\u00f9<\/span><\/div><\/div><\/a><\/div><div class=\"x-col e17-e23 mh-n mh-p mh-q mh-s mh-t mh-v\"><div class=\"x-div e17-e24 mh-x mh-y mh-z mh-10 mh-11 mh-12 mh-15 mh-16 mh-17 mh-18\"><a class=\"x-div e17-e25 mh-x mh-11 mh-12 mh-15 mh-19 mh-1a mh-1b\" href=\"#prev\" data-x-effect-provider=\"colors particles effects\" data-x-slide-prev=\"\"><i class=\"x-icon e17-e26 mh-2o\" aria-hidden=\"true\" data-x-icon-s=\"&#xf104;\"><\/i><\/a><a class=\"x-div e17-e27 mh-x mh-y mh-11 mh-12 mh-15 mh-19 mh-1a mh-1c\" href=\"#next\" data-x-effect-provider=\"colors particles effects\" data-x-slide-next=\"\"><i class=\"x-icon e17-e28 mh-2o\" aria-hidden=\"true\" data-x-icon-s=\"&#xf105;\"><\/i><\/a><\/div><\/div><\/div><\/div><\/div><\/div><div class=\"x-slide e17-e16 mh-1h mh-1j\" data-x-slide=\"\"><div class=\"x-bg\" aria-hidden=\"true\"><div class=\"x-bg-layer-lower-image\" style=\" background-image: url(https:\/\/comitati.fisi.org\/liguria\/wp-content\/uploads\/sites\/35\/2025\/04\/Coppa-Liguria.jpg); background-repeat: no-repeat; background-position: center; background-size: cover;\"><\/div><div class=\"x-bg-layer-upper-color\" style=\" background-color: rgba(255, 255, 255, 0.1);\"><\/div><\/div><div class=\"x-div e17-e17 mh-x mh-y mh-z mh-13 mh-14\"><div class=\"x-text x-text-headline e17-e18 mh-1k mh-1l mh-1m mh-1n mh-1u mh-1w mh-1x mh-1y mh-1z\"><div class=\"x-text-content\"><div class=\"x-text-content-text\"><span class=\"x-text-content-text-primary\">Classifiche SLALOM 10\/01\/2026 PratoNevoso<\/span><\/div><\/div><\/div><div class=\"x-text x-text-headline e17-e19 mh-1l mh-1m mh-1n mh-1u mh-1x mh-1y mh-20 mh-21 mh-22\"><div class=\"x-text-content\"><div class=\"x-text-content-text\"><span class=\"x-text-content-text-primary\">Si riporta la Classifica del TROFEO DONDI, Gara di Slalom PratoNevoso 10 gennaio 2026 3_CLASSIFICA UFFICIALI_SLALOM_10.01.2026 ParotoN. 4_CLASSIFICA PER SOCIETA_SL_10.01.2026_PratoN....<\/span><\/div><\/div><\/div><div class=\"x-row e17-e20 mh-7 mh-a mh-b mh-e mh-h\"><div class=\"x-row-inner\"><div class=\"x-col e17-e21 mh-n mh-p mh-q mh-s mh-t mh-u\"><a class=\"x-anchor x-anchor-button e17-e22 mh-2n\" tabindex=\"0\" href=\"https:\/\/comitati.fisi.org\/liguria\/blog\/2026\/01\/10\/classifiche-slalom-10-01-2026-pratonevoso\/\"><div class=\"x-anchor-content\"><div class=\"x-anchor-text\"><span class=\"x-anchor-text-primary\">Leggi di pi\u00f9<\/span><\/div><\/div><\/a><\/div><div class=\"x-col e17-e23 mh-n mh-p mh-q mh-s mh-t mh-v\"><div class=\"x-div e17-e24 mh-x mh-y mh-z mh-10 mh-11 mh-12 mh-15 mh-16 mh-17 mh-18\"><a class=\"x-div e17-e25 mh-x mh-11 mh-12 mh-15 mh-19 mh-1a mh-1b\" href=\"#prev\" data-x-effect-provider=\"colors particles effects\" data-x-slide-prev=\"\"><i class=\"x-icon e17-e26 mh-2o\" aria-hidden=\"true\" data-x-icon-s=\"&#xf104;\"><\/i><\/a><a class=\"x-div e17-e27 mh-x mh-y mh-11 mh-12 mh-15 mh-19 mh-1a mh-1c\" href=\"#next\" data-x-effect-provider=\"colors particles effects\" data-x-slide-next=\"\"><i class=\"x-icon e17-e28 mh-2o\" aria-hidden=\"true\" data-x-icon-s=\"&#xf105;\"><\/i><\/a><\/div><\/div><\/div><\/div><\/div><\/div><div class=\"x-slide e17-e16 mh-1h mh-1j\" data-x-slide=\"\"><div class=\"x-bg\" aria-hidden=\"true\"><div class=\"x-bg-layer-lower-image\" style=\" background-image: url(https:\/\/comitati.fisi.org\/liguria\/wp-content\/uploads\/sites\/35\/2025\/04\/Coppa-Liguria.jpg); background-repeat: no-repeat; background-position: center; background-size: cover;\"><\/div><div class=\"x-bg-layer-upper-color\" style=\" background-color: rgba(255, 255, 255, 0.1);\"><\/div><\/div><div class=\"x-div e17-e17 mh-x mh-y mh-z mh-13 mh-14\"><div class=\"x-text x-text-headline e17-e18 mh-1k mh-1l mh-1m mh-1n mh-1u mh-1w mh-1x mh-1y mh-1z\"><div class=\"x-text-content\"><div class=\"x-text-content-text\"><span class=\"x-text-content-text-primary\">Ordine di Partenza Gara SLALOM PratoN. 10.01.2026<\/span><\/div><\/div><\/div><div class=\"x-text x-text-headline e17-e19 mh-1l mh-1m mh-1n mh-1u mh-1x mh-1y mh-20 mh-21 mh-22\"><div class=\"x-text-content\"><div class=\"x-text-content-text\"><span class=\"x-text-content-text-primary\">Si riporta l&#8217;Ordine di Partenza dello Slalom di domani Sabato 10 gennaio 2026 a Prato Nevoso. Slalom Speciale Ch \u2013 GS \u2013 Master \u2014\u2014\u2014\u2014-&gt;1_ORDINE DI...<\/span><\/div><\/div><\/div><div class=\"x-row e17-e20 mh-7 mh-a mh-b mh-e mh-h\"><div class=\"x-row-inner\"><div class=\"x-col e17-e21 mh-n mh-p mh-q mh-s mh-t mh-u\"><a class=\"x-anchor x-anchor-button e17-e22 mh-2n\" tabindex=\"0\" href=\"https:\/\/comitati.fisi.org\/liguria\/blog\/2026\/01\/09\/ordine-di-partenza-gara-slalom-praton-10-01-2026\/\"><div class=\"x-anchor-content\"><div class=\"x-anchor-text\"><span class=\"x-anchor-text-primary\">Leggi di pi\u00f9<\/span><\/div><\/div><\/a><\/div><div class=\"x-col e17-e23 mh-n mh-p mh-q mh-s mh-t mh-v\"><div class=\"x-div e17-e24 mh-x mh-y mh-z mh-10 mh-11 mh-12 mh-15 mh-16 mh-17 mh-18\"><a class=\"x-div e17-e25 mh-x mh-11 mh-12 mh-15 mh-19 mh-1a mh-1b\" href=\"#prev\" data-x-effect-provider=\"colors particles effects\" data-x-slide-prev=\"\"><i class=\"x-icon e17-e26 mh-2o\" aria-hidden=\"true\" data-x-icon-s=\"&#xf104;\"><\/i><\/a><a class=\"x-div e17-e27 mh-x mh-y mh-11 mh-12 mh-15 mh-19 mh-1a mh-1c\" href=\"#next\" data-x-effect-provider=\"colors particles effects\" data-x-slide-next=\"\"><i class=\"x-icon e17-e28 mh-2o\" aria-hidden=\"true\" data-x-icon-s=\"&#xf105;\"><\/i><\/a><\/div><\/div><\/div><\/div><\/div><\/div><div class=\"x-slide e17-e16 mh-1h mh-1j\" data-x-slide=\"\"><div class=\"x-bg\" aria-hidden=\"true\"><div class=\"x-bg-layer-lower-image\" style=\" background-image: url(https:\/\/comitati.fisi.org\/liguria\/wp-content\/uploads\/sites\/35\/2025\/04\/Coppa-Liguria.jpg); background-repeat: no-repeat; background-position: center; background-size: cover;\"><\/div><div class=\"x-bg-layer-upper-color\" style=\" background-color: rgba(255, 255, 255, 0.1);\"><\/div><\/div><div class=\"x-div e17-e17 mh-x mh-y mh-z mh-13 mh-14\"><div class=\"x-text x-text-headline e17-e18 mh-1k mh-1l mh-1m mh-1n mh-1u mh-1w mh-1x mh-1y mh-1z\"><div class=\"x-text-content\"><div class=\"x-text-content-text\"><span class=\"x-text-content-text-primary\">Aggiornamento REGOLAMENTO Gara Slalom 10 gennaio 2026 &#8211; Prato Nevoso (CN)<\/span><\/div><\/div><\/div><div class=\"x-text x-text-headline e17-e19 mh-1l mh-1m mh-1n mh-1u mh-1x mh-1y mh-20 mh-21 mh-22\"><div class=\"x-text-content\"><div class=\"x-text-content-text\"><span class=\"x-text-content-text-primary\">Si riporta il Regolamento aggiornato per la Gara di Slalom Speciale in programma Sabato 10 gennaio 2026 a Pratonevoso, valido per la Coppa Liguria, CR...<\/span><\/div><\/div><\/div><div class=\"x-row e17-e20 mh-7 mh-a mh-b mh-e mh-h\"><div class=\"x-row-inner\"><div class=\"x-col e17-e21 mh-n mh-p mh-q mh-s mh-t mh-u\"><a class=\"x-anchor x-anchor-button e17-e22 mh-2n\" tabindex=\"0\" href=\"https:\/\/comitati.fisi.org\/liguria\/blog\/2026\/01\/08\/regolamento-gara-slalom-10-gennaio-2026-prato-nevoso-cn\/\"><div class=\"x-anchor-content\"><div class=\"x-anchor-text\"><span class=\"x-anchor-text-primary\">Leggi di pi\u00f9<\/span><\/div><\/div><\/a><\/div><div class=\"x-col e17-e23 mh-n mh-p mh-q mh-s mh-t mh-v\"><div class=\"x-div e17-e24 mh-x mh-y mh-z mh-10 mh-11 mh-12 mh-15 mh-16 mh-17 mh-18\"><a class=\"x-div e17-e25 mh-x mh-11 mh-12 mh-15 mh-19 mh-1a mh-1b\" href=\"#prev\" data-x-effect-provider=\"colors particles effects\" data-x-slide-prev=\"\"><i class=\"x-icon e17-e26 mh-2o\" aria-hidden=\"true\" data-x-icon-s=\"&#xf104;\"><\/i><\/a><a class=\"x-div e17-e27 mh-x mh-y mh-11 mh-12 mh-15 mh-19 mh-1a mh-1c\" href=\"#next\" data-x-effect-provider=\"colors particles effects\" data-x-slide-next=\"\"><i class=\"x-icon e17-e28 mh-2o\" aria-hidden=\"true\" data-x-icon-s=\"&#xf105;\"><\/i><\/a><\/div><\/div><\/div><\/div><\/div><\/div><div class=\"x-slide e17-e16 mh-1h mh-1j\" data-x-slide=\"\"><div class=\"x-bg\" aria-hidden=\"true\"><div class=\"x-bg-layer-lower-image\" style=\" background-image: url(https:\/\/comitati.fisi.org\/liguria\/wp-content\/uploads\/sites\/35\/2025\/04\/Coppa-Liguria.jpg); background-repeat: no-repeat; background-position: center; background-size: cover;\"><\/div><div class=\"x-bg-layer-upper-color\" style=\" background-color: rgba(255, 255, 255, 0.1);\"><\/div><\/div><div class=\"x-div e17-e17 mh-x mh-y mh-z mh-13 mh-14\"><div class=\"x-text x-text-headline e17-e18 mh-1k mh-1l mh-1m mh-1n mh-1u mh-1w mh-1x mh-1y mh-1z\"><div class=\"x-text-content\"><div class=\"x-text-content-text\"><span class=\"x-text-content-text-primary\">CLASSIFICHE SL + GS del 5 gennaio 2026 LimoneP.<\/span><\/div><\/div><\/div><div class=\"x-text x-text-headline e17-e19 mh-1l mh-1m mh-1n mh-1u mh-1x mh-1y mh-20 mh-21 mh-22\"><div class=\"x-text-content\"><div class=\"x-text-content-text\"><span class=\"x-text-content-text-primary\">Si riportano le Classifiche delle prime gare di Coppa Liguria 2025\/2026 disputate oggi luned\u00ec 5 gennaio a Limone Piemonte. Classifica Gigante Pulcini &#8212;&#8212;&#8212;&#8212;&#8212;&gt; classifica ufficiale...<\/span><\/div><\/div><\/div><div class=\"x-row e17-e20 mh-7 mh-a mh-b mh-e mh-h\"><div class=\"x-row-inner\"><div class=\"x-col e17-e21 mh-n mh-p mh-q mh-s mh-t mh-u\"><a class=\"x-anchor x-anchor-button e17-e22 mh-2n\" tabindex=\"0\" href=\"https:\/\/comitati.fisi.org\/liguria\/blog\/2026\/01\/05\/classifiche-sl-gs-del-5-gennaio-2026-limonep\/\"><div class=\"x-anchor-content\"><div class=\"x-anchor-text\"><span class=\"x-anchor-text-primary\">Leggi di pi\u00f9<\/span><\/div><\/div><\/a><\/div><div class=\"x-col e17-e23 mh-n mh-p mh-q mh-s mh-t mh-v\"><div class=\"x-div e17-e24 mh-x mh-y mh-z mh-10 mh-11 mh-12 mh-15 mh-16 mh-17 mh-18\"><a class=\"x-div e17-e25 mh-x mh-11 mh-12 mh-15 mh-19 mh-1a mh-1b\" href=\"#prev\" data-x-effect-provider=\"colors particles effects\" data-x-slide-prev=\"\"><i class=\"x-icon e17-e26 mh-2o\" aria-hidden=\"true\" data-x-icon-s=\"&#xf104;\"><\/i><\/a><a class=\"x-div e17-e27 mh-x mh-y mh-11 mh-12 mh-15 mh-19 mh-1a mh-1c\" href=\"#next\" data-x-effect-provider=\"colors particles effects\" data-x-slide-next=\"\"><i class=\"x-icon e17-e28 mh-2o\" aria-hidden=\"true\" data-x-icon-s=\"&#xf105;\"><\/i><\/a><\/div><\/div><\/div><\/div><\/div><\/div><div class=\"x-slide e17-e16 mh-1h mh-1j\" data-x-slide=\"\"><div class=\"x-bg\" aria-hidden=\"true\"><div class=\"x-bg-layer-lower-image\" style=\" background-image: url(https:\/\/comitati.fisi.org\/liguria\/wp-content\/uploads\/sites\/35\/2025\/04\/Coppa-Liguria.jpg); background-repeat: no-repeat; background-position: center; background-size: cover;\"><\/div><div class=\"x-bg-layer-upper-color\" style=\" background-color: rgba(255, 255, 255, 0.1);\"><\/div><\/div><div class=\"x-div e17-e17 mh-x mh-y mh-z mh-13 mh-14\"><div class=\"x-text x-text-headline e17-e18 mh-1k mh-1l mh-1m mh-1n mh-1u mh-1w mh-1x mh-1y mh-1z\"><div class=\"x-text-content\"><div class=\"x-text-content-text\"><span class=\"x-text-content-text-primary\">ORDINI di Partenza SL + GS Limone P. Luned\u00ec 05\/01\/2026<\/span><\/div><\/div><\/div><div class=\"x-text x-text-headline e17-e19 mh-1l mh-1m mh-1n mh-1u mh-1x mh-1y mh-20 mh-21 mh-22\"><div class=\"x-text-content\"><div class=\"x-text-content-text\"><span class=\"x-text-content-text-primary\">Si riportano gli Ordini di Partenza delle gare di domani Luned\u00ec 5 gennaio 2026 a Limone Piemonte 1400. Slalom Speciale Ch &#8211; GS &#8211; Master...<\/span><\/div><\/div><\/div><div class=\"x-row e17-e20 mh-7 mh-a mh-b mh-e mh-h\"><div class=\"x-row-inner\"><div class=\"x-col e17-e21 mh-n mh-p mh-q mh-s mh-t mh-u\"><a class=\"x-anchor x-anchor-button e17-e22 mh-2n\" tabindex=\"0\" href=\"https:\/\/comitati.fisi.org\/liguria\/blog\/2026\/01\/04\/ordini-di-partenza-sl-gs-limone-p-lunedi-05-01-2026\/\"><div class=\"x-anchor-content\"><div class=\"x-anchor-text\"><span class=\"x-anchor-text-primary\">Leggi di pi\u00f9<\/span><\/div><\/div><\/a><\/div><div class=\"x-col e17-e23 mh-n mh-p mh-q mh-s mh-t mh-v\"><div class=\"x-div e17-e24 mh-x mh-y mh-z mh-10 mh-11 mh-12 mh-15 mh-16 mh-17 mh-18\"><a class=\"x-div e17-e25 mh-x mh-11 mh-12 mh-15 mh-19 mh-1a mh-1b\" href=\"#prev\" data-x-effect-provider=\"colors particles effects\" data-x-slide-prev=\"\"><i class=\"x-icon e17-e26 mh-2o\" aria-hidden=\"true\" data-x-icon-s=\"&#xf104;\"><\/i><\/a><a class=\"x-div e17-e27 mh-x mh-y mh-11 mh-12 mh-15 mh-19 mh-1a mh-1c\" href=\"#next\" data-x-effect-provider=\"colors particles effects\" data-x-slide-next=\"\"><i class=\"x-icon e17-e28 mh-2o\" aria-hidden=\"true\" data-x-icon-s=\"&#xf105;\"><\/i><\/a><\/div><\/div><\/div><\/div><\/div><\/div><div class=\"x-slide e17-e16 mh-1h mh-1j\" data-x-slide=\"\"><div class=\"x-bg\" aria-hidden=\"true\"><div class=\"x-bg-layer-lower-image\" style=\" background-image: url(https:\/\/comitati.fisi.org\/liguria\/wp-content\/uploads\/sites\/35\/2025\/04\/Coppa-Liguria.jpg); background-repeat: no-repeat; background-position: center; background-size: cover;\"><\/div><div class=\"x-bg-layer-upper-color\" style=\" background-color: rgba(255, 255, 255, 0.1);\"><\/div><\/div><div class=\"x-div e17-e17 mh-x mh-y mh-z mh-13 mh-14\"><div class=\"x-text x-text-headline e17-e18 mh-1k mh-1l mh-1m mh-1n mh-1u mh-1w mh-1x mh-1y mh-1z\"><div class=\"x-text-content\"><div class=\"x-text-content-text\"><span class=\"x-text-content-text-primary\">VARIAZIONE RIUNIONE di GIURIA Gara SL + GS _ 5 gennaio 2026 \u2013 Limone Piemonte (CN)<\/span><\/div><\/div><\/div><div class=\"x-text x-text-headline e17-e19 mh-1l mh-1m mh-1n mh-1u mh-1x mh-1y mh-20 mh-21 mh-22\"><div class=\"x-text-content\"><div class=\"x-text-content-text\"><span class=\"x-text-content-text-primary\">Si riporta il Regolamento Gara dello Slalom Speciale (Rag\/All\/GS\/Mas) e Slalom Gigante (PUL) in programma luned\u00ec 5 gennaio 2026 a Limone Piemonte, valido per la...<\/span><\/div><\/div><\/div><div class=\"x-row e17-e20 mh-7 mh-a mh-b mh-e mh-h\"><div class=\"x-row-inner\"><div class=\"x-col e17-e21 mh-n mh-p mh-q mh-s mh-t mh-u\"><a class=\"x-anchor x-anchor-button e17-e22 mh-2n\" tabindex=\"0\" href=\"https:\/\/comitati.fisi.org\/liguria\/blog\/2026\/01\/03\/regolamento-gara-sl-gs-_-5-gennaio-2026-limone-piemonte-cn\/\"><div class=\"x-anchor-content\"><div class=\"x-anchor-text\"><span class=\"x-anchor-text-primary\">Leggi di pi\u00f9<\/span><\/div><\/div><\/a><\/div><div class=\"x-col e17-e23 mh-n mh-p mh-q mh-s mh-t mh-v\"><div class=\"x-div e17-e24 mh-x mh-y mh-z mh-10 mh-11 mh-12 mh-15 mh-16 mh-17 mh-18\"><a class=\"x-div e17-e25 mh-x mh-11 mh-12 mh-15 mh-19 mh-1a mh-1b\" href=\"#prev\" data-x-effect-provider=\"colors particles effects\" data-x-slide-prev=\"\"><i class=\"x-icon e17-e26 mh-2o\" aria-hidden=\"true\" data-x-icon-s=\"&#xf104;\"><\/i><\/a><a class=\"x-div e17-e27 mh-x mh-y mh-11 mh-12 mh-15 mh-19 mh-1a mh-1c\" href=\"#next\" data-x-effect-provider=\"colors particles effects\" data-x-slide-next=\"\"><i class=\"x-icon e17-e28 mh-2o\" aria-hidden=\"true\" data-x-icon-s=\"&#xf105;\"><\/i><\/a><\/div><\/div><\/div><\/div><\/div><\/div><div class=\"x-slide e17-e16 mh-1h mh-1j\" data-x-slide=\"\"><div class=\"x-bg\" aria-hidden=\"true\"><div class=\"x-bg-layer-lower-image\" style=\" background-image: url(https:\/\/comitati.fisi.org\/liguria\/wp-content\/uploads\/sites\/35\/2025\/04\/Coppa-Liguria.jpg); background-repeat: no-repeat; background-position: center; background-size: cover;\"><\/div><div class=\"x-bg-layer-upper-color\" style=\" background-color: rgba(255, 255, 255, 0.1);\"><\/div><\/div><div class=\"x-div e17-e17 mh-x mh-y mh-z mh-13 mh-14\"><div class=\"x-text x-text-headline e17-e18 mh-1k mh-1l mh-1m mh-1n mh-1u mh-1w mh-1x mh-1y mh-1z\"><div class=\"x-text-content\"><div class=\"x-text-content-text\"><span class=\"x-text-content-text-primary\">VARIAZIONE LOCALITA&#8217; Gare del 17\/18 Gennaio 2026<\/span><\/div><\/div><\/div><div class=\"x-text x-text-headline e17-e19 mh-1l mh-1m mh-1n mh-1u mh-1x mh-1y mh-20 mh-21 mh-22\"><div class=\"x-text-content\"><div class=\"x-text-content-text\"><span class=\"x-text-content-text-primary\">Si comunica la Variazione di Localit\u00e0 per lo svolgimento delle Gare a Calendario Zonale di Sci Alpino del 17 e 18 gennaio p.v., Pool La...<\/span><\/div><\/div><\/div><div class=\"x-row e17-e20 mh-7 mh-a mh-b mh-e mh-h\"><div class=\"x-row-inner\"><div class=\"x-col e17-e21 mh-n mh-p mh-q mh-s mh-t mh-u\"><a class=\"x-anchor x-anchor-button e17-e22 mh-2n\" tabindex=\"0\" href=\"https:\/\/comitati.fisi.org\/liguria\/blog\/2026\/01\/01\/variazione-localita-gare-del-17-18-gennaio-2026\/\"><div class=\"x-anchor-content\"><div class=\"x-anchor-text\"><span class=\"x-anchor-text-primary\">Leggi di pi\u00f9<\/span><\/div><\/div><\/a><\/div><div class=\"x-col e17-e23 mh-n mh-p mh-q mh-s mh-t mh-v\"><div class=\"x-div e17-e24 mh-x mh-y mh-z mh-10 mh-11 mh-12 mh-15 mh-16 mh-17 mh-18\"><a class=\"x-div e17-e25 mh-x mh-11 mh-12 mh-15 mh-19 mh-1a mh-1b\" href=\"#prev\" data-x-effect-provider=\"colors particles effects\" data-x-slide-prev=\"\"><i class=\"x-icon e17-e26 mh-2o\" aria-hidden=\"true\" data-x-icon-s=\"&#xf104;\"><\/i><\/a><a class=\"x-div e17-e27 mh-x mh-y mh-11 mh-12 mh-15 mh-19 mh-1a mh-1c\" href=\"#next\" data-x-effect-provider=\"colors particles effects\" data-x-slide-next=\"\"><i class=\"x-icon e17-e28 mh-2o\" aria-hidden=\"true\" data-x-icon-s=\"&#xf105;\"><\/i><\/a><\/div><\/div><\/div><\/div><\/div><\/div><div class=\"x-slide e17-e16 mh-1h mh-1j\" data-x-slide=\"\"><div class=\"x-bg\" aria-hidden=\"true\"><div class=\"x-bg-layer-lower-image\" style=\" background-image: url(https:\/\/comitati.fisi.org\/liguria\/wp-content\/uploads\/sites\/35\/2025\/01\/Immagine-WhatsApp-2025-01-18-ore-23.45.45_8e487397.jpg); background-repeat: no-repeat; background-position: center; background-size: cover;\"><\/div><div class=\"x-bg-layer-upper-color\" style=\" background-color: rgba(255, 255, 255, 0.1);\"><\/div><\/div><div class=\"x-div e17-e17 mh-x mh-y mh-z mh-13 mh-14\"><div class=\"x-text x-text-headline e17-e18 mh-1k mh-1l mh-1m mh-1n mh-1u mh-1w mh-1x mh-1y mh-1z\"><div class=\"x-text-content\"><div class=\"x-text-content-text\"><span class=\"x-text-content-text-primary\">Stage Progetto FreeSki FISI Comitato Ligure<\/span><\/div><\/div><\/div><div class=\"x-text x-text-headline e17-e19 mh-1l mh-1m mh-1n mh-1u mh-1x mh-1y mh-20 mh-21 mh-22\"><div class=\"x-text-content\"><div class=\"x-text-content-text\"><span class=\"x-text-content-text-primary\">Si rende noto che da sabato 3 gennaio p.v., riprenderanno le attivit\u00e0 sulla neve del \u201cProgetto di Freeski\u201d\u00a0promosso dal Comitato Regionale Ligure con il sostegno...<\/span><\/div><\/div><\/div><div class=\"x-row e17-e20 mh-7 mh-a mh-b mh-e mh-h\"><div class=\"x-row-inner\"><div class=\"x-col e17-e21 mh-n mh-p mh-q mh-s mh-t mh-u\"><a class=\"x-anchor x-anchor-button e17-e22 mh-2n\" tabindex=\"0\" href=\"https:\/\/comitati.fisi.org\/liguria\/blog\/2025\/12\/31\/stage-progetto-freeski-fisi-comitato-ligure-2\/\"><div class=\"x-anchor-content\"><div class=\"x-anchor-text\"><span class=\"x-anchor-text-primary\">Leggi di pi\u00f9<\/span><\/div><\/div><\/a><\/div><div class=\"x-col e17-e23 mh-n mh-p mh-q mh-s mh-t mh-v\"><div class=\"x-div e17-e24 mh-x mh-y mh-z mh-10 mh-11 mh-12 mh-15 mh-16 mh-17 mh-18\"><a class=\"x-div e17-e25 mh-x mh-11 mh-12 mh-15 mh-19 mh-1a mh-1b\" href=\"#prev\" data-x-effect-provider=\"colors particles effects\" data-x-slide-prev=\"\"><i class=\"x-icon e17-e26 mh-2o\" aria-hidden=\"true\" data-x-icon-s=\"&#xf104;\"><\/i><\/a><a class=\"x-div e17-e27 mh-x mh-y mh-11 mh-12 mh-15 mh-19 mh-1a mh-1c\" href=\"#next\" data-x-effect-provider=\"colors particles effects\" data-x-slide-next=\"\"><i class=\"x-icon e17-e28 mh-2o\" aria-hidden=\"true\" data-x-icon-s=\"&#xf105;\"><\/i><\/a><\/div><\/div><\/div><\/div><\/div><\/div><div class=\"x-slide e17-e16 mh-1h mh-1j\" data-x-slide=\"\"><div class=\"x-bg\" aria-hidden=\"true\"><div class=\"x-bg-layer-lower-image\" style=\" background-image: url(https:\/\/comitati.fisi.org\/liguria\/wp-content\/uploads\/sites\/35\/2025\/03\/Logo-FisiCo.Li_._Verticale.jpg); background-repeat: no-repeat; background-position: center; background-size: cover;\"><\/div><div class=\"x-bg-layer-upper-color\" style=\" background-color: rgba(255, 255, 255, 0.1);\"><\/div><\/div><div class=\"x-div e17-e17 mh-x mh-y mh-z mh-13 mh-14\"><div class=\"x-text x-text-headline e17-e18 mh-1k mh-1l mh-1m mh-1n mh-1u mh-1w mh-1x mh-1y mh-1z\"><div class=\"x-text-content\"><div class=\"x-text-content-text\"><span class=\"x-text-content-text-primary\">FESTIVITA&#8217; NATALIZIE 2025<\/span><\/div><\/div><\/div><div class=\"x-text x-text-headline e17-e19 mh-1l mh-1m mh-1n mh-1u mh-1x mh-1y mh-20 mh-21 mh-22\"><div class=\"x-text-content\"><div class=\"x-text-content-text\"><span class=\"x-text-content-text-primary\">Nel periodo delle festivit\u00e0 natalizie, la segreteria rimarr\u00e0 chiusa dal 24\/12\/2025 al 06\/01\/2026. Per urgenze telefonare al Presidente Michele Torini (328.8853722) o al Segretario Gabriele...<\/span><\/div><\/div><\/div><div class=\"x-row e17-e20 mh-7 mh-a mh-b mh-e mh-h\"><div class=\"x-row-inner\"><div class=\"x-col e17-e21 mh-n mh-p mh-q mh-s mh-t mh-u\"><a class=\"x-anchor x-anchor-button e17-e22 mh-2n\" tabindex=\"0\" href=\"https:\/\/comitati.fisi.org\/liguria\/blog\/2025\/12\/23\/festivita-natalizie-2025\/\"><div class=\"x-anchor-content\"><div class=\"x-anchor-text\"><span class=\"x-anchor-text-primary\">Leggi di pi\u00f9<\/span><\/div><\/div><\/a><\/div><div class=\"x-col e17-e23 mh-n mh-p mh-q mh-s mh-t mh-v\"><div class=\"x-div e17-e24 mh-x mh-y mh-z mh-10 mh-11 mh-12 mh-15 mh-16 mh-17 mh-18\"><a class=\"x-div e17-e25 mh-x mh-11 mh-12 mh-15 mh-19 mh-1a mh-1b\" href=\"#prev\" data-x-effect-provider=\"colors particles effects\" data-x-slide-prev=\"\"><i class=\"x-icon e17-e26 mh-2o\" aria-hidden=\"true\" data-x-icon-s=\"&#xf104;\"><\/i><\/a><a class=\"x-div e17-e27 mh-x mh-y mh-11 mh-12 mh-15 mh-19 mh-1a mh-1c\" href=\"#next\" data-x-effect-provider=\"colors particles effects\" data-x-slide-next=\"\"><i class=\"x-icon e17-e28 mh-2o\" aria-hidden=\"true\" data-x-icon-s=\"&#xf105;\"><\/i><\/a><\/div><\/div><\/div><\/div><\/div><\/div><div class=\"x-slide e17-e16 mh-1h mh-1j\" data-x-slide=\"\"><div class=\"x-bg\" aria-hidden=\"true\"><div class=\"x-bg-layer-lower-image\" style=\" background-image: url(https:\/\/comitati.fisi.org\/liguria\/wp-content\/uploads\/sites\/35\/2025\/12\/Auguri-Natalizi-Co.Li_.-2023.jpg); background-repeat: no-repeat; background-position: center; background-size: cover;\"><\/div><div class=\"x-bg-layer-upper-color\" style=\" background-color: rgba(255, 255, 255, 0.1);\"><\/div><\/div><div class=\"x-div e17-e17 mh-x mh-y mh-z mh-13 mh-14\"><div class=\"x-text x-text-headline e17-e18 mh-1k mh-1l mh-1m mh-1n mh-1u mh-1w mh-1x mh-1y mh-1z\"><div class=\"x-text-content\"><div class=\"x-text-content-text\"><span class=\"x-text-content-text-primary\">Auguri di buon Natale e felice anno nuovo<\/span><\/div><\/div><\/div><div class=\"x-text x-text-headline e17-e19 mh-1l mh-1m mh-1n mh-1u mh-1x mh-1y mh-20 mh-21 mh-22\"><div class=\"x-text-content\"><div class=\"x-text-content-text\"><span class=\"x-text-content-text-primary\">...<\/span><\/div><\/div><\/div><div class=\"x-row e17-e20 mh-7 mh-a mh-b mh-e mh-h\"><div class=\"x-row-inner\"><div class=\"x-col e17-e21 mh-n mh-p mh-q mh-s mh-t mh-u\"><a class=\"x-anchor x-anchor-button e17-e22 mh-2n\" tabindex=\"0\" href=\"https:\/\/comitati.fisi.org\/liguria\/blog\/2025\/12\/22\/auguri-di-buon-natale-e-felice-anno-nuovo-2\/\"><div class=\"x-anchor-content\"><div class=\"x-anchor-text\"><span class=\"x-anchor-text-primary\">Leggi di pi\u00f9<\/span><\/div><\/div><\/a><\/div><div class=\"x-col e17-e23 mh-n mh-p mh-q mh-s mh-t mh-v\"><div class=\"x-div e17-e24 mh-x mh-y mh-z mh-10 mh-11 mh-12 mh-15 mh-16 mh-17 mh-18\"><a class=\"x-div e17-e25 mh-x mh-11 mh-12 mh-15 mh-19 mh-1a mh-1b\" href=\"#prev\" data-x-effect-provider=\"colors particles effects\" data-x-slide-prev=\"\"><i class=\"x-icon e17-e26 mh-2o\" aria-hidden=\"true\" data-x-icon-s=\"&#xf104;\"><\/i><\/a><a class=\"x-div e17-e27 mh-x mh-y mh-11 mh-12 mh-15 mh-19 mh-1a mh-1c\" href=\"#next\" data-x-effect-provider=\"colors particles effects\" data-x-slide-next=\"\"><i class=\"x-icon e17-e28 mh-2o\" aria-hidden=\"true\" data-x-icon-s=\"&#xf105;\"><\/i><\/a><\/div><\/div><\/div><\/div><\/div><\/div><div class=\"x-slide e17-e16 mh-1h mh-1j\" data-x-slide=\"\"><div class=\"x-bg\" aria-hidden=\"true\"><div class=\"x-bg-layer-lower-image\" style=\" background-image: url(https:\/\/comitati.fisi.org\/liguria\/wp-content\/uploads\/sites\/35\/2025\/01\/Logo-Trofeo-Coni.jpg); background-repeat: no-repeat; background-position: center; background-size: cover;\"><\/div><div class=\"x-bg-layer-upper-color\" style=\" background-color: rgba(255, 255, 255, 0.1);\"><\/div><\/div><div class=\"x-div e17-e17 mh-x mh-y mh-z mh-13 mh-14\"><div class=\"x-text x-text-headline e17-e18 mh-1k mh-1l mh-1m mh-1n mh-1u mh-1w mh-1x mh-1y mh-1z\"><div class=\"x-text-content\"><div class=\"x-text-content-text\"><span class=\"x-text-content-text-primary\">TROFEO CONI WINTER 2025: I CONVOCATI<\/span><\/div><\/div><\/div><div class=\"x-text x-text-headline e17-e19 mh-1l mh-1m mh-1n mh-1u mh-1x mh-1y mh-20 mh-21 mh-22\"><div class=\"x-text-content\"><div class=\"x-text-content-text\"><span class=\"x-text-content-text-primary\">Di seguito si riportano i nominativi degli atleti\/e convocati per il Trofeo Coni Winter 2025 che si disputer\u00e0 dal 18 al 21 Dicembre 2025 in...<\/span><\/div><\/div><\/div><div class=\"x-row e17-e20 mh-7 mh-a mh-b mh-e mh-h\"><div class=\"x-row-inner\"><div class=\"x-col e17-e21 mh-n mh-p mh-q mh-s mh-t mh-u\"><a class=\"x-anchor x-anchor-button e17-e22 mh-2n\" tabindex=\"0\" href=\"https:\/\/comitati.fisi.org\/liguria\/blog\/2025\/12\/14\/trofeo-coni-winter-2025-i-convocati\/\"><div class=\"x-anchor-content\"><div class=\"x-anchor-text\"><span class=\"x-anchor-text-primary\">Leggi di pi\u00f9<\/span><\/div><\/div><\/a><\/div><div class=\"x-col e17-e23 mh-n mh-p mh-q mh-s mh-t mh-v\"><div class=\"x-div e17-e24 mh-x mh-y mh-z mh-10 mh-11 mh-12 mh-15 mh-16 mh-17 mh-18\"><a class=\"x-div e17-e25 mh-x mh-11 mh-12 mh-15 mh-19 mh-1a mh-1b\" href=\"#prev\" data-x-effect-provider=\"colors particles effects\" data-x-slide-prev=\"\"><i class=\"x-icon e17-e26 mh-2o\" aria-hidden=\"true\" data-x-icon-s=\"&#xf104;\"><\/i><\/a><a class=\"x-div e17-e27 mh-x mh-y mh-11 mh-12 mh-15 mh-19 mh-1a mh-1c\" href=\"#next\" data-x-effect-provider=\"colors particles effects\" data-x-slide-next=\"\"><i class=\"x-icon e17-e28 mh-2o\" aria-hidden=\"true\" data-x-icon-s=\"&#xf105;\"><\/i><\/a><\/div><\/div><\/div><\/div><\/div><\/div><div class=\"x-slide e17-e16 mh-1h mh-1j\" data-x-slide=\"\"><div class=\"x-bg\" aria-hidden=\"true\"><div class=\"x-bg-layer-lower-image\" style=\" background-image: url(https:\/\/comitati.fisi.org\/liguria\/wp-content\/uploads\/sites\/35\/2025\/04\/Coppa-Liguria.jpg); background-repeat: no-repeat; background-position: center; background-size: cover;\"><\/div><div class=\"x-bg-layer-upper-color\" style=\" background-color: rgba(255, 255, 255, 0.1);\"><\/div><\/div><div class=\"x-div e17-e17 mh-x mh-y mh-z mh-13 mh-14\"><div class=\"x-text x-text-headline e17-e18 mh-1k mh-1l mh-1m mh-1n mh-1u mh-1w mh-1x mh-1y mh-1z\"><div class=\"x-text-content\"><div class=\"x-text-content-text\"><span class=\"x-text-content-text-primary\">CALENDARIO ZONALE Sci Alpino &amp; REGOLAMENTO Coppa Liguria 2025\/2026<\/span><\/div><\/div><\/div><div class=\"x-text x-text-headline e17-e19 mh-1l mh-1m mh-1n mh-1u mh-1x mh-1y mh-20 mh-21 mh-22\"><div class=\"x-text-content\"><div class=\"x-text-content-text\"><span class=\"x-text-content-text-primary\">Approvazione del 12\/12\/2025 CALENDARIO ZONALE SCI ALPINO 2025\/26 Si comunica il Calendario Zonale di Sci Alpino Stagione 2025\/2026 con il Regolamento Regionale di partecipazione alla...<\/span><\/div><\/div><\/div><div class=\"x-row e17-e20 mh-7 mh-a mh-b mh-e mh-h\"><div class=\"x-row-inner\"><div class=\"x-col e17-e21 mh-n mh-p mh-q mh-s mh-t mh-u\"><a class=\"x-anchor x-anchor-button e17-e22 mh-2n\" tabindex=\"0\" href=\"https:\/\/comitati.fisi.org\/liguria\/blog\/2025\/12\/14\/calendario-zonale-sci-alpino-2025-2026\/\"><div class=\"x-anchor-content\"><div class=\"x-anchor-text\"><span class=\"x-anchor-text-primary\">Leggi di pi\u00f9<\/span><\/div><\/div><\/a><\/div><div class=\"x-col e17-e23 mh-n mh-p mh-q mh-s mh-t mh-v\"><div class=\"x-div e17-e24 mh-x mh-y mh-z mh-10 mh-11 mh-12 mh-15 mh-16 mh-17 mh-18\"><a class=\"x-div e17-e25 mh-x mh-11 mh-12 mh-15 mh-19 mh-1a mh-1b\" href=\"#prev\" data-x-effect-provider=\"colors particles effects\" data-x-slide-prev=\"\"><i class=\"x-icon e17-e26 mh-2o\" aria-hidden=\"true\" data-x-icon-s=\"&#xf104;\"><\/i><\/a><a class=\"x-div e17-e27 mh-x mh-y mh-11 mh-12 mh-15 mh-19 mh-1a mh-1c\" href=\"#next\" data-x-effect-provider=\"colors particles effects\" data-x-slide-next=\"\"><i class=\"x-icon e17-e28 mh-2o\" aria-hidden=\"true\" data-x-icon-s=\"&#xf105;\"><\/i><\/a><\/div><\/div><\/div><\/div><\/div><\/div><div class=\"x-slide e17-e16 mh-1h mh-1j\" data-x-slide=\"\"><div class=\"x-bg\" aria-hidden=\"true\"><div class=\"x-bg-layer-lower-image\" style=\" background-image: url(https:\/\/comitati.fisi.org\/liguria\/wp-content\/uploads\/sites\/35\/2025\/04\/Coppa-Liguria.jpg); background-repeat: no-repeat; background-position: center; background-size: cover;\"><\/div><div class=\"x-bg-layer-upper-color\" style=\" background-color: rgba(255, 255, 255, 0.1);\"><\/div><\/div><div class=\"x-div e17-e17 mh-x mh-y mh-z mh-13 mh-14\"><div class=\"x-text x-text-headline e17-e18 mh-1k mh-1l mh-1m mh-1n mh-1u mh-1w mh-1x mh-1y mh-1z\"><div class=\"x-text-content\"><div class=\"x-text-content-text\"><span class=\"x-text-content-text-primary\">RINVIO GARE WeekEnd del 13-14 dicembre p.v.<\/span><\/div><\/div><\/div><div class=\"x-text x-text-headline e17-e19 mh-1l mh-1m mh-1n mh-1u mh-1x mh-1y mh-20 mh-21 mh-22\"><div class=\"x-text-content\"><div class=\"x-text-content-text\"><span class=\"x-text-content-text-primary\">Causa dello scarso manto di innevamento, le gare di sabato 13\/12 e domenica 14\/12 p.v. a Limone Piemonte, sono RINVIATE a data da destinarsi. Quanto...<\/span><\/div><\/div><\/div><div class=\"x-row e17-e20 mh-7 mh-a mh-b mh-e mh-h\"><div class=\"x-row-inner\"><div class=\"x-col e17-e21 mh-n mh-p mh-q mh-s mh-t mh-u\"><a class=\"x-anchor x-anchor-button e17-e22 mh-2n\" tabindex=\"0\" href=\"https:\/\/comitati.fisi.org\/liguria\/blog\/2025\/12\/08\/rinvio-gare-weekend-del-13-14-dicembre-p-v\/\"><div class=\"x-anchor-content\"><div class=\"x-anchor-text\"><span class=\"x-anchor-text-primary\">Leggi di pi\u00f9<\/span><\/div><\/div><\/a><\/div><div class=\"x-col e17-e23 mh-n mh-p mh-q mh-s mh-t mh-v\"><div class=\"x-div e17-e24 mh-x mh-y mh-z mh-10 mh-11 mh-12 mh-15 mh-16 mh-17 mh-18\"><a class=\"x-div e17-e25 mh-x mh-11 mh-12 mh-15 mh-19 mh-1a mh-1b\" href=\"#prev\" data-x-effect-provider=\"colors particles effects\" data-x-slide-prev=\"\"><i class=\"x-icon e17-e26 mh-2o\" aria-hidden=\"true\" data-x-icon-s=\"&#xf104;\"><\/i><\/a><a class=\"x-div e17-e27 mh-x mh-y mh-11 mh-12 mh-15 mh-19 mh-1a mh-1c\" href=\"#next\" data-x-effect-provider=\"colors particles effects\" data-x-slide-next=\"\"><i class=\"x-icon e17-e28 mh-2o\" aria-hidden=\"true\" data-x-icon-s=\"&#xf105;\"><\/i><\/a><\/div><\/div><\/div><\/div><\/div><\/div><div class=\"x-slide e17-e16 mh-1h mh-1j\" data-x-slide=\"\"><div class=\"x-bg\" aria-hidden=\"true\"><div class=\"x-bg-layer-lower-image\" style=\" background-image: url(https:\/\/comitati.fisi.org\/liguria\/wp-content\/uploads\/sites\/35\/2025\/04\/Coppa-Liguria.jpg); background-repeat: no-repeat; background-position: center; background-size: cover;\"><\/div><div class=\"x-bg-layer-upper-color\" style=\" background-color: rgba(255, 255, 255, 0.1);\"><\/div><\/div><div class=\"x-div e17-e17 mh-x mh-y mh-z mh-13 mh-14\"><div class=\"x-text x-text-headline e17-e18 mh-1k mh-1l mh-1m mh-1n mh-1u mh-1w mh-1x mh-1y mh-1z\"><div class=\"x-text-content\"><div class=\"x-text-content-text\"><span class=\"x-text-content-text-primary\">Pronti per la Festa Regionale degli Sport Invernali<\/span><\/div><\/div><\/div><div class=\"x-text x-text-headline e17-e19 mh-1l mh-1m mh-1n mh-1u mh-1x mh-1y mh-20 mh-21 mh-22\"><div class=\"x-text-content\"><div class=\"x-text-content-text\"><span class=\"x-text-content-text-primary\">Appuntamento sabato 25 ottobre presso i Bagni Boncardo di Finale Ligure (SV) dalle ore 16:30 La Festa degli Sport Invernali 2025 del Comitato FISI Ligure,...<\/span><\/div><\/div><\/div><div class=\"x-row e17-e20 mh-7 mh-a mh-b mh-e mh-h\"><div class=\"x-row-inner\"><div class=\"x-col e17-e21 mh-n mh-p mh-q mh-s mh-t mh-u\"><a class=\"x-anchor x-anchor-button e17-e22 mh-2n\" tabindex=\"0\" href=\"https:\/\/comitati.fisi.org\/liguria\/blog\/2025\/10\/24\/pronti-per-la-festa-regionale-degli-sport-invernali\/\"><div class=\"x-anchor-content\"><div class=\"x-anchor-text\"><span class=\"x-anchor-text-primary\">Leggi di pi\u00f9<\/span><\/div><\/div><\/a><\/div><div class=\"x-col e17-e23 mh-n mh-p mh-q mh-s mh-t mh-v\"><div class=\"x-div e17-e24 mh-x mh-y mh-z mh-10 mh-11 mh-12 mh-15 mh-16 mh-17 mh-18\"><a class=\"x-div e17-e25 mh-x mh-11 mh-12 mh-15 mh-19 mh-1a mh-1b\" href=\"#prev\" data-x-effect-provider=\"colors particles effects\" data-x-slide-prev=\"\"><i class=\"x-icon e17-e26 mh-2o\" aria-hidden=\"true\" data-x-icon-s=\"&#xf104;\"><\/i><\/a><a class=\"x-div e17-e27 mh-x mh-y mh-11 mh-12 mh-15 mh-19 mh-1a mh-1c\" href=\"#next\" data-x-effect-provider=\"colors particles effects\" data-x-slide-next=\"\"><i class=\"x-icon e17-e28 mh-2o\" aria-hidden=\"true\" data-x-icon-s=\"&#xf105;\"><\/i><\/a><\/div><\/div><\/div><\/div><\/div><\/div><div class=\"x-slide e17-e16 mh-1h mh-1j\" data-x-slide=\"\"><div class=\"x-bg\" aria-hidden=\"true\"><div class=\"x-bg-layer-lower-image\" style=\" background-image: url(https:\/\/comitati.fisi.org\/liguria\/wp-content\/uploads\/sites\/35\/2025\/03\/Logo-FisiCo.Li_._Verticale.jpg); background-repeat: no-repeat; background-position: center; background-size: cover;\"><\/div><div class=\"x-bg-layer-upper-color\" style=\" background-color: rgba(255, 255, 255, 0.1);\"><\/div><\/div><div class=\"x-div e17-e17 mh-x mh-y mh-z mh-13 mh-14\"><div class=\"x-text x-text-headline e17-e18 mh-1k mh-1l mh-1m mh-1n mh-1u mh-1w mh-1x mh-1y mh-1z\"><div class=\"x-text-content\"><div class=\"x-text-content-text\"><span class=\"x-text-content-text-primary\">Raduno Atletico per gli Atleti Children e Giovani<\/span><\/div><\/div><\/div><div class=\"x-text x-text-headline e17-e19 mh-1l mh-1m mh-1n mh-1u mh-1x mh-1y mh-20 mh-21 mh-22\"><div class=\"x-text-content\"><div class=\"x-text-content-text\"><span class=\"x-text-content-text-primary\">Sono in corso le due giornate di Test Atletici per gli atleti Osservati e Aggregati dello Sci Alpino delle Categorie Children e Giovani presso il...<\/span><\/div><\/div><\/div><div class=\"x-row e17-e20 mh-7 mh-a mh-b mh-e mh-h\"><div class=\"x-row-inner\"><div class=\"x-col e17-e21 mh-n mh-p mh-q mh-s mh-t mh-u\"><a class=\"x-anchor x-anchor-button e17-e22 mh-2n\" tabindex=\"0\" href=\"https:\/\/comitati.fisi.org\/liguria\/blog\/2025\/10\/11\/raduno-atletico-per-gli-atleti-children-e-giovani\/\"><div class=\"x-anchor-content\"><div class=\"x-anchor-text\"><span class=\"x-anchor-text-primary\">Leggi di pi\u00f9<\/span><\/div><\/div><\/a><\/div><div class=\"x-col e17-e23 mh-n mh-p mh-q mh-s mh-t mh-v\"><div class=\"x-div e17-e24 mh-x mh-y mh-z mh-10 mh-11 mh-12 mh-15 mh-16 mh-17 mh-18\"><a class=\"x-div e17-e25 mh-x mh-11 mh-12 mh-15 mh-19 mh-1a mh-1b\" href=\"#prev\" data-x-effect-provider=\"colors particles effects\" data-x-slide-prev=\"\"><i class=\"x-icon e17-e26 mh-2o\" aria-hidden=\"true\" data-x-icon-s=\"&#xf104;\"><\/i><\/a><a class=\"x-div e17-e27 mh-x mh-y mh-11 mh-12 mh-15 mh-19 mh-1a mh-1c\" href=\"#next\" data-x-effect-provider=\"colors particles effects\" data-x-slide-next=\"\"><i class=\"x-icon e17-e28 mh-2o\" aria-hidden=\"true\" data-x-icon-s=\"&#xf105;\"><\/i><\/a><\/div><\/div><\/div><\/div><\/div><\/div><div class=\"x-slide e17-e16 mh-1h mh-1j\" data-x-slide=\"\"><div class=\"x-bg\" aria-hidden=\"true\"><div class=\"x-bg-layer-lower-image\" style=\" background-image: url(https:\/\/comitati.fisi.org\/liguria\/wp-content\/uploads\/sites\/35\/2025\/10\/Screenshot-2025-10-10-190222.png); background-repeat: no-repeat; background-position: center; background-size: cover;\"><\/div><div class=\"x-bg-layer-upper-color\" style=\" background-color: rgba(255, 255, 255, 0.1);\"><\/div><\/div><div class=\"x-div e17-e17 mh-x mh-y mh-z mh-13 mh-14\"><div class=\"x-text x-text-headline e17-e18 mh-1k mh-1l mh-1m mh-1n mh-1u mh-1w mh-1x mh-1y mh-1z\"><div class=\"x-text-content\"><div class=\"x-text-content-text\"><span class=\"x-text-content-text-primary\">La FISI ad Apreski Milano Mountain Show, l\u2019evento della montagna in citt\u00e0. Dal 16 al 19 ottobre<\/span><\/div><\/div><\/div><div class=\"x-text x-text-headline e17-e19 mh-1l mh-1m mh-1n mh-1u mh-1x mh-1y mh-20 mh-21 mh-22\"><div class=\"x-text-content\"><div class=\"x-text-content-text\"><span class=\"x-text-content-text-primary\">Dal 16 al 19 ottobre, il MIND (Milano Innovation Discrict) a Rho Fiera ospiter\u00e0 la prima edizione di Apreski Milano Mountain Show, quattro giorni di...<\/span><\/div><\/div><\/div><div class=\"x-row e17-e20 mh-7 mh-a mh-b mh-e mh-h\"><div class=\"x-row-inner\"><div class=\"x-col e17-e21 mh-n mh-p mh-q mh-s mh-t mh-u\"><a class=\"x-anchor x-anchor-button e17-e22 mh-2n\" tabindex=\"0\" href=\"https:\/\/comitati.fisi.org\/liguria\/blog\/2025\/10\/10\/la-fisi-ad-apreski-milano-mountain-show-levento-della-montagna-in-citta-dal-16-al-19-ottobre\/\"><div class=\"x-anchor-content\"><div class=\"x-anchor-text\"><span class=\"x-anchor-text-primary\">Leggi di pi\u00f9<\/span><\/div><\/div><\/a><\/div><div class=\"x-col e17-e23 mh-n mh-p mh-q mh-s mh-t mh-v\"><div class=\"x-div e17-e24 mh-x mh-y mh-z mh-10 mh-11 mh-12 mh-15 mh-16 mh-17 mh-18\"><a class=\"x-div e17-e25 mh-x mh-11 mh-12 mh-15 mh-19 mh-1a mh-1b\" href=\"#prev\" data-x-effect-provider=\"colors particles effects\" data-x-slide-prev=\"\"><i class=\"x-icon e17-e26 mh-2o\" aria-hidden=\"true\" data-x-icon-s=\"&#xf104;\"><\/i><\/a><a class=\"x-div e17-e27 mh-x mh-y mh-11 mh-12 mh-15 mh-19 mh-1a mh-1c\" href=\"#next\" data-x-effect-provider=\"colors particles effects\" data-x-slide-next=\"\"><i class=\"x-icon e17-e28 mh-2o\" aria-hidden=\"true\" data-x-icon-s=\"&#xf105;\"><\/i><\/a><\/div><\/div><\/div><\/div><\/div><\/div><div class=\"x-slide e17-e16 mh-1h mh-1j\" data-x-slide=\"\"><div class=\"x-bg\" aria-hidden=\"true\"><div class=\"x-bg-layer-lower-image\" style=\" background-image: url(https:\/\/comitati.fisi.org\/liguria\/wp-content\/uploads\/sites\/35\/2025\/10\/Immagine-Manifesto-Premiazione.png); background-repeat: no-repeat; background-position: center; background-size: cover;\"><\/div><div class=\"x-bg-layer-upper-color\" style=\" background-color: rgba(255, 255, 255, 0.1);\"><\/div><\/div><div class=\"x-div e17-e17 mh-x mh-y mh-z mh-13 mh-14\"><div class=\"x-text x-text-headline e17-e18 mh-1k mh-1l mh-1m mh-1n mh-1u mh-1w mh-1x mh-1y mh-1z\"><div class=\"x-text-content\"><div class=\"x-text-content-text\"><span class=\"x-text-content-text-primary\">Sabato 25 Ottobre a Finale Ligure (SV) Premiazione di Coppa Liguria<\/span><\/div><\/div><\/div><div class=\"x-text x-text-headline e17-e19 mh-1l mh-1m mh-1n mh-1u mh-1x mh-1y mh-20 mh-21 mh-22\"><div class=\"x-text-content\"><div class=\"x-text-content-text\"><span class=\"x-text-content-text-primary\">Appuntamento presso i Bagni Boncardo di Finale Ligure per Sabato 25 ottobre p.v., alle ore 16,30, per la Festa degli Sport Invernali della Fisi Liguria,...<\/span><\/div><\/div><\/div><div class=\"x-row e17-e20 mh-7 mh-a mh-b mh-e mh-h\"><div class=\"x-row-inner\"><div class=\"x-col e17-e21 mh-n mh-p mh-q mh-s mh-t mh-u\"><a class=\"x-anchor x-anchor-button e17-e22 mh-2n\" tabindex=\"0\" href=\"https:\/\/comitati.fisi.org\/liguria\/blog\/2025\/10\/05\/sabato-25-ottobre-a-finale-ligure-sv-premiazione-di-coppa-liguria\/\"><div class=\"x-anchor-content\"><div class=\"x-anchor-text\"><span class=\"x-anchor-text-primary\">Leggi di pi\u00f9<\/span><\/div><\/div><\/a><\/div><div class=\"x-col e17-e23 mh-n mh-p mh-q mh-s mh-t mh-v\"><div class=\"x-div e17-e24 mh-x mh-y mh-z mh-10 mh-11 mh-12 mh-15 mh-16 mh-17 mh-18\"><a class=\"x-div e17-e25 mh-x mh-11 mh-12 mh-15 mh-19 mh-1a mh-1b\" href=\"#prev\" data-x-effect-provider=\"colors particles effects\" data-x-slide-prev=\"\"><i class=\"x-icon e17-e26 mh-2o\" aria-hidden=\"true\" data-x-icon-s=\"&#xf104;\"><\/i><\/a><a class=\"x-div e17-e27 mh-x mh-y mh-11 mh-12 mh-15 mh-19 mh-1a mh-1c\" href=\"#next\" data-x-effect-provider=\"colors particles effects\" data-x-slide-next=\"\"><i class=\"x-icon e17-e28 mh-2o\" aria-hidden=\"true\" data-x-icon-s=\"&#xf105;\"><\/i><\/a><\/div><\/div><\/div><\/div><\/div><\/div><div class=\"x-slide e17-e16 mh-1h mh-1j\" data-x-slide=\"\"><div class=\"x-bg\" aria-hidden=\"true\"><div class=\"x-bg-layer-lower-image\" style=\" background-image: url(https:\/\/comitati.fisi.org\/liguria\/wp-content\/uploads\/sites\/35\/2025\/09\/franzoso_occhio_1068.jpg); background-repeat: no-repeat; background-position: center; background-size: cover;\"><\/div><div class=\"x-bg-layer-upper-color\" style=\" background-color: rgba(255, 255, 255, 0.1);\"><\/div><\/div><div class=\"x-div e17-e17 mh-x mh-y mh-z mh-13 mh-14\"><div class=\"x-text x-text-headline e17-e18 mh-1k mh-1l mh-1m mh-1n mh-1u mh-1w mh-1x mh-1y mh-1z\"><div class=\"x-text-content\"><div class=\"x-text-content-text\"><span class=\"x-text-content-text-primary\">Il Comitato Fisi Ligure si stringe al dolore dei famigliari di Matteo<\/span><\/div><\/div><\/div><div class=\"x-text x-text-headline e17-e19 mh-1l mh-1m mh-1n mh-1u mh-1x mh-1y mh-20 mh-21 mh-22\"><div class=\"x-text-content\"><div class=\"x-text-content-text\"><span class=\"x-text-content-text-primary\">Marted\u00ec 23 settembre i funerali di Stato di Matteo Franzoso a Sestriere. La FISI si ferma per un giorno L\u2019ultimo saluto a Matteo Franzoso, si...<\/span><\/div><\/div><\/div><div class=\"x-row e17-e20 mh-7 mh-a mh-b mh-e mh-h\"><div class=\"x-row-inner\"><div class=\"x-col e17-e21 mh-n mh-p mh-q mh-s mh-t mh-u\"><a class=\"x-anchor x-anchor-button e17-e22 mh-2n\" tabindex=\"0\" href=\"https:\/\/comitati.fisi.org\/liguria\/blog\/2025\/09\/20\/il-comitato-fisi-ligure-si-stringe-al-dolore-dei-famigliari-di-matteo\/\"><div class=\"x-anchor-content\"><div class=\"x-anchor-text\"><span class=\"x-anchor-text-primary\">Leggi di pi\u00f9<\/span><\/div><\/div><\/a><\/div><div class=\"x-col e17-e23 mh-n mh-p mh-q mh-s mh-t mh-v\"><div class=\"x-div e17-e24 mh-x mh-y mh-z mh-10 mh-11 mh-12 mh-15 mh-16 mh-17 mh-18\"><a class=\"x-div e17-e25 mh-x mh-11 mh-12 mh-15 mh-19 mh-1a mh-1b\" href=\"#prev\" data-x-effect-provider=\"colors particles effects\" data-x-slide-prev=\"\"><i class=\"x-icon e17-e26 mh-2o\" aria-hidden=\"true\" data-x-icon-s=\"&#xf104;\"><\/i><\/a><a class=\"x-div e17-e27 mh-x mh-y mh-11 mh-12 mh-15 mh-19 mh-1a mh-1c\" href=\"#next\" data-x-effect-provider=\"colors particles effects\" data-x-slide-next=\"\"><i class=\"x-icon e17-e28 mh-2o\" aria-hidden=\"true\" data-x-icon-s=\"&#xf105;\"><\/i><\/a><\/div><\/div><\/div><\/div><\/div><\/div><div class=\"x-slide e17-e16 mh-1h mh-1j\" data-x-slide=\"\"><div class=\"x-bg\" aria-hidden=\"true\"><div class=\"x-bg-layer-lower-image\" style=\" background-image: url(https:\/\/comitati.fisi.org\/liguria\/wp-content\/uploads\/sites\/35\/2025\/09\/Immagine-WhatsApp-2024-07-04-ore-20.01.06_c7e885db.jpg); background-repeat: no-repeat; background-position: center; background-size: cover;\"><\/div><div class=\"x-bg-layer-upper-color\" style=\" background-color: rgba(255, 255, 255, 0.1);\"><\/div><\/div><div class=\"x-div e17-e17 mh-x mh-y mh-z mh-13 mh-14\"><div class=\"x-text x-text-headline e17-e18 mh-1k mh-1l mh-1m mh-1n mh-1u mh-1w mh-1x mh-1y mh-1z\"><div class=\"x-text-content\"><div class=\"x-text-content-text\"><span class=\"x-text-content-text-primary\">Raduno collegiale dei Club del Comitato Ligure allo Stelvio per lo Sci Alpino.<\/span><\/div><\/div><\/div><div class=\"x-text x-text-headline e17-e19 mh-1l mh-1m mh-1n mh-1u mh-1x mh-1y mh-20 mh-21 mh-22\"><div class=\"x-text-content\"><div class=\"x-text-content-text\"><span class=\"x-text-content-text-primary\">Appuntamento dal 19 al 22 settembre Nuovo raduno sul ghiacciaio del Tonale per i clubs regionali di sci alpino. I ragazzi e le ragazze saranno...<\/span><\/div><\/div><\/div><div class=\"x-row e17-e20 mh-7 mh-a mh-b mh-e mh-h\"><div class=\"x-row-inner\"><div class=\"x-col e17-e21 mh-n mh-p mh-q mh-s mh-t mh-u\"><a class=\"x-anchor x-anchor-button e17-e22 mh-2n\" tabindex=\"0\" href=\"https:\/\/comitati.fisi.org\/liguria\/blog\/2025\/09\/19\/raduno-collegiale-dei-club-del-comitato-ligure-allo-stelvio-per-lo-sci-alpino\/\"><div class=\"x-anchor-content\"><div class=\"x-anchor-text\"><span class=\"x-anchor-text-primary\">Leggi di pi\u00f9<\/span><\/div><\/div><\/a><\/div><div class=\"x-col e17-e23 mh-n mh-p mh-q mh-s mh-t mh-v\"><div class=\"x-div e17-e24 mh-x mh-y mh-z mh-10 mh-11 mh-12 mh-15 mh-16 mh-17 mh-18\"><a class=\"x-div e17-e25 mh-x mh-11 mh-12 mh-15 mh-19 mh-1a mh-1b\" href=\"#prev\" data-x-effect-provider=\"colors particles effects\" data-x-slide-prev=\"\"><i class=\"x-icon e17-e26 mh-2o\" aria-hidden=\"true\" data-x-icon-s=\"&#xf104;\"><\/i><\/a><a class=\"x-div e17-e27 mh-x mh-y mh-11 mh-12 mh-15 mh-19 mh-1a mh-1c\" href=\"#next\" data-x-effect-provider=\"colors particles effects\" data-x-slide-next=\"\"><i class=\"x-icon e17-e28 mh-2o\" aria-hidden=\"true\" data-x-icon-s=\"&#xf105;\"><\/i><\/a><\/div><\/div><\/div><\/div><\/div><\/div><div class=\"x-slide e17-e16 mh-1h mh-1j\" data-x-slide=\"\"><div class=\"x-bg\" aria-hidden=\"true\"><div class=\"x-bg-layer-lower-image\" style=\" background-image: url(https:\/\/comitati.fisi.org\/liguria\/wp-content\/uploads\/sites\/35\/2025\/03\/th.jpg); background-repeat: no-repeat; background-position: center; background-size: cover;\"><\/div><div class=\"x-bg-layer-upper-color\" style=\" background-color: rgba(255, 255, 255, 0.1);\"><\/div><\/div><div class=\"x-div e17-e17 mh-x mh-y mh-z mh-13 mh-14\"><div class=\"x-text x-text-headline e17-e18 mh-1k mh-1l mh-1m mh-1n mh-1u mh-1w mh-1x mh-1y mh-1z\"><div class=\"x-text-content\"><div class=\"x-text-content-text\"><span class=\"x-text-content-text-primary\">Lutto nella FISI Liguria per la scomparsa di Chiara Arduino<\/span><\/div><\/div><\/div><div class=\"x-text x-text-headline e17-e19 mh-1l mh-1m mh-1n mh-1u mh-1x mh-1y mh-20 mh-21 mh-22\"><div class=\"x-text-content\"><div class=\"x-text-content-text\"><span class=\"x-text-content-text-primary\">Cordoglio in Fisi Liguria per la prematura scomparsa di Chiara Arduino. Tutto il Comitato Regionale Ligure della Fisi \u00e8 vicino alla famiglia di Chiara in...<\/span><\/div><\/div><\/div><div class=\"x-row e17-e20 mh-7 mh-a mh-b mh-e mh-h\"><div class=\"x-row-inner\"><div class=\"x-col e17-e21 mh-n mh-p mh-q mh-s mh-t mh-u\"><a class=\"x-anchor x-anchor-button e17-e22 mh-2n\" tabindex=\"0\" href=\"https:\/\/comitati.fisi.org\/liguria\/blog\/2025\/08\/26\/lutto-nella-fisi-liguria-per-la-scomparsa-di-chiara-arduino\/\"><div class=\"x-anchor-content\"><div class=\"x-anchor-text\"><span class=\"x-anchor-text-primary\">Leggi di pi\u00f9<\/span><\/div><\/div><\/a><\/div><div class=\"x-col e17-e23 mh-n mh-p mh-q mh-s mh-t mh-v\"><div class=\"x-div e17-e24 mh-x mh-y mh-z mh-10 mh-11 mh-12 mh-15 mh-16 mh-17 mh-18\"><a class=\"x-div e17-e25 mh-x mh-11 mh-12 mh-15 mh-19 mh-1a mh-1b\" href=\"#prev\" data-x-effect-provider=\"colors particles effects\" data-x-slide-prev=\"\"><i class=\"x-icon e17-e26 mh-2o\" aria-hidden=\"true\" data-x-icon-s=\"&#xf104;\"><\/i><\/a><a class=\"x-div e17-e27 mh-x mh-y mh-11 mh-12 mh-15 mh-19 mh-1a mh-1c\" href=\"#next\" data-x-effect-provider=\"colors particles effects\" data-x-slide-next=\"\"><i class=\"x-icon e17-e28 mh-2o\" aria-hidden=\"true\" data-x-icon-s=\"&#xf105;\"><\/i><\/a><\/div><\/div><\/div><\/div><\/div><\/div><div class=\"x-slide e17-e16 mh-1h mh-1j\" data-x-slide=\"\"><div class=\"x-bg\" aria-hidden=\"true\"><div class=\"x-bg-layer-lower-image\" style=\" background-image: url(https:\/\/comitati.fisi.org\/liguria\/wp-content\/uploads\/sites\/35\/2025\/07\/IMG-20250726-WA0019.jpg); background-repeat: no-repeat; background-position: center; background-size: cover;\"><\/div><div class=\"x-bg-layer-upper-color\" style=\" background-color: rgba(255, 255, 255, 0.1);\"><\/div><\/div><div class=\"x-div e17-e17 mh-x mh-y mh-z mh-13 mh-14\"><div class=\"x-text x-text-headline e17-e18 mh-1k mh-1l mh-1m mh-1n mh-1u mh-1w mh-1x mh-1y mh-1z\"><div class=\"x-text-content\"><div class=\"x-text-content-text\"><span class=\"x-text-content-text-primary\">Eletto il nuovo Consiglio del Comitato Ligure Fisi<\/span><\/div><\/div><\/div><div class=\"x-text x-text-headline e17-e19 mh-1l mh-1m mh-1n mh-1u mh-1x mh-1y mh-20 mh-21 mh-22\"><div class=\"x-text-content\"><div class=\"x-text-content-text\"><span class=\"x-text-content-text-primary\">Presso la Sala C dell&#8217;Edificio Sport e Salute in Genova si \u00e8 svolta l\u2019assemblea straordinaria elettiva del nostro comitato. Presidente \u00e8 stato eletto Michele Torini....<\/span><\/div><\/div><\/div><div class=\"x-row e17-e20 mh-7 mh-a mh-b mh-e mh-h\"><div class=\"x-row-inner\"><div class=\"x-col e17-e21 mh-n mh-p mh-q mh-s mh-t mh-u\"><a class=\"x-anchor x-anchor-button e17-e22 mh-2n\" tabindex=\"0\" href=\"https:\/\/comitati.fisi.org\/liguria\/blog\/2025\/07\/27\/eletto-il-nuovo-consiglio-del-comitato-ligure-fisi\/\"><div class=\"x-anchor-content\"><div class=\"x-anchor-text\"><span class=\"x-anchor-text-primary\">Leggi di pi\u00f9<\/span><\/div><\/div><\/a><\/div><div class=\"x-col e17-e23 mh-n mh-p mh-q mh-s mh-t mh-v\"><div class=\"x-div e17-e24 mh-x mh-y mh-z mh-10 mh-11 mh-12 mh-15 mh-16 mh-17 mh-18\"><a class=\"x-div e17-e25 mh-x mh-11 mh-12 mh-15 mh-19 mh-1a mh-1b\" href=\"#prev\" data-x-effect-provider=\"colors particles effects\" data-x-slide-prev=\"\"><i class=\"x-icon e17-e26 mh-2o\" aria-hidden=\"true\" data-x-icon-s=\"&#xf104;\"><\/i><\/a><a class=\"x-div e17-e27 mh-x mh-y mh-11 mh-12 mh-15 mh-19 mh-1a mh-1c\" href=\"#next\" data-x-effect-provider=\"colors particles effects\" data-x-slide-next=\"\"><i class=\"x-icon e17-e28 mh-2o\" aria-hidden=\"true\" data-x-icon-s=\"&#xf105;\"><\/i><\/a><\/div><\/div><\/div><\/div><\/div><\/div><div class=\"x-slide e17-e16 mh-1h mh-1j\" data-x-slide=\"\"><div class=\"x-bg\" aria-hidden=\"true\"><div class=\"x-bg-layer-lower-image\" style=\" background-image: url(https:\/\/comitati.fisi.org\/liguria\/wp-content\/uploads\/sites\/35\/2025\/03\/Logo-FisiCo.Li_._Verticale.jpg); background-repeat: no-repeat; background-position: center; background-size: cover;\"><\/div><div class=\"x-bg-layer-upper-color\" style=\" background-color: rgba(255, 255, 255, 0.1);\"><\/div><\/div><div class=\"x-div e17-e17 mh-x mh-y mh-z mh-13 mh-14\"><div class=\"x-text x-text-headline e17-e18 mh-1k mh-1l mh-1m mh-1n mh-1u mh-1w mh-1x mh-1y mh-1z\"><div class=\"x-text-content\"><div class=\"x-text-content-text\"><span class=\"x-text-content-text-primary\">Candidature alle cariche periferiche per l\u2019assemblea straordinaria elettiva del Comitato Ligure del 26 luglio p.v. a Genova<\/span><\/div><\/div><\/div><div class=\"x-text x-text-headline e17-e19 mh-1l mh-1m mh-1n mh-1u mh-1x mh-1y mh-20 mh-21 mh-22\"><div class=\"x-text-content\"><div class=\"x-text-content-text\"><span class=\"x-text-content-text-primary\">Genova, l\u00ec 11\/07\/2025 Si riportano le candidature pervenute per l&#8217;Assemblea Straordinaria Elettiva del 26 luglio p.v. Elenco Candidature-cr-li_Assemblea 26.07.2025 L\u2019assemblea regionale straordinaria elettiva 2025 del...<\/span><\/div><\/div><\/div><div class=\"x-row e17-e20 mh-7 mh-a mh-b mh-e mh-h\"><div class=\"x-row-inner\"><div class=\"x-col e17-e21 mh-n mh-p mh-q mh-s mh-t mh-u\"><a class=\"x-anchor x-anchor-button e17-e22 mh-2n\" tabindex=\"0\" href=\"https:\/\/comitati.fisi.org\/liguria\/blog\/2025\/07\/11\/candidature-alle-cariche-periferiche-per-lassemblea-straordinaria-elettiva-del-comitato-ligure-del-26-luglio-p-v-a-genova\/\"><div class=\"x-anchor-content\"><div class=\"x-anchor-text\"><span class=\"x-anchor-text-primary\">Leggi di pi\u00f9<\/span><\/div><\/div><\/a><\/div><div class=\"x-col e17-e23 mh-n mh-p mh-q mh-s mh-t mh-v\"><div class=\"x-div e17-e24 mh-x mh-y mh-z mh-10 mh-11 mh-12 mh-15 mh-16 mh-17 mh-18\"><a class=\"x-div e17-e25 mh-x mh-11 mh-12 mh-15 mh-19 mh-1a mh-1b\" href=\"#prev\" data-x-effect-provider=\"colors particles effects\" data-x-slide-prev=\"\"><i class=\"x-icon e17-e26 mh-2o\" aria-hidden=\"true\" data-x-icon-s=\"&#xf104;\"><\/i><\/a><a class=\"x-div e17-e27 mh-x mh-y mh-11 mh-12 mh-15 mh-19 mh-1a mh-1c\" href=\"#next\" data-x-effect-provider=\"colors particles effects\" data-x-slide-next=\"\"><i class=\"x-icon e17-e28 mh-2o\" aria-hidden=\"true\" data-x-icon-s=\"&#xf105;\"><\/i><\/a><\/div><\/div><\/div><\/div><\/div><\/div><div class=\"x-slide e17-e16 mh-1h mh-1j\" data-x-slide=\"\"><div class=\"x-bg\" aria-hidden=\"true\"><div class=\"x-bg-layer-lower-image\" style=\" background-image: url(https:\/\/comitati.fisi.org\/liguria\/wp-content\/uploads\/sites\/35\/2025\/03\/Logo-FisiCo.Li_._Verticale.jpg); background-repeat: no-repeat; background-position: center; background-size: cover;\"><\/div><div class=\"x-bg-layer-upper-color\" style=\" background-color: rgba(255, 255, 255, 0.1);\"><\/div><\/div><div class=\"x-div e17-e17 mh-x mh-y mh-z mh-13 mh-14\"><div class=\"x-text x-text-headline e17-e18 mh-1k mh-1l mh-1m mh-1n mh-1u mh-1w mh-1x mh-1y mh-1z\"><div class=\"x-text-content\"><div class=\"x-text-content-text\"><span class=\"x-text-content-text-primary\">Il 26 luglio a Genova l\u2019assemblea straordinaria elettiva del Comitato Ligure<\/span><\/div><\/div><\/div><div class=\"x-text x-text-headline e17-e19 mh-1l mh-1m mh-1n mh-1u mh-1x mh-1y mh-20 mh-21 mh-22\"><div class=\"x-text-content\"><div class=\"x-text-content-text\"><span class=\"x-text-content-text-primary\">Genova, 27\/06\/2025 A norma di Statuto Federale \u2013 approvato con deliberazione Giunta Nazionale CONI n. 279 del 15.09.2022 \u2013 e Regolamento Organico Federale \u2013 approvato...<\/span><\/div><\/div><\/div><div class=\"x-row e17-e20 mh-7 mh-a mh-b mh-e mh-h\"><div class=\"x-row-inner\"><div class=\"x-col e17-e21 mh-n mh-p mh-q mh-s mh-t mh-u\"><a class=\"x-anchor x-anchor-button e17-e22 mh-2n\" tabindex=\"0\" href=\"https:\/\/comitati.fisi.org\/liguria\/blog\/2025\/06\/27\/il-26-luglio-a-genova-lassemblea-straordinaria-elettiva-del-comitato-ligure\/\"><div class=\"x-anchor-content\"><div class=\"x-anchor-text\"><span class=\"x-anchor-text-primary\">Leggi di pi\u00f9<\/span><\/div><\/div><\/a><\/div><div class=\"x-col e17-e23 mh-n mh-p mh-q mh-s mh-t mh-v\"><div class=\"x-div e17-e24 mh-x mh-y mh-z mh-10 mh-11 mh-12 mh-15 mh-16 mh-17 mh-18\"><a class=\"x-div e17-e25 mh-x mh-11 mh-12 mh-15 mh-19 mh-1a mh-1b\" href=\"#prev\" data-x-effect-provider=\"colors particles effects\" data-x-slide-prev=\"\"><i class=\"x-icon e17-e26 mh-2o\" aria-hidden=\"true\" data-x-icon-s=\"&#xf104;\"><\/i><\/a><a class=\"x-div e17-e27 mh-x mh-y mh-11 mh-12 mh-15 mh-19 mh-1a mh-1c\" href=\"#next\" data-x-effect-provider=\"colors particles effects\" data-x-slide-next=\"\"><i class=\"x-icon e17-e28 mh-2o\" aria-hidden=\"true\" data-x-icon-s=\"&#xf105;\"><\/i><\/a><\/div><\/div><\/div><\/div><\/div><\/div><div class=\"x-slide e17-e16 mh-1h mh-1j\" data-x-slide=\"\"><div class=\"x-bg\" aria-hidden=\"true\"><div class=\"x-bg-layer-lower-image\" style=\" background-image: url(https:\/\/comitati.fisi.org\/liguria\/wp-content\/uploads\/sites\/35\/2025\/06\/Screenshot-2025-06-25-011609.png); background-repeat: no-repeat; background-position: center; background-size: cover;\"><\/div><div class=\"x-bg-layer-upper-color\" style=\" background-color: rgba(255, 255, 255, 0.1);\"><\/div><\/div><div class=\"x-div e17-e17 mh-x mh-y mh-z mh-13 mh-14\"><div class=\"x-text x-text-headline e17-e18 mh-1k mh-1l mh-1m mh-1n mh-1u mh-1w mh-1x mh-1y mh-1z\"><div class=\"x-text-content\"><div class=\"x-text-content-text\"><span class=\"x-text-content-text-primary\">CAMPAGNA TESSERAMENTO 2025\/2026<\/span><\/div><\/div><\/div><div class=\"x-text x-text-headline e17-e19 mh-1l mh-1m mh-1n mh-1u mh-1x mh-1y mh-20 mh-21 mh-22\"><div class=\"x-text-content\"><div class=\"x-text-content-text\"><span class=\"x-text-content-text-primary\">Tesseramento FISI 2025-2026 Clicca sull&#8217;immagine per il collegamento al sito. COME TESSERARSI La tessera FISI? Come si fa?La Tessera FISI \u00e8 un\u2019occasione per entrare a...<\/span><\/div><\/div><\/div><div class=\"x-row e17-e20 mh-7 mh-a mh-b mh-e mh-h\"><div class=\"x-row-inner\"><div class=\"x-col e17-e21 mh-n mh-p mh-q mh-s mh-t mh-u\"><a class=\"x-anchor x-anchor-button e17-e22 mh-2n\" tabindex=\"0\" href=\"https:\/\/comitati.fisi.org\/liguria\/blog\/2025\/06\/24\/campagna-tesseramento-2025-2026\/\"><div class=\"x-anchor-content\"><div class=\"x-anchor-text\"><span class=\"x-anchor-text-primary\">Leggi di pi\u00f9<\/span><\/div><\/div><\/a><\/div><div class=\"x-col e17-e23 mh-n mh-p mh-q mh-s mh-t mh-v\"><div class=\"x-div e17-e24 mh-x mh-y mh-z mh-10 mh-11 mh-12 mh-15 mh-16 mh-17 mh-18\"><a class=\"x-div e17-e25 mh-x mh-11 mh-12 mh-15 mh-19 mh-1a mh-1b\" href=\"#prev\" data-x-effect-provider=\"colors particles effects\" data-x-slide-prev=\"\"><i class=\"x-icon e17-e26 mh-2o\" aria-hidden=\"true\" data-x-icon-s=\"&#xf104;\"><\/i><\/a><a class=\"x-div e17-e27 mh-x mh-y mh-11 mh-12 mh-15 mh-19 mh-1a mh-1c\" href=\"#next\" data-x-effect-provider=\"colors particles effects\" data-x-slide-next=\"\"><i class=\"x-icon e17-e28 mh-2o\" aria-hidden=\"true\" data-x-icon-s=\"&#xf105;\"><\/i><\/a><\/div><\/div><\/div><\/div><\/div><\/div><div class=\"x-slide e17-e16 mh-1h mh-1j\" data-x-slide=\"\"><div class=\"x-bg\" aria-hidden=\"true\"><div class=\"x-bg-layer-lower-image\" style=\" background-image: url(https:\/\/comitati.fisi.org\/liguria\/wp-content\/uploads\/sites\/35\/2025\/04\/Coppa-Liguria.jpg); background-repeat: no-repeat; background-position: center; background-size: cover;\"><\/div><div class=\"x-bg-layer-upper-color\" style=\" background-color: rgba(255, 255, 255, 0.1);\"><\/div><\/div><div class=\"x-div e17-e17 mh-x mh-y mh-z mh-13 mh-14\"><div class=\"x-text x-text-headline e17-e18 mh-1k mh-1l mh-1m mh-1n mh-1u mh-1w mh-1x mh-1y mh-1z\"><div class=\"x-text-content\"><div class=\"x-text-content-text\"><span class=\"x-text-content-text-primary\">CLASSIFICHE di COPPA LIGURIA 2024\/2025<\/span><\/div><\/div><\/div><div class=\"x-text x-text-headline e17-e19 mh-1l mh-1m mh-1n mh-1u mh-1x mh-1y mh-20 mh-21 mh-22\"><div class=\"x-text-content\"><div class=\"x-text-content-text\"><span class=\"x-text-content-text-primary\">Si riportano le Classifiche di COPPA LIGURIA 2024\/2025, Sci Alpino, suddivise per Trofeo di Categoria e la Classifica Finale del Trofeo Giancarlo Gaminara. Trofeo Sprint...<\/span><\/div><\/div><\/div><div class=\"x-row e17-e20 mh-7 mh-a mh-b mh-e mh-h\"><div class=\"x-row-inner\"><div class=\"x-col e17-e21 mh-n mh-p mh-q mh-s mh-t mh-u\"><a class=\"x-anchor x-anchor-button e17-e22 mh-2n\" tabindex=\"0\" href=\"https:\/\/comitati.fisi.org\/liguria\/blog\/2025\/04\/22\/classifiche-di-coppa-liguria\/\"><div class=\"x-anchor-content\"><div class=\"x-anchor-text\"><span class=\"x-anchor-text-primary\">Leggi di pi\u00f9<\/span><\/div><\/div><\/a><\/div><div class=\"x-col e17-e23 mh-n mh-p mh-q mh-s mh-t mh-v\"><div class=\"x-div e17-e24 mh-x mh-y mh-z mh-10 mh-11 mh-12 mh-15 mh-16 mh-17 mh-18\"><a class=\"x-div e17-e25 mh-x mh-11 mh-12 mh-15 mh-19 mh-1a mh-1b\" href=\"#prev\" data-x-effect-provider=\"colors particles effects\" data-x-slide-prev=\"\"><i class=\"x-icon e17-e26 mh-2o\" aria-hidden=\"true\" data-x-icon-s=\"&#xf104;\"><\/i><\/a><a class=\"x-div e17-e27 mh-x mh-y mh-11 mh-12 mh-15 mh-19 mh-1a mh-1c\" href=\"#next\" data-x-effect-provider=\"colors particles effects\" data-x-slide-next=\"\"><i class=\"x-icon e17-e28 mh-2o\" aria-hidden=\"true\" data-x-icon-s=\"&#xf105;\"><\/i><\/a><\/div><\/div><\/div><\/div><\/div><\/div><div class=\"x-slide e17-e16 mh-1h mh-1j\" data-x-slide=\"\"><div class=\"x-bg\" aria-hidden=\"true\"><div class=\"x-bg-layer-lower-image\" style=\" background-image: url(https:\/\/comitati.fisi.org\/liguria\/wp-content\/uploads\/sites\/35\/2025\/04\/Logo-Coni-Nazionale.png); background-repeat: no-repeat; background-position: center; background-size: cover;\"><\/div><div class=\"x-bg-layer-upper-color\" style=\" background-color: rgba(255, 255, 255, 0.1);\"><\/div><\/div><div class=\"x-div e17-e17 mh-x mh-y mh-z mh-13 mh-14\"><div class=\"x-text x-text-headline e17-e18 mh-1k mh-1l mh-1m mh-1n mh-1u mh-1w mh-1x mh-1y mh-1z\"><div class=\"x-text-content\"><div class=\"x-text-content-text\"><span class=\"x-text-content-text-primary\">ELEZIONI CONI COMITATO REGIONALE LIGURIA 2025-28<\/span><\/div><\/div><\/div><div class=\"x-text x-text-headline e17-e19 mh-1l mh-1m mh-1n mh-1u mh-1x mh-1y mh-20 mh-21 mh-22\"><div class=\"x-text-content\"><div class=\"x-text-content-text\"><span class=\"x-text-content-text-primary\">Auguri di buon lavoro alla neo eletta Giunta CONI Comitato Regionale Liguria, per il mandato 2025-2028 Confermato alla Presidenza il dott. Antonio Micillo Ginori Furio...<\/span><\/div><\/div><\/div><div class=\"x-row e17-e20 mh-7 mh-a mh-b mh-e mh-h\"><div class=\"x-row-inner\"><div class=\"x-col e17-e21 mh-n mh-p mh-q mh-s mh-t mh-u\"><a class=\"x-anchor x-anchor-button e17-e22 mh-2n\" tabindex=\"0\" href=\"https:\/\/comitati.fisi.org\/liguria\/blog\/2025\/04\/13\/elezioni-coni-comitato-regionale-liguria-2025-28\/\"><div class=\"x-anchor-content\"><div class=\"x-anchor-text\"><span class=\"x-anchor-text-primary\">Leggi di pi\u00f9<\/span><\/div><\/div><\/a><\/div><div class=\"x-col e17-e23 mh-n mh-p mh-q mh-s mh-t mh-v\"><div class=\"x-div e17-e24 mh-x mh-y mh-z mh-10 mh-11 mh-12 mh-15 mh-16 mh-17 mh-18\"><a class=\"x-div e17-e25 mh-x mh-11 mh-12 mh-15 mh-19 mh-1a mh-1b\" href=\"#prev\" data-x-effect-provider=\"colors particles effects\" data-x-slide-prev=\"\"><i class=\"x-icon e17-e26 mh-2o\" aria-hidden=\"true\" data-x-icon-s=\"&#xf104;\"><\/i><\/a><a class=\"x-div e17-e27 mh-x mh-y mh-11 mh-12 mh-15 mh-19 mh-1a mh-1c\" href=\"#next\" data-x-effect-provider=\"colors particles effects\" data-x-slide-next=\"\"><i class=\"x-icon e17-e28 mh-2o\" aria-hidden=\"true\" data-x-icon-s=\"&#xf105;\"><\/i><\/a><\/div><\/div><\/div><\/div><\/div><\/div><div class=\"x-slide e17-e16 mh-1h mh-1j\" data-x-slide=\"\"><div class=\"x-bg\" aria-hidden=\"true\"><div class=\"x-bg-layer-lower-image\" style=\" background-image: url(https:\/\/comitati.fisi.org\/liguria\/wp-content\/uploads\/sites\/35\/2025\/04\/Logo-Italiani-Freeski.jpg); background-repeat: no-repeat; background-position: center; background-size: cover;\"><\/div><div class=\"x-bg-layer-upper-color\" style=\" background-color: rgba(255, 255, 255, 0.1);\"><\/div><\/div><div class=\"x-div e17-e17 mh-x mh-y mh-z mh-13 mh-14\"><div class=\"x-text x-text-headline e17-e18 mh-1k mh-1l mh-1m mh-1n mh-1u mh-1w mh-1x mh-1y mh-1z\"><div class=\"x-text-content\"><div class=\"x-text-content-text\"><span class=\"x-text-content-text-primary\">CAMPIONATI ITALIANI ASSOLUTI BIG AIR<\/span><\/div><\/div><\/div><div class=\"x-text x-text-headline e17-e19 mh-1l mh-1m mh-1n mh-1u mh-1x mh-1y mh-20 mh-21 mh-22\"><div class=\"x-text-content\"><div class=\"x-text-content-text\"><span class=\"x-text-content-text-primary\">Complimenti agli atleti del Comitato Ligure ai Campionati Italiani Assoluti Big Air dell&#8217;Italian Freeski Tour in corso ad Alpi di Siusi. PODIO per l&#8217;atleta GIADA...<\/span><\/div><\/div><\/div><div class=\"x-row e17-e20 mh-7 mh-a mh-b mh-e mh-h\"><div class=\"x-row-inner\"><div class=\"x-col e17-e21 mh-n mh-p mh-q mh-s mh-t mh-u\"><a class=\"x-anchor x-anchor-button e17-e22 mh-2n\" tabindex=\"0\" href=\"https:\/\/comitati.fisi.org\/liguria\/blog\/2025\/04\/04\/campionati-italiani-assoluti-big-air\/\"><div class=\"x-anchor-content\"><div class=\"x-anchor-text\"><span class=\"x-anchor-text-primary\">Leggi di pi\u00f9<\/span><\/div><\/div><\/a><\/div><div class=\"x-col e17-e23 mh-n mh-p mh-q mh-s mh-t mh-v\"><div class=\"x-div e17-e24 mh-x mh-y mh-z mh-10 mh-11 mh-12 mh-15 mh-16 mh-17 mh-18\"><a class=\"x-div e17-e25 mh-x mh-11 mh-12 mh-15 mh-19 mh-1a mh-1b\" href=\"#prev\" data-x-effect-provider=\"colors particles effects\" data-x-slide-prev=\"\"><i class=\"x-icon e17-e26 mh-2o\" aria-hidden=\"true\" data-x-icon-s=\"&#xf104;\"><\/i><\/a><a class=\"x-div e17-e27 mh-x mh-y mh-11 mh-12 mh-15 mh-19 mh-1a mh-1c\" href=\"#next\" data-x-effect-provider=\"colors particles effects\" data-x-slide-next=\"\"><i class=\"x-icon e17-e28 mh-2o\" aria-hidden=\"true\" data-x-icon-s=\"&#xf105;\"><\/i><\/a><\/div><\/div><\/div><\/div><\/div><\/div><div class=\"x-slide e17-e16 mh-1h mh-1j\" data-x-slide=\"\"><div class=\"x-bg\" aria-hidden=\"true\"><div class=\"x-bg-layer-lower-image\" style=\" background-image: url(https:\/\/comitati.fisi.org\/liguria\/wp-content\/uploads\/sites\/35\/2024\/06\/image.png); background-repeat: no-repeat; background-position: center; background-size: cover;\"><\/div><div class=\"x-bg-layer-upper-color\" style=\" background-color: rgba(255, 255, 255, 0.1);\"><\/div><\/div><div class=\"x-div e17-e17 mh-x mh-y mh-z mh-13 mh-14\"><div class=\"x-text x-text-headline e17-e18 mh-1k mh-1l mh-1m mh-1n mh-1u mh-1w mh-1x mh-1y mh-1z\"><div class=\"x-text-content\"><div class=\"x-text-content-text\"><span class=\"x-text-content-text-primary\">Classifiche Nuovo Format Flipper &#8211; Artesina 30\/03\/2025<\/span><\/div><\/div><\/div><div class=\"x-text x-text-headline e17-e19 mh-1l mh-1m mh-1n mh-1u mh-1x mh-1y mh-20 mh-21 mh-22\"><div class=\"x-text-content\"><div class=\"x-text-content-text\"><span class=\"x-text-content-text-primary\">Si riportano le Classifiche del Nuovo Format &#8211; Flipper, disputato oggi domenica 30 marzo ad Artesina. 1^ Prova &#8212;&#8211;&gt; GARA1 ufficiale 2^ Prova &#8212;&#8211;&gt; GARA2...<\/span><\/div><\/div><\/div><div class=\"x-row e17-e20 mh-7 mh-a mh-b mh-e mh-h\"><div class=\"x-row-inner\"><div class=\"x-col e17-e21 mh-n mh-p mh-q mh-s mh-t mh-u\"><a class=\"x-anchor x-anchor-button e17-e22 mh-2n\" tabindex=\"0\" href=\"https:\/\/comitati.fisi.org\/liguria\/blog\/2025\/03\/30\/classifiche-nuovo-format-flipper-artesina-30-03-2025\/\"><div class=\"x-anchor-content\"><div class=\"x-anchor-text\"><span class=\"x-anchor-text-primary\">Leggi di pi\u00f9<\/span><\/div><\/div><\/a><\/div><div class=\"x-col e17-e23 mh-n mh-p mh-q mh-s mh-t mh-v\"><div class=\"x-div e17-e24 mh-x mh-y mh-z mh-10 mh-11 mh-12 mh-15 mh-16 mh-17 mh-18\"><a class=\"x-div e17-e25 mh-x mh-11 mh-12 mh-15 mh-19 mh-1a mh-1b\" href=\"#prev\" data-x-effect-provider=\"colors particles effects\" data-x-slide-prev=\"\"><i class=\"x-icon e17-e26 mh-2o\" aria-hidden=\"true\" data-x-icon-s=\"&#xf104;\"><\/i><\/a><a class=\"x-div e17-e27 mh-x mh-y mh-11 mh-12 mh-15 mh-19 mh-1a mh-1c\" href=\"#next\" data-x-effect-provider=\"colors particles effects\" data-x-slide-next=\"\"><i class=\"x-icon e17-e28 mh-2o\" aria-hidden=\"true\" data-x-icon-s=\"&#xf105;\"><\/i><\/a><\/div><\/div><\/div><\/div><\/div><\/div><div class=\"x-slide e17-e16 mh-1h mh-1j\" data-x-slide=\"\"><div class=\"x-bg\" aria-hidden=\"true\"><div class=\"x-bg-layer-lower-image\" style=\" background-image: url(https:\/\/comitati.fisi.org\/liguria\/wp-content\/uploads\/sites\/35\/2024\/06\/image.png); background-repeat: no-repeat; background-position: center; background-size: cover;\"><\/div><div class=\"x-bg-layer-upper-color\" style=\" background-color: rgba(255, 255, 255, 0.1);\"><\/div><\/div><div class=\"x-div e17-e17 mh-x mh-y mh-z mh-13 mh-14\"><div class=\"x-text x-text-headline e17-e18 mh-1k mh-1l mh-1m mh-1n mh-1u mh-1w mh-1x mh-1y mh-1z\"><div class=\"x-text-content\"><div class=\"x-text-content-text\"><span class=\"x-text-content-text-primary\">Nuovo Format _ Flipper Domenica 30\/03\/2025 ad Artesina<\/span><\/div><\/div><\/div><div class=\"x-text x-text-headline e17-e19 mh-1l mh-1m mh-1n mh-1u mh-1x mh-1y mh-20 mh-21 mh-22\"><div class=\"x-text-content\"><div class=\"x-text-content-text\"><span class=\"x-text-content-text-primary\">Si riporta l&#8217;ordina di partenza della prova Nuovo Format di Coppa Liguria, categorie Pulcini e Children, valido per la classifica di qualificazione al Criterium Cuccioli...<\/span><\/div><\/div><\/div><div class=\"x-row e17-e20 mh-7 mh-a mh-b mh-e mh-h\"><div class=\"x-row-inner\"><div class=\"x-col e17-e21 mh-n mh-p mh-q mh-s mh-t mh-u\"><a class=\"x-anchor x-anchor-button e17-e22 mh-2n\" tabindex=\"0\" href=\"https:\/\/comitati.fisi.org\/liguria\/blog\/2025\/03\/30\/nuovo-format-_-flipper-domenica-30-03-2025-ad-artesina\/\"><div class=\"x-anchor-content\"><div class=\"x-anchor-text\"><span class=\"x-anchor-text-primary\">Leggi di pi\u00f9<\/span><\/div><\/div><\/a><\/div><div class=\"x-col e17-e23 mh-n mh-p mh-q mh-s mh-t mh-v\"><div class=\"x-div e17-e24 mh-x mh-y mh-z mh-10 mh-11 mh-12 mh-15 mh-16 mh-17 mh-18\"><a class=\"x-div e17-e25 mh-x mh-11 mh-12 mh-15 mh-19 mh-1a mh-1b\" href=\"#prev\" data-x-effect-provider=\"colors particles effects\" data-x-slide-prev=\"\"><i class=\"x-icon e17-e26 mh-2o\" aria-hidden=\"true\" data-x-icon-s=\"&#xf104;\"><\/i><\/a><a class=\"x-div e17-e27 mh-x mh-y mh-11 mh-12 mh-15 mh-19 mh-1a mh-1c\" href=\"#next\" data-x-effect-provider=\"colors particles effects\" data-x-slide-next=\"\"><i class=\"x-icon e17-e28 mh-2o\" aria-hidden=\"true\" data-x-icon-s=\"&#xf105;\"><\/i><\/a><\/div><\/div><\/div><\/div><\/div><\/div><div class=\"x-slide e17-e16 mh-1h mh-1j\" data-x-slide=\"\"><div class=\"x-bg\" aria-hidden=\"true\"><div class=\"x-bg-layer-lower-image\" style=\" background-image: url(https:\/\/comitati.fisi.org\/liguria\/wp-content\/uploads\/sites\/35\/2024\/06\/image.png); background-repeat: no-repeat; background-position: center; background-size: cover;\"><\/div><div class=\"x-bg-layer-upper-color\" style=\" background-color: rgba(255, 255, 255, 0.1);\"><\/div><\/div><div class=\"x-div e17-e17 mh-x mh-y mh-z mh-13 mh-14\"><div class=\"x-text x-text-headline e17-e18 mh-1k mh-1l mh-1m mh-1n mh-1u mh-1w mh-1x mh-1y mh-1z\"><div class=\"x-text-content\"><div class=\"x-text-content-text\"><span class=\"x-text-content-text-primary\">Classifiche Gigante del 29\/03\/2025 a Lurisia<\/span><\/div><\/div><\/div><div class=\"x-text x-text-headline e17-e19 mh-1l mh-1m mh-1n mh-1u mh-1x mh-1y mh-20 mh-21 mh-22\"><div class=\"x-text-content\"><div class=\"x-text-content-text\"><span class=\"x-text-content-text-primary\">Conclusa l&#8217;ultima prova di Gigante di Coppa Liguria, disputata a Lurisia. Classifica GS del 29\/03\/2025 &#8212;&#8212;-&gt; 2_CLASSIFICHE UFFICIALI...<\/span><\/div><\/div><\/div><div class=\"x-row e17-e20 mh-7 mh-a mh-b mh-e mh-h\"><div class=\"x-row-inner\"><div class=\"x-col e17-e21 mh-n mh-p mh-q mh-s mh-t mh-u\"><a class=\"x-anchor x-anchor-button e17-e22 mh-2n\" tabindex=\"0\" href=\"https:\/\/comitati.fisi.org\/liguria\/blog\/2025\/03\/30\/classifiche-gigante-del-29-03-2025-a-lurisia\/\"><div class=\"x-anchor-content\"><div class=\"x-anchor-text\"><span class=\"x-anchor-text-primary\">Leggi di pi\u00f9<\/span><\/div><\/div><\/a><\/div><div class=\"x-col e17-e23 mh-n mh-p mh-q mh-s mh-t mh-v\"><div class=\"x-div e17-e24 mh-x mh-y mh-z mh-10 mh-11 mh-12 mh-15 mh-16 mh-17 mh-18\"><a class=\"x-div e17-e25 mh-x mh-11 mh-12 mh-15 mh-19 mh-1a mh-1b\" href=\"#prev\" data-x-effect-provider=\"colors particles effects\" data-x-slide-prev=\"\"><i class=\"x-icon e17-e26 mh-2o\" aria-hidden=\"true\" data-x-icon-s=\"&#xf104;\"><\/i><\/a><a class=\"x-div e17-e27 mh-x mh-y mh-11 mh-12 mh-15 mh-19 mh-1a mh-1c\" href=\"#next\" data-x-effect-provider=\"colors particles effects\" data-x-slide-next=\"\"><i class=\"x-icon e17-e28 mh-2o\" aria-hidden=\"true\" data-x-icon-s=\"&#xf105;\"><\/i><\/a><\/div><\/div><\/div><\/div><\/div><\/div><div class=\"x-slide e17-e16 mh-1h mh-1j\" data-x-slide=\"\"><div class=\"x-bg\" aria-hidden=\"true\"><div class=\"x-bg-layer-lower-image\" style=\" background-image: url(https:\/\/comitati.fisi.org\/liguria\/wp-content\/uploads\/sites\/35\/2024\/06\/image.png); background-repeat: no-repeat; background-position: center; background-size: cover;\"><\/div><div class=\"x-bg-layer-upper-color\" style=\" background-color: rgba(255, 255, 255, 0.1);\"><\/div><\/div><div class=\"x-div e17-e17 mh-x mh-y mh-z mh-13 mh-14\"><div class=\"x-text x-text-headline e17-e18 mh-1k mh-1l mh-1m mh-1n mh-1u mh-1w mh-1x mh-1y mh-1z\"><div class=\"x-text-content\"><div class=\"x-text-content-text\"><span class=\"x-text-content-text-primary\">Ordine di Partenza Gigante di domani 29\/03\/2025 a Lurisia<\/span><\/div><\/div><\/div><div class=\"x-text x-text-headline e17-e19 mh-1l mh-1m mh-1n mh-1u mh-1x mh-1y mh-20 mh-21 mh-22\"><div class=\"x-text-content\"><div class=\"x-text-content-text\"><span class=\"x-text-content-text-primary\">Si riporta l&#8217;ordine di Partenza della gara di Gigante di Coppa Liguria di domani sabato 29 marzo a Lurisia. &#8212;&#8211;&gt; 1a_ORDINE DI PARTENZA[1]...<\/span><\/div><\/div><\/div><div class=\"x-row e17-e20 mh-7 mh-a mh-b mh-e mh-h\"><div class=\"x-row-inner\"><div class=\"x-col e17-e21 mh-n mh-p mh-q mh-s mh-t mh-u\"><a class=\"x-anchor x-anchor-button e17-e22 mh-2n\" tabindex=\"0\" href=\"https:\/\/comitati.fisi.org\/liguria\/blog\/2025\/03\/28\/ordine-di-partenza-gigante-di-domani-29-03-2025-a-lurisia\/\"><div class=\"x-anchor-content\"><div class=\"x-anchor-text\"><span class=\"x-anchor-text-primary\">Leggi di pi\u00f9<\/span><\/div><\/div><\/a><\/div><div class=\"x-col e17-e23 mh-n mh-p mh-q mh-s mh-t mh-v\"><div class=\"x-div e17-e24 mh-x mh-y mh-z mh-10 mh-11 mh-12 mh-15 mh-16 mh-17 mh-18\"><a class=\"x-div e17-e25 mh-x mh-11 mh-12 mh-15 mh-19 mh-1a mh-1b\" href=\"#prev\" data-x-effect-provider=\"colors particles effects\" data-x-slide-prev=\"\"><i class=\"x-icon e17-e26 mh-2o\" aria-hidden=\"true\" data-x-icon-s=\"&#xf104;\"><\/i><\/a><a class=\"x-div e17-e27 mh-x mh-y mh-11 mh-12 mh-15 mh-19 mh-1a mh-1c\" href=\"#next\" data-x-effect-provider=\"colors particles effects\" data-x-slide-next=\"\"><i class=\"x-icon e17-e28 mh-2o\" aria-hidden=\"true\" data-x-icon-s=\"&#xf105;\"><\/i><\/a><\/div><\/div><\/div><\/div><\/div><\/div><div class=\"x-slide e17-e16 mh-1h mh-1j\" data-x-slide=\"\"><div class=\"x-bg\" aria-hidden=\"true\"><div class=\"x-bg-layer-lower-image\" style=\" background-image: url(https:\/\/comitati.fisi.org\/liguria\/wp-content\/uploads\/sites\/35\/2024\/06\/image.png); background-repeat: no-repeat; background-position: center; background-size: cover;\"><\/div><div class=\"x-bg-layer-upper-color\" style=\" background-color: rgba(255, 255, 255, 0.1);\"><\/div><\/div><div class=\"x-div e17-e17 mh-x mh-y mh-z mh-13 mh-14\"><div class=\"x-text x-text-headline e17-e18 mh-1k mh-1l mh-1m mh-1n mh-1u mh-1w mh-1x mh-1y mh-1z\"><div class=\"x-text-content\"><div class=\"x-text-content-text\"><span class=\"x-text-content-text-primary\">PROGRAMMA GARA GS Sabato 29 marzo &#8211; Lurisia<\/span><\/div><\/div><\/div><div class=\"x-text x-text-headline e17-e19 mh-1l mh-1m mh-1n mh-1u mh-1x mh-1y mh-20 mh-21 mh-22\"><div class=\"x-text-content\"><div class=\"x-text-content-text\"><span class=\"x-text-content-text-primary\">Si riporta il Programma Gara di Sabato 29\/03\/2025 a Lurisia, prova di Gigante aperta a tutte le categoria e valida per Coppa Liguria, quale recupero...<\/span><\/div><\/div><\/div><div class=\"x-row e17-e20 mh-7 mh-a mh-b mh-e mh-h\"><div class=\"x-row-inner\"><div class=\"x-col e17-e21 mh-n mh-p mh-q mh-s mh-t mh-u\"><a class=\"x-anchor x-anchor-button e17-e22 mh-2n\" tabindex=\"0\" href=\"https:\/\/comitati.fisi.org\/liguria\/blog\/2025\/03\/27\/programma-gara-gs-sabato-29-marzo-lurisia\/\"><div class=\"x-anchor-content\"><div class=\"x-anchor-text\"><span class=\"x-anchor-text-primary\">Leggi di pi\u00f9<\/span><\/div><\/div><\/a><\/div><div class=\"x-col e17-e23 mh-n mh-p mh-q mh-s mh-t mh-v\"><div class=\"x-div e17-e24 mh-x mh-y mh-z mh-10 mh-11 mh-12 mh-15 mh-16 mh-17 mh-18\"><a class=\"x-div e17-e25 mh-x mh-11 mh-12 mh-15 mh-19 mh-1a mh-1b\" href=\"#prev\" data-x-effect-provider=\"colors particles effects\" data-x-slide-prev=\"\"><i class=\"x-icon e17-e26 mh-2o\" aria-hidden=\"true\" data-x-icon-s=\"&#xf104;\"><\/i><\/a><a class=\"x-div e17-e27 mh-x mh-y mh-11 mh-12 mh-15 mh-19 mh-1a mh-1c\" href=\"#next\" data-x-effect-provider=\"colors particles effects\" data-x-slide-next=\"\"><i class=\"x-icon e17-e28 mh-2o\" aria-hidden=\"true\" data-x-icon-s=\"&#xf105;\"><\/i><\/a><\/div><\/div><\/div><\/div><\/div><\/div><div class=\"x-slide e17-e16 mh-1h mh-1j\" data-x-slide=\"\"><div class=\"x-bg\" aria-hidden=\"true\"><div class=\"x-bg-layer-lower-image\" style=\" background-image: url(https:\/\/comitati.fisi.org\/liguria\/wp-content\/uploads\/sites\/35\/2024\/06\/image.png); background-repeat: no-repeat; background-position: center; background-size: cover;\"><\/div><div class=\"x-bg-layer-upper-color\" style=\" background-color: rgba(255, 255, 255, 0.1);\"><\/div><\/div><div class=\"x-div e17-e17 mh-x mh-y mh-z mh-13 mh-14\"><div class=\"x-text x-text-headline e17-e18 mh-1k mh-1l mh-1m mh-1n mh-1u mh-1w mh-1x mh-1y mh-1z\"><div class=\"x-text-content\"><div class=\"x-text-content-text\"><span class=\"x-text-content-text-primary\">Regolamento Gara Nuovo Format 30 Marzo 2025 a Artesina<\/span><\/div><\/div><\/div><div class=\"x-text x-text-headline e17-e19 mh-1l mh-1m mh-1n mh-1u mh-1x mh-1y mh-20 mh-21 mh-22\"><div class=\"x-text-content\"><div class=\"x-text-content-text\"><span class=\"x-text-content-text-primary\">Si riporta il Regolamento Gara di Domenica 30 Marzo p.v. a Artesina, valida per Coppa Liguria &#8212;-&gt; Regolamanto Nuovo Format gara Artesina 30-03-25 Per le...<\/span><\/div><\/div><\/div><div class=\"x-row e17-e20 mh-7 mh-a mh-b mh-e mh-h\"><div class=\"x-row-inner\"><div class=\"x-col e17-e21 mh-n mh-p mh-q mh-s mh-t mh-u\"><a class=\"x-anchor x-anchor-button e17-e22 mh-2n\" tabindex=\"0\" href=\"https:\/\/comitati.fisi.org\/liguria\/blog\/2025\/03\/23\/regolamento-gara-nuovo-format-30-marzo-2025-a-artesina\/\"><div class=\"x-anchor-content\"><div class=\"x-anchor-text\"><span class=\"x-anchor-text-primary\">Leggi di pi\u00f9<\/span><\/div><\/div><\/a><\/div><div class=\"x-col e17-e23 mh-n mh-p mh-q mh-s mh-t mh-v\"><div class=\"x-div e17-e24 mh-x mh-y mh-z mh-10 mh-11 mh-12 mh-15 mh-16 mh-17 mh-18\"><a class=\"x-div e17-e25 mh-x mh-11 mh-12 mh-15 mh-19 mh-1a mh-1b\" href=\"#prev\" data-x-effect-provider=\"colors particles effects\" data-x-slide-prev=\"\"><i class=\"x-icon e17-e26 mh-2o\" aria-hidden=\"true\" data-x-icon-s=\"&#xf104;\"><\/i><\/a><a class=\"x-div e17-e27 mh-x mh-y mh-11 mh-12 mh-15 mh-19 mh-1a mh-1c\" href=\"#next\" data-x-effect-provider=\"colors particles effects\" data-x-slide-next=\"\"><i class=\"x-icon e17-e28 mh-2o\" aria-hidden=\"true\" data-x-icon-s=\"&#xf105;\"><\/i><\/a><\/div><\/div><\/div><\/div><\/div><\/div><div class=\"x-slide e17-e16 mh-1h mh-1j\" data-x-slide=\"\"><div class=\"x-bg\" aria-hidden=\"true\"><div class=\"x-bg-layer-lower-image\" style=\" background-image: url(https:\/\/comitati.fisi.org\/liguria\/wp-content\/uploads\/sites\/35\/2025\/01\/IMG-20250118-WA0043.jpg); background-repeat: no-repeat; background-position: center; background-size: cover;\"><\/div><div class=\"x-bg-layer-upper-color\" style=\" background-color: rgba(255, 255, 255, 0.1);\"><\/div><\/div><div class=\"x-div e17-e17 mh-x mh-y mh-z mh-13 mh-14\"><div class=\"x-text x-text-headline e17-e18 mh-1k mh-1l mh-1m mh-1n mh-1u mh-1w mh-1x mh-1y mh-1z\"><div class=\"x-text-content\"><div class=\"x-text-content-text\"><span class=\"x-text-content-text-primary\">Rinviato Stage Progetto Freeski<\/span><\/div><\/div><\/div><div class=\"x-text x-text-headline e17-e19 mh-1l mh-1m mh-1n mh-1u mh-1x mh-1y mh-20 mh-21 mh-22\"><div class=\"x-text-content\"><div class=\"x-text-content-text\"><span class=\"x-text-content-text-primary\">Causa delle condizioni di innevamento, lo stage riguardante il Progetto Freeski Federale del Comitato Ligure, previsto per oggi a Prato Nevoso, \u00e8 stato rinviato a...<\/span><\/div><\/div><\/div><div class=\"x-row e17-e20 mh-7 mh-a mh-b mh-e mh-h\"><div class=\"x-row-inner\"><div class=\"x-col e17-e21 mh-n mh-p mh-q mh-s mh-t mh-u\"><a class=\"x-anchor x-anchor-button e17-e22 mh-2n\" tabindex=\"0\" href=\"https:\/\/comitati.fisi.org\/liguria\/blog\/2025\/03\/22\/rinviato-stage-progetto-freeski\/\"><div class=\"x-anchor-content\"><div class=\"x-anchor-text\"><span class=\"x-anchor-text-primary\">Leggi di pi\u00f9<\/span><\/div><\/div><\/a><\/div><div class=\"x-col e17-e23 mh-n mh-p mh-q mh-s mh-t mh-v\"><div class=\"x-div e17-e24 mh-x mh-y mh-z mh-10 mh-11 mh-12 mh-15 mh-16 mh-17 mh-18\"><a class=\"x-div e17-e25 mh-x mh-11 mh-12 mh-15 mh-19 mh-1a mh-1b\" href=\"#prev\" data-x-effect-provider=\"colors particles effects\" data-x-slide-prev=\"\"><i class=\"x-icon e17-e26 mh-2o\" aria-hidden=\"true\" data-x-icon-s=\"&#xf104;\"><\/i><\/a><a class=\"x-div e17-e27 mh-x mh-y mh-11 mh-12 mh-15 mh-19 mh-1a mh-1c\" href=\"#next\" data-x-effect-provider=\"colors particles effects\" data-x-slide-next=\"\"><i class=\"x-icon e17-e28 mh-2o\" aria-hidden=\"true\" data-x-icon-s=\"&#xf105;\"><\/i><\/a><\/div><\/div><\/div><\/div><\/div><\/div><div class=\"x-slide e17-e16 mh-1h mh-1j\" data-x-slide=\"\"><div class=\"x-bg\" aria-hidden=\"true\"><div class=\"x-bg-layer-lower-image\" style=\" background-image: url(https:\/\/comitati.fisi.org\/liguria\/wp-content\/uploads\/sites\/35\/2024\/06\/image.png); background-repeat: no-repeat; background-position: center; background-size: cover;\"><\/div><div class=\"x-bg-layer-upper-color\" style=\" background-color: rgba(255, 255, 255, 0.1);\"><\/div><\/div><div class=\"x-div e17-e17 mh-x mh-y mh-z mh-13 mh-14\"><div class=\"x-text x-text-headline e17-e18 mh-1k mh-1l mh-1m mh-1n mh-1u mh-1w mh-1x mh-1y mh-1z\"><div class=\"x-text-content\"><div class=\"x-text-content-text\"><span class=\"x-text-content-text-primary\">Variazioni al Calendario Zonale di Coppa Liguria e Modifica Modalit\u00e0 di Qualificazione al Criterium Cuccioli<\/span><\/div><\/div><\/div><div class=\"x-text x-text-headline e17-e19 mh-1l mh-1m mh-1n mh-1u mh-1x mh-1y mh-20 mh-21 mh-22\"><div class=\"x-text-content\"><div class=\"x-text-content-text\"><span class=\"x-text-content-text-primary\">Genova, l\u00ec 21\/03\/2025 A fronte dei continui rinvii delle gare a calendario zonale condizionati dalle situazione meteo, dello stato di\u00a0innevamento e delle disponibilit\u00e0 di recupero...<\/span><\/div><\/div><\/div><div class=\"x-row e17-e20 mh-7 mh-a mh-b mh-e mh-h\"><div class=\"x-row-inner\"><div class=\"x-col e17-e21 mh-n mh-p mh-q mh-s mh-t mh-u\"><a class=\"x-anchor x-anchor-button e17-e22 mh-2n\" tabindex=\"0\" href=\"https:\/\/comitati.fisi.org\/liguria\/blog\/2025\/03\/21\/variazioni-al-calendario-zonale-di-coppa-liguria-e-modifica-modalita-di-qualificazione-al-criterium-cuccioli\/\"><div class=\"x-anchor-content\"><div class=\"x-anchor-text\"><span class=\"x-anchor-text-primary\">Leggi di pi\u00f9<\/span><\/div><\/div><\/a><\/div><div class=\"x-col e17-e23 mh-n mh-p mh-q mh-s mh-t mh-v\"><div class=\"x-div e17-e24 mh-x mh-y mh-z mh-10 mh-11 mh-12 mh-15 mh-16 mh-17 mh-18\"><a class=\"x-div e17-e25 mh-x mh-11 mh-12 mh-15 mh-19 mh-1a mh-1b\" href=\"#prev\" data-x-effect-provider=\"colors particles effects\" data-x-slide-prev=\"\"><i class=\"x-icon e17-e26 mh-2o\" aria-hidden=\"true\" data-x-icon-s=\"&#xf104;\"><\/i><\/a><a class=\"x-div e17-e27 mh-x mh-y mh-11 mh-12 mh-15 mh-19 mh-1a mh-1c\" href=\"#next\" data-x-effect-provider=\"colors particles effects\" data-x-slide-next=\"\"><i class=\"x-icon e17-e28 mh-2o\" aria-hidden=\"true\" data-x-icon-s=\"&#xf105;\"><\/i><\/a><\/div><\/div><\/div><\/div><\/div><\/div><div class=\"x-slide e17-e16 mh-1h mh-1j\" data-x-slide=\"\"><div class=\"x-bg\" aria-hidden=\"true\"><div class=\"x-bg-layer-lower-image\" style=\" background-image: url(https:\/\/comitati.fisi.org\/liguria\/wp-content\/uploads\/sites\/35\/2025\/03\/Immagine-CI-Children.png); background-repeat: no-repeat; background-position: center; background-size: cover;\"><\/div><div class=\"x-bg-layer-upper-color\" style=\" background-color: rgba(255, 255, 255, 0.1);\"><\/div><\/div><div class=\"x-div e17-e17 mh-x mh-y mh-z mh-13 mh-14\"><div class=\"x-text x-text-headline e17-e18 mh-1k mh-1l mh-1m mh-1n mh-1u mh-1w mh-1x mh-1y mh-1z\"><div class=\"x-text-content\"><div class=\"x-text-content-text\"><span class=\"x-text-content-text-primary\">Campionati Italiani Children &#8211; Ovindoli 17-22\/03\/2025<\/span><\/div><\/div><\/div><div class=\"x-text x-text-headline e17-e19 mh-1l mh-1m mh-1n mh-1u mh-1x mh-1y mh-20 mh-21 mh-22\"><div class=\"x-text-content\"><div class=\"x-text-content-text\"><span class=\"x-text-content-text-primary\">Da marted\u00ec 18 p.v. avranno inizio in Abruzzo i Campionati Italiani Children 2025. Il Comitato Ligure sar\u00e0 rappresentato da: Pera Francesca, Moretti Anna, Brizzi Sofia,...<\/span><\/div><\/div><\/div><div class=\"x-row e17-e20 mh-7 mh-a mh-b mh-e mh-h\"><div class=\"x-row-inner\"><div class=\"x-col e17-e21 mh-n mh-p mh-q mh-s mh-t mh-u\"><a class=\"x-anchor x-anchor-button e17-e22 mh-2n\" tabindex=\"0\" href=\"https:\/\/comitati.fisi.org\/liguria\/blog\/2025\/03\/16\/campionati-italiani-children-ovindoli-17-22-03-2025\/\"><div class=\"x-anchor-content\"><div class=\"x-anchor-text\"><span class=\"x-anchor-text-primary\">Leggi di pi\u00f9<\/span><\/div><\/div><\/a><\/div><div class=\"x-col e17-e23 mh-n mh-p mh-q mh-s mh-t mh-v\"><div class=\"x-div e17-e24 mh-x mh-y mh-z mh-10 mh-11 mh-12 mh-15 mh-16 mh-17 mh-18\"><a class=\"x-div e17-e25 mh-x mh-11 mh-12 mh-15 mh-19 mh-1a mh-1b\" href=\"#prev\" data-x-effect-provider=\"colors particles effects\" data-x-slide-prev=\"\"><i class=\"x-icon e17-e26 mh-2o\" aria-hidden=\"true\" data-x-icon-s=\"&#xf104;\"><\/i><\/a><a class=\"x-div e17-e27 mh-x mh-y mh-11 mh-12 mh-15 mh-19 mh-1a mh-1c\" href=\"#next\" data-x-effect-provider=\"colors particles effects\" data-x-slide-next=\"\"><i class=\"x-icon e17-e28 mh-2o\" aria-hidden=\"true\" data-x-icon-s=\"&#xf105;\"><\/i><\/a><\/div><\/div><\/div><\/div><\/div><\/div><div class=\"x-slide e17-e16 mh-1h mh-1j\" data-x-slide=\"\"><div class=\"x-bg\" aria-hidden=\"true\"><div class=\"x-bg-layer-lower-image\" style=\" background-image: url(https:\/\/comitati.fisi.org\/liguria\/wp-content\/uploads\/sites\/35\/2025\/01\/GARA-RINVIATA.jpg); background-repeat: no-repeat; background-position: center; background-size: cover;\"><\/div><div class=\"x-bg-layer-upper-color\" style=\" background-color: rgba(255, 255, 255, 0.1);\"><\/div><\/div><div class=\"x-div e17-e17 mh-x mh-y mh-z mh-13 mh-14\"><div class=\"x-text x-text-headline e17-e18 mh-1k mh-1l mh-1m mh-1n mh-1u mh-1w mh-1x mh-1y mh-1z\"><div class=\"x-text-content\"><div class=\"x-text-content-text\"><span class=\"x-text-content-text-primary\">RINVIO GARE WeekEnd delk 15-16 marzo p.v.<\/span><\/div><\/div><\/div><div class=\"x-text x-text-headline e17-e19 mh-1l mh-1m mh-1n mh-1u mh-1x mh-1y mh-20 mh-21 mh-22\"><div class=\"x-text-content\"><div class=\"x-text-content-text\"><span class=\"x-text-content-text-primary\">Causa le previsioni meteo per le prossime ore e il fondo molle, dato dalle precipitazioni nevose seguite da piogge di questi ultimi giorni, le gare...<\/span><\/div><\/div><\/div><div class=\"x-row e17-e20 mh-7 mh-a mh-b mh-e mh-h\"><div class=\"x-row-inner\"><div class=\"x-col e17-e21 mh-n mh-p mh-q mh-s mh-t mh-u\"><a class=\"x-anchor x-anchor-button e17-e22 mh-2n\" tabindex=\"0\" href=\"https:\/\/comitati.fisi.org\/liguria\/blog\/2025\/03\/13\/rinvio-gare-weekend-delk-15-16-marzo-p-v\/\"><div class=\"x-anchor-content\"><div class=\"x-anchor-text\"><span class=\"x-anchor-text-primary\">Leggi di pi\u00f9<\/span><\/div><\/div><\/a><\/div><div class=\"x-col e17-e23 mh-n mh-p mh-q mh-s mh-t mh-v\"><div class=\"x-div e17-e24 mh-x mh-y mh-z mh-10 mh-11 mh-12 mh-15 mh-16 mh-17 mh-18\"><a class=\"x-div e17-e25 mh-x mh-11 mh-12 mh-15 mh-19 mh-1a mh-1b\" href=\"#prev\" data-x-effect-provider=\"colors particles effects\" data-x-slide-prev=\"\"><i class=\"x-icon e17-e26 mh-2o\" aria-hidden=\"true\" data-x-icon-s=\"&#xf104;\"><\/i><\/a><a class=\"x-div e17-e27 mh-x mh-y mh-11 mh-12 mh-15 mh-19 mh-1a mh-1c\" href=\"#next\" data-x-effect-provider=\"colors particles effects\" data-x-slide-next=\"\"><i class=\"x-icon e17-e28 mh-2o\" aria-hidden=\"true\" data-x-icon-s=\"&#xf105;\"><\/i><\/a><\/div><\/div><\/div><\/div><\/div><\/div><\/div><\/div><\/div><\/div><\/div><\/div><\/div><\/div><\/div><div class=\"x-section e17-e29 mh-0 mh-2 mh-3 mh-4\"><div class=\"x-row e17-e30 mh-7 mh-a mh-b mh-e mh-i\"><div class=\"x-row-inner\"><div class=\"x-col e17-e31 mh-q mh-s\"><div class=\"x-text x-text-headline e17-e32 mh-1l mh-1m mh-1n mh-1q mh-1r mh-21 mh-22 mh-23 mh-24 mh-25\"><div class=\"x-text-content\"><div class=\"x-text-content-text\"><span class=\"x-text-content-text-primary\">Ultimi risultati<\/span><\/div><\/div><\/div><div class=\"x-grid e17-e33 mh-2p mh-2q\"><a class=\"x-cell e17-e34 mh-2s mh-2t mh-2u\" href=\"https:\/\/comitati.fisi.org\/liguria\/blog\/2026\/04\/22\/premiazione-coppa-liguria-2026\/\"><div class=\"x-row e17-e35 mh-7 mh-b mh-c mh-j\"><div class=\"x-row-inner\"><div class=\"x-col e17-e36 mh-q mh-s\"><span class=\"x-image e17-e37 mh-2y mh-2z mh-30 mh-31\"><img decoding=\"async\" src=\"https:\/\/comitati.fisi.org\/liguria\/wp-content\/uploads\/sites\/35\/2026\/04\/Screenshot-2026-04-22-234408.png\" width=\"657\" height=\"344\" alt=\"Image\" loading=\"lazy\"><\/span><\/div><div class=\"x-col e17-e38 mh-n mh-q mh-t mh-u mh-w\"><div class=\"x-text x-text-headline e17-e39 mh-1l mh-1m mh-1n mh-1p mh-1u mh-1v mh-1y mh-21 mh-22 mh-23 mh-24\"><div class=\"x-text-content\"><div class=\"x-text-content-text\"><span class=\"x-text-content-text-primary\">PREMIAZIONE COPPA LIGURIA 2026<\/span><\/div><\/div><\/div><div class=\"x-div e17-e40 mh-x mh-y mh-z mh-10 mh-11 mh-12 mh-15 mh-16 mh-17\"><div class=\"x-text x-text-headline e17-e41 mh-1k mh-1l mh-1m mh-1o mh-1q mh-1t mh-1u mh-26\"><div class=\"x-text-content\"><div class=\"x-text-content-text\"><span class=\"x-text-content-text-primary\">Aprile 22, 2026<\/span><\/div><\/div><\/div><hr class=\"x-line e17-e42 mh-2j mh-2k mh-2l\"><\/hr><div class=\"x-div e17-e43 mh-x mh-y mh-z mh-10 mh-11 mh-12 mh-15 mh-16 mh-1a\"><\/div><\/div><\/div><\/div><\/div><\/a><a class=\"x-cell e17-e34 mh-2s mh-2t mh-2u\" href=\"https:\/\/comitati.fisi.org\/liguria\/blog\/2026\/04\/19\/classifiche-di-coppa-liguria-2025-2026\/\"><div class=\"x-row e17-e35 mh-7 mh-b mh-c mh-j\"><div class=\"x-row-inner\"><div class=\"x-col e17-e36 mh-q mh-s\"><span class=\"x-image e17-e37 mh-2y mh-2z mh-30 mh-31\"><img decoding=\"async\" src=\"https:\/\/comitati.fisi.org\/liguria\/wp-content\/uploads\/sites\/35\/2025\/04\/Coppa-Liguria.jpg\" width=\"426\" height=\"157\" alt=\"Image\" loading=\"lazy\"><\/span><\/div><div class=\"x-col e17-e38 mh-n mh-q mh-t mh-u mh-w\"><div class=\"x-text x-text-headline e17-e39 mh-1l mh-1m mh-1n mh-1p mh-1u mh-1v mh-1y mh-21 mh-22 mh-23 mh-24\"><div class=\"x-text-content\"><div class=\"x-text-content-text\"><span class=\"x-text-content-text-primary\">CLASSIFICHE Finali di COPPA LIGURIA 2025\/2026<\/span><\/div><\/div><\/div><div class=\"x-div e17-e40 mh-x mh-y mh-z mh-10 mh-11 mh-12 mh-15 mh-16 mh-17\"><div class=\"x-text x-text-headline e17-e41 mh-1k mh-1l mh-1m mh-1o mh-1q mh-1t mh-1u mh-26\"><div class=\"x-text-content\"><div class=\"x-text-content-text\"><span class=\"x-text-content-text-primary\">Aprile 19, 2026<\/span><\/div><\/div><\/div><hr class=\"x-line e17-e42 mh-2j mh-2k mh-2l\"><\/hr><div class=\"x-div e17-e43 mh-x mh-y mh-z mh-10 mh-11 mh-12 mh-15 mh-16 mh-1a\"><\/div><\/div><\/div><\/div><\/div><\/a><a class=\"x-cell e17-e34 mh-2s mh-2t mh-2u\" href=\"https:\/\/comitati.fisi.org\/liguria\/blog\/2026\/04\/12\/classifiche-fis-11-12-04-2026-pratonevoso\/\"><div class=\"x-row e17-e35 mh-7 mh-b mh-c mh-j\"><div class=\"x-row-inner\"><div class=\"x-col e17-e36 mh-q mh-s\"><span class=\"x-image e17-e37 mh-2y mh-2z mh-30 mh-31\"><img decoding=\"async\" src=\"https:\/\/comitati.fisi.org\/liguria\/wp-content\/uploads\/sites\/35\/2025\/01\/fis-logo.jpg\" width=\"58\" height=\"46\" alt=\"Image\" loading=\"lazy\"><\/span><\/div><div class=\"x-col e17-e38 mh-n mh-q mh-t mh-u mh-w\"><div class=\"x-text x-text-headline e17-e39 mh-1l mh-1m mh-1n mh-1p mh-1u mh-1v mh-1y mh-21 mh-22 mh-23 mh-24\"><div class=\"x-text-content\"><div class=\"x-text-content-text\"><span class=\"x-text-content-text-primary\">CLASSIFICHE FIS 11-12\/04\/2026 PratoNevoso<\/span><\/div><\/div><\/div><div class=\"x-div e17-e40 mh-x mh-y mh-z mh-10 mh-11 mh-12 mh-15 mh-16 mh-17\"><div class=\"x-text x-text-headline e17-e41 mh-1k mh-1l mh-1m mh-1o mh-1q mh-1t mh-1u mh-26\"><div class=\"x-text-content\"><div class=\"x-text-content-text\"><span class=\"x-text-content-text-primary\">Aprile 12, 2026<\/span><\/div><\/div><\/div><hr class=\"x-line e17-e42 mh-2j mh-2k mh-2l\"><\/hr><div class=\"x-div e17-e43 mh-x mh-y mh-z mh-10 mh-11 mh-12 mh-15 mh-16 mh-1a\"><\/div><\/div><\/div><\/div><\/div><\/a><a class=\"x-cell e17-e34 mh-2s mh-2t mh-2u\" href=\"https:\/\/comitati.fisi.org\/liguria\/blog\/2026\/04\/06\/regolamento-gare-fis-pratonevoso-11-12-aprile-p-v\/\"><div class=\"x-row e17-e35 mh-7 mh-b mh-c mh-j\"><div class=\"x-row-inner\"><div class=\"x-col e17-e36 mh-q mh-s\"><span class=\"x-image e17-e37 mh-2y mh-2z mh-30 mh-31\"><img decoding=\"async\" src=\"https:\/\/comitati.fisi.org\/liguria\/wp-content\/uploads\/sites\/35\/2025\/01\/fis-logo.jpg\" width=\"58\" height=\"46\" alt=\"Image\" loading=\"lazy\"><\/span><\/div><div class=\"x-col e17-e38 mh-n mh-q mh-t mh-u mh-w\"><div class=\"x-text x-text-headline e17-e39 mh-1l mh-1m mh-1n mh-1p mh-1u mh-1v mh-1y mh-21 mh-22 mh-23 mh-24\"><div class=\"x-text-content\"><div class=\"x-text-content-text\"><span class=\"x-text-content-text-primary\">REGOLAMENTO GARE FIS &#8211; PratoNevoso 11\/12 aprile p.v.<\/span><\/div><\/div><\/div><div class=\"x-div e17-e40 mh-x mh-y mh-z mh-10 mh-11 mh-12 mh-15 mh-16 mh-17\"><div class=\"x-text x-text-headline e17-e41 mh-1k mh-1l mh-1m mh-1o mh-1q mh-1t mh-1u mh-26\"><div class=\"x-text-content\"><div class=\"x-text-content-text\"><span class=\"x-text-content-text-primary\">Aprile 6, 2026<\/span><\/div><\/div><\/div><hr class=\"x-line e17-e42 mh-2j mh-2k mh-2l\"><\/hr><div class=\"x-div e17-e43 mh-x mh-y mh-z mh-10 mh-11 mh-12 mh-15 mh-16 mh-1a\"><\/div><\/div><\/div><\/div><\/div><\/a><a class=\"x-cell e17-e34 mh-2s mh-2t mh-2u\" href=\"https:\/\/comitati.fisi.org\/liguria\/blog\/2026\/04\/03\/auguri-di-buona-pasqua-2026\/\"><div class=\"x-row e17-e35 mh-7 mh-b mh-c mh-j\"><div class=\"x-row-inner\"><div class=\"x-col e17-e36 mh-q mh-s\"><span class=\"x-image e17-e37 mh-2y mh-2z mh-30 mh-31\"><img decoding=\"async\" src=\"https:\/\/comitati.fisi.org\/liguria\/wp-content\/uploads\/sites\/35\/2026\/04\/Auguri-Pasquali.jpeg\" width=\"512\" height=\"225\" alt=\"Image\" loading=\"lazy\"><\/span><\/div><div class=\"x-col e17-e38 mh-n mh-q mh-t mh-u mh-w\"><div class=\"x-text x-text-headline e17-e39 mh-1l mh-1m mh-1n mh-1p mh-1u mh-1v mh-1y mh-21 mh-22 mh-23 mh-24\"><div class=\"x-text-content\"><div class=\"x-text-content-text\"><span class=\"x-text-content-text-primary\">AUGURI di BUONA PASQUA 2026<\/span><\/div><\/div><\/div><div class=\"x-div e17-e40 mh-x mh-y mh-z mh-10 mh-11 mh-12 mh-15 mh-16 mh-17\"><div class=\"x-text x-text-headline e17-e41 mh-1k mh-1l mh-1m mh-1o mh-1q mh-1t mh-1u mh-26\"><div class=\"x-text-content\"><div class=\"x-text-content-text\"><span class=\"x-text-content-text-primary\">Aprile 3, 2026<\/span><\/div><\/div><\/div><hr class=\"x-line e17-e42 mh-2j mh-2k mh-2l\"><\/hr><div class=\"x-div e17-e43 mh-x mh-y mh-z mh-10 mh-11 mh-12 mh-15 mh-16 mh-1a\"><\/div><\/div><\/div><\/div><\/div><\/a><a class=\"x-cell e17-e34 mh-2s mh-2t mh-2u\" href=\"https:\/\/comitati.fisi.org\/liguria\/blog\/2026\/03\/28\/classifiche-finale-coppa-liguria\/\"><div class=\"x-row e17-e35 mh-7 mh-b mh-c mh-j\"><div class=\"x-row-inner\"><div class=\"x-col e17-e36 mh-q mh-s\"><span class=\"x-image e17-e37 mh-2y mh-2z mh-30 mh-31\"><img decoding=\"async\" src=\"https:\/\/comitati.fisi.org\/liguria\/wp-content\/uploads\/sites\/35\/2025\/04\/Coppa-Liguria.jpg\" width=\"426\" height=\"157\" alt=\"Image\" loading=\"lazy\"><\/span><\/div><div class=\"x-col e17-e38 mh-n mh-q mh-t mh-u mh-w\"><div class=\"x-text x-text-headline e17-e39 mh-1l mh-1m mh-1n mh-1p mh-1u mh-1v mh-1y mh-21 mh-22 mh-23 mh-24\"><div class=\"x-text-content\"><div class=\"x-text-content-text\"><span class=\"x-text-content-text-primary\">CLASSIFICHE di Gigante Lurisia 28\/03\/2026<\/span><\/div><\/div><\/div><div class=\"x-div e17-e40 mh-x mh-y mh-z mh-10 mh-11 mh-12 mh-15 mh-16 mh-17\"><div class=\"x-text x-text-headline e17-e41 mh-1k mh-1l mh-1m mh-1o mh-1q mh-1t mh-1u mh-26\"><div class=\"x-text-content\"><div class=\"x-text-content-text\"><span class=\"x-text-content-text-primary\">Marzo 28, 2026<\/span><\/div><\/div><\/div><hr class=\"x-line e17-e42 mh-2j mh-2k mh-2l\"><\/hr><div class=\"x-div e17-e43 mh-x mh-y mh-z mh-10 mh-11 mh-12 mh-15 mh-16 mh-1a\"><\/div><\/div><\/div><\/div><\/div><\/a><\/div><\/div><\/div><\/div><\/div><div class=\"x-section e17-e45 mh-0 mh-3 mh-4 mh-5\"><div class=\"x-row e17-e46 mh-7 mh-a mh-b mh-e mh-k\"><div class=\"x-row-inner\"><div class=\"x-col e17-e47 mh-q mh-s\"><div class=\"x-text x-text-headline e17-e48 mh-1l mh-1m mh-1n mh-1q mh-1r mh-21 mh-22 mh-23 mh-24 mh-25\"><div class=\"x-text-content\"><div class=\"x-text-content-text\"><span class=\"x-text-content-text-primary\">Ultime notizie<\/span><\/div><\/div><\/div><\/div><\/div><\/div><div class=\"x-grid e17-e49 mh-2q mh-2r\"><a class=\"x-cell e17-e50 mh-2t mh-2v mh-2w\" href=\"https:\/\/comitati.fisi.org\/liguria\/blog\/2026\/04\/22\/premiazione-coppa-liguria-2026\/\"><div class=\"x-div e17-e51 mh-x mh-y mh-z mh-10 mh-11 mh-12 mh-13 mh-1d\"><div class=\"x-bg\" aria-hidden=\"true\"><div class=\"x-bg-layer-lower-image\" style=\" background-image: url(https:\/\/comitati.fisi.org\/liguria\/wp-content\/uploads\/sites\/35\/2026\/04\/Screenshot-2026-04-22-234408.png); background-repeat: no-repeat; background-position: center; background-size: cover;\"><\/div><\/div><span class=\"x-image e17-e52 mh-2y\"><img decoding=\"async\" src=\"https:\/\/comitati.fisi.org\/liguria\/wp-content\/uploads\/sites\/35\/2024\/07\/primo-piano-over.png\" width=\"215\" height=\"124\" alt=\"Image\" loading=\"lazy\"><\/span><\/div><div class=\"x-text x-text-headline e17-e53 mh-1k mh-1l mh-1n mh-1u mh-1v mh-1w mh-1y mh-29 mh-2a mh-2b\"><div class=\"x-text-content\"><div class=\"x-text-content-text\"><span class=\"x-text-content-text-primary\">PREMIAZIONE COPPA LIGURIA 2026<\/span><\/div><\/div><\/div><div class=\"x-text x-text-headline e17-e54 mh-1k mh-1l mh-1n mh-1u mh-1x mh-1y mh-26 mh-2a mh-2c\"><div class=\"x-text-content\"><div class=\"x-text-content-text\"><span class=\"x-text-content-text-primary\">Appuntamento presso Le cisterne del Palazzo Ducale in Genova per Sabato 23 Maggio p.v., alle ore 15,00 per la Festa...<\/span><\/div><\/div><\/div><hr class=\"x-line e17-e55 mh-2i mh-2k mh-2m\"><\/hr><div class=\"x-text x-text-headline e17-e56 mh-1k mh-1l mh-1q mh-1t mh-1u mh-26 mh-2d\"><div class=\"x-text-content\"><div class=\"x-text-content-text\"><span class=\"x-text-content-text-primary\">Aprile 22, 2026<\/span><\/div><\/div><\/div><div class=\"x-div e17-e57 mh-x mh-y mh-z mh-10 mh-12 mh-15 mh-16 mh-1a mh-1e discipline-container\"><\/div><\/a><a class=\"x-cell e17-e59 mh-2s mh-2t mh-2w mh-2x\" href=\"https:\/\/comitati.fisi.org\/liguria\/blog\/2026\/04\/19\/classifiche-di-coppa-liguria-2025-2026\/\"><div class=\"x-div e17-e60 mh-x mh-y mh-z mh-10 mh-11 mh-12\"><span class=\"x-image e17-e61 mh-2y mh-2z mh-30 mh-32\"><img decoding=\"async\" src=\"https:\/\/comitati.fisi.org\/liguria\/wp-content\/uploads\/sites\/35\/2025\/04\/Coppa-Liguria.jpg\" width=\"426\" height=\"157\" alt=\"Image\" loading=\"lazy\"><\/span><div class=\"x-text x-text-headline e17-e62 mh-1k mh-1l mh-1n mh-1u mh-1v mh-1y mh-24 mh-2b mh-2f\"><div class=\"x-text-content\"><div class=\"x-text-content-text\"><span class=\"x-text-content-text-primary\">CLASSIFICHE Finali di COPPA LIGURIA 2025\/2026<\/span><span class=\"x-text-content-text-subheadline\">Si riportano le Classifiche di COPPA LIGURIA 2025\/2026, Sci Alpino, del Trofeo SprintEnergy per le...<\/span><\/div><\/div><\/div><\/div><div class=\"x-div e17-e63 mh-x mh-y mh-z mh-10 mh-11 mh-12 mh-13\"><hr class=\"x-line e17-e64 mh-2i mh-2k mh-2m\"><\/hr><div class=\"x-text x-text-headline e17-e65 mh-1k mh-1l mh-1q mh-1t mh-1u mh-26 mh-2d\"><div class=\"x-text-content\"><div class=\"x-text-content-text\"><span class=\"x-text-content-text-primary\">Aprile 19, 2026<\/span><\/div><\/div><\/div><div class=\"x-div e17-e66 mh-x mh-y mh-z mh-10 mh-12 mh-15 mh-16 mh-1a mh-1e discipline-container\"><\/div><\/div><\/a><a class=\"x-cell e17-e59 mh-2s mh-2t mh-2w mh-2x\" href=\"https:\/\/comitati.fisi.org\/liguria\/blog\/2026\/04\/12\/classifiche-fis-11-12-04-2026-pratonevoso\/\"><div class=\"x-div e17-e60 mh-x mh-y mh-z mh-10 mh-11 mh-12\"><span class=\"x-image e17-e61 mh-2y mh-2z mh-30 mh-32\"><img decoding=\"async\" src=\"https:\/\/comitati.fisi.org\/liguria\/wp-content\/uploads\/sites\/35\/2025\/01\/fis-logo.jpg\" width=\"58\" height=\"46\" alt=\"Image\" loading=\"lazy\"><\/span><div class=\"x-text x-text-headline e17-e62 mh-1k mh-1l mh-1n mh-1u mh-1v mh-1y mh-24 mh-2b mh-2f\"><div class=\"x-text-content\"><div class=\"x-text-content-text\"><span class=\"x-text-content-text-primary\">CLASSIFICHE FIS 11-12\/04\/2026 PratoNevoso<\/span><span class=\"x-text-content-text-subheadline\">Si riportano le Classifiche del doppio appuntamento FIS di Pratonevoso di Sabato 11 e Domenica...<\/span><\/div><\/div><\/div><\/div><div class=\"x-div e17-e63 mh-x mh-y mh-z mh-10 mh-11 mh-12 mh-13\"><hr class=\"x-line e17-e64 mh-2i mh-2k mh-2m\"><\/hr><div class=\"x-text x-text-headline e17-e65 mh-1k mh-1l mh-1q mh-1t mh-1u mh-26 mh-2d\"><div class=\"x-text-content\"><div class=\"x-text-content-text\"><span class=\"x-text-content-text-primary\">Aprile 12, 2026<\/span><\/div><\/div><\/div><div class=\"x-div e17-e66 mh-x mh-y mh-z mh-10 mh-12 mh-15 mh-16 mh-1a mh-1e discipline-container\"><\/div><\/div><\/a><a class=\"x-cell e17-e59 mh-2s mh-2t mh-2w mh-2x\" href=\"https:\/\/comitati.fisi.org\/liguria\/blog\/2026\/04\/06\/regolamento-gare-fis-pratonevoso-11-12-aprile-p-v\/\"><div class=\"x-div e17-e60 mh-x mh-y mh-z mh-10 mh-11 mh-12\"><span class=\"x-image e17-e61 mh-2y mh-2z mh-30 mh-32\"><img decoding=\"async\" src=\"https:\/\/comitati.fisi.org\/liguria\/wp-content\/uploads\/sites\/35\/2025\/01\/fis-logo.jpg\" width=\"58\" height=\"46\" alt=\"Image\" loading=\"lazy\"><\/span><div class=\"x-text x-text-headline e17-e62 mh-1k mh-1l mh-1n mh-1u mh-1v mh-1y mh-24 mh-2b mh-2f\"><div class=\"x-text-content\"><div class=\"x-text-content-text\"><span class=\"x-text-content-text-primary\">REGOLAMENTO GARE FIS &#8211; PratoNevoso 11\/12 aprile p.v.<\/span><span class=\"x-text-content-text-subheadline\">Si riporta il Programma Gara delle FIS di Sabato 11 e Domenica 12 a PratoNevoso,...<\/span><\/div><\/div><\/div><\/div><div class=\"x-div e17-e63 mh-x mh-y mh-z mh-10 mh-11 mh-12 mh-13\"><hr class=\"x-line e17-e64 mh-2i mh-2k mh-2m\"><\/hr><div class=\"x-text x-text-headline e17-e65 mh-1k mh-1l mh-1q mh-1t mh-1u mh-26 mh-2d\"><div class=\"x-text-content\"><div class=\"x-text-content-text\"><span class=\"x-text-content-text-primary\">Aprile 6, 2026<\/span><\/div><\/div><\/div><div class=\"x-div e17-e66 mh-x mh-y mh-z mh-10 mh-12 mh-15 mh-16 mh-1a mh-1e discipline-container\"><\/div><\/div><\/a><a class=\"x-cell e17-e59 mh-2s mh-2t mh-2w mh-2x\" href=\"https:\/\/comitati.fisi.org\/liguria\/blog\/2026\/04\/03\/auguri-di-buona-pasqua-2026\/\"><div class=\"x-div e17-e60 mh-x mh-y mh-z mh-10 mh-11 mh-12\"><span class=\"x-image e17-e61 mh-2y mh-2z mh-30 mh-32\"><img decoding=\"async\" src=\"https:\/\/comitati.fisi.org\/liguria\/wp-content\/uploads\/sites\/35\/2026\/04\/Auguri-Pasquali.jpeg\" width=\"512\" height=\"225\" alt=\"Image\" loading=\"lazy\"><\/span><div class=\"x-text x-text-headline e17-e62 mh-1k mh-1l mh-1n mh-1u mh-1v mh-1y mh-24 mh-2b mh-2f\"><div class=\"x-text-content\"><div class=\"x-text-content-text\"><span class=\"x-text-content-text-primary\">AUGURI di BUONA PASQUA 2026<\/span><span class=\"x-text-content-text-subheadline\">...<\/span><\/div><\/div><\/div><\/div><div class=\"x-div e17-e63 mh-x mh-y mh-z mh-10 mh-11 mh-12 mh-13\"><hr class=\"x-line e17-e64 mh-2i mh-2k mh-2m\"><\/hr><div class=\"x-text x-text-headline e17-e65 mh-1k mh-1l mh-1q mh-1t mh-1u mh-26 mh-2d\"><div class=\"x-text-content\"><div class=\"x-text-content-text\"><span class=\"x-text-content-text-primary\">Aprile 3, 2026<\/span><\/div><\/div><\/div><div class=\"x-div e17-e66 mh-x mh-y mh-z mh-10 mh-12 mh-15 mh-16 mh-1a mh-1e discipline-container\"><\/div><\/div><\/a><\/div><\/div><div class=\"x-section e17-e68 mh-0 mh-3 mh-5 mh-6\"><div class=\"x-row e17-e69 mh-7 mh-a mh-b mh-e mh-l\"><div class=\"x-row-inner\"><div class=\"x-col e17-e70 mh-q mh-s\"><div class=\"x-text x-text-headline e17-e71 mh-1l mh-1m mh-1n mh-1q mh-1r mh-21 mh-22 mh-23 mh-24 mh-25\"><div class=\"x-text-content\"><div class=\"x-text-content-text\"><span class=\"x-text-content-text-primary\">In evidenza<\/span><\/div><\/div><\/div><\/div><\/div><\/div><div class=\"x-row e17-e72 mh-7 mh-a mh-b mh-d mh-e mh-m\"><div class=\"x-row-inner\"><a class=\"x-col e17-e73 mh-q mh-s\" href=\"https:\/\/comitati.fisi.org\/liguria\/blog\/2026\/04\/22\/premiazione-coppa-liguria-2026\/\"><span class=\"x-image e17-e74 mh-2y mh-2z\"><img decoding=\"async\" src=\"https:\/\/comitati.fisi.org\/liguria\/wp-content\/uploads\/sites\/35\/2026\/04\/Screenshot-2026-04-22-234408.png\" width=\"657\" height=\"344\" alt=\"Image\" loading=\"lazy\"><\/span><\/a><a class=\"x-col e17-e73 mh-q mh-s\" href=\"https:\/\/comitati.fisi.org\/liguria\/blog\/2026\/04\/19\/classifiche-di-coppa-liguria-2025-2026\/\"><span class=\"x-image e17-e74 mh-2y mh-2z\"><img decoding=\"async\" src=\"https:\/\/comitati.fisi.org\/liguria\/wp-content\/uploads\/sites\/35\/2025\/04\/Coppa-Liguria.jpg\" width=\"426\" height=\"157\" alt=\"Image\" loading=\"lazy\"><\/span><\/a><a class=\"x-col e17-e73 mh-q mh-s\" href=\"https:\/\/comitati.fisi.org\/liguria\/blog\/2026\/04\/12\/classifiche-fis-11-12-04-2026-pratonevoso\/\"><span class=\"x-image e17-e74 mh-2y mh-2z\"><img decoding=\"async\" src=\"https:\/\/comitati.fisi.org\/liguria\/wp-content\/uploads\/sites\/35\/2025\/01\/fis-logo.jpg\" width=\"58\" height=\"46\" alt=\"Image\" loading=\"lazy\"><\/span><\/a><\/div><\/div><\/div><\/div>\n","protected":false},"excerpt":{"rendered":"<p>FISI NewsPREMIAZIONE COPPA LIGURIA 2026FISI NewsCLASSIFICHE Finali di COPPA LIGURIA 2025\/2026FISI NewsCLASSIFICHE FIS 11-12\/04\/2026 PratoNevosoFISI NewsREGOLAMENTO GARE FIS &#8211; PratoNevoso 11\/12 aprile p.v.FISI NewsAUGURI di BUONA PASQUA 2026FISI NewsCLASSIFICHE di Gigante Lurisia 28\/03\/2026FISI NewsORDINE di PARTENZA GS FINALE COPPA LIGURIAFISI NewsProgramma Gara di GS _ Sabato 28 marzo &#8211; Finale Coppa LiguriaFISI NewsRisultati Criterium Nazionale Cuccioli a Corno alle Scale&hellip;<\/p>\n","protected":false},"author":1,"featured_media":0,"parent":0,"menu_order":0,"comment_status":"closed","ping_status":"closed","template":"template-blank-4.php","meta":{"_acf_changed":false,"footnotes":""},"acf":[],"_links":{"self":[{"href":"https:\/\/comitati.fisi.org\/liguria\/wp-json\/wp\/v2\/pages\/17"}],"collection":[{"href":"https:\/\/comitati.fisi.org\/liguria\/wp-json\/wp\/v2\/pages"}],"about":[{"href":"https:\/\/comitati.fisi.org\/liguria\/wp-json\/wp\/v2\/types\/page"}],"author":[{"embeddable":true,"href":"https:\/\/comitati.fisi.org\/liguria\/wp-json\/wp\/v2\/users\/1"}],"replies":[{"embeddable":true,"href":"https:\/\/comitati.fisi.org\/liguria\/wp-json\/wp\/v2\/comments?post=17"}],"version-history":[{"count":35,"href":"https:\/\/comitati.fisi.org\/liguria\/wp-json\/wp\/v2\/pages\/17\/revisions"}],"predecessor-version":[{"id":16610,"href":"https:\/\/comitati.fisi.org\/liguria\/wp-json\/wp\/v2\/pages\/17\/revisions\/16610"}],"wp:attachment":[{"href":"https:\/\/comitati.fisi.org\/liguria\/wp-json\/wp\/v2\/media?parent=17"}],"curies":[{"name":"wp","href":"https:\/\/api.w.org\/{rel}","templated":true}]}}